{"id":103,"date":"2015-03-16T12:01:31","date_gmt":"2015-03-16T12:01:31","guid":{"rendered":"http:\/\/www2.unifap.br\/arthrolab\/?page_id=103"},"modified":"2015-03-16T12:29:18","modified_gmt":"2015-03-16T12:29:18","slug":"iniciacao-cientifica","status":"publish","type":"page","link":"http:\/\/www2.unifap.br\/arthrolab\/projetos\/iniciacao-cientifica\/","title":{"rendered":"Inicia\u00e7\u00e3o Cient\u00edfica"},"content":{"rendered":"<table width=\"677\" border=\"1\" cellspacing=\"0\" cellpadding=\"0\">\n<tbody>\n<tr>\n<td valign=\"top\" width=\"302\">\n<p align=\"center\"><b>Nome do Bolsista<\/b><\/p>\n<\/td>\n<td valign=\"top\" width=\"375\">\n<p align=\"center\"><b>T\u00edtulo da Pesquisa<\/b><\/p>\n<\/td>\n<\/tr>\n<tr>\n<td valign=\"top\" width=\"302\"><b>\u00a0Erineide Silva e Silva<\/b><\/td>\n<td valign=\"top\" width=\"375\">Levantamento de parasitas intestinais em animais dom\u00e9sticos e silvestres em cativeiro, no estado do Amap\u00e1.<\/td>\n<\/tr>\n<tr>\n<td valign=\"top\" width=\"302\"><b>\u00a0Valdin\u00e9ia Damasceno da Silva<\/b><\/td>\n<td valign=\"top\" width=\"375\">Fauna comparativa de coleopteros em carca\u00e7a de su\u00edno (<i>Sus scrofa) <\/i>em ambiente de cerrado e ilha de mata seca, no campus marco Zero da Unifap, Macap\u00e1, Amap\u00e1<\/td>\n<\/tr>\n<tr>\n<td valign=\"top\" width=\"302\"><b>\u00a0Gabriele Viana Antunes<\/b><\/td>\n<td valign=\"top\" width=\"375\">Ocorr\u00eancia de Vespas Parasit\u00f3ides (Insecta: Hymenoptera) de d\u00edpteros em carca\u00e7a de su\u00edno (Sus Scrofa Linnaeus, 1758) no Campus Marco Zero da Universidade Federal do Amap\u00e1, Macap\u00e1, Amap\u00e1)<\/td>\n<\/tr>\n<tr>\n<td valign=\"top\" width=\"302\"><b>\u00a0Patr\u00edcia Esquerdo<\/b><\/td>\n<td valign=\"top\" width=\"375\">Coleoptera do Campus Marco Zero da Universidade Federal do do Amap\u00e1<\/td>\n<\/tr>\n<tr>\n<td valign=\"top\" width=\"302\"><b>\u00a0Inana Faro de Ara\u00fajo<\/b><\/td>\n<td valign=\"top\" width=\"375\">Composi\u00e7\u00e3o de fam\u00edlias de Diptera musc\u00f3ides de import\u00e2ncia forense amostrada em ambientes de Cerrado amaz\u00f4nico, no Campus Marco Zero, Unifap, no per\u00edodo de 2008.<\/td>\n<\/tr>\n<tr>\n<td valign=\"top\" width=\"302\"><b>\u00a0Pedro Daniel Guimar\u00e3es<\/b><\/td>\n<td valign=\"top\" width=\"375\">Caracteriza\u00e7\u00e3o da Entomofauna Associada a Carca\u00e7as de su\u00ednos (<i>Sus scrofa<\/i> L.) no campus da Universidade Federal do Amap\u00e1.<\/td>\n<\/tr>\n<tr>\n<td valign=\"top\" width=\"302\"><b>\u00a0Keison de Souza Cavalcanti\u00a0<\/b><span style=\"color: #ff0000\"><a href=\"http:\/\/www2.unifap.br\/arthrolab\/files\/2015\/03\/PROJETOS-KEISONdocx.pdf\"><span style=\"color: #ff0000\">Pdf Keison<\/span><\/a><\/span><span style=\"color: #ff0000\"><a href=\"http:\/\/www2.unifap.br\/arthrolab\/projetos\/iniciacao-cientifica\/projetos-keisondocx\/\" target=\"_blank\" rel=\"attachment wp-att-119\"><span style=\"color: #ff0000\"><br \/>\n<\/span><\/a><\/span><\/td>\n<td valign=\"top\" width=\"375\">Diversidade e Ecologia de Cole\u00f3pteros (Insecta: Cole\u00f3ptera) no Campus Marco Zero da Universidade Federal do Amap\u00e1, Macap\u00e1, Amap\u00e1.<\/td>\n<\/tr>\n<tr>\n<td valign=\"top\" width=\"302\"><b>\u00a0Telma Adriana S. Lobato\u00a0<\/b><span style=\"color: #ff0000\"><a href=\"http:\/\/www2.unifap.br\/arthrolab\/files\/2015\/03\/Telma-Lobato-Projetos.pdf\" target=\"_blank\"><span style=\"color: #ff0000\">Pdf Telma<\/span><\/a><\/span><\/td>\n<td valign=\"top\" width=\"375\">Composi\u00e7\u00e3o e Sucess\u00e3o de Califorideos em carca\u00e7as de <i>Sus scrofa<\/i> em \u00e1rea de mata e de lago da cidade de Macap\u00e1<\/td>\n<\/tr>\n<tr>\n<td valign=\"top\" width=\"302\"><b>\u00a0 Nayara Patr\u00edcia Reis<\/b><\/td>\n<td valign=\"top\" width=\"375\">Mimercofauna associada \u00e0 carca\u00e7a de su\u00edno (Sus scrofa L) no campus Marco Zero da UNIFAP, MACAP\u00c1, AMAP\u00c1.<\/td>\n<\/tr>\n<tr>\n<td valign=\"top\" width=\"302\"><b>Juno Augusto Ramos Rodrigues<\/b><\/td>\n<td valign=\"top\" width=\"375\">Ecologia de Escorpi\u00f5es (Arachnida: Scorpionida) na Ilha de Santana, Santana, Amap\u00e1<\/td>\n<\/tr>\n<tr>\n<td valign=\"top\" width=\"302\"><b>Tayres Peniche<\/b><\/td>\n<td valign=\"top\" width=\"375\">Composi\u00e7\u00e3o e sucess\u00e3o da Dipterofauna de interesse forense associada a carca\u00e7as de Sus scrofa (Linnaeus, 1758) em ambiente urbano de Macap\u00e1 \u2013 AP<\/td>\n<\/tr>\n<tr>\n<td valign=\"top\" width=\"302\"><b>\u00a0Keison Cavalcanti<\/b><\/td>\n<td valign=\"top\" width=\"375\">Avalia\u00e7\u00e3o do Efeito Causado por Dieta Artificial Acrescida de Drogas Utilizadas Para Fins Terap\u00eauticos No Desenvolvimento De Imaturos De Tr\u00eas Esp\u00e9cies De Chrysomya (Diptera: Calliphoridae) De Import\u00e2ncia Forense<\/td>\n<\/tr>\n<tr>\n<td valign=\"top\" width=\"302\"><b>Igor Sid\u00f4nio\u00a0<\/b><span style=\"color: #ff0000\"><a href=\"http:\/\/www2.unifap.br\/arthrolab\/files\/2015\/03\/sidonio.pdf\"><span style=\"color: #ff0000\">Pdf Coleopterofauna <\/span><\/a><\/span><\/td>\n<td valign=\"top\" width=\"375\">Coleopterofauna de interesse forense em \u00e1rea residencial de Macap\u00e1-Ap.<\/td>\n<\/tr>\n<tr>\n<td valign=\"top\" width=\"302\"><b>Gerffeson Costa Ferreira<\/b><\/td>\n<td valign=\"top\" width=\"375\">Composi\u00e7\u00e3o e Aspectos ecol\u00f3gicos da fauna de aranhas na ilha de Santana, Amaz\u00f4nia oriental<\/td>\n<\/tr>\n<\/tbody>\n<\/table>\n","protected":false},"excerpt":{"rendered":"<p>Nome do Bolsista T\u00edtulo da Pesquisa \u00a0Erineide Silva e Silva Levantamento de parasitas intestinais em animais dom\u00e9sticos e silvestres em cativeiro, no estado do Amap\u00e1. \u00a0Valdin\u00e9ia Damasceno da Silva Fauna comparativa de coleopteros em carca\u00e7a de su\u00edno (Sus scrofa) em&hellip; <\/p>\n<p><a href=\"http:\/\/www2.unifap.br\/arthrolab\/projetos\/iniciacao-cientifica\/\" class=\"readmore-button\">Continue Reading<\/a><\/p>\n","protected":false},"author":84,"featured_media":0,"parent":57,"menu_order":0,"comment_status":"open","ping_status":"open","template":"","meta":{"inline_featured_image":false,"ngg_post_thumbnail":0,"footnotes":""},"class_list":["post-103","page","type-page","status-publish","hentry"],"_links":{"self":[{"href":"http:\/\/www2.unifap.br\/arthrolab\/wp-json\/wp\/v2\/pages\/103","targetHints":{"allow":["GET"]}}],"collection":[{"href":"http:\/\/www2.unifap.br\/arthrolab\/wp-json\/wp\/v2\/pages"}],"about":[{"href":"http:\/\/www2.unifap.br\/arthrolab\/wp-json\/wp\/v2\/types\/page"}],"author":[{"embeddable":true,"href":"http:\/\/www2.unifap.br\/arthrolab\/wp-json\/wp\/v2\/users\/84"}],"replies":[{"embeddable":true,"href":"http:\/\/www2.unifap.br\/arthrolab\/wp-json\/wp\/v2\/comments?post=103"}],"version-history":[{"count":10,"href":"http:\/\/www2.unifap.br\/arthrolab\/wp-json\/wp\/v2\/pages\/103\/revisions"}],"predecessor-version":[{"id":123,"href":"http:\/\/www2.unifap.br\/arthrolab\/wp-json\/wp\/v2\/pages\/103\/revisions\/123"}],"up":[{"embeddable":true,"href":"http:\/\/www2.unifap.br\/arthrolab\/wp-json\/wp\/v2\/pages\/57"}],"wp:attachment":[{"href":"http:\/\/www2.unifap.br\/arthrolab\/wp-json\/wp\/v2\/media?parent=103"}],"curies":[{"name":"wp","href":"https:\/\/api.w.org\/{rel}","templated":true}]}}