{"id":196,"date":"2015-03-26T01:02:57","date_gmt":"2015-03-26T01:02:57","guid":{"rendered":"http:\/\/www2.unifap.br\/arthrolab\/?page_id=196"},"modified":"2015-04-09T14:26:53","modified_gmt":"2015-04-09T14:26:53","slug":"orientacoes-concluidas","status":"publish","type":"page","link":"http:\/\/www2.unifap.br\/arthrolab\/orientacoes-concluidas\/","title":{"rendered":"Orienta\u00e7\u00f5es conclu\u00eddas"},"content":{"rendered":"<p><b>Orienta\u00e7\u00f5es de gradua\u00e7\u00e3o conclu\u00eddas &#8211; TCC\u00a0\u00a0\u00a0\u00a0\u00a0\u00a0\u00a0\u00a0\u00a0\u00a0\u00a0\u00a0\u00a0\u00a0\u00a0\u00a0\u00a0\u00a0\u00a0\u00a0\u00a0\u00a0\u00a0\u00a0\u00a0\u00a0\u00a0\u00a0\u00a0\u00a0\u00a0\u00a0\u00a0\u00a0\u00a0\u00a0\u00a0\u00a0\u00a0\u00a0\u00a0\u00a0\u00a0\u00a0\u00a0\u00a0\u00a0\u00a0\u00a0\u00a0\u00a0\u00a0\u00a0\u00a0\u00a0\u00a0\u00a0\u00a0\u00a0\u00a0\u00a0\u00a0\u00a0\u00a0\u00a0\u00a0\u00a0\u00a0\u00a0\u00a0 <\/b><\/p>\n<table width=\"397\" border=\"1\" cellspacing=\"0\" cellpadding=\"0\">\n<tbody>\n<tr>\n<td valign=\"top\" width=\"207\"><b>T\u00edtulo \u00a0 do TCC\u00a0 <\/b><\/td>\n<td valign=\"top\" width=\"191\"><b>Alunos<\/b><\/td>\n<\/tr>\n<tr>\n<td valign=\"top\" width=\"207\">Elabora\u00e7\u00e3o de um Guia Acad\u00eamico de \u00a0 Filogenia de Artropodas Para Uso No Ensino de Gradua\u00e7\u00e3o De Ci\u00eancias \u00a0 Biol\u00f3gicas E De \u00c1reas Afins.<\/td>\n<td valign=\"top\" width=\"191\">Tiago Costa<\/td>\n<\/tr>\n<tr>\n<td valign=\"top\" width=\"207\">Fam\u00edlias de cole\u00f3pteras (Insecta: \u00a0 Coleoptera) do campus marco zero da unversidade federal do amap\u00e1, macap\u00e1, amap\u00e1<\/td>\n<td valign=\"top\" width=\"191\">Patr\u00edcia Esquerdo<\/td>\n<\/tr>\n<tr>\n<td valign=\"top\" width=\"207\">O destino dos animais silvestres \u00a0 apreendidos, resgatados e entregues voluntariamente ao Centro de Triagem de \u00a0 Animais Silvestres do Estado do Amap\u00e1.<\/td>\n<td valign=\"top\" width=\"191\">Dayanne Gloria Sarmento<\/td>\n<\/tr>\n<tr>\n<td valign=\"top\" width=\"207\">Ocorr\u00eancia de helmintos e protozo\u00e1rios em \u00a0 humanos, diagn\u00f3sticados na unidade b\u00e1sica de sa\u00fade\/Unifap, Macap\u00e1, Ap, Brasil<\/td>\n<td valign=\"top\" width=\"191\">Anaira Suellen Lopes da Costa Trindade<\/td>\n<\/tr>\n<tr>\n<td valign=\"top\" width=\"207\">Parasitologia: um esclarecimento das \u00a0 principais helmintoses aos alunos do ensino fundamental<\/td>\n<td valign=\"top\" width=\"191\">Edivaldo Almeida da Silva<\/td>\n<\/tr>\n<tr>\n<td valign=\"top\" width=\"207\">Ecologia de coleopteras (Insecta: Coleoptera) da ilha \u00a0 de Santana, Amap\u00e1.<\/td>\n<td valign=\"top\" width=\"191\">Danilo Pelaes de Almeida<\/td>\n<\/tr>\n<tr>\n<td valign=\"top\" width=\"207\">Efeito do veneno \u00a0 botr\u00f3pico no desenvolvimento de imaturos de <i>Crysomya albiceps<\/i> (Diptera: Calliphoridae).<\/td>\n<td valign=\"top\" width=\"191\">Keison \u00a0 de Souza Cavalvante<\/td>\n<\/tr>\n<tr>\n<td valign=\"top\" width=\"207\">Concep\u00e7\u00e3o \u00a0 entomol\u00f3gica de alunos da 7\u00aa s\u00e9rie da E.E. Azevedo Costa.<\/td>\n<td valign=\"top\" width=\"191\">Ediene \u00a0 Sibelle da Costa Ribeiro<\/td>\n<\/tr>\n<tr>\n<td valign=\"top\" width=\"207\">Composi\u00e7\u00e3o de \u00a0 fam\u00edlias de Diptera musc\u00f3ides de import\u00e2ncia forense amostrada em ambientes \u00a0 de Cerrado amaz\u00f4nico, no Campus Marco Zero, Unifap, no per\u00edodo de 2008 a 2011<\/td>\n<td valign=\"top\" width=\"191\">Inana \u00a0 Fauro<\/td>\n<\/tr>\n<tr>\n<td valign=\"top\" width=\"207\">Efeito do veneno botr\u00f3pico \u00a0 no desenvolvimento de imaturos de Chrysomya albiceps (WIEDEMANN, 1819) \u00a0 (DIPTERA, CALLIPHORIDAE)<\/td>\n<td valign=\"top\" width=\"191\">Keison \u00a0 de Souza Cavalcanti<\/td>\n<\/tr>\n<tr>\n<td valign=\"top\" width=\"207\">Composi\u00e7\u00e3o de \u00a0 cole\u00f3pterofauna da \u00e1rea de prote\u00e7\u00e3o ambiental do Rio Curia\u00fa (apa do curia\u00fa), \u00a0 macap\u00e1, amap\u00e1<\/td>\n<td valign=\"top\" width=\"191\">Marcio \u00a0 Fonseca da Costa<\/td>\n<\/tr>\n<tr>\n<td valign=\"top\" width=\"207\">Sexualidade: As \u00a0 percep\u00e7\u00f5es e atitudes dos adolescentes das 7\u00aa e 8\u00aa s\u00e9ries do ensino \u00a0 fundamental da Escola Estadual M\u00e1rio Quirino da Silva<\/td>\n<td valign=\"top\" width=\"191\">Ruana \u00a0 Elyene dos Santos Ribeiro da Costa<\/td>\n<\/tr>\n<tr>\n<td valign=\"top\" width=\"207\">Composi\u00e7\u00e3o e \u00a0 Sucess\u00e3o de Califorideos em carca\u00e7as de <i>Sus \u00a0 scrofa <\/i>em \u00e1rea de mata e de lago da cidade de Macap\u00e1<\/td>\n<td valign=\"top\" width=\"191\">Telma \u00a0 Adriana Souza Lobato<\/td>\n<\/tr>\n<tr>\n<td valign=\"top\" width=\"207\">Sexualidade: As \u00a0 percep\u00e7\u00f5es e atitudes dos adolescentes das 7\u00aa e 8\u00aa s\u00e9ries do ensino \u00a0 fundamental da Escola estadual Mario Quirino da Silva<\/td>\n<td valign=\"top\" width=\"191\">Ruana \u00a0 Elyene dos Santos Ribeiro da Costa<\/td>\n<\/tr>\n<tr>\n<td valign=\"top\" width=\"207\">Composi\u00e7\u00e3o e \u00a0 Aspectos ecol\u00f3gicos da fauna de aranhas na ilha de Santana, Amaz\u00f4nia oriental<\/td>\n<td valign=\"top\" width=\"191\">Geferson \u00a0 Costa Ferreira<\/td>\n<\/tr>\n<tr>\n<td valign=\"top\" width=\"207\">Coleopterofauna \u00a0 associada a carca\u00e7as de <i>Sus scrofa<\/i> \u00a0 em ambiente urbano<\/td>\n<td valign=\"top\" width=\"191\">Igor \u00a0 Andrey P. Sid\u00f4nio<\/td>\n<\/tr>\n<tr>\n<td valign=\"top\" width=\"207\">Levantamento de \u00a0 cole\u00f3pteros (Insecta: Coleoptera) na APA do Curiau, Macap\u00e1, Amap\u00e1.<\/p>\n<p>Levantamento da \u00a0 Araneofauna (Arachnida: Araneae) da \u00c1rea de Prote\u00e7\u00e3o Ambiental do Rio Curia\u00fa \u00a0 (Apa do Curia\u00fa), Macap\u00e1, Amap\u00e1.<\/p>\n<p>Cole\u00e7\u00e3o Did\u00e1tica \u00a0 do Laborat\u00f3rio de Arthropoda da Universidade Federal do Amap\u00e1<\/p>\n<p>A Transversalidade \u00a0 da Educa\u00e7\u00e3o Ambiental no Contexto Escolar de uma Institui\u00e7\u00e3o de Ensino \u00a0 P\u00fablico do Estado do Amap\u00e1.<\/p>\n<p>Abelhas \u00a0 Silvestres (Hymenoptera, Apoidea) visitantes de flores de Mimosa pudica L. \u00a0 (Leguminosae, Mimosoideae) em \u00e1rea de Cerrado no Campus Marco Zero do Equador \u00a0 da Universidade Federal do Amap\u00e1, Macap\u00e1, Brasil.<\/p>\n<p>Incid\u00eancia e \u00a0 fatores de riscos de parasitoses intestinais em crian\u00e7as de 0 a 5 anos \u00a0 atendidas na Unidade B\u00e1sica dos Cong\u00f3s.<\/p>\n<p>Sucess\u00e3o da \u00a0 entomofauna da import\u00e2ncia forense carca\u00e7as Sus scrafa (Linnaeus, 1758), em \u00a0 \u00e1rea de cerrado no campus Marco Zero da Universidae Federal do Amap\u00e1, Macap\u00e1 \u00a0 AP.<\/p>\n<p>Formic\u00eddeos \u00a0 (Hymenoptera: Formicidae) da cole\u00e7\u00e3o entomol\u00f3gica do laborat\u00f3rio de \u00a0 Arthopodas da Universidade Federal do Amap\u00e1, Macap\u00e1 AP<\/p>\n<p>Res\u00edduo s\u00f3lido da \u00a0 Universidade Federal do Amap\u00e1<\/p>\n<p>O estado da arte \u00a0 da Doen\u00e7a de Chagas no estado do Amap\u00e1.<\/p>\n<p>Identifica\u00e7\u00e3o e distribui\u00e7\u00e3o geogr\u00e1fica de \u00a0 borboletas: Um ponto de partida para a divulga\u00e7\u00e3o da lepidofauna do estado do \u00a0 Amap\u00e1.<\/td>\n<td valign=\"top\" width=\"191\">Marcio \u00a0 Costa&nbsp;<\/p>\n<p>Suelen \u00a0 Cristina Barros da Silva<\/p>\n<p>&nbsp;<\/p>\n<p>&nbsp;<\/p>\n<p>Marcela \u00a0 Etiene de Ara\u00fajo Vieira<\/p>\n<p>&nbsp;<\/p>\n<p>Geoval \u00a0 Costa<\/p>\n<p>&nbsp;<\/p>\n<p>&nbsp;<\/p>\n<p>Leidiane \u00a0 L. Souza<\/p>\n<p>&nbsp;<\/p>\n<p>&nbsp;<\/p>\n<p>Danielle \u00a0 da Silva Dias<\/p>\n<p>&nbsp;<\/p>\n<p>&nbsp;<\/p>\n<p>Joanna \u00a0 Dulce F. de Oliveira Torres<\/p>\n<p>&nbsp;<\/p>\n<p>&nbsp;<\/p>\n<p>Magno \u00a0 Pereira Santos<\/p>\n<p>&nbsp;<\/p>\n<p>Kelren \u00a0 Furtado Abdon<\/p>\n<p>&nbsp;<\/p>\n<p>Dayanne \u00a0 de Oliveira Gomes<\/p>\n<p>&nbsp;<\/p>\n<p>Maria \u00a0 Luciane Cardoso da Silva<\/p>\n<p>&nbsp;<\/td>\n<\/tr>\n<tr>\n<td valign=\"top\" width=\"207\">Caracteriza\u00e7\u00e3o da \u00a0 Entomofauna Associada a Carca\u00e7as de su\u00ednos (Sus scrofa L.) no campus da \u00a0 Universidade Federal do Amap\u00e1.<\/p>\n<p>Ocorr\u00eancia de \u00a0 vespas parasit\u00f3ides (Insecta: Hymenoptera) de d\u00edpteros em carca\u00e7a de su\u00edno (Sus \u00a0 scrofa Linnaeus, 1758) no campus marco zero da Universidade Federal do Amap\u00e1, \u00a0 Macap\u00e1, Amap\u00e1.<\/p>\n<p>Coleopterofauna \u00a0 em carca\u00e7a de su\u00edno (Sus scrofa Linnaeus, 1758 ) em ambiente de Cerrado do \u00a0 campus marco zero da unifap, Macap\u00e1.<\/p>\n<p>Composi\u00e7\u00e3o de esp\u00e9cies \u00a0 de escorpi\u00f5es (Arachnida: Scorpiones) na mesorregi\u00e3o sul do estado do Amap\u00e1 \u00a0 com \u00eanfase aos de import\u00e2ncia m\u00e9dica.<\/p>\n<p>Mirmecofauna \u00a0 associada \u00e0 decomposi\u00e7\u00e3o de carca\u00e7as de su\u00ednos (Sus scrofa Linnaeus, 1758): \u00a0 uma contribui\u00e7\u00e3o a entomologia forense.<\/p>\n<p>Enchentes do Rio \u00a0 Jar\u00ed: Impactos ambientais, sociais, econ\u00f4micos e de sa\u00fade p\u00fablica em Laranjal \u00a0 do Jar\u00ed-AP<\/td>\n<td valign=\"top\" width=\"191\">Rafael \u00a0 Monteiro&nbsp;<\/p>\n<p>&nbsp;<\/p>\n<p>Gabriela \u00a0 Viana Antunes<\/p>\n<p>&nbsp;<\/p>\n<p>&nbsp;<\/p>\n<p>Valdineia \u00a0 Damasceno<\/p>\n<p>&nbsp;<\/p>\n<p>&nbsp;<\/p>\n<p>Jonathan \u00a0 Cardoso Vitor<\/p>\n<p>&nbsp;<\/p>\n<p>&nbsp;<\/p>\n<p>Maiara \u00a0 de Melo Amanaj\u00e1s<\/p>\n<p>&nbsp;<\/p>\n<p>Viviany \u00a0 M. Nemer, Jos\u00e9 Ricardo S. de Melo, Rafaela C. M. de Souza<\/td>\n<\/tr>\n<tr>\n<td valign=\"top\" width=\"207\">Estado da arte da \u00a0 sistem\u00e1tica zool\u00f3gica: de Ernest Haeckel a an\u00e1lise molecular<\/td>\n<td valign=\"top\" width=\"191\">Tiago \u00a0 Costa<\/td>\n<\/tr>\n<tr>\n<td valign=\"top\" width=\"207\">Fam\u00edlias de \u00a0 cole\u00f3pteras (Insecta: Coleoptera) do campus marco zero da unversidade federal \u00a0 do Amap\u00e1, Macap\u00e1, Amap\u00e1<\/td>\n<td valign=\"top\" width=\"191\">Patr\u00edcia \u00a0 Esquerdo<\/td>\n<\/tr>\n<tr>\n<td valign=\"top\" width=\"207\">O destino dos \u00a0 animais silvestres apreendidos, resgatados e entregues voluntariamente ao \u00a0 Centro de Triagem de Animais Silvestres do Estado do Amap\u00e1.<\/td>\n<td valign=\"top\" width=\"191\">Dayanne \u00a0 Gloria Sarmento<\/td>\n<\/tr>\n<tr>\n<td valign=\"top\" width=\"207\">Ocorr\u00eancia de \u00a0 helmintos e protozo\u00e1rios em humanos, diagn\u00f3sticados na unidade b\u00e1sica de \u00a0 sa\u00fade\/unifap, macap\u00e1, ap, Brasil<\/td>\n<td valign=\"top\" width=\"191\">Anaira \u00a0 Suellen Lopes da Costa Trindade<\/td>\n<\/tr>\n<tr>\n<td valign=\"top\" width=\"207\">Parasitologia: um \u00a0 esclarecimento das principais helmintoses aos alunos do eja da escola \u00a0 municipal jos\u00e9 le\u00f3ves teixeira, macap\u00e1 Amap\u00e1<\/td>\n<td valign=\"top\" width=\"191\">Edivaldo \u00a0 Almeida da Silva<\/td>\n<\/tr>\n<\/tbody>\n<\/table>\n","protected":false},"excerpt":{"rendered":"<p>Orienta\u00e7\u00f5es de gradua\u00e7\u00e3o conclu\u00eddas &#8211; TCC\u00a0\u00a0\u00a0\u00a0\u00a0\u00a0\u00a0\u00a0\u00a0\u00a0\u00a0\u00a0\u00a0\u00a0\u00a0\u00a0\u00a0\u00a0\u00a0\u00a0\u00a0\u00a0\u00a0\u00a0\u00a0\u00a0\u00a0\u00a0\u00a0\u00a0\u00a0\u00a0\u00a0\u00a0\u00a0\u00a0\u00a0\u00a0\u00a0\u00a0\u00a0\u00a0\u00a0\u00a0\u00a0\u00a0\u00a0\u00a0\u00a0\u00a0\u00a0\u00a0\u00a0\u00a0\u00a0\u00a0\u00a0\u00a0\u00a0\u00a0\u00a0\u00a0\u00a0\u00a0\u00a0\u00a0\u00a0\u00a0\u00a0\u00a0 T\u00edtulo \u00a0 do TCC\u00a0 Alunos Elabora\u00e7\u00e3o de um Guia Acad\u00eamico de \u00a0 Filogenia de Artropodas Para Uso No Ensino de Gradua\u00e7\u00e3o De Ci\u00eancias \u00a0 Biol\u00f3gicas E De \u00c1reas Afins. Tiago Costa Fam\u00edlias de cole\u00f3pteras&hellip; <\/p>\n<p><a href=\"http:\/\/www2.unifap.br\/arthrolab\/orientacoes-concluidas\/\" class=\"readmore-button\">Continue Reading<\/a><\/p>\n","protected":false},"author":84,"featured_media":0,"parent":0,"menu_order":0,"comment_status":"open","ping_status":"open","template":"","meta":{"inline_featured_image":false,"ngg_post_thumbnail":0,"footnotes":""},"class_list":["post-196","page","type-page","status-publish","hentry"],"_links":{"self":[{"href":"http:\/\/www2.unifap.br\/arthrolab\/wp-json\/wp\/v2\/pages\/196","targetHints":{"allow":["GET"]}}],"collection":[{"href":"http:\/\/www2.unifap.br\/arthrolab\/wp-json\/wp\/v2\/pages"}],"about":[{"href":"http:\/\/www2.unifap.br\/arthrolab\/wp-json\/wp\/v2\/types\/page"}],"author":[{"embeddable":true,"href":"http:\/\/www2.unifap.br\/arthrolab\/wp-json\/wp\/v2\/users\/84"}],"replies":[{"embeddable":true,"href":"http:\/\/www2.unifap.br\/arthrolab\/wp-json\/wp\/v2\/comments?post=196"}],"version-history":[{"count":5,"href":"http:\/\/www2.unifap.br\/arthrolab\/wp-json\/wp\/v2\/pages\/196\/revisions"}],"predecessor-version":[{"id":198,"href":"http:\/\/www2.unifap.br\/arthrolab\/wp-json\/wp\/v2\/pages\/196\/revisions\/198"}],"wp:attachment":[{"href":"http:\/\/www2.unifap.br\/arthrolab\/wp-json\/wp\/v2\/media?parent=196"}],"curies":[{"name":"wp","href":"https:\/\/api.w.org\/{rel}","templated":true}]}}