{"id":3398,"date":"2023-04-21T14:45:16","date_gmt":"2023-04-21T14:45:16","guid":{"rendered":"https:\/\/www2.unifap.br\/cambientais\/?page_id=3398"},"modified":"2024-12-10T16:51:38","modified_gmt":"2024-12-10T16:51:38","slug":"ementario-do-curso","status":"publish","type":"page","link":"http:\/\/www2.unifap.br\/cambientais\/ementario-do-curso\/","title":{"rendered":"Ement\u00e1rio do curso"},"content":{"rendered":"\t\t<div data-elementor-type=\"wp-page\" data-elementor-id=\"3398\" class=\"elementor elementor-3398\">\n\t\t\t\t\t\t<section class=\"elementor-section elementor-top-section elementor-element elementor-element-1f4daaa elementor-section-boxed elementor-section-height-default elementor-section-height-default\" data-id=\"1f4daaa\" data-element_type=\"section\" data-e-type=\"section\">\n\t\t\t\t\t\t<div class=\"elementor-container elementor-column-gap-default\">\n\t\t\t\t\t<div class=\"elementor-column elementor-col-100 elementor-top-column elementor-element elementor-element-22b8ab1\" data-id=\"22b8ab1\" data-element_type=\"column\" data-e-type=\"column\">\n\t\t\t<div class=\"elementor-widget-wrap elementor-element-populated\">\n\t\t\t\t\t\t<div class=\"elementor-element elementor-element-d53a390 elementor-widget elementor-widget-text-editor\" data-id=\"d53a390\" data-element_type=\"widget\" data-e-type=\"widget\" data-widget_type=\"text-editor.default\">\n\t\t\t\t<div class=\"elementor-widget-container\">\n\t\t\t\t\t\t\t\t\t<p><span style=\"color: #000000\">A principal contribui\u00e7\u00e3o metodol\u00f3gica da, ainda, inovadora proposta do curso de Ci\u00eancias Ambientais \u00e9 ampliar a colabora\u00e7\u00e3o da base t\u00e9cnico-cient\u00edfica organizada entre as diferentes \u00e1reas do conhecimento (pautadas no antigo paradigma, excessivamente, disciplinar) e possibilitar a constru\u00e7\u00e3o de propostas baseadas na contempor\u00e2nea diretriz da interdisciplinaridade.<\/span><\/p><ul><li><span style=\"color: #0000ff\"><strong><a style=\"color: #0000ff\" href=\"http:\/\/www2.unifap.br\/cambientais\/files\/2024\/12\/Ementario-vigente-PPC-2010_1-ASSINADO.pdf\" target=\"_blank\" rel=\"noopener\">Ement\u00e1rio (PPC 2010)<\/a><\/strong><\/span><\/li><li><span style=\"color: #0000ff\"><strong><a style=\"color: #0000ff\" href=\"http:\/\/www2.unifap.br\/cambientais\/files\/2024\/12\/EMENTARIO_PPC_2024-v-set2024_1-ASSINADO.pdf\" target=\"_blank\" rel=\"noopener\">Ement\u00e1rio (PPC 2024)<\/a><\/strong><\/span><\/li><\/ul>\t\t\t\t\t\t\t\t<\/div>\n\t\t\t\t<\/div>\n\t\t\t\t\t<\/div>\n\t\t<\/div>\n\t\t\t\t\t<\/div>\n\t\t<\/section>\n\t\t\t\t<section class=\"elementor-section elementor-top-section elementor-element elementor-element-38cfab5 elementor-section-boxed elementor-section-height-default elementor-section-height-default\" data-id=\"38cfab5\" data-element_type=\"section\" data-e-type=\"section\">\n\t\t\t\t\t\t<div class=\"elementor-container elementor-column-gap-default\">\n\t\t\t\t\t<div class=\"elementor-column elementor-col-100 elementor-top-column elementor-element elementor-element-fdb6451\" data-id=\"fdb6451\" data-element_type=\"column\" data-e-type=\"column\">\n\t\t\t<div class=\"elementor-widget-wrap elementor-element-populated\">\n\t\t\t\t\t\t<div class=\"elementor-element elementor-element-1f5d8bc elementor-widget-divider--view-line elementor-widget elementor-widget-divider\" data-id=\"1f5d8bc\" data-element_type=\"widget\" data-e-type=\"widget\" data-widget_type=\"divider.default\">\n\t\t\t\t<div class=\"elementor-widget-container\">\n\t\t\t\t\t\t\t<div class=\"elementor-divider\">\n\t\t\t<span class=\"elementor-divider-separator\">\n\t\t\t\t\t\t<\/span>\n\t\t<\/div>\n\t\t\t\t\t\t<\/div>\n\t\t\t\t<\/div>\n\t\t\t\t\t<\/div>\n\t\t<\/div>\n\t\t\t\t\t<\/div>\n\t\t<\/section>\n\t\t\t\t<section class=\"elementor-section elementor-top-section elementor-element elementor-element-39781d2 elementor-section-boxed elementor-section-height-default elementor-section-height-default\" data-id=\"39781d2\" data-element_type=\"section\" data-e-type=\"section\">\n\t\t\t\t\t\t<div class=\"elementor-container elementor-column-gap-default\">\n\t\t\t\t\t<div class=\"elementor-column elementor-col-100 elementor-top-column elementor-element elementor-element-564694e\" data-id=\"564694e\" data-element_type=\"column\" data-e-type=\"column\">\n\t\t\t<div class=\"elementor-widget-wrap elementor-element-populated\">\n\t\t\t\t\t\t<div class=\"elementor-element elementor-element-f9c4cb0 elementor-widget elementor-widget-button\" data-id=\"f9c4cb0\" data-element_type=\"widget\" data-e-type=\"widget\" data-widget_type=\"button.default\">\n\t\t\t\t<div class=\"elementor-widget-container\">\n\t\t\t\t\t\t\t\t\t<div class=\"elementor-button-wrapper\">\n\t\t\t\t\t<a class=\"elementor-button elementor-button-link elementor-size-sm\" href=\"https:\/\/www2.unifap.br\/cambientais\/\">\n\t\t\t\t\t\t<span class=\"elementor-button-content-wrapper\">\n\t\t\t\t\t\t<span class=\"elementor-button-icon\">\n\t\t\t\t<i aria-hidden=\"true\" class=\"fas fa-home\"><\/i>\t\t\t<\/span>\n\t\t\t\t\t\t\t\t\t<span class=\"elementor-button-text\">In\u00edcio<\/span>\n\t\t\t\t\t<\/span>\n\t\t\t\t\t<\/a>\n\t\t\t\t<\/div>\n\t\t\t\t\t\t\t\t<\/div>\n\t\t\t\t<\/div>\n\t\t\t\t\t<\/div>\n\t\t<\/div>\n\t\t\t\t\t<\/div>\n\t\t<\/section>\n\t\t\t\t<\/div>\n\t\t","protected":false},"excerpt":{"rendered":"<p>A principal contribui\u00e7\u00e3o metodol\u00f3gica da, ainda, inovadora proposta do curso de Ci\u00eancias Ambientais \u00e9 ampliar a colabora\u00e7\u00e3o da base t\u00e9cnico-cient\u00edfica organizada entre as diferentes \u00e1reas do conhecimento (pautadas no antigo paradigma, excessivamente, disciplinar) e possibilitar a constru\u00e7\u00e3o de propostas baseadas na contempor\u00e2nea diretriz da interdisciplinaridade. Ement\u00e1rio (PPC 2010) Ement\u00e1rio (PPC \u2026 <a class=\"continue-reading-link\" href=\"http:\/\/www2.unifap.br\/cambientais\/ementario-do-curso\/\"> Continue Lendo <span class=\"meta-nav\">&rarr; <\/span><\/a><\/p>\n","protected":false},"author":3976,"featured_media":0,"parent":0,"menu_order":0,"comment_status":"closed","ping_status":"closed","template":"","meta":{"inline_featured_image":false,"ngg_post_thumbnail":0,"footnotes":""},"class_list":["post-3398","page","type-page","status-publish","hentry"],"_links":{"self":[{"href":"http:\/\/www2.unifap.br\/cambientais\/wp-json\/wp\/v2\/pages\/3398","targetHints":{"allow":["GET"]}}],"collection":[{"href":"http:\/\/www2.unifap.br\/cambientais\/wp-json\/wp\/v2\/pages"}],"about":[{"href":"http:\/\/www2.unifap.br\/cambientais\/wp-json\/wp\/v2\/types\/page"}],"author":[{"embeddable":true,"href":"http:\/\/www2.unifap.br\/cambientais\/wp-json\/wp\/v2\/users\/3976"}],"replies":[{"embeddable":true,"href":"http:\/\/www2.unifap.br\/cambientais\/wp-json\/wp\/v2\/comments?post=3398"}],"version-history":[{"count":15,"href":"http:\/\/www2.unifap.br\/cambientais\/wp-json\/wp\/v2\/pages\/3398\/revisions"}],"predecessor-version":[{"id":4565,"href":"http:\/\/www2.unifap.br\/cambientais\/wp-json\/wp\/v2\/pages\/3398\/revisions\/4565"}],"wp:attachment":[{"href":"http:\/\/www2.unifap.br\/cambientais\/wp-json\/wp\/v2\/media?parent=3398"}],"curies":[{"name":"wp","href":"https:\/\/api.w.org\/{rel}","templated":true}]}}