{"id":301,"date":"2017-10-01T19:18:17","date_gmt":"2017-10-01T19:18:17","guid":{"rendered":"http:\/\/www2.unifap.br\/cepap\/?page_id=301"},"modified":"2018-01-24T19:48:53","modified_gmt":"2018-01-24T19:48:53","slug":"anaisiiiencontrodediscentes","status":"publish","type":"page","link":"http:\/\/www2.unifap.br\/cepap\/eventos\/encontrodediscentes\/anaisiiiencontrodediscentes\/","title":{"rendered":"Anais do III Encontro de discentes de Hist\u00f3ria da Unifap"},"content":{"rendered":"<ol>\n<li><a href=\"http:\/\/www2.unifap.br\/cepap\/files\/2017\/10\/ALETHEA-MAYARA-E-ANTONIO-AS-TERRAS-DE-REMANESCENTES-QUILOMBOLAS-NO-AMAP\u00c1.pdf\">AS TERRAS DE REMANESCENTES QUILOMBOLAS NO AMAP\u00c1: S\u00cdMBOLO DE RESIST\u00caNCIA<\/a>\u00a0 <em>(<\/em><i>ALETHEA HAMAIANA A. DE CARVALHO, MAYARA FEITOSA TEODORO, ANT\u00d4NIO SERGIO MONTEIRO FILOCRE\u00c3O)<\/i><\/li>\n<li><a href=\"http:\/\/www2.unifap.br\/cepap\/files\/2017\/10\/AMANDA-SOUZA-G\u00eanero-e-Etnia.pdf\">G\u00caNERO E ETNIA: HISTORIOGRAFIA E MULHERES IND\u00cdGENAS<\/a>\u00a0<i>(AMANDA CRISTINA SOUZA DA SILVA)<\/i><\/li>\n<li><a href=\"http:\/\/www2.unifap.br\/cepap\/files\/2017\/10\/ANA-PAULA-JESSICA-E-SIM\u00c3O-A-APLICABILIDADE-DA-LEI-11.645-08-DENTRO-DAS-PR\u00c1TICAS-PEDAG\u00d3GICAS.pdf\">A APLICABILIDADE DA LEI 11.645\/08 DENTRO DAS PR\u00c1TICAS PEDAG\u00d3GICAS<\/a>\u00a0<i>(ANA PAULA TEIXEIRA MIRANDA, J\u00c9SSICA JOYCE RODRIGUES PASTANA, SIM\u00c3O JUNIOR PINTO FERRO)<\/i><\/li>\n<li><a href=\"http:\/\/www2.unifap.br\/cepap\/files\/2017\/10\/ANDERSON-ROCHA-E-DANILO-CAETANO-Associa\u00e7\u00f5es-ind\u00edgenas-e-a-BR-156.pdf\">ASSOCIA\u00c7\u00d5ES IND\u00cdGENAS E A BR-156: A LUTA PELA PRESERVA\u00c7\u00c3O DA TERRA IND\u00cdGENA UA\u00c7\u00c1<\/a>\u00a0<i>(ANDERSON LUIS AZEVEDO DA ROCHA, DANILO CAETANO MENDES)<\/i><\/li>\n<li><a href=\"http:\/\/www2.unifap.br\/cepap\/files\/2017\/10\/ANGELA-MARIA-GUIA-HIST\u00d3RICO-DE-MACAP\u00c1-ARTIGO.pdf\">GUIA HIST\u00d3RICO DE MACAP\u00c1: ROTEIROS DE LUGARES DE MEM\u00d3RIAS DA CIDADE<\/a>\u00a0<i>(ANGELA MARIA DOS ANJOS NASCIMENTO)<\/i><\/li>\n<li><a href=\"http:\/\/www2.unifap.br\/cepap\/files\/2017\/10\/ARIVANETE-VITORIA-E-JONHATA-A-participa\u00e7\u00e3o-pol\u00edtica-das-mulheres-ind\u00edgenas.pdf\">A ORGANIZA\u00c7\u00c3O POL\u00cdTICA DAS MULHERES IND\u00cdGENAS DO AMAP\u00c1.<\/a>\u00a0<i>(ARIVANETE OLIVEIRA DA SILVA, JOHNATA DIAS SILVA AZEVEDO COSTA, VIT\u00d3RIA SANTOS ESTEVES)<\/i><\/li>\n<li><a href=\"http:\/\/www2.unifap.br\/cepap\/files\/2017\/10\/AVELINO-E-LETICIA-SANTOS-UMA-HIST\u00d3RIA-IND\u00cdGENA-DE-LONGA-DURA\u00c7\u00c3O-NA-AMAZ\u00d4NIA-ANTIGA.pdf\">UMA HIST\u00d3RIA IND\u00cdGENA DE LONGA DURA\u00c7\u00c3O NA AMAZ\u00d4NIA ANTIGA: PR\u00c1TICAS FUNER\u00c1RIAS DA FOZ DO RIO AMAZONAS<\/a>\u00a0<i>(LET\u00cdCIA SANTOS NASCIMENTO, AVELINO GAMBIM J\u00daNIOR)<\/i><\/li>\n<li><a href=\"http:\/\/www2.unifap.br\/cepap\/files\/2017\/10\/AVELINO-JELLY-E-MARIA-A-invisibilidade-da-inf\u00e2ncia.pdf\">A (IN)VISIBILIDADE DA INF\u00c2NCIA NO REGISTRO ARQUEOL\u00d3GICO DA AMAZ\u00d4NIA ANTIGA<\/a>\u00a0<i>(MARIA LET\u00cdCIA MOURA DE OLIVEIRA, AVELINO GAMBIM J\u00daNIOR, JELLY JULIANE SOUZA DE LIMA)<\/i><\/li>\n<li><a href=\"http:\/\/www2.unifap.br\/cepap\/files\/2017\/10\/BENEDITA-E-ANTONIO-A-pr\u00e1tica-mission\u00e1ria-jesu\u00edtica-no-estado-do-Maranh\u00e3o-e-Gr\u00e3o-Par\u00e1-s\u00e9culo-XVII.pdf\">A PR\u00c1TICA MISSION\u00c1RIA JESU\u00cdTICA NO ESTADO DO MARANH\u00c3O E GR\u00c3O-PAR\u00c1 (S\u00c9CULO XVII)<\/a>\u00a0<i>(BENEDITA DO SOCORRO MATOS SANTOS, ANT\u00d3NIO NOGUEIRA DE SOUSA)<\/i><\/li>\n<li><a href=\"http:\/\/www2.unifap.br\/cepap\/files\/2017\/10\/BRUNO-RAFAEL-Ad-majorem-Dei-gloriam.pdf\">AD MAJOREM DEI GLORIAM: POSSIBILIDADES DE USOS DE DOCUMENTOS JESU\u00cdTICOS OIAPOQUENSES PARA O ENSINO DE HIST\u00d3RIA<\/a>\u00a0(<i>BRUNO RAFAEL MACHADO NASCIMENTO)<\/i><\/li>\n<li><a href=\"http:\/\/www2.unifap.br\/cepap\/files\/2017\/10\/DAFNE-E-LILIAN-A-COOPERA\u00c7\u00c3O-T\u00c9CNICA-ENTRE-O-SEBRAE-AP-E-A-C\u00c2MARA-DE-COM\u00c9RCIO-GUIANA-FRANCESA.pdf\">A COOPERA\u00c7\u00c3O T\u00c9CNICA ENTRE O SEBRAE-AP E A C\u00c2MARA DE COM\u00c9RCIO-GUIANA FRANCESA<\/a>\u00a0<i>(DAFNE VIT\u00d3RIA PARANHOS DE ARA\u00daJO, L\u00cdLIAN SAMPAIO CORTES)<\/i><\/li>\n<li><a href=\"http:\/\/www2.unifap.br\/cepap\/files\/2017\/10\/DANILO-CAETANO-Blasf\u00eamia-na-Amaz\u00f4nia-a-vila-de-Macap\u00e1-ED.pdf\">BLASF\u00caMIA NA AMAZ\u00d4NIA: A VILA DE MACAP\u00c1 SOB OLHARES DA INQUISI\u00c7\u00c3O PORTUGUESA<\/a>\u00a0<i>(DANILO CAETANO MENDES)<\/i><\/li>\n<li><a href=\"http:\/\/www2.unifap.br\/cepap\/files\/2017\/10\/FERNANDO-E-JELLY-UMA-ABORDAGEM-HISTORIOGR\u00c1FICA-DAS-PR\u00c1TICAS-DE-SEPULTAMENTO-ENTRE-OS-S\u00c9CULOS-XVIII-A-XIX.pdf\">UMA ABORDAGEM HISTORIOGR\u00c1FICA DAS PR\u00c1TICAS DE SEPULTAMENTO ENTRE OS S\u00c9CULOS XVIII A XIX: ESTUDO DE CASO DA IGREJA DE MAZAG\u00c3O VELHO<\/a>\u00a0<i>(FERNANDO RODRIGO, JELLY JULIANE SOUZA DE LIMA)<\/i><\/li>\n<li><a href=\"http:\/\/www2.unifap.br\/cepap\/files\/2017\/10\/HIGOR-JACKELINE-E-MARLOS-Por-entre-rios-e-ch\u00e3o.pdf\">POR ENTRE RIOS E CH\u00c3O: MIGRA\u00c7\u00c3O E RECONFIGURA\u00c7\u00c3O DE IDENTIDADES NA HIST\u00d3RIA DOS POVOS IND\u00cdGENAS DO AMAP\u00c1<\/a>\u00a0<i>(MARLOS VIN\u00cdCIUS GAMA DE MATOS, HIGOR PEREIRA, JACKELINE DUARTE DE FREITAS OLIVEIRA)<\/i><\/li>\n<li><a href=\"http:\/\/www2.unifap.br\/cepap\/files\/2017\/10\/HIGOR-PEREIRA-Igreja-e-trabalhadores-do-campo.pdf\">IGREJA E TRABALHADORES DO CAMPO: A CPT E A LUTA PELA TERRA NO AMAP\u00c1 (2001-2016)<\/a>\u00a0<i>(HIGOR RAILAN DE JESUS PEREIRA)<\/i><\/li>\n<li><a href=\"http:\/\/www2.unifap.br\/cepap\/files\/2017\/10\/JOACIANY-SOFTWARE-EDUCACIONAL-MARABAIXADAS-TECNOL\u00d3GICAS-UM-ESTUDO-DA-CAIXA-DE-MARABAIXO.pdf\">SOFTWARE EDUCACIONAL \u201cMARABAIXADAS TECNOL\u00d3GICAS\u201d: UM ESTUDO DA CAIXA DE MARABAIXO E SUA APLICABILIDADE NO ENSINO DE HIST\u00d3RIA<\/a>\u00a0\u00a0<i>(JOACIANY DO CARMO NASCIMENTO)<\/i><\/li>\n<li><a href=\"http:\/\/www2.unifap.br\/cepap\/files\/2017\/10\/WALBI-PIMENTEL-A-Igreja-dos-Pobres-no-Amap\u00e1.pdf\">A IGREJA DOS POBRES NO AMAP\u00c1: SOLIDARIEDADE, RESIST\u00caNCIA E CONFLITO (1966-1983)<\/a>\u00a0<i>(WALBI SILVA PIMENTEL)<\/i><\/li>\n<li><a href=\"http:\/\/www2.unifap.br\/cepap\/files\/2017\/10\/POLLIANNA-PIMENTEL-A-participa\u00e7\u00e3o-pol\u00edtica-das-mulheres-ind\u00edgenas.pdf\">MOVIMENTO EDUCACIONAL IND\u00cdGENA NO BRASIL E SEU DESDOBRAMENTO NO AMAP\u00c1 (1988-2002): CAMINHOS E DESCAMINHOS<\/a>\u00a0<em>(POLLIANNA PIMENTEL FERREIRA)<\/em><\/li>\n<\/ol>\n","protected":false},"excerpt":{"rendered":"<p>AS TERRAS DE REMANESCENTES QUILOMBOLAS NO AMAP\u00c1: S\u00cdMBOLO DE RESIST\u00caNCIA\u00a0 (ALETHEA HAMAIANA A. DE CARVALHO, MAYARA FEITOSA TEODORO, ANT\u00d4NIO SERGIO MONTEIRO FILOCRE\u00c3O) G\u00caNERO E ETNIA: HISTORIOGRAFIA E MULHERES IND\u00cdGENAS\u00a0(AMANDA CRISTINA SOUZA DA SILVA) A APLICABILIDADE DA LEI 11.645\/08 DENTRO DAS PR\u00c1TICAS PEDAG\u00d3GICAS\u00a0(ANA PAULA TEIXEIRA MIRANDA, J\u00c9SSICA JOYCE RODRIGUES PASTANA, SIM\u00c3O JUNIOR PINTO FERRO) ASSOCIA\u00c7\u00d5ES IND\u00cdGENAS&#8230;<\/p>\n","protected":false},"author":733,"featured_media":0,"parent":299,"menu_order":0,"comment_status":"open","ping_status":"closed","template":"","meta":{"inline_featured_image":false,"ngg_post_thumbnail":0,"footnotes":""},"class_list":["post-301","page","type-page","status-publish","hentry"],"_links":{"self":[{"href":"http:\/\/www2.unifap.br\/cepap\/wp-json\/wp\/v2\/pages\/301","targetHints":{"allow":["GET"]}}],"collection":[{"href":"http:\/\/www2.unifap.br\/cepap\/wp-json\/wp\/v2\/pages"}],"about":[{"href":"http:\/\/www2.unifap.br\/cepap\/wp-json\/wp\/v2\/types\/page"}],"author":[{"embeddable":true,"href":"http:\/\/www2.unifap.br\/cepap\/wp-json\/wp\/v2\/users\/733"}],"replies":[{"embeddable":true,"href":"http:\/\/www2.unifap.br\/cepap\/wp-json\/wp\/v2\/comments?post=301"}],"version-history":[{"count":9,"href":"http:\/\/www2.unifap.br\/cepap\/wp-json\/wp\/v2\/pages\/301\/revisions"}],"predecessor-version":[{"id":366,"href":"http:\/\/www2.unifap.br\/cepap\/wp-json\/wp\/v2\/pages\/301\/revisions\/366"}],"up":[{"embeddable":true,"href":"http:\/\/www2.unifap.br\/cepap\/wp-json\/wp\/v2\/pages\/299"}],"wp:attachment":[{"href":"http:\/\/www2.unifap.br\/cepap\/wp-json\/wp\/v2\/media?parent=301"}],"curies":[{"name":"wp","href":"https:\/\/api.w.org\/{rel}","templated":true}]}}