{"id":434,"date":"2020-03-10T16:43:09","date_gmt":"2020-03-10T16:43:09","guid":{"rendered":"http:\/\/www2.unifap.br\/coeg\/?page_id=434"},"modified":"2023-09-21T13:53:52","modified_gmt":"2023-09-21T13:53:52","slug":"apresentacao","status":"publish","type":"page","link":"http:\/\/www2.unifap.br\/coeg\/","title":{"rendered":"Coeg"},"content":{"rendered":"\t\t<div data-elementor-type=\"wp-post\" data-elementor-id=\"434\" class=\"elementor elementor-434\">\n\t\t\t\t\t\t<section class=\"elementor-section elementor-top-section elementor-element elementor-element-546b84cc elementor-section-boxed elementor-section-height-default elementor-section-height-default\" data-id=\"546b84cc\" data-element_type=\"section\" data-e-type=\"section\">\n\t\t\t\t\t\t<div class=\"elementor-container elementor-column-gap-default\">\n\t\t\t\t\t<div class=\"elementor-column elementor-col-100 elementor-top-column elementor-element elementor-element-4e66a8ba\" data-id=\"4e66a8ba\" data-element_type=\"column\" data-e-type=\"column\">\n\t\t\t<div class=\"elementor-widget-wrap\">\n\t\t\t\t\t\t\t<\/div>\n\t\t<\/div>\n\t\t\t\t\t<\/div>\n\t\t<\/section>\n\t\t\t\t<section class=\"elementor-section elementor-top-section elementor-element elementor-element-18f33700 elementor-section-height-min-height elementor-section-boxed elementor-section-height-default elementor-section-items-middle\" data-id=\"18f33700\" data-element_type=\"section\" data-e-type=\"section\" data-settings=\"{&quot;background_background&quot;:&quot;classic&quot;}\">\n\t\t\t\t\t\t\t<div class=\"elementor-background-overlay\"><\/div>\n\t\t\t\t\t\t\t<div class=\"elementor-container elementor-column-gap-default\">\n\t\t\t\t\t<div class=\"elementor-column elementor-col-50 elementor-top-column elementor-element elementor-element-7f7bed6c\" data-id=\"7f7bed6c\" data-element_type=\"column\" data-e-type=\"column\">\n\t\t\t<div class=\"elementor-widget-wrap elementor-element-populated\">\n\t\t\t\t\t\t<div class=\"elementor-element elementor-element-79806699 elementor-widget elementor-widget-heading\" data-id=\"79806699\" data-element_type=\"widget\" data-e-type=\"widget\" data-widget_type=\"heading.default\">\n\t\t\t\t<div class=\"elementor-widget-container\">\n\t\t\t\t\t<h2 class=\"elementor-heading-title elementor-size-small\"><b>C O E G<\/b>\nCoordenadoria de Ensino de Gradua\u00e7\u00e3o<\/h2>\t\t\t\t<\/div>\n\t\t\t\t<\/div>\n\t\t\t\t<div class=\"elementor-element elementor-element-6a23399 elementor-widget elementor-widget-text-editor\" data-id=\"6a23399\" data-element_type=\"widget\" data-e-type=\"widget\" data-widget_type=\"text-editor.default\">\n\t\t\t\t<div class=\"elementor-widget-container\">\n\t\t\t\t\t\t\t\t\t<p><span style=\"color: #ffffff\">Coordenador<\/span><\/p><p><span style=\"color: #ffffff\"><b>N\u00e1riton Alberto<\/b> | <i>naritonprt@bol.com.br<\/i><\/span><\/p>\t\t\t\t\t\t\t\t<\/div>\n\t\t\t\t<\/div>\n\t\t\t\t\t<\/div>\n\t\t<\/div>\n\t\t\t\t<div class=\"elementor-column elementor-col-50 elementor-top-column elementor-element elementor-element-36980c7e\" data-id=\"36980c7e\" data-element_type=\"column\" data-e-type=\"column\">\n\t\t\t<div class=\"elementor-widget-wrap elementor-element-populated\">\n\t\t\t\t\t\t<div class=\"elementor-element elementor-element-7c5476a7 elementor-widget elementor-widget-video\" data-id=\"7c5476a7\" data-element_type=\"widget\" data-e-type=\"widget\" data-settings=\"{&quot;youtube_url&quot;:&quot;https:\\\/\\\/www.youtube.com\\\/watch?v=j3wTQAga67Y&quot;,&quot;video_type&quot;:&quot;youtube&quot;,&quot;controls&quot;:&quot;yes&quot;}\" data-widget_type=\"video.default\">\n\t\t\t\t<div class=\"elementor-widget-container\">\n\t\t\t\t\t\t\t<div class=\"elementor-wrapper elementor-open-inline\">\n\t\t\t<div class=\"elementor-video\"><\/div>\t\t<\/div>\n\t\t\t\t\t\t<\/div>\n\t\t\t\t<\/div>\n\t\t\t\t\t<\/div>\n\t\t<\/div>\n\t\t\t\t\t<\/div>\n\t\t<\/section>\n\t\t\t\t<section class=\"elementor-section elementor-top-section elementor-element elementor-element-6d3a8f8 elementor-section-boxed elementor-section-height-default elementor-section-height-default\" data-id=\"6d3a8f8\" data-element_type=\"section\" data-e-type=\"section\">\n\t\t\t\t\t\t<div class=\"elementor-container elementor-column-gap-default\">\n\t\t\t\t\t<div class=\"elementor-column elementor-col-50 elementor-top-column elementor-element elementor-element-4ecc15d\" data-id=\"4ecc15d\" data-element_type=\"column\" data-e-type=\"column\" data-settings=\"{&quot;background_background&quot;:&quot;gradient&quot;}\">\n\t\t\t<div class=\"elementor-widget-wrap elementor-element-populated\">\n\t\t\t\t\t\t<div class=\"elementor-element elementor-element-93c1a2f elementor-view-framed elementor-position-inline-start elementor-shape-circle elementor-mobile-position-block-start elementor-widget elementor-widget-icon-box\" data-id=\"93c1a2f\" data-element_type=\"widget\" data-e-type=\"widget\" data-widget_type=\"icon-box.default\">\n\t\t\t\t<div class=\"elementor-widget-container\">\n\t\t\t\t\t\t\t<div class=\"elementor-icon-box-wrapper\">\n\n\t\t\t\t\t\t<div class=\"elementor-icon-box-icon\">\n\t\t\t\t<a href=\"http:\/\/www2.unifap.br\/coeg\/files\/2023\/01\/Edital-N.-01_2023_PG_Selecao-Coeg.pdf\" target=\"_blank\" rel=\"nofollow\" class=\"elementor-icon\" tabindex=\"-1\" aria-label=\"PROGRAMA DE GEST\u00c3O\">\n\t\t\t\t<i class=\"fa fa-clone\" aria-hidden=\"true\"><\/i>\t\t\t\t<\/a>\n\t\t\t<\/div>\n\t\t\t\n\t\t\t\t\t\t<div class=\"elementor-icon-box-content\">\n\n\t\t\t\t\t\t\t\t\t<h3 class=\"elementor-icon-box-title\">\n\t\t\t\t\t\t<a href=\"http:\/\/www2.unifap.br\/coeg\/files\/2023\/01\/Edital-N.-01_2023_PG_Selecao-Coeg.pdf\" target=\"_blank\" rel=\"nofollow\" >\n\t\t\t\t\t\t\tPROGRAMA DE GEST\u00c3O\t\t\t\t\t\t<\/a>\n\t\t\t\t\t<\/h3>\n\t\t\t\t\n\t\t\t\t\t\t\t\t\t<p class=\"elementor-icon-box-description\">\n\t\t\t\t\t\t<b>COEG lan\u00e7a edital para ades\u00e3o ao Programa de Gest\u00e3o<\/b>\t\t\t\t\t<\/p>\n\t\t\t\t\n\t\t\t<\/div>\n\t\t\t\n\t\t<\/div>\n\t\t\t\t\t\t<\/div>\n\t\t\t\t<\/div>\n\t\t\t\t<div class=\"elementor-element elementor-element-f966b44 elementor-position-inline-start elementor-view-default elementor-mobile-position-block-start elementor-widget elementor-widget-icon-box\" data-id=\"f966b44\" data-element_type=\"widget\" data-e-type=\"widget\" data-widget_type=\"icon-box.default\">\n\t\t\t\t<div class=\"elementor-widget-container\">\n\t\t\t\t\t\t\t<div class=\"elementor-icon-box-wrapper\">\n\n\t\t\t\t\t\t<div class=\"elementor-icon-box-icon\">\n\t\t\t\t<a href=\"http:\/\/www2.unifap.br\/coeg\/files\/2023\/01\/Edital-N.-01_2023_PG_Selecao-Coeg.pdf\" class=\"elementor-icon\" tabindex=\"-1\" aria-label=\"EDITAL N\u00b0 001\/2023 - COEG\">\n\t\t\t\t<i class=\"fa fa-graduation-cap\" aria-hidden=\"true\"><\/i>\t\t\t\t<\/a>\n\t\t\t<\/div>\n\t\t\t\n\t\t\t\t\t\t<div class=\"elementor-icon-box-content\">\n\n\t\t\t\t\t\t\t\t\t<h3 class=\"elementor-icon-box-title\">\n\t\t\t\t\t\t<a href=\"http:\/\/www2.unifap.br\/coeg\/files\/2023\/01\/Edital-N.-01_2023_PG_Selecao-Coeg.pdf\" >\n\t\t\t\t\t\t\tEDITAL N\u00b0 001\/2023 - COEG\t\t\t\t\t\t<\/a>\n\t\t\t\t\t<\/h3>\n\t\t\t\t\n\t\t\t\t\t\t\t\t\t<p class=\"elementor-icon-box-description\">\n\t\t\t\t\t\t<i>O Coordenador de Ensino de Gradua\u00e7\u00e3o, no uso de suas atribui\u00e7\u00f5es, tendo em vista o disposto na Instru\u00e7\u00e3o Normativa SGP-SEGES\/ME N\u00ba 2, de 10 de janeiro de 2023, Portaria N\u00b0 0818\/2022 - UNIFAP e Decreto N\u00ba 11.072, de 17 de maio de 2022, resolve dar publicidade \u00e0s vagas dispon\u00edveis nesta Unidade para ades\u00e3o ao Programa de Gest\u00e3o, nos termos do Plano de Trabalho da Unidade (PTU) aprovado conforme processo SIPAC N\u00ba 23125.000381\/2023-11, tendo como fundamento as disposi\u00e7\u00f5es elencadas no referido edital.<\/i>\t\t\t\t\t<\/p>\n\t\t\t\t\n\t\t\t<\/div>\n\t\t\t\n\t\t<\/div>\n\t\t\t\t\t\t<\/div>\n\t\t\t\t<\/div>\n\t\t\t\t\t<\/div>\n\t\t<\/div>\n\t\t\t\t<div class=\"elementor-column elementor-col-50 elementor-top-column elementor-element elementor-element-53a0c83\" data-id=\"53a0c83\" data-element_type=\"column\" data-e-type=\"column\" data-settings=\"{&quot;background_background&quot;:&quot;gradient&quot;}\">\n\t\t\t<div class=\"elementor-widget-wrap elementor-element-populated\">\n\t\t\t\t\t\t<div class=\"elementor-element elementor-element-4c43c40 elementor-view-framed elementor-position-inline-start elementor-shape-circle elementor-mobile-position-block-start elementor-widget elementor-widget-icon-box\" data-id=\"4c43c40\" data-element_type=\"widget\" data-e-type=\"widget\" data-widget_type=\"icon-box.default\">\n\t\t\t\t<div class=\"elementor-widget-container\">\n\t\t\t\t\t\t\t<div class=\"elementor-icon-box-wrapper\">\n\n\t\t\t\t\t\t<div class=\"elementor-icon-box-icon\">\n\t\t\t\t<a href=\"http:\/\/www2.unifap.br\/coeg\/files\/2023\/01\/Edital-N.-001_2023_PG_Resultado-Coeg.pdf\" target=\"_blank\" rel=\"nofollow\" class=\"elementor-icon\" tabindex=\"-1\" aria-label=\"PROGRAMA DE GEST\u00c3O\">\n\t\t\t\t<i class=\"fa fa-clone\" aria-hidden=\"true\"><\/i>\t\t\t\t<\/a>\n\t\t\t<\/div>\n\t\t\t\n\t\t\t\t\t\t<div class=\"elementor-icon-box-content\">\n\n\t\t\t\t\t\t\t\t\t<h3 class=\"elementor-icon-box-title\">\n\t\t\t\t\t\t<a href=\"http:\/\/www2.unifap.br\/coeg\/files\/2023\/01\/Edital-N.-001_2023_PG_Resultado-Coeg.pdf\" target=\"_blank\" rel=\"nofollow\" >\n\t\t\t\t\t\t\tPROGRAMA DE GEST\u00c3O\t\t\t\t\t\t<\/a>\n\t\t\t\t\t<\/h3>\n\t\t\t\t\n\t\t\t\t\t\t\t\t\t<p class=\"elementor-icon-box-description\">\n\t\t\t\t\t\t<b>COEG lan\u00e7a edital com resultado de sele\u00e7\u00e3o \u00e0s vagas ofertadas no Programa de Gest\u00e3o<\/b>\t\t\t\t\t<\/p>\n\t\t\t\t\n\t\t\t<\/div>\n\t\t\t\n\t\t<\/div>\n\t\t\t\t\t\t<\/div>\n\t\t\t\t<\/div>\n\t\t\t\t<div class=\"elementor-element elementor-element-fbbcf3c elementor-position-inline-start elementor-view-default elementor-mobile-position-block-start elementor-widget elementor-widget-icon-box\" data-id=\"fbbcf3c\" data-element_type=\"widget\" data-e-type=\"widget\" data-widget_type=\"icon-box.default\">\n\t\t\t\t<div class=\"elementor-widget-container\">\n\t\t\t\t\t\t\t<div class=\"elementor-icon-box-wrapper\">\n\n\t\t\t\t\t\t<div class=\"elementor-icon-box-icon\">\n\t\t\t\t<a href=\"http:\/\/www2.unifap.br\/coeg\/files\/2023\/09\/Aditivo1-Edital_PGD_COEG-a-ser-publicado.pdf\" class=\"elementor-icon\" tabindex=\"-1\" aria-label=\"TERMO ADITIVO N\u00ba 01, DO EDITAL DO PROGRAMA DE GEST\u00c3O N\u00b0 001\/2023-COEG\">\n\t\t\t\t<i class=\"fa fa-graduation-cap\" aria-hidden=\"true\"><\/i>\t\t\t\t<\/a>\n\t\t\t<\/div>\n\t\t\t\n\t\t\t\t\t\t<div class=\"elementor-icon-box-content\">\n\n\t\t\t\t\t\t\t\t\t<h3 class=\"elementor-icon-box-title\">\n\t\t\t\t\t\t<a href=\"http:\/\/www2.unifap.br\/coeg\/files\/2023\/09\/Aditivo1-Edital_PGD_COEG-a-ser-publicado.pdf\" >\n\t\t\t\t\t\t\tTERMO ADITIVO N\u00ba 01, DO EDITAL DO PROGRAMA DE GEST\u00c3O N\u00b0 001\/2023-COEG\t\t\t\t\t\t<\/a>\n\t\t\t\t\t<\/h3>\n\t\t\t\t\n\t\t\t\t\t\t\t\t\t<p class=\"elementor-icon-box-description\">\n\t\t\t\t\t\t<i>A Coordenadora de Ensino de Gradua\u00e7\u00e3o, no uso de suas atribui\u00e7\u00f5es, tendo em vista o disposto \nna Instru\u00e7\u00e3o Normativa Conjunta SEGES-SGPRT\/MGI N\u00ba 24, de 28 de julho de 2023, e Decreto \nn\u00ba 11.072, de 17 de maio de 2022, faz saber por meio do presente termo aditivo que fica alterado \no seguinte item do Edital N\u00ba 001\/2023-COEG que instaurou sele\u00e7\u00e3o para ades\u00e3o ao Programa de \nGest\u00e3o e Desempenho da Coordenadoria de Ensino de Gradua\u00e7\u00e3o (COEG).<\/i>\t\t\t\t\t<\/p>\n\t\t\t\t\n\t\t\t<\/div>\n\t\t\t\n\t\t<\/div>\n\t\t\t\t\t\t<\/div>\n\t\t\t\t<\/div>\n\t\t\t\t\t<\/div>\n\t\t<\/div>\n\t\t\t\t\t<\/div>\n\t\t<\/section>\n\t\t\t\t<section class=\"elementor-section elementor-top-section elementor-element elementor-element-60fdeb27 elementor-section-boxed elementor-section-height-default elementor-section-height-default\" data-id=\"60fdeb27\" data-element_type=\"section\" data-e-type=\"section\">\n\t\t\t\t\t\t<div class=\"elementor-container elementor-column-gap-wider\">\n\t\t\t\t\t<div class=\"elementor-column elementor-col-50 elementor-top-column elementor-element elementor-element-756d01cd\" data-id=\"756d01cd\" data-element_type=\"column\" data-e-type=\"column\">\n\t\t\t<div class=\"elementor-widget-wrap elementor-element-populated\">\n\t\t\t\t\t\t<div class=\"elementor-element elementor-element-50a71369 elementor-view-framed elementor-position-inline-start elementor-shape-circle elementor-mobile-position-block-start elementor-widget elementor-widget-icon-box\" data-id=\"50a71369\" data-element_type=\"widget\" data-e-type=\"widget\" data-widget_type=\"icon-box.default\">\n\t\t\t\t<div class=\"elementor-widget-container\">\n\t\t\t\t\t\t\t<div class=\"elementor-icon-box-wrapper\">\n\n\t\t\t\t\t\t<div class=\"elementor-icon-box-icon\">\n\t\t\t\t<a href=\"https:\/\/www2.unifap.br\/dcp\/\" class=\"elementor-icon\" tabindex=\"-1\" aria-label=\"dcp - dIVIS\u00c3O DE CURR\u00cdCULOS E PROGRAMA\">\n\t\t\t\t<i class=\"fa fa-clone\" aria-hidden=\"true\"><\/i>\t\t\t\t<\/a>\n\t\t\t<\/div>\n\t\t\t\n\t\t\t\t\t\t<div class=\"elementor-icon-box-content\">\n\n\t\t\t\t\t\t\t\t\t<h3 class=\"elementor-icon-box-title\">\n\t\t\t\t\t\t<a href=\"https:\/\/www2.unifap.br\/dcp\/\" >\n\t\t\t\t\t\t\tdcp - dIVIS\u00c3O DE CURR\u00cdCULOS E PROGRAMA\t\t\t\t\t\t<\/a>\n\t\t\t\t\t<\/h3>\n\t\t\t\t\n\t\t\t\t\t\t\t\t\t<p class=\"elementor-icon-box-description\">\n\t\t\t\t\t\tA Divis\u00e3o de Curr\u00edculos e Programas \u2013 DCP tem como objetivo elencar as atividades desenvolvidas durante o ano acad\u00eamico<br>Respons\u00e1vel<br><b>Huana Furtado<\/b><br><i><u>huana@unifap.br<\/u><\/i>\t\t\t\t\t<\/p>\n\t\t\t\t\n\t\t\t<\/div>\n\t\t\t\n\t\t<\/div>\n\t\t\t\t\t\t<\/div>\n\t\t\t\t<\/div>\n\t\t\t\t<div class=\"elementor-element elementor-element-10529f04 elementor-widget elementor-widget-spacer\" data-id=\"10529f04\" data-element_type=\"widget\" data-e-type=\"widget\" data-widget_type=\"spacer.default\">\n\t\t\t\t<div class=\"elementor-widget-container\">\n\t\t\t\t\t\t\t<div class=\"elementor-spacer\">\n\t\t\t<div class=\"elementor-spacer-inner\"><\/div>\n\t\t<\/div>\n\t\t\t\t\t\t<\/div>\n\t\t\t\t<\/div>\n\t\t\t\t<div class=\"elementor-element elementor-element-6d994a27 elementor-view-framed elementor-position-inline-start elementor-shape-circle elementor-mobile-position-block-start elementor-widget elementor-widget-icon-box\" data-id=\"6d994a27\" data-element_type=\"widget\" data-e-type=\"widget\" data-widget_type=\"icon-box.default\">\n\t\t\t\t<div class=\"elementor-widget-container\">\n\t\t\t\t\t\t\t<div class=\"elementor-icon-box-wrapper\">\n\n\t\t\t\t\t\t<div class=\"elementor-icon-box-icon\">\n\t\t\t\t<a href=\"https:\/\/www2.unifap.br\/dad\/\" class=\"elementor-icon\" tabindex=\"-1\" aria-label=\"DAD - divis\u00e3o de acompanhamento aos docentes\">\n\t\t\t\t<i class=\"fa fa-graduation-cap\" aria-hidden=\"true\"><\/i>\t\t\t\t<\/a>\n\t\t\t<\/div>\n\t\t\t\n\t\t\t\t\t\t<div class=\"elementor-icon-box-content\">\n\n\t\t\t\t\t\t\t\t\t<h3 class=\"elementor-icon-box-title\">\n\t\t\t\t\t\t<a href=\"https:\/\/www2.unifap.br\/dad\/\" >\n\t\t\t\t\t\t\tDAD - divis\u00e3o de acompanhamento aos docentes\t\t\t\t\t\t<\/a>\n\t\t\t\t\t<\/h3>\n\t\t\t\t\n\t\t\t\t\t\t\t\t\t<p class=\"elementor-icon-box-description\">\n\t\t\t\t\t\tA DAD\/COEG tem atribui\u00e7\u00f5es de Assessorar a COEG (Coordenadoria de Ensino de Gradua\u00e7\u00e3o) e fazer o acompanhamento de atividades docentes.<br>Respons\u00e1vel<br><span style=\"font-weight: 700\">Aldo Natividade<\/span><br><i><u>dad@gmail.com<\/u><\/i>\t\t\t\t\t<\/p>\n\t\t\t\t\n\t\t\t<\/div>\n\t\t\t\n\t\t<\/div>\n\t\t\t\t\t\t<\/div>\n\t\t\t\t<\/div>\n\t\t\t\t\t<\/div>\n\t\t<\/div>\n\t\t\t\t<div class=\"elementor-column elementor-col-50 elementor-top-column elementor-element elementor-element-7b873809\" data-id=\"7b873809\" data-element_type=\"column\" data-e-type=\"column\">\n\t\t\t<div class=\"elementor-widget-wrap elementor-element-populated\">\n\t\t\t\t\t\t<div class=\"elementor-element elementor-element-33e00615 elementor-view-framed elementor-position-inline-start elementor-shape-circle elementor-mobile-position-block-start elementor-widget elementor-widget-icon-box\" data-id=\"33e00615\" data-element_type=\"widget\" data-e-type=\"widget\" data-widget_type=\"icon-box.default\">\n\t\t\t\t<div class=\"elementor-widget-container\">\n\t\t\t\t\t\t\t<div class=\"elementor-icon-box-wrapper\">\n\n\t\t\t\t\t\t<div class=\"elementor-icon-box-icon\">\n\t\t\t\t<a href=\"https:\/\/www2.unifap.br\/dle\/\" class=\"elementor-icon\" tabindex=\"-1\" aria-label=\"DLE - DIVIS\u00c3O DE LEGISLA\u00c7\u00c3O EDUCAcional\">\n\t\t\t\t<i class=\"fa fa-gavel\" aria-hidden=\"true\"><\/i>\t\t\t\t<\/a>\n\t\t\t<\/div>\n\t\t\t\n\t\t\t\t\t\t<div class=\"elementor-icon-box-content\">\n\n\t\t\t\t\t\t\t\t\t<h3 class=\"elementor-icon-box-title\">\n\t\t\t\t\t\t<a href=\"https:\/\/www2.unifap.br\/dle\/\" >\n\t\t\t\t\t\t\tDLE - DIVIS\u00c3O DE LEGISLA\u00c7\u00c3O EDUCAcional\t\t\t\t\t\t<\/a>\n\t\t\t\t\t<\/h3>\n\t\t\t\t\n\t\t\t\t\t\t\t\t\t<p class=\"elementor-icon-box-description\">\n\t\t\t\t\t\tDLE - Divis\u00e3o de Legisla\u00e7\u00e3o Educacional tem por finalidade prestar assessoria atinentes \u00e0 Legisla\u00e7\u00e3o Educacional, seja no \u00e2mbito Federal ou Institucional.<br>Respons\u00e1vel<br><span style=\"font-weight: 700\">Nariton Furtado<\/span><br><i><u>naritonprt@bol.com.br<\/u><\/i>\t\t\t\t\t<\/p>\n\t\t\t\t\n\t\t\t<\/div>\n\t\t\t\n\t\t<\/div>\n\t\t\t\t\t\t<\/div>\n\t\t\t\t<\/div>\n\t\t\t\t<div class=\"elementor-element elementor-element-3ca71e6c elementor-widget elementor-widget-spacer\" data-id=\"3ca71e6c\" data-element_type=\"widget\" data-e-type=\"widget\" data-widget_type=\"spacer.default\">\n\t\t\t\t<div class=\"elementor-widget-container\">\n\t\t\t\t\t\t\t<div class=\"elementor-spacer\">\n\t\t\t<div class=\"elementor-spacer-inner\"><\/div>\n\t\t<\/div>\n\t\t\t\t\t\t<\/div>\n\t\t\t\t<\/div>\n\t\t\t\t<div class=\"elementor-element elementor-element-24ebbef0 elementor-view-framed elementor-position-inline-start elementor-shape-circle elementor-mobile-position-block-start elementor-widget elementor-widget-icon-box\" data-id=\"24ebbef0\" data-element_type=\"widget\" data-e-type=\"widget\" data-widget_type=\"icon-box.default\">\n\t\t\t\t<div class=\"elementor-widget-container\">\n\t\t\t\t\t\t\t<div class=\"elementor-icon-box-wrapper\">\n\n\t\t\t\t\t\t<div class=\"elementor-icon-box-icon\">\n\t\t\t\t<span  class=\"elementor-icon\">\n\t\t\t\t<i class=\"fa fa-podcast\" aria-hidden=\"true\"><\/i>\t\t\t\t<\/span>\n\t\t\t<\/div>\n\t\t\t\n\t\t\t\t\t\t<div class=\"elementor-icon-box-content\">\n\n\t\t\t\t\t\t\t\t\t<h3 class=\"elementor-icon-box-title\">\n\t\t\t\t\t\t<span  >\n\t\t\t\t\t\t\tDCRAE - divis\u00e3o de controle dos recursos de apoio ao ensino\t\t\t\t\t\t<\/span>\n\t\t\t\t\t<\/h3>\n\t\t\t\t\n\t\t\t\t\t\t\t\t\t<p class=\"elementor-icon-box-description\">\n\t\t\t\t\t\tA DCRAE atua no planejamento, apoio e acompanhamento dos Projetos e Programas voltados ao ensino da gradua\u00e7\u00e3o.<br>Respons\u00e1vel<br><span style=\"font-weight: 700\">Marcel Amoras<\/span><br><i><u>marcel@unifap.br<\/u><\/i>\t\t\t\t\t<\/p>\n\t\t\t\t\n\t\t\t<\/div>\n\t\t\t\n\t\t<\/div>\n\t\t\t\t\t\t<\/div>\n\t\t\t\t<\/div>\n\t\t\t\t\t<\/div>\n\t\t<\/div>\n\t\t\t\t\t<\/div>\n\t\t<\/section>\n\t\t\t\t<section class=\"elementor-section elementor-top-section elementor-element elementor-element-71586ace elementor-section-boxed elementor-section-height-default elementor-section-height-default\" data-id=\"71586ace\" data-element_type=\"section\" data-e-type=\"section\" data-settings=\"{&quot;background_background&quot;:&quot;classic&quot;}\">\n\t\t\t\t\t\t<div class=\"elementor-container elementor-column-gap-default\">\n\t\t\t\t\t<div class=\"elementor-column elementor-col-100 elementor-top-column elementor-element elementor-element-55d4924e\" data-id=\"55d4924e\" data-element_type=\"column\" data-e-type=\"column\">\n\t\t\t<div class=\"elementor-widget-wrap elementor-element-populated\">\n\t\t\t\t\t\t<div class=\"elementor-element elementor-element-7512c852 elementor-widget elementor-widget-text-editor\" data-id=\"7512c852\" data-element_type=\"widget\" data-e-type=\"widget\" data-widget_type=\"text-editor.default\">\n\t\t\t\t<div class=\"elementor-widget-container\">\n\t\t\t\t\t\t\t\t\t<p><span>Pr\u00f3-Reitoria de Ensino de Gradua\u00e7\u00e3o|Cria\u00e7\u00e3o\/Designer:&nbsp;<\/span><a href=\"https:\/\/www.facebook.com\/NaraCHAMBLAY\" target=\"_blank\" rel=\"noopener\">Nara CHAMBLAY&nbsp;<\/a><span style=\"font-family: Helvetica, Arial, sans-serif;font-size: 13px;text-align: start\">\u00a9 2020<\/span><br><\/p>\t\t\t\t\t\t\t\t<\/div>\n\t\t\t\t<\/div>\n\t\t\t\t<div class=\"elementor-element elementor-element-74ad24a6 elementor-widget elementor-widget-spacer\" data-id=\"74ad24a6\" data-element_type=\"widget\" data-e-type=\"widget\" data-widget_type=\"spacer.default\">\n\t\t\t\t<div class=\"elementor-widget-container\">\n\t\t\t\t\t\t\t<div class=\"elementor-spacer\">\n\t\t\t<div class=\"elementor-spacer-inner\"><\/div>\n\t\t<\/div>\n\t\t\t\t\t\t<\/div>\n\t\t\t\t<\/div>\n\t\t\t\t\t<\/div>\n\t\t<\/div>\n\t\t\t\t\t<\/div>\n\t\t<\/section>\n\t\t\t\t<\/div>\n\t\t","protected":false},"excerpt":{"rendered":"<p>C O E G Coordenadoria de Ensino de Gradua\u00e7\u00e3o Coordenador N\u00e1riton Alberto | naritonprt@bol.com.br https:\/\/www.youtube.com\/watch?v=j3wTQAga67Y PROGRAMA DE GEST\u00c3O COEG lan\u00e7a edital para ades\u00e3o ao Programa de Gest\u00e3o EDITAL N\u00b0 001\/2023 &#8211; COEG O Coordenador de Ensino de Gradua\u00e7\u00e3o, no uso de suas atribui\u00e7\u00f5es, tendo em vista o disposto na Instru\u00e7\u00e3o Normativa SGP-SEGES\/ME N\u00ba 2, de&hellip;<\/p>\n","protected":false},"author":359,"featured_media":0,"parent":0,"menu_order":0,"comment_status":"closed","ping_status":"closed","template":"elementor_canvas","meta":{"inline_featured_image":false,"ngg_post_thumbnail":0,"footnotes":""},"class_list":["post-434","page","type-page","status-publish","hentry"],"_links":{"self":[{"href":"http:\/\/www2.unifap.br\/coeg\/wp-json\/wp\/v2\/pages\/434","targetHints":{"allow":["GET"]}}],"collection":[{"href":"http:\/\/www2.unifap.br\/coeg\/wp-json\/wp\/v2\/pages"}],"about":[{"href":"http:\/\/www2.unifap.br\/coeg\/wp-json\/wp\/v2\/types\/page"}],"author":[{"embeddable":true,"href":"http:\/\/www2.unifap.br\/coeg\/wp-json\/wp\/v2\/users\/359"}],"replies":[{"embeddable":true,"href":"http:\/\/www2.unifap.br\/coeg\/wp-json\/wp\/v2\/comments?post=434"}],"version-history":[{"count":97,"href":"http:\/\/www2.unifap.br\/coeg\/wp-json\/wp\/v2\/pages\/434\/revisions"}],"predecessor-version":[{"id":643,"href":"http:\/\/www2.unifap.br\/coeg\/wp-json\/wp\/v2\/pages\/434\/revisions\/643"}],"wp:attachment":[{"href":"http:\/\/www2.unifap.br\/coeg\/wp-json\/wp\/v2\/media?parent=434"}],"curies":[{"name":"wp","href":"https:\/\/api.w.org\/{rel}","templated":true}]}}