{"id":8156,"date":"2014-10-21T20:37:53","date_gmt":"2014-10-21T20:37:53","guid":{"rendered":"http:\/\/www2.unifap.br\/dex\/?page_id=8156"},"modified":"2023-01-27T13:24:07","modified_gmt":"2023-01-27T13:24:07","slug":"dex","status":"publish","type":"page","link":"http:\/\/www2.unifap.br\/dex\/dex\/","title":{"rendered":"DEX"},"content":{"rendered":"\t\t<div data-elementor-type=\"wp-page\" data-elementor-id=\"8156\" class=\"elementor elementor-8156\">\n\t\t\t\t\t\t<section class=\"elementor-section elementor-top-section elementor-element elementor-element-0723a42 elementor-section-boxed elementor-section-height-default elementor-section-height-default\" data-id=\"0723a42\" data-element_type=\"section\" data-e-type=\"section\" data-settings=\"{&quot;background_background&quot;:&quot;classic&quot;}\">\n\t\t\t\t\t\t\t<div class=\"elementor-background-overlay\"><\/div>\n\t\t\t\t\t\t\t<div class=\"elementor-container elementor-column-gap-default\">\n\t\t\t\t\t<div class=\"elementor-column elementor-col-33 elementor-top-column elementor-element elementor-element-f83fde1\" data-id=\"f83fde1\" data-element_type=\"column\" data-e-type=\"column\" data-settings=\"{&quot;background_background&quot;:&quot;classic&quot;}\">\n\t\t\t<div class=\"elementor-widget-wrap\">\n\t\t\t\t\t\t\t<\/div>\n\t\t<\/div>\n\t\t\t\t<div class=\"elementor-column elementor-col-66 elementor-top-column elementor-element elementor-element-f042f01\" data-id=\"f042f01\" data-element_type=\"column\" data-e-type=\"column\">\n\t\t\t<div class=\"elementor-widget-wrap elementor-element-populated\">\n\t\t\t\t\t\t<div class=\"elementor-element elementor-element-e9230fc elementor-widget elementor-widget-heading\" data-id=\"e9230fc\" data-element_type=\"widget\" data-e-type=\"widget\" data-widget_type=\"heading.default\">\n\t\t\t\t<div class=\"elementor-widget-container\">\n\t\t\t\t\t<h2 class=\"elementor-heading-title elementor-size-large\">DEPARTAMENTO DE EXTENS\u00c3O<\/h2>\t\t\t\t<\/div>\n\t\t\t\t<\/div>\n\t\t\t\t<div class=\"elementor-element elementor-element-b5e4d75 elementor-widget elementor-widget-text-editor\" data-id=\"b5e4d75\" data-element_type=\"widget\" data-e-type=\"widget\" data-widget_type=\"text-editor.default\">\n\t\t\t\t<div class=\"elementor-widget-container\">\n\t\t\t\t\t\t\t\t\t<p><strong>Dex est\u00e1 em pleno funcionamento desde o ano de 2005, e \u00e9 vinculado \u00e0 Pr\u00f3-Reitoria de Extens\u00e3o e A\u00e7\u00f5es Comunit\u00e1rias \u2013 PROEAC<\/strong><\/p>\t\t\t\t\t\t\t\t<\/div>\n\t\t\t\t<\/div>\n\t\t\t\t<div class=\"elementor-element elementor-element-05a758b elementor-align-left elementor-widget elementor-widget-button\" data-id=\"05a758b\" data-element_type=\"widget\" data-e-type=\"widget\" data-widget_type=\"button.default\">\n\t\t\t\t<div class=\"elementor-widget-container\">\n\t\t\t\t\t\t\t\t\t<div class=\"elementor-button-wrapper\">\n\t\t\t\t\t<a class=\"elementor-button elementor-button-link elementor-size-sm\" href=\"https:\/\/www2.unifap.br\/dex\/dex\/\">\n\t\t\t\t\t\t<span class=\"elementor-button-content-wrapper\">\n\t\t\t\t\t\t\t\t\t<span class=\"elementor-button-text\">Saiba mais...<\/span>\n\t\t\t\t\t<\/span>\n\t\t\t\t\t<\/a>\n\t\t\t\t<\/div>\n\t\t\t\t\t\t\t\t<\/div>\n\t\t\t\t<\/div>\n\t\t\t\t\t<\/div>\n\t\t<\/div>\n\t\t\t\t\t<\/div>\n\t\t<\/section>\n\t\t\t\t<section class=\"elementor-section elementor-top-section elementor-element elementor-element-426ca0ba elementor-section-content-middle elementor-section-boxed elementor-section-height-default elementor-section-height-default\" data-id=\"426ca0ba\" data-element_type=\"section\" data-e-type=\"section\">\n\t\t\t\t\t\t\t<div class=\"elementor-background-overlay\"><\/div>\n\t\t\t\t\t\t\t<div class=\"elementor-container elementor-column-gap-no\">\n\t\t\t\t\t<div class=\"elementor-column elementor-col-100 elementor-top-column elementor-element elementor-element-125fefa9\" data-id=\"125fefa9\" data-element_type=\"column\" data-e-type=\"column\">\n\t\t\t<div class=\"elementor-widget-wrap elementor-element-populated\">\n\t\t\t\t\t\t<div class=\"elementor-element elementor-element-86d9f87 elementor-widget elementor-widget-icon-box\" data-id=\"86d9f87\" data-element_type=\"widget\" data-e-type=\"widget\" data-widget_type=\"icon-box.default\">\n\t\t\t\t<div class=\"elementor-widget-container\">\n\t\t\t\t\t\t\t<div class=\"elementor-icon-box-wrapper\">\n\n\t\t\t\n\t\t\t\t\t\t<div class=\"elementor-icon-box-content\">\n\n\t\t\t\t\t\t\t\t\t<h4 class=\"elementor-icon-box-title\">\n\t\t\t\t\t\t<span  >\n\t\t\t\t\t\t\tPROEAC\/DEX\t\t\t\t\t\t<\/span>\n\t\t\t\t\t<\/h4>\n\t\t\t\t\n\t\t\t\t\t\t\t\t\t<p class=\"elementor-icon-box-description\">\n\t\t\t\t\t\tDEPARTAMENTO DE EXTENS\u00c3O\t\t\t\t\t<\/p>\n\t\t\t\t\n\t\t\t<\/div>\n\t\t\t\n\t\t<\/div>\n\t\t\t\t\t\t<\/div>\n\t\t\t\t<\/div>\n\t\t\t\t<div class=\"elementor-element elementor-element-9f3e689 elementor-widget elementor-widget-text-editor\" data-id=\"9f3e689\" data-element_type=\"widget\" data-e-type=\"widget\" data-widget_type=\"text-editor.default\">\n\t\t\t\t<div class=\"elementor-widget-container\">\n\t\t\t\t\t\t\t\t\t<p style=\"font-family: Roboto, sans-serif;font-size: 14px;font-style: normal;font-weight: 400;color: #7a7a7a;text-align: justify\"><span style=\"font-size: 14px;color: #000000\">O Departamento de Extens\u00e3o &#8211; DEx est\u00e1 em pleno funcionamento desde o ano de 2005, e \u00e9 vinculado \u00e0 Pr\u00f3-Reitoria de Extens\u00e3o e A\u00e7\u00f5es Comunit\u00e1rias &#8211; PROEAC.\u00a0Conforme o Regimento Geral da UNIFAP, a ele compete:<\/span><\/p><p style=\"font-family: Roboto, sans-serif;font-size: 14px;font-style: normal;font-weight: 400;color: #7a7a7a;text-align: start\"><span style=\"font-size: 14px;color: #000000\">I \u2013 Estabelecer pol\u00edticas, programas e metas de extens\u00e3o, baseados nas propostas\u00a0oriundas dos Colegiados de Cursos;<\/span><br \/><span style=\"font-size: 14px;color: #000000\">II &#8211; Elaborar seu plano de extens\u00e3o, atrav\u00e9s de sistematiza\u00e7\u00e3o dos planos\u00a0encaminhados pelos colegiados dos cursos, atendendo ao calend\u00e1rio do departamento;<\/span><br \/><span style=\"font-size: 14px;color: #000000\">III \u2013 Elaborar o relat\u00f3rio anual de extens\u00e3o;<\/span><br \/><span style=\"font-size: 14px;color: #000000\">IV &#8211; Manter a academia e demais inst\u00e2ncias informadas sobre o andamento das\u00a0atividades de extens\u00e3o;<\/span><br \/><span style=\"font-size: 14px;color: #000000\">V &#8211; Realizar a gest\u00e3o interna e externa na busca dos meios para viabilizar as\u00a0propostas aprovadas;<\/span><br \/><span style=\"font-size: 14px;color: #000000\">VI &#8211; Executar, junto aos \u00f3rg\u00e3os e departamentos envolvidos, as a\u00e7\u00f5es necess\u00e1rias\u00a0para a realiza\u00e7\u00e3o do programa de extens\u00e3o da UNIFAP;<\/span><br \/><span style=\"font-size: 14px;color: #000000\">VII \u2013 Oficializar junto \u00e0 Coordenadoria de Ensino de Gradua\u00e7\u00e3o a carga hor\u00e1ria\u00a0destinada \u00e0s atividades de extens\u00e3o aprovadas pelos colegiados e departamento;<\/span><br \/><span style=\"font-size: 14px;color: #000000\">VIII &#8211; Homologar o relat\u00f3rio anual das atividades de extens\u00e3o do departamento,\u00a0encaminhando-o \u00e0 PROEAC;<\/span><br \/><span style=\"font-size: 14px;color: #000000\">IX &#8211; Proceder a avalia\u00e7\u00e3o global das atividades de extens\u00e3o dos colegiados dos\u00a0cursos.<\/span><\/p><p style=\"font-family: Roboto, sans-serif;font-size: 14px;font-style: normal;font-weight: 400;color: #7a7a7a;text-align: start\"><span style=\"font-size: 14px;color: #000000\">Considerando o Art. 3\u00ba da Resolu\u00e7\u00e3o n\u00ba 7, de 18 de dezembro de 2018 do Conselho Nacional de Educa\u00e7\u00e3o, as a\u00e7\u00f5es deste departamento s\u00e3o norteadas pelo conceito de\u00a0Extens\u00e3o Universit\u00e1ria como<em style=\"font-size: 14px\">\u00a0&#8220;atividade que se integra \u00e0 matriz curricular e \u00e0 organiza\u00e7\u00e3o da pesquisa, constituindo-se em processo interdisciplinar, pol\u00edtico educacional, cultural, cient\u00edfico, tecnol\u00f3gico, que promove a intera\u00e7\u00e3o transformadora entre as institui\u00e7\u00f5es de ensino superior e os outros setores da sociedade, por meio da produ\u00e7\u00e3o e da aplica\u00e7\u00e3o do conhecimento, em articula\u00e7\u00e3o permanente com o ensino e a pesquisa&#8221;.<\/em><\/span><\/p><p style=\"font-family: Roboto, sans-serif;font-size: 14px;font-style: normal;font-weight: 400;color: #7a7a7a;text-align: justify\"><span style=\"line-height: 1.5em;font-size: 14px;color: #000000\">Assim, o DEx\/PROEAC realiza suas a\u00e7\u00f5es com o intuito de viabilizar transforma\u00e7\u00f5es sociais numa rela\u00e7\u00e3o dial\u00f3gica entre os diversos saberes, promovendo a inser\u00e7\u00e3o e o envolvimento de professores, estudantes e t\u00e9cnicos-administrativos junto \u00e0s comunidades do Estado do Amap\u00e1.<\/span><\/p>\t\t\t\t\t\t\t\t<\/div>\n\t\t\t\t<\/div>\n\t\t\t\t\t<\/div>\n\t\t<\/div>\n\t\t\t\t\t<\/div>\n\t\t<\/section>\n\t\t\t\t<section class=\"elementor-section elementor-top-section elementor-element elementor-element-4d3f0a7 elementor-section-boxed elementor-section-height-default elementor-section-height-default\" data-id=\"4d3f0a7\" data-element_type=\"section\" data-e-type=\"section\" data-settings=\"{&quot;background_background&quot;:&quot;classic&quot;}\">\n\t\t\t\t\t\t\t<div class=\"elementor-background-overlay\"><\/div>\n\t\t\t\t\t\t\t<div class=\"elementor-container elementor-column-gap-default\">\n\t\t\t\t\t<div class=\"elementor-column elementor-col-33 elementor-top-column elementor-element elementor-element-a3326ba\" data-id=\"a3326ba\" data-element_type=\"column\" data-e-type=\"column\" data-settings=\"{&quot;background_background&quot;:&quot;classic&quot;}\">\n\t\t\t<div class=\"elementor-widget-wrap\">\n\t\t\t\t\t\t\t<\/div>\n\t\t<\/div>\n\t\t\t\t<div class=\"elementor-column elementor-col-66 elementor-top-column elementor-element elementor-element-c77ae25\" data-id=\"c77ae25\" data-element_type=\"column\" data-e-type=\"column\">\n\t\t\t<div class=\"elementor-widget-wrap elementor-element-populated\">\n\t\t\t\t\t\t<div class=\"elementor-element elementor-element-b5e6eba elementor-widget elementor-widget-heading\" data-id=\"b5e6eba\" data-element_type=\"widget\" data-e-type=\"widget\" data-widget_type=\"heading.default\">\n\t\t\t\t<div class=\"elementor-widget-container\">\n\t\t\t\t\t<h2 class=\"elementor-heading-title elementor-size-large\">DEPARTAMENTO DE EXTENS\u00c3O<\/h2>\t\t\t\t<\/div>\n\t\t\t\t<\/div>\n\t\t\t\t<div class=\"elementor-element elementor-element-ab40edb elementor-widget elementor-widget-text-editor\" data-id=\"ab40edb\" data-element_type=\"widget\" data-e-type=\"widget\" data-widget_type=\"text-editor.default\">\n\t\t\t\t<div class=\"elementor-widget-container\">\n\t\t\t\t\t\t\t\t\t<p><strong>Dex est\u00e1 em pleno funcionamento desde o ano de 2005, e \u00e9 vinculado \u00e0 Pr\u00f3-Reitoria de Extens\u00e3o e A\u00e7\u00f5es Comunit\u00e1rias \u2013 PROEAC<\/strong><\/p>\t\t\t\t\t\t\t\t<\/div>\n\t\t\t\t<\/div>\n\t\t\t\t<div class=\"elementor-element elementor-element-e5b483f elementor-align-left elementor-widget elementor-widget-button\" data-id=\"e5b483f\" data-element_type=\"widget\" data-e-type=\"widget\" data-widget_type=\"button.default\">\n\t\t\t\t<div class=\"elementor-widget-container\">\n\t\t\t\t\t\t\t\t\t<div class=\"elementor-button-wrapper\">\n\t\t\t\t\t<a class=\"elementor-button elementor-button-link elementor-size-sm\" href=\"https:\/\/www2.unifap.br\/dex\/dex\/\">\n\t\t\t\t\t\t<span class=\"elementor-button-content-wrapper\">\n\t\t\t\t\t\t\t\t\t<span class=\"elementor-button-text\">Saiba mais...<\/span>\n\t\t\t\t\t<\/span>\n\t\t\t\t\t<\/a>\n\t\t\t\t<\/div>\n\t\t\t\t\t\t\t\t<\/div>\n\t\t\t\t<\/div>\n\t\t\t\t\t<\/div>\n\t\t<\/div>\n\t\t\t\t\t<\/div>\n\t\t<\/section>\n\t\t\t\t<\/div>\n\t\t","protected":false},"excerpt":{"rendered":"<p>DEPARTAMENTO DE EXTENS\u00c3O Dex est\u00e1 em pleno funcionamento desde o ano de 2005, e \u00e9 vinculado \u00e0 Pr\u00f3-Reitoria de Extens\u00e3o e A\u00e7\u00f5es Comunit\u00e1rias \u2013 PROEAC Saiba mais&#8230; PROEAC\/DEX DEPARTAMENTO DE EXTENS\u00c3O O Departamento de Extens\u00e3o &#8211; DEx est\u00e1 em pleno funcionamento desde o ano de 2005, e \u00e9 vinculado \u00e0 Pr\u00f3-Reitoria de Extens\u00e3o e A\u00e7\u00f5es&#8230;<\/p>\n","protected":false},"author":77,"featured_media":0,"parent":0,"menu_order":1,"comment_status":"closed","ping_status":"open","template":"","meta":{"inline_featured_image":false,"ngg_post_thumbnail":0,"footnotes":""},"class_list":["post-8156","page","type-page","status-publish","hentry","entry"],"_links":{"self":[{"href":"http:\/\/www2.unifap.br\/dex\/wp-json\/wp\/v2\/pages\/8156","targetHints":{"allow":["GET"]}}],"collection":[{"href":"http:\/\/www2.unifap.br\/dex\/wp-json\/wp\/v2\/pages"}],"about":[{"href":"http:\/\/www2.unifap.br\/dex\/wp-json\/wp\/v2\/types\/page"}],"author":[{"embeddable":true,"href":"http:\/\/www2.unifap.br\/dex\/wp-json\/wp\/v2\/users\/77"}],"replies":[{"embeddable":true,"href":"http:\/\/www2.unifap.br\/dex\/wp-json\/wp\/v2\/comments?post=8156"}],"version-history":[{"count":47,"href":"http:\/\/www2.unifap.br\/dex\/wp-json\/wp\/v2\/pages\/8156\/revisions"}],"predecessor-version":[{"id":14676,"href":"http:\/\/www2.unifap.br\/dex\/wp-json\/wp\/v2\/pages\/8156\/revisions\/14676"}],"wp:attachment":[{"href":"http:\/\/www2.unifap.br\/dex\/wp-json\/wp\/v2\/media?parent=8156"}],"curies":[{"name":"wp","href":"https:\/\/api.w.org\/{rel}","templated":true}]}}