{"id":16629,"date":"2016-10-07T14:41:20","date_gmt":"2016-10-07T17:41:20","guid":{"rendered":"http:\/\/www2.unifap.br\/ead\/?page_id=16629"},"modified":"2016-12-01T16:39:46","modified_gmt":"2016-12-01T19:39:46","slug":"bacharelado-em-administracao-publica","status":"publish","type":"page","link":"http:\/\/www2.unifap.br\/ead\/bacharelado-em-administracao-publica\/","title":{"rendered":"BACHARELADO EM ADMINISTRA\u00c7\u00c3O P\u00daBLICA"},"content":{"rendered":"<p style=\"text-align: center\"><strong><\/strong><strong>COORDENA\u00c7\u00c3O DO CURSO DE BACHARELADO EM ADMINISTRA\u00c7\u00c3O P\u00daBLICA<\/strong><br \/>\n<strong>PROCESSO SELETIVO SIMPLIFICADO \u2013 VESTIBULAR EAD 2016<\/strong><\/p>\n<p style=\"text-align: justify\"><span style=\"font-size: medium\">A Reitora da Universidade Federal do Amap\u00e1 (UNIFAP), no uso de suas atribui\u00e7\u00f5es regimentais, atrav\u00e9s do Departamento de Educa\u00e7\u00e3o a Distancia (DEAD) torna p\u00fablico o Edital de Abertura para Inscri\u00e7\u00f5es no Processo Seletivo Simplificado \u2013 Vestibular EAD 2016, para ingresso ao Ensino Superior, modalidade \u201cEduca\u00e7\u00e3o a Dist\u00e2ncia\u201d, visando o preenchimento de vagas destinadas ao curso de Bacharelado em Administra\u00e7\u00e3o P\u00fablica, no Polo Vit\u00f3ria do Jar\u00ed de acordo com o UAB\/CAPES\/MEC Sistema Universidade Aberta do Brasil e considerando a Resolu\u00e7\u00e3o n\u00ba 027, de 28 de setembro de 2006 e Resolu\u00e7\u00e3o n\u00ba 015, de 28 de setembro de 2009 do Conselho Universit\u00e1rio (CONSU) da Universidade Federal do Amap\u00e1.<\/span><\/p>\n<ul>\n<li><span style=\"color: #000080\">&#8211; <strong><span style=\"color: #ff0000\">(NOVO) <\/span><\/strong> <strong><a href=\"http:\/\/www2.unifap.br\/ead\/files\/2016\/12\/COMUNICADO.pdf\">COMUNICADO<\/a> <\/strong><span style=\"color: #0000ff\"><strong><span style=\"color: #ff0000\">(01\/12\/2016)<\/span><\/strong><\/span><\/span><\/li>\n<li><span style=\"color: #000080\">&#8211; <strong><\/strong> <strong><a href=\"http:\/\/www2.unifap.br\/ead\/files\/2016\/11\/EDITAL-N\u00ba-028-2016-PS-EAD-2016-ADM-PUBLICA-VITORIA-DO-JARI-2\u00aa-CHAMADA.pdf\">2\u00aa CHAMADA PARA MATR\u00cdCULA<\/a> <\/strong><span style=\"color: #0000ff\"><strong>(28\/11\/2016)<\/strong><\/span><\/span><\/li>\n<li><span style=\"color: #000080\">&#8211; <span style=\"color: #0000ff\">\u00a0<\/span><strong><span style=\"color: #0000ff\"><a href=\"http:\/\/www2.unifap.br\/ead\/files\/2016\/10\/CONVOCA\u00c7\u00c3O-PARA-MATR\u00cdCULA.pdf\"><span style=\"color: #0000ff\">CONVOCA\u00c7\u00c3O PARA MATR\u00cdCULA<\/span><\/a><\/span>\u00a0<\/strong><span style=\"color: #0000ff\"><strong>(21\/11\/2016)<\/strong><\/span><\/span><\/li>\n<li><span style=\"color: #000080\">&#8211; <b>RESULTADO DO PROCESSO SELETIVO (19\/11\/2016)<\/b><\/span><\/li>\n<\/ul>\n<p><span style=\"color: #000080\"><strong>\u00a0 \u00a0 \u00a0 \u00a0 \u00a0 \u00a0 \u00a0 \u00a0 \u00a0 <a href=\"http:\/\/www2.unifap.br\/ead\/files\/2016\/10\/RESULTADO-GRUPO-01.pdf\"><span style=\"color: #000080\">RESULTADO &#8211; GRUPO 01<\/span><\/a><\/strong><\/span><br \/>\n<span style=\"color: #000080\"> <strong>\u00a0 \u00a0 \u00a0 \u00a0 \u00a0 \u00a0 \u00a0 \u00a0 \u00a0\u00a0<a href=\"http:\/\/www2.unifap.br\/ead\/files\/2016\/10\/RESULTADO-GRUPO-02.pdf\"><span style=\"color: #000080\">RESULTADO &#8211; GRUPO 02<\/span><\/a><\/strong><\/span><br \/>\n<span style=\"color: #000080\"> <strong>\u00a0 \u00a0 \u00a0 \u00a0 \u00a0 \u00a0 \u00a0 \u00a0 \u00a0\u00a0<a href=\"http:\/\/www2.unifap.br\/ead\/files\/2016\/10\/RESULTADO-GRUPO-03.pdf\"><span style=\"color: #000080\">RESULTADO &#8211; GRUPO 03<\/span><\/a><\/strong><\/span><br \/>\n<span style=\"color: #000080\"> <strong>\u00a0 \u00a0 \u00a0 \u00a0 \u00a0 \u00a0 \u00a0 \u00a0 \u00a0 <a href=\"http:\/\/www2.unifap.br\/ead\/files\/2016\/10\/RESULTADO-GRUPO-04.pdf\"><span style=\"color: #000080\">RESULTADO &#8211; GRUPO 04<\/span><\/a><\/strong><\/span><\/p>\n<ul>\n<li><span style=\"color: #000080\">&#8211;<strong> <a href=\"http:\/\/www2.unifap.br\/ead\/files\/2016\/11\/GABARITO-definitivo.pdf\"><span style=\"color: #000080\">GABARITO DEFINITIVO<\/span><\/a> (18\/11\/2016)<\/strong><\/span><\/li>\n<li><span style=\"color: #000080\">&#8211;<strong>\u00a0<a href=\"http:\/\/www2.unifap.br\/ead\/files\/2016\/11\/Resposta-dos-Recursos-Gabarito-Provis\u00f3rio.pdf\"><span style=\"color: #000080\">RESULTADO DOS RECURSOS<\/span><\/a> (18\/11\/2016)<\/strong><\/span><\/li>\n<li><span style=\"color: #000080\"> &#8211;<strong> <a href=\"http:\/\/www2.unifap.br\/ead\/files\/2016\/11\/GABARITO-PROVIS\u00d3RIO.pdf\"><span style=\"color: #000080\">GABARITO PROVIS\u00d3RIO<\/span><\/a> (14\/11\/2016)<\/strong><\/span><\/li>\n<li><span style=\"color: #000080\"> &#8211;<strong> <a href=\"http:\/\/www2.unifap.br\/ead\/files\/2016\/11\/PROVA-VITORIA-DO-JARI22.pdf\"><span style=\"color: #000080\">PROVA &#8211; VITORIA DO JARI<\/span><\/a> (14\/11\/2016)<\/strong><\/span><\/li>\n<li><span style=\"color: #000080\"> &#8211;<strong> <a href=\"http:\/\/www2.unifap.br\/ead\/files\/2016\/10\/COMUNICADO.pdf\"><span style=\"color: #000080\">COMUNICADO<\/span><\/a>\u00a0(09\/11\/2016)<\/strong><\/span><\/li>\n<li><span style=\"color: #000080\">&#8211;\u00a0<strong><\/strong><strong>\u00a0<strong><a href=\"http:\/\/www2.unifap.br\/ead\/files\/2016\/10\/Locais-de-Prova-Vestibular-EAD-20161.pdf\"><span style=\"color: #000080\">RETIFICA\u00c7\u00c3O DO LOCAL DE PROVA<\/span><\/a>\u00a0<\/strong>(09\/11\/2016)<\/strong><\/span><\/li>\n<li><span style=\"color: #000080\">&#8211;<strong> LOCAIS DE PROVA (08\/11\/2016)<\/strong><\/span><\/li>\n<li><span style=\"color: #000080\">&#8211;<strong>\u00a0<a href=\"http:\/\/www2.unifap.br\/ead\/files\/2016\/10\/edital-Administracao-publica-vitoria-do-jari-AP.pdf\"><span style=\"color: #000080\">EDITAL<\/span><\/a>\u00a0(11\/10\/2016<\/strong><strong><\/strong><strong>)<\/strong><\/span><\/li>\n<\/ul>\n","protected":false},"excerpt":{"rendered":"<p>COORDENA\u00c7\u00c3O DO CURSO DE BACHARELADO EM ADMINISTRA\u00c7\u00c3O P\u00daBLICA PROCESSO SELETIVO SIMPLIFICADO \u2013 VESTIBULAR EAD 2016 A Reitora da Universidade Federal do Amap\u00e1 (UNIFAP), no uso de suas atribui\u00e7\u00f5es regimentais, atrav\u00e9s&#8230;<\/p>\n","protected":false},"author":435,"featured_media":0,"parent":0,"menu_order":0,"comment_status":"closed","ping_status":"closed","template":"","meta":{"inline_featured_image":false,"ngg_post_thumbnail":0,"footnotes":""},"class_list":["post-16629","page","type-page","status-publish","hentry","entry"],"_links":{"self":[{"href":"http:\/\/www2.unifap.br\/ead\/wp-json\/wp\/v2\/pages\/16629","targetHints":{"allow":["GET"]}}],"collection":[{"href":"http:\/\/www2.unifap.br\/ead\/wp-json\/wp\/v2\/pages"}],"about":[{"href":"http:\/\/www2.unifap.br\/ead\/wp-json\/wp\/v2\/types\/page"}],"author":[{"embeddable":true,"href":"http:\/\/www2.unifap.br\/ead\/wp-json\/wp\/v2\/users\/435"}],"replies":[{"embeddable":true,"href":"http:\/\/www2.unifap.br\/ead\/wp-json\/wp\/v2\/comments?post=16629"}],"version-history":[{"count":41,"href":"http:\/\/www2.unifap.br\/ead\/wp-json\/wp\/v2\/pages\/16629\/revisions"}],"predecessor-version":[{"id":16641,"href":"http:\/\/www2.unifap.br\/ead\/wp-json\/wp\/v2\/pages\/16629\/revisions\/16641"}],"wp:attachment":[{"href":"http:\/\/www2.unifap.br\/ead\/wp-json\/wp\/v2\/media?parent=16629"}],"curies":[{"name":"wp","href":"https:\/\/api.w.org\/{rel}","templated":true}]}}