{"id":17937,"date":"2018-03-23T17:03:52","date_gmt":"2018-03-23T20:03:52","guid":{"rendered":"http:\/\/www2.unifap.br\/ead\/?page_id=17937"},"modified":"2018-12-07T15:09:47","modified_gmt":"2018-12-07T18:09:47","slug":"chamada-externa-tutor-presencial-do-curso-de-matematica","status":"publish","type":"page","link":"http:\/\/www2.unifap.br\/ead\/chamada-externa-tutor-presencial-do-curso-de-matematica\/","title":{"rendered":"Chamada para Tutor do curso de Matem\u00e1tica (Polos: Santana e Vit\u00f3ria do Jari)"},"content":{"rendered":"<p align=\"center\"><b>Chamada interna e externa para Tutor do curso de Licenciatura plena em Matem\u00e1tica \u2013 modalidade \u00e0 dist\u00e2ncia \u2013 Polos de Santana e Vit\u00f3ria do Jari \u2013 AP<\/b><\/p>\n<p style=\"text-align: justify\">A Pr\u00f3-Reitoria de Ensino e Gradua\u00e7\u00e3o \u2013 PROGRAD, atrav\u00e9s do Departamento de Educa\u00e7\u00e3o \u00e0 Dist\u00e2ncia, no uso de suas atribui\u00e7\u00f5es legais e estatut\u00e1rias que o cargo lhe confere de acordo com o que disp\u00f5e o artigo 43, o inciso II do artigo 44, combinado com os artigos 51, 53, e 54 da Lei 9.394, de 20 de dezembro de 1996, que estabelece as<br \/>\ndiretrizes e Bases da Educa\u00e7\u00e3o Nacional em parceria com Sistema Universidade Aberta do Brasil \u2013 UAB e conforme portaria CAPES de 23 de janeiro de 2017 e demais normas estabelecidas nesta chamada e quaisquer outras aplic\u00e1veis, torna p\u00fablica, pela presente Chamada interna e externa, as normas para vagas existentes de tutores nas modalidades presencial e a dist\u00e2ncia, para o provimento de vagas existentes para o Curso de Licenciatura em Matem\u00e1tica, modalidade \u00e0 dist\u00e2ncia, Polos de Santana e Vit\u00f3ria do Jari &#8211; AP.<\/p>\n<ul>\n<li>\n<h3><strong><a href=\"http:\/\/www2.unifap.br\/ead\/files\/2018\/03\/prorroga\u00e7\u00e3o.pdf\">Prorroga\u00e7\u00e3o de chamada <span style=\"color: #ff0000\">(NOVO 07.12.2018)<\/span><\/a><\/strong><\/h3>\n<\/li>\n<li>\n<h3><strong><a href=\"http:\/\/www2.unifap.br\/ead\/files\/2018\/03\/CONVOCA\u00c7\u00c3O-TUTORIA-A-DIST\u00c2NCIA-MATEM\u00c1TICA-02.pdf\">CHAMADA 02 <span style=\"color: #ff0000\">18.09.2018 (NOVO)<\/span><\/a><\/strong><\/h3>\n<\/li>\n<li>\n<h3><strong>Chamada &#8211; <span style=\"color: #888888\">24.05.2018\u00a0<\/span><\/strong><\/h3>\n<\/li>\n<li>\n<h3><strong><a href=\"http:\/\/www2.unifap.br\/ead\/files\/2018\/03\/Resultado-Definitivo.pdf\">Resultado Definitivo<\/a>\u00a0&#8211;\u00a0<span style=\"color: #888888\">15.05.2018\u00a0<\/span><\/strong><\/h3>\n<\/li>\n<li>\n<h3><strong><a href=\"http:\/\/www2.unifap.br\/ead\/files\/2018\/03\/Resultado-Provis\u00f3rio-MATEM\u00c1TICA.pdf\">Resultado Provis\u00f3rio &#8211; MATEM\u00c1TICA<\/a>\u00a0&#8211;<span style=\"color: #888888\"> 11.05.2018\u00a0<\/span><\/strong><\/h3>\n<\/li>\n<li>\n<h3><strong><a href=\"http:\/\/www2.unifap.br\/ead\/files\/2018\/03\/Local-e-data-de-entrevista-matem\u00e1tica.pdf\">LOCAL E DATA DE ENTREVISTA &#8211; <span style=\"color: #888888\">09.05.2018<\/span> <span style=\"color: #ff0000\"><br \/>\n<\/span><\/a><\/strong><\/h3>\n<\/li>\n<li>\n<h3><strong><a href=\"http:\/\/www2.unifap.br\/ead\/files\/2018\/03\/resultado-provis\u00f3rio-matem\u00e1tica.pdf\">RESULTADO DA CARTA DE INTEN\u00c7\u00c3O<\/a>\u00a0&#8211; 18.04.2018 <span style=\"color: #ff0000\"><br \/>\n<\/span><\/strong><\/h3>\n<\/li>\n<li>\n<h3><strong><a href=\"http:\/\/www2.unifap.br\/ead\/files\/2018\/03\/RESULTADO-DAS-INSCRI\u00c7\u00d5ES-\u2013-Tutor-Matem\u00e1tica-RETIFICA\u00c7\u00c3O1.pdf\">RESULTADO DA INSCRI\u00c7\u00c3O &#8211; RETIFICA\u00c7\u00c3O<\/a>\u00a0&#8211; 11.04.2018 <span style=\"color: #ff0000\"><br \/>\n<\/span><\/strong><\/h3>\n<\/li>\n<li>\n<h3><strong>RESULTADO\u00a0&#8211; 04.03.2018<\/strong><\/h3>\n<\/li>\n<li>\n<h3><strong><a href=\"http:\/\/www2.unifap.br\/ead\/files\/2018\/03\/Anexo_I-RETIFICA\u00c7\u00c3O.pdf\">Anexo I &#8211; RETIFICA\u00c7\u00c3O<\/a>\u00a0&#8211; 04.03.2018 <\/strong><strong><br \/>\n<\/strong><\/h3>\n<\/li>\n<li>\n<h3><strong>Edital:\u00a0<a href=\"http:\/\/www2.unifap.br\/ead\/files\/2018\/03\/CHAMADA_TUTOR.pdf\">CHAMADA_TUTOR<\/a>\u00a0&#8211; 23.03.2018 <span style=\"color: #ff0000\"><br \/>\n<\/span><\/strong><\/h3>\n<\/li>\n<li>\n<h3><strong><a href=\"http:\/\/www2.unifap.br\/ead\/files\/2018\/03\/Anexo_I.pdf\">Anexo_I<\/a>\u00a0<\/strong><strong>&#8211; 23.03.2018\u00a0<span style=\"color: #ff0000\"><br \/>\n<\/span><\/strong><\/h3>\n<\/li>\n<li>\n<h3><strong><a href=\"http:\/\/www2.unifap.br\/ead\/files\/2018\/03\/Anexo_II.pdf\">Anexo_II<\/a>\u00a0<\/strong><strong><strong>&#8211; 23.03.2018\u00a0<span style=\"color: #ff0000\"><br \/>\n<\/span><\/strong><\/strong><\/h3>\n<\/li>\n<li>\n<h3><strong><a href=\"http:\/\/www2.unifap.br\/ead\/files\/2018\/03\/Anexo_III.pdf\">Anexo III<\/a>\u00a0<strong>&#8211; 23.03.2018<span style=\"color: #ff0000\"><br \/>\n<\/span><\/strong><\/strong><\/h3>\n<\/li>\n<\/ul>\n","protected":false},"excerpt":{"rendered":"<p>Chamada interna e externa para Tutor do curso de Licenciatura plena em Matem\u00e1tica \u2013 modalidade \u00e0 dist\u00e2ncia \u2013 Polos de Santana e Vit\u00f3ria do Jari \u2013 AP A Pr\u00f3-Reitoria de&#8230;<\/p>\n","protected":false},"author":812,"featured_media":0,"parent":0,"menu_order":0,"comment_status":"closed","ping_status":"closed","template":"","meta":{"inline_featured_image":false,"ngg_post_thumbnail":0,"footnotes":""},"class_list":["post-17937","page","type-page","status-publish","hentry","entry"],"_links":{"self":[{"href":"http:\/\/www2.unifap.br\/ead\/wp-json\/wp\/v2\/pages\/17937","targetHints":{"allow":["GET"]}}],"collection":[{"href":"http:\/\/www2.unifap.br\/ead\/wp-json\/wp\/v2\/pages"}],"about":[{"href":"http:\/\/www2.unifap.br\/ead\/wp-json\/wp\/v2\/types\/page"}],"author":[{"embeddable":true,"href":"http:\/\/www2.unifap.br\/ead\/wp-json\/wp\/v2\/users\/812"}],"replies":[{"embeddable":true,"href":"http:\/\/www2.unifap.br\/ead\/wp-json\/wp\/v2\/comments?post=17937"}],"version-history":[{"count":30,"href":"http:\/\/www2.unifap.br\/ead\/wp-json\/wp\/v2\/pages\/17937\/revisions"}],"predecessor-version":[{"id":18924,"href":"http:\/\/www2.unifap.br\/ead\/wp-json\/wp\/v2\/pages\/17937\/revisions\/18924"}],"wp:attachment":[{"href":"http:\/\/www2.unifap.br\/ead\/wp-json\/wp\/v2\/media?parent=17937"}],"curies":[{"name":"wp","href":"https:\/\/api.w.org\/{rel}","templated":true}]}}