{"id":1220,"date":"2019-09-27T16:12:29","date_gmt":"2019-09-27T16:12:29","guid":{"rendered":"http:\/\/www2.unifap.br\/proap\/?page_id=1220"},"modified":"2024-06-10T19:10:58","modified_gmt":"2024-06-10T19:10:58","slug":"quem-somos","status":"publish","type":"page","link":"http:\/\/www2.unifap.br\/proap\/proad\/quem-somos\/","title":{"rendered":"APRESENTA\u00c7\u00c3O"},"content":{"rendered":"<p><span style=\"color: #000000\">A Pr\u00f3-Reitoria de Administra\u00e7\u00e3o &#8211; PROAD congrega os \u00f3rg\u00e3os de apoio \u00e0 administra\u00e7\u00e3o, cabendo prestar suporte t\u00e9cnico a todos os \u00f3rg\u00e3os da UNIFAP na an\u00e1lise da correspondente realidade externa, na defini\u00e7\u00e3o de seus objetivos e metas, na elabora\u00e7\u00e3o de seus planos de atividades, bem como no acompanhamento e controle dessas atividades, com vistas a sua progressiva melhoria e eventual&nbsp; redirecionamento.<\/span><\/p>\n<p><span style=\"color: #000000\">\u00c0 Pr\u00f3-Reitoria de Administra\u00e7\u00e3o, compete:<\/span><\/p>\n<ul>\n<li style=\"list-style-type: none\">\n<ul>\n<li>Definir a pol\u00edtica de Administra\u00e7\u00e3o e Planejamento da Universidade;<\/li>\n<li>Colaborar com o planejamento global da Institui\u00e7\u00e3o, com base nos planos setoriais e nas informa\u00e7\u00f5es&nbsp;gerenciais e acad\u00eamicas;<\/li>\n<li>Articular com a Reitoria e demais \u00f3rg\u00e3os da institui\u00e7\u00e3o para melhor defini\u00e7\u00e3o das a\u00e7\u00f5es priorit\u00e1rias;<\/li>\n<li>Estimular a coopera\u00e7\u00e3o entre unidades, visando \u00e0 otimiza\u00e7\u00e3o dos recursos da institui\u00e7\u00e3o;<\/li>\n<li>Orientar os diversos setores da UNIFAP em assuntos administrativos relacionados \u00e0 \u00e1rea espec\u00edfica da Pr\u00f3-reitoria;<\/li>\n<li>Gerenciar atividades para aquisi\u00e7\u00e3o de bens e servi\u00e7os, controle de materiais e gest\u00e3o patrimonial;<\/li>\n<li>Cumprir e fazer cumprir, na sua \u00e1rea da atua\u00e7\u00e3o, as disposi\u00e7\u00f5es do estatuto e do regimento da institui\u00e7\u00e3o;<\/li>\n<li>Avaliar a efetividade dos planos, programas, projetos, estudos e propostas que visem a atender \u00e0s necessidades e ao desenvolvimento da institui\u00e7\u00e3o;<\/li>\n<li>Designar, no \u00e2mbito da Pr\u00f3-Reitoria, comiss\u00f5es tem\u00e1ticas ou grupo de trabalho para estudo de assuntos espec\u00edficos, ou para assessoramento, e indicar servidores da PROAD para fun\u00e7\u00f5es espec\u00edficas, quando julgar necess\u00e1rio;<\/li>\n<li>Colaborar com as propostas or\u00e7ament\u00e1rias anual e plurianual, para atender ao Plano Geral de Desenvolvimento da UNIFAP;<\/li>\n<li>Empreender as medidas necess\u00e1rias ao bom e regular funcionamento da Pr\u00f3-reitoria e encaminhar os assuntos \u00e0s inst\u00e2ncias&nbsp;superiores quando excederem os limites de sua compet\u00eancia, observadas as normas pertinentes;<\/li>\n<li>Assessorar o Reitor no planejamento e na execu\u00e7\u00e3o das atividades correspondentes \u00e0 \u00e1rea espec\u00edfica da Pr\u00f3-reitoria;<\/li>\n<li>Prover, continuamente, com efici\u00eancia, efic\u00e1cia e efetividade os meios necess\u00e1rios ao desenvolvimento dos objetivos da UNIFAP;<\/li>\n<li>Coordenar a atribui\u00e7\u00e3o e execu\u00e7\u00e3o das solicita\u00e7\u00f5es de servi\u00e7o encaminhadas aos setores pertencentes \u00e0 Pr\u00f3-reitoria;<\/li>\n<li>Atuar de forma integrada com os demais setores da Administra\u00e7\u00e3o Superior;<\/li>\n<li>Orientar os respons\u00e1veis pelas Diretorias, Assessoria, Divis\u00f5es e\/ou Setores que lhe s\u00e3o subordinadas;<\/li>\n<li>Participar das a\u00e7\u00f5es de governan\u00e7a e gest\u00e3o da institui\u00e7\u00e3o.&nbsp;<\/li>\n<\/ul>\n<\/li>\n<li style=\"list-style-type: none\">&nbsp;<\/li>\n<\/ul>\n<p style=\"text-align: center\"><span style=\"color: #000000\"><strong>MISS\u00c3O<\/strong><\/span><\/p>\n<p><span style=\"color: #000000\"><a style=\"color: #000000\" href=\"http:\/\/www2.unifap.br\/proap\/files\/2016\/10\/Concurso-BHTrans-profissioanis1.jpg\"><img fetchpriority=\"high\" decoding=\"async\" class=\"aligncenter\" src=\"http:\/\/www2.unifap.br\/proap\/files\/2016\/10\/Concurso-BHTrans-profissioanis1.jpg\" alt=\"Concurso-BHTrans-profissioanis1\" width=\"262\" height=\"192\"><\/a><\/span><span style=\"color: #000000\">Promover a gest\u00e3o eficiente e eficaz dos recursos materiais, financeiros e estruturais de forma a viabilizar as atividades de Ensino, Pesquisa e Extens\u00e3o.<\/span><\/p>\n<p style=\"text-align: center\"><span style=\"color: #000000\"><strong>VIS\u00c3O<\/strong><a style=\"color: #000000\" href=\"http:\/\/www2.unifap.br\/proap\/files\/2016\/10\/0012.jpg\"><img decoding=\"async\" class=\"aligncenter\" src=\"http:\/\/www2.unifap.br\/proap\/files\/2016\/10\/0012.jpg\" alt=\"0012\" width=\"566\" height=\"210\"><\/a><\/span><\/p>\n<p><span style=\"color: #000000\">Ser refer\u00eancia na gest\u00e3o de bens, contrata\u00e7\u00f5es, infraestrutura e finan\u00e7as dentre os \u00f3rg\u00e3os p\u00fablicos no estado do Amap\u00e1.<\/span><\/p>\n<p style=\"text-align: center\"><span style=\"color: #000000\"><strong>VALORES<\/strong><\/span><\/p>\n<p><span style=\"color: #000000\"><a style=\"color: #000000\" href=\"http:\/\/www2.unifap.br\/proap\/files\/2016\/10\/valores-750x334.png\"><img decoding=\"async\" class=\"aligncenter\" src=\"http:\/\/www2.unifap.br\/proap\/files\/2016\/10\/valores-750x334.png\" alt=\"valores-750x334\" width=\"750\" height=\"334\"><\/a><\/span><\/p>\n<ul>\n<li><span style=\"color: #000000\">Governan\u00e7a<\/span><\/li>\n<li><span style=\"color: #000000\">Responsabilidade<\/span><\/li>\n<li><span style=\"color: #000000\">Sustentabilidade<\/span><\/li>\n<li><span style=\"color: #000000\">\u00c9tica<\/span><\/li>\n<li><span style=\"color: #000000\">Respeito<\/span><\/li>\n<li><span style=\"color: #000000\">Proatividade<\/span><\/li>\n<li><span style=\"color: #000000\">Gest\u00e3o Participativa<\/span><\/li>\n<li><span style=\"color: #000000\">Comprometimento<\/span><\/li>\n<\/ul>\n","protected":false},"excerpt":{"rendered":"<p>A Pr\u00f3-Reitoria de Administra\u00e7\u00e3o &#8211; PROAD congrega os \u00f3rg\u00e3os de apoio \u00e0 administra\u00e7\u00e3o, cabendo prestar suporte t\u00e9cnico a todos os \u00f3rg\u00e3os da UNIFAP na an\u00e1lise da correspondente realidade externa, na defini\u00e7\u00e3o de seus objetivos e metas, na elabora\u00e7\u00e3o de seus planos de atividades, bem como no acompanhamento e controle dessas atividades, com vistas a sua&hellip;<\/p>\n","protected":false},"author":1699,"featured_media":0,"parent":93,"menu_order":1,"comment_status":"closed","ping_status":"closed","template":"","meta":{"inline_featured_image":false,"ngg_post_thumbnail":0,"footnotes":""},"class_list":["post-1220","page","type-page","status-publish","hentry"],"_links":{"self":[{"href":"http:\/\/www2.unifap.br\/proap\/wp-json\/wp\/v2\/pages\/1220","targetHints":{"allow":["GET"]}}],"collection":[{"href":"http:\/\/www2.unifap.br\/proap\/wp-json\/wp\/v2\/pages"}],"about":[{"href":"http:\/\/www2.unifap.br\/proap\/wp-json\/wp\/v2\/types\/page"}],"author":[{"embeddable":true,"href":"http:\/\/www2.unifap.br\/proap\/wp-json\/wp\/v2\/users\/1699"}],"replies":[{"embeddable":true,"href":"http:\/\/www2.unifap.br\/proap\/wp-json\/wp\/v2\/comments?post=1220"}],"version-history":[{"count":13,"href":"http:\/\/www2.unifap.br\/proap\/wp-json\/wp\/v2\/pages\/1220\/revisions"}],"predecessor-version":[{"id":1440,"href":"http:\/\/www2.unifap.br\/proap\/wp-json\/wp\/v2\/pages\/1220\/revisions\/1440"}],"up":[{"embeddable":true,"href":"http:\/\/www2.unifap.br\/proap\/wp-json\/wp\/v2\/pages\/93"}],"wp:attachment":[{"href":"http:\/\/www2.unifap.br\/proap\/wp-json\/wp\/v2\/media?parent=1220"}],"curies":[{"name":"wp","href":"https:\/\/api.w.org\/{rel}","templated":true}]}}