{"id":4003,"date":"2018-06-14T20:03:54","date_gmt":"2018-06-14T20:03:54","guid":{"rendered":"http:\/\/www2.unifap.br\/procri\/?page_id=4003"},"modified":"2019-01-11T12:45:14","modified_gmt":"2019-01-11T12:45:14","slug":"edital-032018-ajuda-de-custo-para-mobilidade-internacional-de-alunos-da-graduacao-retificado","status":"publish","type":"page","link":"http:\/\/www2.unifap.br\/procri\/bolsas-para-pesquisa\/editais-2018_todos-os-resultados-para-consulta\/edital-032018-ajuda-de-custo-para-mobilidade-internacional-de-alunos-da-graduacao-retificado\/","title":{"rendered":"Edital 03\/2018 &#8211; Ajuda de Custo para Mobilidade Internacional de Alunos da Gradua\u00e7\u00e3o &#8211; RETIFICADO"},"content":{"rendered":"<p><b>A Pr\u00f3-Reitoria de Coopera\u00e7\u00e3o e Rela\u00e7\u00f5es Interinstitucionais (PROCRI)<\/b>\u00a0em parceria com a\u00a0<b>Pr\u00f3-Reitoria de Extens\u00e3o e Assuntos Comunit\u00e1rios (PROEAC)<\/b>\u00a0torna p\u00fablico o presente Edital de sele\u00e7\u00e3o de alunos de gradua\u00e7\u00e3o da UNIFAP que far\u00e3o mobilidade internacional em 2018, para fins de concess\u00e3o de ajuda de custo.<\/p>\n<p><a href=\"http:\/\/www2.unifap.br\/procri\/files\/2018\/06\/EDITAL-03-2018-AJUDA-DE-CUSTO-2018-retificado.pdf\">EDITAL 03 &#8211; 2018 &#8211; AJUDA DE CUSTO 2018 retificado<\/a><\/p>\n<p><a href=\"http:\/\/www2.unifap.br\/procri\/files\/2018\/06\/ANEXO-I.pdf\">ANEXO I<\/a><\/p>\n<p><a href=\"http:\/\/www2.unifap.br\/procri\/files\/2018\/06\/ANEXO-II-RECURSO.pdf\">ANEXO II RECURSO<\/a><\/p>\n<p><a href=\"http:\/\/www2.unifap.br\/procri\/files\/2018\/06\/resultado-parcial-19.06.pdf\">resultado parcial 19.06<\/a><\/p>\n<p><a href=\"http:\/\/www2.unifap.br\/procri\/files\/2018\/06\/resultado-final.pdf\">resultado final<\/a><\/p>\n","protected":false},"excerpt":{"rendered":"<p>A Pr\u00f3-Reitoria de Coopera\u00e7\u00e3o e Rela\u00e7\u00f5es Interinstitucionais (PROCRI)\u00a0em parceria com a\u00a0Pr\u00f3-Reitoria de Extens\u00e3o e Assuntos Comunit\u00e1rios (PROEAC)\u00a0torna p\u00fablico o presente Edital de sele\u00e7\u00e3o de alunos de gradua\u00e7\u00e3o da UNIFAP que far\u00e3o mobilidade internacional em 2018, para fins de concess\u00e3o de ajuda de custo. EDITAL 03 &#8211; 2018 &#8211; AJUDA DE CUSTO 2018 retificado ANEXO I&#8230;<\/p>\n","protected":false},"author":622,"featured_media":0,"parent":3801,"menu_order":6,"comment_status":"open","ping_status":"open","template":"","meta":{"inline_featured_image":false,"ngg_post_thumbnail":0,"footnotes":""},"class_list":["post-4003","page","type-page","status-publish","hentry","entry"],"_links":{"self":[{"href":"http:\/\/www2.unifap.br\/procri\/wp-json\/wp\/v2\/pages\/4003","targetHints":{"allow":["GET"]}}],"collection":[{"href":"http:\/\/www2.unifap.br\/procri\/wp-json\/wp\/v2\/pages"}],"about":[{"href":"http:\/\/www2.unifap.br\/procri\/wp-json\/wp\/v2\/types\/page"}],"author":[{"embeddable":true,"href":"http:\/\/www2.unifap.br\/procri\/wp-json\/wp\/v2\/users\/622"}],"replies":[{"embeddable":true,"href":"http:\/\/www2.unifap.br\/procri\/wp-json\/wp\/v2\/comments?post=4003"}],"version-history":[{"count":4,"href":"http:\/\/www2.unifap.br\/procri\/wp-json\/wp\/v2\/pages\/4003\/revisions"}],"predecessor-version":[{"id":4143,"href":"http:\/\/www2.unifap.br\/procri\/wp-json\/wp\/v2\/pages\/4003\/revisions\/4143"}],"up":[{"embeddable":true,"href":"http:\/\/www2.unifap.br\/procri\/wp-json\/wp\/v2\/pages\/3801"}],"wp:attachment":[{"href":"http:\/\/www2.unifap.br\/procri\/wp-json\/wp\/v2\/media?parent=4003"}],"curies":[{"name":"wp","href":"https:\/\/api.w.org\/{rel}","templated":true}]}}