{"id":316,"date":"2019-01-20T16:26:56","date_gmt":"2019-01-20T16:26:56","guid":{"rendered":"http:\/\/www2.unifap.br\/reitoria\/?page_id=316"},"modified":"2022-11-29T12:20:12","modified_gmt":"2022-11-29T15:20:12","slug":"reitoria","status":"publish","type":"page","link":"http:\/\/www2.unifap.br\/reitoria\/reitoria\/","title":{"rendered":"Reitoria"},"content":{"rendered":"<p><a href=\"http:\/\/www2.unifap.br\/reitoria\/files\/2019\/01\/DSCF1360.jpg\"><img fetchpriority=\"high\" decoding=\"async\" class=\"alignnone size-medium wp-image-320\" src=\"http:\/\/www2.unifap.br\/reitoria\/files\/2019\/01\/DSCF1360-300x224.jpg\" alt=\"DSCF1360\" width=\"300\" height=\"224\" srcset=\"http:\/\/www2.unifap.br\/reitoria\/files\/2019\/01\/DSCF1360-300x224.jpg 300w, http:\/\/www2.unifap.br\/reitoria\/files\/2019\/01\/DSCF1360-1024x767.jpg 1024w, http:\/\/www2.unifap.br\/reitoria\/files\/2019\/01\/DSCF1360-200x150.jpg 200w, http:\/\/www2.unifap.br\/reitoria\/files\/2019\/01\/DSCF1360-150x112.jpg 150w, http:\/\/www2.unifap.br\/reitoria\/files\/2019\/01\/DSCF1360.jpg 1275w\" sizes=\"(max-width: 300px) 100vw, 300px\" \/><\/a><\/p>\n<p>Apresenta\u00e7\u00e3o<\/p>\n<p>Os desafios de expans\u00e3o, inova\u00e7\u00e3o, qualidade, entre outros, que se apresentam \u00e0s Institui\u00e7\u00f5es Federais de Ensino Superior (IFES) trazem a necessidade de se constru\u00edrem modelos de gest\u00e3o universit\u00e1ria que planejem o seu funcionamento por meio de processos internos eficazes \u2013 com o objetivo final de atender aos anseios da sociedade por mudan\u00e7as e melhorias na qualidade de vida dos cidad\u00e3os.<\/p>\n<p style=\"text-align: left\">A Universidade Federal do Amap\u00e1 (UNIFAP), ciente da responsabilidade social que tem com o estado do Amap\u00e1, sob o ponto de vista regional, e com o Brasil, em uma perspectiva mais ampla, tem procurado implementar projetos e a\u00e7\u00f5es que: consolidem de maneira qualitativa o ensino, a pesquisa e a extens\u00e3o; expandam a infraestrutura acad\u00eamico-administrativa e a abrang\u00eancia de atua\u00e7\u00e3o no estado; modernizem seus processos internos; e otimizem recursos para colocar em pr\u00e1tica, da maneira mais eficiente poss\u00edvel, seus objetivos e fun\u00e7\u00f5es sociais.<\/p>\n<p style=\"text-align: left\"><a href=\"http:\/\/www2.unifap.br\/reitoria\/files\/2015\/10\/julio2.jpg\"><img decoding=\"async\" class=\"alignnone size-medium wp-image-208\" src=\"http:\/\/www2.unifap.br\/reitoria\/files\/2015\/10\/julio2-300x263.jpg\" alt=\"julio2\" width=\"300\" height=\"263\" srcset=\"http:\/\/www2.unifap.br\/reitoria\/files\/2015\/10\/julio2-300x263.jpg 300w, http:\/\/www2.unifap.br\/reitoria\/files\/2015\/10\/julio2-1024x900.jpg 1024w, http:\/\/www2.unifap.br\/reitoria\/files\/2015\/10\/julio2.jpg 1543w\" sizes=\"(max-width: 300px) 100vw, 300px\" \/><\/a><\/p>\n<p><strong>Reitor &#8211;\u00a0<a title=\"Curriculum Lattes\" href=\"http:\/\/lattes.cnpq.br\/4239001732722008\" target=\"_blank\" rel=\"noopener\"><strong>Prof. Dr.\u00a0<\/strong>J\u00falio C\u00e9sar S\u00e1 de Oliveira<\/a><\/strong><\/p>\n<p>Possui gradua\u00e7\u00e3o em Ci\u00eancias Biol\u00f3gicas pela Universidade Federal do Rio Grande do Norte (1993), Mestrado em Ecologia pela Universidade Federal do Rio Grande do Norte (2000) e Doutorado em Ecologia Aqu\u00e1tica e Pesca pela Universidade Federal do Par\u00e1 (2012). Atualmente \u00e9 professor Adjunto III da Universidade Federal do Amap\u00e1. Tem experi\u00eancia na \u00e1rea de Ecologia de ambientes aqu\u00e1ticos, com \u00eanfase em Bioecologia, Avalia\u00e7\u00e3o de qualidade de \u00e1gua,Modelagem de ecossistemas (Ecopath), Modelagem de comunidades, an\u00e1lises uni e multivariadas de comunidades, limnologia e Avalia\u00e7\u00e3o de qualidade de \u00e1gua. Atua principalmente nos seguintes temas: Diversidade, Reprodu\u00e7\u00e3o e Alimenta\u00e7\u00e3o de peixes; An\u00e1lise f\u00edsico-qu\u00edmica e microbiol\u00f3gica da \u00e1gua, An\u00e1lise de ecossistemas, fito e zoopl\u00e2ncton; Avalia\u00e7\u00e3o e gerenciamento de res\u00edduos hospitalares.<\/p>\n<p>&nbsp;<\/p>\n<p><a href=\"http:\/\/www2.unifap.br\/reitoria\/files\/2019\/01\/130-3003_IMG.jpg\"><img decoding=\"async\" class=\"alignnone wp-image-334 size-medium\" src=\"http:\/\/www2.unifap.br\/reitoria\/files\/2019\/01\/130-3003_IMG-300x225.jpg\" alt=\"\" width=\"300\" height=\"225\" srcset=\"http:\/\/www2.unifap.br\/reitoria\/files\/2019\/01\/130-3003_IMG-300x225.jpg 300w, http:\/\/www2.unifap.br\/reitoria\/files\/2019\/01\/130-3003_IMG-1024x768.jpg 1024w, http:\/\/www2.unifap.br\/reitoria\/files\/2019\/01\/130-3003_IMG-200x150.jpg 200w, http:\/\/www2.unifap.br\/reitoria\/files\/2019\/01\/130-3003_IMG-150x112.jpg 150w, http:\/\/www2.unifap.br\/reitoria\/files\/2019\/01\/130-3003_IMG.jpg 1600w\" sizes=\"(max-width: 300px) 100vw, 300px\" \/><\/a><\/p>\n<p><strong>Vice Reitora \u2013 Prof\u00aa Dr\u00aa\u00a0<a href=\"http:\/\/lattes.cnpq.br\/1995937959261670\">Ana Cristina de Paula Mau\u00e9s Soares<\/a><\/strong><\/p>\n<p>Professora Associada da Universidade Federal do Amap\u00e1 (UNIFAP). Gradua\u00e7\u00e3o em Ci\u00eancias Sociais pela Universidade Federal do Par\u00e1 (2001), mestrado em Sociologia Geral pela Universidade Federal do Par\u00e1 (2004) e doutorado em Ci\u00eancias Sociais pela Universidade Federal do Par\u00e1 (2013). Atualmente \u00e9 coordenadora da curso de Especializa\u00e7\u00e3o em Estudos Culturais e Politicas Publicas e possui atua\u00e7\u00e3o na \u00e1rea de Ci\u00eancia Pol\u00edtica, com \u00eanfase principalmente nos seguintes temas: g\u00eanero, mulher, participa\u00e7\u00e3o pol\u00edtica, direitos humanos e sexualidade..<\/p>\n<p>&nbsp;<\/p>\n<p><strong>Galeria de Ex-Reitores<\/strong><\/p>\n<p>1. Maria Alves de S\u00e1 | 1990 \u2014 1992<\/p>\n<p>2. La\u00edse do Amparo Braga | 1992 \u2014 1993<\/p>\n<p>3. Antonio Gomes de Oliveira | 1993 \u2014 1997<\/p>\n<p>4. Jo\u00e3o Renor Ferreira de Carvalho | 1997 \u2014 1999<\/p>\n<p>5. Paulo Fernando Batista Guerra | 1999 \u2014 2002<\/p>\n<p>6. Jo\u00e3o Braz\u00e3o da Silva Neto | 2002 \u2014 2006<\/p>\n<p>7. Jos\u00e9 Carlos Tavares Carvalho | 2006 \u2014 2014<\/p>\n<p>8. Eliane Superti | 2014 \u2014 2018<\/p>\n<p>9. J\u00falio C\u00e9sar S\u00e1 de Oliveira &#8211; 2018 \u2014 (em exerc\u00edcio)<\/p>\n<p>&nbsp;<\/p>\n<p><strong>Publica\u00e7\u00f5es em Andamento &#8211; Jubileu dos 30 anos<\/strong><\/p>\n<ul>\n<li><a href=\"http:\/\/www.unifap.br\/unifap-inicia-preparativos-para-jubileu-dos-30-anos\/\">UNIFAP inicia preparativos para Jubileu dos 30 anos, em 2020<\/a><\/li>\n<li><a href=\"http:\/\/www.unifap.br\/maria-alves-de-sa-a-primeira-reitora-da-unifap\/\">Maria Alves de S\u00e1, a primeira reitora da UNIFAP<\/a><\/li>\n<li><a href=\"http:\/\/www.unifap.br\/professora-laise-braga-a-segunda-reitora-da-unifap\/\">Professora La\u00edse Braga, a segunda reitora da UNIFAP<\/a><\/li>\n<li><a href=\"http:\/\/www.unifap.br\/professor-joao-renor-foi-o-quarto-reitor-da-unifap-conheca-sua-trajetoria\/\">Professor Jo\u00e3o Ren\u00f4r foi o quarto reitor da UNIFAP, conhe\u00e7a sua trajet\u00f3ria<\/a><\/li>\n<\/ul>\n","protected":false},"excerpt":{"rendered":"<p>Apresenta\u00e7\u00e3o Os desafios de expans\u00e3o, inova\u00e7\u00e3o, qualidade, entre outros, que se apresentam \u00e0s Institui\u00e7\u00f5es Federais de Ensino Superior (IFES) trazem a necessidade de se constru\u00edrem modelos de gest\u00e3o universit\u00e1ria que planejem o seu funcionamento por meio de processos internos eficazes&hellip; <\/p>\n<p><a href=\"http:\/\/www2.unifap.br\/reitoria\/reitoria\/\" class=\"readmore-button\">Continue Reading<\/a><\/p>\n","protected":false},"author":359,"featured_media":0,"parent":0,"menu_order":0,"comment_status":"open","ping_status":"open","template":"","meta":{"inline_featured_image":false,"ngg_post_thumbnail":0,"footnotes":""},"class_list":["post-316","page","type-page","status-publish","hentry"],"_links":{"self":[{"href":"http:\/\/www2.unifap.br\/reitoria\/wp-json\/wp\/v2\/pages\/316","targetHints":{"allow":["GET"]}}],"collection":[{"href":"http:\/\/www2.unifap.br\/reitoria\/wp-json\/wp\/v2\/pages"}],"about":[{"href":"http:\/\/www2.unifap.br\/reitoria\/wp-json\/wp\/v2\/types\/page"}],"author":[{"embeddable":true,"href":"http:\/\/www2.unifap.br\/reitoria\/wp-json\/wp\/v2\/users\/359"}],"replies":[{"embeddable":true,"href":"http:\/\/www2.unifap.br\/reitoria\/wp-json\/wp\/v2\/comments?post=316"}],"version-history":[{"count":12,"href":"http:\/\/www2.unifap.br\/reitoria\/wp-json\/wp\/v2\/pages\/316\/revisions"}],"predecessor-version":[{"id":426,"href":"http:\/\/www2.unifap.br\/reitoria\/wp-json\/wp\/v2\/pages\/316\/revisions\/426"}],"wp:attachment":[{"href":"http:\/\/www2.unifap.br\/reitoria\/wp-json\/wp\/v2\/media?parent=316"}],"curies":[{"name":"wp","href":"https:\/\/api.w.org\/{rel}","templated":true}]}}