{"id":5822,"date":"2024-02-19T11:07:25","date_gmt":"2024-02-19T14:07:25","guid":{"rendered":"https:\/\/www2.unifap.br\/arquitetura\/?page_id=5822"},"modified":"2024-05-19T10:21:08","modified_gmt":"2024-05-19T13:21:08","slug":"historia-do-curso","status":"publish","type":"page","link":"https:\/\/www2.unifap.br\/arquitetura\/historia-do-curso\/","title":{"rendered":"Hist\u00f3ria do Curso"},"content":{"rendered":"\t\t<div data-elementor-type=\"wp-page\" data-elementor-id=\"5822\" class=\"elementor elementor-5822\">\n\t\t\t\t\t\t<section class=\"elementor-section elementor-top-section elementor-element elementor-element-3ae22e89 elementor-section-content-middle elementor-reverse-mobile elementor-section-boxed elementor-section-height-default elementor-section-height-default\" data-id=\"3ae22e89\" data-element_type=\"section\" data-e-type=\"section\" data-settings=\"{&quot;background_background&quot;:&quot;classic&quot;}\">\n\t\t\t\t\t\t\t<div class=\"elementor-background-overlay\"><\/div>\n\t\t\t\t\t\t\t<div class=\"elementor-container elementor-column-gap-no\">\n\t\t\t\t\t<div class=\"elementor-column elementor-col-50 elementor-top-column elementor-element elementor-element-74a98\" data-id=\"74a98\" data-element_type=\"column\" data-e-type=\"column\">\n\t\t\t<div class=\"elementor-widget-wrap elementor-element-populated\">\n\t\t\t\t\t\t<div class=\"elementor-element elementor-element-51faf098 elementor-widget elementor-widget-heading\" data-id=\"51faf098\" data-element_type=\"widget\" data-e-type=\"widget\" data-widget_type=\"heading.default\">\n\t\t\t\t<div class=\"elementor-widget-container\">\n\t\t\t\t\t<h2 class=\"elementor-heading-title elementor-size-default\">A origem e implanta\u00e7\u00e3o do Curso de Arquitetura e Urbanismo da Universidade Federal do Amap\u00e1\n<\/h2>\t\t\t\t<\/div>\n\t\t\t\t<\/div>\n\t\t\t\t\t<\/div>\n\t\t<\/div>\n\t\t\t\t<div class=\"elementor-column elementor-col-50 elementor-top-column elementor-element elementor-element-3371af44\" data-id=\"3371af44\" data-element_type=\"column\" data-e-type=\"column\" data-settings=\"{&quot;background_background&quot;:&quot;classic&quot;}\">\n\t\t\t<div class=\"elementor-widget-wrap elementor-element-populated\">\n\t\t\t\t\t\t<div class=\"elementor-element elementor-element-f2d4d3 elementor-widget elementor-widget-image\" data-id=\"f2d4d3\" data-element_type=\"widget\" data-e-type=\"widget\" data-widget_type=\"image.default\">\n\t\t\t\t<div class=\"elementor-widget-container\">\n\t\t\t\t\t\t\t\t\t\t\t\t\t\t\t<img fetchpriority=\"high\" decoding=\"async\" width=\"1600\" height=\"1200\" src=\"https:\/\/www2.unifap.br\/arquitetura\/files\/2024\/02\/Sem-ti\u0301tulo5-1.jpg\" class=\"attachment-full size-full wp-image-5851\" alt=\"\" srcset=\"https:\/\/www2.unifap.br\/arquitetura\/files\/2024\/02\/Sem-ti\u0301tulo5-1.jpg 1600w, https:\/\/www2.unifap.br\/arquitetura\/files\/2024\/02\/Sem-ti\u0301tulo5-1-300x225.jpg 300w, https:\/\/www2.unifap.br\/arquitetura\/files\/2024\/02\/Sem-ti\u0301tulo5-1-1200x900.jpg 1200w, https:\/\/www2.unifap.br\/arquitetura\/files\/2024\/02\/Sem-ti\u0301tulo5-1-768x576.jpg 768w, https:\/\/www2.unifap.br\/arquitetura\/files\/2024\/02\/Sem-ti\u0301tulo5-1-1536x1152.jpg 1536w\" sizes=\"(max-width: 1600px) 100vw, 1600px\" \/>\t\t\t\t\t\t\t\t\t\t\t\t\t\t\t<\/div>\n\t\t\t\t<\/div>\n\t\t\t\t\t<\/div>\n\t\t<\/div>\n\t\t\t\t\t<\/div>\n\t\t<\/section>\n\t\t\t\t<section class=\"elementor-section elementor-top-section elementor-element elementor-element-nrfv6dd elementor-section-content-top elementor-section-boxed elementor-section-height-default elementor-section-height-default\" data-id=\"nrfv6dd\" data-element_type=\"section\" data-e-type=\"section\">\n\t\t\t\t\t\t<div class=\"elementor-container elementor-column-gap-default\">\n\t\t\t\t\t<div class=\"elementor-column elementor-col-50 elementor-top-column elementor-element elementor-element-1ada43f\" data-id=\"1ada43f\" data-element_type=\"column\" data-e-type=\"column\">\n\t\t\t<div class=\"elementor-widget-wrap elementor-element-populated\">\n\t\t\t\t\t\t<div class=\"elementor-element elementor-element-f8ea823 elementor-widget elementor-widget-text-editor\" data-id=\"f8ea823\" data-element_type=\"widget\" data-e-type=\"widget\" data-widget_type=\"text-editor.default\">\n\t\t\t\t<div class=\"elementor-widget-container\">\n\t\t\t\t\t\t\t\t\t<div style=\"text-align: justify\"><span style=\"font-weight: 400\">No ano de 2002, a Pr\u00f3-Reitoria de Gradua\u00e7\u00e3o da Universidade Federal do Amap\u00e1 \u2013 PROGRAD\/UNIFAP instituiu a Comiss\u00e3o para estudar as prioridades de novos Cursos, que foi presidida pelo Prof. Dr. Jos\u00e9 Maria da Silva e teve como uma das prioridades para o ano de 2005, a implanta\u00e7\u00e3o o Curso de Arquitetura e Urbanismo. Para que o projeto se tornasse realidade e, em 02 de maio de 2005, no Campus da UNIFAP em Santana, recebesse sua primeira turma de alunos foram percorridas etapas indispens\u00e1veis de concep\u00e7\u00e3o, planejamento, organiza\u00e7\u00e3o e implanta\u00e7\u00e3o.\u00a0<\/span><\/div>\n<br>\n<div style=\"text-align: justify\"><span style=\"font-weight: 400\">A primeira etapa foi caracterizada pelo debate de id\u00e9ias as quais, por missiva do Prof. Arqt\u00ba Dr. Jos\u00e9 Alberto Tostes \u00e0 Pr\u00f3-Reitoria de Gradua\u00e7\u00e3o (25\/03\/2004), levaram \u00e0 designa\u00e7\u00e3o de uma Comiss\u00e3o (Portaria n\u00ba 150-UNIFAP de 26\/04\/2004) composta pelos Professores Jos\u00e9 Alberto Tostes, Ana Karina Nascimento Silva Rodrigues e Oscarito Antunes do Nascimento. Esta Comiss\u00e3o teve a incumb\u00eancia de realizar estudos para a implanta\u00e7\u00e3o do Curso de Bacharelado em Arquitetura e Urbanismo e, a convite do Presidente da Comiss\u00e3o, contou com a presen\u00e7a do Arquiteto Rog\u00e9rio Barcelos Guardia, tendo sua miss\u00e3o conclu\u00edda em 16 de agosto de 2004.<\/span><\/div>\t\t\t\t\t\t\t\t<\/div>\n\t\t\t\t<\/div>\n\t\t\t\t\t<\/div>\n\t\t<\/div>\n\t\t\t\t<div class=\"elementor-column elementor-col-50 elementor-top-column elementor-element elementor-element-c853cf9\" data-id=\"c853cf9\" data-element_type=\"column\" data-e-type=\"column\">\n\t\t\t<div class=\"elementor-widget-wrap elementor-element-populated\">\n\t\t\t\t\t\t<div class=\"elementor-element elementor-element-30e7df2 elementor-widget elementor-widget-text-editor\" data-id=\"30e7df2\" data-element_type=\"widget\" data-e-type=\"widget\" data-widget_type=\"text-editor.default\">\n\t\t\t\t<div class=\"elementor-widget-container\">\n\t\t\t\t\t\t\t\t\t<div style=\"text-align: justify\"><span style=\"font-weight: 400\">A segunda etapa, se deu com o Projeto sob Processo n\u00ba 23.125.001.445\/2004-36, empreendeu os estudos da viabilidade de implanta\u00e7\u00e3o do curso e foi executada em duas sub-etapas concomitantes. Uma delas referia-se \u00e0 socializa\u00e7\u00e3o do projeto com a Academia \u00a0 e foi executada em tr\u00eas (03) audi\u00eancias p\u00fablicas as quais envolveram: estudantes de pr\u00e9-vestibular, potenciais candidatos ao processo seletivo 2005; acad\u00eamicos de diversos cursos; professores; coordenadores de cursos; diretores de departamentos e a Reitoria.\u00a0\u00a0\u00a0<\/span><\/div>\n\n<br>\n\n<div style=\"text-align: justify\"><span style=\"font-weight: 400\">A outra sub-etapa correspondeu \u00e0 an\u00e1lise e aprecia\u00e7\u00e3o da proposta nas inst\u00e2ncias competentes, envolvendo tramita\u00e7\u00e3o junto \u00e0 Pr\u00f3-Reitoria de Ensino de Gradua\u00e7\u00e3o \u2013 Reitoria \u2013 Conselho Superior \u2013 C\u00e2mara de Gradua\u00e7\u00e3o e culminou com a expedi\u00e7\u00e3o da Resolu\u00e7\u00e3o n\u00ba 0013 de 26 de novembro de 2004, pelo \u00a0 Presidente do Conselho Superior, Prof.\u00a0 Jo\u00e3o Braz\u00e3o da Silva Neto, autorizando <\/span><i><span style=\"font-weight: 400\">Ad Referendum<\/span><\/i><span style=\"font-weight: 400\"> a cria\u00e7\u00e3o e implanta\u00e7\u00e3o do Curso de Arquitetura e Urbanismo \u2013 habilita\u00e7\u00e3o Bacharelado, na Universidade Federal do Amap\u00e1.<\/span><\/div>\t\t\t\t\t\t\t\t<\/div>\n\t\t\t\t<\/div>\n\t\t\t\t\t<\/div>\n\t\t<\/div>\n\t\t\t\t\t<\/div>\n\t\t<\/section>\n\t\t<div class=\"elementor-element elementor-element-59a82ba e-flex e-con-boxed e-con e-parent\" data-id=\"59a82ba\" data-element_type=\"container\" data-e-type=\"container\">\n\t\t\t\t\t<div class=\"e-con-inner\">\n\t\t\t\t<div class=\"elementor-element elementor-element-33964fc elementor-widget elementor-widget-image-carousel\" data-id=\"33964fc\" data-element_type=\"widget\" data-e-type=\"widget\" data-settings=\"{&quot;slides_to_show&quot;:&quot;4&quot;,&quot;image_spacing_custom&quot;:{&quot;unit&quot;:&quot;px&quot;,&quot;size&quot;:&quot;3&quot;,&quot;sizes&quot;:[]},&quot;navigation&quot;:&quot;none&quot;,&quot;autoplay_speed&quot;:&quot;3000&quot;,&quot;autoplay&quot;:&quot;yes&quot;,&quot;pause_on_hover&quot;:&quot;yes&quot;,&quot;pause_on_interaction&quot;:&quot;yes&quot;,&quot;infinite&quot;:&quot;yes&quot;,&quot;speed&quot;:500,&quot;image_spacing_custom_tablet&quot;:{&quot;unit&quot;:&quot;px&quot;,&quot;size&quot;:&quot;&quot;,&quot;sizes&quot;:[]},&quot;image_spacing_custom_mobile&quot;:{&quot;unit&quot;:&quot;px&quot;,&quot;size&quot;:&quot;&quot;,&quot;sizes&quot;:[]}}\" data-widget_type=\"image-carousel.default\">\n\t\t\t\t<div class=\"elementor-widget-container\">\n\t\t\t\t\t\t\t<div class=\"elementor-image-carousel-wrapper swiper\" role=\"region\" aria-roledescription=\"carousel\" aria-label=\"Carrossel de imagens\" dir=\"ltr\">\n\t\t\t<div class=\"elementor-image-carousel swiper-wrapper\" aria-live=\"off\">\n\t\t\t\t\t\t\t\t<div class=\"swiper-slide\" role=\"group\" aria-roledescription=\"slide\" aria-label=\"1 de 5\"><figure class=\"swiper-slide-inner\"><img decoding=\"async\" class=\"swiper-slide-image\" src=\"https:\/\/www2.unifap.br\/arquitetura\/files\/2024\/02\/Sem-ti\u0301tulo5-1-300x225.jpg\" alt=\"Sem ti\u0301tulo5\" \/><\/figure><\/div><div class=\"swiper-slide\" role=\"group\" aria-roledescription=\"slide\" aria-label=\"2 de 5\"><figure class=\"swiper-slide-inner\"><img decoding=\"async\" class=\"swiper-slide-image\" src=\"https:\/\/www2.unifap.br\/arquitetura\/files\/2024\/02\/Sem-ti\u0301tulo4-300x225.jpg\" alt=\"Sem ti\u0301tulo4\" \/><\/figure><\/div><div class=\"swiper-slide\" role=\"group\" aria-roledescription=\"slide\" aria-label=\"3 de 5\"><figure class=\"swiper-slide-inner\"><img decoding=\"async\" class=\"swiper-slide-image\" src=\"https:\/\/www2.unifap.br\/arquitetura\/files\/2024\/02\/Sem-ti\u0301tulo3-300x225.jpg\" alt=\"Sem ti\u0301tulo3\" \/><\/figure><\/div><div class=\"swiper-slide\" role=\"group\" aria-roledescription=\"slide\" aria-label=\"4 de 5\"><figure class=\"swiper-slide-inner\"><img decoding=\"async\" class=\"swiper-slide-image\" src=\"https:\/\/www2.unifap.br\/arquitetura\/files\/2024\/02\/Sem-ti\u0301tulo2-300x225.jpg\" alt=\"Sem ti\u0301tulo2\" \/><\/figure><\/div><div class=\"swiper-slide\" role=\"group\" aria-roledescription=\"slide\" aria-label=\"5 de 5\"><figure class=\"swiper-slide-inner\"><img decoding=\"async\" class=\"swiper-slide-image\" src=\"https:\/\/www2.unifap.br\/arquitetura\/files\/2024\/02\/Sem-ti\u0301tulo-300x225.jpg\" alt=\"Sem ti\u0301tulo\" \/><\/figure><\/div>\t\t\t<\/div>\n\t\t\t\t\t\t\t\n\t\t\t\t\t\t\t\t\t<\/div>\n\t\t\t\t\t\t<\/div>\n\t\t\t\t<\/div>\n\t\t\t\t\t<\/div>\n\t\t\t\t<\/div>\n\t\t\t\t<section class=\"elementor-section elementor-top-section elementor-element elementor-element-77e0833 elementor-section-content-top elementor-section-boxed elementor-section-height-default elementor-section-height-default\" data-id=\"77e0833\" data-element_type=\"section\" data-e-type=\"section\" data-settings=\"{&quot;background_background&quot;:&quot;classic&quot;}\">\n\t\t\t\t\t\t<div class=\"elementor-container elementor-column-gap-default\">\n\t\t\t\t\t<div class=\"elementor-column elementor-col-50 elementor-top-column elementor-element elementor-element-cddb5e0\" data-id=\"cddb5e0\" data-element_type=\"column\" data-e-type=\"column\">\n\t\t\t<div class=\"elementor-widget-wrap elementor-element-populated\">\n\t\t\t\t\t\t<div class=\"elementor-element elementor-element-3e80427 elementor-widget elementor-widget-text-editor\" data-id=\"3e80427\" data-element_type=\"widget\" data-e-type=\"widget\" data-widget_type=\"text-editor.default\">\n\t\t\t\t<div class=\"elementor-widget-container\">\n\t\t\t\t\t\t\t\t\t<div style=\"text-align: justify\"><span style=\"font-weight: 400\">A aprova\u00e7\u00e3o do Curso ensejou novas provid\u00eancias, dentre as quais destacam-se: o primeiro vestibular para o CAU; a designa\u00e7\u00e3o do Prof. Jos\u00e9 Alberto Tostes, ent\u00e3o Pr\u00f3-Reitor de Pesquisa e P\u00f3s-Gradua\u00e7\u00e3o para responder, cumulativamente, pela Coordena\u00e7\u00e3o do Curso (Port. n\u00ba 594-UNIFAP de 20.12.2004), a composi\u00e7\u00e3o do colegiado do CAU e a estrutura\u00e7\u00e3o do Campus da Universidade no Munic\u00edpio de Santana para receber o mais novo curso da UNIFAP. A terceira etapa do processo de Implanta\u00e7\u00e3o, foi marcada pelo primeiro Processo Seletivo, com 50 vagas, foi realizada em 2005. Neste processo, cujas provas preliminares (1\u00aa fase) aconteceram dia 13 de fevereiro, concorreram inicialmente 752 candidatos, dentre eles 157 passaram para a segunda fase e realizaram provas no per\u00edodo de 13 a 15 de mar\u00e7o.\u00a0<\/span><\/div>\n\n<br>\n<div style=\"text-align: justify\"><span style=\"font-weight: 400\">Inicialmente dois grupos de pesquisa que deram suporte para cria\u00e7\u00e3o do curso de Arquitetura e Urbanismo, surgiram bem antes do ano de 2004. Esse fator foi decisivo para a forma\u00e7\u00e3o de parcerias e elabora\u00e7\u00e3o de conv\u00eanios com v\u00e1rias institui\u00e7\u00f5es, entre elas, as prefeituras do estado do Amap\u00e1. No ano de 2005, foi firmado no Campus de Santana, um acordo de conv\u00eanio envolvendo os munic\u00edpios de Laranjal do Jari, Oiapoque e Santana para o desenvolvimento dos planos diretores.<\/span><\/div>\n<br>\n<div style=\"text-align: justify\"><span style=\"font-weight: 400\">Atrav\u00e9s do Grupo de Pesquisa Arquitetura e Urbanismo na Amaz\u00f4nia, foi criado o projeto: Metodologias Participativas de Planejamento Urbano, v\u00e1rios acad\u00eamicos foram engajados a partir desse projeto. Atrav\u00e9s do Grupo Percep\u00e7\u00f5es do Amap\u00e1, coordenado pelo professor Jadson Porto, foi poss\u00edvel vislumbrar com maior precis\u00e3o as quest\u00f5es do planejamento regional no estado do Amap\u00e1. A experi\u00eancia constru\u00edda a partir dos grupos de pesquisa deu ao curso de Arquitetura e Urbanismo um car\u00e1ter especial, aproxima\u00e7\u00e3o com a sociedade.<\/span><\/div>\t\t\t\t\t\t\t\t<\/div>\n\t\t\t\t<\/div>\n\t\t\t\t\t<\/div>\n\t\t<\/div>\n\t\t\t\t<div class=\"elementor-column elementor-col-50 elementor-top-column elementor-element elementor-element-b8d7edd\" data-id=\"b8d7edd\" data-element_type=\"column\" data-e-type=\"column\">\n\t\t\t<div class=\"elementor-widget-wrap elementor-element-populated\">\n\t\t\t\t\t\t<div class=\"elementor-element elementor-element-b91c727 elementor-widget elementor-widget-text-editor\" data-id=\"b91c727\" data-element_type=\"widget\" data-e-type=\"widget\" data-widget_type=\"text-editor.default\">\n\t\t\t\t<div class=\"elementor-widget-container\">\n\t\t\t\t\t\t\t\t\t<div style=\"text-align: justify\"><span style=\"font-weight: 400\">As experi\u00eancias desenvolvidas com os munic\u00edpios renderam v\u00e1rios trabalhos de pesquisa e extens\u00e3o, al\u00e9m de contribuir com elabora\u00e7\u00e3o dos primeiros trabalhos de conclus\u00e3o de curso da primeira turma, tamb\u00e9m possibilitou ampliar o foco, al\u00e9m das cidades de Macap\u00e1 e Santana que concentram a maior por\u00e7\u00e3o de popula\u00e7\u00e3o do estado do Amap\u00e1. O curso de Arquitetura e Urbanismo at\u00e9 o ano de 2010, estava entre os melhores \u00edndices de produtividade da Universidade Federal do Amap\u00e1.<\/span><\/div>\n<br>\n<div style=\"text-align: justify\"><span style=\"font-weight: 400\">A experi\u00eancia do munic\u00edpio de Laranjal do Jari, foi uma das mais impactantes, fato comprovado pelos diversos materiais produzidos pelo curso de Arquitetura e Urbanismo. Entre os anos de 2005 e 2010, portanto, um ciclo completo do come\u00e7o e finaliza\u00e7\u00e3o da primeira turma de concluintes, o curso teve participa\u00e7\u00e3o direta na apresenta\u00e7\u00e3o de diversos trabalhos acad\u00eamicos aprovados e com a participa\u00e7\u00e3o de professores e acad\u00eamicos.<\/span><\/div>\n<br>\n<div style=\"text-align: justify\"><span style=\"font-weight: 400\">A primeira sele\u00e7\u00e3o atrav\u00e9s de vestibular foi publicada no dia 07 de abril de 2005 e as matr\u00edculas efetuadas no per\u00edodo de 18 a 25 de abril do mesmo ano; dos cinquenta (50) primeiros aprovados apenas um n\u00e3o efetivou matr\u00edcula e a vaga foi ocupada pelo quinquag\u00e9simo primeiro colocado. A organiza\u00e7\u00e3o acad\u00eamica do CAU, que representa a quarta etapa da implanta\u00e7\u00e3o foi caracterizada pela institui\u00e7\u00e3o do Colegiado do Curso,\u00a0 composto pelos docentes Ana Karina Nascimento Silva Rodrigues, Jadson Luis Rebelo Porto; Jos\u00e9 Alberto Tostes e Oscarito Antunes do Nascimento \u2013 Port. n\u00ba 142- UNIFAP de 16 de mar\u00e7o de 2005, assim como pela designa\u00e7\u00e3o do Prof. Jos\u00e9 Alberto Tostes para responder cumulativamente pela Coordena\u00e7\u00e3o do Campus Universit\u00e1rio de Santana \u2013 Port. n\u00ba 159\/UNIFAP de 18 de mar\u00e7o de 2005. A partir de abril as depend\u00eancias do Campus passaram a ser ocupadas por esses professores e pela T\u00e9cnica em Assuntos Educacionais, Servidora L\u00facia Aparecida Furlan, que a\u00ed trabalhariam. Uma das metas do per\u00edodo foi a de contar com recursos humanos para atua\u00e7\u00e3o na nova unidade administrativa.<\/span><\/div>\t\t\t\t\t\t\t\t<\/div>\n\t\t\t\t<\/div>\n\t\t\t\t\t<\/div>\n\t\t<\/div>\n\t\t\t\t\t<\/div>\n\t\t<\/section>\n\t\t\t\t<section class=\"elementor-section elementor-top-section elementor-element elementor-element-ceeb29a elementor-section-content-top elementor-section-boxed elementor-section-height-default elementor-section-height-default\" data-id=\"ceeb29a\" data-element_type=\"section\" data-e-type=\"section\">\n\t\t\t\t\t\t<div class=\"elementor-container elementor-column-gap-default\">\n\t\t\t\t\t<div class=\"elementor-column elementor-col-50 elementor-top-column elementor-element elementor-element-7c629f6\" data-id=\"7c629f6\" data-element_type=\"column\" data-e-type=\"column\">\n\t\t\t<div class=\"elementor-widget-wrap elementor-element-populated\">\n\t\t\t\t\t\t<div class=\"elementor-element elementor-element-b1c9a60 elementor-widget elementor-widget-text-editor\" data-id=\"b1c9a60\" data-element_type=\"widget\" data-e-type=\"widget\" data-widget_type=\"text-editor.default\">\n\t\t\t\t<div class=\"elementor-widget-container\">\n\t\t\t\t\t\t\t\t\t<p style=\"text-align: justify\"><span style=\"font-weight: 400\">Em face da car\u00eancia de servidores no Quadro da UNIFAP contatou servidores do extinto Territ\u00f3rio Federal do Amap\u00e1 e do Governo do Estado, cujos nomes foram encaminhados pela a Reitoria \u00e0 Ger\u00eancia Regional de Administra\u00e7\u00e3o \u2013 GRA\/MOPG e ao Gabinete Civil do Governo, respectivamente.\u00a0 Na sequ\u00eancia decorreram a\u00e7\u00f5es de parceria com todos os setores afins da UNIFAP\/Macap\u00e1 (limpeza interna e equipagem do Campus) e com a Prefeitura Municipal de Santana (limpeza frontal e reuni\u00f5es de trabalho), todas voltadas aos preparativos para a aula Inaugural do Campus e de implanta\u00e7\u00e3o do Curso. Em 29 de abril de 2005, aconteceu a primeira reuni\u00e3o da Coordena\u00e7\u00e3o com os alunos para apresenta\u00e7\u00e3o do inteiro teor do Projeto Pedag\u00f3gico e da formata\u00e7\u00e3o do Curso.\u00a0 No dia 02 de maio de 2005, com a presen\u00e7a do Magn\u00edfico Reitor Prof. Jo\u00e3o Braz\u00e3o da Silva Neto e do Ilustr\u00edssimo Prefeito de Santana Sr. Jos\u00e9 Ant\u00f4nio Nogueira, este proferindo aula Inaugural, iniciaram-se as atividades acad\u00eamicas do Campus a qual contou com a presen\u00e7a de autoridades acad\u00eamicas e pol\u00edticas; servidores da Universidade e da PMS al\u00e9m de comunit\u00e1rios e alunos.\u00a0\u00a0<\/span><\/p>\n<p style=\"text-align: justify\"><span style=\"font-weight: 400\">S\u00e3o\u00a0 alunos da turma\u00a0 pioneira \u00a0 de Arquitetura e\u00a0 Urbanismo\/2005: Alex Maia Xavier, Alice Alves Jacinto Damasceno, Aline Thiele de Souza Santos, Amariltom Barbosa Silva, Ana Daniela Vale Ramos, Andr\u00e9 Felipe Lima do Ros\u00e1rio, Arlei Barros dos Santos, Bruna Mayara Pasini Laurindo, Cairo Cardoso Madureira, Carlos Nahum de Almeida,<\/span><\/p>\t\t\t\t\t\t\t\t<\/div>\n\t\t\t\t<\/div>\n\t\t\t\t\t<\/div>\n\t\t<\/div>\n\t\t\t\t<div class=\"elementor-column elementor-col-50 elementor-top-column elementor-element elementor-element-d7b5aa3\" data-id=\"d7b5aa3\" data-element_type=\"column\" data-e-type=\"column\">\n\t\t\t<div class=\"elementor-widget-wrap elementor-element-populated\">\n\t\t\t\t\t\t<div class=\"elementor-element elementor-element-6ff3f81 elementor-widget elementor-widget-text-editor\" data-id=\"6ff3f81\" data-element_type=\"widget\" data-e-type=\"widget\" data-widget_type=\"text-editor.default\">\n\t\t\t\t<div class=\"elementor-widget-container\">\n\t\t\t\t\t\t\t\t\t<p style=\"text-align: justify\"><span style=\"font-weight: 400\">\u00a0Daizia da Silva Nunes, Derlani Furtado Ferreira, Diogo Anderson Oliveira Ericeira, Gide\u00e3o Barata\u00a0 Lopes, Gl\u00e1ucia Huana Costa de Souza, Heilany Nery Ferreira, Helder Souza da Silva,\u00a0 Heloneida Camila Costa Coelho, Homero Santos Martins, Israel dos Passos Serique, Ivane Silva Barrozo Gibson,\u00a0 Jefferson da Concei\u00e7\u00e3o Cardoso, Jo\u00e3o Augusto Nunes da Costa, Jo\u00e3o Pedro Ribeiro de Ara\u00fajo, Jocimar Melo da Paix\u00e3o, Joel\u00a0 Souza Nascimento, Joelson Martins Barrozo, Jonathan Cardoso Amanaj\u00e1s, Jos\u00e9 de Nazar\u00e9 Ara\u00fajo Paix\u00e3o, Kleyser Couglhan Alencar Bruce, Leonardo Santana Souza J\u00fanior, Manoel Nonato de Almeida, Marcelo Almeida Farias, Maria do Socorro Braga de Carvalho, Maur\u00edcio Oliveira de Carvalho, Maxwel dos Santos Santos, Michelle Daiany da Concei\u00e7\u00e3o Trajano, Naiara de Carvalho Leite, Pl\u00ednio Gomes de Ara\u00fajo, Reginaldo Noronha de Castro J\u00fanior, Rodrigo Juc\u00e1 dos Santos, Rubens Camilo de Alencar, Sandro Roberto Lobato da Silva, Sarah Christiny dos Santos Nascimento,\u00a0 Shirlei Cristina Ribeiro Ferreira, Silvio Assis Ayres de Azevedo, Soraia Mid\u00f5es Alves, Thamy Gale\u00e3o Quintas\u00a0 e Wlissys dos Santos Oliveira.\u00a0<\/span><\/p>\n<p style=\"text-align: justify\"><span style=\"font-weight: 400\">Os docentes concursados do Curso de Arquitetura e Urbanismo ingressaram a partir do segundo semestre de 2005, hoje, conta com um bom n\u00famero de profissionais que passaram a contribuir com o primeiro curso regular da UNIFAP fora da sede do Campus Marco Zero. O caminho tra\u00e7ado e percorrido para implanta\u00e7\u00e3o do Curso de Arquitetura e Urbanismo na UNIFAP no Campus Santana, foi uma trajet\u00f3ria importante para Universidade Federal do Amap\u00e1 e para o estado do Amap\u00e1.<\/span><\/p>\t\t\t\t\t\t\t\t<\/div>\n\t\t\t\t<\/div>\n\t\t\t\t<div class=\"elementor-element elementor-element-d304dfa elementor-widget elementor-widget-heading\" data-id=\"d304dfa\" data-element_type=\"widget\" data-e-type=\"widget\" data-widget_type=\"heading.default\">\n\t\t\t\t<div class=\"elementor-widget-container\">\n\t\t\t\t\t<h6 class=\"elementor-heading-title elementor-size-default\">Autor: Prof. Dr. Jos\u00e9 Alberto Tostes<\/h6>\t\t\t\t<\/div>\n\t\t\t\t<\/div>\n\t\t\t\t\t<\/div>\n\t\t<\/div>\n\t\t\t\t\t<\/div>\n\t\t<\/section>\n\t\t\t\t<section class=\"elementor-section elementor-top-section elementor-element elementor-element-c88ad6f elementor-section-content-middle elementor-section-full_width elementor-section-height-default elementor-section-height-default\" data-id=\"c88ad6f\" data-element_type=\"section\" data-e-type=\"section\" data-settings=\"{&quot;background_background&quot;:&quot;classic&quot;}\">\n\t\t\t\t\t\t\t<div class=\"elementor-background-overlay\"><\/div>\n\t\t\t\t\t\t\t<div class=\"elementor-container elementor-column-gap-no\">\n\t\t\t\t\t<div class=\"elementor-column elementor-col-100 elementor-top-column elementor-element elementor-element-0e652aa\" data-id=\"0e652aa\" data-element_type=\"column\" data-e-type=\"column\" data-settings=\"{&quot;background_background&quot;:&quot;classic&quot;}\">\n\t\t\t<div class=\"elementor-widget-wrap elementor-element-populated\">\n\t\t\t\t\t\t<div class=\"elementor-element elementor-element-a82cdad elementor-widget__width-inherit elementor-widget elementor-widget-heading\" data-id=\"a82cdad\" data-element_type=\"widget\" data-e-type=\"widget\" data-widget_type=\"heading.default\">\n\t\t\t\t<div class=\"elementor-widget-container\">\n\t\t\t\t\t<h2 class=\"elementor-heading-title elementor-size-default\">Hist\u00f3rico de Coordenadores\n<\/h2>\t\t\t\t<\/div>\n\t\t\t\t<\/div>\n\t\t\t\t\t<\/div>\n\t\t<\/div>\n\t\t\t\t\t<\/div>\n\t\t<\/section>\n\t\t\t\t<section class=\"elementor-section elementor-top-section elementor-element elementor-element-fg0jkj3 elementor-section-boxed elementor-section-height-default elementor-section-height-default\" data-id=\"fg0jkj3\" data-element_type=\"section\" data-e-type=\"section\" data-settings=\"{&quot;background_background&quot;:&quot;classic&quot;}\">\n\t\t\t\t\t\t<div class=\"elementor-container elementor-column-gap-default\">\n\t\t\t\t\t<div class=\"elementor-column elementor-col-50 elementor-top-column elementor-element elementor-element-b95baea\" data-id=\"b95baea\" data-element_type=\"column\" data-e-type=\"column\">\n\t\t\t<div class=\"elementor-widget-wrap elementor-element-populated\">\n\t\t\t\t\t\t<section class=\"elementor-section elementor-inner-section elementor-element elementor-element-f5bddf0 elementor-section-content-middle elementor-section-height-min-height elementor-section-boxed elementor-section-height-default\" data-id=\"f5bddf0\" data-element_type=\"section\" data-e-type=\"section\" data-settings=\"{&quot;background_background&quot;:&quot;classic&quot;}\">\n\t\t\t\t\t\t<div class=\"elementor-container elementor-column-gap-default\">\n\t\t\t\t\t<div class=\"elementor-column elementor-col-33 elementor-inner-column elementor-element elementor-element-c83ea37\" data-id=\"c83ea37\" data-element_type=\"column\" data-e-type=\"column\">\n\t\t\t<div class=\"elementor-widget-wrap elementor-element-populated\">\n\t\t\t\t\t\t<div class=\"elementor-element elementor-element-65f72c0 elementor-widget elementor-widget-image\" data-id=\"65f72c0\" data-element_type=\"widget\" data-e-type=\"widget\" data-widget_type=\"image.default\">\n\t\t\t\t<div class=\"elementor-widget-container\">\n\t\t\t\t\t\t\t\t\t\t\t\t\t\t\t<img decoding=\"async\" width=\"500\" height=\"500\" src=\"https:\/\/www2.unifap.br\/arquitetura\/files\/2024\/02\/1.png\" class=\"attachment-large size-large wp-image-6072\" alt=\"\" srcset=\"https:\/\/www2.unifap.br\/arquitetura\/files\/2024\/02\/1.png 500w, https:\/\/www2.unifap.br\/arquitetura\/files\/2024\/02\/1-300x300.png 300w, https:\/\/www2.unifap.br\/arquitetura\/files\/2024\/02\/1-150x150.png 150w\" sizes=\"(max-width: 500px) 100vw, 500px\" \/>\t\t\t\t\t\t\t\t\t\t\t\t\t\t\t<\/div>\n\t\t\t\t<\/div>\n\t\t\t\t\t<\/div>\n\t\t<\/div>\n\t\t\t\t<div class=\"elementor-column elementor-col-66 elementor-inner-column elementor-element elementor-element-ac66b1b\" data-id=\"ac66b1b\" data-element_type=\"column\" data-e-type=\"column\">\n\t\t\t<div class=\"elementor-widget-wrap elementor-element-populated\">\n\t\t\t\t\t\t<div class=\"elementor-element elementor-element-78dad0d elementor-widget elementor-widget-heading\" data-id=\"78dad0d\" data-element_type=\"widget\" data-e-type=\"widget\" data-widget_type=\"heading.default\">\n\t\t\t\t<div class=\"elementor-widget-container\">\n\t\t\t\t\t<h5 class=\"elementor-heading-title elementor-size-default\">Prof. Dr. Jos\u00e9 Alberto Tostes<\/h5>\t\t\t\t<\/div>\n\t\t\t\t<\/div>\n\t\t\t\t<div class=\"elementor-element elementor-element-b4f098c elementor-widget elementor-widget-heading\" data-id=\"b4f098c\" data-element_type=\"widget\" data-e-type=\"widget\" data-widget_type=\"heading.default\">\n\t\t\t\t<div class=\"elementor-widget-container\">\n\t\t\t\t\t<div class=\"elementor-heading-title elementor-size-small\">Coordenador<\/div>\t\t\t\t<\/div>\n\t\t\t\t<\/div>\n\t\t\t\t<div class=\"elementor-element elementor-element-a06abad elementor-widget elementor-widget-heading\" data-id=\"a06abad\" data-element_type=\"widget\" data-e-type=\"widget\" data-widget_type=\"heading.default\">\n\t\t\t\t<div class=\"elementor-widget-container\">\n\t\t\t\t\t<h6 class=\"elementor-heading-title elementor-size-default\">1\u00aa Gest\u00e3o do CAU\/UNIFAP  (2004 \u00e0 2006) <\/h6>\t\t\t\t<\/div>\n\t\t\t\t<\/div>\n\t\t\t\t\t<\/div>\n\t\t<\/div>\n\t\t\t\t\t<\/div>\n\t\t<\/section>\n\t\t\t\t<section class=\"elementor-section elementor-inner-section elementor-element elementor-element-4fe2e2b elementor-section-content-middle elementor-section-height-min-height elementor-section-boxed elementor-section-height-default\" data-id=\"4fe2e2b\" data-element_type=\"section\" data-e-type=\"section\" data-settings=\"{&quot;background_background&quot;:&quot;classic&quot;}\">\n\t\t\t\t\t\t<div class=\"elementor-container elementor-column-gap-default\">\n\t\t\t\t\t<div class=\"elementor-column elementor-col-33 elementor-inner-column elementor-element elementor-element-7c4a4e8\" data-id=\"7c4a4e8\" data-element_type=\"column\" data-e-type=\"column\">\n\t\t\t<div class=\"elementor-widget-wrap elementor-element-populated\">\n\t\t\t\t\t\t<div class=\"elementor-element elementor-element-dee1189 elementor-widget elementor-widget-image\" data-id=\"dee1189\" data-element_type=\"widget\" data-e-type=\"widget\" data-widget_type=\"image.default\">\n\t\t\t\t<div class=\"elementor-widget-container\">\n\t\t\t\t\t\t\t\t\t\t\t\t\t\t\t<img decoding=\"async\" width=\"500\" height=\"500\" src=\"https:\/\/www2.unifap.br\/arquitetura\/files\/2024\/02\/2.png\" class=\"attachment-large size-large wp-image-6073\" alt=\"\" srcset=\"https:\/\/www2.unifap.br\/arquitetura\/files\/2024\/02\/2.png 500w, https:\/\/www2.unifap.br\/arquitetura\/files\/2024\/02\/2-300x300.png 300w, https:\/\/www2.unifap.br\/arquitetura\/files\/2024\/02\/2-150x150.png 150w\" sizes=\"(max-width: 500px) 100vw, 500px\" \/>\t\t\t\t\t\t\t\t\t\t\t\t\t\t\t<\/div>\n\t\t\t\t<\/div>\n\t\t\t\t\t<\/div>\n\t\t<\/div>\n\t\t\t\t<div class=\"elementor-column elementor-col-66 elementor-inner-column elementor-element elementor-element-4ef893a\" data-id=\"4ef893a\" data-element_type=\"column\" data-e-type=\"column\">\n\t\t\t<div class=\"elementor-widget-wrap elementor-element-populated\">\n\t\t\t\t\t\t<div class=\"elementor-element elementor-element-e2c2729 elementor-widget elementor-widget-heading\" data-id=\"e2c2729\" data-element_type=\"widget\" data-e-type=\"widget\" data-widget_type=\"heading.default\">\n\t\t\t\t<div class=\"elementor-widget-container\">\n\t\t\t\t\t<h5 class=\"elementor-heading-title elementor-size-default\">Profa. Ma. Profa. Danielle Costa Gumar\u00e3es<\/h5>\t\t\t\t<\/div>\n\t\t\t\t<\/div>\n\t\t\t\t<div class=\"elementor-element elementor-element-a05d5a1 elementor-widget elementor-widget-heading\" data-id=\"a05d5a1\" data-element_type=\"widget\" data-e-type=\"widget\" data-widget_type=\"heading.default\">\n\t\t\t\t<div class=\"elementor-widget-container\">\n\t\t\t\t\t<div class=\"elementor-heading-title elementor-size-small\">Coordenador<\/div>\t\t\t\t<\/div>\n\t\t\t\t<\/div>\n\t\t\t\t<div class=\"elementor-element elementor-element-8f71759 elementor-widget elementor-widget-heading\" data-id=\"8f71759\" data-element_type=\"widget\" data-e-type=\"widget\" data-widget_type=\"heading.default\">\n\t\t\t\t<div class=\"elementor-widget-container\">\n\t\t\t\t\t<h6 class=\"elementor-heading-title elementor-size-default\"> 2\u00aa Gest\u00e3o do CAU\/UNIFAP  (2006 \u00e0 2008) <\/h6>\t\t\t\t<\/div>\n\t\t\t\t<\/div>\n\t\t\t\t\t<\/div>\n\t\t<\/div>\n\t\t\t\t\t<\/div>\n\t\t<\/section>\n\t\t\t\t\t<\/div>\n\t\t<\/div>\n\t\t\t\t<div class=\"elementor-column elementor-col-50 elementor-top-column elementor-element elementor-element-99e6915\" data-id=\"99e6915\" data-element_type=\"column\" data-e-type=\"column\">\n\t\t\t<div class=\"elementor-widget-wrap elementor-element-populated\">\n\t\t\t\t\t\t<section class=\"elementor-section elementor-inner-section elementor-element elementor-element-c8cd788 elementor-section-content-middle elementor-section-height-min-height elementor-section-boxed elementor-section-height-default\" data-id=\"c8cd788\" data-element_type=\"section\" data-e-type=\"section\" data-settings=\"{&quot;background_background&quot;:&quot;classic&quot;}\">\n\t\t\t\t\t\t<div class=\"elementor-container elementor-column-gap-default\">\n\t\t\t\t\t<div class=\"elementor-column elementor-col-33 elementor-inner-column elementor-element elementor-element-f0380cc\" data-id=\"f0380cc\" data-element_type=\"column\" data-e-type=\"column\">\n\t\t\t<div class=\"elementor-widget-wrap elementor-element-populated\">\n\t\t\t\t\t\t<div class=\"elementor-element elementor-element-05b35a7 elementor-widget elementor-widget-image\" data-id=\"05b35a7\" data-element_type=\"widget\" data-e-type=\"widget\" data-widget_type=\"image.default\">\n\t\t\t\t<div class=\"elementor-widget-container\">\n\t\t\t\t\t\t\t\t\t\t\t\t\t\t\t<img loading=\"lazy\" decoding=\"async\" width=\"500\" height=\"500\" src=\"https:\/\/www2.unifap.br\/arquitetura\/files\/2024\/02\/3.png\" class=\"attachment-large size-large wp-image-6074\" alt=\"\" srcset=\"https:\/\/www2.unifap.br\/arquitetura\/files\/2024\/02\/3.png 500w, https:\/\/www2.unifap.br\/arquitetura\/files\/2024\/02\/3-300x300.png 300w, https:\/\/www2.unifap.br\/arquitetura\/files\/2024\/02\/3-150x150.png 150w\" sizes=\"(max-width: 500px) 100vw, 500px\" \/>\t\t\t\t\t\t\t\t\t\t\t\t\t\t\t<\/div>\n\t\t\t\t<\/div>\n\t\t\t\t\t<\/div>\n\t\t<\/div>\n\t\t\t\t<div class=\"elementor-column elementor-col-66 elementor-inner-column elementor-element elementor-element-c695306\" data-id=\"c695306\" data-element_type=\"column\" data-e-type=\"column\">\n\t\t\t<div class=\"elementor-widget-wrap elementor-element-populated\">\n\t\t\t\t\t\t<div class=\"elementor-element elementor-element-e99aec5 elementor-widget elementor-widget-heading\" data-id=\"e99aec5\" data-element_type=\"widget\" data-e-type=\"widget\" data-widget_type=\"heading.default\">\n\t\t\t\t<div class=\"elementor-widget-container\">\n\t\t\t\t\t<h5 class=\"elementor-heading-title elementor-size-default\">Prof. Me. Oscarito Antunes do Nascimento<\/h5>\t\t\t\t<\/div>\n\t\t\t\t<\/div>\n\t\t\t\t<div class=\"elementor-element elementor-element-085d0e4 elementor-widget elementor-widget-heading\" data-id=\"085d0e4\" data-element_type=\"widget\" data-e-type=\"widget\" data-widget_type=\"heading.default\">\n\t\t\t\t<div class=\"elementor-widget-container\">\n\t\t\t\t\t<div class=\"elementor-heading-title elementor-size-small\">Coordenador<\/div>\t\t\t\t<\/div>\n\t\t\t\t<\/div>\n\t\t\t\t<div class=\"elementor-element elementor-element-2de6af9 elementor-widget elementor-widget-heading\" data-id=\"2de6af9\" data-element_type=\"widget\" data-e-type=\"widget\" data-widget_type=\"heading.default\">\n\t\t\t\t<div class=\"elementor-widget-container\">\n\t\t\t\t\t<h6 class=\"elementor-heading-title elementor-size-default\">Vice-coodernadora: TAE L\u00facia Aparecida Furlan\n<\/br> <\/br>\n3\u00aa Gest\u00e3o do CAU\/UNIFAP (2008 \u00e0 2009)\n<\/h6>\t\t\t\t<\/div>\n\t\t\t\t<\/div>\n\t\t\t\t\t<\/div>\n\t\t<\/div>\n\t\t\t\t\t<\/div>\n\t\t<\/section>\n\t\t\t\t<section class=\"elementor-section elementor-inner-section elementor-element elementor-element-e889255 elementor-section-content-middle elementor-section-height-min-height elementor-section-boxed elementor-section-height-default\" data-id=\"e889255\" data-element_type=\"section\" data-e-type=\"section\" data-settings=\"{&quot;background_background&quot;:&quot;classic&quot;}\">\n\t\t\t\t\t\t<div class=\"elementor-container elementor-column-gap-default\">\n\t\t\t\t\t<div class=\"elementor-column elementor-col-33 elementor-inner-column elementor-element elementor-element-1c800e7\" data-id=\"1c800e7\" data-element_type=\"column\" data-e-type=\"column\">\n\t\t\t<div class=\"elementor-widget-wrap elementor-element-populated\">\n\t\t\t\t\t\t<div class=\"elementor-element elementor-element-1af8826 elementor-widget elementor-widget-image\" data-id=\"1af8826\" data-element_type=\"widget\" data-e-type=\"widget\" data-widget_type=\"image.default\">\n\t\t\t\t<div class=\"elementor-widget-container\">\n\t\t\t\t\t\t\t\t\t\t\t\t\t\t\t<img loading=\"lazy\" decoding=\"async\" width=\"500\" height=\"500\" src=\"https:\/\/www2.unifap.br\/arquitetura\/files\/2024\/02\/4.png\" class=\"attachment-large size-large wp-image-6089\" alt=\"\" srcset=\"https:\/\/www2.unifap.br\/arquitetura\/files\/2024\/02\/4.png 500w, https:\/\/www2.unifap.br\/arquitetura\/files\/2024\/02\/4-300x300.png 300w, https:\/\/www2.unifap.br\/arquitetura\/files\/2024\/02\/4-150x150.png 150w\" sizes=\"(max-width: 500px) 100vw, 500px\" \/>\t\t\t\t\t\t\t\t\t\t\t\t\t\t\t<\/div>\n\t\t\t\t<\/div>\n\t\t\t\t\t<\/div>\n\t\t<\/div>\n\t\t\t\t<div class=\"elementor-column elementor-col-66 elementor-inner-column elementor-element elementor-element-a1c5fe0\" data-id=\"a1c5fe0\" data-element_type=\"column\" data-e-type=\"column\">\n\t\t\t<div class=\"elementor-widget-wrap elementor-element-populated\">\n\t\t\t\t\t\t<div class=\"elementor-element elementor-element-fa015dc elementor-widget elementor-widget-heading\" data-id=\"fa015dc\" data-element_type=\"widget\" data-e-type=\"widget\" data-widget_type=\"heading.default\">\n\t\t\t\t<div class=\"elementor-widget-container\">\n\t\t\t\t\t<h5 class=\"elementor-heading-title elementor-size-default\">Profa. Esp. Ana Karina Nascimento Silva Rodrigues<\/h5>\t\t\t\t<\/div>\n\t\t\t\t<\/div>\n\t\t\t\t<div class=\"elementor-element elementor-element-3e956cc elementor-widget elementor-widget-heading\" data-id=\"3e956cc\" data-element_type=\"widget\" data-e-type=\"widget\" data-widget_type=\"heading.default\">\n\t\t\t\t<div class=\"elementor-widget-container\">\n\t\t\t\t\t<div class=\"elementor-heading-title elementor-size-small\">Coordenador<\/div>\t\t\t\t<\/div>\n\t\t\t\t<\/div>\n\t\t\t\t<div class=\"elementor-element elementor-element-1adecbb elementor-widget elementor-widget-heading\" data-id=\"1adecbb\" data-element_type=\"widget\" data-e-type=\"widget\" data-widget_type=\"heading.default\">\n\t\t\t\t<div class=\"elementor-widget-container\">\n\t\t\t\t\t<h6 class=\"elementor-heading-title elementor-size-default\">Vice-coodernadora: TAE L\u00facia Aparecida Furlan\n<br><br>\n4\u00aa Gest\u00e3o do CAU\/UNIFAP (2009 \u00e0 2012)<\/h6>\t\t\t\t<\/div>\n\t\t\t\t<\/div>\n\t\t\t\t\t<\/div>\n\t\t<\/div>\n\t\t\t\t\t<\/div>\n\t\t<\/section>\n\t\t\t\t\t<\/div>\n\t\t<\/div>\n\t\t\t\t\t<\/div>\n\t\t<\/section>\n\t\t\t\t<section class=\"elementor-section elementor-top-section elementor-element elementor-element-857ff1f elementor-section-boxed elementor-section-height-default elementor-section-height-default\" data-id=\"857ff1f\" data-element_type=\"section\" data-e-type=\"section\" data-settings=\"{&quot;background_background&quot;:&quot;classic&quot;}\">\n\t\t\t\t\t\t<div class=\"elementor-container elementor-column-gap-default\">\n\t\t\t\t\t<div class=\"elementor-column elementor-col-50 elementor-top-column elementor-element elementor-element-355c721\" data-id=\"355c721\" data-element_type=\"column\" data-e-type=\"column\">\n\t\t\t<div class=\"elementor-widget-wrap elementor-element-populated\">\n\t\t\t\t\t\t<section class=\"elementor-section elementor-inner-section elementor-element elementor-element-1790820 elementor-section-content-middle elementor-section-height-min-height elementor-section-boxed elementor-section-height-default\" data-id=\"1790820\" data-element_type=\"section\" data-e-type=\"section\" data-settings=\"{&quot;background_background&quot;:&quot;classic&quot;}\">\n\t\t\t\t\t\t<div class=\"elementor-container elementor-column-gap-default\">\n\t\t\t\t\t<div class=\"elementor-column elementor-col-33 elementor-inner-column elementor-element elementor-element-1d5b2f6\" data-id=\"1d5b2f6\" data-element_type=\"column\" data-e-type=\"column\">\n\t\t\t<div class=\"elementor-widget-wrap elementor-element-populated\">\n\t\t\t\t\t\t<div class=\"elementor-element elementor-element-693efcb elementor-widget elementor-widget-image\" data-id=\"693efcb\" data-element_type=\"widget\" data-e-type=\"widget\" data-widget_type=\"image.default\">\n\t\t\t\t<div class=\"elementor-widget-container\">\n\t\t\t\t\t\t\t\t\t\t\t\t\t\t\t<img loading=\"lazy\" decoding=\"async\" width=\"500\" height=\"500\" src=\"https:\/\/www2.unifap.br\/arquitetura\/files\/2024\/02\/5.png\" class=\"attachment-large size-large wp-image-6090\" alt=\"\" srcset=\"https:\/\/www2.unifap.br\/arquitetura\/files\/2024\/02\/5.png 500w, https:\/\/www2.unifap.br\/arquitetura\/files\/2024\/02\/5-300x300.png 300w, https:\/\/www2.unifap.br\/arquitetura\/files\/2024\/02\/5-150x150.png 150w\" sizes=\"(max-width: 500px) 100vw, 500px\" \/>\t\t\t\t\t\t\t\t\t\t\t\t\t\t\t<\/div>\n\t\t\t\t<\/div>\n\t\t\t\t\t<\/div>\n\t\t<\/div>\n\t\t\t\t<div class=\"elementor-column elementor-col-66 elementor-inner-column elementor-element elementor-element-bfeab0f\" data-id=\"bfeab0f\" data-element_type=\"column\" data-e-type=\"column\">\n\t\t\t<div class=\"elementor-widget-wrap elementor-element-populated\">\n\t\t\t\t\t\t<div class=\"elementor-element elementor-element-f1156b2 elementor-widget elementor-widget-heading\" data-id=\"f1156b2\" data-element_type=\"widget\" data-e-type=\"widget\" data-widget_type=\"heading.default\">\n\t\t\t\t<div class=\"elementor-widget-container\">\n\t\t\t\t\t<h5 class=\"elementor-heading-title elementor-size-default\">Profa. Dra. Ivanize Claudia dos Santos e Silva<\/h5>\t\t\t\t<\/div>\n\t\t\t\t<\/div>\n\t\t\t\t<div class=\"elementor-element elementor-element-57c2623 elementor-widget elementor-widget-heading\" data-id=\"57c2623\" data-element_type=\"widget\" data-e-type=\"widget\" data-widget_type=\"heading.default\">\n\t\t\t\t<div class=\"elementor-widget-container\">\n\t\t\t\t\t<div class=\"elementor-heading-title elementor-size-small\">Coordenador<\/div>\t\t\t\t<\/div>\n\t\t\t\t<\/div>\n\t\t\t\t<div class=\"elementor-element elementor-element-0942cf5 elementor-widget elementor-widget-heading\" data-id=\"0942cf5\" data-element_type=\"widget\" data-e-type=\"widget\" data-widget_type=\"heading.default\">\n\t\t\t\t<div class=\"elementor-widget-container\">\n\t\t\t\t\t<h6 class=\"elementor-heading-title elementor-size-default\">Vice-coodernadora: Profa. Dra. F\u00e1tima Maria Andrade Pelaes  <br> <br>\n5\u00aa Gest\u00e3o do CAU\/UNIFAP (2012 \u00e0 2013)<\/h6>\t\t\t\t<\/div>\n\t\t\t\t<\/div>\n\t\t\t\t\t<\/div>\n\t\t<\/div>\n\t\t\t\t\t<\/div>\n\t\t<\/section>\n\t\t\t\t<section class=\"elementor-section elementor-inner-section elementor-element elementor-element-6307005 elementor-section-content-middle elementor-section-height-min-height elementor-section-boxed elementor-section-height-default\" data-id=\"6307005\" data-element_type=\"section\" data-e-type=\"section\" data-settings=\"{&quot;background_background&quot;:&quot;classic&quot;}\">\n\t\t\t\t\t\t<div class=\"elementor-container elementor-column-gap-default\">\n\t\t\t\t\t<div class=\"elementor-column elementor-col-33 elementor-inner-column elementor-element elementor-element-e966ef3\" data-id=\"e966ef3\" data-element_type=\"column\" data-e-type=\"column\">\n\t\t\t<div class=\"elementor-widget-wrap elementor-element-populated\">\n\t\t\t\t\t\t<div class=\"elementor-element elementor-element-511dbb2 elementor-widget elementor-widget-image\" data-id=\"511dbb2\" data-element_type=\"widget\" data-e-type=\"widget\" data-widget_type=\"image.default\">\n\t\t\t\t<div class=\"elementor-widget-container\">\n\t\t\t\t\t\t\t\t\t\t\t\t\t\t\t<img loading=\"lazy\" decoding=\"async\" width=\"500\" height=\"500\" src=\"https:\/\/www2.unifap.br\/arquitetura\/files\/2024\/02\/6.png\" class=\"attachment-large size-large wp-image-6091\" alt=\"\" srcset=\"https:\/\/www2.unifap.br\/arquitetura\/files\/2024\/02\/6.png 500w, https:\/\/www2.unifap.br\/arquitetura\/files\/2024\/02\/6-300x300.png 300w, https:\/\/www2.unifap.br\/arquitetura\/files\/2024\/02\/6-150x150.png 150w\" sizes=\"(max-width: 500px) 100vw, 500px\" \/>\t\t\t\t\t\t\t\t\t\t\t\t\t\t\t<\/div>\n\t\t\t\t<\/div>\n\t\t\t\t\t<\/div>\n\t\t<\/div>\n\t\t\t\t<div class=\"elementor-column elementor-col-66 elementor-inner-column elementor-element elementor-element-7802130\" data-id=\"7802130\" data-element_type=\"column\" data-e-type=\"column\">\n\t\t\t<div class=\"elementor-widget-wrap elementor-element-populated\">\n\t\t\t\t\t\t<div class=\"elementor-element elementor-element-80aaf9d elementor-widget elementor-widget-heading\" data-id=\"80aaf9d\" data-element_type=\"widget\" data-e-type=\"widget\" data-widget_type=\"heading.default\">\n\t\t\t\t<div class=\"elementor-widget-container\">\n\t\t\t\t\t<h5 class=\"elementor-heading-title elementor-size-default\">Profa. Dra. F\u00e1tima Maria Andrade Pelaes\n<\/h5>\t\t\t\t<\/div>\n\t\t\t\t<\/div>\n\t\t\t\t<div class=\"elementor-element elementor-element-e8407e2 elementor-widget elementor-widget-heading\" data-id=\"e8407e2\" data-element_type=\"widget\" data-e-type=\"widget\" data-widget_type=\"heading.default\">\n\t\t\t\t<div class=\"elementor-widget-container\">\n\t\t\t\t\t<div class=\"elementor-heading-title elementor-size-small\">Coordenador<\/div>\t\t\t\t<\/div>\n\t\t\t\t<\/div>\n\t\t\t\t<div class=\"elementor-element elementor-element-1316c8f elementor-widget elementor-widget-heading\" data-id=\"1316c8f\" data-element_type=\"widget\" data-e-type=\"widget\" data-widget_type=\"heading.default\">\n\t\t\t\t<div class=\"elementor-widget-container\">\n\t\t\t\t\t<h6 class=\"elementor-heading-title elementor-size-default\">Vice-coodernador: Prof. Dr. Jamil Jos\u00e9 Salim Neto\n<br> <br>\n6\u00aa Gest\u00e3o do CAU\/UNIFAP (2013)<\/h6>\t\t\t\t<\/div>\n\t\t\t\t<\/div>\n\t\t\t\t\t<\/div>\n\t\t<\/div>\n\t\t\t\t\t<\/div>\n\t\t<\/section>\n\t\t\t\t\t<\/div>\n\t\t<\/div>\n\t\t\t\t<div class=\"elementor-column elementor-col-50 elementor-top-column elementor-element elementor-element-35c1d42\" data-id=\"35c1d42\" data-element_type=\"column\" data-e-type=\"column\">\n\t\t\t<div class=\"elementor-widget-wrap elementor-element-populated\">\n\t\t\t\t\t\t<section class=\"elementor-section elementor-inner-section elementor-element elementor-element-5e4e2a7 elementor-section-content-middle elementor-section-height-min-height elementor-section-boxed elementor-section-height-default\" data-id=\"5e4e2a7\" data-element_type=\"section\" data-e-type=\"section\" data-settings=\"{&quot;background_background&quot;:&quot;classic&quot;}\">\n\t\t\t\t\t\t<div class=\"elementor-container elementor-column-gap-default\">\n\t\t\t\t\t<div class=\"elementor-column elementor-col-33 elementor-inner-column elementor-element elementor-element-3f40d53\" data-id=\"3f40d53\" data-element_type=\"column\" data-e-type=\"column\">\n\t\t\t<div class=\"elementor-widget-wrap elementor-element-populated\">\n\t\t\t\t\t\t<div class=\"elementor-element elementor-element-e200bc6 elementor-widget elementor-widget-image\" data-id=\"e200bc6\" data-element_type=\"widget\" data-e-type=\"widget\" data-widget_type=\"image.default\">\n\t\t\t\t<div class=\"elementor-widget-container\">\n\t\t\t\t\t\t\t\t\t\t\t\t\t\t\t<img loading=\"lazy\" decoding=\"async\" width=\"500\" height=\"500\" src=\"https:\/\/www2.unifap.br\/arquitetura\/files\/2024\/02\/7.png\" class=\"attachment-large size-large wp-image-6110\" alt=\"\" srcset=\"https:\/\/www2.unifap.br\/arquitetura\/files\/2024\/02\/7.png 500w, https:\/\/www2.unifap.br\/arquitetura\/files\/2024\/02\/7-300x300.png 300w, https:\/\/www2.unifap.br\/arquitetura\/files\/2024\/02\/7-150x150.png 150w\" sizes=\"(max-width: 500px) 100vw, 500px\" \/>\t\t\t\t\t\t\t\t\t\t\t\t\t\t\t<\/div>\n\t\t\t\t<\/div>\n\t\t\t\t\t<\/div>\n\t\t<\/div>\n\t\t\t\t<div class=\"elementor-column elementor-col-66 elementor-inner-column elementor-element elementor-element-7a8dd51\" data-id=\"7a8dd51\" data-element_type=\"column\" data-e-type=\"column\">\n\t\t\t<div class=\"elementor-widget-wrap elementor-element-populated\">\n\t\t\t\t\t\t<div class=\"elementor-element elementor-element-e7f6f4a elementor-widget elementor-widget-heading\" data-id=\"e7f6f4a\" data-element_type=\"widget\" data-e-type=\"widget\" data-widget_type=\"heading.default\">\n\t\t\t\t<div class=\"elementor-widget-container\">\n\t\t\t\t\t<h5 class=\"elementor-heading-title elementor-size-default\">Profa. Dra. F\u00e1tima Maria Andrade Pelaes<\/h5>\t\t\t\t<\/div>\n\t\t\t\t<\/div>\n\t\t\t\t<div class=\"elementor-element elementor-element-47d9bfb elementor-widget elementor-widget-heading\" data-id=\"47d9bfb\" data-element_type=\"widget\" data-e-type=\"widget\" data-widget_type=\"heading.default\">\n\t\t\t\t<div class=\"elementor-widget-container\">\n\t\t\t\t\t<div class=\"elementor-heading-title elementor-size-small\">Coordenador<\/div>\t\t\t\t<\/div>\n\t\t\t\t<\/div>\n\t\t\t\t<div class=\"elementor-element elementor-element-73320ba elementor-widget elementor-widget-heading\" data-id=\"73320ba\" data-element_type=\"widget\" data-e-type=\"widget\" data-widget_type=\"heading.default\">\n\t\t\t\t<div class=\"elementor-widget-container\">\n\t\t\t\t\t<h6 class=\"elementor-heading-title elementor-size-default\">Vice-coodernador: Prof. Dr. Jodival Maur\u00edcio da Costa\n<br> <br>\n7\u00aa Gest\u00e3o do CAU\/UNIFAP (2013 \u00e0 2014)<\/h6>\t\t\t\t<\/div>\n\t\t\t\t<\/div>\n\t\t\t\t\t<\/div>\n\t\t<\/div>\n\t\t\t\t\t<\/div>\n\t\t<\/section>\n\t\t\t\t<section class=\"elementor-section elementor-inner-section elementor-element elementor-element-3df0606 elementor-section-content-middle elementor-section-height-min-height elementor-section-boxed elementor-section-height-default\" data-id=\"3df0606\" data-element_type=\"section\" data-e-type=\"section\" data-settings=\"{&quot;background_background&quot;:&quot;classic&quot;}\">\n\t\t\t\t\t\t<div class=\"elementor-container elementor-column-gap-default\">\n\t\t\t\t\t<div class=\"elementor-column elementor-col-33 elementor-inner-column elementor-element elementor-element-e32e998\" data-id=\"e32e998\" data-element_type=\"column\" data-e-type=\"column\">\n\t\t\t<div class=\"elementor-widget-wrap elementor-element-populated\">\n\t\t\t\t\t\t<div class=\"elementor-element elementor-element-e58dee7 elementor-widget elementor-widget-image\" data-id=\"e58dee7\" data-element_type=\"widget\" data-e-type=\"widget\" data-widget_type=\"image.default\">\n\t\t\t\t<div class=\"elementor-widget-container\">\n\t\t\t\t\t\t\t\t\t\t\t\t\t\t\t<img loading=\"lazy\" decoding=\"async\" width=\"500\" height=\"500\" src=\"https:\/\/www2.unifap.br\/arquitetura\/files\/2024\/02\/5.png\" class=\"attachment-large size-large wp-image-6090\" alt=\"\" srcset=\"https:\/\/www2.unifap.br\/arquitetura\/files\/2024\/02\/5.png 500w, https:\/\/www2.unifap.br\/arquitetura\/files\/2024\/02\/5-300x300.png 300w, https:\/\/www2.unifap.br\/arquitetura\/files\/2024\/02\/5-150x150.png 150w\" sizes=\"(max-width: 500px) 100vw, 500px\" \/>\t\t\t\t\t\t\t\t\t\t\t\t\t\t\t<\/div>\n\t\t\t\t<\/div>\n\t\t\t\t\t<\/div>\n\t\t<\/div>\n\t\t\t\t<div class=\"elementor-column elementor-col-66 elementor-inner-column elementor-element elementor-element-d80d21b\" data-id=\"d80d21b\" data-element_type=\"column\" data-e-type=\"column\">\n\t\t\t<div class=\"elementor-widget-wrap elementor-element-populated\">\n\t\t\t\t\t\t<div class=\"elementor-element elementor-element-fb05978 elementor-widget elementor-widget-heading\" data-id=\"fb05978\" data-element_type=\"widget\" data-e-type=\"widget\" data-widget_type=\"heading.default\">\n\t\t\t\t<div class=\"elementor-widget-container\">\n\t\t\t\t\t<h5 class=\"elementor-heading-title elementor-size-default\">Profa. Dra. F\u00e1tima Maria Andrade Pelaes\n<\/h5>\t\t\t\t<\/div>\n\t\t\t\t<\/div>\n\t\t\t\t<div class=\"elementor-element elementor-element-0f65a45 elementor-widget elementor-widget-heading\" data-id=\"0f65a45\" data-element_type=\"widget\" data-e-type=\"widget\" data-widget_type=\"heading.default\">\n\t\t\t\t<div class=\"elementor-widget-container\">\n\t\t\t\t\t<div class=\"elementor-heading-title elementor-size-small\">Coordenador<\/div>\t\t\t\t<\/div>\n\t\t\t\t<\/div>\n\t\t\t\t<div class=\"elementor-element elementor-element-361b818 elementor-widget elementor-widget-heading\" data-id=\"361b818\" data-element_type=\"widget\" data-e-type=\"widget\" data-widget_type=\"heading.default\">\n\t\t\t\t<div class=\"elementor-widget-container\">\n\t\t\t\t\t<h6 class=\"elementor-heading-title elementor-size-default\">Vice-coodernador: Prof. Dr. Aires Manuel dos Santos Fernandes\n\n<br> <br>\n8\u00aa Gest\u00e3o do CAU\/UNIFAP (2014)<\/h6>\t\t\t\t<\/div>\n\t\t\t\t<\/div>\n\t\t\t\t\t<\/div>\n\t\t<\/div>\n\t\t\t\t\t<\/div>\n\t\t<\/section>\n\t\t\t\t\t<\/div>\n\t\t<\/div>\n\t\t\t\t\t<\/div>\n\t\t<\/section>\n\t\t\t\t<section class=\"elementor-section elementor-top-section elementor-element elementor-element-4a20c6b elementor-section-boxed elementor-section-height-default elementor-section-height-default\" data-id=\"4a20c6b\" data-element_type=\"section\" data-e-type=\"section\" data-settings=\"{&quot;background_background&quot;:&quot;classic&quot;}\">\n\t\t\t\t\t\t<div class=\"elementor-container elementor-column-gap-default\">\n\t\t\t\t\t<div class=\"elementor-column elementor-col-50 elementor-top-column elementor-element elementor-element-2c71642\" data-id=\"2c71642\" data-element_type=\"column\" data-e-type=\"column\">\n\t\t\t<div class=\"elementor-widget-wrap elementor-element-populated\">\n\t\t\t\t\t\t<section class=\"elementor-section elementor-inner-section elementor-element elementor-element-69fef8e elementor-section-content-middle elementor-section-height-min-height elementor-section-boxed elementor-section-height-default\" data-id=\"69fef8e\" data-element_type=\"section\" data-e-type=\"section\" data-settings=\"{&quot;background_background&quot;:&quot;classic&quot;}\">\n\t\t\t\t\t\t<div class=\"elementor-container elementor-column-gap-default\">\n\t\t\t\t\t<div class=\"elementor-column elementor-col-33 elementor-inner-column elementor-element elementor-element-e0544e5\" data-id=\"e0544e5\" data-element_type=\"column\" data-e-type=\"column\">\n\t\t\t<div class=\"elementor-widget-wrap elementor-element-populated\">\n\t\t\t\t\t\t<div class=\"elementor-element elementor-element-4f04370 elementor-widget elementor-widget-image\" data-id=\"4f04370\" data-element_type=\"widget\" data-e-type=\"widget\" data-widget_type=\"image.default\">\n\t\t\t\t<div class=\"elementor-widget-container\">\n\t\t\t\t\t\t\t\t\t\t\t\t\t\t\t<img loading=\"lazy\" decoding=\"async\" width=\"500\" height=\"500\" src=\"https:\/\/www2.unifap.br\/arquitetura\/files\/2024\/02\/9.png\" class=\"attachment-large size-large wp-image-6114\" alt=\"\" srcset=\"https:\/\/www2.unifap.br\/arquitetura\/files\/2024\/02\/9.png 500w, https:\/\/www2.unifap.br\/arquitetura\/files\/2024\/02\/9-300x300.png 300w, https:\/\/www2.unifap.br\/arquitetura\/files\/2024\/02\/9-150x150.png 150w\" sizes=\"(max-width: 500px) 100vw, 500px\" \/>\t\t\t\t\t\t\t\t\t\t\t\t\t\t\t<\/div>\n\t\t\t\t<\/div>\n\t\t\t\t\t<\/div>\n\t\t<\/div>\n\t\t\t\t<div class=\"elementor-column elementor-col-66 elementor-inner-column elementor-element elementor-element-3bb74af\" data-id=\"3bb74af\" data-element_type=\"column\" data-e-type=\"column\">\n\t\t\t<div class=\"elementor-widget-wrap elementor-element-populated\">\n\t\t\t\t\t\t<div class=\"elementor-element elementor-element-6a7975e elementor-widget elementor-widget-heading\" data-id=\"6a7975e\" data-element_type=\"widget\" data-e-type=\"widget\" data-widget_type=\"heading.default\">\n\t\t\t\t<div class=\"elementor-widget-container\">\n\t\t\t\t\t<h5 class=\"elementor-heading-title elementor-size-default\">Prof. Dr. Jodival Maur\u00edcio da Costa<\/h5>\t\t\t\t<\/div>\n\t\t\t\t<\/div>\n\t\t\t\t<div class=\"elementor-element elementor-element-f45f154 elementor-widget elementor-widget-heading\" data-id=\"f45f154\" data-element_type=\"widget\" data-e-type=\"widget\" data-widget_type=\"heading.default\">\n\t\t\t\t<div class=\"elementor-widget-container\">\n\t\t\t\t\t<div class=\"elementor-heading-title elementor-size-small\">Coordenador<\/div>\t\t\t\t<\/div>\n\t\t\t\t<\/div>\n\t\t\t\t<div class=\"elementor-element elementor-element-c65192b elementor-widget elementor-widget-heading\" data-id=\"c65192b\" data-element_type=\"widget\" data-e-type=\"widget\" data-widget_type=\"heading.default\">\n\t\t\t\t<div class=\"elementor-widget-container\">\n\t\t\t\t\t<h6 class=\"elementor-heading-title elementor-size-default\">Vice-coodernador: Prof. Dr. Aires Manuel dos Santos Fernandes\n <br> <br>\n9\u00aa Gest\u00e3o do CAU\/UNIFAP (2014 \u00e0 2015)<\/h6>\t\t\t\t<\/div>\n\t\t\t\t<\/div>\n\t\t\t\t\t<\/div>\n\t\t<\/div>\n\t\t\t\t\t<\/div>\n\t\t<\/section>\n\t\t\t\t<section class=\"elementor-section elementor-inner-section elementor-element elementor-element-c4b20da elementor-section-content-middle elementor-section-height-min-height elementor-section-boxed elementor-section-height-default\" data-id=\"c4b20da\" data-element_type=\"section\" data-e-type=\"section\" data-settings=\"{&quot;background_background&quot;:&quot;classic&quot;}\">\n\t\t\t\t\t\t<div class=\"elementor-container elementor-column-gap-default\">\n\t\t\t\t\t<div class=\"elementor-column elementor-col-33 elementor-inner-column elementor-element elementor-element-cddf806\" data-id=\"cddf806\" data-element_type=\"column\" data-e-type=\"column\">\n\t\t\t<div class=\"elementor-widget-wrap elementor-element-populated\">\n\t\t\t\t\t\t<div class=\"elementor-element elementor-element-5b3b809 elementor-widget elementor-widget-image\" data-id=\"5b3b809\" data-element_type=\"widget\" data-e-type=\"widget\" data-widget_type=\"image.default\">\n\t\t\t\t<div class=\"elementor-widget-container\">\n\t\t\t\t\t\t\t\t\t\t\t\t\t\t\t<img loading=\"lazy\" decoding=\"async\" width=\"500\" height=\"500\" src=\"https:\/\/www2.unifap.br\/arquitetura\/files\/2024\/02\/10-1.png\" class=\"attachment-large size-large wp-image-6116\" alt=\"\" srcset=\"https:\/\/www2.unifap.br\/arquitetura\/files\/2024\/02\/10-1.png 500w, https:\/\/www2.unifap.br\/arquitetura\/files\/2024\/02\/10-1-300x300.png 300w, https:\/\/www2.unifap.br\/arquitetura\/files\/2024\/02\/10-1-150x150.png 150w\" sizes=\"(max-width: 500px) 100vw, 500px\" \/>\t\t\t\t\t\t\t\t\t\t\t\t\t\t\t<\/div>\n\t\t\t\t<\/div>\n\t\t\t\t\t<\/div>\n\t\t<\/div>\n\t\t\t\t<div class=\"elementor-column elementor-col-66 elementor-inner-column elementor-element elementor-element-c0c44ac\" data-id=\"c0c44ac\" data-element_type=\"column\" data-e-type=\"column\">\n\t\t\t<div class=\"elementor-widget-wrap elementor-element-populated\">\n\t\t\t\t\t\t<div class=\"elementor-element elementor-element-1634db7 elementor-widget elementor-widget-heading\" data-id=\"1634db7\" data-element_type=\"widget\" data-e-type=\"widget\" data-widget_type=\"heading.default\">\n\t\t\t\t<div class=\"elementor-widget-container\">\n\t\t\t\t\t<h5 class=\"elementor-heading-title elementor-size-default\">Prof. Dr. Jodival Maur\u00edcio da Costa\n<\/h5>\t\t\t\t<\/div>\n\t\t\t\t<\/div>\n\t\t\t\t<div class=\"elementor-element elementor-element-991cce9 elementor-widget elementor-widget-heading\" data-id=\"991cce9\" data-element_type=\"widget\" data-e-type=\"widget\" data-widget_type=\"heading.default\">\n\t\t\t\t<div class=\"elementor-widget-container\">\n\t\t\t\t\t<div class=\"elementor-heading-title elementor-size-small\">Coordenador<\/div>\t\t\t\t<\/div>\n\t\t\t\t<\/div>\n\t\t\t\t<div class=\"elementor-element elementor-element-fd676ae elementor-widget elementor-widget-heading\" data-id=\"fd676ae\" data-element_type=\"widget\" data-e-type=\"widget\" data-widget_type=\"heading.default\">\n\t\t\t\t<div class=\"elementor-widget-container\">\n\t\t\t\t\t<h6 class=\"elementor-heading-title elementor-size-default\">Vice-coodernadora: Prof. Dra. Patr\u00edcia Helena Turola Takamatsu\n<br> <br>\n10\u00aa Gest\u00e3o do CAU\/UNIFAP (2015 \u00e0 2016)<\/h6>\t\t\t\t<\/div>\n\t\t\t\t<\/div>\n\t\t\t\t\t<\/div>\n\t\t<\/div>\n\t\t\t\t\t<\/div>\n\t\t<\/section>\n\t\t\t\t\t<\/div>\n\t\t<\/div>\n\t\t\t\t<div class=\"elementor-column elementor-col-50 elementor-top-column elementor-element elementor-element-8e9761f\" data-id=\"8e9761f\" data-element_type=\"column\" data-e-type=\"column\">\n\t\t\t<div class=\"elementor-widget-wrap elementor-element-populated\">\n\t\t\t\t\t\t<section class=\"elementor-section elementor-inner-section elementor-element elementor-element-049a1c8 elementor-section-content-middle elementor-section-height-min-height elementor-section-boxed elementor-section-height-default\" data-id=\"049a1c8\" data-element_type=\"section\" data-e-type=\"section\" data-settings=\"{&quot;background_background&quot;:&quot;classic&quot;}\">\n\t\t\t\t\t\t<div class=\"elementor-container elementor-column-gap-default\">\n\t\t\t\t\t<div class=\"elementor-column elementor-col-33 elementor-inner-column elementor-element elementor-element-480d5eb\" data-id=\"480d5eb\" data-element_type=\"column\" data-e-type=\"column\">\n\t\t\t<div class=\"elementor-widget-wrap elementor-element-populated\">\n\t\t\t\t\t\t<div class=\"elementor-element elementor-element-ef4fe34 elementor-widget elementor-widget-image\" data-id=\"ef4fe34\" data-element_type=\"widget\" data-e-type=\"widget\" data-widget_type=\"image.default\">\n\t\t\t\t<div class=\"elementor-widget-container\">\n\t\t\t\t\t\t\t\t\t\t\t\t\t\t\t<img loading=\"lazy\" decoding=\"async\" width=\"500\" height=\"500\" src=\"https:\/\/www2.unifap.br\/arquitetura\/files\/2024\/02\/11.png\" class=\"attachment-large size-large wp-image-6222\" alt=\"\" srcset=\"https:\/\/www2.unifap.br\/arquitetura\/files\/2024\/02\/11.png 500w, https:\/\/www2.unifap.br\/arquitetura\/files\/2024\/02\/11-300x300.png 300w, https:\/\/www2.unifap.br\/arquitetura\/files\/2024\/02\/11-150x150.png 150w\" sizes=\"(max-width: 500px) 100vw, 500px\" \/>\t\t\t\t\t\t\t\t\t\t\t\t\t\t\t<\/div>\n\t\t\t\t<\/div>\n\t\t\t\t\t<\/div>\n\t\t<\/div>\n\t\t\t\t<div class=\"elementor-column elementor-col-66 elementor-inner-column elementor-element elementor-element-d9cfa3b\" data-id=\"d9cfa3b\" data-element_type=\"column\" data-e-type=\"column\">\n\t\t\t<div class=\"elementor-widget-wrap elementor-element-populated\">\n\t\t\t\t\t\t<div class=\"elementor-element elementor-element-6e2883f elementor-widget elementor-widget-heading\" data-id=\"6e2883f\" data-element_type=\"widget\" data-e-type=\"widget\" data-widget_type=\"heading.default\">\n\t\t\t\t<div class=\"elementor-widget-container\">\n\t\t\t\t\t<h5 class=\"elementor-heading-title elementor-size-default\">Prof. Dr. Jos\u00e9 Marcelo Martins Medeiros\n<\/h5>\t\t\t\t<\/div>\n\t\t\t\t<\/div>\n\t\t\t\t<div class=\"elementor-element elementor-element-13ff974 elementor-widget elementor-widget-heading\" data-id=\"13ff974\" data-element_type=\"widget\" data-e-type=\"widget\" data-widget_type=\"heading.default\">\n\t\t\t\t<div class=\"elementor-widget-container\">\n\t\t\t\t\t<div class=\"elementor-heading-title elementor-size-small\">Coordenador<\/div>\t\t\t\t<\/div>\n\t\t\t\t<\/div>\n\t\t\t\t<div class=\"elementor-element elementor-element-0bf190e elementor-widget elementor-widget-heading\" data-id=\"0bf190e\" data-element_type=\"widget\" data-e-type=\"widget\" data-widget_type=\"heading.default\">\n\t\t\t\t<div class=\"elementor-widget-container\">\n\t\t\t\t\t<h6 class=\"elementor-heading-title elementor-size-default\">Vice-coodernador: Prof. Me. Wictor Alencar Cunha<br> <br>\n11\u00aa Gest\u00e3o do CAU\/UNIFAP (2016 \u00e0 2018)<\/h6>\t\t\t\t<\/div>\n\t\t\t\t<\/div>\n\t\t\t\t\t<\/div>\n\t\t<\/div>\n\t\t\t\t\t<\/div>\n\t\t<\/section>\n\t\t\t\t<section class=\"elementor-section elementor-inner-section elementor-element elementor-element-8610178 elementor-section-content-middle elementor-section-height-min-height elementor-section-boxed elementor-section-height-default\" data-id=\"8610178\" data-element_type=\"section\" data-e-type=\"section\" data-settings=\"{&quot;background_background&quot;:&quot;classic&quot;}\">\n\t\t\t\t\t\t<div class=\"elementor-container elementor-column-gap-default\">\n\t\t\t\t\t<div class=\"elementor-column elementor-col-33 elementor-inner-column elementor-element elementor-element-d704fbd\" data-id=\"d704fbd\" data-element_type=\"column\" data-e-type=\"column\">\n\t\t\t<div class=\"elementor-widget-wrap elementor-element-populated\">\n\t\t\t\t\t\t<div class=\"elementor-element elementor-element-909f74b elementor-widget elementor-widget-image\" data-id=\"909f74b\" data-element_type=\"widget\" data-e-type=\"widget\" data-widget_type=\"image.default\">\n\t\t\t\t<div class=\"elementor-widget-container\">\n\t\t\t\t\t\t\t\t\t\t\t\t\t\t\t<img loading=\"lazy\" decoding=\"async\" width=\"500\" height=\"500\" src=\"https:\/\/www2.unifap.br\/arquitetura\/files\/2024\/02\/12.png\" class=\"attachment-large size-large wp-image-6225\" alt=\"\" srcset=\"https:\/\/www2.unifap.br\/arquitetura\/files\/2024\/02\/12.png 500w, https:\/\/www2.unifap.br\/arquitetura\/files\/2024\/02\/12-300x300.png 300w, https:\/\/www2.unifap.br\/arquitetura\/files\/2024\/02\/12-150x150.png 150w\" sizes=\"(max-width: 500px) 100vw, 500px\" \/>\t\t\t\t\t\t\t\t\t\t\t\t\t\t\t<\/div>\n\t\t\t\t<\/div>\n\t\t\t\t\t<\/div>\n\t\t<\/div>\n\t\t\t\t<div class=\"elementor-column elementor-col-66 elementor-inner-column elementor-element elementor-element-bb8c8db\" data-id=\"bb8c8db\" data-element_type=\"column\" data-e-type=\"column\">\n\t\t\t<div class=\"elementor-widget-wrap elementor-element-populated\">\n\t\t\t\t\t\t<div class=\"elementor-element elementor-element-2b462c4 elementor-widget elementor-widget-heading\" data-id=\"2b462c4\" data-element_type=\"widget\" data-e-type=\"widget\" data-widget_type=\"heading.default\">\n\t\t\t\t<div class=\"elementor-widget-container\">\n\t\t\t\t\t<h5 class=\"elementor-heading-title elementor-size-default\">Prof. Me. Oscarito Antunes do Nascimento\n<\/h5>\t\t\t\t<\/div>\n\t\t\t\t<\/div>\n\t\t\t\t<div class=\"elementor-element elementor-element-95a3a80 elementor-widget elementor-widget-heading\" data-id=\"95a3a80\" data-element_type=\"widget\" data-e-type=\"widget\" data-widget_type=\"heading.default\">\n\t\t\t\t<div class=\"elementor-widget-container\">\n\t\t\t\t\t<div class=\"elementor-heading-title elementor-size-small\">Coordenador<\/div>\t\t\t\t<\/div>\n\t\t\t\t<\/div>\n\t\t\t\t<div class=\"elementor-element elementor-element-0f80016 elementor-widget elementor-widget-heading\" data-id=\"0f80016\" data-element_type=\"widget\" data-e-type=\"widget\" data-widget_type=\"heading.default\">\n\t\t\t\t<div class=\"elementor-widget-container\">\n\t\t\t\t\t<h6 class=\"elementor-heading-title elementor-size-default\">Vice-coodernador: Prof. Dr. Pedro T\u00e1rcio Pereira Mergulh\u00e3o\n<br> <br>\n12\u00aa Gest\u00e3o do CAU\/UNIFAP (2018 \u00e0 2020)<\/h6>\t\t\t\t<\/div>\n\t\t\t\t<\/div>\n\t\t\t\t\t<\/div>\n\t\t<\/div>\n\t\t\t\t\t<\/div>\n\t\t<\/section>\n\t\t\t\t\t<\/div>\n\t\t<\/div>\n\t\t\t\t\t<\/div>\n\t\t<\/section>\n\t\t\t\t<section class=\"elementor-section elementor-top-section elementor-element elementor-element-b50fe90 elementor-section-boxed elementor-section-height-default elementor-section-height-default\" data-id=\"b50fe90\" data-element_type=\"section\" data-e-type=\"section\" data-settings=\"{&quot;background_background&quot;:&quot;classic&quot;}\">\n\t\t\t\t\t\t<div class=\"elementor-container elementor-column-gap-default\">\n\t\t\t\t\t<div class=\"elementor-column elementor-col-50 elementor-top-column elementor-element elementor-element-4e2750a\" data-id=\"4e2750a\" data-element_type=\"column\" data-e-type=\"column\">\n\t\t\t<div class=\"elementor-widget-wrap elementor-element-populated\">\n\t\t\t\t\t\t<section class=\"elementor-section elementor-inner-section elementor-element elementor-element-ec55538 elementor-section-content-middle elementor-section-height-min-height elementor-section-boxed elementor-section-height-default\" data-id=\"ec55538\" data-element_type=\"section\" data-e-type=\"section\" data-settings=\"{&quot;background_background&quot;:&quot;classic&quot;}\">\n\t\t\t\t\t\t<div class=\"elementor-container elementor-column-gap-default\">\n\t\t\t\t\t<div class=\"elementor-column elementor-col-33 elementor-inner-column elementor-element elementor-element-398db4d\" data-id=\"398db4d\" data-element_type=\"column\" data-e-type=\"column\">\n\t\t\t<div class=\"elementor-widget-wrap elementor-element-populated\">\n\t\t\t\t\t\t<div class=\"elementor-element elementor-element-36bc78b elementor-widget elementor-widget-image\" data-id=\"36bc78b\" data-element_type=\"widget\" data-e-type=\"widget\" data-widget_type=\"image.default\">\n\t\t\t\t<div class=\"elementor-widget-container\">\n\t\t\t\t\t\t\t\t\t\t\t\t\t\t\t<img loading=\"lazy\" decoding=\"async\" width=\"500\" height=\"500\" src=\"https:\/\/www2.unifap.br\/arquitetura\/files\/2024\/02\/14.png\" class=\"attachment-large size-large wp-image-6235\" alt=\"\" srcset=\"https:\/\/www2.unifap.br\/arquitetura\/files\/2024\/02\/14.png 500w, https:\/\/www2.unifap.br\/arquitetura\/files\/2024\/02\/14-300x300.png 300w, https:\/\/www2.unifap.br\/arquitetura\/files\/2024\/02\/14-150x150.png 150w\" sizes=\"(max-width: 500px) 100vw, 500px\" \/>\t\t\t\t\t\t\t\t\t\t\t\t\t\t\t<\/div>\n\t\t\t\t<\/div>\n\t\t\t\t\t<\/div>\n\t\t<\/div>\n\t\t\t\t<div class=\"elementor-column elementor-col-66 elementor-inner-column elementor-element elementor-element-007760c\" data-id=\"007760c\" data-element_type=\"column\" data-e-type=\"column\">\n\t\t\t<div class=\"elementor-widget-wrap elementor-element-populated\">\n\t\t\t\t\t\t<div class=\"elementor-element elementor-element-9b70bd8 elementor-widget elementor-widget-heading\" data-id=\"9b70bd8\" data-element_type=\"widget\" data-e-type=\"widget\" data-widget_type=\"heading.default\">\n\t\t\t\t<div class=\"elementor-widget-container\">\n\t\t\t\t\t<h5 class=\"elementor-heading-title elementor-size-default\">Prof. Me. Oscarito Antunes do Nascimento<\/h5>\t\t\t\t<\/div>\n\t\t\t\t<\/div>\n\t\t\t\t<div class=\"elementor-element elementor-element-f0f16ad elementor-widget elementor-widget-heading\" data-id=\"f0f16ad\" data-element_type=\"widget\" data-e-type=\"widget\" data-widget_type=\"heading.default\">\n\t\t\t\t<div class=\"elementor-widget-container\">\n\t\t\t\t\t<div class=\"elementor-heading-title elementor-size-small\">Coordenador<\/div>\t\t\t\t<\/div>\n\t\t\t\t<\/div>\n\t\t\t\t<div class=\"elementor-element elementor-element-1cf26ee elementor-widget elementor-widget-heading\" data-id=\"1cf26ee\" data-element_type=\"widget\" data-e-type=\"widget\" data-widget_type=\"heading.default\">\n\t\t\t\t<div class=\"elementor-widget-container\">\n\t\t\t\t\t<h6 class=\"elementor-heading-title elementor-size-default\">Vice-coodernadora: Profa. Dra. Patr\u00edcia Helena Turola Takamatsu\n <br> <br>\n13\u00aa Gest\u00e3o do CAU\/UNIFAP (2020 \u00e0 2022)\n<\/h6>\t\t\t\t<\/div>\n\t\t\t\t<\/div>\n\t\t\t\t\t<\/div>\n\t\t<\/div>\n\t\t\t\t\t<\/div>\n\t\t<\/section>\n\t\t\t\t<section class=\"elementor-section elementor-inner-section elementor-element elementor-element-5e7e5f8 elementor-section-content-middle elementor-section-height-min-height elementor-section-boxed elementor-section-height-default\" data-id=\"5e7e5f8\" data-element_type=\"section\" data-e-type=\"section\" data-settings=\"{&quot;background_background&quot;:&quot;classic&quot;}\">\n\t\t\t\t\t\t<div class=\"elementor-container elementor-column-gap-default\">\n\t\t\t\t\t<div class=\"elementor-column elementor-col-33 elementor-inner-column elementor-element elementor-element-6c93bfe\" data-id=\"6c93bfe\" data-element_type=\"column\" data-e-type=\"column\">\n\t\t\t<div class=\"elementor-widget-wrap elementor-element-populated\">\n\t\t\t\t\t\t<div class=\"elementor-element elementor-element-6597f84 elementor-widget elementor-widget-image\" data-id=\"6597f84\" data-element_type=\"widget\" data-e-type=\"widget\" data-widget_type=\"image.default\">\n\t\t\t\t<div class=\"elementor-widget-container\">\n\t\t\t\t\t\t\t\t\t\t\t\t\t\t\t<img loading=\"lazy\" decoding=\"async\" width=\"500\" height=\"500\" src=\"https:\/\/www2.unifap.br\/arquitetura\/files\/2024\/02\/15.png\" class=\"attachment-large size-large wp-image-6236\" alt=\"\" srcset=\"https:\/\/www2.unifap.br\/arquitetura\/files\/2024\/02\/15.png 500w, https:\/\/www2.unifap.br\/arquitetura\/files\/2024\/02\/15-300x300.png 300w, https:\/\/www2.unifap.br\/arquitetura\/files\/2024\/02\/15-150x150.png 150w\" sizes=\"(max-width: 500px) 100vw, 500px\" \/>\t\t\t\t\t\t\t\t\t\t\t\t\t\t\t<\/div>\n\t\t\t\t<\/div>\n\t\t\t\t\t<\/div>\n\t\t<\/div>\n\t\t\t\t<div class=\"elementor-column elementor-col-66 elementor-inner-column elementor-element elementor-element-500c44d\" data-id=\"500c44d\" data-element_type=\"column\" data-e-type=\"column\">\n\t\t\t<div class=\"elementor-widget-wrap elementor-element-populated\">\n\t\t\t\t\t\t<div class=\"elementor-element elementor-element-d7df0da elementor-widget elementor-widget-heading\" data-id=\"d7df0da\" data-element_type=\"widget\" data-e-type=\"widget\" data-widget_type=\"heading.default\">\n\t\t\t\t<div class=\"elementor-widget-container\">\n\t\t\t\t\t<h5 class=\"elementor-heading-title elementor-size-default\">Prof. Me. Oscarito Antunes do Nascimento\n<\/h5>\t\t\t\t<\/div>\n\t\t\t\t<\/div>\n\t\t\t\t<div class=\"elementor-element elementor-element-5657eda elementor-widget elementor-widget-heading\" data-id=\"5657eda\" data-element_type=\"widget\" data-e-type=\"widget\" data-widget_type=\"heading.default\">\n\t\t\t\t<div class=\"elementor-widget-container\">\n\t\t\t\t\t<div class=\"elementor-heading-title elementor-size-small\">Coordenador<\/div>\t\t\t\t<\/div>\n\t\t\t\t<\/div>\n\t\t\t\t<div class=\"elementor-element elementor-element-cc144c9 elementor-widget elementor-widget-heading\" data-id=\"cc144c9\" data-element_type=\"widget\" data-e-type=\"widget\" data-widget_type=\"heading.default\">\n\t\t\t\t<div class=\"elementor-widget-container\">\n\t\t\t\t\t<h6 class=\"elementor-heading-title elementor-size-default\">Vice-coodernador: Prof. Dr. Andr\u00e9 de Barros Coelho\n<br> <br>\n14\u00aa Gest\u00e3o do CAU\/UNIFAP (2022)<\/h6>\t\t\t\t<\/div>\n\t\t\t\t<\/div>\n\t\t\t\t\t<\/div>\n\t\t<\/div>\n\t\t\t\t\t<\/div>\n\t\t<\/section>\n\t\t\t\t<section class=\"elementor-section elementor-inner-section elementor-element elementor-element-7f0eaef elementor-section-content-middle elementor-section-height-min-height elementor-section-boxed elementor-section-height-default\" data-id=\"7f0eaef\" data-element_type=\"section\" data-e-type=\"section\" data-settings=\"{&quot;background_background&quot;:&quot;classic&quot;}\">\n\t\t\t\t\t\t<div class=\"elementor-container elementor-column-gap-default\">\n\t\t\t\t\t<div class=\"elementor-column elementor-col-33 elementor-inner-column elementor-element elementor-element-8b1c079\" data-id=\"8b1c079\" data-element_type=\"column\" data-e-type=\"column\">\n\t\t\t<div class=\"elementor-widget-wrap elementor-element-populated\">\n\t\t\t\t\t\t<div class=\"elementor-element elementor-element-15973fc elementor-widget elementor-widget-image\" data-id=\"15973fc\" data-element_type=\"widget\" data-e-type=\"widget\" data-widget_type=\"image.default\">\n\t\t\t\t<div class=\"elementor-widget-container\">\n\t\t\t\t\t\t\t\t\t\t\t\t\t\t\t<img loading=\"lazy\" decoding=\"async\" width=\"500\" height=\"500\" src=\"https:\/\/www2.unifap.br\/arquitetura\/files\/2024\/03\/img-site.png\" class=\"attachment-large size-large wp-image-8561\" alt=\"\" srcset=\"https:\/\/www2.unifap.br\/arquitetura\/files\/2024\/03\/img-site.png 500w, https:\/\/www2.unifap.br\/arquitetura\/files\/2024\/03\/img-site-300x300.png 300w, https:\/\/www2.unifap.br\/arquitetura\/files\/2024\/03\/img-site-150x150.png 150w\" sizes=\"(max-width: 500px) 100vw, 500px\" \/>\t\t\t\t\t\t\t\t\t\t\t\t\t\t\t<\/div>\n\t\t\t\t<\/div>\n\t\t\t\t\t<\/div>\n\t\t<\/div>\n\t\t\t\t<div class=\"elementor-column elementor-col-66 elementor-inner-column elementor-element elementor-element-8edee42\" data-id=\"8edee42\" data-element_type=\"column\" data-e-type=\"column\">\n\t\t\t<div class=\"elementor-widget-wrap elementor-element-populated\">\n\t\t\t\t\t\t<div class=\"elementor-element elementor-element-abefac6 elementor-widget elementor-widget-heading\" data-id=\"abefac6\" data-element_type=\"widget\" data-e-type=\"widget\" data-widget_type=\"heading.default\">\n\t\t\t\t<div class=\"elementor-widget-container\">\n\t\t\t\t\t<h5 class=\"elementor-heading-title elementor-size-default\"> Profa. Dra. Dinah Reiko Tutyia\n<\/h5>\t\t\t\t<\/div>\n\t\t\t\t<\/div>\n\t\t\t\t<div class=\"elementor-element elementor-element-742c3aa elementor-widget elementor-widget-heading\" data-id=\"742c3aa\" data-element_type=\"widget\" data-e-type=\"widget\" data-widget_type=\"heading.default\">\n\t\t\t\t<div class=\"elementor-widget-container\">\n\t\t\t\t\t<div class=\"elementor-heading-title elementor-size-small\">Coordenador<\/div>\t\t\t\t<\/div>\n\t\t\t\t<\/div>\n\t\t\t\t<div class=\"elementor-element elementor-element-3009ebd elementor-widget elementor-widget-heading\" data-id=\"3009ebd\" data-element_type=\"widget\" data-e-type=\"widget\" data-widget_type=\"heading.default\">\n\t\t\t\t<div class=\"elementor-widget-container\">\n\t\t\t\t\t<h6 class=\"elementor-heading-title elementor-size-default\">Vice-coodernador: Prof. Dr. Felipe da Silva Duarte Lopes\n<br> <br>\n17\u00aa Gest\u00e3o do CAU\/UNIFAP (2024 - atual)<\/h6>\t\t\t\t<\/div>\n\t\t\t\t<\/div>\n\t\t\t\t\t<\/div>\n\t\t<\/div>\n\t\t\t\t\t<\/div>\n\t\t<\/section>\n\t\t\t\t\t<\/div>\n\t\t<\/div>\n\t\t\t\t<div class=\"elementor-column elementor-col-50 elementor-top-column elementor-element elementor-element-af9ac98\" data-id=\"af9ac98\" data-element_type=\"column\" data-e-type=\"column\">\n\t\t\t<div class=\"elementor-widget-wrap elementor-element-populated\">\n\t\t\t\t\t\t<section class=\"elementor-section elementor-inner-section elementor-element elementor-element-7403aa4 elementor-section-content-middle elementor-section-height-min-height elementor-section-boxed elementor-section-height-default\" data-id=\"7403aa4\" data-element_type=\"section\" data-e-type=\"section\" data-settings=\"{&quot;background_background&quot;:&quot;classic&quot;}\">\n\t\t\t\t\t\t<div class=\"elementor-container elementor-column-gap-default\">\n\t\t\t\t\t<div class=\"elementor-column elementor-col-33 elementor-inner-column elementor-element elementor-element-d5130cc\" data-id=\"d5130cc\" data-element_type=\"column\" data-e-type=\"column\">\n\t\t\t<div class=\"elementor-widget-wrap elementor-element-populated\">\n\t\t\t\t\t\t<div class=\"elementor-element elementor-element-f7d8b4d elementor-widget elementor-widget-image\" data-id=\"f7d8b4d\" data-element_type=\"widget\" data-e-type=\"widget\" data-widget_type=\"image.default\">\n\t\t\t\t<div class=\"elementor-widget-container\">\n\t\t\t\t\t\t\t\t\t\t\t\t\t\t\t<img loading=\"lazy\" decoding=\"async\" width=\"500\" height=\"500\" src=\"https:\/\/www2.unifap.br\/arquitetura\/files\/2024\/02\/16.png\" class=\"attachment-large size-large wp-image-6237\" alt=\"\" srcset=\"https:\/\/www2.unifap.br\/arquitetura\/files\/2024\/02\/16.png 500w, https:\/\/www2.unifap.br\/arquitetura\/files\/2024\/02\/16-300x300.png 300w, https:\/\/www2.unifap.br\/arquitetura\/files\/2024\/02\/16-150x150.png 150w\" sizes=\"(max-width: 500px) 100vw, 500px\" \/>\t\t\t\t\t\t\t\t\t\t\t\t\t\t\t<\/div>\n\t\t\t\t<\/div>\n\t\t\t\t\t<\/div>\n\t\t<\/div>\n\t\t\t\t<div class=\"elementor-column elementor-col-66 elementor-inner-column elementor-element elementor-element-388a2aa\" data-id=\"388a2aa\" data-element_type=\"column\" data-e-type=\"column\">\n\t\t\t<div class=\"elementor-widget-wrap elementor-element-populated\">\n\t\t\t\t\t\t<div class=\"elementor-element elementor-element-729541e elementor-widget elementor-widget-heading\" data-id=\"729541e\" data-element_type=\"widget\" data-e-type=\"widget\" data-widget_type=\"heading.default\">\n\t\t\t\t<div class=\"elementor-widget-container\">\n\t\t\t\t\t<h5 class=\"elementor-heading-title elementor-size-default\">TAE Me. Andr\u00e9 da Costa Leite<\/h5>\t\t\t\t<\/div>\n\t\t\t\t<\/div>\n\t\t\t\t<div class=\"elementor-element elementor-element-1fc48aa elementor-widget elementor-widget-heading\" data-id=\"1fc48aa\" data-element_type=\"widget\" data-e-type=\"widget\" data-widget_type=\"heading.default\">\n\t\t\t\t<div class=\"elementor-widget-container\">\n\t\t\t\t\t<div class=\"elementor-heading-title elementor-size-small\">Coordenador<\/div>\t\t\t\t<\/div>\n\t\t\t\t<\/div>\n\t\t\t\t<div class=\"elementor-element elementor-element-c7a9eb5 elementor-widget elementor-widget-heading\" data-id=\"c7a9eb5\" data-element_type=\"widget\" data-e-type=\"widget\" data-widget_type=\"heading.default\">\n\t\t\t\t<div class=\"elementor-widget-container\">\n\t\t\t\t\t<h6 class=\"elementor-heading-title elementor-size-default\">Vice-coodernador: Prof. Me. Oscarito Antunes do Nascimento\n<br> <br>\n15\u00aa Gest\u00e3o do CAU\/UNIFAP (2022 \u00e0 2023)<\/h6>\t\t\t\t<\/div>\n\t\t\t\t<\/div>\n\t\t\t\t\t<\/div>\n\t\t<\/div>\n\t\t\t\t\t<\/div>\n\t\t<\/section>\n\t\t\t\t<section class=\"elementor-section elementor-inner-section elementor-element elementor-element-8d51a54 elementor-section-content-middle elementor-section-height-min-height elementor-section-boxed elementor-section-height-default\" data-id=\"8d51a54\" data-element_type=\"section\" data-e-type=\"section\" data-settings=\"{&quot;background_background&quot;:&quot;classic&quot;}\">\n\t\t\t\t\t\t<div class=\"elementor-container elementor-column-gap-default\">\n\t\t\t\t\t<div class=\"elementor-column elementor-col-33 elementor-inner-column elementor-element elementor-element-f2d67c5\" data-id=\"f2d67c5\" data-element_type=\"column\" data-e-type=\"column\">\n\t\t\t<div class=\"elementor-widget-wrap elementor-element-populated\">\n\t\t\t\t\t\t<div class=\"elementor-element elementor-element-f88eb71 elementor-widget elementor-widget-image\" data-id=\"f88eb71\" data-element_type=\"widget\" data-e-type=\"widget\" data-widget_type=\"image.default\">\n\t\t\t\t<div class=\"elementor-widget-container\">\n\t\t\t\t\t\t\t\t\t\t\t\t\t\t\t<img loading=\"lazy\" decoding=\"async\" width=\"500\" height=\"500\" src=\"https:\/\/www2.unifap.br\/arquitetura\/files\/2024\/02\/17.png\" class=\"attachment-large size-large wp-image-6238\" alt=\"\" srcset=\"https:\/\/www2.unifap.br\/arquitetura\/files\/2024\/02\/17.png 500w, https:\/\/www2.unifap.br\/arquitetura\/files\/2024\/02\/17-300x300.png 300w, https:\/\/www2.unifap.br\/arquitetura\/files\/2024\/02\/17-150x150.png 150w\" sizes=\"(max-width: 500px) 100vw, 500px\" \/>\t\t\t\t\t\t\t\t\t\t\t\t\t\t\t<\/div>\n\t\t\t\t<\/div>\n\t\t\t\t\t<\/div>\n\t\t<\/div>\n\t\t\t\t<div class=\"elementor-column elementor-col-66 elementor-inner-column elementor-element elementor-element-f0d440a\" data-id=\"f0d440a\" data-element_type=\"column\" data-e-type=\"column\">\n\t\t\t<div class=\"elementor-widget-wrap elementor-element-populated\">\n\t\t\t\t\t\t<div class=\"elementor-element elementor-element-78f4bfb elementor-widget elementor-widget-heading\" data-id=\"78f4bfb\" data-element_type=\"widget\" data-e-type=\"widget\" data-widget_type=\"heading.default\">\n\t\t\t\t<div class=\"elementor-widget-container\">\n\t\t\t\t\t<h5 class=\"elementor-heading-title elementor-size-default\">TAE Me. Andr\u00e9 da Costa Leite\n\n<\/h5>\t\t\t\t<\/div>\n\t\t\t\t<\/div>\n\t\t\t\t<div class=\"elementor-element elementor-element-d922e8a elementor-widget elementor-widget-heading\" data-id=\"d922e8a\" data-element_type=\"widget\" data-e-type=\"widget\" data-widget_type=\"heading.default\">\n\t\t\t\t<div class=\"elementor-widget-container\">\n\t\t\t\t\t<div class=\"elementor-heading-title elementor-size-small\">Coordenador<\/div>\t\t\t\t<\/div>\n\t\t\t\t<\/div>\n\t\t\t\t<div class=\"elementor-element elementor-element-7f0e8db elementor-widget elementor-widget-heading\" data-id=\"7f0e8db\" data-element_type=\"widget\" data-e-type=\"widget\" data-widget_type=\"heading.default\">\n\t\t\t\t<div class=\"elementor-widget-container\">\n\t\t\t\t\t<h6 class=\"elementor-heading-title elementor-size-default\">Vice-coodernadora: Profa. Dra. Dinah Reiko Tutyia\n<br> <br>\n16\u00aa Gest\u00e3o do CAU\/UNIFAP (2023 \u00e0 2024)<\/h6>\t\t\t\t<\/div>\n\t\t\t\t<\/div>\n\t\t\t\t\t<\/div>\n\t\t<\/div>\n\t\t\t\t\t<\/div>\n\t\t<\/section>\n\t\t\t\t\t<\/div>\n\t\t<\/div>\n\t\t\t\t\t<\/div>\n\t\t<\/section>\n\t\t\t\t<\/div>\n\t\t","protected":false},"excerpt":{"rendered":"<p>\/*! elementor &#8211; v3.21.0 &#8211; 18-04-2024 *\/ .elementor-heading-title{padding:0;margin:0;line-height:1}.elementor-widget-heading .elementor-heading-title[class*=elementor-size-]&gt;a{color:inherit;font-size:inherit;line-height:inherit}.elementor-widget-heading .elementor-heading-title.elementor-size-small{font-size:15px}.elementor-widget-heading .elementor-heading-title.elementor-size-medium{font-size:19px}.elementor-widget-heading .elementor-heading-title.elementor-size-large{font-size:29px}.elementor-widget-heading .elementor-heading-title.elementor-size-xl{font-size:39px}.elementor-widget-heading .elementor-heading-title.elementor-size-xxl{font-size:59px} A origem e implanta\u00e7\u00e3o do Curso de Arquitetura e Urbanismo da Universidade Federal do Amap\u00e1 \/*! elementor &#8211; v3.21.0 &#8211; 18-04-2024 *\/ .elementor-widget-image{text-align:center}.elementor-widget-image a{display:inline-block}.elementor-widget-image a img[src$=&#8221;.svg&#8221;]{width:48px}.elementor-widget-image img{vertical-align:middle;display:inline-block} No ano de 2002, a Pr\u00f3-Reitoria de Gradua\u00e7\u00e3o da Universidade Federal do Amap\u00e1 \u2013&#8230;<\/p>\n","protected":false},"author":3898,"featured_media":0,"parent":0,"menu_order":0,"comment_status":"closed","ping_status":"closed","template":"","meta":{"inline_featured_image":false,"site-sidebar-layout":"no-sidebar","site-content-layout":"page-builder","ast-site-content-layout":"full-width-container","site-content-style":"default","site-sidebar-style":"default","ast-global-header-display":"","ast-banner-title-visibility":"","ast-main-header-display":"","ast-hfb-above-header-display":"","ast-hfb-below-header-display":"","ast-hfb-mobile-header-display":"","site-post-title":"disabled","ast-breadcrumbs-content":"","ast-featured-img":"disabled","footer-sml-layout":"","theme-transparent-header-meta":"default","adv-header-id-meta":"","stick-header-meta":"","header-above-stick-meta":"","header-main-stick-meta":"","header-below-stick-meta":"","astra-migrate-meta-layouts":"set","ast-page-background-enabled":"default","ast-page-background-meta":{"desktop":{"background-color":"var(--ast-global-color-4)","background-image":"","background-repeat":"repeat","background-position":"center center","background-size":"auto","background-attachment":"scroll","background-type":"","background-media":"","overlay-type":"","overlay-color":"","overlay-opacity":"","overlay-gradient":""},"tablet":{"background-color":"","background-image":"","background-repeat":"repeat","background-position":"center center","background-size":"auto","background-attachment":"scroll","background-type":"","background-media":"","overlay-type":"","overlay-color":"","overlay-opacity":"","overlay-gradient":""},"mobile":{"background-color":"","background-image":"","background-repeat":"repeat","background-position":"center center","background-size":"auto","background-attachment":"scroll","background-type":"","background-media":"","overlay-type":"","overlay-color":"","overlay-opacity":"","overlay-gradient":""}},"ast-content-background-meta":{"desktop":{"background-color":"var(--ast-global-color-5)","background-image":"","background-repeat":"repeat","background-position":"center center","background-size":"auto","background-attachment":"scroll","background-type":"","background-media":"","overlay-type":"","overlay-color":"","overlay-opacity":"","overlay-gradient":""},"tablet":{"background-color":"var(--ast-global-color-5)","background-image":"","background-repeat":"repeat","background-position":"center center","background-size":"auto","background-attachment":"scroll","background-type":"","background-media":"","overlay-type":"","overlay-color":"","overlay-opacity":"","overlay-gradient":""},"mobile":{"background-color":"var(--ast-global-color-5)","background-image":"","background-repeat":"repeat","background-position":"center center","background-size":"auto","background-attachment":"scroll","background-type":"","background-media":"","overlay-type":"","overlay-color":"","overlay-opacity":"","overlay-gradient":""}},"ngg_post_thumbnail":0,"footnotes":""},"class_list":["post-5822","page","type-page","status-publish","hentry"],"_links":{"self":[{"href":"https:\/\/www2.unifap.br\/arquitetura\/wp-json\/wp\/v2\/pages\/5822","targetHints":{"allow":["GET"]}}],"collection":[{"href":"https:\/\/www2.unifap.br\/arquitetura\/wp-json\/wp\/v2\/pages"}],"about":[{"href":"https:\/\/www2.unifap.br\/arquitetura\/wp-json\/wp\/v2\/types\/page"}],"author":[{"embeddable":true,"href":"https:\/\/www2.unifap.br\/arquitetura\/wp-json\/wp\/v2\/users\/3898"}],"replies":[{"embeddable":true,"href":"https:\/\/www2.unifap.br\/arquitetura\/wp-json\/wp\/v2\/comments?post=5822"}],"version-history":[{"count":233,"href":"https:\/\/www2.unifap.br\/arquitetura\/wp-json\/wp\/v2\/pages\/5822\/revisions"}],"predecessor-version":[{"id":9862,"href":"https:\/\/www2.unifap.br\/arquitetura\/wp-json\/wp\/v2\/pages\/5822\/revisions\/9862"}],"wp:attachment":[{"href":"https:\/\/www2.unifap.br\/arquitetura\/wp-json\/wp\/v2\/media?parent=5822"}],"curies":[{"name":"wp","href":"https:\/\/api.w.org\/{rel}","templated":true}]}}