{"id":6108,"date":"2024-02-19T18:57:58","date_gmt":"2024-02-19T21:57:58","guid":{"rendered":"https:\/\/www2.unifap.br\/arquitetura\/?page_id=6108"},"modified":"2026-03-03T14:59:59","modified_gmt":"2026-03-03T17:59:59","slug":"colegiado-do-curso","status":"publish","type":"page","link":"https:\/\/www2.unifap.br\/arquitetura\/colegiado-do-curso\/","title":{"rendered":"Colegiado do Curso"},"content":{"rendered":"\t\t<div data-elementor-type=\"wp-page\" data-elementor-id=\"6108\" class=\"elementor elementor-6108\">\n\t\t\t\t\t\t<section class=\"elementor-section elementor-top-section elementor-element elementor-element-7351a6e3 elementor-section-content-middle elementor-section-boxed elementor-section-height-default elementor-section-height-default\" data-id=\"7351a6e3\" data-element_type=\"section\" data-e-type=\"section\" data-settings=\"{&quot;background_background&quot;:&quot;classic&quot;}\">\n\t\t\t\t\t\t\t<div class=\"elementor-background-overlay\"><\/div>\n\t\t\t\t\t\t\t<div class=\"elementor-container elementor-column-gap-no\">\n\t\t\t\t\t<div class=\"elementor-column elementor-col-100 elementor-top-column elementor-element elementor-element-1428e7bb\" data-id=\"1428e7bb\" data-element_type=\"column\" data-e-type=\"column\">\n\t\t\t<div class=\"elementor-widget-wrap elementor-element-populated\">\n\t\t\t\t\t\t<div class=\"elementor-element elementor-element-4312f21c elementor-widget elementor-widget-heading\" data-id=\"4312f21c\" data-element_type=\"widget\" data-e-type=\"widget\" data-widget_type=\"heading.default\">\n\t\t\t\t<div class=\"elementor-widget-container\">\n\t\t\t\t\t<h2 class=\"elementor-heading-title elementor-size-default\">Colegiado de Curso de Arquitetura e Urbanismo<\/h2>\t\t\t\t<\/div>\n\t\t\t\t<\/div>\n\t\t\t\t\t<\/div>\n\t\t<\/div>\n\t\t\t\t\t<\/div>\n\t\t<\/section>\n\t\t\t\t<section class=\"elementor-section elementor-top-section elementor-element elementor-element-bc93bf9 elementor-section-content-middle elementor-section-boxed elementor-section-height-default elementor-section-height-default\" data-id=\"bc93bf9\" data-element_type=\"section\" data-e-type=\"section\" data-settings=\"{&quot;background_background&quot;:&quot;classic&quot;}\">\n\t\t\t\t\t\t\t<div class=\"elementor-background-overlay\"><\/div>\n\t\t\t\t\t\t\t<div class=\"elementor-container elementor-column-gap-no\">\n\t\t\t\t\t<div class=\"elementor-column elementor-col-100 elementor-top-column elementor-element elementor-element-1470df9\" data-id=\"1470df9\" data-element_type=\"column\" data-e-type=\"column\">\n\t\t\t<div class=\"elementor-widget-wrap elementor-element-populated\">\n\t\t\t\t\t\t<div class=\"elementor-element elementor-element-7e8977a elementor-widget elementor-widget-heading\" data-id=\"7e8977a\" data-element_type=\"widget\" data-e-type=\"widget\" data-widget_type=\"heading.default\">\n\t\t\t\t<div class=\"elementor-widget-container\">\n\t\t\t\t\t<h2 class=\"elementor-heading-title elementor-size-default\">Professores Efetivos<\/h2>\t\t\t\t<\/div>\n\t\t\t\t<\/div>\n\t\t\t\t\t<\/div>\n\t\t<\/div>\n\t\t\t\t\t<\/div>\n\t\t<\/section>\n\t\t<div class=\"elementor-element elementor-element-28aa1e7 e-flex e-con-boxed e-con e-parent\" data-id=\"28aa1e7\" data-element_type=\"container\" data-e-type=\"container\" data-settings=\"{&quot;background_background&quot;:&quot;classic&quot;}\">\n\t\t\t\t\t<div class=\"e-con-inner\">\n\t\t\t\t<div class=\"elementor-element elementor-element-fc251b8 elementor-widget elementor-widget-n-accordion\" data-id=\"fc251b8\" data-element_type=\"widget\" data-e-type=\"widget\" data-settings=\"{&quot;default_state&quot;:&quot;all_collapsed&quot;,&quot;max_items_expended&quot;:&quot;one&quot;,&quot;n_accordion_animation_duration&quot;:{&quot;unit&quot;:&quot;ms&quot;,&quot;size&quot;:400,&quot;sizes&quot;:[]}}\" data-widget_type=\"nested-accordion.default\">\n\t\t\t\t<div class=\"elementor-widget-container\">\n\t\t\t\t\t\t\t<div class=\"e-n-accordion\" aria-label=\"Accordion. Open links with Enter or Space, close with Escape, and navigate with Arrow Keys\">\n\t\t\t\t\t\t<details id=\"e-n-accordion-item-2640\" class=\"e-n-accordion-item\" >\n\t\t\t\t<summary class=\"e-n-accordion-item-title\" data-accordion-index=\"1\" tabindex=\"0\" aria-expanded=\"false\" aria-controls=\"e-n-accordion-item-2640\" >\n\t\t\t\t\t<span class='e-n-accordion-item-title-header'><div class=\"e-n-accordion-item-title-text\"> Profa. Esp. Ana Karina Nascimento Silva Rodrigues <\/div><\/span>\n\t\t\t\t\t\t\t<span class='e-n-accordion-item-title-icon'>\n\t\t\t<span class='e-opened' ><svg aria-hidden=\"true\" class=\"e-font-icon-svg e-fas-minus\" viewBox=\"0 0 448 512\" xmlns=\"http:\/\/www.w3.org\/2000\/svg\"><path d=\"M416 208H32c-17.67 0-32 14.33-32 32v32c0 17.67 14.33 32 32 32h384c17.67 0 32-14.33 32-32v-32c0-17.67-14.33-32-32-32z\"><\/path><\/svg><\/span>\n\t\t\t<span class='e-closed'><svg aria-hidden=\"true\" class=\"e-font-icon-svg e-fas-plus\" viewBox=\"0 0 448 512\" xmlns=\"http:\/\/www.w3.org\/2000\/svg\"><path d=\"M416 208H272V64c0-17.67-14.33-32-32-32h-32c-17.67 0-32 14.33-32 32v144H32c-17.67 0-32 14.33-32 32v32c0 17.67 14.33 32 32 32h144v144c0 17.67 14.33 32 32 32h32c17.67 0 32-14.33 32-32V304h144c17.67 0 32-14.33 32-32v-32c0-17.67-14.33-32-32-32z\"><\/path><\/svg><\/span>\n\t\t<\/span>\n\n\t\t\t\t\t\t<\/summary>\n\t\t\t\t<div role=\"region\" aria-labelledby=\"e-n-accordion-item-2640\" class=\"elementor-element elementor-element-d85b2c1 e-con-full e-flex e-con e-child\" data-id=\"d85b2c1\" data-element_type=\"container\" data-e-type=\"container\">\n\t\t<div role=\"region\" aria-labelledby=\"e-n-accordion-item-2640\" class=\"elementor-element elementor-element-2eb40e2 e-grid e-con-boxed e-con e-child\" data-id=\"2eb40e2\" data-element_type=\"container\" data-e-type=\"container\">\n\t\t\t\t\t<div class=\"e-con-inner\">\n\t\t\t\t<div class=\"elementor-element elementor-element-99cca8e elementor-widget elementor-widget-image\" data-id=\"99cca8e\" data-element_type=\"widget\" data-e-type=\"widget\" data-widget_type=\"image.default\">\n\t\t\t\t<div class=\"elementor-widget-container\">\n\t\t\t\t\t\t\t\t\t\t\t\t\t\t\t<img fetchpriority=\"high\" decoding=\"async\" width=\"500\" height=\"500\" src=\"https:\/\/www2.unifap.br\/arquitetura\/files\/2024\/02\/Story-para-Instagram-de-dia-da-farma\u0301cia-branco-e-verde-1.png\" class=\"attachment-large size-large wp-image-6571\" alt=\"\" srcset=\"https:\/\/www2.unifap.br\/arquitetura\/files\/2024\/02\/Story-para-Instagram-de-dia-da-farma\u0301cia-branco-e-verde-1.png 500w, https:\/\/www2.unifap.br\/arquitetura\/files\/2024\/02\/Story-para-Instagram-de-dia-da-farma\u0301cia-branco-e-verde-1-300x300.png 300w, https:\/\/www2.unifap.br\/arquitetura\/files\/2024\/02\/Story-para-Instagram-de-dia-da-farma\u0301cia-branco-e-verde-1-150x150.png 150w\" sizes=\"(max-width: 500px) 100vw, 500px\" \/>\t\t\t\t\t\t\t\t\t\t\t\t\t\t\t<\/div>\n\t\t\t\t<\/div>\n\t\t\t\t<div class=\"elementor-element elementor-element-260cc7b elementor-widget elementor-widget-text-editor\" data-id=\"260cc7b\" data-element_type=\"widget\" data-e-type=\"widget\" data-widget_type=\"text-editor.default\">\n\t\t\t\t<div class=\"elementor-widget-container\">\n\t\t\t\t\t\t\t\t\t<p style=\"font-size: 16px;font-style: normal;font-weight: 400;text-align: justify\"><strong>Curr\u00edculo resumido:<\/strong><\/p><p style=\"font-size: 16px;font-style: normal;font-weight: 400;text-align: justify\">Arquiteta e Urbanista (UNAMA), especialista em Gest\u00e3o Empresarial (FGV). Tem experi\u00eancia na \u00e1rea de Arquitetura e Urbanismo, com \u00eanfase em Projeto de Arquitetura e Urbanismo, atuando principalmente nos seguintes temas: projeto de arquitetura, arquitetura moderna, habita\u00e7\u00e3o planejada, planejamento urbano, plano diretor participativo. L\u00edder do Grupo de Pesquisa Habitar Amaz\u00f4nia.<\/p>\t\t\t\t\t\t\t\t<\/div>\n\t\t\t\t<\/div>\n\t\t<div role=\"region\" aria-labelledby=\"e-n-accordion-item-2640\" class=\"elementor-element elementor-element-43eb68e e-grid e-con-full e-con e-child\" data-id=\"43eb68e\" data-element_type=\"container\" data-e-type=\"container\">\n\t\t\t\t<\/div>\n\t\t\t\t<div class=\"elementor-element elementor-element-26bb2ac elementor-widget elementor-widget-text-editor\" data-id=\"26bb2ac\" data-element_type=\"widget\" data-e-type=\"widget\" data-widget_type=\"text-editor.default\">\n\t\t\t\t<div class=\"elementor-widget-container\">\n\t\t\t\t\t\t\t\t\t<p><img decoding=\"async\" class=\"alignnone wp-image-10133 \" src=\"http:\/\/www2.unifap.br\/arquitetura\/files\/2025\/10\/envelope-e1759960038683-150x150.jpg\" alt=\"\" width=\"25\" height=\"25\" srcset=\"https:\/\/www2.unifap.br\/arquitetura\/files\/2025\/10\/envelope-e1759960038683-150x150.jpg 150w, https:\/\/www2.unifap.br\/arquitetura\/files\/2025\/10\/envelope-e1759960038683-300x287.jpg 300w, https:\/\/www2.unifap.br\/arquitetura\/files\/2025\/10\/envelope-e1759960038683-1200x1148.jpg 1200w, https:\/\/www2.unifap.br\/arquitetura\/files\/2025\/10\/envelope-e1759960038683-768x735.jpg 768w, https:\/\/www2.unifap.br\/arquitetura\/files\/2025\/10\/envelope-e1759960038683.jpg 1286w\" sizes=\"(max-width: 25px) 100vw, 25px\" \/> <a href=\"mailto:anakarinarodrigues@unifap.br\">anakarinarodrigues@unifap.br<\/a><\/p><p><a href=\"https:\/\/sigaa.unifap.br\/sigaa\/public\/docente\/portal.jsf?siape=1276179\"><img decoding=\"async\" class=\"alignnone wp-image-6543\" src=\"http:\/\/www2.unifap.br\/arquitetura\/files\/2024\/02\/sigaa-300x83.png\" alt=\"\" width=\"91\" height=\"25\" srcset=\"https:\/\/www2.unifap.br\/arquitetura\/files\/2024\/02\/sigaa-300x83.png 300w, https:\/\/www2.unifap.br\/arquitetura\/files\/2024\/02\/sigaa-768x213.png 768w, https:\/\/www2.unifap.br\/arquitetura\/files\/2024\/02\/sigaa.png 1080w\" sizes=\"(max-width: 91px) 100vw, 91px\" \/> P\u00e1gina P\u00fablica<\/a><\/p><p><a href=\"http:\/\/lattes.cnpq.br\/5018895589677453\"><img loading=\"lazy\" decoding=\"async\" class=\"alignnone wp-image-6542 \" src=\"http:\/\/www2.unifap.br\/arquitetura\/files\/2024\/02\/lattesp-e1759959733714-300x135.png\" alt=\"\" width=\"91\" height=\"41\" srcset=\"https:\/\/www2.unifap.br\/arquitetura\/files\/2024\/02\/lattesp-e1759959733714-300x135.png 300w, https:\/\/www2.unifap.br\/arquitetura\/files\/2024\/02\/lattesp-e1759959733714.png 666w\" sizes=\"(max-width: 91px) 100vw, 91px\" \/> Curr\u00edculo Lattes<\/a><\/p>\t\t\t\t\t\t\t\t<\/div>\n\t\t\t\t<\/div>\n\t\t\t\t<div class=\"elementor-element elementor-element-d0c8b9a elementor-widget elementor-widget-text-editor\" data-id=\"d0c8b9a\" data-element_type=\"widget\" data-e-type=\"widget\" data-widget_type=\"text-editor.default\">\n\t\t\t\t<div class=\"elementor-widget-container\">\n\t\t\t\t\t\t\t\t\t<p><strong>Grupo de Pesquisa:<\/strong><\/p><p><a href=\"https:\/\/www2.unifap.br\/arquitetura\/grupos-de-pesquisa\/\">Habitar Amaz\u00f4nia<\/a><\/p>\t\t\t\t\t\t\t\t<\/div>\n\t\t\t\t<\/div>\n\t\t\t\t\t<\/div>\n\t\t\t\t<\/div>\n\t\t\t\t<\/div>\n\t\t\t\t\t<\/details>\n\t\t\t\t\t\t<details id=\"e-n-accordion-item-2641\" class=\"e-n-accordion-item\" >\n\t\t\t\t<summary class=\"e-n-accordion-item-title\" data-accordion-index=\"2\" tabindex=\"-1\" aria-expanded=\"false\" aria-controls=\"e-n-accordion-item-2641\" >\n\t\t\t\t\t<span class='e-n-accordion-item-title-header'><div class=\"e-n-accordion-item-title-text\"> Prof. Dr. Andr\u00e9 de Barros Coelho <\/div><\/span>\n\t\t\t\t\t\t\t<span class='e-n-accordion-item-title-icon'>\n\t\t\t<span class='e-opened' ><svg aria-hidden=\"true\" class=\"e-font-icon-svg e-fas-minus\" viewBox=\"0 0 448 512\" xmlns=\"http:\/\/www.w3.org\/2000\/svg\"><path d=\"M416 208H32c-17.67 0-32 14.33-32 32v32c0 17.67 14.33 32 32 32h384c17.67 0 32-14.33 32-32v-32c0-17.67-14.33-32-32-32z\"><\/path><\/svg><\/span>\n\t\t\t<span class='e-closed'><svg aria-hidden=\"true\" class=\"e-font-icon-svg e-fas-plus\" viewBox=\"0 0 448 512\" xmlns=\"http:\/\/www.w3.org\/2000\/svg\"><path d=\"M416 208H272V64c0-17.67-14.33-32-32-32h-32c-17.67 0-32 14.33-32 32v144H32c-17.67 0-32 14.33-32 32v32c0 17.67 14.33 32 32 32h144v144c0 17.67 14.33 32 32 32h32c17.67 0 32-14.33 32-32V304h144c17.67 0 32-14.33 32-32v-32c0-17.67-14.33-32-32-32z\"><\/path><\/svg><\/span>\n\t\t<\/span>\n\n\t\t\t\t\t\t<\/summary>\n\t\t\t\t<div role=\"region\" aria-labelledby=\"e-n-accordion-item-2641\" class=\"elementor-element elementor-element-d9f481f e-con-full e-flex e-con e-child\" data-id=\"d9f481f\" data-element_type=\"container\" data-e-type=\"container\">\n\t\t<div role=\"region\" aria-labelledby=\"e-n-accordion-item-2641\" class=\"elementor-element elementor-element-63053dd e-grid e-con-boxed e-con e-child\" data-id=\"63053dd\" data-element_type=\"container\" data-e-type=\"container\">\n\t\t\t\t\t<div class=\"e-con-inner\">\n\t\t\t\t<div class=\"elementor-element elementor-element-4352f81 elementor-widget elementor-widget-image\" data-id=\"4352f81\" data-element_type=\"widget\" data-e-type=\"widget\" data-widget_type=\"image.default\">\n\t\t\t\t<div class=\"elementor-widget-container\">\n\t\t\t\t\t\t\t\t\t\t\t\t\t\t\t<img loading=\"lazy\" decoding=\"async\" width=\"500\" height=\"500\" src=\"https:\/\/www2.unifap.br\/arquitetura\/files\/2024\/02\/img-site.png\" class=\"attachment-large size-large wp-image-6598\" alt=\"\" srcset=\"https:\/\/www2.unifap.br\/arquitetura\/files\/2024\/02\/img-site.png 500w, https:\/\/www2.unifap.br\/arquitetura\/files\/2024\/02\/img-site-300x300.png 300w, https:\/\/www2.unifap.br\/arquitetura\/files\/2024\/02\/img-site-150x150.png 150w\" sizes=\"(max-width: 500px) 100vw, 500px\" \/>\t\t\t\t\t\t\t\t\t\t\t\t\t\t\t<\/div>\n\t\t\t\t<\/div>\n\t\t\t\t<div class=\"elementor-element elementor-element-a490750 elementor-widget elementor-widget-text-editor\" data-id=\"a490750\" data-element_type=\"widget\" data-e-type=\"widget\" data-widget_type=\"text-editor.default\">\n\t\t\t\t<div class=\"elementor-widget-container\">\n\t\t\t\t\t\t\t\t\t<p style=\"font-size: 16px;font-style: normal;font-weight: 400;text-align: justify\"><strong>Curr\u00edculo resumido:<\/strong><\/p><p style=\"text-align: justify\"><span style=\"font-weight: 400\">Arquiteto e Urbanista (UFPA), bacharel em Teologia (FABAT\/RJ) mestre em Arquitetura (PROARQ\/UFRJ) e doutor em Urbanismo (PROURB\/UFRJ). <\/span><span style=\"font-style: inherit\">Tem experi\u00eancia nas \u00e1reas de Arquitetura, Urbanismo e Teologia, com \u00eanfase em Historiografia da Arquitetura e do Urbanismo no Brasil, atuando nos seguintes temas: Pensamento, Hist\u00f3ria e Cr\u00edtica da Arquitetura (Geral e Brasileira)\u037e Escrita da Hist\u00f3ria da Arquitetura na Amaz\u00f4nia\u037e Cultura\u037e Patrim\u00f4nio Cultural\u037e Literatura e Experi\u00eancia Urbana\u037e Literatura e Teologia.<\/span><\/p>\t\t\t\t\t\t\t\t<\/div>\n\t\t\t\t<\/div>\n\t\t<div role=\"region\" aria-labelledby=\"e-n-accordion-item-2641\" class=\"elementor-element elementor-element-6ff0f71 e-grid e-con-full e-con e-child\" data-id=\"6ff0f71\" data-element_type=\"container\" data-e-type=\"container\">\n\t\t\t\t<\/div>\n\t\t\t\t<div class=\"elementor-element elementor-element-b798bcf elementor-widget elementor-widget-text-editor\" data-id=\"b798bcf\" data-element_type=\"widget\" data-e-type=\"widget\" data-widget_type=\"text-editor.default\">\n\t\t\t\t<div class=\"elementor-widget-container\">\n\t\t\t\t\t\t\t\t\t<p><img decoding=\"async\" class=\"alignnone wp-image-10133 \" src=\"http:\/\/www2.unifap.br\/arquitetura\/files\/2025\/10\/envelope-e1759960038683-150x150.jpg\" alt=\"\" width=\"25\" height=\"25\" srcset=\"https:\/\/www2.unifap.br\/arquitetura\/files\/2025\/10\/envelope-e1759960038683-150x150.jpg 150w, https:\/\/www2.unifap.br\/arquitetura\/files\/2025\/10\/envelope-e1759960038683-300x287.jpg 300w, https:\/\/www2.unifap.br\/arquitetura\/files\/2025\/10\/envelope-e1759960038683-1200x1148.jpg 1200w, https:\/\/www2.unifap.br\/arquitetura\/files\/2025\/10\/envelope-e1759960038683-768x735.jpg 768w, https:\/\/www2.unifap.br\/arquitetura\/files\/2025\/10\/envelope-e1759960038683.jpg 1286w\" sizes=\"(max-width: 25px) 100vw, 25px\" \/> <a href=\"mailto:andrecoelho@unifap.br\">andrecoelho@unifap.br<\/a><\/p><p><a href=\"https:\/\/sigaa.unifap.br\/sigaa\/public\/docente\/portal.jsf?siape=2030360\"><img decoding=\"async\" class=\"alignnone wp-image-6543\" src=\"http:\/\/www2.unifap.br\/arquitetura\/files\/2024\/02\/sigaa-300x83.png\" alt=\"\" width=\"91\" height=\"25\" srcset=\"https:\/\/www2.unifap.br\/arquitetura\/files\/2024\/02\/sigaa-300x83.png 300w, https:\/\/www2.unifap.br\/arquitetura\/files\/2024\/02\/sigaa-768x213.png 768w, https:\/\/www2.unifap.br\/arquitetura\/files\/2024\/02\/sigaa.png 1080w\" sizes=\"(max-width: 91px) 100vw, 91px\" \/> P\u00e1gina P\u00fablica<\/a><\/p><p><a href=\"http:\/\/lattes.cnpq.br\/7977730817659932\"><img loading=\"lazy\" decoding=\"async\" class=\"alignnone wp-image-6542 \" src=\"http:\/\/www2.unifap.br\/arquitetura\/files\/2024\/02\/lattesp-e1759959733714-300x135.png\" alt=\"\" width=\"91\" height=\"41\" srcset=\"https:\/\/www2.unifap.br\/arquitetura\/files\/2024\/02\/lattesp-e1759959733714-300x135.png 300w, https:\/\/www2.unifap.br\/arquitetura\/files\/2024\/02\/lattesp-e1759959733714.png 666w\" sizes=\"(max-width: 91px) 100vw, 91px\" \/> Curr\u00edculo Lattes<\/a><\/p>\t\t\t\t\t\t\t\t<\/div>\n\t\t\t\t<\/div>\n\t\t\t\t\t<\/div>\n\t\t\t\t<\/div>\n\t\t\t\t<\/div>\n\t\t\t\t\t<\/details>\n\t\t\t\t\t\t<details id=\"e-n-accordion-item-2642\" class=\"e-n-accordion-item\" >\n\t\t\t\t<summary class=\"e-n-accordion-item-title\" data-accordion-index=\"3\" tabindex=\"-1\" aria-expanded=\"false\" aria-controls=\"e-n-accordion-item-2642\" >\n\t\t\t\t\t<span class='e-n-accordion-item-title-header'><div class=\"e-n-accordion-item-title-text\"> Profa. Ma. Anneli Maricielo Cardenas Celis (afastada para qualifica\u00e7\u00e3o) <\/div><\/span>\n\t\t\t\t\t\t\t<span class='e-n-accordion-item-title-icon'>\n\t\t\t<span class='e-opened' ><svg aria-hidden=\"true\" class=\"e-font-icon-svg e-fas-minus\" viewBox=\"0 0 448 512\" xmlns=\"http:\/\/www.w3.org\/2000\/svg\"><path d=\"M416 208H32c-17.67 0-32 14.33-32 32v32c0 17.67 14.33 32 32 32h384c17.67 0 32-14.33 32-32v-32c0-17.67-14.33-32-32-32z\"><\/path><\/svg><\/span>\n\t\t\t<span class='e-closed'><svg aria-hidden=\"true\" class=\"e-font-icon-svg e-fas-plus\" viewBox=\"0 0 448 512\" xmlns=\"http:\/\/www.w3.org\/2000\/svg\"><path d=\"M416 208H272V64c0-17.67-14.33-32-32-32h-32c-17.67 0-32 14.33-32 32v144H32c-17.67 0-32 14.33-32 32v32c0 17.67 14.33 32 32 32h144v144c0 17.67 14.33 32 32 32h32c17.67 0 32-14.33 32-32V304h144c17.67 0 32-14.33 32-32v-32c0-17.67-14.33-32-32-32z\"><\/path><\/svg><\/span>\n\t\t<\/span>\n\n\t\t\t\t\t\t<\/summary>\n\t\t\t\t<div role=\"region\" aria-labelledby=\"e-n-accordion-item-2642\" class=\"elementor-element elementor-element-1847e0f e-flex e-con-boxed e-con e-child\" data-id=\"1847e0f\" data-element_type=\"container\" data-e-type=\"container\">\n\t\t\t\t\t<div class=\"e-con-inner\">\n\t\t<div role=\"region\" aria-labelledby=\"e-n-accordion-item-2642\" class=\"elementor-element elementor-element-afa56f2 e-grid e-con-full e-con e-child\" data-id=\"afa56f2\" data-element_type=\"container\" data-e-type=\"container\">\n\t\t\t\t<div class=\"elementor-element elementor-element-a773162 elementor-widget elementor-widget-image\" data-id=\"a773162\" data-element_type=\"widget\" data-e-type=\"widget\" data-widget_type=\"image.default\">\n\t\t\t\t<div class=\"elementor-widget-container\">\n\t\t\t\t\t\t\t\t\t\t\t\t\t\t\t<img loading=\"lazy\" decoding=\"async\" width=\"500\" height=\"500\" src=\"https:\/\/www2.unifap.br\/arquitetura\/files\/2024\/02\/img-site-1-2.png\" class=\"attachment-large size-large wp-image-6908\" alt=\"\" srcset=\"https:\/\/www2.unifap.br\/arquitetura\/files\/2024\/02\/img-site-1-2.png 500w, https:\/\/www2.unifap.br\/arquitetura\/files\/2024\/02\/img-site-1-2-300x300.png 300w, https:\/\/www2.unifap.br\/arquitetura\/files\/2024\/02\/img-site-1-2-150x150.png 150w\" sizes=\"(max-width: 500px) 100vw, 500px\" \/>\t\t\t\t\t\t\t\t\t\t\t\t\t\t\t<\/div>\n\t\t\t\t<\/div>\n\t\t\t\t<div class=\"elementor-element elementor-element-f6f715f elementor-widget elementor-widget-text-editor\" data-id=\"f6f715f\" data-element_type=\"widget\" data-e-type=\"widget\" data-widget_type=\"text-editor.default\">\n\t\t\t\t<div class=\"elementor-widget-container\">\n\t\t\t\t\t\t\t\t\t<p style=\"text-align: justify\"><strong>Curr\u00edculo resumido:<\/strong><\/p><p style=\"text-align: justify\"><span style=\"font-weight: 400\">Arquiteta e urbanista (UNIFAP), mestre em Arquitetura e Sustentabilidade pela Universidade Ricardo Palma (Peru) e pela Universidade de Bras\u00edlia (UnB).<\/span><\/p><p style=\"text-align: justify\"><span style=\"font-weight: 400\">Professora nas disciplinas de Conforto Ambiental e Projeto Arquitet\u00f4nico. Atua na \u00e1rea do conforto ambiental (t\u00e9rmica, lum\u00ednica e ac\u00fastica) e sustentabilidade e pesquisas na \u00e1rea de simula\u00e7\u00e3o computacional do ambiente constru\u00eddo, desempenho t\u00e9rmico de edifica\u00e7\u00f5es e arquitetura bioclim\u00e1tica para a Amaz\u00f4nia Brasileira. \u00c9 vice<\/span><span style=\"font-weight: 400\">\u2011<\/span><span style=\"font-weight: 400\">l\u00edder do grupo de pesquisa \u201cHabitar Amaz\u00f4nia\u201d, que tem como objetivo compreender os projetos de arquitetura na Amaz\u00f4nia adequado ao clima local.<\/span><\/p>\t\t\t\t\t\t\t\t<\/div>\n\t\t\t\t<\/div>\n\t\t<div role=\"region\" aria-labelledby=\"e-n-accordion-item-2642\" class=\"elementor-element elementor-element-96aecf8 e-grid e-con-full e-con e-child\" data-id=\"96aecf8\" data-element_type=\"container\" data-e-type=\"container\">\n\t\t\t\t<div class=\"elementor-element elementor-element-c1cfe14 elementor-widget elementor-widget-text-editor\" data-id=\"c1cfe14\" data-element_type=\"widget\" data-e-type=\"widget\" data-widget_type=\"text-editor.default\">\n\t\t\t\t<div class=\"elementor-widget-container\">\n\t\t\t\t\t\t\t\t\t<p><img decoding=\"async\" class=\"alignnone wp-image-10133 \" src=\"http:\/\/www2.unifap.br\/arquitetura\/files\/2025\/10\/envelope-e1759960038683-150x150.jpg\" alt=\"\" width=\"25\" height=\"25\" srcset=\"https:\/\/www2.unifap.br\/arquitetura\/files\/2025\/10\/envelope-e1759960038683-150x150.jpg 150w, https:\/\/www2.unifap.br\/arquitetura\/files\/2025\/10\/envelope-e1759960038683-300x287.jpg 300w, https:\/\/www2.unifap.br\/arquitetura\/files\/2025\/10\/envelope-e1759960038683-1200x1148.jpg 1200w, https:\/\/www2.unifap.br\/arquitetura\/files\/2025\/10\/envelope-e1759960038683-768x735.jpg 768w, https:\/\/www2.unifap.br\/arquitetura\/files\/2025\/10\/envelope-e1759960038683.jpg 1286w\" sizes=\"(max-width: 25px) 100vw, 25px\" \/> <a href=\"mailto:celis2792@unifap.br\">celis2792@unifap.br<\/a><\/p><p><a href=\"https:\/\/sigaa.unifap.br\/sigaa\/public\/docente\/portal.jsf?siape=1148762\"><img decoding=\"async\" class=\"alignnone wp-image-6543\" src=\"http:\/\/www2.unifap.br\/arquitetura\/files\/2024\/02\/sigaa-300x83.png\" alt=\"\" width=\"91\" height=\"25\" srcset=\"https:\/\/www2.unifap.br\/arquitetura\/files\/2024\/02\/sigaa-300x83.png 300w, https:\/\/www2.unifap.br\/arquitetura\/files\/2024\/02\/sigaa-768x213.png 768w, https:\/\/www2.unifap.br\/arquitetura\/files\/2024\/02\/sigaa.png 1080w\" sizes=\"(max-width: 91px) 100vw, 91px\" \/> P\u00e1gina P\u00fablica<\/a><\/p><p><a href=\"http:\/\/lattes.cnpq.br\/2833814688843293\"><img loading=\"lazy\" decoding=\"async\" class=\"alignnone wp-image-6542 \" src=\"http:\/\/www2.unifap.br\/arquitetura\/files\/2024\/02\/lattesp-e1759959733714-300x135.png\" alt=\"\" width=\"91\" height=\"41\" srcset=\"https:\/\/www2.unifap.br\/arquitetura\/files\/2024\/02\/lattesp-e1759959733714-300x135.png 300w, https:\/\/www2.unifap.br\/arquitetura\/files\/2024\/02\/lattesp-e1759959733714.png 666w\" sizes=\"(max-width: 91px) 100vw, 91px\" \/> Curr\u00edculo Lattes<\/a><\/p>\t\t\t\t\t\t\t\t<\/div>\n\t\t\t\t<\/div>\n\t\t\t\t<\/div>\n\t\t\t\t<div class=\"elementor-element elementor-element-996c859 elementor-widget elementor-widget-text-editor\" data-id=\"996c859\" data-element_type=\"widget\" data-e-type=\"widget\" data-widget_type=\"text-editor.default\">\n\t\t\t\t<div class=\"elementor-widget-container\">\n\t\t\t\t\t\t\t\t\t<p><strong>Grupo de Pesquisa:<\/strong><\/p><p><a href=\"https:\/\/www2.unifap.br\/arquitetura\/grupos-de-pesquisa\/\">Habitar Amaz\u00f4nia<\/a><\/p>\t\t\t\t\t\t\t\t<\/div>\n\t\t\t\t<\/div>\n\t\t\t\t<\/div>\n\t\t\t\t\t<\/div>\n\t\t\t\t<\/div>\n\t\t\t\t\t<\/details>\n\t\t\t\t\t\t<details id=\"e-n-accordion-item-2643\" class=\"e-n-accordion-item\" >\n\t\t\t\t<summary class=\"e-n-accordion-item-title\" data-accordion-index=\"4\" tabindex=\"-1\" aria-expanded=\"false\" aria-controls=\"e-n-accordion-item-2643\" >\n\t\t\t\t\t<span class='e-n-accordion-item-title-header'><div class=\"e-n-accordion-item-title-text\"> Profa. Dra. Bianca Moro de Carvalho <\/div><\/span>\n\t\t\t\t\t\t\t<span class='e-n-accordion-item-title-icon'>\n\t\t\t<span class='e-opened' ><svg aria-hidden=\"true\" class=\"e-font-icon-svg e-fas-minus\" viewBox=\"0 0 448 512\" xmlns=\"http:\/\/www.w3.org\/2000\/svg\"><path d=\"M416 208H32c-17.67 0-32 14.33-32 32v32c0 17.67 14.33 32 32 32h384c17.67 0 32-14.33 32-32v-32c0-17.67-14.33-32-32-32z\"><\/path><\/svg><\/span>\n\t\t\t<span class='e-closed'><svg aria-hidden=\"true\" class=\"e-font-icon-svg e-fas-plus\" viewBox=\"0 0 448 512\" xmlns=\"http:\/\/www.w3.org\/2000\/svg\"><path d=\"M416 208H272V64c0-17.67-14.33-32-32-32h-32c-17.67 0-32 14.33-32 32v144H32c-17.67 0-32 14.33-32 32v32c0 17.67 14.33 32 32 32h144v144c0 17.67 14.33 32 32 32h32c17.67 0 32-14.33 32-32V304h144c17.67 0 32-14.33 32-32v-32c0-17.67-14.33-32-32-32z\"><\/path><\/svg><\/span>\n\t\t<\/span>\n\n\t\t\t\t\t\t<\/summary>\n\t\t\t\t<div role=\"region\" aria-labelledby=\"e-n-accordion-item-2643\" class=\"elementor-element elementor-element-07049a0 e-con-full e-flex e-con e-child\" data-id=\"07049a0\" data-element_type=\"container\" data-e-type=\"container\">\n\t\t<div role=\"region\" aria-labelledby=\"e-n-accordion-item-2643\" class=\"elementor-element elementor-element-6b8551f e-grid e-con-boxed e-con e-child\" data-id=\"6b8551f\" data-element_type=\"container\" data-e-type=\"container\">\n\t\t\t\t\t<div class=\"e-con-inner\">\n\t\t\t\t<div class=\"elementor-element elementor-element-e81517a elementor-widget elementor-widget-image\" data-id=\"e81517a\" data-element_type=\"widget\" data-e-type=\"widget\" data-widget_type=\"image.default\">\n\t\t\t\t<div class=\"elementor-widget-container\">\n\t\t\t\t\t\t\t\t\t\t\t\t\t\t\t<img loading=\"lazy\" decoding=\"async\" width=\"500\" height=\"500\" src=\"https:\/\/www2.unifap.br\/arquitetura\/files\/2024\/02\/2img-site.png\" class=\"attachment-large size-large wp-image-6942\" alt=\"\" srcset=\"https:\/\/www2.unifap.br\/arquitetura\/files\/2024\/02\/2img-site.png 500w, https:\/\/www2.unifap.br\/arquitetura\/files\/2024\/02\/2img-site-300x300.png 300w, https:\/\/www2.unifap.br\/arquitetura\/files\/2024\/02\/2img-site-150x150.png 150w\" sizes=\"(max-width: 500px) 100vw, 500px\" \/>\t\t\t\t\t\t\t\t\t\t\t\t\t\t\t<\/div>\n\t\t\t\t<\/div>\n\t\t\t\t<div class=\"elementor-element elementor-element-8c929c1 elementor-widget elementor-widget-text-editor\" data-id=\"8c929c1\" data-element_type=\"widget\" data-e-type=\"widget\" data-widget_type=\"text-editor.default\">\n\t\t\t\t<div class=\"elementor-widget-container\">\n\t\t\t\t\t\t\t\t\t<p style=\"font-size: 16px;font-style: normal;font-weight: 400;text-align: justify\"><strong>Curr\u00edculo resumido:<\/strong><\/p><p style=\"text-align: justify\"><span style=\"font-weight: 400\">Arquiteta e Urbanista (UNAMA), mestre na \u00e1rea de habita\u00e7\u00e3o e urbanismo pela Architectural Association Graduate School, Londres e doutora em urbanismo pela Universidade Aut\u00f4noma do M\u00e9xico(UNAM).\u00a0<\/span><span style=\"font-style: inherit\">Foi coordenadora de Habita\u00e7\u00e3o do Estado do Amap\u00e1. Tem experi\u00eancia com investiga\u00e7\u00f5es em assentamentos irregulares, coordenou a pesquisa Assentamentos Prec\u00e1rios nas \u00c1reas \u00damidas da Amaz\u00f4nia Setentrional<\/span><span style=\"font-style: inherit\">\u2011<\/span><span style=\"font-style: inherit\">ASPAMS<\/span><span style=\"font-style: inherit\">\u2011<\/span><span style=\"font-style: inherit\"> financiado pelo Minist\u00e9rio das Cidades. Foi vencedora da Beca Presidente Nestor Kirchner 2016<\/span><span style=\"font-style: inherit\">\u2011<\/span><span style=\"font-style: inherit\">2017, realizando sua investiga\u00e7\u00e3o na Universidade The New School em Nova York (2017). Autora do livro Habita\u00e7\u00e3o Popular na Amaz\u00f4nia: O caso das ressacas na cidade de Macap\u00e1. Realizou est\u00e1gio de p\u00f3s<\/span><span style=\"font-style: inherit\">\u2011<\/span><span style=\"font-style: inherit\">doutorado na Universidade Presbiteriana Mackenzie (SP), onde desenvolveu pesquisas como colaboradora do grupo internacional Urbanismo contempor\u00e2neo: redes, sistemas e processos.<\/span><\/p>\t\t\t\t\t\t\t\t<\/div>\n\t\t\t\t<\/div>\n\t\t<div role=\"region\" aria-labelledby=\"e-n-accordion-item-2643\" class=\"elementor-element elementor-element-ab41539 e-grid e-con-full e-con e-child\" data-id=\"ab41539\" data-element_type=\"container\" data-e-type=\"container\">\n\t\t\t\t<div class=\"elementor-element elementor-element-926f576 elementor-widget elementor-widget-text-editor\" data-id=\"926f576\" data-element_type=\"widget\" data-e-type=\"widget\" data-widget_type=\"text-editor.default\">\n\t\t\t\t<div class=\"elementor-widget-container\">\n\t\t\t\t\t\t\t\t\t<p><img decoding=\"async\" class=\"alignnone wp-image-10133 \" src=\"http:\/\/www2.unifap.br\/arquitetura\/files\/2025\/10\/envelope-e1759960038683-150x150.jpg\" alt=\"\" width=\"25\" height=\"25\" srcset=\"https:\/\/www2.unifap.br\/arquitetura\/files\/2025\/10\/envelope-e1759960038683-150x150.jpg 150w, https:\/\/www2.unifap.br\/arquitetura\/files\/2025\/10\/envelope-e1759960038683-300x287.jpg 300w, https:\/\/www2.unifap.br\/arquitetura\/files\/2025\/10\/envelope-e1759960038683-1200x1148.jpg 1200w, https:\/\/www2.unifap.br\/arquitetura\/files\/2025\/10\/envelope-e1759960038683-768x735.jpg 768w, https:\/\/www2.unifap.br\/arquitetura\/files\/2025\/10\/envelope-e1759960038683.jpg 1286w\" sizes=\"(max-width: 25px) 100vw, 25px\" \/> <a href=\"mailto:biancamoro@unifap.br\">biancamoro@unifap.br<\/a><\/p><p><a href=\"https:\/\/sigaa.unifap.br\/sigaa\/public\/docente\/portal.jsf?siape=1668371\"><img decoding=\"async\" class=\"alignnone wp-image-6543\" src=\"http:\/\/www2.unifap.br\/arquitetura\/files\/2024\/02\/sigaa-300x83.png\" alt=\"\" width=\"91\" height=\"25\" srcset=\"https:\/\/www2.unifap.br\/arquitetura\/files\/2024\/02\/sigaa-300x83.png 300w, https:\/\/www2.unifap.br\/arquitetura\/files\/2024\/02\/sigaa-768x213.png 768w, https:\/\/www2.unifap.br\/arquitetura\/files\/2024\/02\/sigaa.png 1080w\" sizes=\"(max-width: 91px) 100vw, 91px\" \/> P\u00e1gina P\u00fablica<\/a><\/p><p><a href=\"http:\/\/lattes.cnpq.br\/9486844022799240\"><img loading=\"lazy\" decoding=\"async\" class=\"alignnone wp-image-6542 \" src=\"http:\/\/www2.unifap.br\/arquitetura\/files\/2024\/02\/lattesp-e1759959733714-300x135.png\" alt=\"\" width=\"91\" height=\"41\" srcset=\"https:\/\/www2.unifap.br\/arquitetura\/files\/2024\/02\/lattesp-e1759959733714-300x135.png 300w, https:\/\/www2.unifap.br\/arquitetura\/files\/2024\/02\/lattesp-e1759959733714.png 666w\" sizes=\"(max-width: 91px) 100vw, 91px\" \/> Curr\u00edculo Lattes<\/a><\/p>\t\t\t\t\t\t\t\t<\/div>\n\t\t\t\t<\/div>\n\t\t\t\t<\/div>\n\t\t\t\t<div class=\"elementor-element elementor-element-36c2821 elementor-widget elementor-widget-text-editor\" data-id=\"36c2821\" data-element_type=\"widget\" data-e-type=\"widget\" data-widget_type=\"text-editor.default\">\n\t\t\t\t<div class=\"elementor-widget-container\">\n\t\t\t\t\t\t\t\t\t<p><strong>Projeto de M\u00eddia Participativa:<\/strong><\/p><p><a href=\"https:\/\/www.cipesin.com\/\">Cidades Invis\u00edveis Pessoas Incr\u00edveis<\/a><\/p>\t\t\t\t\t\t\t\t<\/div>\n\t\t\t\t<\/div>\n\t\t\t\t\t<\/div>\n\t\t\t\t<\/div>\n\t\t\t\t<\/div>\n\t\t\t\t\t<\/details>\n\t\t\t\t\t\t<details id=\"e-n-accordion-item-2644\" class=\"e-n-accordion-item\" >\n\t\t\t\t<summary class=\"e-n-accordion-item-title\" data-accordion-index=\"5\" tabindex=\"-1\" aria-expanded=\"false\" aria-controls=\"e-n-accordion-item-2644\" >\n\t\t\t\t\t<span class='e-n-accordion-item-title-header'><div class=\"e-n-accordion-item-title-text\"> Profa. Ma. Danielle Guimar\u00e3es Costa (afastada para qualifica\u00e7\u00e3o) <\/div><\/span>\n\t\t\t\t\t\t\t<span class='e-n-accordion-item-title-icon'>\n\t\t\t<span class='e-opened' ><svg aria-hidden=\"true\" class=\"e-font-icon-svg e-fas-minus\" viewBox=\"0 0 448 512\" xmlns=\"http:\/\/www.w3.org\/2000\/svg\"><path d=\"M416 208H32c-17.67 0-32 14.33-32 32v32c0 17.67 14.33 32 32 32h384c17.67 0 32-14.33 32-32v-32c0-17.67-14.33-32-32-32z\"><\/path><\/svg><\/span>\n\t\t\t<span class='e-closed'><svg aria-hidden=\"true\" class=\"e-font-icon-svg e-fas-plus\" viewBox=\"0 0 448 512\" xmlns=\"http:\/\/www.w3.org\/2000\/svg\"><path d=\"M416 208H272V64c0-17.67-14.33-32-32-32h-32c-17.67 0-32 14.33-32 32v144H32c-17.67 0-32 14.33-32 32v32c0 17.67 14.33 32 32 32h144v144c0 17.67 14.33 32 32 32h32c17.67 0 32-14.33 32-32V304h144c17.67 0 32-14.33 32-32v-32c0-17.67-14.33-32-32-32z\"><\/path><\/svg><\/span>\n\t\t<\/span>\n\n\t\t\t\t\t\t<\/summary>\n\t\t\t\t<div role=\"region\" aria-labelledby=\"e-n-accordion-item-2644\" class=\"elementor-element elementor-element-52cb880 e-flex e-con-boxed e-con e-child\" data-id=\"52cb880\" data-element_type=\"container\" data-e-type=\"container\">\n\t\t\t\t\t<div class=\"e-con-inner\">\n\t\t<div role=\"region\" aria-labelledby=\"e-n-accordion-item-2644\" class=\"elementor-element elementor-element-2680a86 e-grid e-con-full e-con e-child\" data-id=\"2680a86\" data-element_type=\"container\" data-e-type=\"container\">\n\t\t\t\t<div class=\"elementor-element elementor-element-2340a6d elementor-widget elementor-widget-image\" data-id=\"2340a6d\" data-element_type=\"widget\" data-e-type=\"widget\" data-widget_type=\"image.default\">\n\t\t\t\t<div class=\"elementor-widget-container\">\n\t\t\t\t\t\t\t\t\t\t\t\t\t\t\t<img loading=\"lazy\" decoding=\"async\" width=\"500\" height=\"500\" src=\"https:\/\/www2.unifap.br\/arquitetura\/files\/2024\/02\/2img-site-1.png\" class=\"attachment-large size-large wp-image-6953\" alt=\"\" srcset=\"https:\/\/www2.unifap.br\/arquitetura\/files\/2024\/02\/2img-site-1.png 500w, https:\/\/www2.unifap.br\/arquitetura\/files\/2024\/02\/2img-site-1-300x300.png 300w, https:\/\/www2.unifap.br\/arquitetura\/files\/2024\/02\/2img-site-1-150x150.png 150w\" sizes=\"(max-width: 500px) 100vw, 500px\" \/>\t\t\t\t\t\t\t\t\t\t\t\t\t\t\t<\/div>\n\t\t\t\t<\/div>\n\t\t\t\t<div class=\"elementor-element elementor-element-716178e elementor-widget elementor-widget-text-editor\" data-id=\"716178e\" data-element_type=\"widget\" data-e-type=\"widget\" data-widget_type=\"text-editor.default\">\n\t\t\t\t<div class=\"elementor-widget-container\">\n\t\t\t\t\t\t\t\t\t<p style=\"font-size: 16px;font-style: normal;font-weight: 400;text-align: justify\"><strong>Curr\u00edculo resumido:<\/strong><\/p><p style=\"text-align: justify\"><span style=\"font-weight: 400\">Arquiteta e Urbanista (UFPA) e mestre em Arquitetura e Urbanismo (UNB). <\/span><span style=\"font-weight: 400\">Tem experi\u00eancia nas \u00e1reas de Arquitetura e Urbanismo, com \u00eanfase em Planejamento e Projeto do Espa\u00e7o, atuando principalmente nos seguintes temas: habita\u00e7\u00e3o social, projeto do equipamento, Amaz\u00f4nia e pol\u00edticas p\u00fablicas.<\/span><\/p>\t\t\t\t\t\t\t\t<\/div>\n\t\t\t\t<\/div>\n\t\t<div role=\"region\" aria-labelledby=\"e-n-accordion-item-2644\" class=\"elementor-element elementor-element-462cb82 e-grid e-con-full e-con e-child\" data-id=\"462cb82\" data-element_type=\"container\" data-e-type=\"container\">\n\t\t\t\t<div class=\"elementor-element elementor-element-184d6a5 elementor-widget elementor-widget-text-editor\" data-id=\"184d6a5\" data-element_type=\"widget\" data-e-type=\"widget\" data-widget_type=\"text-editor.default\">\n\t\t\t\t<div class=\"elementor-widget-container\">\n\t\t\t\t\t\t\t\t\t<p><img decoding=\"async\" class=\"alignnone wp-image-10133 \" src=\"http:\/\/www2.unifap.br\/arquitetura\/files\/2025\/10\/envelope-e1759960038683-150x150.jpg\" alt=\"\" width=\"25\" height=\"25\" srcset=\"https:\/\/www2.unifap.br\/arquitetura\/files\/2025\/10\/envelope-e1759960038683-150x150.jpg 150w, https:\/\/www2.unifap.br\/arquitetura\/files\/2025\/10\/envelope-e1759960038683-300x287.jpg 300w, https:\/\/www2.unifap.br\/arquitetura\/files\/2025\/10\/envelope-e1759960038683-1200x1148.jpg 1200w, https:\/\/www2.unifap.br\/arquitetura\/files\/2025\/10\/envelope-e1759960038683-768x735.jpg 768w, https:\/\/www2.unifap.br\/arquitetura\/files\/2025\/10\/envelope-e1759960038683.jpg 1286w\" sizes=\"(max-width: 25px) 100vw, 25px\" \/> <a href=\"mailto:dcguimaraes@unifap.br\">dcguimaraes@unifap.br<\/a><\/p><p><a href=\"https:\/\/sigaa.unifap.br\/sigaa\/public\/docente\/portal.jsf?siape=1449371\"><img decoding=\"async\" class=\"alignnone wp-image-6543\" src=\"http:\/\/www2.unifap.br\/arquitetura\/files\/2024\/02\/sigaa-300x83.png\" alt=\"\" width=\"91\" height=\"25\" srcset=\"https:\/\/www2.unifap.br\/arquitetura\/files\/2024\/02\/sigaa-300x83.png 300w, https:\/\/www2.unifap.br\/arquitetura\/files\/2024\/02\/sigaa-768x213.png 768w, https:\/\/www2.unifap.br\/arquitetura\/files\/2024\/02\/sigaa.png 1080w\" sizes=\"(max-width: 91px) 100vw, 91px\" \/> P\u00e1gina P\u00fablica<\/a><\/p><p><a href=\"http:\/\/lattes.cnpq.br\/3209510542033928\"><img loading=\"lazy\" decoding=\"async\" class=\"alignnone wp-image-6542 \" src=\"http:\/\/www2.unifap.br\/arquitetura\/files\/2024\/02\/lattesp-e1759959733714-300x135.png\" alt=\"\" width=\"91\" height=\"41\" srcset=\"https:\/\/www2.unifap.br\/arquitetura\/files\/2024\/02\/lattesp-e1759959733714-300x135.png 300w, https:\/\/www2.unifap.br\/arquitetura\/files\/2024\/02\/lattesp-e1759959733714.png 666w\" sizes=\"(max-width: 91px) 100vw, 91px\" \/> Curr\u00edculo Lattes<\/a><\/p>\t\t\t\t\t\t\t\t<\/div>\n\t\t\t\t<\/div>\n\t\t\t\t<\/div>\n\t\t\t\t<\/div>\n\t\t\t\t\t<\/div>\n\t\t\t\t<\/div>\n\t\t\t\t\t<\/details>\n\t\t\t\t\t\t<details id=\"e-n-accordion-item-2645\" class=\"e-n-accordion-item\" >\n\t\t\t\t<summary class=\"e-n-accordion-item-title\" data-accordion-index=\"6\" tabindex=\"-1\" aria-expanded=\"false\" aria-controls=\"e-n-accordion-item-2645\" >\n\t\t\t\t\t<span class='e-n-accordion-item-title-header'><div class=\"e-n-accordion-item-title-text\"> Profa. Dra. Dinah Reiko Tutyia <\/div><\/span>\n\t\t\t\t\t\t\t<span class='e-n-accordion-item-title-icon'>\n\t\t\t<span class='e-opened' ><svg aria-hidden=\"true\" class=\"e-font-icon-svg e-fas-minus\" viewBox=\"0 0 448 512\" xmlns=\"http:\/\/www.w3.org\/2000\/svg\"><path d=\"M416 208H32c-17.67 0-32 14.33-32 32v32c0 17.67 14.33 32 32 32h384c17.67 0 32-14.33 32-32v-32c0-17.67-14.33-32-32-32z\"><\/path><\/svg><\/span>\n\t\t\t<span class='e-closed'><svg aria-hidden=\"true\" class=\"e-font-icon-svg e-fas-plus\" viewBox=\"0 0 448 512\" xmlns=\"http:\/\/www.w3.org\/2000\/svg\"><path d=\"M416 208H272V64c0-17.67-14.33-32-32-32h-32c-17.67 0-32 14.33-32 32v144H32c-17.67 0-32 14.33-32 32v32c0 17.67 14.33 32 32 32h144v144c0 17.67 14.33 32 32 32h32c17.67 0 32-14.33 32-32V304h144c17.67 0 32-14.33 32-32v-32c0-17.67-14.33-32-32-32z\"><\/path><\/svg><\/span>\n\t\t<\/span>\n\n\t\t\t\t\t\t<\/summary>\n\t\t\t\t<div role=\"region\" aria-labelledby=\"e-n-accordion-item-2645\" class=\"elementor-element elementor-element-e5bc3d5 e-flex e-con-boxed e-con e-child\" data-id=\"e5bc3d5\" data-element_type=\"container\" data-e-type=\"container\">\n\t\t\t\t\t<div class=\"e-con-inner\">\n\t\t<div role=\"region\" aria-labelledby=\"e-n-accordion-item-2645\" class=\"elementor-element elementor-element-fd1198d e-grid e-con-full e-con e-child\" data-id=\"fd1198d\" data-element_type=\"container\" data-e-type=\"container\">\n\t\t\t\t<div class=\"elementor-element elementor-element-9be051f elementor-widget elementor-widget-image\" data-id=\"9be051f\" data-element_type=\"widget\" data-e-type=\"widget\" data-widget_type=\"image.default\">\n\t\t\t\t<div class=\"elementor-widget-container\">\n\t\t\t\t\t\t\t\t\t\t\t\t\t\t\t<img loading=\"lazy\" decoding=\"async\" width=\"500\" height=\"500\" src=\"https:\/\/www2.unifap.br\/arquitetura\/files\/2024\/02\/img-site-2.png\" class=\"attachment-large size-large wp-image-6604\" alt=\"\" srcset=\"https:\/\/www2.unifap.br\/arquitetura\/files\/2024\/02\/img-site-2.png 500w, https:\/\/www2.unifap.br\/arquitetura\/files\/2024\/02\/img-site-2-300x300.png 300w, https:\/\/www2.unifap.br\/arquitetura\/files\/2024\/02\/img-site-2-150x150.png 150w\" sizes=\"(max-width: 500px) 100vw, 500px\" \/>\t\t\t\t\t\t\t\t\t\t\t\t\t\t\t<\/div>\n\t\t\t\t<\/div>\n\t\t\t\t<div class=\"elementor-element elementor-element-ae90659 elementor-widget elementor-widget-text-editor\" data-id=\"ae90659\" data-element_type=\"widget\" data-e-type=\"widget\" data-widget_type=\"text-editor.default\">\n\t\t\t\t<div class=\"elementor-widget-container\">\n\t\t\t\t\t\t\t\t\t<p style=\"font-size: 16px;font-style: normal;font-weight: 400;text-align: justify\"><strong>Curr\u00edculo resumido:<\/strong><\/p><p style=\"text-align: justify\"><span style=\"font-weight: 400\">Arquitetura e Urbanista (UFPA), mestre em Arquitetura e Urbanismo (PPGAU\/UFPA), com \u00eanfase em Patrim\u00f4nio, Restauro e Tecnologia e doutora em Hist\u00f3ria, pelo Programa de Hist\u00f3ria Social da Amaz\u00f4nia (PPHIST<\/span><span style=\"font-weight: 400\">\u2011<\/span><span style=\"font-weight: 400\">UFPA). <\/span><span style=\"font-weight: 400\">Coordena o projeto de pesquisa \u201cGuia da Arquitetura de Macap\u00e1\u201de &#8220;A Vila n\u00e3o tombada de Oswaldo Bratke no Amap\u00e1: elabora\u00e7\u00e3o de um invent\u00e1rio do conjunto edificado da Vila Amazonas (Santana- AP)&#8221; e L\u00edder do Grupo de Pesquisa Hist\u00f3ria da Arquitetura da Amaz\u00f4nia.\u00a0<\/span><span style=\"font-style: inherit\">Colabora no Laborat\u00f3rio de Mem\u00f3ria e Patrim\u00f4nio Cultural (LAMEMO) da FAU<\/span><span style=\"font-style: inherit\">\u2011<\/span><span style=\"font-style: inherit\">UFPA, participando da pesquisa \u201cArquiteturas em busca de enquadramento: etnografando mem\u00f3rias e esquecimentos na Amaz\u00f4nia\u201d e do Grupo de Pesquisa \u201cArquitetura, Mem\u00f3ria e Etnografia\u201d, tendo publicado em coautoria com os coordenadores do LAMEMO, Cybelle Miranda e Ronaldo Carvalho, os livros \u201cArquitetura Amaz\u00f4nica: tradi\u00e7\u00e3o, tradu\u00e7\u00e3o e inova\u00e7\u00e3o\u201d e \u201cUma Forma\u00e7\u00e3o em Curso: esbo\u00e7os da gradua\u00e7\u00e3o em Arquitetura e Urbanismo\u201d. Integra o grupo de pesquisa TRAMAz <\/span><span style=\"font-style: inherit\">\u2011<\/span><span style=\"font-style: inherit\"> N\u00facleo de Pesquisa do Espa\u00e7o Constru\u00eddo na Amaz\u00f4nia. <\/span><span style=\"font-style: inherit\">Atua principalmente nos seguintes temas: preserva\u00e7\u00e3o do patrim\u00f4nio cultural, hist\u00f3ria da arquitetura e cultura arquitet\u00f4nica na Amaz\u00f4nia.<\/span><\/p>\t\t\t\t\t\t\t\t<\/div>\n\t\t\t\t<\/div>\n\t\t<div role=\"region\" aria-labelledby=\"e-n-accordion-item-2645\" class=\"elementor-element elementor-element-869dbd6 e-grid e-con-full e-con e-child\" data-id=\"869dbd6\" data-element_type=\"container\" data-e-type=\"container\">\n\t\t\t\t<div class=\"elementor-element elementor-element-a1ab031 elementor-widget elementor-widget-text-editor\" data-id=\"a1ab031\" data-element_type=\"widget\" data-e-type=\"widget\" data-widget_type=\"text-editor.default\">\n\t\t\t\t<div class=\"elementor-widget-container\">\n\t\t\t\t\t\t\t\t\t<p><img decoding=\"async\" class=\"alignnone wp-image-10133 \" src=\"http:\/\/www2.unifap.br\/arquitetura\/files\/2025\/10\/envelope-e1759960038683-150x150.jpg\" alt=\"\" width=\"25\" height=\"25\" srcset=\"https:\/\/www2.unifap.br\/arquitetura\/files\/2025\/10\/envelope-e1759960038683-150x150.jpg 150w, https:\/\/www2.unifap.br\/arquitetura\/files\/2025\/10\/envelope-e1759960038683-300x287.jpg 300w, https:\/\/www2.unifap.br\/arquitetura\/files\/2025\/10\/envelope-e1759960038683-1200x1148.jpg 1200w, https:\/\/www2.unifap.br\/arquitetura\/files\/2025\/10\/envelope-e1759960038683-768x735.jpg 768w, https:\/\/www2.unifap.br\/arquitetura\/files\/2025\/10\/envelope-e1759960038683.jpg 1286w\" sizes=\"(max-width: 25px) 100vw, 25px\" \/> <a href=\"mailto:dinahtutyia@unifap.br\">dinahtutyia@unifap.br<\/a><\/p><p><a href=\"https:\/\/sigaa.unifap.br\/sigaa\/public\/docente\/portal.jsf?siape=1068071\"><img decoding=\"async\" class=\"alignnone wp-image-6543\" src=\"http:\/\/www2.unifap.br\/arquitetura\/files\/2024\/02\/sigaa-300x83.png\" alt=\"\" width=\"91\" height=\"25\" srcset=\"https:\/\/www2.unifap.br\/arquitetura\/files\/2024\/02\/sigaa-300x83.png 300w, https:\/\/www2.unifap.br\/arquitetura\/files\/2024\/02\/sigaa-768x213.png 768w, https:\/\/www2.unifap.br\/arquitetura\/files\/2024\/02\/sigaa.png 1080w\" sizes=\"(max-width: 91px) 100vw, 91px\" \/> P\u00e1gina P\u00fablica<\/a><\/p><p><a href=\"http:\/\/lattes.cnpq.br\/2146169996310274\"><img loading=\"lazy\" decoding=\"async\" class=\"alignnone wp-image-6542 \" src=\"http:\/\/www2.unifap.br\/arquitetura\/files\/2024\/02\/lattesp-e1759959733714-300x135.png\" alt=\"\" width=\"91\" height=\"41\" srcset=\"https:\/\/www2.unifap.br\/arquitetura\/files\/2024\/02\/lattesp-e1759959733714-300x135.png 300w, https:\/\/www2.unifap.br\/arquitetura\/files\/2024\/02\/lattesp-e1759959733714.png 666w\" sizes=\"(max-width: 91px) 100vw, 91px\" \/> Curr\u00edculo Lattes<\/a><\/p>\t\t\t\t\t\t\t\t<\/div>\n\t\t\t\t<\/div>\n\t\t\t\t<\/div>\n\t\t\t\t<div class=\"elementor-element elementor-element-2fede01 elementor-widget elementor-widget-text-editor\" data-id=\"2fede01\" data-element_type=\"widget\" data-e-type=\"widget\" data-widget_type=\"text-editor.default\">\n\t\t\t\t<div class=\"elementor-widget-container\">\n\t\t\t\t\t\t\t\t\t<p><strong>Grupo de Pesquisa:<\/strong><\/p><p><a href=\"https:\/\/www2.unifap.br\/arquitetura\/grupos-de-pesquisa\/\">Hist\u00f3ria da Arquitetura na Amaz\u00f4nia<\/a><\/p>\t\t\t\t\t\t\t\t<\/div>\n\t\t\t\t<\/div>\n\t\t\t\t<\/div>\n\t\t\t\t\t<\/div>\n\t\t\t\t<\/div>\n\t\t\t\t\t<\/details>\n\t\t\t\t\t\t<details id=\"e-n-accordion-item-2646\" class=\"e-n-accordion-item\" >\n\t\t\t\t<summary class=\"e-n-accordion-item-title\" data-accordion-index=\"7\" tabindex=\"-1\" aria-expanded=\"false\" aria-controls=\"e-n-accordion-item-2646\" >\n\t\t\t\t\t<span class='e-n-accordion-item-title-header'><div class=\"e-n-accordion-item-title-text\"> Prof. Me. Elizeu Corr\u00eaa dos Santos <\/div><\/span>\n\t\t\t\t\t\t\t<span class='e-n-accordion-item-title-icon'>\n\t\t\t<span class='e-opened' ><svg aria-hidden=\"true\" class=\"e-font-icon-svg e-fas-minus\" viewBox=\"0 0 448 512\" xmlns=\"http:\/\/www.w3.org\/2000\/svg\"><path d=\"M416 208H32c-17.67 0-32 14.33-32 32v32c0 17.67 14.33 32 32 32h384c17.67 0 32-14.33 32-32v-32c0-17.67-14.33-32-32-32z\"><\/path><\/svg><\/span>\n\t\t\t<span class='e-closed'><svg aria-hidden=\"true\" class=\"e-font-icon-svg e-fas-plus\" viewBox=\"0 0 448 512\" xmlns=\"http:\/\/www.w3.org\/2000\/svg\"><path d=\"M416 208H272V64c0-17.67-14.33-32-32-32h-32c-17.67 0-32 14.33-32 32v144H32c-17.67 0-32 14.33-32 32v32c0 17.67 14.33 32 32 32h144v144c0 17.67 14.33 32 32 32h32c17.67 0 32-14.33 32-32V304h144c17.67 0 32-14.33 32-32v-32c0-17.67-14.33-32-32-32z\"><\/path><\/svg><\/span>\n\t\t<\/span>\n\n\t\t\t\t\t\t<\/summary>\n\t\t\t\t<div role=\"region\" aria-labelledby=\"e-n-accordion-item-2646\" class=\"elementor-element elementor-element-b38e73c e-flex e-con-boxed e-con e-child\" data-id=\"b38e73c\" data-element_type=\"container\" data-e-type=\"container\">\n\t\t\t\t\t<div class=\"e-con-inner\">\n\t\t<div role=\"region\" aria-labelledby=\"e-n-accordion-item-2646\" class=\"elementor-element elementor-element-2b0832c e-grid e-con-full e-con e-child\" data-id=\"2b0832c\" data-element_type=\"container\" data-e-type=\"container\">\n\t\t\t\t<div class=\"elementor-element elementor-element-07c70a5 elementor-widget elementor-widget-image\" data-id=\"07c70a5\" data-element_type=\"widget\" data-e-type=\"widget\" data-widget_type=\"image.default\">\n\t\t\t\t<div class=\"elementor-widget-container\">\n\t\t\t\t\t\t\t\t\t\t\t\t\t\t\t<img loading=\"lazy\" decoding=\"async\" width=\"500\" height=\"500\" src=\"https:\/\/www2.unifap.br\/arquitetura\/files\/2024\/02\/2img-site-2.png\" class=\"attachment-large size-large wp-image-6967\" alt=\"\" srcset=\"https:\/\/www2.unifap.br\/arquitetura\/files\/2024\/02\/2img-site-2.png 500w, https:\/\/www2.unifap.br\/arquitetura\/files\/2024\/02\/2img-site-2-300x300.png 300w, https:\/\/www2.unifap.br\/arquitetura\/files\/2024\/02\/2img-site-2-150x150.png 150w\" sizes=\"(max-width: 500px) 100vw, 500px\" \/>\t\t\t\t\t\t\t\t\t\t\t\t\t\t\t<\/div>\n\t\t\t\t<\/div>\n\t\t\t\t<div class=\"elementor-element elementor-element-9f13356 elementor-widget elementor-widget-text-editor\" data-id=\"9f13356\" data-element_type=\"widget\" data-e-type=\"widget\" data-widget_type=\"text-editor.default\">\n\t\t\t\t<div class=\"elementor-widget-container\">\n\t\t\t\t\t\t\t\t\t<p style=\"font-size: 16px;font-style: normal;font-weight: 400;text-align: justify\"><strong>Curr\u00edculo resumido:<\/strong><\/p><p>Arquiteto e Urbanista (UFPA), mestre em Planejamento e Pol\u00edticas P\u00fablicas (UECE\/CE), especialista em Gest\u00e3o Urbana (UNIFAP) e em BIM (IPOG). Trabalhou como Professor efetivo do ensino m\u00e9dio do Estado do Amap\u00e1 de 1994 a 2011, onde lecionou as disciplinas de desenho e arte. Trabalhou como analista de Infraestrutura na SEINF do Estado do Amap\u00e1 de 2010 a 2012, possui experiencia em Elabora\u00e7\u00e3o de Projetos e Execu\u00e7\u00e3o de obras. Na UNIFAP trabalha com as disciplinas Projeto de arquitetura, Representa\u00e7\u00e3o Gr\u00e1fica e Teoria da Arquitetura. Coordenou o Projeto de Extens\u00e3o \u201cprojeto SOS cidade \u2013 Macap\u00e1\u201d, o projeto empresa Junior do Curso de Arquitetura e Urbanismo, o projeto \u201cNossa Casa\u201d (projeto do edif\u00edcio do curso de Arquitetura e Urbanismo da UNIFAP) e o Projeto Diginova \u2013 Tecnologias Digitais e Inovadoras (em registro).<\/p>\t\t\t\t\t\t\t\t<\/div>\n\t\t\t\t<\/div>\n\t\t\t\t<div class=\"elementor-element elementor-element-844cecd elementor-widget elementor-widget-text-editor\" data-id=\"844cecd\" data-element_type=\"widget\" data-e-type=\"widget\" data-widget_type=\"text-editor.default\">\n\t\t\t\t<div class=\"elementor-widget-container\">\n\t\t\t\t\t\t\t\t\t<p><img decoding=\"async\" class=\"alignnone wp-image-10133 \" src=\"http:\/\/www2.unifap.br\/arquitetura\/files\/2025\/10\/envelope-e1759960038683-150x150.jpg\" alt=\"\" width=\"25\" height=\"25\" srcset=\"https:\/\/www2.unifap.br\/arquitetura\/files\/2025\/10\/envelope-e1759960038683-150x150.jpg 150w, https:\/\/www2.unifap.br\/arquitetura\/files\/2025\/10\/envelope-e1759960038683-300x287.jpg 300w, https:\/\/www2.unifap.br\/arquitetura\/files\/2025\/10\/envelope-e1759960038683-1200x1148.jpg 1200w, https:\/\/www2.unifap.br\/arquitetura\/files\/2025\/10\/envelope-e1759960038683-768x735.jpg 768w, https:\/\/www2.unifap.br\/arquitetura\/files\/2025\/10\/envelope-e1759960038683.jpg 1286w\" sizes=\"(max-width: 25px) 100vw, 25px\" \/> <a href=\"mailto:20992157234@unifap.br\">20992157234@unifap.br<\/a><\/p><p><a href=\"https:\/\/sigaa.unifap.br\/sigaa\/public\/docente\/portal.jsf?siape=2575436\"><img decoding=\"async\" class=\"alignnone wp-image-6543\" src=\"http:\/\/www2.unifap.br\/arquitetura\/files\/2024\/02\/sigaa-300x83.png\" alt=\"\" width=\"91\" height=\"25\" srcset=\"https:\/\/www2.unifap.br\/arquitetura\/files\/2024\/02\/sigaa-300x83.png 300w, https:\/\/www2.unifap.br\/arquitetura\/files\/2024\/02\/sigaa-768x213.png 768w, https:\/\/www2.unifap.br\/arquitetura\/files\/2024\/02\/sigaa.png 1080w\" sizes=\"(max-width: 91px) 100vw, 91px\" \/> P\u00e1gina P\u00fablica<\/a><\/p><p><a href=\"http:\/\/lattes.cnpq.br\/7363373050191741\"><img loading=\"lazy\" decoding=\"async\" class=\"alignnone wp-image-6542 \" src=\"http:\/\/www2.unifap.br\/arquitetura\/files\/2024\/02\/lattesp-e1759959733714-300x135.png\" alt=\"\" width=\"91\" height=\"41\" srcset=\"https:\/\/www2.unifap.br\/arquitetura\/files\/2024\/02\/lattesp-e1759959733714-300x135.png 300w, https:\/\/www2.unifap.br\/arquitetura\/files\/2024\/02\/lattesp-e1759959733714.png 666w\" sizes=\"(max-width: 91px) 100vw, 91px\" \/> Curr\u00edculo Lattes<\/a><\/p>\t\t\t\t\t\t\t\t<\/div>\n\t\t\t\t<\/div>\n\t\t\t\t<\/div>\n\t\t\t\t\t<\/div>\n\t\t\t\t<\/div>\n\t\t\t\t\t<\/details>\n\t\t\t\t\t\t<details id=\"e-n-accordion-item-2647\" class=\"e-n-accordion-item\" >\n\t\t\t\t<summary class=\"e-n-accordion-item-title\" data-accordion-index=\"8\" tabindex=\"-1\" aria-expanded=\"false\" aria-controls=\"e-n-accordion-item-2647\" >\n\t\t\t\t\t<span class='e-n-accordion-item-title-header'><div class=\"e-n-accordion-item-title-text\"> Profa. Dra. Eloane de Jesus Ramos Cantu\u00e1ria <\/div><\/span>\n\t\t\t\t\t\t\t<span class='e-n-accordion-item-title-icon'>\n\t\t\t<span class='e-opened' ><svg aria-hidden=\"true\" class=\"e-font-icon-svg e-fas-minus\" viewBox=\"0 0 448 512\" xmlns=\"http:\/\/www.w3.org\/2000\/svg\"><path d=\"M416 208H32c-17.67 0-32 14.33-32 32v32c0 17.67 14.33 32 32 32h384c17.67 0 32-14.33 32-32v-32c0-17.67-14.33-32-32-32z\"><\/path><\/svg><\/span>\n\t\t\t<span class='e-closed'><svg aria-hidden=\"true\" class=\"e-font-icon-svg e-fas-plus\" viewBox=\"0 0 448 512\" xmlns=\"http:\/\/www.w3.org\/2000\/svg\"><path d=\"M416 208H272V64c0-17.67-14.33-32-32-32h-32c-17.67 0-32 14.33-32 32v144H32c-17.67 0-32 14.33-32 32v32c0 17.67 14.33 32 32 32h144v144c0 17.67 14.33 32 32 32h32c17.67 0 32-14.33 32-32V304h144c17.67 0 32-14.33 32-32v-32c0-17.67-14.33-32-32-32z\"><\/path><\/svg><\/span>\n\t\t<\/span>\n\n\t\t\t\t\t\t<\/summary>\n\t\t\t\t<div role=\"region\" aria-labelledby=\"e-n-accordion-item-2647\" class=\"elementor-element elementor-element-5dfff1b e-flex e-con-boxed e-con e-child\" data-id=\"5dfff1b\" data-element_type=\"container\" data-e-type=\"container\">\n\t\t\t\t\t<div class=\"e-con-inner\">\n\t\t<div role=\"region\" aria-labelledby=\"e-n-accordion-item-2647\" class=\"elementor-element elementor-element-a39069b e-grid e-con-full e-con e-child\" data-id=\"a39069b\" data-element_type=\"container\" data-e-type=\"container\">\n\t\t\t\t<div class=\"elementor-element elementor-element-1b0d336 elementor-widget elementor-widget-image\" data-id=\"1b0d336\" data-element_type=\"widget\" data-e-type=\"widget\" data-widget_type=\"image.default\">\n\t\t\t\t<div class=\"elementor-widget-container\">\n\t\t\t\t\t\t\t\t\t\t\t\t\t\t\t<img loading=\"lazy\" decoding=\"async\" width=\"500\" height=\"500\" src=\"https:\/\/www2.unifap.br\/arquitetura\/files\/2024\/02\/2img-site-3.png\" class=\"attachment-large size-large wp-image-6972\" alt=\"\" srcset=\"https:\/\/www2.unifap.br\/arquitetura\/files\/2024\/02\/2img-site-3.png 500w, https:\/\/www2.unifap.br\/arquitetura\/files\/2024\/02\/2img-site-3-300x300.png 300w, https:\/\/www2.unifap.br\/arquitetura\/files\/2024\/02\/2img-site-3-150x150.png 150w\" sizes=\"(max-width: 500px) 100vw, 500px\" \/>\t\t\t\t\t\t\t\t\t\t\t\t\t\t\t<\/div>\n\t\t\t\t<\/div>\n\t\t\t\t<div class=\"elementor-element elementor-element-f42d409 elementor-widget elementor-widget-text-editor\" data-id=\"f42d409\" data-element_type=\"widget\" data-e-type=\"widget\" data-widget_type=\"text-editor.default\">\n\t\t\t\t<div class=\"elementor-widget-container\">\n\t\t\t\t\t\t\t\t\t<p style=\"font-size: 16px;font-style: normal;font-weight: 400;text-align: justify\"><strong>Curr\u00edculo resumido:<\/strong><\/p><p style=\"text-align: justify\"><span style=\"font-weight: 400\">Arquiteta e Urbanista (UFPA), engenheira civil (UNAMA), especialista em Hist\u00f3ria Social e Cultural da Amaz\u00f4nia (UNIFAP) e Patrim\u00f4nio Arqueol\u00f3gico da Amaz\u00f4nia (UEAP). Mestre em Arquitetura e Urbanismo, \u00e1rea de Concentra\u00e7\u00e3o em Conserva\u00e7\u00e3o e Restauro (UFBA) e doutora em Urbanismo (PROURB\/UFRJ).\u00a0<\/span><span style=\"font-style: inherit\">L\u00edder do Grupo de Pesquisas Mem\u00f3rias Urbanas. Trabalhou na Implanta\u00e7\u00e3o do Parque da Fortaleza de Macap\u00e1\u037e Restaura\u00e7\u00e3o da antiga Intend\u00eancia para implanta\u00e7\u00e3o do Museu Joaquim Caetano da Silva\u037e participou da 1a Fase do Invent\u00e1rio de Conhecimento de Macap\u00e1<\/span><span style=\"font-style: inherit\">\u2011<\/span><span style=\"font-style: inherit\">AP. Participa da equipe de Elabora\u00e7\u00e3o do Plano Diretor do Campus Marco Zero. Integra a equipe de Elabora\u00e7\u00e3o do Zoneamento Econ\u00f4mico e Ecol\u00f3gico do Amap\u00e1 <\/span><span style=\"font-style: inherit\">\u2011<\/span><span style=\"font-style: inherit\"> ZEE no eixo tem\u00e1tico Patrim\u00f4nio Cultural. Atua nas \u00e1reas: Patrim\u00f4nio cultural, preserva\u00e7\u00e3o, conserva\u00e7\u00e3o e restauro (projeto e t\u00e9cnicas), mem\u00f3ria, fotografia de arquitetura, hist\u00f3ria da cidade. Coordena o Projeto de Pesquisa \u201cPatrim\u00f4nio Cultural e Lugares de Mem\u00f3ria do Amap\u00e1: Estudos, Identifica\u00e7\u00e3o e Cadastramento\u201d e o Projeto de Extens\u00e3o \u201cCidade Mem\u00f3ria e Patrim\u00f4nio\u201d.<\/span><\/p>\t\t\t\t\t\t\t\t<\/div>\n\t\t\t\t<\/div>\n\t\t\t\t<div class=\"elementor-element elementor-element-7395353 elementor-widget elementor-widget-text-editor\" data-id=\"7395353\" data-element_type=\"widget\" data-e-type=\"widget\" data-widget_type=\"text-editor.default\">\n\t\t\t\t<div class=\"elementor-widget-container\">\n\t\t\t\t\t\t\t\t\t<p><img decoding=\"async\" class=\"alignnone wp-image-10133 \" src=\"http:\/\/www2.unifap.br\/arquitetura\/files\/2025\/10\/envelope-e1759960038683-150x150.jpg\" alt=\"\" width=\"25\" height=\"25\" srcset=\"https:\/\/www2.unifap.br\/arquitetura\/files\/2025\/10\/envelope-e1759960038683-150x150.jpg 150w, https:\/\/www2.unifap.br\/arquitetura\/files\/2025\/10\/envelope-e1759960038683-300x287.jpg 300w, https:\/\/www2.unifap.br\/arquitetura\/files\/2025\/10\/envelope-e1759960038683-1200x1148.jpg 1200w, https:\/\/www2.unifap.br\/arquitetura\/files\/2025\/10\/envelope-e1759960038683-768x735.jpg 768w, https:\/\/www2.unifap.br\/arquitetura\/files\/2025\/10\/envelope-e1759960038683.jpg 1286w\" sizes=\"(max-width: 25px) 100vw, 25px\" \/> <a href=\"mailto:eloane@unifap.br\">eloane@unifap.br<\/a><\/p><p><a href=\"https:\/\/sigaa.unifap.br\/sigaa\/public\/docente\/portal.jsf?siape=1658952\"><img decoding=\"async\" class=\"alignnone wp-image-6543\" src=\"http:\/\/www2.unifap.br\/arquitetura\/files\/2024\/02\/sigaa-300x83.png\" alt=\"\" width=\"91\" height=\"25\" srcset=\"https:\/\/www2.unifap.br\/arquitetura\/files\/2024\/02\/sigaa-300x83.png 300w, https:\/\/www2.unifap.br\/arquitetura\/files\/2024\/02\/sigaa-768x213.png 768w, https:\/\/www2.unifap.br\/arquitetura\/files\/2024\/02\/sigaa.png 1080w\" sizes=\"(max-width: 91px) 100vw, 91px\" \/> P\u00e1gina P\u00fablica<\/a><\/p><p><a href=\"http:\/\/lattes.cnpq.br\/1720472110884070\"><img loading=\"lazy\" decoding=\"async\" class=\"alignnone wp-image-6542 \" src=\"http:\/\/www2.unifap.br\/arquitetura\/files\/2024\/02\/lattesp-e1759959733714-300x135.png\" alt=\"\" width=\"91\" height=\"41\" srcset=\"https:\/\/www2.unifap.br\/arquitetura\/files\/2024\/02\/lattesp-e1759959733714-300x135.png 300w, https:\/\/www2.unifap.br\/arquitetura\/files\/2024\/02\/lattesp-e1759959733714.png 666w\" sizes=\"(max-width: 91px) 100vw, 91px\" \/> Curr\u00edculo Lattes<\/a><\/p>\t\t\t\t\t\t\t\t<\/div>\n\t\t\t\t<\/div>\n\t\t\t\t<\/div>\n\t\t\t\t\t<\/div>\n\t\t\t\t<\/div>\n\t\t\t\t\t<\/details>\n\t\t\t\t\t\t<details id=\"e-n-accordion-item-2648\" class=\"e-n-accordion-item\" >\n\t\t\t\t<summary class=\"e-n-accordion-item-title\" data-accordion-index=\"9\" tabindex=\"-1\" aria-expanded=\"false\" aria-controls=\"e-n-accordion-item-2648\" >\n\t\t\t\t\t<span class='e-n-accordion-item-title-header'><div class=\"e-n-accordion-item-title-text\"> Profa. Dra. F\u00e1tima Maria Andrade Pelaes <\/div><\/span>\n\t\t\t\t\t\t\t<span class='e-n-accordion-item-title-icon'>\n\t\t\t<span class='e-opened' ><svg aria-hidden=\"true\" class=\"e-font-icon-svg e-fas-minus\" viewBox=\"0 0 448 512\" xmlns=\"http:\/\/www.w3.org\/2000\/svg\"><path d=\"M416 208H32c-17.67 0-32 14.33-32 32v32c0 17.67 14.33 32 32 32h384c17.67 0 32-14.33 32-32v-32c0-17.67-14.33-32-32-32z\"><\/path><\/svg><\/span>\n\t\t\t<span class='e-closed'><svg aria-hidden=\"true\" class=\"e-font-icon-svg e-fas-plus\" viewBox=\"0 0 448 512\" xmlns=\"http:\/\/www.w3.org\/2000\/svg\"><path d=\"M416 208H272V64c0-17.67-14.33-32-32-32h-32c-17.67 0-32 14.33-32 32v144H32c-17.67 0-32 14.33-32 32v32c0 17.67 14.33 32 32 32h144v144c0 17.67 14.33 32 32 32h32c17.67 0 32-14.33 32-32V304h144c17.67 0 32-14.33 32-32v-32c0-17.67-14.33-32-32-32z\"><\/path><\/svg><\/span>\n\t\t<\/span>\n\n\t\t\t\t\t\t<\/summary>\n\t\t\t\t<div role=\"region\" aria-labelledby=\"e-n-accordion-item-2648\" class=\"elementor-element elementor-element-443f848 e-flex e-con-boxed e-con e-child\" data-id=\"443f848\" data-element_type=\"container\" data-e-type=\"container\">\n\t\t\t\t\t<div class=\"e-con-inner\">\n\t\t<div role=\"region\" aria-labelledby=\"e-n-accordion-item-2648\" class=\"elementor-element elementor-element-2020cf2 e-grid e-con-full e-con e-child\" data-id=\"2020cf2\" data-element_type=\"container\" data-e-type=\"container\">\n\t\t\t\t<div class=\"elementor-element elementor-element-81b982d elementor-widget elementor-widget-image\" data-id=\"81b982d\" data-element_type=\"widget\" data-e-type=\"widget\" data-widget_type=\"image.default\">\n\t\t\t\t<div class=\"elementor-widget-container\">\n\t\t\t\t\t\t\t\t\t\t\t\t\t\t\t<img loading=\"lazy\" decoding=\"async\" width=\"500\" height=\"500\" src=\"https:\/\/www2.unifap.br\/arquitetura\/files\/2024\/02\/2img-site-4.png\" class=\"attachment-large size-large wp-image-6976\" alt=\"\" srcset=\"https:\/\/www2.unifap.br\/arquitetura\/files\/2024\/02\/2img-site-4.png 500w, https:\/\/www2.unifap.br\/arquitetura\/files\/2024\/02\/2img-site-4-300x300.png 300w, https:\/\/www2.unifap.br\/arquitetura\/files\/2024\/02\/2img-site-4-150x150.png 150w\" sizes=\"(max-width: 500px) 100vw, 500px\" \/>\t\t\t\t\t\t\t\t\t\t\t\t\t\t\t<\/div>\n\t\t\t\t<\/div>\n\t\t\t\t<div class=\"elementor-element elementor-element-70c1f1a elementor-widget elementor-widget-text-editor\" data-id=\"70c1f1a\" data-element_type=\"widget\" data-e-type=\"widget\" data-widget_type=\"text-editor.default\">\n\t\t\t\t<div class=\"elementor-widget-container\">\n\t\t\t\t\t\t\t\t\t<p style=\"font-size: 16px;font-style: normal;font-weight: 400;text-align: justify\"><strong>Curr\u00edculo resumido:<\/strong><\/p><p style=\"text-align: justify\"><span style=\"font-weight: 400\">Arquiteta e Urbanista (UNAMA), especialista em Gest\u00e3o Urbana (UNIFAP), mestre em desenvolvimento regional (UNIFAP) e doutorado em urbanismo (PROURB\/UFRJ).\u00a0<\/span><span style=\"font-style: inherit\">Tem experi\u00eancia na \u00e1rea de Arquitetura e Urbanismo, com \u00eanfase em Projeto de Arquitetura e Urbanismo, atuando principalmente nos seguintes temas: planejamento urbano, acessibilidade, patrim\u00f4nio cultural, arquitetura moderna e qualidade de vida.<\/span><\/p>\t\t\t\t\t\t\t\t<\/div>\n\t\t\t\t<\/div>\n\t\t<div role=\"region\" aria-labelledby=\"e-n-accordion-item-2648\" class=\"elementor-element elementor-element-7769810 e-grid e-con-full e-con e-child\" data-id=\"7769810\" data-element_type=\"container\" data-e-type=\"container\">\n\t\t\t\t<\/div>\n\t\t\t\t<div class=\"elementor-element elementor-element-7c43bcf elementor-widget elementor-widget-text-editor\" data-id=\"7c43bcf\" data-element_type=\"widget\" data-e-type=\"widget\" data-widget_type=\"text-editor.default\">\n\t\t\t\t<div class=\"elementor-widget-container\">\n\t\t\t\t\t\t\t\t\t<p><img decoding=\"async\" class=\"alignnone wp-image-10133 \" src=\"http:\/\/www2.unifap.br\/arquitetura\/files\/2025\/10\/envelope-e1759960038683-150x150.jpg\" alt=\"\" width=\"25\" height=\"25\" srcset=\"https:\/\/www2.unifap.br\/arquitetura\/files\/2025\/10\/envelope-e1759960038683-150x150.jpg 150w, https:\/\/www2.unifap.br\/arquitetura\/files\/2025\/10\/envelope-e1759960038683-300x287.jpg 300w, https:\/\/www2.unifap.br\/arquitetura\/files\/2025\/10\/envelope-e1759960038683-1200x1148.jpg 1200w, https:\/\/www2.unifap.br\/arquitetura\/files\/2025\/10\/envelope-e1759960038683-768x735.jpg 768w, https:\/\/www2.unifap.br\/arquitetura\/files\/2025\/10\/envelope-e1759960038683.jpg 1286w\" sizes=\"(max-width: 25px) 100vw, 25px\" \/> <a href=\"mailto:fatimaria@unifap.br\">fatimaria@unifap.br<\/a><\/p><p><a href=\"https:\/\/sigaa.unifap.br\/sigaa\/public\/docente\/portal.jsf?siape=2687635\"><img decoding=\"async\" class=\"alignnone wp-image-6543\" src=\"http:\/\/www2.unifap.br\/arquitetura\/files\/2024\/02\/sigaa-300x83.png\" alt=\"\" width=\"91\" height=\"25\" srcset=\"https:\/\/www2.unifap.br\/arquitetura\/files\/2024\/02\/sigaa-300x83.png 300w, https:\/\/www2.unifap.br\/arquitetura\/files\/2024\/02\/sigaa-768x213.png 768w, https:\/\/www2.unifap.br\/arquitetura\/files\/2024\/02\/sigaa.png 1080w\" sizes=\"(max-width: 91px) 100vw, 91px\" \/> P\u00e1gina P\u00fablica<\/a><\/p><p><a href=\"http:\/\/lattes.cnpq.br\/7289495902961995\"><img loading=\"lazy\" decoding=\"async\" class=\"alignnone wp-image-6542 \" src=\"http:\/\/www2.unifap.br\/arquitetura\/files\/2024\/02\/lattesp-e1759959733714-300x135.png\" alt=\"\" width=\"91\" height=\"41\" srcset=\"https:\/\/www2.unifap.br\/arquitetura\/files\/2024\/02\/lattesp-e1759959733714-300x135.png 300w, https:\/\/www2.unifap.br\/arquitetura\/files\/2024\/02\/lattesp-e1759959733714.png 666w\" sizes=\"(max-width: 91px) 100vw, 91px\" \/> Curr\u00edculo Lattes<\/a><\/p>\t\t\t\t\t\t\t\t<\/div>\n\t\t\t\t<\/div>\n\t\t\t\t<\/div>\n\t\t\t\t\t<\/div>\n\t\t\t\t<\/div>\n\t\t\t\t\t<\/details>\n\t\t\t\t\t\t<details id=\"e-n-accordion-item-2649\" class=\"e-n-accordion-item\" >\n\t\t\t\t<summary class=\"e-n-accordion-item-title\" data-accordion-index=\"10\" tabindex=\"-1\" aria-expanded=\"false\" aria-controls=\"e-n-accordion-item-2649\" >\n\t\t\t\t\t<span class='e-n-accordion-item-title-header'><div class=\"e-n-accordion-item-title-text\"> Prof. Dr. Felipe da Silva Duarte Lopes <\/div><\/span>\n\t\t\t\t\t\t\t<span class='e-n-accordion-item-title-icon'>\n\t\t\t<span class='e-opened' ><svg aria-hidden=\"true\" class=\"e-font-icon-svg e-fas-minus\" viewBox=\"0 0 448 512\" xmlns=\"http:\/\/www.w3.org\/2000\/svg\"><path d=\"M416 208H32c-17.67 0-32 14.33-32 32v32c0 17.67 14.33 32 32 32h384c17.67 0 32-14.33 32-32v-32c0-17.67-14.33-32-32-32z\"><\/path><\/svg><\/span>\n\t\t\t<span class='e-closed'><svg aria-hidden=\"true\" class=\"e-font-icon-svg e-fas-plus\" viewBox=\"0 0 448 512\" xmlns=\"http:\/\/www.w3.org\/2000\/svg\"><path d=\"M416 208H272V64c0-17.67-14.33-32-32-32h-32c-17.67 0-32 14.33-32 32v144H32c-17.67 0-32 14.33-32 32v32c0 17.67 14.33 32 32 32h144v144c0 17.67 14.33 32 32 32h32c17.67 0 32-14.33 32-32V304h144c17.67 0 32-14.33 32-32v-32c0-17.67-14.33-32-32-32z\"><\/path><\/svg><\/span>\n\t\t<\/span>\n\n\t\t\t\t\t\t<\/summary>\n\t\t\t\t<div role=\"region\" aria-labelledby=\"e-n-accordion-item-2649\" class=\"elementor-element elementor-element-9c943de e-flex e-con-boxed e-con e-child\" data-id=\"9c943de\" data-element_type=\"container\" data-e-type=\"container\">\n\t\t\t\t\t<div class=\"e-con-inner\">\n\t\t<div role=\"region\" aria-labelledby=\"e-n-accordion-item-2649\" class=\"elementor-element elementor-element-8563759 e-grid e-con-full e-con e-child\" data-id=\"8563759\" data-element_type=\"container\" data-e-type=\"container\">\n\t\t\t\t<div class=\"elementor-element elementor-element-2ddf1d6 elementor-widget elementor-widget-image\" data-id=\"2ddf1d6\" data-element_type=\"widget\" data-e-type=\"widget\" data-widget_type=\"image.default\">\n\t\t\t\t<div class=\"elementor-widget-container\">\n\t\t\t\t\t\t\t\t\t\t\t\t\t\t\t<img loading=\"lazy\" decoding=\"async\" width=\"1200\" height=\"1200\" src=\"https:\/\/www2.unifap.br\/arquitetura\/files\/2024\/10\/Foto-Felipe-1200x1200.png\" class=\"attachment-large size-large wp-image-9885\" alt=\"\" srcset=\"https:\/\/www2.unifap.br\/arquitetura\/files\/2024\/10\/Foto-Felipe-1200x1200.png 1200w, https:\/\/www2.unifap.br\/arquitetura\/files\/2024\/10\/Foto-Felipe-300x300.png 300w, https:\/\/www2.unifap.br\/arquitetura\/files\/2024\/10\/Foto-Felipe-150x150.png 150w, https:\/\/www2.unifap.br\/arquitetura\/files\/2024\/10\/Foto-Felipe-768x768.png 768w, https:\/\/www2.unifap.br\/arquitetura\/files\/2024\/10\/Foto-Felipe-1536x1536.png 1536w, https:\/\/www2.unifap.br\/arquitetura\/files\/2024\/10\/Foto-Felipe.png 1620w\" sizes=\"(max-width: 1200px) 100vw, 1200px\" \/>\t\t\t\t\t\t\t\t\t\t\t\t\t\t\t<\/div>\n\t\t\t\t<\/div>\n\t\t\t\t<div class=\"elementor-element elementor-element-743455b elementor-widget elementor-widget-text-editor\" data-id=\"743455b\" data-element_type=\"widget\" data-e-type=\"widget\" data-widget_type=\"text-editor.default\">\n\t\t\t\t<div class=\"elementor-widget-container\">\n\t\t\t\t\t\t\t\t\t<p style=\"font-size: 16px;font-style: normal;font-weight: 400;text-align: justify\"><strong>Curr\u00edculo resumido:<\/strong><\/p><p style=\"text-align: justify\"><span style=\"font-weight: 400\">Arquiteto e Urbanista (ICF-PI), MBA em Gest\u00e3o de Projetos Integrados de Edifica\u00e7\u00f5es pela Universidade Cidade de S\u00e3o Paulo, Mestre e Doutor em Arquitetura, Tecnologia e <\/span><span style=\"font-weight: 400\">Cidade <\/span><span style=\"font-weight: 400\">(UNICAMP).\u00a0<\/span><span style=\"font-style: inherit\">Pesquisador visitante da Concordia University, Canad\u00e1 (2018<\/span><span style=\"font-style: inherit\">\u2011<\/span><span style=\"font-style: inherit\">2019). Professor do Programa de P\u00f3s<\/span><span style=\"font-style: inherit\">\u2011<\/span><span style=\"font-style: inherit\">gradua\u00e7\u00e3o em Desenvolvimento da Amaz\u00f4nia Sustent\u00e1vel (PPGDAS) da UNIFAP. L\u00edder do grupo TRAMAz <\/span><span style=\"font-style: inherit\">\u2011<\/span><span style=\"font-style: inherit\"> N\u00facleo de Pesquisa do Espa\u00e7o Constru\u00eddo na Amaz\u00f4nia do CNPq e do Laborat\u00f3rio de Conforto Ambiental e Sustentabilidade na Amaz\u00f4nia (LabCASA). Atua em pesquisas na \u00e1rea de conforto ambiental, efici\u00eancia energ\u00e9tica, arquitetura bioclim\u00e1tica, desempenho t\u00e9rmico de edifica\u00e7\u00f5es, simula\u00e7\u00e3o computacional e m\u00e9todos de otimiza\u00e7\u00e3o. Tem experi\u00eancia em projetos de arquitetura institucional e comercial, sinaliza\u00e7\u00e3o tur\u00edstica e patrim\u00f4nio hist\u00f3rico. Possui parcerias com a Universidade Estadual de Campinas, Universit\u00e9 de Guyane, e Centro Universit\u00e1rio Uninta.<\/span><\/p>\t\t\t\t\t\t\t\t<\/div>\n\t\t\t\t<\/div>\n\t\t\t\t<div class=\"elementor-element elementor-element-5394101 elementor-widget elementor-widget-text-editor\" data-id=\"5394101\" data-element_type=\"widget\" data-e-type=\"widget\" data-widget_type=\"text-editor.default\">\n\t\t\t\t<div class=\"elementor-widget-container\">\n\t\t\t\t\t\t\t\t\t<p><img decoding=\"async\" class=\"alignnone wp-image-10133 \" src=\"http:\/\/www2.unifap.br\/arquitetura\/files\/2025\/10\/envelope-e1759960038683-150x150.jpg\" alt=\"\" width=\"25\" height=\"25\" srcset=\"https:\/\/www2.unifap.br\/arquitetura\/files\/2025\/10\/envelope-e1759960038683-150x150.jpg 150w, https:\/\/www2.unifap.br\/arquitetura\/files\/2025\/10\/envelope-e1759960038683-300x287.jpg 300w, https:\/\/www2.unifap.br\/arquitetura\/files\/2025\/10\/envelope-e1759960038683-1200x1148.jpg 1200w, https:\/\/www2.unifap.br\/arquitetura\/files\/2025\/10\/envelope-e1759960038683-768x735.jpg 768w, https:\/\/www2.unifap.br\/arquitetura\/files\/2025\/10\/envelope-e1759960038683.jpg 1286w\" sizes=\"(max-width: 25px) 100vw, 25px\" \/> <a href=\"mailto:felipe.lopes@unifap.br\">felipe.lopes@unifap.br<\/a><\/p><p><a href=\"https:\/\/sigaa.unifap.br\/sigaa\/public\/docente\/portal.jsf?siape=1697808\"><img decoding=\"async\" class=\"alignnone wp-image-6543\" src=\"http:\/\/www2.unifap.br\/arquitetura\/files\/2024\/02\/sigaa-300x83.png\" alt=\"\" width=\"91\" height=\"25\" srcset=\"https:\/\/www2.unifap.br\/arquitetura\/files\/2024\/02\/sigaa-300x83.png 300w, https:\/\/www2.unifap.br\/arquitetura\/files\/2024\/02\/sigaa-768x213.png 768w, https:\/\/www2.unifap.br\/arquitetura\/files\/2024\/02\/sigaa.png 1080w\" sizes=\"(max-width: 91px) 100vw, 91px\" \/> P\u00e1gina P\u00fablica<\/a><\/p><p><a href=\"http:\/\/lattes.cnpq.br\/9455403092645699\" data-wplink-edit=\"true\"><img loading=\"lazy\" decoding=\"async\" class=\"alignnone wp-image-6542 \" src=\"http:\/\/www2.unifap.br\/arquitetura\/files\/2024\/02\/lattesp-e1759959733714-300x135.png\" alt=\"\" width=\"91\" height=\"41\" srcset=\"https:\/\/www2.unifap.br\/arquitetura\/files\/2024\/02\/lattesp-e1759959733714-300x135.png 300w, https:\/\/www2.unifap.br\/arquitetura\/files\/2024\/02\/lattesp-e1759959733714.png 666w\" sizes=\"(max-width: 91px) 100vw, 91px\" \/> Curr\u00edculo Lattes<\/a><\/p>\t\t\t\t\t\t\t\t<\/div>\n\t\t\t\t<\/div>\n\t\t\t\t<div class=\"elementor-element elementor-element-6c1702a elementor-widget elementor-widget-text-editor\" data-id=\"6c1702a\" data-element_type=\"widget\" data-e-type=\"widget\" data-widget_type=\"text-editor.default\">\n\t\t\t\t<div class=\"elementor-widget-container\">\n\t\t\t\t\t\t\t\t\t<p><strong>Grupo de Pesquisa:<\/strong><\/p><p><a href=\"https:\/\/www2.unifap.br\/arquitetura\/grupos-de-pesquisa\/\">TRAMAz: N\u00facleo de Pesquisa do Espa\u00e7o Constru\u00eddo na Amaz\u00f4nia<\/a><\/p><p><strong>Laborat\u00f3rio:<\/strong><\/p><p><a href=\"https:\/\/pnipe.mcti.gov.br\/laboratory\/21592\">LabCASA: Laborat\u00f3rio de Conforto Ambiental e Sustentabilidade na Amaz\u00f4nia<\/a><\/p>\t\t\t\t\t\t\t\t<\/div>\n\t\t\t\t<\/div>\n\t\t\t\t<\/div>\n\t\t\t\t\t<\/div>\n\t\t\t\t<\/div>\n\t\t\t\t\t<\/details>\n\t\t\t\t\t\t<details id=\"e-n-accordion-item-26410\" class=\"e-n-accordion-item\" >\n\t\t\t\t<summary class=\"e-n-accordion-item-title\" data-accordion-index=\"11\" tabindex=\"-1\" aria-expanded=\"false\" aria-controls=\"e-n-accordion-item-26410\" >\n\t\t\t\t\t<span class='e-n-accordion-item-title-header'><div class=\"e-n-accordion-item-title-text\"> Prof. Dr. Jadson Lu\u00eds Rebelo Porto <\/div><\/span>\n\t\t\t\t\t\t\t<span class='e-n-accordion-item-title-icon'>\n\t\t\t<span class='e-opened' ><svg aria-hidden=\"true\" class=\"e-font-icon-svg e-fas-minus\" viewBox=\"0 0 448 512\" xmlns=\"http:\/\/www.w3.org\/2000\/svg\"><path d=\"M416 208H32c-17.67 0-32 14.33-32 32v32c0 17.67 14.33 32 32 32h384c17.67 0 32-14.33 32-32v-32c0-17.67-14.33-32-32-32z\"><\/path><\/svg><\/span>\n\t\t\t<span class='e-closed'><svg aria-hidden=\"true\" class=\"e-font-icon-svg e-fas-plus\" viewBox=\"0 0 448 512\" xmlns=\"http:\/\/www.w3.org\/2000\/svg\"><path d=\"M416 208H272V64c0-17.67-14.33-32-32-32h-32c-17.67 0-32 14.33-32 32v144H32c-17.67 0-32 14.33-32 32v32c0 17.67 14.33 32 32 32h144v144c0 17.67 14.33 32 32 32h32c17.67 0 32-14.33 32-32V304h144c17.67 0 32-14.33 32-32v-32c0-17.67-14.33-32-32-32z\"><\/path><\/svg><\/span>\n\t\t<\/span>\n\n\t\t\t\t\t\t<\/summary>\n\t\t\t\t<div role=\"region\" aria-labelledby=\"e-n-accordion-item-26410\" class=\"elementor-element elementor-element-31e7213 e-flex e-con-boxed e-con e-child\" data-id=\"31e7213\" data-element_type=\"container\" data-e-type=\"container\">\n\t\t\t\t\t<div class=\"e-con-inner\">\n\t\t<div role=\"region\" aria-labelledby=\"e-n-accordion-item-26410\" class=\"elementor-element elementor-element-45a1946 e-grid e-con-full e-con e-child\" data-id=\"45a1946\" data-element_type=\"container\" data-e-type=\"container\">\n\t\t\t\t<div class=\"elementor-element elementor-element-3d2c06c elementor-widget elementor-widget-image\" data-id=\"3d2c06c\" data-element_type=\"widget\" data-e-type=\"widget\" data-widget_type=\"image.default\">\n\t\t\t\t<div class=\"elementor-widget-container\">\n\t\t\t\t\t\t\t\t\t\t\t\t\t\t\t<img loading=\"lazy\" decoding=\"async\" width=\"500\" height=\"500\" src=\"https:\/\/www2.unifap.br\/arquitetura\/files\/2024\/02\/3-1.png\" class=\"attachment-large size-large wp-image-7044\" alt=\"\" srcset=\"https:\/\/www2.unifap.br\/arquitetura\/files\/2024\/02\/3-1.png 500w, https:\/\/www2.unifap.br\/arquitetura\/files\/2024\/02\/3-1-300x300.png 300w, https:\/\/www2.unifap.br\/arquitetura\/files\/2024\/02\/3-1-150x150.png 150w\" sizes=\"(max-width: 500px) 100vw, 500px\" \/>\t\t\t\t\t\t\t\t\t\t\t\t\t\t\t<\/div>\n\t\t\t\t<\/div>\n\t\t\t\t<div class=\"elementor-element elementor-element-4aeb446 elementor-widget elementor-widget-text-editor\" data-id=\"4aeb446\" data-element_type=\"widget\" data-e-type=\"widget\" data-widget_type=\"text-editor.default\">\n\t\t\t\t<div class=\"elementor-widget-container\">\n\t\t\t\t\t\t\t\t\t<p style=\"font-size: 16px;font-style: normal;font-weight: 400;text-align: justify\"><strong>Curr\u00edculo resumido:<\/strong><\/p><p style=\"text-align: justify\"><span style=\"font-weight: 400\">Ge\u00f3grafo (UFPA), mestre em geografia (UFSC) e doutor em Ci\u00eancia Econ\u00f4mica (UNICAMP). Fez p\u00f3s<\/span><span style=\"font-weight: 400\">\u2011<\/span><span style=\"font-weight: 400\">doutorado em Desenvolvimento Regional (FURB), em Geografia, pela Universidade de Coimbra, em Estudos Sociais, pela Universidad Nacional de la Patagonia Austral <\/span><span style=\"font-weight: 400\">\u2011<\/span><span style=\"font-weight: 400\"> Unidade Rio Gallegos (UNPA\/UARG) e Desenvolvimento Regional (UFT). Membro Titular da Academia de Letras Jos\u00e9 de Alencar, Cadeira 03 (Curitiba, Paran\u00e1, Brasil). Membro Titular da Academia Amapaense de Letras, Cadeira 17 (Macap\u00e1, Amap\u00e1, Brasil). Coordenador do N\u00facleo de Estudos Regionais e Urbanos (NESUR\/UNIFAP). Professor do Mestrado em Desenvolvimento Regional (UNIFAP).<\/span><span style=\"font-weight: 400\">\u00a0<\/span><span style=\"font-style: inherit\">Tem<\/span> <span style=\"font-style: inherit\">experi\u00eancia na \u00e1rea de Geografia, com \u00eanfase em An\u00e1lise Regional, tem interesse em<\/span> <span style=\"font-style: inherit\">discutir nos seguintes temas: Amap\u00e1\u037e Desenvolvimento regional\u037e Amap\u00e1 <\/span><span style=\"font-style: inherit\">\u2011<\/span><span style=\"font-style: inherit\"> pol\u00edtica e governo\u037e Amaz\u00f4nia\u037e Fronteira e Transfronteiriza\u00e7\u00e3o\u037e Metropoliza\u00e7\u00e3o.<\/span><\/p>\t\t\t\t\t\t\t\t<\/div>\n\t\t\t\t<\/div>\n\t\t<div role=\"region\" aria-labelledby=\"e-n-accordion-item-26410\" class=\"elementor-element elementor-element-f224330 e-grid e-con-full e-con e-child\" data-id=\"f224330\" data-element_type=\"container\" data-e-type=\"container\">\n\t\t\t\t<div class=\"elementor-element elementor-element-fa8d808 elementor-widget elementor-widget-text-editor\" data-id=\"fa8d808\" data-element_type=\"widget\" data-e-type=\"widget\" data-widget_type=\"text-editor.default\">\n\t\t\t\t<div class=\"elementor-widget-container\">\n\t\t\t\t\t\t\t\t\t<p><img decoding=\"async\" class=\"alignnone wp-image-10133 \" src=\"http:\/\/www2.unifap.br\/arquitetura\/files\/2025\/10\/envelope-e1759960038683-150x150.jpg\" alt=\"\" width=\"25\" height=\"25\" srcset=\"https:\/\/www2.unifap.br\/arquitetura\/files\/2025\/10\/envelope-e1759960038683-150x150.jpg 150w, https:\/\/www2.unifap.br\/arquitetura\/files\/2025\/10\/envelope-e1759960038683-300x287.jpg 300w, https:\/\/www2.unifap.br\/arquitetura\/files\/2025\/10\/envelope-e1759960038683-1200x1148.jpg 1200w, https:\/\/www2.unifap.br\/arquitetura\/files\/2025\/10\/envelope-e1759960038683-768x735.jpg 768w, https:\/\/www2.unifap.br\/arquitetura\/files\/2025\/10\/envelope-e1759960038683.jpg 1286w\" sizes=\"(max-width: 25px) 100vw, 25px\" \/> <a href=\"mailto:jadsonporto@unifap.br\">jadsonporto@unifap.br<\/a><\/p><p><a href=\"https:\/\/sigaa.unifap.br\/sigaa\/public\/docente\/portal.jsf?siape=1170648\"><img decoding=\"async\" class=\"alignnone wp-image-6543\" src=\"http:\/\/www2.unifap.br\/arquitetura\/files\/2024\/02\/sigaa-300x83.png\" alt=\"\" width=\"91\" height=\"25\" srcset=\"https:\/\/www2.unifap.br\/arquitetura\/files\/2024\/02\/sigaa-300x83.png 300w, https:\/\/www2.unifap.br\/arquitetura\/files\/2024\/02\/sigaa-768x213.png 768w, https:\/\/www2.unifap.br\/arquitetura\/files\/2024\/02\/sigaa.png 1080w\" sizes=\"(max-width: 91px) 100vw, 91px\" \/> P\u00e1gina P\u00fablica<\/a><\/p><p><a href=\"http:\/\/lattes.cnpq.br\/4637604119824067\"><img loading=\"lazy\" decoding=\"async\" class=\"alignnone wp-image-6542 \" src=\"http:\/\/www2.unifap.br\/arquitetura\/files\/2024\/02\/lattesp-e1759959733714-300x135.png\" alt=\"\" width=\"91\" height=\"41\" srcset=\"https:\/\/www2.unifap.br\/arquitetura\/files\/2024\/02\/lattesp-e1759959733714-300x135.png 300w, https:\/\/www2.unifap.br\/arquitetura\/files\/2024\/02\/lattesp-e1759959733714.png 666w\" sizes=\"(max-width: 91px) 100vw, 91px\" \/> Curr\u00edculo Lattes<\/a><\/p>\t\t\t\t\t\t\t\t<\/div>\n\t\t\t\t<\/div>\n\t\t\t\t<\/div>\n\t\t\t\t<div class=\"elementor-element elementor-element-a0c31f5 elementor-widget elementor-widget-text-editor\" data-id=\"a0c31f5\" data-element_type=\"widget\" data-e-type=\"widget\" data-widget_type=\"text-editor.default\">\n\t\t\t\t<div class=\"elementor-widget-container\">\n\t\t\t\t\t\t\t\t\t<p><strong>Grupo de Pesquisa:<\/strong><\/p><p><a href=\"https:\/\/www2.unifap.br\/arquitetura\/grupos-de-pesquisa\/\">N\u00facleo de Estudos Urbanos e Regionais<\/a><\/p>\t\t\t\t\t\t\t\t<\/div>\n\t\t\t\t<\/div>\n\t\t\t\t<\/div>\n\t\t\t\t\t<\/div>\n\t\t\t\t<\/div>\n\t\t\t\t\t<\/details>\n\t\t\t\t\t\t<details id=\"e-n-accordion-item-26411\" class=\"e-n-accordion-item\" >\n\t\t\t\t<summary class=\"e-n-accordion-item-title\" data-accordion-index=\"12\" tabindex=\"-1\" aria-expanded=\"false\" aria-controls=\"e-n-accordion-item-26411\" >\n\t\t\t\t\t<span class='e-n-accordion-item-title-header'><div class=\"e-n-accordion-item-title-text\"> Prof. Dr. Jodival Mauricio da Costa <\/div><\/span>\n\t\t\t\t\t\t\t<span class='e-n-accordion-item-title-icon'>\n\t\t\t<span class='e-opened' ><svg aria-hidden=\"true\" class=\"e-font-icon-svg e-fas-minus\" viewBox=\"0 0 448 512\" xmlns=\"http:\/\/www.w3.org\/2000\/svg\"><path d=\"M416 208H32c-17.67 0-32 14.33-32 32v32c0 17.67 14.33 32 32 32h384c17.67 0 32-14.33 32-32v-32c0-17.67-14.33-32-32-32z\"><\/path><\/svg><\/span>\n\t\t\t<span class='e-closed'><svg aria-hidden=\"true\" class=\"e-font-icon-svg e-fas-plus\" viewBox=\"0 0 448 512\" xmlns=\"http:\/\/www.w3.org\/2000\/svg\"><path d=\"M416 208H272V64c0-17.67-14.33-32-32-32h-32c-17.67 0-32 14.33-32 32v144H32c-17.67 0-32 14.33-32 32v32c0 17.67 14.33 32 32 32h144v144c0 17.67 14.33 32 32 32h32c17.67 0 32-14.33 32-32V304h144c17.67 0 32-14.33 32-32v-32c0-17.67-14.33-32-32-32z\"><\/path><\/svg><\/span>\n\t\t<\/span>\n\n\t\t\t\t\t\t<\/summary>\n\t\t\t\t<div role=\"region\" aria-labelledby=\"e-n-accordion-item-26411\" class=\"elementor-element elementor-element-2b41f20 e-flex e-con-boxed e-con e-child\" data-id=\"2b41f20\" data-element_type=\"container\" data-e-type=\"container\">\n\t\t\t\t\t<div class=\"e-con-inner\">\n\t\t<div role=\"region\" aria-labelledby=\"e-n-accordion-item-26411\" class=\"elementor-element elementor-element-1b5bb1d e-grid e-con-full e-con e-child\" data-id=\"1b5bb1d\" data-element_type=\"container\" data-e-type=\"container\">\n\t\t\t\t<div class=\"elementor-element elementor-element-f46ae58 elementor-widget elementor-widget-image\" data-id=\"f46ae58\" data-element_type=\"widget\" data-e-type=\"widget\" data-widget_type=\"image.default\">\n\t\t\t\t<div class=\"elementor-widget-container\">\n\t\t\t\t\t\t\t\t\t\t\t\t\t\t\t<img loading=\"lazy\" decoding=\"async\" width=\"500\" height=\"500\" src=\"https:\/\/www2.unifap.br\/arquitetura\/files\/2024\/02\/4-1.png\" class=\"attachment-large size-large wp-image-7045\" alt=\"\" srcset=\"https:\/\/www2.unifap.br\/arquitetura\/files\/2024\/02\/4-1.png 500w, https:\/\/www2.unifap.br\/arquitetura\/files\/2024\/02\/4-1-300x300.png 300w, https:\/\/www2.unifap.br\/arquitetura\/files\/2024\/02\/4-1-150x150.png 150w\" sizes=\"(max-width: 500px) 100vw, 500px\" \/>\t\t\t\t\t\t\t\t\t\t\t\t\t\t\t<\/div>\n\t\t\t\t<\/div>\n\t\t\t\t<div class=\"elementor-element elementor-element-08849fc elementor-widget elementor-widget-text-editor\" data-id=\"08849fc\" data-element_type=\"widget\" data-e-type=\"widget\" data-widget_type=\"text-editor.default\">\n\t\t\t\t<div class=\"elementor-widget-container\">\n\t\t\t\t\t\t\t\t\t<p style=\"font-size: 16px;font-style: normal;font-weight: 400;text-align: justify\"><strong>Curr\u00edculo resumido:<\/strong><\/p><p style=\"text-align: justify\"><span style=\"font-weight: 400\">Ge\u00f3grafo (UFPA), mestre em Geografia (UFRGS) e Doutor em Ci\u00eancia Ambiental USP <\/span><span style=\"font-weight: 400\">&#8211; sanduiche<\/span><span style=\"font-weight: 400\"> na Paris III Sorbonne Nouvelle (Geografia e Urbanismo).\u00a0<\/span><span style=\"font-style: inherit\">Coordena, pela UNIFAP, os Projetos de Extens\u00e3o Tecnol\u00f3gica: \u201cICOOPEB <\/span><span style=\"font-style: inherit\">\u2011<\/span><span style=\"font-style: inherit\"> Inova\u00e7\u00f5es educacionais, sociais e tecnol\u00f3gicas para o desenvolvimento agr\u00edcola sustent\u00e1vel e o cooperativismo nos territ\u00f3rios rurais da Amaz\u00f4nia equatoriana e brasileira\u201d, projeto Interinstitucional: Fran\u00e7a (Le Mas Universit\u00e9) <\/span><span style=\"font-style: inherit\">\u2011<\/span><span style=\"font-style: inherit\">Espanha (Universidade de Alicante\/Universidade Miguel Hernandez) <\/span><span style=\"font-style: inherit\">\u2011<\/span><span style=\"font-style: inherit\"> Brasil (UNFAP\/IFPA Castanhal\/UFRA Paragominas) <\/span><span style=\"font-style: inherit\">\u2011<\/span><span style=\"font-style: inherit\"> Ecuador (UCE\/UNIANDES), financiado pela Uni\u00e3o Europeia\u037e Pesquisa, Tecnologia e inova\u00e7\u00e3o para o trabalho e a sustentabilidade nas cadeias produtivas da sociobiodiversidade na Amaz\u00f4nia. Participa como membro do projeto de pesquisa com extens\u00e3o tecnol\u00f3gica: \u201cInovA\u00e7a\u00ed: Co<\/span><span style=\"font-style: inherit\">\u2011<\/span><span style=\"font-style: inherit\">constru\u00e7\u00e3o de conhecimentos, inova\u00e7\u00f5es e pol\u00edticas p\u00fablicas para sustentabilidade da produ\u00e7\u00e3o comunit\u00e1ria na Bioeconomia Amaz\u00f4nica\u201d, financiado pelas FAPs <\/span><span style=\"font-style: inherit\">\u2011<\/span><span style=\"font-style: inherit\"> Programa Amaz\u00f4nia + 10 (UFPA\/UFPB\/UNB\/UNIFAP)\u037e Projeto de Pesquisa: Entorno estrat\u00e9gico brasileiro: o nexo entre forma\u00e7\u00e3o de regi\u00e3o e diplomacia e coopera\u00e7\u00e3o em defesa, financiado pela CAPES\u037e Projeto de Pesquisa em Rede, \u201cRede Territ\u00f3rios Amaz\u00f4nicos, financiado pelo CIRAD. Atua nas \u00e1reas: Ecologia e Decolonialidade\u037e Sociedade, Cultura e Fronteira\u037e Governan\u00e7a Ambiental.<\/span><\/p>\t\t\t\t\t\t\t\t<\/div>\n\t\t\t\t<\/div>\n\t\t<div role=\"region\" aria-labelledby=\"e-n-accordion-item-26411\" class=\"elementor-element elementor-element-136421d e-grid e-con-full e-con e-child\" data-id=\"136421d\" data-element_type=\"container\" data-e-type=\"container\">\n\t\t\t\t<div class=\"elementor-element elementor-element-8441573 elementor-widget elementor-widget-text-editor\" data-id=\"8441573\" data-element_type=\"widget\" data-e-type=\"widget\" data-widget_type=\"text-editor.default\">\n\t\t\t\t<div class=\"elementor-widget-container\">\n\t\t\t\t\t\t\t\t\t<p><img decoding=\"async\" class=\"alignnone wp-image-10133 \" src=\"http:\/\/www2.unifap.br\/arquitetura\/files\/2025\/10\/envelope-e1759960038683-150x150.jpg\" alt=\"\" width=\"25\" height=\"25\" srcset=\"https:\/\/www2.unifap.br\/arquitetura\/files\/2025\/10\/envelope-e1759960038683-150x150.jpg 150w, https:\/\/www2.unifap.br\/arquitetura\/files\/2025\/10\/envelope-e1759960038683-300x287.jpg 300w, https:\/\/www2.unifap.br\/arquitetura\/files\/2025\/10\/envelope-e1759960038683-1200x1148.jpg 1200w, https:\/\/www2.unifap.br\/arquitetura\/files\/2025\/10\/envelope-e1759960038683-768x735.jpg 768w, https:\/\/www2.unifap.br\/arquitetura\/files\/2025\/10\/envelope-e1759960038683.jpg 1286w\" sizes=\"(max-width: 25px) 100vw, 25px\" \/> <a href=\"mailto:jodival.costa@unifap.br\">jodival.costa@unifap.br<\/a><\/p><p><a href=\"https:\/\/sigaa.unifap.br\/sigaa\/public\/docente\/portal.jsf?siape=1005983\"><img decoding=\"async\" class=\"alignnone wp-image-6543\" src=\"http:\/\/www2.unifap.br\/arquitetura\/files\/2024\/02\/sigaa-300x83.png\" alt=\"\" width=\"91\" height=\"25\" srcset=\"https:\/\/www2.unifap.br\/arquitetura\/files\/2024\/02\/sigaa-300x83.png 300w, https:\/\/www2.unifap.br\/arquitetura\/files\/2024\/02\/sigaa-768x213.png 768w, https:\/\/www2.unifap.br\/arquitetura\/files\/2024\/02\/sigaa.png 1080w\" sizes=\"(max-width: 91px) 100vw, 91px\" \/> P\u00e1gina P\u00fablica<\/a><\/p><p><a href=\"http:\/\/lattes.cnpq.br\/3157020880091095\" data-wplink-edit=\"true\"><img loading=\"lazy\" decoding=\"async\" class=\"alignnone wp-image-6542 \" src=\"http:\/\/www2.unifap.br\/arquitetura\/files\/2024\/02\/lattesp-e1759959733714-300x135.png\" alt=\"\" width=\"91\" height=\"41\" srcset=\"https:\/\/www2.unifap.br\/arquitetura\/files\/2024\/02\/lattesp-e1759959733714-300x135.png 300w, https:\/\/www2.unifap.br\/arquitetura\/files\/2024\/02\/lattesp-e1759959733714.png 666w\" sizes=\"(max-width: 91px) 100vw, 91px\" \/> Curr\u00edculo Lattes<\/a><\/p>\t\t\t\t\t\t\t\t<\/div>\n\t\t\t\t<\/div>\n\t\t\t\t<\/div>\n\t\t\t\t<div class=\"elementor-element elementor-element-aaba427 elementor-widget elementor-widget-text-editor\" data-id=\"aaba427\" data-element_type=\"widget\" data-e-type=\"widget\" data-widget_type=\"text-editor.default\">\n\t\t\t\t<div class=\"elementor-widget-container\">\n\t\t\t\t\t\t\t\t\t<p><strong>Grupo de Pesquisa:<\/strong><\/p><p><a href=\"https:\/\/www2.unifap.br\/arquitetura\/grupos-de-pesquisa\/\">N\u00facleo de Estudos em Est\u00e9tica do \u00damido<\/a><\/p><p>\u00a0<\/p>\t\t\t\t\t\t\t\t<\/div>\n\t\t\t\t<\/div>\n\t\t\t\t<\/div>\n\t\t\t\t\t<\/div>\n\t\t\t\t<\/div>\n\t\t\t\t\t<\/details>\n\t\t\t\t\t\t<details id=\"e-n-accordion-item-26412\" class=\"e-n-accordion-item\" >\n\t\t\t\t<summary class=\"e-n-accordion-item-title\" data-accordion-index=\"13\" tabindex=\"-1\" aria-expanded=\"false\" aria-controls=\"e-n-accordion-item-26412\" >\n\t\t\t\t\t<span class='e-n-accordion-item-title-header'><div class=\"e-n-accordion-item-title-text\"> Prof. Dr. Jos\u00e9 Alberto Tostes <\/div><\/span>\n\t\t\t\t\t\t\t<span class='e-n-accordion-item-title-icon'>\n\t\t\t<span class='e-opened' ><svg aria-hidden=\"true\" class=\"e-font-icon-svg e-fas-minus\" viewBox=\"0 0 448 512\" xmlns=\"http:\/\/www.w3.org\/2000\/svg\"><path d=\"M416 208H32c-17.67 0-32 14.33-32 32v32c0 17.67 14.33 32 32 32h384c17.67 0 32-14.33 32-32v-32c0-17.67-14.33-32-32-32z\"><\/path><\/svg><\/span>\n\t\t\t<span class='e-closed'><svg aria-hidden=\"true\" class=\"e-font-icon-svg e-fas-plus\" viewBox=\"0 0 448 512\" xmlns=\"http:\/\/www.w3.org\/2000\/svg\"><path d=\"M416 208H272V64c0-17.67-14.33-32-32-32h-32c-17.67 0-32 14.33-32 32v144H32c-17.67 0-32 14.33-32 32v32c0 17.67 14.33 32 32 32h144v144c0 17.67 14.33 32 32 32h32c17.67 0 32-14.33 32-32V304h144c17.67 0 32-14.33 32-32v-32c0-17.67-14.33-32-32-32z\"><\/path><\/svg><\/span>\n\t\t<\/span>\n\n\t\t\t\t\t\t<\/summary>\n\t\t\t\t<div role=\"region\" aria-labelledby=\"e-n-accordion-item-26412\" class=\"elementor-element elementor-element-ba0bebd e-flex e-con-boxed e-con e-child\" data-id=\"ba0bebd\" data-element_type=\"container\" data-e-type=\"container\">\n\t\t\t\t\t<div class=\"e-con-inner\">\n\t\t<div role=\"region\" aria-labelledby=\"e-n-accordion-item-26412\" class=\"elementor-element elementor-element-dd4a560 e-grid e-con-full e-con e-child\" data-id=\"dd4a560\" data-element_type=\"container\" data-e-type=\"container\">\n\t\t\t\t<div class=\"elementor-element elementor-element-9b2f7d9 elementor-widget elementor-widget-image\" data-id=\"9b2f7d9\" data-element_type=\"widget\" data-e-type=\"widget\" data-widget_type=\"image.default\">\n\t\t\t\t<div class=\"elementor-widget-container\">\n\t\t\t\t\t\t\t\t\t\t\t\t\t\t\t<img loading=\"lazy\" decoding=\"async\" width=\"500\" height=\"500\" src=\"https:\/\/www2.unifap.br\/arquitetura\/files\/2024\/02\/5-1.png\" class=\"attachment-large size-large wp-image-7046\" alt=\"\" srcset=\"https:\/\/www2.unifap.br\/arquitetura\/files\/2024\/02\/5-1.png 500w, https:\/\/www2.unifap.br\/arquitetura\/files\/2024\/02\/5-1-300x300.png 300w, https:\/\/www2.unifap.br\/arquitetura\/files\/2024\/02\/5-1-150x150.png 150w\" sizes=\"(max-width: 500px) 100vw, 500px\" \/>\t\t\t\t\t\t\t\t\t\t\t\t\t\t\t<\/div>\n\t\t\t\t<\/div>\n\t\t\t\t<div class=\"elementor-element elementor-element-4b751c1 elementor-widget elementor-widget-text-editor\" data-id=\"4b751c1\" data-element_type=\"widget\" data-e-type=\"widget\" data-widget_type=\"text-editor.default\">\n\t\t\t\t<div class=\"elementor-widget-container\">\n\t\t\t\t\t\t\t\t\t<p style=\"text-align: justify\"><strong>Curr\u00edculo resumido:<\/strong><\/p><p style=\"text-align: justify\"><span style=\"font-weight: 400\">Arquiteto e urbanista (UFPA), especialista em Padr\u00f5es e T\u00e9cnicas de Conforto Ambiental (UFSCar) e em Planejamento Educacional pela Universidade Salgado de Oliveira. Mestre em Hist\u00f3ria e Teoria da Arquitetura pelo Instituto Superior de Artes e doutor em Hist\u00f3ria e Teoria da Arquitetura pelo Instituto Superior de Artes de Havana<\/span><span style=\"font-weight: 400\">\u2011<\/span><span style=\"font-weight: 400\">Cuba. P\u00f3s<\/span><span style=\"font-weight: 400\">\u2011<\/span><span style=\"font-weight: 400\">doutorado em Estudos Urbanos Regionais da Universidade de Coimbra e Salamanca na Espanha, e em Arquitetura pela Universidade do Porto. Fez o Curso de Aperfei\u00e7oamento em Arquitetura Sustent\u00e1vel pela Twenty International da Alemanha. Professor do Curso de Mestrado em Desenvolvimento Regional na \u00e1rea de Planejamento Urbano Regional.\u00a0<\/span><span style=\"font-style: inherit\">Publicou os livros: Planos Diretores no estado do Amap\u00e1: Uma contribui\u00e7\u00e3o para o Desenvolvimento Regional (2006)\u037e Planos Diretores no estado do Amap\u00e1: A experi\u00eancia do munic\u00edpio de Laranjal do Jari (2009)\u037e Transforma\u00e7\u00f5es Urbanas das Pequenas cidades amaz\u00f4nicas na Faixa de Fronteira Setentrional (2011)\u037e Al\u00e9m da Linha do Horizonte (2012)\u037e Do Tijolo Nu ao Concreto Bruto (2014)\u037e Pensar a cidade (2014) e Em busca do Plano Perdido (2016). Planejamento Urbano Regional (2018)\u037e Pesquisa em Arquitetura e Urbanismo na Amaz\u00f4nia (2019)\u037e Macap\u00e1 nem antes ou depois (2020)\u037e Os distintos olhares do plano diretor de Macap\u00e1 (2020)\u037e Toda viagem \u00e9 uma busca (2021). Coordena o Grupo de Pesquisa Arquitetura e Urbanismo na Amaz\u00f4nia, o Grupo de Pesquisa da Rede Amaz\u00f4nia de Pesquisa em Arquitetura e Urbanismo\u037e membro do Observat\u00f3rio das Fronteiras do Plat\u00f4 das Guianas\u037e membro da CLACSO <\/span><span style=\"font-style: inherit\">\u2011<\/span><span style=\"font-style: inherit\"> Conselho Latino<\/span><span style=\"font-style: inherit\">\u2011<\/span><span style=\"font-style: inherit\">americano de Ci\u00eancias Sociais. Tem experi\u00eancia na \u00e1rea de Arquitetura e Urbanismo, com \u00eanfase em Hist\u00f3ria da Arquitetura e Urbanismo, Projetos Urbanos.<\/span><\/p>\t\t\t\t\t\t\t\t<\/div>\n\t\t\t\t<\/div>\n\t\t<div role=\"region\" aria-labelledby=\"e-n-accordion-item-26412\" class=\"elementor-element elementor-element-141e3b8 e-grid e-con-full e-con e-child\" data-id=\"141e3b8\" data-element_type=\"container\" data-e-type=\"container\">\n\t\t\t\t<div class=\"elementor-element elementor-element-e05f217 elementor-widget elementor-widget-text-editor\" data-id=\"e05f217\" data-element_type=\"widget\" data-e-type=\"widget\" data-widget_type=\"text-editor.default\">\n\t\t\t\t<div class=\"elementor-widget-container\">\n\t\t\t\t\t\t\t\t\t<p><img decoding=\"async\" class=\"alignnone wp-image-10133 \" src=\"http:\/\/www2.unifap.br\/arquitetura\/files\/2025\/10\/envelope-e1759960038683-150x150.jpg\" alt=\"\" width=\"25\" height=\"25\" srcset=\"https:\/\/www2.unifap.br\/arquitetura\/files\/2025\/10\/envelope-e1759960038683-150x150.jpg 150w, https:\/\/www2.unifap.br\/arquitetura\/files\/2025\/10\/envelope-e1759960038683-300x287.jpg 300w, https:\/\/www2.unifap.br\/arquitetura\/files\/2025\/10\/envelope-e1759960038683-1200x1148.jpg 1200w, https:\/\/www2.unifap.br\/arquitetura\/files\/2025\/10\/envelope-e1759960038683-768x735.jpg 768w, https:\/\/www2.unifap.br\/arquitetura\/files\/2025\/10\/envelope-e1759960038683.jpg 1286w\" sizes=\"(max-width: 25px) 100vw, 25px\" \/> <a href=\"mailto:tostes.j@unifap.br\">tostes.j@unifap.br<\/a><\/p><p><a href=\"https:\/\/sigaa.unifap.br\/sigaa\/public\/docente\/portal.jsf?siape=1172403\"><img decoding=\"async\" class=\"alignnone wp-image-6543\" src=\"http:\/\/www2.unifap.br\/arquitetura\/files\/2024\/02\/sigaa-300x83.png\" alt=\"\" width=\"91\" height=\"25\" srcset=\"https:\/\/www2.unifap.br\/arquitetura\/files\/2024\/02\/sigaa-300x83.png 300w, https:\/\/www2.unifap.br\/arquitetura\/files\/2024\/02\/sigaa-768x213.png 768w, https:\/\/www2.unifap.br\/arquitetura\/files\/2024\/02\/sigaa.png 1080w\" sizes=\"(max-width: 91px) 100vw, 91px\" \/> P\u00e1gina P\u00fablica<\/a><\/p><p><a href=\"http:\/\/lattes.cnpq.br\/4485079846287994\"><img loading=\"lazy\" decoding=\"async\" class=\"alignnone wp-image-6542 \" src=\"http:\/\/www2.unifap.br\/arquitetura\/files\/2024\/02\/lattesp-e1759959733714-300x135.png\" alt=\"\" width=\"91\" height=\"41\" srcset=\"https:\/\/www2.unifap.br\/arquitetura\/files\/2024\/02\/lattesp-e1759959733714-300x135.png 300w, https:\/\/www2.unifap.br\/arquitetura\/files\/2024\/02\/lattesp-e1759959733714.png 666w\" sizes=\"(max-width: 91px) 100vw, 91px\" \/> Curr\u00edculo Lattes<\/a><\/p>\t\t\t\t\t\t\t\t<\/div>\n\t\t\t\t<\/div>\n\t\t\t\t<\/div>\n\t\t\t\t<div class=\"elementor-element elementor-element-ecef243 elementor-widget elementor-widget-text-editor\" data-id=\"ecef243\" data-element_type=\"widget\" data-e-type=\"widget\" data-widget_type=\"text-editor.default\">\n\t\t\t\t<div class=\"elementor-widget-container\">\n\t\t\t\t\t\t\t\t\t<p><strong>Grupos de Pesquisa:<\/strong><\/p><p><a href=\"https:\/\/www2.unifap.br\/arquitetura\/grupos-de-pesquisa\/\">Rede Amaz\u00f4nia Luso Brasileira de Pesquisa<\/a><\/p><p><a href=\"https:\/\/www2.unifap.br\/arquitetura\/grupos-de-pesquisa\/\">Arquitetura e Urbanismo na Amaz\u00f4nia<\/a><\/p>\t\t\t\t\t\t\t\t<\/div>\n\t\t\t\t<\/div>\n\t\t\t\t<\/div>\n\t\t\t\t\t<\/div>\n\t\t\t\t<\/div>\n\t\t\t\t\t<\/details>\n\t\t\t\t\t\t<details id=\"e-n-accordion-item-26413\" class=\"e-n-accordion-item\" >\n\t\t\t\t<summary class=\"e-n-accordion-item-title\" data-accordion-index=\"14\" tabindex=\"-1\" aria-expanded=\"false\" aria-controls=\"e-n-accordion-item-26413\" >\n\t\t\t\t\t<span class='e-n-accordion-item-title-header'><div class=\"e-n-accordion-item-title-text\"> Profa. Ma. Marcelle Vilar da Silva <\/div><\/span>\n\t\t\t\t\t\t\t<span class='e-n-accordion-item-title-icon'>\n\t\t\t<span class='e-opened' ><svg aria-hidden=\"true\" class=\"e-font-icon-svg e-fas-minus\" viewBox=\"0 0 448 512\" xmlns=\"http:\/\/www.w3.org\/2000\/svg\"><path d=\"M416 208H32c-17.67 0-32 14.33-32 32v32c0 17.67 14.33 32 32 32h384c17.67 0 32-14.33 32-32v-32c0-17.67-14.33-32-32-32z\"><\/path><\/svg><\/span>\n\t\t\t<span class='e-closed'><svg aria-hidden=\"true\" class=\"e-font-icon-svg e-fas-plus\" viewBox=\"0 0 448 512\" xmlns=\"http:\/\/www.w3.org\/2000\/svg\"><path d=\"M416 208H272V64c0-17.67-14.33-32-32-32h-32c-17.67 0-32 14.33-32 32v144H32c-17.67 0-32 14.33-32 32v32c0 17.67 14.33 32 32 32h144v144c0 17.67 14.33 32 32 32h32c17.67 0 32-14.33 32-32V304h144c17.67 0 32-14.33 32-32v-32c0-17.67-14.33-32-32-32z\"><\/path><\/svg><\/span>\n\t\t<\/span>\n\n\t\t\t\t\t\t<\/summary>\n\t\t\t\t<div role=\"region\" aria-labelledby=\"e-n-accordion-item-26413\" class=\"elementor-element elementor-element-dfbadbf e-flex e-con-boxed e-con e-child\" data-id=\"dfbadbf\" data-element_type=\"container\" data-e-type=\"container\">\n\t\t\t\t\t<div class=\"e-con-inner\">\n\t\t<div role=\"region\" aria-labelledby=\"e-n-accordion-item-26413\" class=\"elementor-element elementor-element-29172dc e-grid e-con-full e-con e-child\" data-id=\"29172dc\" data-element_type=\"container\" data-e-type=\"container\">\n\t\t\t\t<div class=\"elementor-element elementor-element-1e3454b elementor-widget elementor-widget-image\" data-id=\"1e3454b\" data-element_type=\"widget\" data-e-type=\"widget\" data-widget_type=\"image.default\">\n\t\t\t\t<div class=\"elementor-widget-container\">\n\t\t\t\t\t\t\t\t\t\t\t\t\t\t\t<img loading=\"lazy\" decoding=\"async\" width=\"500\" height=\"500\" src=\"https:\/\/www2.unifap.br\/arquitetura\/files\/2024\/02\/2-2.png\" class=\"attachment-large size-large wp-image-7072\" alt=\"\" srcset=\"https:\/\/www2.unifap.br\/arquitetura\/files\/2024\/02\/2-2.png 500w, https:\/\/www2.unifap.br\/arquitetura\/files\/2024\/02\/2-2-300x300.png 300w, https:\/\/www2.unifap.br\/arquitetura\/files\/2024\/02\/2-2-150x150.png 150w\" sizes=\"(max-width: 500px) 100vw, 500px\" \/>\t\t\t\t\t\t\t\t\t\t\t\t\t\t\t<\/div>\n\t\t\t\t<\/div>\n\t\t\t\t<div class=\"elementor-element elementor-element-693d4cb elementor-widget elementor-widget-text-editor\" data-id=\"693d4cb\" data-element_type=\"widget\" data-e-type=\"widget\" data-widget_type=\"text-editor.default\">\n\t\t\t\t<div class=\"elementor-widget-container\">\n\t\t\t\t\t\t\t\t\t<p style=\"text-align: justify\"><strong>Curr\u00edculo resumido:<\/strong><\/p><p style=\"text-align: justify\"><span style=\"font-weight: 400\">Arquiteta e Urbanista (UFPA), especialista em Desenvolvimento Urbano e Meio Ambiente (FAU\/UFPA) mestre em Arquitetura e Urbanismo com \u00eanfase em Desempenho Ambiental e Tecnologia (PPGAU\/UFPA). <\/span><span style=\"font-weight: 400\">Membro dos grupos de pesquisa em Conforto Ambiental e Efici\u00eancia Energ\u00e9tica no Ambiente Constru\u00eddo (UNIFAP) e Rede Amaz\u00f4nia Luso Brasileira de pesquisa (UNIFAP). Pesquisadora do N\u00facleo de Arquitetura do Centro de Investiga\u00e7\u00e3o em Arquitetura, Urbanismo e Design (CIAUD) da Faculdade de Arquitetura da Universidade de Lisboa. Tem experi\u00eancia na \u00e1rea de Arquitetura e Urbanismo com \u00eanfase em Conforto Ambiental, atuando principalmente nos seguintes temas: arquitetura e urbanismo bioclim\u00e1ticos\u037e conforto t\u00e9rmico\u037e efici\u00eancia energ\u00e9tica na arquitetura\u037e ilumina\u00e7\u00e3o natural e conforto t\u00e9rmico urbano.<\/span><\/p>\t\t\t\t\t\t\t\t<\/div>\n\t\t\t\t<\/div>\n\t\t<div role=\"region\" aria-labelledby=\"e-n-accordion-item-26413\" class=\"elementor-element elementor-element-31db948 e-grid e-con-full e-con e-child\" data-id=\"31db948\" data-element_type=\"container\" data-e-type=\"container\">\n\t\t\t\t<div class=\"elementor-element elementor-element-46180c3 elementor-widget elementor-widget-text-editor\" data-id=\"46180c3\" data-element_type=\"widget\" data-e-type=\"widget\" data-widget_type=\"text-editor.default\">\n\t\t\t\t<div class=\"elementor-widget-container\">\n\t\t\t\t\t\t\t\t\t<p><img decoding=\"async\" class=\"alignnone wp-image-10133 \" src=\"http:\/\/www2.unifap.br\/arquitetura\/files\/2025\/10\/envelope-e1759960038683-150x150.jpg\" alt=\"\" width=\"25\" height=\"25\" srcset=\"https:\/\/www2.unifap.br\/arquitetura\/files\/2025\/10\/envelope-e1759960038683-150x150.jpg 150w, https:\/\/www2.unifap.br\/arquitetura\/files\/2025\/10\/envelope-e1759960038683-300x287.jpg 300w, https:\/\/www2.unifap.br\/arquitetura\/files\/2025\/10\/envelope-e1759960038683-1200x1148.jpg 1200w, https:\/\/www2.unifap.br\/arquitetura\/files\/2025\/10\/envelope-e1759960038683-768x735.jpg 768w, https:\/\/www2.unifap.br\/arquitetura\/files\/2025\/10\/envelope-e1759960038683.jpg 1286w\" sizes=\"(max-width: 25px) 100vw, 25px\" \/> <a href=\"mailto:marcelle.vilar@unifap.br\">marcelle.vilar@unifap.br<\/a><\/p><p><a href=\"https:\/\/sigaa.unifap.br\/sigaa\/public\/docente\/portal.jsf?siape=2268841\"><img decoding=\"async\" class=\"alignnone wp-image-6543\" src=\"http:\/\/www2.unifap.br\/arquitetura\/files\/2024\/02\/sigaa-300x83.png\" alt=\"\" width=\"91\" height=\"25\" srcset=\"https:\/\/www2.unifap.br\/arquitetura\/files\/2024\/02\/sigaa-300x83.png 300w, https:\/\/www2.unifap.br\/arquitetura\/files\/2024\/02\/sigaa-768x213.png 768w, https:\/\/www2.unifap.br\/arquitetura\/files\/2024\/02\/sigaa.png 1080w\" sizes=\"(max-width: 91px) 100vw, 91px\" \/> P\u00e1gina P\u00fablica<\/a><\/p><p><a href=\"http:\/\/lattes.cnpq.br\/0547820452350289\"><img loading=\"lazy\" decoding=\"async\" class=\"alignnone wp-image-6542 \" src=\"http:\/\/www2.unifap.br\/arquitetura\/files\/2024\/02\/lattesp-e1759959733714-300x135.png\" alt=\"\" width=\"91\" height=\"41\" srcset=\"https:\/\/www2.unifap.br\/arquitetura\/files\/2024\/02\/lattesp-e1759959733714-300x135.png 300w, https:\/\/www2.unifap.br\/arquitetura\/files\/2024\/02\/lattesp-e1759959733714.png 666w\" sizes=\"(max-width: 91px) 100vw, 91px\" \/> Curr\u00edculo Lattes<\/a><\/p>\t\t\t\t\t\t\t\t<\/div>\n\t\t\t\t<\/div>\n\t\t\t\t<\/div>\n\t\t\t\t<div class=\"elementor-element elementor-element-a28ffda elementor-widget elementor-widget-text-editor\" data-id=\"a28ffda\" data-element_type=\"widget\" data-e-type=\"widget\" data-widget_type=\"text-editor.default\">\n\t\t\t\t<div class=\"elementor-widget-container\">\n\t\t\t\t\t\t\t\t\t<p><strong>Grupo de Pesquisa:<\/strong><\/p><p><a href=\"https:\/\/www2.unifap.br\/arquitetura\/grupos-de-pesquisa\/\">TRAMAz: N\u00facleo de Pesquisa do Espa\u00e7o Constru\u00eddo na Amaz\u00f4nia<\/a><\/p>\t\t\t\t\t\t\t\t<\/div>\n\t\t\t\t<\/div>\n\t\t\t\t<\/div>\n\t\t\t\t\t<\/div>\n\t\t\t\t<\/div>\n\t\t\t\t\t<\/details>\n\t\t\t\t\t\t<details id=\"e-n-accordion-item-26414\" class=\"e-n-accordion-item\" >\n\t\t\t\t<summary class=\"e-n-accordion-item-title\" data-accordion-index=\"15\" tabindex=\"-1\" aria-expanded=\"false\" aria-controls=\"e-n-accordion-item-26414\" >\n\t\t\t\t\t<span class='e-n-accordion-item-title-header'><div class=\"e-n-accordion-item-title-text\"> Prof. Dr. Mario Luiz Barata Junior <\/div><\/span>\n\t\t\t\t\t\t\t<span class='e-n-accordion-item-title-icon'>\n\t\t\t<span class='e-opened' ><svg aria-hidden=\"true\" class=\"e-font-icon-svg e-fas-minus\" viewBox=\"0 0 448 512\" xmlns=\"http:\/\/www.w3.org\/2000\/svg\"><path d=\"M416 208H32c-17.67 0-32 14.33-32 32v32c0 17.67 14.33 32 32 32h384c17.67 0 32-14.33 32-32v-32c0-17.67-14.33-32-32-32z\"><\/path><\/svg><\/span>\n\t\t\t<span class='e-closed'><svg aria-hidden=\"true\" class=\"e-font-icon-svg e-fas-plus\" viewBox=\"0 0 448 512\" xmlns=\"http:\/\/www.w3.org\/2000\/svg\"><path d=\"M416 208H272V64c0-17.67-14.33-32-32-32h-32c-17.67 0-32 14.33-32 32v144H32c-17.67 0-32 14.33-32 32v32c0 17.67 14.33 32 32 32h144v144c0 17.67 14.33 32 32 32h32c17.67 0 32-14.33 32-32V304h144c17.67 0 32-14.33 32-32v-32c0-17.67-14.33-32-32-32z\"><\/path><\/svg><\/span>\n\t\t<\/span>\n\n\t\t\t\t\t\t<\/summary>\n\t\t\t\t<div role=\"region\" aria-labelledby=\"e-n-accordion-item-26414\" class=\"elementor-element elementor-element-433befc e-flex e-con-boxed e-con e-child\" data-id=\"433befc\" data-element_type=\"container\" data-e-type=\"container\">\n\t\t\t\t\t<div class=\"e-con-inner\">\n\t\t<div role=\"region\" aria-labelledby=\"e-n-accordion-item-26414\" class=\"elementor-element elementor-element-beaa7f5 e-grid e-con-full e-con e-child\" data-id=\"beaa7f5\" data-element_type=\"container\" data-e-type=\"container\">\n\t\t\t\t<div class=\"elementor-element elementor-element-e0805c3 elementor-widget elementor-widget-image\" data-id=\"e0805c3\" data-element_type=\"widget\" data-e-type=\"widget\" data-widget_type=\"image.default\">\n\t\t\t\t<div class=\"elementor-widget-container\">\n\t\t\t\t\t\t\t\t\t\t\t\t\t\t\t<img loading=\"lazy\" decoding=\"async\" width=\"500\" height=\"500\" src=\"https:\/\/www2.unifap.br\/arquitetura\/files\/2024\/02\/4-2.png\" class=\"attachment-large size-large wp-image-7075\" alt=\"\" srcset=\"https:\/\/www2.unifap.br\/arquitetura\/files\/2024\/02\/4-2.png 500w, https:\/\/www2.unifap.br\/arquitetura\/files\/2024\/02\/4-2-300x300.png 300w, https:\/\/www2.unifap.br\/arquitetura\/files\/2024\/02\/4-2-150x150.png 150w\" sizes=\"(max-width: 500px) 100vw, 500px\" \/>\t\t\t\t\t\t\t\t\t\t\t\t\t\t\t<\/div>\n\t\t\t\t<\/div>\n\t\t\t\t<div class=\"elementor-element elementor-element-f0ec995 elementor-widget elementor-widget-text-editor\" data-id=\"f0ec995\" data-element_type=\"widget\" data-e-type=\"widget\" data-widget_type=\"text-editor.default\">\n\t\t\t\t<div class=\"elementor-widget-container\">\n\t\t\t\t\t\t\t\t\t<p style=\"text-align: justify\"><strong>Curr\u00edculo resumido:<\/strong><\/p><p style=\"text-align: justify\"><span style=\"font-weight: 400\">Arquiteto e urbanista (CESEP), mestre em Comunica\u00e7\u00e3o e Cultura Contempor\u00e2nea (UFBA) e doutorado em Urbanismo (PROURB\/UFRJ). <\/span><span style=\"font-weight: 400\">Pesquisa a arte e arquitetura das culturas nativas da Amaz\u00f4nia brasileira e sua rela\u00e7\u00e3o com a arquitetura realizada por arquitetos para a regi\u00e3o. Possui experi\u00eancia profissional e acad\u00eamica em arquitetura de pequenos espa\u00e7os, semi\u00f3tica do lugar e arte rupestre da Amaz\u00f4nia.<\/span><\/p>\t\t\t\t\t\t\t\t<\/div>\n\t\t\t\t<\/div>\n\t\t<div role=\"region\" aria-labelledby=\"e-n-accordion-item-26414\" class=\"elementor-element elementor-element-22cea26 e-grid e-con-full e-con e-child\" data-id=\"22cea26\" data-element_type=\"container\" data-e-type=\"container\">\n\t\t\t\t<div class=\"elementor-element elementor-element-c043742 elementor-widget elementor-widget-text-editor\" data-id=\"c043742\" data-element_type=\"widget\" data-e-type=\"widget\" data-widget_type=\"text-editor.default\">\n\t\t\t\t<div class=\"elementor-widget-container\">\n\t\t\t\t\t\t\t\t\t<p><img decoding=\"async\" class=\"alignnone wp-image-10133 \" src=\"http:\/\/www2.unifap.br\/arquitetura\/files\/2025\/10\/envelope-e1759960038683-150x150.jpg\" alt=\"\" width=\"25\" height=\"25\" srcset=\"https:\/\/www2.unifap.br\/arquitetura\/files\/2025\/10\/envelope-e1759960038683-150x150.jpg 150w, https:\/\/www2.unifap.br\/arquitetura\/files\/2025\/10\/envelope-e1759960038683-300x287.jpg 300w, https:\/\/www2.unifap.br\/arquitetura\/files\/2025\/10\/envelope-e1759960038683-1200x1148.jpg 1200w, https:\/\/www2.unifap.br\/arquitetura\/files\/2025\/10\/envelope-e1759960038683-768x735.jpg 768w, https:\/\/www2.unifap.br\/arquitetura\/files\/2025\/10\/envelope-e1759960038683.jpg 1286w\" sizes=\"(max-width: 25px) 100vw, 25px\" \/> <a href=\"mailto:mario.barata@unifap.br\">mario.barata@unifap.br<\/a><\/p><p><a href=\"https:\/\/sigaa.unifap.br\/sigaa\/public\/docente\/portal.jsf?siape=1206610\"><img decoding=\"async\" class=\"alignnone wp-image-6543\" src=\"http:\/\/www2.unifap.br\/arquitetura\/files\/2024\/02\/sigaa-300x83.png\" alt=\"\" width=\"91\" height=\"25\" srcset=\"https:\/\/www2.unifap.br\/arquitetura\/files\/2024\/02\/sigaa-300x83.png 300w, https:\/\/www2.unifap.br\/arquitetura\/files\/2024\/02\/sigaa-768x213.png 768w, https:\/\/www2.unifap.br\/arquitetura\/files\/2024\/02\/sigaa.png 1080w\" sizes=\"(max-width: 91px) 100vw, 91px\" \/> P\u00e1gina P\u00fablica<\/a><\/p><p><a href=\"http:\/\/lattes.cnpq.br\/3965645164040586\"><img loading=\"lazy\" decoding=\"async\" class=\"alignnone wp-image-6542 \" src=\"http:\/\/www2.unifap.br\/arquitetura\/files\/2024\/02\/lattesp-e1759959733714-300x135.png\" alt=\"\" width=\"91\" height=\"41\" srcset=\"https:\/\/www2.unifap.br\/arquitetura\/files\/2024\/02\/lattesp-e1759959733714-300x135.png 300w, https:\/\/www2.unifap.br\/arquitetura\/files\/2024\/02\/lattesp-e1759959733714.png 666w\" sizes=\"(max-width: 91px) 100vw, 91px\" \/> Curr\u00edculo Lattes<\/a><\/p>\t\t\t\t\t\t\t\t<\/div>\n\t\t\t\t<\/div>\n\t\t\t\t<\/div>\n\t\t\t\t<\/div>\n\t\t\t\t\t<\/div>\n\t\t\t\t<\/div>\n\t\t\t\t\t<\/details>\n\t\t\t\t\t\t<details id=\"e-n-accordion-item-26415\" class=\"e-n-accordion-item\" >\n\t\t\t\t<summary class=\"e-n-accordion-item-title\" data-accordion-index=\"16\" tabindex=\"-1\" aria-expanded=\"false\" aria-controls=\"e-n-accordion-item-26415\" >\n\t\t\t\t\t<span class='e-n-accordion-item-title-header'><div class=\"e-n-accordion-item-title-text\"> Profa. Dra. Patr\u00edcia Helena Turola Takamatsu <\/div><\/span>\n\t\t\t\t\t\t\t<span class='e-n-accordion-item-title-icon'>\n\t\t\t<span class='e-opened' ><svg aria-hidden=\"true\" class=\"e-font-icon-svg e-fas-minus\" viewBox=\"0 0 448 512\" xmlns=\"http:\/\/www.w3.org\/2000\/svg\"><path d=\"M416 208H32c-17.67 0-32 14.33-32 32v32c0 17.67 14.33 32 32 32h384c17.67 0 32-14.33 32-32v-32c0-17.67-14.33-32-32-32z\"><\/path><\/svg><\/span>\n\t\t\t<span class='e-closed'><svg aria-hidden=\"true\" class=\"e-font-icon-svg e-fas-plus\" viewBox=\"0 0 448 512\" xmlns=\"http:\/\/www.w3.org\/2000\/svg\"><path d=\"M416 208H272V64c0-17.67-14.33-32-32-32h-32c-17.67 0-32 14.33-32 32v144H32c-17.67 0-32 14.33-32 32v32c0 17.67 14.33 32 32 32h144v144c0 17.67 14.33 32 32 32h32c17.67 0 32-14.33 32-32V304h144c17.67 0 32-14.33 32-32v-32c0-17.67-14.33-32-32-32z\"><\/path><\/svg><\/span>\n\t\t<\/span>\n\n\t\t\t\t\t\t<\/summary>\n\t\t\t\t<div role=\"region\" aria-labelledby=\"e-n-accordion-item-26415\" class=\"elementor-element elementor-element-96f0f62 e-flex e-con-boxed e-con e-child\" data-id=\"96f0f62\" data-element_type=\"container\" data-e-type=\"container\">\n\t\t\t\t\t<div class=\"e-con-inner\">\n\t\t<div role=\"region\" aria-labelledby=\"e-n-accordion-item-26415\" class=\"elementor-element elementor-element-ae1bef4 e-grid e-con-full e-con e-child\" data-id=\"ae1bef4\" data-element_type=\"container\" data-e-type=\"container\">\n\t\t\t\t<div class=\"elementor-element elementor-element-59d6eec elementor-widget elementor-widget-image\" data-id=\"59d6eec\" data-element_type=\"widget\" data-e-type=\"widget\" data-widget_type=\"image.default\">\n\t\t\t\t<div class=\"elementor-widget-container\">\n\t\t\t\t\t\t\t\t\t\t\t\t\t\t\t<img loading=\"lazy\" decoding=\"async\" width=\"500\" height=\"500\" src=\"https:\/\/www2.unifap.br\/arquitetura\/files\/2024\/02\/prof2.png\" class=\"attachment-large size-large wp-image-7097\" alt=\"\" srcset=\"https:\/\/www2.unifap.br\/arquitetura\/files\/2024\/02\/prof2.png 500w, https:\/\/www2.unifap.br\/arquitetura\/files\/2024\/02\/prof2-300x300.png 300w, https:\/\/www2.unifap.br\/arquitetura\/files\/2024\/02\/prof2-150x150.png 150w\" sizes=\"(max-width: 500px) 100vw, 500px\" \/>\t\t\t\t\t\t\t\t\t\t\t\t\t\t\t<\/div>\n\t\t\t\t<\/div>\n\t\t\t\t<div class=\"elementor-element elementor-element-cf2e967 elementor-widget elementor-widget-text-editor\" data-id=\"cf2e967\" data-element_type=\"widget\" data-e-type=\"widget\" data-widget_type=\"text-editor.default\">\n\t\t\t\t<div class=\"elementor-widget-container\">\n\t\t\t\t\t\t\t\t\t<p style=\"text-align: justify\"><strong>Curr\u00edculo resumido:<\/strong><\/p><p style=\"text-align: justify\"><span style=\"font-weight: 400\">Arquiteta e urbanista (UFMG), mestre em Ambiente Constru\u00eddo e Patrim\u00f4nio Sustent\u00e1vel (UFMG) e doutora em Urbanismo (PROURB\/UFRJ). <\/span><span style=\"font-weight: 400\">Atua tamb\u00e9m na P\u00f3s<\/span><span style=\"font-weight: 400\">\u2011<\/span><span style=\"font-weight: 400\">gradua\u00e7\u00e3o como Docente vinculada ao Programa de P\u00f3s<\/span><span style=\"font-weight: 400\">\u2011<\/span><span style=\"font-weight: 400\">gradua\u00e7\u00e3o em Desenvolvimento da Amaz\u00f3nia Sustent\u00e1vel (PPGDAS, antigo MDR). Trabalha em temas relacionados a aplica\u00e7\u00e3o tecnol\u00f3gica na Arquitetura e Urbanismo com foco na Inform\u00e1tica Aplicada e no Planejamento Urbano e uso de SIG&#8217;s. Colabora, atualmente, com projetos de pesquisa da Profa. Dra. Bianca Moro (Cidades Inteligentes, Pessoas Incr\u00edveis \u2013 Cipesin). Concluiu recentemente seu projeto de pesquisa relacionado a tese \u201cRela\u00e7\u00f5es entre a malha urbana e o substrato natural no contexto Amaz\u00f4nico: o caso da cidade de Macap\u00e1<\/span><span style=\"font-weight: 400\">\u2011<\/span><span style=\"font-weight: 400\">Amap\u00e1\u201d e a participa\u00e7\u00e3o no projeto de extens\u00e3o da Profa. Dra. Melissa Matsunaga, sendo cocoordenadora \u201cATHIS \u2013 Assist\u00eancia T\u00e9cnica em Habita\u00e7\u00e3o de Interesse Social\u201d.<\/span><\/p>\t\t\t\t\t\t\t\t<\/div>\n\t\t\t\t<\/div>\n\t\t<div role=\"region\" aria-labelledby=\"e-n-accordion-item-26415\" class=\"elementor-element elementor-element-7ec2d9d e-grid e-con-full e-con e-child\" data-id=\"7ec2d9d\" data-element_type=\"container\" data-e-type=\"container\">\n\t\t\t\t<div class=\"elementor-element elementor-element-9e39985 elementor-widget elementor-widget-text-editor\" data-id=\"9e39985\" data-element_type=\"widget\" data-e-type=\"widget\" data-widget_type=\"text-editor.default\">\n\t\t\t\t<div class=\"elementor-widget-container\">\n\t\t\t\t\t\t\t\t\t<p><img decoding=\"async\" class=\"alignnone wp-image-10133 \" src=\"http:\/\/www2.unifap.br\/arquitetura\/files\/2025\/10\/envelope-e1759960038683-150x150.jpg\" alt=\"\" width=\"25\" height=\"25\" srcset=\"https:\/\/www2.unifap.br\/arquitetura\/files\/2025\/10\/envelope-e1759960038683-150x150.jpg 150w, https:\/\/www2.unifap.br\/arquitetura\/files\/2025\/10\/envelope-e1759960038683-300x287.jpg 300w, https:\/\/www2.unifap.br\/arquitetura\/files\/2025\/10\/envelope-e1759960038683-1200x1148.jpg 1200w, https:\/\/www2.unifap.br\/arquitetura\/files\/2025\/10\/envelope-e1759960038683-768x735.jpg 768w, https:\/\/www2.unifap.br\/arquitetura\/files\/2025\/10\/envelope-e1759960038683.jpg 1286w\" sizes=\"(max-width: 25px) 100vw, 25px\" \/> <a href=\"mailto:patricia.takamatsu@unifap.br\">patricia.takamatsu@unifap.br<\/a><\/p><p><a href=\"https:\/\/sigaa.unifap.br\/sigaa\/public\/docente\/portal.jsf?siape=1818778\" target=\"_blank\" rel=\"noopener\"><img decoding=\"async\" class=\"alignnone wp-image-6543\" src=\"http:\/\/www2.unifap.br\/arquitetura\/files\/2024\/02\/sigaa-300x83.png\" alt=\"\" width=\"91\" height=\"25\" srcset=\"https:\/\/www2.unifap.br\/arquitetura\/files\/2024\/02\/sigaa-300x83.png 300w, https:\/\/www2.unifap.br\/arquitetura\/files\/2024\/02\/sigaa-768x213.png 768w, https:\/\/www2.unifap.br\/arquitetura\/files\/2024\/02\/sigaa.png 1080w\" sizes=\"(max-width: 91px) 100vw, 91px\" \/> P\u00e1gina P\u00fablica<\/a><\/p><p><a href=\"http:\/\/lattes.cnpq.br\/9199241420958700\" target=\"_blank\" rel=\"noopener\"><img loading=\"lazy\" decoding=\"async\" class=\"alignnone wp-image-6542 \" src=\"http:\/\/www2.unifap.br\/arquitetura\/files\/2024\/02\/lattesp-e1759959733714-300x135.png\" alt=\"\" width=\"91\" height=\"41\" srcset=\"https:\/\/www2.unifap.br\/arquitetura\/files\/2024\/02\/lattesp-e1759959733714-300x135.png 300w, https:\/\/www2.unifap.br\/arquitetura\/files\/2024\/02\/lattesp-e1759959733714.png 666w\" sizes=\"(max-width: 91px) 100vw, 91px\" \/> Curr\u00edculo Lattes<\/a><\/p>\t\t\t\t\t\t\t\t<\/div>\n\t\t\t\t<\/div>\n\t\t\t\t<\/div>\n\t\t\t\t<\/div>\n\t\t\t\t\t<\/div>\n\t\t\t\t<\/div>\n\t\t\t\t\t<\/details>\n\t\t\t\t\t\t<details id=\"e-n-accordion-item-26416\" class=\"e-n-accordion-item\" >\n\t\t\t\t<summary class=\"e-n-accordion-item-title\" data-accordion-index=\"17\" tabindex=\"-1\" aria-expanded=\"false\" aria-controls=\"e-n-accordion-item-26416\" >\n\t\t\t\t\t<span class='e-n-accordion-item-title-header'><div class=\"e-n-accordion-item-title-text\"> Prof. Dr. Paulo S\u00e9rgio Mota dos Santos Junior <\/div><\/span>\n\t\t\t\t\t\t\t<span class='e-n-accordion-item-title-icon'>\n\t\t\t<span class='e-opened' ><svg aria-hidden=\"true\" class=\"e-font-icon-svg e-fas-minus\" viewBox=\"0 0 448 512\" xmlns=\"http:\/\/www.w3.org\/2000\/svg\"><path d=\"M416 208H32c-17.67 0-32 14.33-32 32v32c0 17.67 14.33 32 32 32h384c17.67 0 32-14.33 32-32v-32c0-17.67-14.33-32-32-32z\"><\/path><\/svg><\/span>\n\t\t\t<span class='e-closed'><svg aria-hidden=\"true\" class=\"e-font-icon-svg e-fas-plus\" viewBox=\"0 0 448 512\" xmlns=\"http:\/\/www.w3.org\/2000\/svg\"><path d=\"M416 208H272V64c0-17.67-14.33-32-32-32h-32c-17.67 0-32 14.33-32 32v144H32c-17.67 0-32 14.33-32 32v32c0 17.67 14.33 32 32 32h144v144c0 17.67 14.33 32 32 32h32c17.67 0 32-14.33 32-32V304h144c17.67 0 32-14.33 32-32v-32c0-17.67-14.33-32-32-32z\"><\/path><\/svg><\/span>\n\t\t<\/span>\n\n\t\t\t\t\t\t<\/summary>\n\t\t\t\t<div role=\"region\" aria-labelledby=\"e-n-accordion-item-26416\" class=\"elementor-element elementor-element-4759151 e-flex e-con-boxed e-con e-child\" data-id=\"4759151\" data-element_type=\"container\" data-e-type=\"container\">\n\t\t\t\t\t<div class=\"e-con-inner\">\n\t\t<div role=\"region\" aria-labelledby=\"e-n-accordion-item-26416\" class=\"elementor-element elementor-element-954a838 e-grid e-con-full e-con e-child\" data-id=\"954a838\" data-element_type=\"container\" data-e-type=\"container\">\n\t\t\t\t<div class=\"elementor-element elementor-element-bb726ad elementor-widget elementor-widget-image\" data-id=\"bb726ad\" data-element_type=\"widget\" data-e-type=\"widget\" data-widget_type=\"image.default\">\n\t\t\t\t<div class=\"elementor-widget-container\">\n\t\t\t\t\t\t\t\t\t\t\t\t\t\t\t<img loading=\"lazy\" decoding=\"async\" width=\"1080\" height=\"1080\" src=\"https:\/\/www2.unifap.br\/arquitetura\/files\/2025\/10\/Paulo.jpg\" class=\"attachment-large size-large wp-image-10140\" alt=\"\" srcset=\"https:\/\/www2.unifap.br\/arquitetura\/files\/2025\/10\/Paulo.jpg 1080w, https:\/\/www2.unifap.br\/arquitetura\/files\/2025\/10\/Paulo-300x300.jpg 300w, https:\/\/www2.unifap.br\/arquitetura\/files\/2025\/10\/Paulo-150x150.jpg 150w, https:\/\/www2.unifap.br\/arquitetura\/files\/2025\/10\/Paulo-768x768.jpg 768w\" sizes=\"(max-width: 1080px) 100vw, 1080px\" \/>\t\t\t\t\t\t\t\t\t\t\t\t\t\t\t<\/div>\n\t\t\t\t<\/div>\n\t\t\t\t<div class=\"elementor-element elementor-element-7b8c40a elementor-widget elementor-widget-text-editor\" data-id=\"7b8c40a\" data-element_type=\"widget\" data-e-type=\"widget\" data-widget_type=\"text-editor.default\">\n\t\t\t\t<div class=\"elementor-widget-container\">\n\t\t\t\t\t\t\t\t\t<p style=\"text-align: justify\"><strong>Curr\u00edculo resumido:<\/strong><\/p><p style=\"text-align: justify\"><span style=\"font-weight: 400\">Engenheiro Civil (UFPA), mestre em Estruturas e Geot\u00e9cnica (UNICAMP) e doutor em Estruturas e Constru\u00e7\u00e3o Civil (UFPA). Foi engenheiro calculista da Secret\u00e1ria de Educa\u00e7\u00e3o do Estado do Par\u00e1 (SEDUC) e atualmente \u00e9 Professor Colaborador no Programa de P\u00f3s-Gradua\u00e7\u00e3o em Processos Construtivos e Saneamento Urbano da UFPA &#8211; PPCS, ministrando as disciplinas de An\u00e1lise Computacional Linear e N\u00e3o Linear de Estruturas de Concreto Armado.<\/span><\/p>\t\t\t\t\t\t\t\t<\/div>\n\t\t\t\t<\/div>\n\t\t<div role=\"region\" aria-labelledby=\"e-n-accordion-item-26416\" class=\"elementor-element elementor-element-1da12fb e-grid e-con-full e-con e-child\" data-id=\"1da12fb\" data-element_type=\"container\" data-e-type=\"container\">\n\t\t\t\t<div class=\"elementor-element elementor-element-2f34229 elementor-widget elementor-widget-text-editor\" data-id=\"2f34229\" data-element_type=\"widget\" data-e-type=\"widget\" data-widget_type=\"text-editor.default\">\n\t\t\t\t<div class=\"elementor-widget-container\">\n\t\t\t\t\t\t\t\t\t<p><img decoding=\"async\" class=\"alignnone wp-image-10133 \" src=\"http:\/\/www2.unifap.br\/arquitetura\/files\/2025\/10\/envelope-e1759960038683-150x150.jpg\" alt=\"\" width=\"25\" height=\"25\" srcset=\"https:\/\/www2.unifap.br\/arquitetura\/files\/2025\/10\/envelope-e1759960038683-150x150.jpg 150w, https:\/\/www2.unifap.br\/arquitetura\/files\/2025\/10\/envelope-e1759960038683-300x287.jpg 300w, https:\/\/www2.unifap.br\/arquitetura\/files\/2025\/10\/envelope-e1759960038683-1200x1148.jpg 1200w, https:\/\/www2.unifap.br\/arquitetura\/files\/2025\/10\/envelope-e1759960038683-768x735.jpg 768w, https:\/\/www2.unifap.br\/arquitetura\/files\/2025\/10\/envelope-e1759960038683.jpg 1286w\" sizes=\"(max-width: 25px) 100vw, 25px\" \/> <a href=\"mailto:paulosergiomota@unifap.br\">paulosergiomota@unifap.br<\/a><\/p><p><img decoding=\"async\" class=\"alignnone wp-image-6543\" src=\"http:\/\/www2.unifap.br\/arquitetura\/files\/2024\/02\/sigaa-300x83.png\" alt=\"\" width=\"91\" height=\"25\" srcset=\"https:\/\/www2.unifap.br\/arquitetura\/files\/2024\/02\/sigaa-300x83.png 300w, https:\/\/www2.unifap.br\/arquitetura\/files\/2024\/02\/sigaa-768x213.png 768w, https:\/\/www2.unifap.br\/arquitetura\/files\/2024\/02\/sigaa.png 1080w\" sizes=\"(max-width: 91px) 100vw, 91px\" \/> P\u00e1gina P\u00fablica<\/p><p><a href=\"http:\/\/lattes.cnpq.br\/3377714808698375\" target=\"_blank\" rel=\"noopener\"><img loading=\"lazy\" decoding=\"async\" class=\"alignnone wp-image-6542 \" src=\"http:\/\/www2.unifap.br\/arquitetura\/files\/2024\/02\/lattesp-e1759959733714-300x135.png\" alt=\"\" width=\"91\" height=\"41\" srcset=\"https:\/\/www2.unifap.br\/arquitetura\/files\/2024\/02\/lattesp-e1759959733714-300x135.png 300w, https:\/\/www2.unifap.br\/arquitetura\/files\/2024\/02\/lattesp-e1759959733714.png 666w\" sizes=\"(max-width: 91px) 100vw, 91px\" \/> Curr\u00edculo Lattes<\/a><\/p>\t\t\t\t\t\t\t\t<\/div>\n\t\t\t\t<\/div>\n\t\t\t\t<\/div>\n\t\t\t\t<\/div>\n\t\t\t\t\t<\/div>\n\t\t\t\t<\/div>\n\t\t\t\t\t<\/details>\n\t\t\t\t\t\t<details id=\"e-n-accordion-item-26417\" class=\"e-n-accordion-item\" >\n\t\t\t\t<summary class=\"e-n-accordion-item-title\" data-accordion-index=\"18\" tabindex=\"-1\" aria-expanded=\"false\" aria-controls=\"e-n-accordion-item-26417\" >\n\t\t\t\t\t<span class='e-n-accordion-item-title-header'><div class=\"e-n-accordion-item-title-text\"> Prof. Dr. Pedro Tarcio Pereira Mergulh\u00e3o (afastado para qualifica\u00e7\u00e3o) <\/div><\/span>\n\t\t\t\t\t\t\t<span class='e-n-accordion-item-title-icon'>\n\t\t\t<span class='e-opened' ><svg aria-hidden=\"true\" class=\"e-font-icon-svg e-fas-minus\" viewBox=\"0 0 448 512\" xmlns=\"http:\/\/www.w3.org\/2000\/svg\"><path d=\"M416 208H32c-17.67 0-32 14.33-32 32v32c0 17.67 14.33 32 32 32h384c17.67 0 32-14.33 32-32v-32c0-17.67-14.33-32-32-32z\"><\/path><\/svg><\/span>\n\t\t\t<span class='e-closed'><svg aria-hidden=\"true\" class=\"e-font-icon-svg e-fas-plus\" viewBox=\"0 0 448 512\" xmlns=\"http:\/\/www.w3.org\/2000\/svg\"><path d=\"M416 208H272V64c0-17.67-14.33-32-32-32h-32c-17.67 0-32 14.33-32 32v144H32c-17.67 0-32 14.33-32 32v32c0 17.67 14.33 32 32 32h144v144c0 17.67 14.33 32 32 32h32c17.67 0 32-14.33 32-32V304h144c17.67 0 32-14.33 32-32v-32c0-17.67-14.33-32-32-32z\"><\/path><\/svg><\/span>\n\t\t<\/span>\n\n\t\t\t\t\t\t<\/summary>\n\t\t\t\t<div role=\"region\" aria-labelledby=\"e-n-accordion-item-26417\" class=\"elementor-element elementor-element-2199488 e-flex e-con-boxed e-con e-child\" data-id=\"2199488\" data-element_type=\"container\" data-e-type=\"container\">\n\t\t\t\t\t<div class=\"e-con-inner\">\n\t\t<div role=\"region\" aria-labelledby=\"e-n-accordion-item-26417\" class=\"elementor-element elementor-element-7d2be42 e-grid e-con-full e-con e-child\" data-id=\"7d2be42\" data-element_type=\"container\" data-e-type=\"container\">\n\t\t\t\t<div class=\"elementor-element elementor-element-160a229 elementor-widget elementor-widget-image\" data-id=\"160a229\" data-element_type=\"widget\" data-e-type=\"widget\" data-widget_type=\"image.default\">\n\t\t\t\t<div class=\"elementor-widget-container\">\n\t\t\t\t\t\t\t\t\t\t\t\t\t\t\t<img loading=\"lazy\" decoding=\"async\" width=\"500\" height=\"500\" src=\"https:\/\/www2.unifap.br\/arquitetura\/files\/2024\/02\/prof3.png\" class=\"attachment-large size-large wp-image-7098\" alt=\"\" srcset=\"https:\/\/www2.unifap.br\/arquitetura\/files\/2024\/02\/prof3.png 500w, https:\/\/www2.unifap.br\/arquitetura\/files\/2024\/02\/prof3-300x300.png 300w, https:\/\/www2.unifap.br\/arquitetura\/files\/2024\/02\/prof3-150x150.png 150w\" sizes=\"(max-width: 500px) 100vw, 500px\" \/>\t\t\t\t\t\t\t\t\t\t\t\t\t\t\t<\/div>\n\t\t\t\t<\/div>\n\t\t\t\t<div class=\"elementor-element elementor-element-1f17cce elementor-widget elementor-widget-text-editor\" data-id=\"1f17cce\" data-element_type=\"widget\" data-e-type=\"widget\" data-widget_type=\"text-editor.default\">\n\t\t\t\t<div class=\"elementor-widget-container\">\n\t\t\t\t\t\t\t\t\t<p style=\"text-align: justify\"><strong>Curr\u00edculo resumido:<\/strong><\/p><p style=\"text-align: justify\"><span style=\"font-weight: 400\">Arquiteto e urbanista (UFPA), mestre em Desenvolvimento Urbano (MDU\/UFPE) e doutor em urbanismo (PROURB\/UFRJ). Gradua\u00e7\u00e3o em L\u00edngua e Literatura Francesa pela Alian\u00e7a Francesa\/Universidade de Nancy III, Brasil\/Fran\u00e7a. Especializa\u00e7\u00e3o em Administra\u00e7\u00e3o Hoteleira <\/span><span style=\"font-weight: 400\">\u2011<\/span><span style=\"font-weight: 400\"> UFJF. Possui p\u00f3s<\/span><span style=\"font-weight: 400\">\u2011<\/span><span style=\"font-weight: 400\">doutorado (PPGAGRO<\/span><span style=\"font-weight: 400\">\u2011<\/span><span style=\"font-weight: 400\">UPF), aperfei\u00e7oamento em Paisagismo (SENAC\/SP) e em Projeto de Habita\u00e7\u00e3o Social <\/span><span style=\"font-weight: 400\">\u2011<\/span><span style=\"font-weight: 400\"> Escola de Arquitetura de Marselha\/Fran\u00e7a. <\/span><span style=\"font-weight: 400\">Tem experi\u00eancia nas \u00e1reas de Estudos da Paisagem Amaz\u00f4nica: Hist\u00f3ria, Teoria, Planejamento e Projeto de Arquitetura, Urbanismo e Paisagismo\u037e Planejamento e Projetos de Turismo e Hotelaria\u037e Conserva\u00e7\u00e3o da Paisagem. Coordena o projeto de pesquisa \u201cAtlas de elementos marcantes na paisagem urbana na Amaz\u00f4nia\u201d, integra como colaborador no projeto \u201cAssentamentos prec\u00e1rios na Amaz\u00f4nia perif\u00e9rica: estrat\u00e9gias para transforma\u00e7\u00e3o das periferias e exerc\u00edcio da cidadania (coordenado pela prof.\u00aa Bianca Moro). Coordena o projeto de extens\u00e3o \u201cProjeto de Assist\u00eancia T\u00e9cnica para os espa\u00e7os livres da Creche Nossa Senhora de Nazar\u00e9\u201d e integra o projeto de extens\u00e3o \u201cCaravana universit\u00e1ria no meio do mundo\u201d (coordenadora Nara Maria Braga da Silva).<\/span><\/p>\t\t\t\t\t\t\t\t<\/div>\n\t\t\t\t<\/div>\n\t\t<div role=\"region\" aria-labelledby=\"e-n-accordion-item-26417\" class=\"elementor-element elementor-element-e6a9b1d e-grid e-con-full e-con e-child\" data-id=\"e6a9b1d\" data-element_type=\"container\" data-e-type=\"container\">\n\t\t\t\t<div class=\"elementor-element elementor-element-4f50e76 elementor-widget elementor-widget-text-editor\" data-id=\"4f50e76\" data-element_type=\"widget\" data-e-type=\"widget\" data-widget_type=\"text-editor.default\">\n\t\t\t\t<div class=\"elementor-widget-container\">\n\t\t\t\t\t\t\t\t\t<p><img decoding=\"async\" class=\"alignnone wp-image-10133 \" src=\"http:\/\/www2.unifap.br\/arquitetura\/files\/2025\/10\/envelope-e1759960038683-150x150.jpg\" alt=\"\" width=\"25\" height=\"25\" srcset=\"https:\/\/www2.unifap.br\/arquitetura\/files\/2025\/10\/envelope-e1759960038683-150x150.jpg 150w, https:\/\/www2.unifap.br\/arquitetura\/files\/2025\/10\/envelope-e1759960038683-300x287.jpg 300w, https:\/\/www2.unifap.br\/arquitetura\/files\/2025\/10\/envelope-e1759960038683-1200x1148.jpg 1200w, https:\/\/www2.unifap.br\/arquitetura\/files\/2025\/10\/envelope-e1759960038683-768x735.jpg 768w, https:\/\/www2.unifap.br\/arquitetura\/files\/2025\/10\/envelope-e1759960038683.jpg 1286w\" sizes=\"(max-width: 25px) 100vw, 25px\" \/> <a href=\"mailto:pedro.mergulhao@unifap.br\">pedro.mergulhao@unifap.br<\/a><\/p><p><a href=\"https:\/\/sigaa.unifap.br\/sigaa\/public\/docente\/portal.jsf?siape=2885131\" target=\"_blank\" rel=\"noopener\"><img decoding=\"async\" class=\"alignnone wp-image-6543\" src=\"http:\/\/www2.unifap.br\/arquitetura\/files\/2024\/02\/sigaa-300x83.png\" alt=\"\" width=\"91\" height=\"25\" srcset=\"https:\/\/www2.unifap.br\/arquitetura\/files\/2024\/02\/sigaa-300x83.png 300w, https:\/\/www2.unifap.br\/arquitetura\/files\/2024\/02\/sigaa-768x213.png 768w, https:\/\/www2.unifap.br\/arquitetura\/files\/2024\/02\/sigaa.png 1080w\" sizes=\"(max-width: 91px) 100vw, 91px\" \/> P\u00e1gina P\u00fablica<\/a><\/p><p><a href=\"http:\/\/lattes.cnpq.br\/4258081002345965\" target=\"_blank\" rel=\"noopener\"><img loading=\"lazy\" decoding=\"async\" class=\"alignnone wp-image-6542 \" src=\"http:\/\/www2.unifap.br\/arquitetura\/files\/2024\/02\/lattesp-e1759959733714-300x135.png\" alt=\"\" width=\"91\" height=\"41\" srcset=\"https:\/\/www2.unifap.br\/arquitetura\/files\/2024\/02\/lattesp-e1759959733714-300x135.png 300w, https:\/\/www2.unifap.br\/arquitetura\/files\/2024\/02\/lattesp-e1759959733714.png 666w\" sizes=\"(max-width: 91px) 100vw, 91px\" \/> Curr\u00edculo Lattes<\/a><\/p>\t\t\t\t\t\t\t\t<\/div>\n\t\t\t\t<\/div>\n\t\t\t\t<\/div>\n\t\t\t\t<\/div>\n\t\t\t\t\t<\/div>\n\t\t\t\t<\/div>\n\t\t\t\t\t<\/details>\n\t\t\t\t\t\t<details id=\"e-n-accordion-item-26418\" class=\"e-n-accordion-item\" >\n\t\t\t\t<summary class=\"e-n-accordion-item-title\" data-accordion-index=\"19\" tabindex=\"-1\" aria-expanded=\"false\" aria-controls=\"e-n-accordion-item-26418\" >\n\t\t\t\t\t<span class='e-n-accordion-item-title-header'><div class=\"e-n-accordion-item-title-text\"> Prof. Me. Wictor Alencar Cunha <\/div><\/span>\n\t\t\t\t\t\t\t<span class='e-n-accordion-item-title-icon'>\n\t\t\t<span class='e-opened' ><svg aria-hidden=\"true\" class=\"e-font-icon-svg e-fas-minus\" viewBox=\"0 0 448 512\" xmlns=\"http:\/\/www.w3.org\/2000\/svg\"><path d=\"M416 208H32c-17.67 0-32 14.33-32 32v32c0 17.67 14.33 32 32 32h384c17.67 0 32-14.33 32-32v-32c0-17.67-14.33-32-32-32z\"><\/path><\/svg><\/span>\n\t\t\t<span class='e-closed'><svg aria-hidden=\"true\" class=\"e-font-icon-svg e-fas-plus\" viewBox=\"0 0 448 512\" xmlns=\"http:\/\/www.w3.org\/2000\/svg\"><path d=\"M416 208H272V64c0-17.67-14.33-32-32-32h-32c-17.67 0-32 14.33-32 32v144H32c-17.67 0-32 14.33-32 32v32c0 17.67 14.33 32 32 32h144v144c0 17.67 14.33 32 32 32h32c17.67 0 32-14.33 32-32V304h144c17.67 0 32-14.33 32-32v-32c0-17.67-14.33-32-32-32z\"><\/path><\/svg><\/span>\n\t\t<\/span>\n\n\t\t\t\t\t\t<\/summary>\n\t\t\t\t<div role=\"region\" aria-labelledby=\"e-n-accordion-item-26418\" class=\"elementor-element elementor-element-307fba2 e-flex e-con-boxed e-con e-child\" data-id=\"307fba2\" data-element_type=\"container\" data-e-type=\"container\">\n\t\t\t\t\t<div class=\"e-con-inner\">\n\t\t<div role=\"region\" aria-labelledby=\"e-n-accordion-item-26418\" class=\"elementor-element elementor-element-7e18ac7 e-grid e-con-full e-con e-child\" data-id=\"7e18ac7\" data-element_type=\"container\" data-e-type=\"container\">\n\t\t\t\t<div class=\"elementor-element elementor-element-8477239 elementor-widget elementor-widget-image\" data-id=\"8477239\" data-element_type=\"widget\" data-e-type=\"widget\" data-widget_type=\"image.default\">\n\t\t\t\t<div class=\"elementor-widget-container\">\n\t\t\t\t\t\t\t\t\t\t\t\t\t\t\t<img loading=\"lazy\" decoding=\"async\" width=\"500\" height=\"500\" src=\"https:\/\/www2.unifap.br\/arquitetura\/files\/2024\/02\/prof4.png\" class=\"attachment-large size-large wp-image-7099\" alt=\"\" srcset=\"https:\/\/www2.unifap.br\/arquitetura\/files\/2024\/02\/prof4.png 500w, https:\/\/www2.unifap.br\/arquitetura\/files\/2024\/02\/prof4-300x300.png 300w, https:\/\/www2.unifap.br\/arquitetura\/files\/2024\/02\/prof4-150x150.png 150w\" sizes=\"(max-width: 500px) 100vw, 500px\" \/>\t\t\t\t\t\t\t\t\t\t\t\t\t\t\t<\/div>\n\t\t\t\t<\/div>\n\t\t\t\t<div class=\"elementor-element elementor-element-9c787ac elementor-widget elementor-widget-text-editor\" data-id=\"9c787ac\" data-element_type=\"widget\" data-e-type=\"widget\" data-widget_type=\"text-editor.default\">\n\t\t\t\t<div class=\"elementor-widget-container\">\n\t\t\t\t\t\t\t\t\t<p style=\"text-align: justify\"><strong>Curr\u00edculo resumido:<\/strong><\/p><p style=\"text-align: justify\"><span style=\"font-weight: 400\">Engenheiro civil (UNAMA), especialista em Estruturas e Materiais (UFPA), mestre em Infraestrutura (UFPA).\u00a0<\/span><span style=\"font-style: inherit\">Tem experi\u00eancia na \u00e1rea de Engenharia Civil, com \u00eanfase em Engenharia Civil, atuando principalmente nos seguintes temas: concreto armado, concreto protendido, padr\u00e3o construtivo, concreto pr\u00e9<\/span><span style=\"font-style: inherit\">\u2011<\/span><span style=\"font-style: inherit\">moldado e concreto.<\/span><\/p>\t\t\t\t\t\t\t\t<\/div>\n\t\t\t\t<\/div>\n\t\t<div role=\"region\" aria-labelledby=\"e-n-accordion-item-26418\" class=\"elementor-element elementor-element-76ea1ed e-grid e-con-full e-con e-child\" data-id=\"76ea1ed\" data-element_type=\"container\" data-e-type=\"container\">\n\t\t\t\t<div class=\"elementor-element elementor-element-c41d805 elementor-widget elementor-widget-text-editor\" data-id=\"c41d805\" data-element_type=\"widget\" data-e-type=\"widget\" data-widget_type=\"text-editor.default\">\n\t\t\t\t<div class=\"elementor-widget-container\">\n\t\t\t\t\t\t\t\t\t<p><img decoding=\"async\" class=\"alignnone wp-image-10133 \" src=\"http:\/\/www2.unifap.br\/arquitetura\/files\/2025\/10\/envelope-e1759960038683-150x150.jpg\" alt=\"\" width=\"25\" height=\"25\" srcset=\"https:\/\/www2.unifap.br\/arquitetura\/files\/2025\/10\/envelope-e1759960038683-150x150.jpg 150w, https:\/\/www2.unifap.br\/arquitetura\/files\/2025\/10\/envelope-e1759960038683-300x287.jpg 300w, https:\/\/www2.unifap.br\/arquitetura\/files\/2025\/10\/envelope-e1759960038683-1200x1148.jpg 1200w, https:\/\/www2.unifap.br\/arquitetura\/files\/2025\/10\/envelope-e1759960038683-768x735.jpg 768w, https:\/\/www2.unifap.br\/arquitetura\/files\/2025\/10\/envelope-e1759960038683.jpg 1286w\" sizes=\"(max-width: 25px) 100vw, 25px\" \/> <a href=\"mailto:wictor.alencar@unifap.br\">wictor.alencar@unifap.br<\/a><\/p><p><a href=\"https:\/\/sigaa.unifap.br\/sigaa\/public\/docente\/portal.jsf?siape=1827650\" target=\"_blank\" rel=\"noopener\"><img decoding=\"async\" class=\"alignnone wp-image-6543\" src=\"http:\/\/www2.unifap.br\/arquitetura\/files\/2024\/02\/sigaa-300x83.png\" alt=\"\" width=\"91\" height=\"25\" srcset=\"https:\/\/www2.unifap.br\/arquitetura\/files\/2024\/02\/sigaa-300x83.png 300w, https:\/\/www2.unifap.br\/arquitetura\/files\/2024\/02\/sigaa-768x213.png 768w, https:\/\/www2.unifap.br\/arquitetura\/files\/2024\/02\/sigaa.png 1080w\" sizes=\"(max-width: 91px) 100vw, 91px\" \/> P\u00e1gina P\u00fablica<\/a><\/p><p><a href=\"http:\/\/lattes.cnpq.br\/4151411808599473\" target=\"_blank\" rel=\"noopener\"><img loading=\"lazy\" decoding=\"async\" class=\"alignnone wp-image-6542 \" src=\"http:\/\/www2.unifap.br\/arquitetura\/files\/2024\/02\/lattesp-e1759959733714-300x135.png\" alt=\"\" width=\"91\" height=\"41\" srcset=\"https:\/\/www2.unifap.br\/arquitetura\/files\/2024\/02\/lattesp-e1759959733714-300x135.png 300w, https:\/\/www2.unifap.br\/arquitetura\/files\/2024\/02\/lattesp-e1759959733714.png 666w\" sizes=\"(max-width: 91px) 100vw, 91px\" \/> Curr\u00edculo Lattes<\/a><\/p>\t\t\t\t\t\t\t\t<\/div>\n\t\t\t\t<\/div>\n\t\t\t\t<\/div>\n\t\t\t\t<\/div>\n\t\t\t\t\t<\/div>\n\t\t\t\t<\/div>\n\t\t\t\t\t<\/details>\n\t\t\t\t\t<\/div>\n\t\t\t\t\t\t<\/div>\n\t\t\t\t<\/div>\n\t\t\t\t\t<\/div>\n\t\t\t\t<\/div>\n\t\t\t\t<section class=\"elementor-section elementor-top-section elementor-element elementor-element-dbbde06 elementor-section-content-middle elementor-section-boxed elementor-section-height-default elementor-section-height-default\" data-id=\"dbbde06\" data-element_type=\"section\" data-e-type=\"section\" data-settings=\"{&quot;background_background&quot;:&quot;classic&quot;}\">\n\t\t\t\t\t\t\t<div class=\"elementor-background-overlay\"><\/div>\n\t\t\t\t\t\t\t<div class=\"elementor-container elementor-column-gap-no\">\n\t\t\t\t\t<div class=\"elementor-column elementor-col-100 elementor-top-column elementor-element elementor-element-89231d3\" data-id=\"89231d3\" data-element_type=\"column\" data-e-type=\"column\">\n\t\t\t<div class=\"elementor-widget-wrap elementor-element-populated\">\n\t\t\t\t\t\t<div class=\"elementor-element elementor-element-cf9af53 elementor-widget elementor-widget-heading\" data-id=\"cf9af53\" data-element_type=\"widget\" data-e-type=\"widget\" data-widget_type=\"heading.default\">\n\t\t\t\t<div class=\"elementor-widget-container\">\n\t\t\t\t\t<h2 class=\"elementor-heading-title elementor-size-default\">Professores Substitutos<\/h2>\t\t\t\t<\/div>\n\t\t\t\t<\/div>\n\t\t\t\t\t<\/div>\n\t\t<\/div>\n\t\t\t\t\t<\/div>\n\t\t<\/section>\n\t\t<div class=\"elementor-element elementor-element-d219837 e-flex e-con-boxed e-con e-parent\" data-id=\"d219837\" data-element_type=\"container\" data-e-type=\"container\">\n\t\t\t\t\t<div class=\"e-con-inner\">\n\t\t\t\t<div class=\"elementor-element elementor-element-eef2786 elementor-widget elementor-widget-n-accordion\" data-id=\"eef2786\" data-element_type=\"widget\" data-e-type=\"widget\" data-settings=\"{&quot;default_state&quot;:&quot;all_collapsed&quot;,&quot;max_items_expended&quot;:&quot;one&quot;,&quot;n_accordion_animation_duration&quot;:{&quot;unit&quot;:&quot;ms&quot;,&quot;size&quot;:400,&quot;sizes&quot;:[]}}\" data-widget_type=\"nested-accordion.default\">\n\t\t\t\t<div class=\"elementor-widget-container\">\n\t\t\t\t\t\t\t<div class=\"e-n-accordion\" aria-label=\"Accordion. Open links with Enter or Space, close with Escape, and navigate with Arrow Keys\">\n\t\t\t\t\t\t<details id=\"e-n-accordion-item-2500\" class=\"e-n-accordion-item\" >\n\t\t\t\t<summary class=\"e-n-accordion-item-title\" data-accordion-index=\"1\" tabindex=\"0\" aria-expanded=\"false\" aria-controls=\"e-n-accordion-item-2500\" >\n\t\t\t\t\t<span class='e-n-accordion-item-title-header'><div class=\"e-n-accordion-item-title-text\"> Profa. Ma. Ana Corina Maia Palheta <\/div><\/span>\n\t\t\t\t\t\t\t<span class='e-n-accordion-item-title-icon'>\n\t\t\t<span class='e-opened' ><svg aria-hidden=\"true\" class=\"e-font-icon-svg e-fas-minus\" viewBox=\"0 0 448 512\" xmlns=\"http:\/\/www.w3.org\/2000\/svg\"><path d=\"M416 208H32c-17.67 0-32 14.33-32 32v32c0 17.67 14.33 32 32 32h384c17.67 0 32-14.33 32-32v-32c0-17.67-14.33-32-32-32z\"><\/path><\/svg><\/span>\n\t\t\t<span class='e-closed'><svg aria-hidden=\"true\" class=\"e-font-icon-svg e-fas-plus\" viewBox=\"0 0 448 512\" xmlns=\"http:\/\/www.w3.org\/2000\/svg\"><path d=\"M416 208H272V64c0-17.67-14.33-32-32-32h-32c-17.67 0-32 14.33-32 32v144H32c-17.67 0-32 14.33-32 32v32c0 17.67 14.33 32 32 32h144v144c0 17.67 14.33 32 32 32h32c17.67 0 32-14.33 32-32V304h144c17.67 0 32-14.33 32-32v-32c0-17.67-14.33-32-32-32z\"><\/path><\/svg><\/span>\n\t\t<\/span>\n\n\t\t\t\t\t\t<\/summary>\n\t\t\t\t<div role=\"region\" aria-labelledby=\"e-n-accordion-item-2500\" class=\"elementor-element elementor-element-7b99748 e-con-full e-flex e-con e-child\" data-id=\"7b99748\" data-element_type=\"container\" data-e-type=\"container\">\n\t\t<div role=\"region\" aria-labelledby=\"e-n-accordion-item-2500\" class=\"elementor-element elementor-element-cc5a3eb e-grid e-con-boxed e-con e-child\" data-id=\"cc5a3eb\" data-element_type=\"container\" data-e-type=\"container\">\n\t\t\t\t\t<div class=\"e-con-inner\">\n\t\t\t\t<div class=\"elementor-element elementor-element-fc9e049 elementor-widget elementor-widget-image\" data-id=\"fc9e049\" data-element_type=\"widget\" data-e-type=\"widget\" data-widget_type=\"image.default\">\n\t\t\t\t<div class=\"elementor-widget-container\">\n\t\t\t\t\t\t\t\t\t\t\t\t\t\t\t<img loading=\"lazy\" decoding=\"async\" width=\"500\" height=\"500\" src=\"https:\/\/www2.unifap.br\/arquitetura\/files\/2024\/02\/p1.png\" class=\"attachment-large size-large wp-image-7150\" alt=\"\" srcset=\"https:\/\/www2.unifap.br\/arquitetura\/files\/2024\/02\/p1.png 500w, https:\/\/www2.unifap.br\/arquitetura\/files\/2024\/02\/p1-300x300.png 300w, https:\/\/www2.unifap.br\/arquitetura\/files\/2024\/02\/p1-150x150.png 150w\" sizes=\"(max-width: 500px) 100vw, 500px\" \/>\t\t\t\t\t\t\t\t\t\t\t\t\t\t\t<\/div>\n\t\t\t\t<\/div>\n\t\t\t\t<div class=\"elementor-element elementor-element-bd94511 elementor-widget elementor-widget-text-editor\" data-id=\"bd94511\" data-element_type=\"widget\" data-e-type=\"widget\" data-widget_type=\"text-editor.default\">\n\t\t\t\t<div class=\"elementor-widget-container\">\n\t\t\t\t\t\t\t\t\t<p style=\"font-size: 16px;font-style: normal;font-weight: 400;text-align: justify\"><strong>Curr\u00edculo resumido:<\/strong><\/p><p>Mestre em Profissional em Planejamento e Pol\u00edticas P\u00fablicas, na Universidade Estadual do Cear\u00e1 (UECE), especialista em Geoprocessamento (Famap) e Tr\u00e2nsito Urbano (UFPA) e Bacharel em Arquitetura e Urbanismo (UNAMA) e Desenhista de Arquitetura (CETEP). Possui experi\u00eancia como docente no Centro de ensino Superior do Amap\u00e1-CEAP (2010 a 2020) onde ministrou as disciplinas de gradua\u00e7\u00e3o na Arquitetura e Urbanismo: Desenho Urbano I e II, Desenho Digital, T\u00e9cnica Retrospectiva I e II, Projeto de Arquitetura e Urbanismo, Arquitetura e Urbanismo Contempor\u00e2neo e membro do N\u00facleo Docente estruturante do Curso de Arquitetura \u2013 NDE. Na Universidade Federal do Amap\u00e1 (UNIFAP, 2010 a 2011), ministrou as disciplinas Arquitetura e Urbanismo: Conforto Ambiental \u2013 Luminoso, Projeto Urbano, Projeto Arquitet\u00f4nico, Desenho Digital. No Instituto de Ensino superior do Amap\u00e1 (IESAP,2008): ministrou a disciplina de No\u00e7\u00e3o de Arquitetura e Urbanismo, no curso de Turismo e no SENAI \u2013 Curso T\u00e9cnico de Seguran\u00e7a no Trabalho: Leitura e Interpreta\u00e7\u00e3o de Projeto. E desenvolve servi\u00e7o volunt\u00e1rio no Grupo Escoteiro Veiga Cabral \u2013 01 \/AP \u2013 desde 2007.<\/p>\t\t\t\t\t\t\t\t<\/div>\n\t\t\t\t<\/div>\n\t\t\t\t<div class=\"elementor-element elementor-element-c814e4e elementor-widget elementor-widget-text-editor\" data-id=\"c814e4e\" data-element_type=\"widget\" data-e-type=\"widget\" data-widget_type=\"text-editor.default\">\n\t\t\t\t<div class=\"elementor-widget-container\">\n\t\t\t\t\t\t\t\t\t<p><img decoding=\"async\" class=\"alignnone wp-image-10133 \" src=\"http:\/\/www2.unifap.br\/arquitetura\/files\/2025\/10\/envelope-e1759960038683-150x150.jpg\" alt=\"\" width=\"25\" height=\"25\" srcset=\"https:\/\/www2.unifap.br\/arquitetura\/files\/2025\/10\/envelope-e1759960038683-150x150.jpg 150w, https:\/\/www2.unifap.br\/arquitetura\/files\/2025\/10\/envelope-e1759960038683-300x287.jpg 300w, https:\/\/www2.unifap.br\/arquitetura\/files\/2025\/10\/envelope-e1759960038683-1200x1148.jpg 1200w, https:\/\/www2.unifap.br\/arquitetura\/files\/2025\/10\/envelope-e1759960038683-768x735.jpg 768w, https:\/\/www2.unifap.br\/arquitetura\/files\/2025\/10\/envelope-e1759960038683.jpg 1286w\" sizes=\"(max-width: 25px) 100vw, 25px\" \/> <a href=\"mailto:corina.palheta@unifap.br\">corina.palheta@unifap.br<\/a><\/p><p><a href=\"https:\/\/sigaa.unifap.br\/sigaa\/public\/docente\/portal.jsf?siape=2451936\"><img decoding=\"async\" class=\"alignnone wp-image-6543\" src=\"http:\/\/www2.unifap.br\/arquitetura\/files\/2024\/02\/sigaa-300x83.png\" alt=\"\" width=\"91\" height=\"25\" srcset=\"https:\/\/www2.unifap.br\/arquitetura\/files\/2024\/02\/sigaa-300x83.png 300w, https:\/\/www2.unifap.br\/arquitetura\/files\/2024\/02\/sigaa-768x213.png 768w, https:\/\/www2.unifap.br\/arquitetura\/files\/2024\/02\/sigaa.png 1080w\" sizes=\"(max-width: 91px) 100vw, 91px\" \/> P\u00e1gina P\u00fablica<\/a><\/p><p><a href=\"http:\/\/lattes.cnpq.br\/0170081521182312\"><img loading=\"lazy\" decoding=\"async\" class=\"alignnone wp-image-6542 \" src=\"http:\/\/www2.unifap.br\/arquitetura\/files\/2024\/02\/lattesp-e1759959733714-300x135.png\" alt=\"\" width=\"91\" height=\"41\" srcset=\"https:\/\/www2.unifap.br\/arquitetura\/files\/2024\/02\/lattesp-e1759959733714-300x135.png 300w, https:\/\/www2.unifap.br\/arquitetura\/files\/2024\/02\/lattesp-e1759959733714.png 666w\" sizes=\"(max-width: 91px) 100vw, 91px\" \/> Curr\u00edculo Lattes<\/a><\/p>\t\t\t\t\t\t\t\t<\/div>\n\t\t\t\t<\/div>\n\t\t\t\t\t<\/div>\n\t\t\t\t<\/div>\n\t\t\t\t<\/div>\n\t\t\t\t\t<\/details>\n\t\t\t\t\t\t<details id=\"e-n-accordion-item-2501\" class=\"e-n-accordion-item\" >\n\t\t\t\t<summary class=\"e-n-accordion-item-title\" data-accordion-index=\"2\" tabindex=\"-1\" aria-expanded=\"false\" aria-controls=\"e-n-accordion-item-2501\" >\n\t\t\t\t\t<span class='e-n-accordion-item-title-header'><div class=\"e-n-accordion-item-title-text\"> Profa. Ma. Ananda Brito Bastos <\/div><\/span>\n\t\t\t\t\t\t\t<span class='e-n-accordion-item-title-icon'>\n\t\t\t<span class='e-opened' ><svg aria-hidden=\"true\" class=\"e-font-icon-svg e-fas-minus\" viewBox=\"0 0 448 512\" xmlns=\"http:\/\/www.w3.org\/2000\/svg\"><path d=\"M416 208H32c-17.67 0-32 14.33-32 32v32c0 17.67 14.33 32 32 32h384c17.67 0 32-14.33 32-32v-32c0-17.67-14.33-32-32-32z\"><\/path><\/svg><\/span>\n\t\t\t<span class='e-closed'><svg aria-hidden=\"true\" class=\"e-font-icon-svg e-fas-plus\" viewBox=\"0 0 448 512\" xmlns=\"http:\/\/www.w3.org\/2000\/svg\"><path d=\"M416 208H272V64c0-17.67-14.33-32-32-32h-32c-17.67 0-32 14.33-32 32v144H32c-17.67 0-32 14.33-32 32v32c0 17.67 14.33 32 32 32h144v144c0 17.67 14.33 32 32 32h32c17.67 0 32-14.33 32-32V304h144c17.67 0 32-14.33 32-32v-32c0-17.67-14.33-32-32-32z\"><\/path><\/svg><\/span>\n\t\t<\/span>\n\n\t\t\t\t\t\t<\/summary>\n\t\t\t\t<div role=\"region\" aria-labelledby=\"e-n-accordion-item-2501\" class=\"elementor-element elementor-element-5fa2149 e-con-full e-flex e-con e-child\" data-id=\"5fa2149\" data-element_type=\"container\" data-e-type=\"container\">\n\t\t<div role=\"region\" aria-labelledby=\"e-n-accordion-item-2501\" class=\"elementor-element elementor-element-2dbf4d6 e-grid e-con-boxed e-con e-child\" data-id=\"2dbf4d6\" data-element_type=\"container\" data-e-type=\"container\">\n\t\t\t\t\t<div class=\"e-con-inner\">\n\t\t\t\t<div class=\"elementor-element elementor-element-6400cb2 elementor-widget elementor-widget-image\" data-id=\"6400cb2\" data-element_type=\"widget\" data-e-type=\"widget\" data-widget_type=\"image.default\">\n\t\t\t\t<div class=\"elementor-widget-container\">\n\t\t\t\t\t\t\t\t\t\t\t\t\t\t\t<img loading=\"lazy\" decoding=\"async\" width=\"1200\" height=\"1200\" src=\"https:\/\/www2.unifap.br\/arquitetura\/files\/2026\/02\/2-1200x1200.jpg\" class=\"attachment-large size-large wp-image-10240\" alt=\"\" srcset=\"https:\/\/www2.unifap.br\/arquitetura\/files\/2026\/02\/2-1200x1200.jpg 1200w, https:\/\/www2.unifap.br\/arquitetura\/files\/2026\/02\/2-300x300.jpg 300w, https:\/\/www2.unifap.br\/arquitetura\/files\/2026\/02\/2-150x150.jpg 150w, https:\/\/www2.unifap.br\/arquitetura\/files\/2026\/02\/2-768x768.jpg 768w, https:\/\/www2.unifap.br\/arquitetura\/files\/2026\/02\/2-1536x1536.jpg 1536w, https:\/\/www2.unifap.br\/arquitetura\/files\/2026\/02\/2.jpg 1620w\" sizes=\"(max-width: 1200px) 100vw, 1200px\" \/>\t\t\t\t\t\t\t\t\t\t\t\t\t\t\t<\/div>\n\t\t\t\t<\/div>\n\t\t\t\t<div class=\"elementor-element elementor-element-ca28f76 elementor-widget elementor-widget-text-editor\" data-id=\"ca28f76\" data-element_type=\"widget\" data-e-type=\"widget\" data-widget_type=\"text-editor.default\">\n\t\t\t\t<div class=\"elementor-widget-container\">\n\t\t\t\t\t\t\t\t\t<p style=\"font-size: 16px;font-style: normal;font-weight: 400;text-align: justify\"><strong>Curr\u00edculo resumido:<\/strong><\/p><p>Arquiteta e Urbanista (UNIFAP), Especialista em Auditoria, Avalia\u00e7\u00e3o e Per\u00edcia em Engenharia (EBPOS), Mestre em Desenvolvimento Regional (UNIFAP).\u00a0Tem experi\u00eancia na \u00e1rea de Arquitetura e Urbanismo, com interesse em planejamento urbano e regional, produ\u00e7\u00e3o e analise do espa\u00e7o urbano, patrim\u00f4nio arquitet\u00f4nico e cultural.<\/p>\t\t\t\t\t\t\t\t<\/div>\n\t\t\t\t<\/div>\n\t\t\t\t<div class=\"elementor-element elementor-element-a3a9a87 elementor-widget elementor-widget-text-editor\" data-id=\"a3a9a87\" data-element_type=\"widget\" data-e-type=\"widget\" data-widget_type=\"text-editor.default\">\n\t\t\t\t<div class=\"elementor-widget-container\">\n\t\t\t\t\t\t\t\t\t<p><img decoding=\"async\" class=\"alignnone wp-image-10133 \" src=\"http:\/\/www2.unifap.br\/arquitetura\/files\/2025\/10\/envelope-e1759960038683-150x150.jpg\" alt=\"\" width=\"25\" height=\"25\" srcset=\"https:\/\/www2.unifap.br\/arquitetura\/files\/2025\/10\/envelope-e1759960038683-150x150.jpg 150w, https:\/\/www2.unifap.br\/arquitetura\/files\/2025\/10\/envelope-e1759960038683-300x287.jpg 300w, https:\/\/www2.unifap.br\/arquitetura\/files\/2025\/10\/envelope-e1759960038683-1200x1148.jpg 1200w, https:\/\/www2.unifap.br\/arquitetura\/files\/2025\/10\/envelope-e1759960038683-768x735.jpg 768w, https:\/\/www2.unifap.br\/arquitetura\/files\/2025\/10\/envelope-e1759960038683.jpg 1286w\" sizes=\"(max-width: 25px) 100vw, 25px\" \/> <a href=\"mailto:ananda.bastos@unifap.br\">ananda.bastos@unifap.br <\/a><\/p><p><a href=\"https:\/\/sigaa.unifap.br\/sigaa\/public\/docente\/portal.jsf?siape=3509234\"><img decoding=\"async\" class=\"alignnone wp-image-6543\" src=\"http:\/\/www2.unifap.br\/arquitetura\/files\/2024\/02\/sigaa-300x83.png\" alt=\"\" width=\"91\" height=\"25\" srcset=\"https:\/\/www2.unifap.br\/arquitetura\/files\/2024\/02\/sigaa-300x83.png 300w, https:\/\/www2.unifap.br\/arquitetura\/files\/2024\/02\/sigaa-768x213.png 768w, https:\/\/www2.unifap.br\/arquitetura\/files\/2024\/02\/sigaa.png 1080w\" sizes=\"(max-width: 91px) 100vw, 91px\" \/> P\u00e1gina P\u00fablica<\/a><\/p><p><a href=\"http:\/\/lattes.cnpq.br\/1518340093828718\"><img loading=\"lazy\" decoding=\"async\" class=\"alignnone wp-image-6542 \" src=\"http:\/\/www2.unifap.br\/arquitetura\/files\/2024\/02\/lattesp-e1759959733714-300x135.png\" alt=\"\" width=\"91\" height=\"41\" srcset=\"https:\/\/www2.unifap.br\/arquitetura\/files\/2024\/02\/lattesp-e1759959733714-300x135.png 300w, https:\/\/www2.unifap.br\/arquitetura\/files\/2024\/02\/lattesp-e1759959733714.png 666w\" sizes=\"(max-width: 91px) 100vw, 91px\" \/> Curr\u00edculo Lattes<\/a><\/p>\t\t\t\t\t\t\t\t<\/div>\n\t\t\t\t<\/div>\n\t\t\t\t\t<\/div>\n\t\t\t\t<\/div>\n\t\t\t\t<\/div>\n\t\t\t\t\t<\/details>\n\t\t\t\t\t\t<details id=\"e-n-accordion-item-2502\" class=\"e-n-accordion-item\" >\n\t\t\t\t<summary class=\"e-n-accordion-item-title\" data-accordion-index=\"3\" tabindex=\"-1\" aria-expanded=\"false\" aria-controls=\"e-n-accordion-item-2502\" >\n\t\t\t\t\t<span class='e-n-accordion-item-title-header'><div class=\"e-n-accordion-item-title-text\"> Profa. Dra. Camilla Souza Barbosa <\/div><\/span>\n\t\t\t\t\t\t\t<span class='e-n-accordion-item-title-icon'>\n\t\t\t<span class='e-opened' ><svg aria-hidden=\"true\" class=\"e-font-icon-svg e-fas-minus\" viewBox=\"0 0 448 512\" xmlns=\"http:\/\/www.w3.org\/2000\/svg\"><path d=\"M416 208H32c-17.67 0-32 14.33-32 32v32c0 17.67 14.33 32 32 32h384c17.67 0 32-14.33 32-32v-32c0-17.67-14.33-32-32-32z\"><\/path><\/svg><\/span>\n\t\t\t<span class='e-closed'><svg aria-hidden=\"true\" class=\"e-font-icon-svg e-fas-plus\" viewBox=\"0 0 448 512\" xmlns=\"http:\/\/www.w3.org\/2000\/svg\"><path d=\"M416 208H272V64c0-17.67-14.33-32-32-32h-32c-17.67 0-32 14.33-32 32v144H32c-17.67 0-32 14.33-32 32v32c0 17.67 14.33 32 32 32h144v144c0 17.67 14.33 32 32 32h32c17.67 0 32-14.33 32-32V304h144c17.67 0 32-14.33 32-32v-32c0-17.67-14.33-32-32-32z\"><\/path><\/svg><\/span>\n\t\t<\/span>\n\n\t\t\t\t\t\t<\/summary>\n\t\t\t\t<div role=\"region\" aria-labelledby=\"e-n-accordion-item-2502\" class=\"elementor-element elementor-element-180ab39 e-flex e-con-boxed e-con e-child\" data-id=\"180ab39\" data-element_type=\"container\" data-e-type=\"container\">\n\t\t\t\t\t<div class=\"e-con-inner\">\n\t\t<div role=\"region\" aria-labelledby=\"e-n-accordion-item-2502\" class=\"elementor-element elementor-element-3b1e527 e-grid e-con-full e-con e-child\" data-id=\"3b1e527\" data-element_type=\"container\" data-e-type=\"container\">\n\t\t\t\t<div class=\"elementor-element elementor-element-5beffcf elementor-widget elementor-widget-image\" data-id=\"5beffcf\" data-element_type=\"widget\" data-e-type=\"widget\" data-widget_type=\"image.default\">\n\t\t\t\t<div class=\"elementor-widget-container\">\n\t\t\t\t\t\t\t\t\t\t\t\t\t\t\t<img loading=\"lazy\" decoding=\"async\" width=\"1200\" height=\"1200\" src=\"https:\/\/www2.unifap.br\/arquitetura\/files\/2026\/03\/Camilla-1200x1200.jpg\" class=\"attachment-large size-large wp-image-10290\" alt=\"\" srcset=\"https:\/\/www2.unifap.br\/arquitetura\/files\/2026\/03\/Camilla-1200x1200.jpg 1200w, https:\/\/www2.unifap.br\/arquitetura\/files\/2026\/03\/Camilla-300x300.jpg 300w, https:\/\/www2.unifap.br\/arquitetura\/files\/2026\/03\/Camilla-150x150.jpg 150w, https:\/\/www2.unifap.br\/arquitetura\/files\/2026\/03\/Camilla-768x768.jpg 768w, https:\/\/www2.unifap.br\/arquitetura\/files\/2026\/03\/Camilla-1536x1536.jpg 1536w, https:\/\/www2.unifap.br\/arquitetura\/files\/2026\/03\/Camilla.jpg 1620w\" sizes=\"(max-width: 1200px) 100vw, 1200px\" \/>\t\t\t\t\t\t\t\t\t\t\t\t\t\t\t<\/div>\n\t\t\t\t<\/div>\n\t\t\t\t<div class=\"elementor-element elementor-element-a9c76d9 elementor-widget elementor-widget-text-editor\" data-id=\"a9c76d9\" data-element_type=\"widget\" data-e-type=\"widget\" data-widget_type=\"text-editor.default\">\n\t\t\t\t<div class=\"elementor-widget-container\">\n\t\t\t\t\t\t\t\t\t<p style=\"text-align: justify\"><strong>Curr\u00edculo resumido:<\/strong><\/p><p style=\"text-align: justify\">Doutora em Desenvolvimento Social pelo Programa de P\u00f3s-Gradua\u00e7\u00e3o em Desenvolvimento Sustent\u00e1vel do Tr\u00f3pico \u00damido (PPGDSTU\/NAEA\/UFPA), mestre em Arquitetura e Urbanismo pelo Programa de P\u00f3s-Gradua\u00e7\u00e3o em Arquitetura e Urbanismo, bacharel em Arquitetura e Urbanismo pela FAU-UFPA. Possui ampla experi\u00eancia em pesquisas sobre planejamento urbano em cidades da Amaz\u00f4nia, an\u00e1lise de pol\u00edticas p\u00fablicas e desenvolvimento socioambiental com foco em cidades resilientes. Atuou como bolsista em projetos de pesquisa do Laborat\u00f3rio Cidades da Amaz\u00f4nia (LabCam) e do Grupo de Pesquisa Estado, Territ\u00f3rio, Trabalho e Mercados Globalizados (GETTAM). Participou de mobilidade acad\u00eamica, em que cursou um ano de Master na Hasselt University (B\u00e9lgica). Atualmente atua pesquisadora no discutindo temas como desenvolvimento e meio ambiente, conflitos, territ\u00f3rios e colonialidade em cidades amaz\u00f4nicas, al\u00e9m de trabalhar na organiza\u00e7\u00e3o de eventos cient\u00edficos que buscam o di\u00e1logo entre a comunidade acad\u00eamica e a sociedade civil.<\/p>\t\t\t\t\t\t\t\t<\/div>\n\t\t\t\t<\/div>\n\t\t<div role=\"region\" aria-labelledby=\"e-n-accordion-item-2502\" class=\"elementor-element elementor-element-45ddad6 e-grid e-con-full e-con e-child\" data-id=\"45ddad6\" data-element_type=\"container\" data-e-type=\"container\">\n\t\t\t\t<div class=\"elementor-element elementor-element-5e9ccd6 elementor-widget elementor-widget-text-editor\" data-id=\"5e9ccd6\" data-element_type=\"widget\" data-e-type=\"widget\" data-widget_type=\"text-editor.default\">\n\t\t\t\t<div class=\"elementor-widget-container\">\n\t\t\t\t\t\t\t\t\t<p><img decoding=\"async\" class=\"alignnone wp-image-10133 \" src=\"http:\/\/www2.unifap.br\/arquitetura\/files\/2025\/10\/envelope-e1759960038683-150x150.jpg\" alt=\"\" width=\"25\" height=\"25\" srcset=\"https:\/\/www2.unifap.br\/arquitetura\/files\/2025\/10\/envelope-e1759960038683-150x150.jpg 150w, https:\/\/www2.unifap.br\/arquitetura\/files\/2025\/10\/envelope-e1759960038683-300x287.jpg 300w, https:\/\/www2.unifap.br\/arquitetura\/files\/2025\/10\/envelope-e1759960038683-1200x1148.jpg 1200w, https:\/\/www2.unifap.br\/arquitetura\/files\/2025\/10\/envelope-e1759960038683-768x735.jpg 768w, https:\/\/www2.unifap.br\/arquitetura\/files\/2025\/10\/envelope-e1759960038683.jpg 1286w\" sizes=\"(max-width: 25px) 100vw, 25px\" \/> <a href=\"mailto:barbosascamilla@gmail.com\">barbosascamilla@gmail.com<\/a><\/p><p><a href=\"https:\/\/sigaa.unifap.br\/sigaa\/public\/docente\/portal.jsf?siape=3521409\"><img decoding=\"async\" class=\"alignnone wp-image-6543\" src=\"http:\/\/www2.unifap.br\/arquitetura\/files\/2024\/02\/sigaa-300x83.png\" alt=\"\" width=\"91\" height=\"25\" srcset=\"https:\/\/www2.unifap.br\/arquitetura\/files\/2024\/02\/sigaa-300x83.png 300w, https:\/\/www2.unifap.br\/arquitetura\/files\/2024\/02\/sigaa-768x213.png 768w, https:\/\/www2.unifap.br\/arquitetura\/files\/2024\/02\/sigaa.png 1080w\" sizes=\"(max-width: 91px) 100vw, 91px\" \/> P\u00e1gina P\u00fablica<\/a><\/p><p><a href=\"https:\/\/lattes.cnpq.br\/3335266534566144\"><img loading=\"lazy\" decoding=\"async\" class=\"alignnone wp-image-6542 \" src=\"http:\/\/www2.unifap.br\/arquitetura\/files\/2024\/02\/lattesp-e1759959733714-300x135.png\" alt=\"\" width=\"91\" height=\"41\" srcset=\"https:\/\/www2.unifap.br\/arquitetura\/files\/2024\/02\/lattesp-e1759959733714-300x135.png 300w, https:\/\/www2.unifap.br\/arquitetura\/files\/2024\/02\/lattesp-e1759959733714.png 666w\" sizes=\"(max-width: 91px) 100vw, 91px\" \/> Curr\u00edculo Lattes<\/a><\/p>\t\t\t\t\t\t\t\t<\/div>\n\t\t\t\t<\/div>\n\t\t\t\t<\/div>\n\t\t\t\t<\/div>\n\t\t\t\t\t<\/div>\n\t\t\t\t<\/div>\n\t\t\t\t\t<\/details>\n\t\t\t\t\t\t<details id=\"e-n-accordion-item-2503\" class=\"e-n-accordion-item\" >\n\t\t\t\t<summary class=\"e-n-accordion-item-title\" data-accordion-index=\"4\" tabindex=\"-1\" aria-expanded=\"false\" aria-controls=\"e-n-accordion-item-2503\" >\n\t\t\t\t\t<span class='e-n-accordion-item-title-header'><div class=\"e-n-accordion-item-title-text\"> Profa. Ma. Cinthia Paola Martins Ferreira <\/div><\/span>\n\t\t\t\t\t\t\t<span class='e-n-accordion-item-title-icon'>\n\t\t\t<span class='e-opened' ><svg aria-hidden=\"true\" class=\"e-font-icon-svg e-fas-minus\" viewBox=\"0 0 448 512\" xmlns=\"http:\/\/www.w3.org\/2000\/svg\"><path d=\"M416 208H32c-17.67 0-32 14.33-32 32v32c0 17.67 14.33 32 32 32h384c17.67 0 32-14.33 32-32v-32c0-17.67-14.33-32-32-32z\"><\/path><\/svg><\/span>\n\t\t\t<span class='e-closed'><svg aria-hidden=\"true\" class=\"e-font-icon-svg e-fas-plus\" viewBox=\"0 0 448 512\" xmlns=\"http:\/\/www.w3.org\/2000\/svg\"><path d=\"M416 208H272V64c0-17.67-14.33-32-32-32h-32c-17.67 0-32 14.33-32 32v144H32c-17.67 0-32 14.33-32 32v32c0 17.67 14.33 32 32 32h144v144c0 17.67 14.33 32 32 32h32c17.67 0 32-14.33 32-32V304h144c17.67 0 32-14.33 32-32v-32c0-17.67-14.33-32-32-32z\"><\/path><\/svg><\/span>\n\t\t<\/span>\n\n\t\t\t\t\t\t<\/summary>\n\t\t\t\t<div role=\"region\" aria-labelledby=\"e-n-accordion-item-2503\" class=\"elementor-element elementor-element-e525ca1 e-flex e-con-boxed e-con e-child\" data-id=\"e525ca1\" data-element_type=\"container\" data-e-type=\"container\">\n\t\t\t\t\t<div class=\"e-con-inner\">\n\t\t<div role=\"region\" aria-labelledby=\"e-n-accordion-item-2503\" class=\"elementor-element elementor-element-23a80d6 e-grid e-con-full e-con e-child\" data-id=\"23a80d6\" data-element_type=\"container\" data-e-type=\"container\">\n\t\t\t\t<div class=\"elementor-element elementor-element-938f10a elementor-widget elementor-widget-image\" data-id=\"938f10a\" data-element_type=\"widget\" data-e-type=\"widget\" data-widget_type=\"image.default\">\n\t\t\t\t<div class=\"elementor-widget-container\">\n\t\t\t\t\t\t\t\t\t\t\t\t\t\t\t<img loading=\"lazy\" decoding=\"async\" width=\"1200\" height=\"1200\" src=\"https:\/\/www2.unifap.br\/arquitetura\/files\/2025\/10\/Cinthia-1200x1200.jpg\" class=\"attachment-large size-large wp-image-10141\" alt=\"\" srcset=\"https:\/\/www2.unifap.br\/arquitetura\/files\/2025\/10\/Cinthia-1200x1200.jpg 1200w, https:\/\/www2.unifap.br\/arquitetura\/files\/2025\/10\/Cinthia-300x300.jpg 300w, https:\/\/www2.unifap.br\/arquitetura\/files\/2025\/10\/Cinthia-150x150.jpg 150w, https:\/\/www2.unifap.br\/arquitetura\/files\/2025\/10\/Cinthia-768x768.jpg 768w, https:\/\/www2.unifap.br\/arquitetura\/files\/2025\/10\/Cinthia-1536x1536.jpg 1536w, https:\/\/www2.unifap.br\/arquitetura\/files\/2025\/10\/Cinthia.jpg 1620w\" sizes=\"(max-width: 1200px) 100vw, 1200px\" \/>\t\t\t\t\t\t\t\t\t\t\t\t\t\t\t<\/div>\n\t\t\t\t<\/div>\n\t\t\t\t<div class=\"elementor-element elementor-element-ac3fca7 elementor-widget elementor-widget-text-editor\" data-id=\"ac3fca7\" data-element_type=\"widget\" data-e-type=\"widget\" data-widget_type=\"text-editor.default\">\n\t\t\t\t<div class=\"elementor-widget-container\">\n\t\t\t\t\t\t\t\t\t<p style=\"text-align: justify\"><strong>Curr\u00edculo resumido:<\/strong><\/p><p style=\"text-align: justify\">Possui gradua\u00e7\u00e3o em Arquitetura e Urbanismo pela Associa\u00e7\u00e3o Amapaense de Ensino e Cultura (2017). Tem experi\u00eancia na \u00e1rea de Arquitetura e Urbanismo, com \u00eanfase em Planejamento e Projeto do Espa\u00e7o Urbano. Especialista em Engenharia de Seguran\u00e7a do Trabalho, pela faculdade de Tecnologia do Amap\u00e1 &#8211; Apoena (2018). Mestra em Processos Construtivos e Saneamento Urbano, pela Universidade Federal do Par\u00e1 &#8211; UFPA (2022). Pesquisadora no grupo de pesquisa Arquitetura e Urbanismo na Amaz\u00f4nia, na Universidade Federal do Amap\u00e1 &#8211; Unifap (2023) e, Professora Substituta na Universidade Federal do Amap\u00e1 &#8211; UNIFAP, no curso de Arquitetura e Urbanismo.<\/p>\t\t\t\t\t\t\t\t<\/div>\n\t\t\t\t<\/div>\n\t\t<div role=\"region\" aria-labelledby=\"e-n-accordion-item-2503\" class=\"elementor-element elementor-element-56a2b7e e-grid e-con-full e-con e-child\" data-id=\"56a2b7e\" data-element_type=\"container\" data-e-type=\"container\">\n\t\t\t\t<div class=\"elementor-element elementor-element-4f1ca0f elementor-widget elementor-widget-text-editor\" data-id=\"4f1ca0f\" data-element_type=\"widget\" data-e-type=\"widget\" data-widget_type=\"text-editor.default\">\n\t\t\t\t<div class=\"elementor-widget-container\">\n\t\t\t\t\t\t\t\t\t<p><img decoding=\"async\" class=\"alignnone wp-image-10133 \" src=\"http:\/\/www2.unifap.br\/arquitetura\/files\/2025\/10\/envelope-e1759960038683-150x150.jpg\" alt=\"\" width=\"25\" height=\"25\" srcset=\"https:\/\/www2.unifap.br\/arquitetura\/files\/2025\/10\/envelope-e1759960038683-150x150.jpg 150w, https:\/\/www2.unifap.br\/arquitetura\/files\/2025\/10\/envelope-e1759960038683-300x287.jpg 300w, https:\/\/www2.unifap.br\/arquitetura\/files\/2025\/10\/envelope-e1759960038683-1200x1148.jpg 1200w, https:\/\/www2.unifap.br\/arquitetura\/files\/2025\/10\/envelope-e1759960038683-768x735.jpg 768w, https:\/\/www2.unifap.br\/arquitetura\/files\/2025\/10\/envelope-e1759960038683.jpg 1286w\" sizes=\"(max-width: 25px) 100vw, 25px\" \/> <a href=\"mailto:cinthiapaola@unifap.br\">cinthiapaola@unifap.br<\/a><\/p><p><a href=\"https:\/\/sigaa.unifap.br\/sigaa\/public\/docente\/portal.jsf?siape=3465778\"><img decoding=\"async\" class=\"alignnone wp-image-6543\" src=\"http:\/\/www2.unifap.br\/arquitetura\/files\/2024\/02\/sigaa-300x83.png\" alt=\"\" width=\"91\" height=\"25\" srcset=\"https:\/\/www2.unifap.br\/arquitetura\/files\/2024\/02\/sigaa-300x83.png 300w, https:\/\/www2.unifap.br\/arquitetura\/files\/2024\/02\/sigaa-768x213.png 768w, https:\/\/www2.unifap.br\/arquitetura\/files\/2024\/02\/sigaa.png 1080w\" sizes=\"(max-width: 91px) 100vw, 91px\" \/> P\u00e1gina P\u00fablica<\/a><\/p><p><a href=\"http:\/\/lattes.cnpq.br\/3657565864196823\"><img loading=\"lazy\" decoding=\"async\" class=\"alignnone wp-image-6542 \" src=\"http:\/\/www2.unifap.br\/arquitetura\/files\/2024\/02\/lattesp-e1759959733714-300x135.png\" alt=\"\" width=\"91\" height=\"41\" srcset=\"https:\/\/www2.unifap.br\/arquitetura\/files\/2024\/02\/lattesp-e1759959733714-300x135.png 300w, https:\/\/www2.unifap.br\/arquitetura\/files\/2024\/02\/lattesp-e1759959733714.png 666w\" sizes=\"(max-width: 91px) 100vw, 91px\" \/> Curr\u00edculo Lattes<\/a><\/p>\t\t\t\t\t\t\t\t<\/div>\n\t\t\t\t<\/div>\n\t\t\t\t<\/div>\n\t\t\t\t<\/div>\n\t\t\t\t\t<\/div>\n\t\t\t\t<\/div>\n\t\t\t\t\t<\/details>\n\t\t\t\t\t\t<details id=\"e-n-accordion-item-2504\" class=\"e-n-accordion-item\" >\n\t\t\t\t<summary class=\"e-n-accordion-item-title\" data-accordion-index=\"5\" tabindex=\"-1\" aria-expanded=\"false\" aria-controls=\"e-n-accordion-item-2504\" >\n\t\t\t\t\t<span class='e-n-accordion-item-title-header'><div class=\"e-n-accordion-item-title-text\"> Profa. Ma. Francianny Keyla Cabral Moraes <\/div><\/span>\n\t\t\t\t\t\t\t<span class='e-n-accordion-item-title-icon'>\n\t\t\t<span class='e-opened' ><svg aria-hidden=\"true\" class=\"e-font-icon-svg e-fas-minus\" viewBox=\"0 0 448 512\" xmlns=\"http:\/\/www.w3.org\/2000\/svg\"><path d=\"M416 208H32c-17.67 0-32 14.33-32 32v32c0 17.67 14.33 32 32 32h384c17.67 0 32-14.33 32-32v-32c0-17.67-14.33-32-32-32z\"><\/path><\/svg><\/span>\n\t\t\t<span class='e-closed'><svg aria-hidden=\"true\" class=\"e-font-icon-svg e-fas-plus\" viewBox=\"0 0 448 512\" xmlns=\"http:\/\/www.w3.org\/2000\/svg\"><path d=\"M416 208H272V64c0-17.67-14.33-32-32-32h-32c-17.67 0-32 14.33-32 32v144H32c-17.67 0-32 14.33-32 32v32c0 17.67 14.33 32 32 32h144v144c0 17.67 14.33 32 32 32h32c17.67 0 32-14.33 32-32V304h144c17.67 0 32-14.33 32-32v-32c0-17.67-14.33-32-32-32z\"><\/path><\/svg><\/span>\n\t\t<\/span>\n\n\t\t\t\t\t\t<\/summary>\n\t\t\t\t<div role=\"region\" aria-labelledby=\"e-n-accordion-item-2504\" class=\"elementor-element elementor-element-dd7922e e-flex e-con-boxed e-con e-child\" data-id=\"dd7922e\" data-element_type=\"container\" data-e-type=\"container\">\n\t\t\t\t\t<div class=\"e-con-inner\">\n\t\t<div role=\"region\" aria-labelledby=\"e-n-accordion-item-2504\" class=\"elementor-element elementor-element-df98630 e-grid e-con-full e-con e-child\" data-id=\"df98630\" data-element_type=\"container\" data-e-type=\"container\">\n\t\t\t\t<div class=\"elementor-element elementor-element-ace4415 elementor-widget elementor-widget-image\" data-id=\"ace4415\" data-element_type=\"widget\" data-e-type=\"widget\" data-widget_type=\"image.default\">\n\t\t\t\t<div class=\"elementor-widget-container\">\n\t\t\t\t\t\t\t\t\t\t\t\t\t\t\t<img loading=\"lazy\" decoding=\"async\" width=\"1200\" height=\"1200\" src=\"https:\/\/www2.unifap.br\/arquitetura\/files\/2025\/10\/Francy-1200x1200.jpg\" class=\"attachment-large size-large wp-image-10142\" alt=\"\" srcset=\"https:\/\/www2.unifap.br\/arquitetura\/files\/2025\/10\/Francy-1200x1200.jpg 1200w, https:\/\/www2.unifap.br\/arquitetura\/files\/2025\/10\/Francy-300x300.jpg 300w, https:\/\/www2.unifap.br\/arquitetura\/files\/2025\/10\/Francy-150x150.jpg 150w, https:\/\/www2.unifap.br\/arquitetura\/files\/2025\/10\/Francy-768x768.jpg 768w, https:\/\/www2.unifap.br\/arquitetura\/files\/2025\/10\/Francy-1536x1536.jpg 1536w, https:\/\/www2.unifap.br\/arquitetura\/files\/2025\/10\/Francy.jpg 1620w\" sizes=\"(max-width: 1200px) 100vw, 1200px\" \/>\t\t\t\t\t\t\t\t\t\t\t\t\t\t\t<\/div>\n\t\t\t\t<\/div>\n\t\t\t\t<div class=\"elementor-element elementor-element-85d9d5e elementor-widget elementor-widget-text-editor\" data-id=\"85d9d5e\" data-element_type=\"widget\" data-e-type=\"widget\" data-widget_type=\"text-editor.default\">\n\t\t\t\t<div class=\"elementor-widget-container\">\n\t\t\t\t\t\t\t\t\t<p style=\"text-align: justify\"><strong>Curr\u00edculo resumido:<\/strong><\/p><p style=\"text-align: justify\">Gradua\u00e7\u00e3o em Arquitetura e Urbanismo (UFPA), mestre em Arquitetura e Urbanismo (UFPA), doutoranda em Arquitetura e Urbanismo (PPGAU\/UFPA), na \u00e1rea de An\u00e1lise e Concep\u00e7\u00e3o do Espa\u00e7o Constru\u00eddo na Amaz\u00f4nia. Nos anos de 2018 e 2019 trabalhou como Professora substituta na UNIFAP, no Curso de Arquitetura e Urbanismo, tendo ministrado disciplinas em: Conforto Ambiental, Est\u00e9tica e Hist\u00f3ria da Arte, Projeto Arquitet\u00f4nico, Teoria e Hist\u00f3ria da Arquitetura Urbanismo, Desenho Arquitet\u00f4nico e Projeto de Paisagismo. Desde 2017 participa como colaboradora dos projetos de pesquisa na \u00e1rea de Patrim\u00f4nio arquitet\u00f4nico, um intercambio entre a Funda\u00e7\u00e3o Casa de Rui Barbosa, a Universidade Nova de Lisboa, Ufpel e Unama. Atualmente \u00e9 membro do coletivo n\u00e3o formalizado Cultura Arquitet\u00f4nica, Amaz\u00f4nia &amp; Modernidade &#8211; CAAM (2020). Desde 2015 Participa das atividades do Laborat\u00f3rio de Historiografia da Arquitetura e cultura Arquitet\u00f4nica (LAHCA) na Universidade Federal do Par\u00e1. Tem experi\u00eancia em Elabora\u00e7\u00e3o, Consultoria e desenvolvimento em Projetos de Arquitetura e Urbanismo e arquitetura de interiores.<\/p>\t\t\t\t\t\t\t\t<\/div>\n\t\t\t\t<\/div>\n\t\t<div role=\"region\" aria-labelledby=\"e-n-accordion-item-2504\" class=\"elementor-element elementor-element-4096f6d e-grid e-con-full e-con e-child\" data-id=\"4096f6d\" data-element_type=\"container\" data-e-type=\"container\">\n\t\t\t\t<div class=\"elementor-element elementor-element-25e645c elementor-widget elementor-widget-text-editor\" data-id=\"25e645c\" data-element_type=\"widget\" data-e-type=\"widget\" data-widget_type=\"text-editor.default\">\n\t\t\t\t<div class=\"elementor-widget-container\">\n\t\t\t\t\t\t\t\t\t<p><img decoding=\"async\" class=\"alignnone wp-image-10133 \" src=\"http:\/\/www2.unifap.br\/arquitetura\/files\/2025\/10\/envelope-e1759960038683-150x150.jpg\" alt=\"\" width=\"25\" height=\"25\" srcset=\"https:\/\/www2.unifap.br\/arquitetura\/files\/2025\/10\/envelope-e1759960038683-150x150.jpg 150w, https:\/\/www2.unifap.br\/arquitetura\/files\/2025\/10\/envelope-e1759960038683-300x287.jpg 300w, https:\/\/www2.unifap.br\/arquitetura\/files\/2025\/10\/envelope-e1759960038683-1200x1148.jpg 1200w, https:\/\/www2.unifap.br\/arquitetura\/files\/2025\/10\/envelope-e1759960038683-768x735.jpg 768w, https:\/\/www2.unifap.br\/arquitetura\/files\/2025\/10\/envelope-e1759960038683.jpg 1286w\" sizes=\"(max-width: 25px) 100vw, 25px\" \/> <a href=\"mailto:francianny@unifap.br\">francianny@unifap.br<\/a><\/p><p><a href=\"https:\/\/sigaa.unifap.br\/sigaa\/public\/docente\/portal.jsf?siape=1015168\" target=\"_blank\" rel=\"noopener\"><img decoding=\"async\" class=\"alignnone wp-image-6543\" src=\"http:\/\/www2.unifap.br\/arquitetura\/files\/2024\/02\/sigaa-300x83.png\" alt=\"\" width=\"91\" height=\"25\" srcset=\"https:\/\/www2.unifap.br\/arquitetura\/files\/2024\/02\/sigaa-300x83.png 300w, https:\/\/www2.unifap.br\/arquitetura\/files\/2024\/02\/sigaa-768x213.png 768w, https:\/\/www2.unifap.br\/arquitetura\/files\/2024\/02\/sigaa.png 1080w\" sizes=\"(max-width: 91px) 100vw, 91px\" \/> P\u00e1gina P\u00fablica<\/a><\/p><p><a href=\"http:\/\/lattes.cnpq.br\/9219666411040609\" target=\"_blank\" rel=\"noopener\"><img loading=\"lazy\" decoding=\"async\" class=\"alignnone wp-image-6542 \" src=\"http:\/\/www2.unifap.br\/arquitetura\/files\/2024\/02\/lattesp-e1759959733714-300x135.png\" alt=\"\" width=\"91\" height=\"41\" srcset=\"https:\/\/www2.unifap.br\/arquitetura\/files\/2024\/02\/lattesp-e1759959733714-300x135.png 300w, https:\/\/www2.unifap.br\/arquitetura\/files\/2024\/02\/lattesp-e1759959733714.png 666w\" sizes=\"(max-width: 91px) 100vw, 91px\" \/> Curr\u00edculo Lattes<\/a><\/p>\t\t\t\t\t\t\t\t<\/div>\n\t\t\t\t<\/div>\n\t\t\t\t<\/div>\n\t\t\t\t<\/div>\n\t\t\t\t\t<\/div>\n\t\t\t\t<\/div>\n\t\t\t\t\t<\/details>\n\t\t\t\t\t\t<details id=\"e-n-accordion-item-2505\" class=\"e-n-accordion-item\" >\n\t\t\t\t<summary class=\"e-n-accordion-item-title\" data-accordion-index=\"6\" tabindex=\"-1\" aria-expanded=\"false\" aria-controls=\"e-n-accordion-item-2505\" >\n\t\t\t\t\t<span class='e-n-accordion-item-title-header'><div class=\"e-n-accordion-item-title-text\"> Prof. Esp. Gabriel Braz\u00e3o de Almeida <\/div><\/span>\n\t\t\t\t\t\t\t<span class='e-n-accordion-item-title-icon'>\n\t\t\t<span class='e-opened' ><svg aria-hidden=\"true\" class=\"e-font-icon-svg e-fas-minus\" viewBox=\"0 0 448 512\" xmlns=\"http:\/\/www.w3.org\/2000\/svg\"><path d=\"M416 208H32c-17.67 0-32 14.33-32 32v32c0 17.67 14.33 32 32 32h384c17.67 0 32-14.33 32-32v-32c0-17.67-14.33-32-32-32z\"><\/path><\/svg><\/span>\n\t\t\t<span class='e-closed'><svg aria-hidden=\"true\" class=\"e-font-icon-svg e-fas-plus\" viewBox=\"0 0 448 512\" xmlns=\"http:\/\/www.w3.org\/2000\/svg\"><path d=\"M416 208H272V64c0-17.67-14.33-32-32-32h-32c-17.67 0-32 14.33-32 32v144H32c-17.67 0-32 14.33-32 32v32c0 17.67 14.33 32 32 32h144v144c0 17.67 14.33 32 32 32h32c17.67 0 32-14.33 32-32V304h144c17.67 0 32-14.33 32-32v-32c0-17.67-14.33-32-32-32z\"><\/path><\/svg><\/span>\n\t\t<\/span>\n\n\t\t\t\t\t\t<\/summary>\n\t\t\t\t<div role=\"region\" aria-labelledby=\"e-n-accordion-item-2505\" class=\"elementor-element elementor-element-f6a6bfb e-flex e-con-boxed e-con e-child\" data-id=\"f6a6bfb\" data-element_type=\"container\" data-e-type=\"container\">\n\t\t\t\t\t<div class=\"e-con-inner\">\n\t\t<div role=\"region\" aria-labelledby=\"e-n-accordion-item-2505\" class=\"elementor-element elementor-element-2b23be9 e-grid e-con-full e-con e-child\" data-id=\"2b23be9\" data-element_type=\"container\" data-e-type=\"container\">\n\t\t\t\t<div class=\"elementor-element elementor-element-dc2b0c9 elementor-widget elementor-widget-image\" data-id=\"dc2b0c9\" data-element_type=\"widget\" data-e-type=\"widget\" data-widget_type=\"image.default\">\n\t\t\t\t<div class=\"elementor-widget-container\">\n\t\t\t\t\t\t\t\t\t\t\t\t\t\t\t<img loading=\"lazy\" decoding=\"async\" width=\"500\" height=\"500\" src=\"https:\/\/www2.unifap.br\/arquitetura\/files\/2024\/02\/p3.png\" class=\"attachment-large size-large wp-image-7152\" alt=\"\" srcset=\"https:\/\/www2.unifap.br\/arquitetura\/files\/2024\/02\/p3.png 500w, https:\/\/www2.unifap.br\/arquitetura\/files\/2024\/02\/p3-300x300.png 300w, https:\/\/www2.unifap.br\/arquitetura\/files\/2024\/02\/p3-150x150.png 150w\" sizes=\"(max-width: 500px) 100vw, 500px\" \/>\t\t\t\t\t\t\t\t\t\t\t\t\t\t\t<\/div>\n\t\t\t\t<\/div>\n\t\t\t\t<div class=\"elementor-element elementor-element-01b6034 elementor-widget elementor-widget-text-editor\" data-id=\"01b6034\" data-element_type=\"widget\" data-e-type=\"widget\" data-widget_type=\"text-editor.default\">\n\t\t\t\t<div class=\"elementor-widget-container\">\n\t\t\t\t\t\t\t\t\t<p style=\"text-align: justify\"><strong>Curr\u00edculo resumido:<\/strong><\/p><p style=\"text-align: justify\">Bacharel em Arquitetura e Urbanismo pela Universidade Federal do Amap\u00e1 (UNIFAP) e Matem\u00e1tica pela Faculdade Est\u00e1cio, especialista em Engenharia de Estruturas e Funda\u00e7\u00f5es, BIM e Projetos Aplicados \u00e0 Constru\u00e7\u00e3o Civil e Inform\u00e1tica na Educa\u00e7\u00e3o. Tem experi\u00eancia docente em cursos t\u00e9cnicos profissionalizantes nas \u00e1reas de edifica\u00e7\u00f5es e eletrot\u00e9cnica (Matem\u00e1tica B\u00e1sica, Inform\u00e1tica B\u00e1sica e Inform\u00e1tica Aplicada \u2013 CAD 2D). Possui experi\u00eancia na elabora\u00e7\u00e3o de projetos de arquitetura e projetos complementares de edifica\u00e7\u00f5es. Tem interesse no ensino, pesquisa e extens\u00e3o nas \u00e1reas de: projeto de arquitetura; projetos complementares de edifica\u00e7\u00f5es (el\u00e9tricos, hidrossanit\u00e1rios e estruturais); conforto ambiental; efici\u00eancia energ\u00e9tica e; inform\u00e1tica aplicada \u00e0 arquitetura e urbanismo. Atualmente \u00e9 professor dos cursos de engenharia e arquitetura da faculdade Anhanguera Macap\u00e1, nas disciplinas de Projeto de Arquitetura, Sistemas Estruturais, Inform\u00e1tica Aplicada \u00e0 Arquitetura (CAD 2D) e C\u00e1lculo.<\/p>\t\t\t\t\t\t\t\t<\/div>\n\t\t\t\t<\/div>\n\t\t<div role=\"region\" aria-labelledby=\"e-n-accordion-item-2505\" class=\"elementor-element elementor-element-c7dfa43 e-grid e-con-full e-con e-child\" data-id=\"c7dfa43\" data-element_type=\"container\" data-e-type=\"container\">\n\t\t\t\t<div class=\"elementor-element elementor-element-6a16835 elementor-widget elementor-widget-text-editor\" data-id=\"6a16835\" data-element_type=\"widget\" data-e-type=\"widget\" data-widget_type=\"text-editor.default\">\n\t\t\t\t<div class=\"elementor-widget-container\">\n\t\t\t\t\t\t\t\t\t<p><img decoding=\"async\" class=\"alignnone wp-image-10133 \" src=\"http:\/\/www2.unifap.br\/arquitetura\/files\/2025\/10\/envelope-e1759960038683-150x150.jpg\" alt=\"\" width=\"25\" height=\"25\" srcset=\"https:\/\/www2.unifap.br\/arquitetura\/files\/2025\/10\/envelope-e1759960038683-150x150.jpg 150w, https:\/\/www2.unifap.br\/arquitetura\/files\/2025\/10\/envelope-e1759960038683-300x287.jpg 300w, https:\/\/www2.unifap.br\/arquitetura\/files\/2025\/10\/envelope-e1759960038683-1200x1148.jpg 1200w, https:\/\/www2.unifap.br\/arquitetura\/files\/2025\/10\/envelope-e1759960038683-768x735.jpg 768w, https:\/\/www2.unifap.br\/arquitetura\/files\/2025\/10\/envelope-e1759960038683.jpg 1286w\" sizes=\"(max-width: 25px) 100vw, 25px\" \/> <a href=\"mailto:gabrielbrazao@unifap.br\">gabrielbrazao@unifap.br<\/a><\/p><p><a href=\"https:\/\/sigaa.unifap.br\/sigaa\/public\/docente\/portal.jsf?siape=3389476\"><img decoding=\"async\" class=\"alignnone wp-image-6543\" src=\"http:\/\/www2.unifap.br\/arquitetura\/files\/2024\/02\/sigaa-300x83.png\" alt=\"\" width=\"91\" height=\"25\" srcset=\"https:\/\/www2.unifap.br\/arquitetura\/files\/2024\/02\/sigaa-300x83.png 300w, https:\/\/www2.unifap.br\/arquitetura\/files\/2024\/02\/sigaa-768x213.png 768w, https:\/\/www2.unifap.br\/arquitetura\/files\/2024\/02\/sigaa.png 1080w\" sizes=\"(max-width: 91px) 100vw, 91px\" \/> P\u00e1gina P\u00fablica<\/a><\/p><p><a href=\"http:\/\/lattes.cnpq.br\/8521771545302563\"><img loading=\"lazy\" decoding=\"async\" class=\"alignnone wp-image-6542 \" src=\"http:\/\/www2.unifap.br\/arquitetura\/files\/2024\/02\/lattesp-e1759959733714-300x135.png\" alt=\"\" width=\"91\" height=\"41\" srcset=\"https:\/\/www2.unifap.br\/arquitetura\/files\/2024\/02\/lattesp-e1759959733714-300x135.png 300w, https:\/\/www2.unifap.br\/arquitetura\/files\/2024\/02\/lattesp-e1759959733714.png 666w\" sizes=\"(max-width: 91px) 100vw, 91px\" \/> Curr\u00edculo Lattes<\/a><\/p>\t\t\t\t\t\t\t\t<\/div>\n\t\t\t\t<\/div>\n\t\t\t\t<\/div>\n\t\t\t\t<\/div>\n\t\t\t\t\t<\/div>\n\t\t\t\t<\/div>\n\t\t\t\t\t<\/details>\n\t\t\t\t\t\t<details id=\"e-n-accordion-item-2506\" class=\"e-n-accordion-item\" >\n\t\t\t\t<summary class=\"e-n-accordion-item-title\" data-accordion-index=\"7\" tabindex=\"-1\" aria-expanded=\"false\" aria-controls=\"e-n-accordion-item-2506\" >\n\t\t\t\t\t<span class='e-n-accordion-item-title-header'><div class=\"e-n-accordion-item-title-text\"> Prof. Me. Renato Luiz de Carvalho <\/div><\/span>\n\t\t\t\t\t\t\t<span class='e-n-accordion-item-title-icon'>\n\t\t\t<span class='e-opened' ><svg aria-hidden=\"true\" class=\"e-font-icon-svg e-fas-minus\" viewBox=\"0 0 448 512\" xmlns=\"http:\/\/www.w3.org\/2000\/svg\"><path d=\"M416 208H32c-17.67 0-32 14.33-32 32v32c0 17.67 14.33 32 32 32h384c17.67 0 32-14.33 32-32v-32c0-17.67-14.33-32-32-32z\"><\/path><\/svg><\/span>\n\t\t\t<span class='e-closed'><svg aria-hidden=\"true\" class=\"e-font-icon-svg e-fas-plus\" viewBox=\"0 0 448 512\" xmlns=\"http:\/\/www.w3.org\/2000\/svg\"><path d=\"M416 208H272V64c0-17.67-14.33-32-32-32h-32c-17.67 0-32 14.33-32 32v144H32c-17.67 0-32 14.33-32 32v32c0 17.67 14.33 32 32 32h144v144c0 17.67 14.33 32 32 32h32c17.67 0 32-14.33 32-32V304h144c17.67 0 32-14.33 32-32v-32c0-17.67-14.33-32-32-32z\"><\/path><\/svg><\/span>\n\t\t<\/span>\n\n\t\t\t\t\t\t<\/summary>\n\t\t\t\t<div role=\"region\" aria-labelledby=\"e-n-accordion-item-2506\" class=\"elementor-element elementor-element-5bc5093 e-flex e-con-boxed e-con e-child\" data-id=\"5bc5093\" data-element_type=\"container\" data-e-type=\"container\">\n\t\t\t\t\t<div class=\"e-con-inner\">\n\t\t<div role=\"region\" aria-labelledby=\"e-n-accordion-item-2506\" class=\"elementor-element elementor-element-4eefbfb e-grid e-con-full e-con e-child\" data-id=\"4eefbfb\" data-element_type=\"container\" data-e-type=\"container\">\n\t\t\t\t<div class=\"elementor-element elementor-element-b2c63c7 elementor-widget elementor-widget-image\" data-id=\"b2c63c7\" data-element_type=\"widget\" data-e-type=\"widget\" data-widget_type=\"image.default\">\n\t\t\t\t<div class=\"elementor-widget-container\">\n\t\t\t\t\t\t\t\t\t\t\t\t\t\t\t<img loading=\"lazy\" decoding=\"async\" width=\"1200\" height=\"1200\" src=\"https:\/\/www2.unifap.br\/arquitetura\/files\/2026\/02\/1-1200x1200.jpg\" class=\"attachment-large size-large wp-image-10241\" alt=\"\" srcset=\"https:\/\/www2.unifap.br\/arquitetura\/files\/2026\/02\/1-1200x1200.jpg 1200w, https:\/\/www2.unifap.br\/arquitetura\/files\/2026\/02\/1-300x300.jpg 300w, https:\/\/www2.unifap.br\/arquitetura\/files\/2026\/02\/1-150x150.jpg 150w, https:\/\/www2.unifap.br\/arquitetura\/files\/2026\/02\/1-768x768.jpg 768w, https:\/\/www2.unifap.br\/arquitetura\/files\/2026\/02\/1-1536x1536.jpg 1536w, https:\/\/www2.unifap.br\/arquitetura\/files\/2026\/02\/1.jpg 1620w\" sizes=\"(max-width: 1200px) 100vw, 1200px\" \/>\t\t\t\t\t\t\t\t\t\t\t\t\t\t\t<\/div>\n\t\t\t\t<\/div>\n\t\t\t\t<div class=\"elementor-element elementor-element-d6201c5 elementor-widget elementor-widget-text-editor\" data-id=\"d6201c5\" data-element_type=\"widget\" data-e-type=\"widget\" data-widget_type=\"text-editor.default\">\n\t\t\t\t<div class=\"elementor-widget-container\">\n\t\t\t\t\t\t\t\t\t<p style=\"text-align: justify\"><strong>Curr\u00edculo resumido:<\/strong><\/p><p>Doutorando e Mestre em Meio Ambiente e Desenvolvimento Regional pela Universidade Anhanguera UNIDERP, especialista em Cidades Inteligentes: Tecnologia e Inova\u00e7\u00e3o pela Universidade Pit\u00e1goras Unopar Anhanguera, especialista em Designer de Interiores pela Universidade Pit\u00e1goras Unopar Anhanguera, especialista em Gest\u00e3o e Doc\u00eancia do Ensino Superior pela Faculdade de Teologia e Ci\u00eancias Humanas &#8211; FATECH (2015),Licenciado em Artes Visuais pelo Centro Universit\u00e1rio Cidade Verde-UNICV (2025), possui Gradua\u00e7\u00e3o em Arquitetura e Urbanismo pelo Centro de Ensino Superior do Amap\u00e1 &#8211; CEAP (2015). Tem experi\u00eancia na \u00e1rea de Arquitetura e Urbanismo, com \u00eanfase na elabora\u00e7\u00e3o, acompanhamento e execu\u00e7\u00e3o de projetos residenciais, comerciais e urban\u00edsticos. Dedica-se a \u00e1rea de estudo de Perspectiva de g\u00eanero no planejamento urbano. Atuou como Docente nos cursos T\u00e9cnico em Edifica\u00e7\u00f5es, T\u00e9cnico e Seguran\u00e7a no Trabalho e T\u00e9cnico em Eletrot\u00e9cnica. Atua na \u00e1rea de eventos e arquitetura de interiores, cenografia e produtor art\u00edstico. Atualmente comp\u00f5e o colegiado como Docente do curso de Arquitetura e Urbanismo da Faculdade Anhanguera de Macap\u00e1-AP e professor substituto da Universidade Federal do Amap\u00e1 &#8211; UNIFAP, e da Universidade Estadual do Amap\u00e1 &#8211; UEAP.<\/p>\t\t\t\t\t\t\t\t<\/div>\n\t\t\t\t<\/div>\n\t\t<div role=\"region\" aria-labelledby=\"e-n-accordion-item-2506\" class=\"elementor-element elementor-element-038c7ac e-grid e-con-full e-con e-child\" data-id=\"038c7ac\" data-element_type=\"container\" data-e-type=\"container\">\n\t\t\t\t<div class=\"elementor-element elementor-element-5af7191 elementor-widget elementor-widget-text-editor\" data-id=\"5af7191\" data-element_type=\"widget\" data-e-type=\"widget\" data-widget_type=\"text-editor.default\">\n\t\t\t\t<div class=\"elementor-widget-container\">\n\t\t\t\t\t\t\t\t\t<p><img decoding=\"async\" class=\"alignnone wp-image-10133 \" src=\"http:\/\/www2.unifap.br\/arquitetura\/files\/2025\/10\/envelope-e1759960038683-150x150.jpg\" alt=\"\" width=\"25\" height=\"25\" srcset=\"https:\/\/www2.unifap.br\/arquitetura\/files\/2025\/10\/envelope-e1759960038683-150x150.jpg 150w, https:\/\/www2.unifap.br\/arquitetura\/files\/2025\/10\/envelope-e1759960038683-300x287.jpg 300w, https:\/\/www2.unifap.br\/arquitetura\/files\/2025\/10\/envelope-e1759960038683-1200x1148.jpg 1200w, https:\/\/www2.unifap.br\/arquitetura\/files\/2025\/10\/envelope-e1759960038683-768x735.jpg 768w, https:\/\/www2.unifap.br\/arquitetura\/files\/2025\/10\/envelope-e1759960038683.jpg 1286w\" sizes=\"(max-width: 25px) 100vw, 25px\" \/> <a href=\"mailto:renatocarvalho@unifap.br\">renatocarvalho@unifap.br <\/a><\/p><p><a href=\"https:\/\/sigaa.unifap.br\/sigaa\/public\/docente\/portal.jsf?siape=1015553\"><img decoding=\"async\" class=\"alignnone wp-image-6543\" src=\"http:\/\/www2.unifap.br\/arquitetura\/files\/2024\/02\/sigaa-300x83.png\" alt=\"\" width=\"91\" height=\"25\" srcset=\"https:\/\/www2.unifap.br\/arquitetura\/files\/2024\/02\/sigaa-300x83.png 300w, https:\/\/www2.unifap.br\/arquitetura\/files\/2024\/02\/sigaa-768x213.png 768w, https:\/\/www2.unifap.br\/arquitetura\/files\/2024\/02\/sigaa.png 1080w\" sizes=\"(max-width: 91px) 100vw, 91px\" \/> P\u00e1gina P\u00fablica<\/a><\/p><p><a href=\"http:\/\/lattes.cnpq.br\/6190653830497089\"><img loading=\"lazy\" decoding=\"async\" class=\"alignnone wp-image-6542 \" src=\"http:\/\/www2.unifap.br\/arquitetura\/files\/2024\/02\/lattesp-e1759959733714-300x135.png\" alt=\"\" width=\"91\" height=\"41\" srcset=\"https:\/\/www2.unifap.br\/arquitetura\/files\/2024\/02\/lattesp-e1759959733714-300x135.png 300w, https:\/\/www2.unifap.br\/arquitetura\/files\/2024\/02\/lattesp-e1759959733714.png 666w\" sizes=\"(max-width: 91px) 100vw, 91px\" \/> Curr\u00edculo Lattes<\/a><\/p>\t\t\t\t\t\t\t\t<\/div>\n\t\t\t\t<\/div>\n\t\t\t\t<\/div>\n\t\t\t\t<\/div>\n\t\t\t\t\t<\/div>\n\t\t\t\t<\/div>\n\t\t\t\t\t<\/details>\n\t\t\t\t\t\t<details id=\"e-n-accordion-item-2507\" class=\"e-n-accordion-item\" >\n\t\t\t\t<summary class=\"e-n-accordion-item-title\" data-accordion-index=\"8\" tabindex=\"-1\" aria-expanded=\"false\" aria-controls=\"e-n-accordion-item-2507\" >\n\t\t\t\t\t<span class='e-n-accordion-item-title-header'><div class=\"e-n-accordion-item-title-text\"> Prof. Me. Kelvin de Almeida Sacramento <\/div><\/span>\n\t\t\t\t\t\t\t<span class='e-n-accordion-item-title-icon'>\n\t\t\t<span class='e-opened' ><svg aria-hidden=\"true\" class=\"e-font-icon-svg e-fas-minus\" viewBox=\"0 0 448 512\" xmlns=\"http:\/\/www.w3.org\/2000\/svg\"><path d=\"M416 208H32c-17.67 0-32 14.33-32 32v32c0 17.67 14.33 32 32 32h384c17.67 0 32-14.33 32-32v-32c0-17.67-14.33-32-32-32z\"><\/path><\/svg><\/span>\n\t\t\t<span class='e-closed'><svg aria-hidden=\"true\" class=\"e-font-icon-svg e-fas-plus\" viewBox=\"0 0 448 512\" xmlns=\"http:\/\/www.w3.org\/2000\/svg\"><path d=\"M416 208H272V64c0-17.67-14.33-32-32-32h-32c-17.67 0-32 14.33-32 32v144H32c-17.67 0-32 14.33-32 32v32c0 17.67 14.33 32 32 32h144v144c0 17.67 14.33 32 32 32h32c17.67 0 32-14.33 32-32V304h144c17.67 0 32-14.33 32-32v-32c0-17.67-14.33-32-32-32z\"><\/path><\/svg><\/span>\n\t\t<\/span>\n\n\t\t\t\t\t\t<\/summary>\n\t\t\t\t<div role=\"region\" aria-labelledby=\"e-n-accordion-item-2507\" class=\"elementor-element elementor-element-2c6e6af e-flex e-con-boxed e-con e-child\" data-id=\"2c6e6af\" data-element_type=\"container\" data-e-type=\"container\">\n\t\t\t\t\t<div class=\"e-con-inner\">\n\t\t<div role=\"region\" aria-labelledby=\"e-n-accordion-item-2507\" class=\"elementor-element elementor-element-dd1e81a e-grid e-con-full e-con e-child\" data-id=\"dd1e81a\" data-element_type=\"container\" data-e-type=\"container\">\n\t\t\t\t<div class=\"elementor-element elementor-element-2180751 elementor-widget elementor-widget-image\" data-id=\"2180751\" data-element_type=\"widget\" data-e-type=\"widget\" data-widget_type=\"image.default\">\n\t\t\t\t<div class=\"elementor-widget-container\">\n\t\t\t\t\t\t\t\t\t\t\t\t\t\t\t<img loading=\"lazy\" decoding=\"async\" width=\"1200\" height=\"1200\" src=\"https:\/\/www2.unifap.br\/arquitetura\/files\/2025\/10\/Kelvin-1200x1200.jpg\" class=\"attachment-large size-large wp-image-10143\" alt=\"\" srcset=\"https:\/\/www2.unifap.br\/arquitetura\/files\/2025\/10\/Kelvin-1200x1200.jpg 1200w, https:\/\/www2.unifap.br\/arquitetura\/files\/2025\/10\/Kelvin-300x300.jpg 300w, https:\/\/www2.unifap.br\/arquitetura\/files\/2025\/10\/Kelvin-150x150.jpg 150w, https:\/\/www2.unifap.br\/arquitetura\/files\/2025\/10\/Kelvin-768x768.jpg 768w, https:\/\/www2.unifap.br\/arquitetura\/files\/2025\/10\/Kelvin-1536x1536.jpg 1536w, https:\/\/www2.unifap.br\/arquitetura\/files\/2025\/10\/Kelvin.jpg 1620w\" sizes=\"(max-width: 1200px) 100vw, 1200px\" \/>\t\t\t\t\t\t\t\t\t\t\t\t\t\t\t<\/div>\n\t\t\t\t<\/div>\n\t\t\t\t<div class=\"elementor-element elementor-element-ee2e7b5 elementor-widget elementor-widget-text-editor\" data-id=\"ee2e7b5\" data-element_type=\"widget\" data-e-type=\"widget\" data-widget_type=\"text-editor.default\">\n\t\t\t\t<div class=\"elementor-widget-container\">\n\t\t\t\t\t\t\t\t\t<p style=\"text-align: justify\"><strong>Curr\u00edculo resumido:<\/strong><\/p><p style=\"text-align: justify\">Mestre em Sustentabilidade (2022) pelo Centro de Desenvolvimento Sustent\u00e1vel da Universidade de Bras\u00edlia (CDS-UnB). Especialista em Reabilita\u00e7\u00e3o Sustent\u00e1vel Arquitet\u00f4nica e Urban\u00edstica (2018) pela Faculdade de Arquitetura e Urbanismo da Universidade de Bras\u00edlia (FAU-UnB) Bacharel em Arquitetura e Urbanismo (2016) pela Universidade Federal do Amap\u00e1 (UNIFAP). Graduado em Design de Produto (2024) pela UNIFATECIE. Tem experi\u00eancia em doc\u00eancia no Magist\u00e9rio superior, atuando no ensino nas \u00e1reas de Arquitetura e Urbanismo, Engenharia Civil e Design de Interiores. Tem interesse e atua na pesquisa e extens\u00e3o em temas como: projeto de arquitetura; sustentabilidade urbana e ambiental; riscos e vulnerabilidades socioambientais; desenho t\u00e9cnico e express\u00e3o gr\u00e1fica. Atualmente \u00e9 Professor Substituto no curso de Arquitetura e Urbanismo na Universidade Federal do Amap\u00e1 (UNIFAP)<\/p>\t\t\t\t\t\t\t\t<\/div>\n\t\t\t\t<\/div>\n\t\t<div role=\"region\" aria-labelledby=\"e-n-accordion-item-2507\" class=\"elementor-element elementor-element-1be057a e-grid e-con-full e-con e-child\" data-id=\"1be057a\" data-element_type=\"container\" data-e-type=\"container\">\n\t\t\t\t<div class=\"elementor-element elementor-element-71f0658 elementor-widget elementor-widget-text-editor\" data-id=\"71f0658\" data-element_type=\"widget\" data-e-type=\"widget\" data-widget_type=\"text-editor.default\">\n\t\t\t\t<div class=\"elementor-widget-container\">\n\t\t\t\t\t\t\t\t\t<p><img decoding=\"async\" class=\"alignnone wp-image-10133 \" src=\"http:\/\/www2.unifap.br\/arquitetura\/files\/2025\/10\/envelope-e1759960038683-150x150.jpg\" alt=\"\" width=\"25\" height=\"25\" srcset=\"https:\/\/www2.unifap.br\/arquitetura\/files\/2025\/10\/envelope-e1759960038683-150x150.jpg 150w, https:\/\/www2.unifap.br\/arquitetura\/files\/2025\/10\/envelope-e1759960038683-300x287.jpg 300w, https:\/\/www2.unifap.br\/arquitetura\/files\/2025\/10\/envelope-e1759960038683-1200x1148.jpg 1200w, https:\/\/www2.unifap.br\/arquitetura\/files\/2025\/10\/envelope-e1759960038683-768x735.jpg 768w, https:\/\/www2.unifap.br\/arquitetura\/files\/2025\/10\/envelope-e1759960038683.jpg 1286w\" sizes=\"(max-width: 25px) 100vw, 25px\" \/> <a href=\"mailto:kelvin.almeida@unifap.br\">kelvin.almeida@unifap.br<\/a><\/p><p><a href=\"https:\/\/sigaa.unifap.br\/sigaa\/public\/docente\/portal.jsf?siape=3474740\"><img decoding=\"async\" class=\"alignnone wp-image-6543\" src=\"http:\/\/www2.unifap.br\/arquitetura\/files\/2024\/02\/sigaa-300x83.png\" alt=\"\" width=\"91\" height=\"25\" srcset=\"https:\/\/www2.unifap.br\/arquitetura\/files\/2024\/02\/sigaa-300x83.png 300w, https:\/\/www2.unifap.br\/arquitetura\/files\/2024\/02\/sigaa-768x213.png 768w, https:\/\/www2.unifap.br\/arquitetura\/files\/2024\/02\/sigaa.png 1080w\" sizes=\"(max-width: 91px) 100vw, 91px\" \/> P\u00e1gina P\u00fablica<\/a><\/p><p><a href=\"http:\/\/lattes.cnpq.br\/0071281245853356\"><img loading=\"lazy\" decoding=\"async\" class=\"alignnone wp-image-6542 \" src=\"http:\/\/www2.unifap.br\/arquitetura\/files\/2024\/02\/lattesp-e1759959733714-300x135.png\" alt=\"\" width=\"91\" height=\"41\" srcset=\"https:\/\/www2.unifap.br\/arquitetura\/files\/2024\/02\/lattesp-e1759959733714-300x135.png 300w, https:\/\/www2.unifap.br\/arquitetura\/files\/2024\/02\/lattesp-e1759959733714.png 666w\" sizes=\"(max-width: 91px) 100vw, 91px\" \/> Curr\u00edculo Lattes<\/a><\/p>\t\t\t\t\t\t\t\t<\/div>\n\t\t\t\t<\/div>\n\t\t\t\t<\/div>\n\t\t\t\t<\/div>\n\t\t\t\t\t<\/div>\n\t\t\t\t<\/div>\n\t\t\t\t\t<\/details>\n\t\t\t\t\t\t<details id=\"e-n-accordion-item-2508\" class=\"e-n-accordion-item\" >\n\t\t\t\t<summary class=\"e-n-accordion-item-title\" data-accordion-index=\"9\" tabindex=\"-1\" aria-expanded=\"false\" aria-controls=\"e-n-accordion-item-2508\" >\n\t\t\t\t\t<span class='e-n-accordion-item-title-header'><div class=\"e-n-accordion-item-title-text\"> Profa. Ma. Su\u00e9llen Concei\u00e7\u00e3o de Oliveira da Silva Sanches <\/div><\/span>\n\t\t\t\t\t\t\t<span class='e-n-accordion-item-title-icon'>\n\t\t\t<span class='e-opened' ><svg aria-hidden=\"true\" class=\"e-font-icon-svg e-fas-minus\" viewBox=\"0 0 448 512\" xmlns=\"http:\/\/www.w3.org\/2000\/svg\"><path d=\"M416 208H32c-17.67 0-32 14.33-32 32v32c0 17.67 14.33 32 32 32h384c17.67 0 32-14.33 32-32v-32c0-17.67-14.33-32-32-32z\"><\/path><\/svg><\/span>\n\t\t\t<span class='e-closed'><svg aria-hidden=\"true\" class=\"e-font-icon-svg e-fas-plus\" viewBox=\"0 0 448 512\" xmlns=\"http:\/\/www.w3.org\/2000\/svg\"><path d=\"M416 208H272V64c0-17.67-14.33-32-32-32h-32c-17.67 0-32 14.33-32 32v144H32c-17.67 0-32 14.33-32 32v32c0 17.67 14.33 32 32 32h144v144c0 17.67 14.33 32 32 32h32c17.67 0 32-14.33 32-32V304h144c17.67 0 32-14.33 32-32v-32c0-17.67-14.33-32-32-32z\"><\/path><\/svg><\/span>\n\t\t<\/span>\n\n\t\t\t\t\t\t<\/summary>\n\t\t\t\t<div role=\"region\" aria-labelledby=\"e-n-accordion-item-2508\" class=\"elementor-element elementor-element-db7f252 e-flex e-con-boxed e-con e-child\" data-id=\"db7f252\" data-element_type=\"container\" data-e-type=\"container\">\n\t\t\t\t\t<div class=\"e-con-inner\">\n\t\t<div role=\"region\" aria-labelledby=\"e-n-accordion-item-2508\" class=\"elementor-element elementor-element-8b1d626 e-grid e-con-full e-con e-child\" data-id=\"8b1d626\" data-element_type=\"container\" data-e-type=\"container\">\n\t\t\t\t<div class=\"elementor-element elementor-element-cd493e5 elementor-widget elementor-widget-image\" data-id=\"cd493e5\" data-element_type=\"widget\" data-e-type=\"widget\" data-widget_type=\"image.default\">\n\t\t\t\t<div class=\"elementor-widget-container\">\n\t\t\t\t\t\t\t\t\t\t\t\t\t\t\t<img loading=\"lazy\" decoding=\"async\" width=\"1200\" height=\"1200\" src=\"https:\/\/www2.unifap.br\/arquitetura\/files\/2025\/10\/Suellen-1200x1200.jpg\" class=\"attachment-large size-large wp-image-10144\" alt=\"\" srcset=\"https:\/\/www2.unifap.br\/arquitetura\/files\/2025\/10\/Suellen-1200x1200.jpg 1200w, https:\/\/www2.unifap.br\/arquitetura\/files\/2025\/10\/Suellen-300x300.jpg 300w, https:\/\/www2.unifap.br\/arquitetura\/files\/2025\/10\/Suellen-150x150.jpg 150w, https:\/\/www2.unifap.br\/arquitetura\/files\/2025\/10\/Suellen-768x768.jpg 768w, https:\/\/www2.unifap.br\/arquitetura\/files\/2025\/10\/Suellen-1536x1536.jpg 1536w, https:\/\/www2.unifap.br\/arquitetura\/files\/2025\/10\/Suellen.jpg 1620w\" sizes=\"(max-width: 1200px) 100vw, 1200px\" \/>\t\t\t\t\t\t\t\t\t\t\t\t\t\t\t<\/div>\n\t\t\t\t<\/div>\n\t\t\t\t<div class=\"elementor-element elementor-element-4cd9181 elementor-widget elementor-widget-text-editor\" data-id=\"4cd9181\" data-element_type=\"widget\" data-e-type=\"widget\" data-widget_type=\"text-editor.default\">\n\t\t\t\t<div class=\"elementor-widget-container\">\n\t\t\t\t\t\t\t\t\t<p style=\"text-align: justify\"><strong>Curr\u00edculo resumido:<\/strong><\/p><p style=\"text-align: justify\">Bacharel em Arquitetura e Urbanismo (UNIFAP), mestre e, Desenvolvimento Regional (UNIFAP). Tem experi\u00eancia na \u00e1rea de Arquitetura e Urbanismo, com \u00eanfase em arquitetura de interiores, paisagismo e projetos arquitet\u00f4nicos. Possui especializa\u00e7\u00e3o em Engenharia de Seguran\u00e7a do Trabalho. Trabalha com Consultoria em Seguran\u00e7a Contra Inc\u00eandio e P\u00e2nico e na Elabora\u00e7\u00e3o e devida Aprova\u00e7\u00e3o de Projetos e Sistemas de Seguran\u00e7a Contra Inc\u00eandio e P\u00e2nico. Especialista em Arquitetura da Paisagem pela Universidade Rural da Amaz\u00f4nia &#8211; UFRA. Com experi\u00eancias em pesquisas com tem\u00e1ticas voltadas para planejamento urbano e regional, desenvolvimento e planejamento socioecon\u00f4mico, assentamentos prec\u00e1rios, \u00e1reas \u00famidas, habita\u00e7\u00f5es de interesse social, planos diretores e arquitetura da paisagem. Professora Universit\u00e1ria, atua principalmente nas tem\u00e1ticas: inform\u00e1tica aplicada \u00e0 arquitetura e engenharia, projeto arquitet\u00f4nico e de urbanismo, arquitetura de interiores, projeto de paisagismo, planejamento urbano e regional. Atuou como professora do curso de Arquitetura e Urbanismo, dos cursos de Engenharia Civil, Engenharia El\u00e9trica, Engenharia Mec\u00e2nica e Engenharia Ambiental na Universidade Kroton na Unidade Fama Macap\u00e1. Atualmente atua como professora substituta no Curso de Arquitetura e Urbanismo da Universidade Federal do Amap\u00e1 &#8211; UNIFAP e profissional liberal.<\/p>\t\t\t\t\t\t\t\t<\/div>\n\t\t\t\t<\/div>\n\t\t<div role=\"region\" aria-labelledby=\"e-n-accordion-item-2508\" class=\"elementor-element elementor-element-67939fc e-grid e-con-full e-con e-child\" data-id=\"67939fc\" data-element_type=\"container\" data-e-type=\"container\">\n\t\t\t\t<div class=\"elementor-element elementor-element-66a2269 elementor-widget elementor-widget-text-editor\" data-id=\"66a2269\" data-element_type=\"widget\" data-e-type=\"widget\" data-widget_type=\"text-editor.default\">\n\t\t\t\t<div class=\"elementor-widget-container\">\n\t\t\t\t\t\t\t\t\t<p><img decoding=\"async\" class=\"alignnone wp-image-10133 \" src=\"http:\/\/www2.unifap.br\/arquitetura\/files\/2025\/10\/envelope-e1759960038683-150x150.jpg\" alt=\"\" width=\"25\" height=\"25\" srcset=\"https:\/\/www2.unifap.br\/arquitetura\/files\/2025\/10\/envelope-e1759960038683-150x150.jpg 150w, https:\/\/www2.unifap.br\/arquitetura\/files\/2025\/10\/envelope-e1759960038683-300x287.jpg 300w, https:\/\/www2.unifap.br\/arquitetura\/files\/2025\/10\/envelope-e1759960038683-1200x1148.jpg 1200w, https:\/\/www2.unifap.br\/arquitetura\/files\/2025\/10\/envelope-e1759960038683-768x735.jpg 768w, https:\/\/www2.unifap.br\/arquitetura\/files\/2025\/10\/envelope-e1759960038683.jpg 1286w\" sizes=\"(max-width: 25px) 100vw, 25px\" \/> <a href=\"mailto:suellenc@unifap.br\">suellenc@unifap.br<\/a><\/p><p><a href=\"https:\/\/sigaa.unifap.br\/sigaa\/public\/docente\/portal.jsf?siape=2496118\"><img decoding=\"async\" class=\"alignnone wp-image-6543\" src=\"http:\/\/www2.unifap.br\/arquitetura\/files\/2024\/02\/sigaa-300x83.png\" alt=\"\" width=\"91\" height=\"25\" srcset=\"https:\/\/www2.unifap.br\/arquitetura\/files\/2024\/02\/sigaa-300x83.png 300w, https:\/\/www2.unifap.br\/arquitetura\/files\/2024\/02\/sigaa-768x213.png 768w, https:\/\/www2.unifap.br\/arquitetura\/files\/2024\/02\/sigaa.png 1080w\" sizes=\"(max-width: 91px) 100vw, 91px\" \/> P\u00e1gina P\u00fablica<\/a><\/p><p><a href=\"http:\/\/lattes.cnpq.br\/8976641978933107\"><img loading=\"lazy\" decoding=\"async\" class=\"alignnone wp-image-6542 \" src=\"http:\/\/www2.unifap.br\/arquitetura\/files\/2024\/02\/lattesp-e1759959733714-300x135.png\" alt=\"\" width=\"91\" height=\"41\" srcset=\"https:\/\/www2.unifap.br\/arquitetura\/files\/2024\/02\/lattesp-e1759959733714-300x135.png 300w, https:\/\/www2.unifap.br\/arquitetura\/files\/2024\/02\/lattesp-e1759959733714.png 666w\" sizes=\"(max-width: 91px) 100vw, 91px\" \/> Curr\u00edculo Lattes<\/a><\/p>\t\t\t\t\t\t\t\t<\/div>\n\t\t\t\t<\/div>\n\t\t\t\t<\/div>\n\t\t\t\t<\/div>\n\t\t\t\t\t<\/div>\n\t\t\t\t<\/div>\n\t\t\t\t\t<\/details>\n\t\t\t\t\t\t<details id=\"e-n-accordion-item-2509\" class=\"e-n-accordion-item\" >\n\t\t\t\t<summary class=\"e-n-accordion-item-title\" data-accordion-index=\"10\" tabindex=\"-1\" aria-expanded=\"false\" aria-controls=\"e-n-accordion-item-2509\" >\n\t\t\t\t\t<span class='e-n-accordion-item-title-header'><div class=\"e-n-accordion-item-title-text\"> Prof. Me. Tiago Vieira Pereira <\/div><\/span>\n\t\t\t\t\t\t\t<span class='e-n-accordion-item-title-icon'>\n\t\t\t<span class='e-opened' ><svg aria-hidden=\"true\" class=\"e-font-icon-svg e-fas-minus\" viewBox=\"0 0 448 512\" xmlns=\"http:\/\/www.w3.org\/2000\/svg\"><path d=\"M416 208H32c-17.67 0-32 14.33-32 32v32c0 17.67 14.33 32 32 32h384c17.67 0 32-14.33 32-32v-32c0-17.67-14.33-32-32-32z\"><\/path><\/svg><\/span>\n\t\t\t<span class='e-closed'><svg aria-hidden=\"true\" class=\"e-font-icon-svg e-fas-plus\" viewBox=\"0 0 448 512\" xmlns=\"http:\/\/www.w3.org\/2000\/svg\"><path d=\"M416 208H272V64c0-17.67-14.33-32-32-32h-32c-17.67 0-32 14.33-32 32v144H32c-17.67 0-32 14.33-32 32v32c0 17.67 14.33 32 32 32h144v144c0 17.67 14.33 32 32 32h32c17.67 0 32-14.33 32-32V304h144c17.67 0 32-14.33 32-32v-32c0-17.67-14.33-32-32-32z\"><\/path><\/svg><\/span>\n\t\t<\/span>\n\n\t\t\t\t\t\t<\/summary>\n\t\t\t\t<div role=\"region\" aria-labelledby=\"e-n-accordion-item-2509\" class=\"elementor-element elementor-element-1d00e2d e-flex e-con-boxed e-con e-child\" data-id=\"1d00e2d\" data-element_type=\"container\" data-e-type=\"container\">\n\t\t\t\t\t<div class=\"e-con-inner\">\n\t\t<div role=\"region\" aria-labelledby=\"e-n-accordion-item-2509\" class=\"elementor-element elementor-element-ccf7bf9 e-grid e-con-full e-con e-child\" data-id=\"ccf7bf9\" data-element_type=\"container\" data-e-type=\"container\">\n\t\t\t\t<div class=\"elementor-element elementor-element-e76ba46 elementor-widget elementor-widget-image\" data-id=\"e76ba46\" data-element_type=\"widget\" data-e-type=\"widget\" data-widget_type=\"image.default\">\n\t\t\t\t<div class=\"elementor-widget-container\">\n\t\t\t\t\t\t\t\t\t\t\t\t\t\t\t<img loading=\"lazy\" decoding=\"async\" width=\"500\" height=\"500\" src=\"https:\/\/www2.unifap.br\/arquitetura\/files\/2024\/02\/p7.png\" class=\"attachment-large size-large wp-image-7158\" alt=\"\" srcset=\"https:\/\/www2.unifap.br\/arquitetura\/files\/2024\/02\/p7.png 500w, https:\/\/www2.unifap.br\/arquitetura\/files\/2024\/02\/p7-300x300.png 300w, https:\/\/www2.unifap.br\/arquitetura\/files\/2024\/02\/p7-150x150.png 150w\" sizes=\"(max-width: 500px) 100vw, 500px\" \/>\t\t\t\t\t\t\t\t\t\t\t\t\t\t\t<\/div>\n\t\t\t\t<\/div>\n\t\t\t\t<div class=\"elementor-element elementor-element-ec1af18 elementor-widget elementor-widget-text-editor\" data-id=\"ec1af18\" data-element_type=\"widget\" data-e-type=\"widget\" data-widget_type=\"text-editor.default\">\n\t\t\t\t<div class=\"elementor-widget-container\">\n\t\t\t\t\t\t\t\t\t<p><strong>Curr\u00edculo resumido:<\/strong><\/p><p>Mestre em Arquitetura e Urbanismo no programa de p\u00f3s gradua\u00e7\u00e3o (P\u00f3sArq) da UFSC, com foco no conforto ambiental e qualidade do ar em edifica\u00e7\u00f5es. Bacharel em Arquitetura e Urbanismo \u2013 UNIFAP (2018), especialista em Conforto Ambiental e Sustentabilidade no Espa\u00e7o Constru\u00eddo \u2013 UFPA (2019). Tem experi\u00eancia em projetos, consultorias e treinamentos nas \u00e1reas de efici\u00eancia energ\u00e9tica, desempenho, conforto e bioclimatismo. Arquiteto associado da empresa Quali-A Conforto Ambiental e Efici\u00eancia Energ\u00e9tica \u2013 Gerente T\u00e9cnico Substituto e Inspetor da Envolt\u00f3ria e Ilumina\u00e7\u00e3o. Membro do Laborat\u00f3rio de Conforto Ambiental\/ARQ (LabCon-UFSC) e do Grupo de pesquisa em Simula\u00e7\u00e3o Computacional no Ambiente Constru\u00eddo (SICAC) vinculado ao Programa de P\u00f3s-Gradua\u00e7\u00e3o da Faculdade de Arquitetura e Urbanismo da Universidade de Bras\u00edlia<\/p>\t\t\t\t\t\t\t\t<\/div>\n\t\t\t\t<\/div>\n\t\t<div role=\"region\" aria-labelledby=\"e-n-accordion-item-2509\" class=\"elementor-element elementor-element-2621785 e-grid e-con-full e-con e-child\" data-id=\"2621785\" data-element_type=\"container\" data-e-type=\"container\">\n\t\t\t\t<div class=\"elementor-element elementor-element-ca9ee40 elementor-widget elementor-widget-text-editor\" data-id=\"ca9ee40\" data-element_type=\"widget\" data-e-type=\"widget\" data-widget_type=\"text-editor.default\">\n\t\t\t\t<div class=\"elementor-widget-container\">\n\t\t\t\t\t\t\t\t\t<p><img decoding=\"async\" class=\"alignnone wp-image-10133 \" src=\"http:\/\/www2.unifap.br\/arquitetura\/files\/2025\/10\/envelope-e1759960038683-150x150.jpg\" alt=\"\" width=\"25\" height=\"25\" srcset=\"https:\/\/www2.unifap.br\/arquitetura\/files\/2025\/10\/envelope-e1759960038683-150x150.jpg 150w, https:\/\/www2.unifap.br\/arquitetura\/files\/2025\/10\/envelope-e1759960038683-300x287.jpg 300w, https:\/\/www2.unifap.br\/arquitetura\/files\/2025\/10\/envelope-e1759960038683-1200x1148.jpg 1200w, https:\/\/www2.unifap.br\/arquitetura\/files\/2025\/10\/envelope-e1759960038683-768x735.jpg 768w, https:\/\/www2.unifap.br\/arquitetura\/files\/2025\/10\/envelope-e1759960038683.jpg 1286w\" sizes=\"(max-width: 25px) 100vw, 25px\" \/> <a href=\"mailto:tiago.pereira@unifap.br\">tiago.pereira@unifap.br<\/a><\/p><p><a href=\"https:\/\/sigaa.unifap.br\/sigaa\/public\/docente\/portal.jsf?siape=2451912\"><img decoding=\"async\" class=\"alignnone wp-image-6543\" src=\"http:\/\/www2.unifap.br\/arquitetura\/files\/2024\/02\/sigaa-300x83.png\" alt=\"\" width=\"91\" height=\"25\" srcset=\"https:\/\/www2.unifap.br\/arquitetura\/files\/2024\/02\/sigaa-300x83.png 300w, https:\/\/www2.unifap.br\/arquitetura\/files\/2024\/02\/sigaa-768x213.png 768w, https:\/\/www2.unifap.br\/arquitetura\/files\/2024\/02\/sigaa.png 1080w\" sizes=\"(max-width: 91px) 100vw, 91px\" \/> P\u00e1gina P\u00fablica<\/a><\/p><p><a href=\"http:\/\/lattes.cnpq.br\/7126112383623342\"><img loading=\"lazy\" decoding=\"async\" class=\"alignnone wp-image-6542 \" src=\"http:\/\/www2.unifap.br\/arquitetura\/files\/2024\/02\/lattesp-e1759959733714-300x135.png\" alt=\"\" width=\"91\" height=\"41\" srcset=\"https:\/\/www2.unifap.br\/arquitetura\/files\/2024\/02\/lattesp-e1759959733714-300x135.png 300w, https:\/\/www2.unifap.br\/arquitetura\/files\/2024\/02\/lattesp-e1759959733714.png 666w\" sizes=\"(max-width: 91px) 100vw, 91px\" \/> Curr\u00edculo Lattes<\/a><\/p>\t\t\t\t\t\t\t\t<\/div>\n\t\t\t\t<\/div>\n\t\t\t\t<\/div>\n\t\t\t\t<div class=\"elementor-element elementor-element-1d3a9be elementor-widget elementor-widget-text-editor\" data-id=\"1d3a9be\" data-element_type=\"widget\" data-e-type=\"widget\" data-widget_type=\"text-editor.default\">\n\t\t\t\t<div class=\"elementor-widget-container\">\n\t\t\t\t\t\t\t\t\t<p><strong>Grupo de Pesquisa:<\/strong><\/p><p><a href=\"https:\/\/www2.unifap.br\/arquitetura\/grupos-de-pesquisa\/\">TRAMAz: N\u00facleo de Pesquisa do Espa\u00e7o Constru\u00eddo na Amaz\u00f4nia<\/a><\/p>\t\t\t\t\t\t\t\t<\/div>\n\t\t\t\t<\/div>\n\t\t\t\t<\/div>\n\t\t\t\t\t<\/div>\n\t\t\t\t<\/div>\n\t\t\t\t\t<\/details>\n\t\t\t\t\t<\/div>\n\t\t\t\t\t\t<\/div>\n\t\t\t\t<\/div>\n\t\t\t\t\t<\/div>\n\t\t\t\t<\/div>\n\t\t\t\t<section class=\"elementor-section elementor-top-section elementor-element elementor-element-c5e449e elementor-section-content-middle elementor-section-boxed elementor-section-height-default elementor-section-height-default\" data-id=\"c5e449e\" data-element_type=\"section\" data-e-type=\"section\" data-settings=\"{&quot;background_background&quot;:&quot;classic&quot;}\">\n\t\t\t\t\t\t\t<div class=\"elementor-background-overlay\"><\/div>\n\t\t\t\t\t\t\t<div class=\"elementor-container elementor-column-gap-no\">\n\t\t\t\t\t<div class=\"elementor-column elementor-col-100 elementor-top-column elementor-element elementor-element-ec58041\" data-id=\"ec58041\" data-element_type=\"column\" data-e-type=\"column\">\n\t\t\t<div class=\"elementor-widget-wrap elementor-element-populated\">\n\t\t\t\t\t\t<div class=\"elementor-element elementor-element-d8a3f7e elementor-widget elementor-widget-heading\" data-id=\"d8a3f7e\" data-element_type=\"widget\" data-e-type=\"widget\" data-widget_type=\"heading.default\">\n\t\t\t\t<div class=\"elementor-widget-container\">\n\t\t\t\t\t<h2 class=\"elementor-heading-title elementor-size-default\">Professores Efetivos em exerc\u00edcio provis\u00f3rio<\/h2>\t\t\t\t<\/div>\n\t\t\t\t<\/div>\n\t\t\t\t\t<\/div>\n\t\t<\/div>\n\t\t\t\t\t<\/div>\n\t\t<\/section>\n\t\t<div class=\"elementor-element elementor-element-646b3c3 e-flex e-con-boxed e-con e-parent\" data-id=\"646b3c3\" data-element_type=\"container\" data-e-type=\"container\">\n\t\t\t\t\t<div class=\"e-con-inner\">\n\t\t\t\t<div class=\"elementor-element elementor-element-159b85c elementor-widget elementor-widget-n-accordion\" data-id=\"159b85c\" data-element_type=\"widget\" data-e-type=\"widget\" data-settings=\"{&quot;default_state&quot;:&quot;all_collapsed&quot;,&quot;max_items_expended&quot;:&quot;one&quot;,&quot;n_accordion_animation_duration&quot;:{&quot;unit&quot;:&quot;ms&quot;,&quot;size&quot;:400,&quot;sizes&quot;:[]}}\" data-widget_type=\"nested-accordion.default\">\n\t\t\t\t<div class=\"elementor-widget-container\">\n\t\t\t\t\t\t\t<div class=\"e-n-accordion\" aria-label=\"Accordion. Open links with Enter or Space, close with Escape, and navigate with Arrow Keys\">\n\t\t\t\t\t\t<details id=\"e-n-accordion-item-2260\" class=\"e-n-accordion-item\" >\n\t\t\t\t<summary class=\"e-n-accordion-item-title\" data-accordion-index=\"1\" tabindex=\"0\" aria-expanded=\"false\" aria-controls=\"e-n-accordion-item-2260\" >\n\t\t\t\t\t<span class='e-n-accordion-item-title-header'><div class=\"e-n-accordion-item-title-text\"> Profa. Dra. Anna Rachel Baracho Eduardo Julianelli (UFRN) <\/div><\/span>\n\t\t\t\t\t\t\t<span class='e-n-accordion-item-title-icon'>\n\t\t\t<span class='e-opened' ><svg aria-hidden=\"true\" class=\"e-font-icon-svg e-fas-minus\" viewBox=\"0 0 448 512\" xmlns=\"http:\/\/www.w3.org\/2000\/svg\"><path d=\"M416 208H32c-17.67 0-32 14.33-32 32v32c0 17.67 14.33 32 32 32h384c17.67 0 32-14.33 32-32v-32c0-17.67-14.33-32-32-32z\"><\/path><\/svg><\/span>\n\t\t\t<span class='e-closed'><svg aria-hidden=\"true\" class=\"e-font-icon-svg e-fas-plus\" viewBox=\"0 0 448 512\" xmlns=\"http:\/\/www.w3.org\/2000\/svg\"><path d=\"M416 208H272V64c0-17.67-14.33-32-32-32h-32c-17.67 0-32 14.33-32 32v144H32c-17.67 0-32 14.33-32 32v32c0 17.67 14.33 32 32 32h144v144c0 17.67 14.33 32 32 32h32c17.67 0 32-14.33 32-32V304h144c17.67 0 32-14.33 32-32v-32c0-17.67-14.33-32-32-32z\"><\/path><\/svg><\/span>\n\t\t<\/span>\n\n\t\t\t\t\t\t<\/summary>\n\t\t\t\t<div role=\"region\" aria-labelledby=\"e-n-accordion-item-2260\" class=\"elementor-element elementor-element-6d52a83 e-con-full e-flex e-con e-child\" data-id=\"6d52a83\" data-element_type=\"container\" data-e-type=\"container\">\n\t\t<div role=\"region\" aria-labelledby=\"e-n-accordion-item-2260\" class=\"elementor-element elementor-element-0a6856e e-grid e-con-boxed e-con e-child\" data-id=\"0a6856e\" data-element_type=\"container\" data-e-type=\"container\">\n\t\t\t\t\t<div class=\"e-con-inner\">\n\t\t\t\t<div class=\"elementor-element elementor-element-f827f93 elementor-widget elementor-widget-image\" data-id=\"f827f93\" data-element_type=\"widget\" data-e-type=\"widget\" data-widget_type=\"image.default\">\n\t\t\t\t<div class=\"elementor-widget-container\">\n\t\t\t\t\t\t\t\t\t\t\t\t\t\t\t<img loading=\"lazy\" decoding=\"async\" width=\"500\" height=\"500\" src=\"https:\/\/www2.unifap.br\/arquitetura\/files\/2024\/02\/img-site-6.png\" class=\"attachment-large size-large wp-image-6870\" alt=\"\" srcset=\"https:\/\/www2.unifap.br\/arquitetura\/files\/2024\/02\/img-site-6.png 500w, https:\/\/www2.unifap.br\/arquitetura\/files\/2024\/02\/img-site-6-300x300.png 300w, https:\/\/www2.unifap.br\/arquitetura\/files\/2024\/02\/img-site-6-150x150.png 150w\" sizes=\"(max-width: 500px) 100vw, 500px\" \/>\t\t\t\t\t\t\t\t\t\t\t\t\t\t\t<\/div>\n\t\t\t\t<\/div>\n\t\t\t\t<div class=\"elementor-element elementor-element-dac76a5 elementor-widget elementor-widget-text-editor\" data-id=\"dac76a5\" data-element_type=\"widget\" data-e-type=\"widget\" data-widget_type=\"text-editor.default\">\n\t\t\t\t<div class=\"elementor-widget-container\">\n\t\t\t\t\t\t\t\t\t<p style=\"font-size: 16px;font-style: normal;font-weight: 400;text-align: justify\"><strong>Curr\u00edculo resumido:<\/strong><\/p><p style=\"text-align: justify\"><span style=\"font-weight: 400\">Arquiteta e Urbanista), mestre (PPGAU\/UFRN) e doutora em Arquitetura e Urbanismo (PPGAU\/UFF). <\/span><span style=\"font-weight: 400\">Tem experi\u00eancia t\u00e9cnica e acad\u00eamica na \u00e1rea de Arquitetura, Urbanismo e Paisagismo, atuando nas seguintes \u00e1reas: Interven\u00e7\u00f5es p\u00fablicas, Hist\u00f3ria urbana, Planejamento da Paisagem, Projeto Arquitet\u00f4nico, Urban\u00edstico e Paisag\u00edstico, Patrim\u00f4nio Cultural, Fotogrametria aplicada \u00e0 Arquitetura.<\/span><\/p>\t\t\t\t\t\t\t\t<\/div>\n\t\t\t\t<\/div>\n\t\t\t\t<div class=\"elementor-element elementor-element-df422df elementor-widget elementor-widget-text-editor\" data-id=\"df422df\" data-element_type=\"widget\" data-e-type=\"widget\" data-widget_type=\"text-editor.default\">\n\t\t\t\t<div class=\"elementor-widget-container\">\n\t\t\t\t\t\t\t\t\t<p><img decoding=\"async\" class=\"alignnone wp-image-10133 \" src=\"http:\/\/www2.unifap.br\/arquitetura\/files\/2025\/10\/envelope-e1759960038683-150x150.jpg\" alt=\"\" width=\"25\" height=\"25\" srcset=\"https:\/\/www2.unifap.br\/arquitetura\/files\/2025\/10\/envelope-e1759960038683-150x150.jpg 150w, https:\/\/www2.unifap.br\/arquitetura\/files\/2025\/10\/envelope-e1759960038683-300x287.jpg 300w, https:\/\/www2.unifap.br\/arquitetura\/files\/2025\/10\/envelope-e1759960038683-1200x1148.jpg 1200w, https:\/\/www2.unifap.br\/arquitetura\/files\/2025\/10\/envelope-e1759960038683-768x735.jpg 768w, https:\/\/www2.unifap.br\/arquitetura\/files\/2025\/10\/envelope-e1759960038683.jpg 1286w\" sizes=\"(max-width: 25px) 100vw, 25px\" \/> <a href=\"mailto:anna.julianelli@unifap.br\">anna.julianelli@unifap.br<\/a><\/p><p><a href=\"https:\/\/sigaa.unifap.br\/sigaa\/public\/docente\/portal.jsf?siape=1567112\"><img decoding=\"async\" class=\"alignnone wp-image-6543\" src=\"http:\/\/www2.unifap.br\/arquitetura\/files\/2024\/02\/sigaa-300x83.png\" alt=\"\" width=\"91\" height=\"25\" srcset=\"https:\/\/www2.unifap.br\/arquitetura\/files\/2024\/02\/sigaa-300x83.png 300w, https:\/\/www2.unifap.br\/arquitetura\/files\/2024\/02\/sigaa-768x213.png 768w, https:\/\/www2.unifap.br\/arquitetura\/files\/2024\/02\/sigaa.png 1080w\" sizes=\"(max-width: 91px) 100vw, 91px\" \/> P\u00e1gina P\u00fablica<\/a><\/p><p><a href=\"http:\/\/lattes.cnpq.br\/1171820374307734\"><img loading=\"lazy\" decoding=\"async\" class=\"alignnone wp-image-6542 \" src=\"http:\/\/www2.unifap.br\/arquitetura\/files\/2024\/02\/lattesp-e1759959733714-300x135.png\" alt=\"\" width=\"91\" height=\"41\" srcset=\"https:\/\/www2.unifap.br\/arquitetura\/files\/2024\/02\/lattesp-e1759959733714-300x135.png 300w, https:\/\/www2.unifap.br\/arquitetura\/files\/2024\/02\/lattesp-e1759959733714.png 666w\" sizes=\"(max-width: 91px) 100vw, 91px\" \/> Curr\u00edculo Lattes<\/a><\/p>\t\t\t\t\t\t\t\t<\/div>\n\t\t\t\t<\/div>\n\t\t\t\t\t<\/div>\n\t\t\t\t<\/div>\n\t\t\t\t<\/div>\n\t\t\t\t\t<\/details>\n\t\t\t\t\t\t<details id=\"e-n-accordion-item-2261\" class=\"e-n-accordion-item\" >\n\t\t\t\t<summary class=\"e-n-accordion-item-title\" data-accordion-index=\"2\" tabindex=\"-1\" aria-expanded=\"false\" aria-controls=\"e-n-accordion-item-2261\" >\n\t\t\t\t\t<span class='e-n-accordion-item-title-header'><div class=\"e-n-accordion-item-title-text\"> Profa. Dra. Ivanize Cl\u00e1udia dos Santos e Silva (UFPB) <\/div><\/span>\n\t\t\t\t\t\t\t<span class='e-n-accordion-item-title-icon'>\n\t\t\t<span class='e-opened' ><svg aria-hidden=\"true\" class=\"e-font-icon-svg e-fas-minus\" viewBox=\"0 0 448 512\" xmlns=\"http:\/\/www.w3.org\/2000\/svg\"><path d=\"M416 208H32c-17.67 0-32 14.33-32 32v32c0 17.67 14.33 32 32 32h384c17.67 0 32-14.33 32-32v-32c0-17.67-14.33-32-32-32z\"><\/path><\/svg><\/span>\n\t\t\t<span class='e-closed'><svg aria-hidden=\"true\" class=\"e-font-icon-svg e-fas-plus\" viewBox=\"0 0 448 512\" xmlns=\"http:\/\/www.w3.org\/2000\/svg\"><path d=\"M416 208H272V64c0-17.67-14.33-32-32-32h-32c-17.67 0-32 14.33-32 32v144H32c-17.67 0-32 14.33-32 32v32c0 17.67 14.33 32 32 32h144v144c0 17.67 14.33 32 32 32h32c17.67 0 32-14.33 32-32V304h144c17.67 0 32-14.33 32-32v-32c0-17.67-14.33-32-32-32z\"><\/path><\/svg><\/span>\n\t\t<\/span>\n\n\t\t\t\t\t\t<\/summary>\n\t\t\t\t<div role=\"region\" aria-labelledby=\"e-n-accordion-item-2261\" class=\"elementor-element elementor-element-eea0120 e-flex e-con-boxed e-con e-child\" data-id=\"eea0120\" data-element_type=\"container\" data-e-type=\"container\">\n\t\t\t\t\t<div class=\"e-con-inner\">\n\t\t<div role=\"region\" aria-labelledby=\"e-n-accordion-item-2261\" class=\"elementor-element elementor-element-19298b8 e-grid e-con-full e-con e-child\" data-id=\"19298b8\" data-element_type=\"container\" data-e-type=\"container\">\n\t\t\t\t<div class=\"elementor-element elementor-element-fd57fe1 elementor-widget elementor-widget-image\" data-id=\"fd57fe1\" data-element_type=\"widget\" data-e-type=\"widget\" data-widget_type=\"image.default\">\n\t\t\t\t<div class=\"elementor-widget-container\">\n\t\t\t\t\t\t\t\t\t\t\t\t\t\t\t<img loading=\"lazy\" decoding=\"async\" width=\"500\" height=\"500\" src=\"https:\/\/www2.unifap.br\/arquitetura\/files\/2024\/02\/2-1.png\" class=\"attachment-large size-large wp-image-7043\" alt=\"\" srcset=\"https:\/\/www2.unifap.br\/arquitetura\/files\/2024\/02\/2-1.png 500w, https:\/\/www2.unifap.br\/arquitetura\/files\/2024\/02\/2-1-300x300.png 300w, https:\/\/www2.unifap.br\/arquitetura\/files\/2024\/02\/2-1-150x150.png 150w\" sizes=\"(max-width: 500px) 100vw, 500px\" \/>\t\t\t\t\t\t\t\t\t\t\t\t\t\t\t<\/div>\n\t\t\t\t<\/div>\n\t\t\t\t<div class=\"elementor-element elementor-element-fca8703 elementor-widget elementor-widget-text-editor\" data-id=\"fca8703\" data-element_type=\"widget\" data-e-type=\"widget\" data-widget_type=\"text-editor.default\">\n\t\t\t\t<div class=\"elementor-widget-container\">\n\t\t\t\t\t\t\t\t\t<p style=\"text-align: justify\"><strong>Curr\u00edculo resumido:<\/strong><\/p><p style=\"text-align: justify\"><span style=\"font-weight: 400\">Arquiteta e Urbanista (UFPA), mestre em engenharia el\u00e9trica (UFPA) e doutorado em arquitetura e urbanismo (UFRN). <\/span><span style=\"font-weight: 400\">Tem experi\u00eancia na \u00e1rea de Arquitetura e Urbanismo com \u00eanfase em Conforto <\/span><span style=\"font-weight: 400\">Ambiental no Ambiente Constru\u00eddo, atuando principalmente nos seguintes temas: Clima e Conforto T\u00e9rmico Urbano e Desempenho T\u00e9rmico de Edifica\u00e7\u00f5es.<\/span><\/p>\t\t\t\t\t\t\t\t<\/div>\n\t\t\t\t<\/div>\n\t\t<div role=\"region\" aria-labelledby=\"e-n-accordion-item-2261\" class=\"elementor-element elementor-element-1686922 e-grid e-con-full e-con e-child\" data-id=\"1686922\" data-element_type=\"container\" data-e-type=\"container\">\n\t\t\t\t<div class=\"elementor-element elementor-element-49c0ad4 elementor-widget elementor-widget-text-editor\" data-id=\"49c0ad4\" data-element_type=\"widget\" data-e-type=\"widget\" data-widget_type=\"text-editor.default\">\n\t\t\t\t<div class=\"elementor-widget-container\">\n\t\t\t\t\t\t\t\t\t<p><img decoding=\"async\" class=\"alignnone wp-image-10133 \" src=\"http:\/\/www2.unifap.br\/arquitetura\/files\/2025\/10\/envelope-e1759960038683-150x150.jpg\" alt=\"\" width=\"25\" height=\"25\" srcset=\"https:\/\/www2.unifap.br\/arquitetura\/files\/2025\/10\/envelope-e1759960038683-150x150.jpg 150w, https:\/\/www2.unifap.br\/arquitetura\/files\/2025\/10\/envelope-e1759960038683-300x287.jpg 300w, https:\/\/www2.unifap.br\/arquitetura\/files\/2025\/10\/envelope-e1759960038683-1200x1148.jpg 1200w, https:\/\/www2.unifap.br\/arquitetura\/files\/2025\/10\/envelope-e1759960038683-768x735.jpg 768w, https:\/\/www2.unifap.br\/arquitetura\/files\/2025\/10\/envelope-e1759960038683.jpg 1286w\" sizes=\"(max-width: 25px) 100vw, 25px\" \/> <a href=\"mailto:ivanize@unifap.br\">ivanize@unifap.br<\/a><\/p><p><a href=\"https:\/\/sigaa.unifap.br\/sigaa\/public\/docente\/portal.jsf?siape=1808519\"><img decoding=\"async\" class=\"alignnone wp-image-6543\" src=\"http:\/\/www2.unifap.br\/arquitetura\/files\/2024\/02\/sigaa-300x83.png\" alt=\"\" width=\"91\" height=\"25\" srcset=\"https:\/\/www2.unifap.br\/arquitetura\/files\/2024\/02\/sigaa-300x83.png 300w, https:\/\/www2.unifap.br\/arquitetura\/files\/2024\/02\/sigaa-768x213.png 768w, https:\/\/www2.unifap.br\/arquitetura\/files\/2024\/02\/sigaa.png 1080w\" sizes=\"(max-width: 91px) 100vw, 91px\" \/> P\u00e1gina P\u00fablica<\/a><\/p><p><a href=\"http:\/\/lattes.cnpq.br\/8073685221092168\"><img loading=\"lazy\" decoding=\"async\" class=\"alignnone wp-image-6542 \" src=\"http:\/\/www2.unifap.br\/arquitetura\/files\/2024\/02\/lattesp-e1759959733714-300x135.png\" alt=\"\" width=\"91\" height=\"41\" srcset=\"https:\/\/www2.unifap.br\/arquitetura\/files\/2024\/02\/lattesp-e1759959733714-300x135.png 300w, https:\/\/www2.unifap.br\/arquitetura\/files\/2024\/02\/lattesp-e1759959733714.png 666w\" sizes=\"(max-width: 91px) 100vw, 91px\" \/> Curr\u00edculo Lattes<\/a><\/p>\t\t\t\t\t\t\t\t<\/div>\n\t\t\t\t<\/div>\n\t\t\t\t<\/div>\n\t\t\t\t<\/div>\n\t\t\t\t\t<\/div>\n\t\t\t\t<\/div>\n\t\t\t\t\t<\/details>\n\t\t\t\t\t\t<details id=\"e-n-accordion-item-2262\" class=\"e-n-accordion-item\" >\n\t\t\t\t<summary class=\"e-n-accordion-item-title\" data-accordion-index=\"3\" tabindex=\"-1\" aria-expanded=\"false\" aria-controls=\"e-n-accordion-item-2262\" >\n\t\t\t\t\t<span class='e-n-accordion-item-title-header'><div class=\"e-n-accordion-item-title-text\"> Profa. Dra. Louise Barbalho Pontes (UFPA - vac\u00e2ncia) <\/div><\/span>\n\t\t\t\t\t\t\t<span class='e-n-accordion-item-title-icon'>\n\t\t\t<span class='e-opened' ><svg aria-hidden=\"true\" class=\"e-font-icon-svg e-fas-minus\" viewBox=\"0 0 448 512\" xmlns=\"http:\/\/www.w3.org\/2000\/svg\"><path d=\"M416 208H32c-17.67 0-32 14.33-32 32v32c0 17.67 14.33 32 32 32h384c17.67 0 32-14.33 32-32v-32c0-17.67-14.33-32-32-32z\"><\/path><\/svg><\/span>\n\t\t\t<span class='e-closed'><svg aria-hidden=\"true\" class=\"e-font-icon-svg e-fas-plus\" viewBox=\"0 0 448 512\" xmlns=\"http:\/\/www.w3.org\/2000\/svg\"><path d=\"M416 208H272V64c0-17.67-14.33-32-32-32h-32c-17.67 0-32 14.33-32 32v144H32c-17.67 0-32 14.33-32 32v32c0 17.67 14.33 32 32 32h144v144c0 17.67 14.33 32 32 32h32c17.67 0 32-14.33 32-32V304h144c17.67 0 32-14.33 32-32v-32c0-17.67-14.33-32-32-32z\"><\/path><\/svg><\/span>\n\t\t<\/span>\n\n\t\t\t\t\t\t<\/summary>\n\t\t\t\t<div role=\"region\" aria-labelledby=\"e-n-accordion-item-2262\" class=\"elementor-element elementor-element-5cbf117 e-flex e-con-boxed e-con e-child\" data-id=\"5cbf117\" data-element_type=\"container\" data-e-type=\"container\">\n\t\t\t\t\t<div class=\"e-con-inner\">\n\t\t<div role=\"region\" aria-labelledby=\"e-n-accordion-item-2262\" class=\"elementor-element elementor-element-26a40ba e-grid e-con-full e-con e-child\" data-id=\"26a40ba\" data-element_type=\"container\" data-e-type=\"container\">\n\t\t\t\t<div class=\"elementor-element elementor-element-463a7c7 elementor-widget elementor-widget-image\" data-id=\"463a7c7\" data-element_type=\"widget\" data-e-type=\"widget\" data-widget_type=\"image.default\">\n\t\t\t\t<div class=\"elementor-widget-container\">\n\t\t\t\t\t\t\t\t\t\t\t\t\t\t\t<img loading=\"lazy\" decoding=\"async\" width=\"500\" height=\"500\" src=\"https:\/\/www2.unifap.br\/arquitetura\/files\/2024\/02\/1-2.png\" class=\"attachment-large size-large wp-image-7071\" alt=\"\" srcset=\"https:\/\/www2.unifap.br\/arquitetura\/files\/2024\/02\/1-2.png 500w, https:\/\/www2.unifap.br\/arquitetura\/files\/2024\/02\/1-2-300x300.png 300w, https:\/\/www2.unifap.br\/arquitetura\/files\/2024\/02\/1-2-150x150.png 150w\" sizes=\"(max-width: 500px) 100vw, 500px\" \/>\t\t\t\t\t\t\t\t\t\t\t\t\t\t\t<\/div>\n\t\t\t\t<\/div>\n\t\t\t\t<div class=\"elementor-element elementor-element-5064466 elementor-widget elementor-widget-text-editor\" data-id=\"5064466\" data-element_type=\"widget\" data-e-type=\"widget\" data-widget_type=\"text-editor.default\">\n\t\t\t\t<div class=\"elementor-widget-container\">\n\t\t\t\t\t\t\t\t\t<p style=\"text-align: justify\"><span style=\"font-weight: 400\">Arquiteta e Urbanista (UFPA), aperfei\u00e7oamento profissional em Arquitetura Sustent\u00e1vel pela ANAVIF <\/span><span style=\"font-weight: 400\">\u2011<\/span><span style=\"font-weight: 400\"> Valencia, Espanha, mestre em Arquitetura e Urbanismo (PPGAU\/UFPA) e doutora pelo em Urbanismo (PROURB\/UFRJ). <\/span><span style=\"font-weight: 400\">Participou de mobilidade acad\u00eamica nas Universidades de Pequim (China) e na <\/span><span style=\"font-weight: 400\">Universidade Aut\u00f4noma de Barcelona, Espanha. Foi bolsista Capes de doutorado sandu\u00edche na Universidade Polit\u00e9cnica da Catalunha. Tem experi\u00eancia na \u00e1rea de Arquitetura e Urbanismo, com \u00eanfase em desenho urbano e desenho da paisagem, atuando principalmente nos seguintes temas: o planejamento da paisagem, os estudos da forma urbana, os espa\u00e7os abertos, os espa\u00e7os p\u00fablicos e a urbano diversidade na Amaz\u00f4nia.\u00a0<\/span><\/p>\t\t\t\t\t\t\t\t<\/div>\n\t\t\t\t<\/div>\n\t\t<div role=\"region\" aria-labelledby=\"e-n-accordion-item-2262\" class=\"elementor-element elementor-element-92d06b0 e-grid e-con-full e-con e-child\" data-id=\"92d06b0\" data-element_type=\"container\" data-e-type=\"container\">\n\t\t\t\t<div class=\"elementor-element elementor-element-57ed5f2 elementor-widget elementor-widget-text-editor\" data-id=\"57ed5f2\" data-element_type=\"widget\" data-e-type=\"widget\" data-widget_type=\"text-editor.default\">\n\t\t\t\t<div class=\"elementor-widget-container\">\n\t\t\t\t\t\t\t\t\t<p><img decoding=\"async\" class=\"alignnone wp-image-10133 \" src=\"http:\/\/www2.unifap.br\/arquitetura\/files\/2025\/10\/envelope-e1759960038683-150x150.jpg\" alt=\"\" width=\"25\" height=\"25\" srcset=\"https:\/\/www2.unifap.br\/arquitetura\/files\/2025\/10\/envelope-e1759960038683-150x150.jpg 150w, https:\/\/www2.unifap.br\/arquitetura\/files\/2025\/10\/envelope-e1759960038683-300x287.jpg 300w, https:\/\/www2.unifap.br\/arquitetura\/files\/2025\/10\/envelope-e1759960038683-1200x1148.jpg 1200w, https:\/\/www2.unifap.br\/arquitetura\/files\/2025\/10\/envelope-e1759960038683-768x735.jpg 768w, https:\/\/www2.unifap.br\/arquitetura\/files\/2025\/10\/envelope-e1759960038683.jpg 1286w\" sizes=\"(max-width: 25px) 100vw, 25px\" \/> <a href=\"mailto:louise.pontes@unifap.br\">louise.pontes@unifap.br<\/a><\/p><p><a href=\"https:\/\/sigaa.unifap.br\/sigaa\/public\/docente\/portal.jsf?siape=2315980\"><img decoding=\"async\" class=\"alignnone wp-image-6543\" src=\"http:\/\/www2.unifap.br\/arquitetura\/files\/2024\/02\/sigaa-300x83.png\" alt=\"\" width=\"91\" height=\"25\" srcset=\"https:\/\/www2.unifap.br\/arquitetura\/files\/2024\/02\/sigaa-300x83.png 300w, https:\/\/www2.unifap.br\/arquitetura\/files\/2024\/02\/sigaa-768x213.png 768w, https:\/\/www2.unifap.br\/arquitetura\/files\/2024\/02\/sigaa.png 1080w\" sizes=\"(max-width: 91px) 100vw, 91px\" \/> P\u00e1gina P\u00fablica<\/a><\/p><p><a href=\"http:\/\/lattes.cnpq.br\/8705432490576767\"><img loading=\"lazy\" decoding=\"async\" class=\"alignnone wp-image-6542 \" src=\"http:\/\/www2.unifap.br\/arquitetura\/files\/2024\/02\/lattesp-e1759959733714-300x135.png\" alt=\"\" width=\"91\" height=\"41\" srcset=\"https:\/\/www2.unifap.br\/arquitetura\/files\/2024\/02\/lattesp-e1759959733714-300x135.png 300w, https:\/\/www2.unifap.br\/arquitetura\/files\/2024\/02\/lattesp-e1759959733714.png 666w\" sizes=\"(max-width: 91px) 100vw, 91px\" \/> Curr\u00edculo Lattes<\/a><\/p>\t\t\t\t\t\t\t\t<\/div>\n\t\t\t\t<\/div>\n\t\t\t\t<\/div>\n\t\t\t\t<div class=\"elementor-element elementor-element-f78a9e6 elementor-widget elementor-widget-text-editor\" data-id=\"f78a9e6\" data-element_type=\"widget\" data-e-type=\"widget\" data-widget_type=\"text-editor.default\">\n\t\t\t\t<div class=\"elementor-widget-container\">\n\t\t\t\t\t\t\t\t\t<p><strong>Grupo de Pesquisa:<\/strong><\/p><p><a href=\"https:\/\/www2.unifap.br\/arquitetura\/grupos-de-pesquisa\/\">TRAMAz: N\u00facleo de Pesquisa do Espa\u00e7o Constru\u00eddo na Amaz\u00f4nia<\/a><\/p>\t\t\t\t\t\t\t\t<\/div>\n\t\t\t\t<\/div>\n\t\t\t\t<\/div>\n\t\t\t\t\t<\/div>\n\t\t\t\t<\/div>\n\t\t\t\t\t<\/details>\n\t\t\t\t\t\t<details id=\"e-n-accordion-item-2263\" class=\"e-n-accordion-item\" >\n\t\t\t\t<summary class=\"e-n-accordion-item-title\" data-accordion-index=\"4\" tabindex=\"-1\" aria-expanded=\"false\" aria-controls=\"e-n-accordion-item-2263\" >\n\t\t\t\t\t<span class='e-n-accordion-item-title-header'><div class=\"e-n-accordion-item-title-text\"> Profa. Dra. Maria Luiza Almeida Cunha de Castro (UFMG) <\/div><\/span>\n\t\t\t\t\t\t\t<span class='e-n-accordion-item-title-icon'>\n\t\t\t<span class='e-opened' ><svg aria-hidden=\"true\" class=\"e-font-icon-svg e-fas-minus\" viewBox=\"0 0 448 512\" xmlns=\"http:\/\/www.w3.org\/2000\/svg\"><path d=\"M416 208H32c-17.67 0-32 14.33-32 32v32c0 17.67 14.33 32 32 32h384c17.67 0 32-14.33 32-32v-32c0-17.67-14.33-32-32-32z\"><\/path><\/svg><\/span>\n\t\t\t<span class='e-closed'><svg aria-hidden=\"true\" class=\"e-font-icon-svg e-fas-plus\" viewBox=\"0 0 448 512\" xmlns=\"http:\/\/www.w3.org\/2000\/svg\"><path d=\"M416 208H272V64c0-17.67-14.33-32-32-32h-32c-17.67 0-32 14.33-32 32v144H32c-17.67 0-32 14.33-32 32v32c0 17.67 14.33 32 32 32h144v144c0 17.67 14.33 32 32 32h32c17.67 0 32-14.33 32-32V304h144c17.67 0 32-14.33 32-32v-32c0-17.67-14.33-32-32-32z\"><\/path><\/svg><\/span>\n\t\t<\/span>\n\n\t\t\t\t\t\t<\/summary>\n\t\t\t\t<div role=\"region\" aria-labelledby=\"e-n-accordion-item-2263\" class=\"elementor-element elementor-element-2090490 e-flex e-con-boxed e-con e-child\" data-id=\"2090490\" data-element_type=\"container\" data-e-type=\"container\">\n\t\t\t\t\t<div class=\"e-con-inner\">\n\t\t<div role=\"region\" aria-labelledby=\"e-n-accordion-item-2263\" class=\"elementor-element elementor-element-4e759d3 e-grid e-con-full e-con e-child\" data-id=\"4e759d3\" data-element_type=\"container\" data-e-type=\"container\">\n\t\t\t\t<div class=\"elementor-element elementor-element-96df3df elementor-widget elementor-widget-image\" data-id=\"96df3df\" data-element_type=\"widget\" data-e-type=\"widget\" data-widget_type=\"image.default\">\n\t\t\t\t<div class=\"elementor-widget-container\">\n\t\t\t\t\t\t\t\t\t\t\t\t\t\t\t<img loading=\"lazy\" decoding=\"async\" width=\"500\" height=\"500\" src=\"https:\/\/www2.unifap.br\/arquitetura\/files\/2024\/02\/3-2.png\" class=\"attachment-large size-large wp-image-7073\" alt=\"\" srcset=\"https:\/\/www2.unifap.br\/arquitetura\/files\/2024\/02\/3-2.png 500w, https:\/\/www2.unifap.br\/arquitetura\/files\/2024\/02\/3-2-300x300.png 300w, https:\/\/www2.unifap.br\/arquitetura\/files\/2024\/02\/3-2-150x150.png 150w\" sizes=\"(max-width: 500px) 100vw, 500px\" \/>\t\t\t\t\t\t\t\t\t\t\t\t\t\t\t<\/div>\n\t\t\t\t<\/div>\n\t\t\t\t<div class=\"elementor-element elementor-element-a95bf8e elementor-widget elementor-widget-text-editor\" data-id=\"a95bf8e\" data-element_type=\"widget\" data-e-type=\"widget\" data-widget_type=\"text-editor.default\">\n\t\t\t\t<div class=\"elementor-widget-container\">\n\t\t\t\t\t\t\t\t\t<p style=\"text-align: justify\"><strong>Curr\u00edculo resumido:<\/strong><\/p><p style=\"text-align: justify\"><span style=\"font-weight: 400\">Arquiteta e urbanista (UFMG), mestre em Hist\u00f3ria e Teoria da Arquitetura e Urbanismo (UFMG) e doutora em Ci\u00eancias Socioambientais (NAEA). <\/span><span style=\"font-weight: 400\">Tem experi\u00eancia nas \u00e1reas de Arquitetura e Urbanismo, e design, desenvolvendo atividades voltadas para os seguintes temas: arquitetura, Tecnologia da constru\u00e7\u00e3o, inova\u00e7\u00e3o social e tecnol\u00f3gica\u037e design de mobili\u00e1rio e joias\u037e desenvolvimento sustent\u00e1vel.<\/span><\/p>\t\t\t\t\t\t\t\t<\/div>\n\t\t\t\t<\/div>\n\t\t<div role=\"region\" aria-labelledby=\"e-n-accordion-item-2263\" class=\"elementor-element elementor-element-c03e71f e-grid e-con-full e-con e-child\" data-id=\"c03e71f\" data-element_type=\"container\" data-e-type=\"container\">\n\t\t\t\t<div class=\"elementor-element elementor-element-dbdccb6 elementor-widget elementor-widget-text-editor\" data-id=\"dbdccb6\" data-element_type=\"widget\" data-e-type=\"widget\" data-widget_type=\"text-editor.default\">\n\t\t\t\t<div class=\"elementor-widget-container\">\n\t\t\t\t\t\t\t\t\t<p><img decoding=\"async\" class=\"alignnone wp-image-10133 \" src=\"http:\/\/www2.unifap.br\/arquitetura\/files\/2025\/10\/envelope-e1759960038683-150x150.jpg\" alt=\"\" width=\"25\" height=\"25\" srcset=\"https:\/\/www2.unifap.br\/arquitetura\/files\/2025\/10\/envelope-e1759960038683-150x150.jpg 150w, https:\/\/www2.unifap.br\/arquitetura\/files\/2025\/10\/envelope-e1759960038683-300x287.jpg 300w, https:\/\/www2.unifap.br\/arquitetura\/files\/2025\/10\/envelope-e1759960038683-1200x1148.jpg 1200w, https:\/\/www2.unifap.br\/arquitetura\/files\/2025\/10\/envelope-e1759960038683-768x735.jpg 768w, https:\/\/www2.unifap.br\/arquitetura\/files\/2025\/10\/envelope-e1759960038683.jpg 1286w\" sizes=\"(max-width: 25px) 100vw, 25px\" \/> <a href=\"mailto:luizadecastro2000@gmail.com\">luizadecastro2000@gmail.com <\/a><\/p><p><a href=\"https:\/\/sigaa.unifap.br\/sigaa\/public\/docente\/portal.jsf?siape=1517839\"><img decoding=\"async\" class=\"alignnone wp-image-6543\" src=\"http:\/\/www2.unifap.br\/arquitetura\/files\/2024\/02\/sigaa-300x83.png\" alt=\"\" width=\"91\" height=\"25\" srcset=\"https:\/\/www2.unifap.br\/arquitetura\/files\/2024\/02\/sigaa-300x83.png 300w, https:\/\/www2.unifap.br\/arquitetura\/files\/2024\/02\/sigaa-768x213.png 768w, https:\/\/www2.unifap.br\/arquitetura\/files\/2024\/02\/sigaa.png 1080w\" sizes=\"(max-width: 91px) 100vw, 91px\" \/> P\u00e1gina P\u00fablica<\/a><\/p><p><a href=\"http:\/\/lattes.cnpq.br\/6663358391005315\"><img loading=\"lazy\" decoding=\"async\" class=\"alignnone wp-image-6542 \" src=\"http:\/\/www2.unifap.br\/arquitetura\/files\/2024\/02\/lattesp-e1759959733714-300x135.png\" alt=\"\" width=\"91\" height=\"41\" srcset=\"https:\/\/www2.unifap.br\/arquitetura\/files\/2024\/02\/lattesp-e1759959733714-300x135.png 300w, https:\/\/www2.unifap.br\/arquitetura\/files\/2024\/02\/lattesp-e1759959733714.png 666w\" sizes=\"(max-width: 91px) 100vw, 91px\" \/> Curr\u00edculo Lattes<\/a><\/p>\t\t\t\t\t\t\t\t<\/div>\n\t\t\t\t<\/div>\n\t\t\t\t<\/div>\n\t\t\t\t<\/div>\n\t\t\t\t\t<\/div>\n\t\t\t\t<\/div>\n\t\t\t\t\t<\/details>\n\t\t\t\t\t\t<details id=\"e-n-accordion-item-2264\" class=\"e-n-accordion-item\" >\n\t\t\t\t<summary class=\"e-n-accordion-item-title\" data-accordion-index=\"5\" tabindex=\"-1\" aria-expanded=\"false\" aria-controls=\"e-n-accordion-item-2264\" >\n\t\t\t\t\t<span class='e-n-accordion-item-title-header'><div class=\"e-n-accordion-item-title-text\"> Profa. Dra. Melissa Kikumi Matsunaga (MDR) <\/div><\/span>\n\t\t\t\t\t\t\t<span class='e-n-accordion-item-title-icon'>\n\t\t\t<span class='e-opened' ><svg aria-hidden=\"true\" class=\"e-font-icon-svg e-fas-minus\" viewBox=\"0 0 448 512\" xmlns=\"http:\/\/www.w3.org\/2000\/svg\"><path d=\"M416 208H32c-17.67 0-32 14.33-32 32v32c0 17.67 14.33 32 32 32h384c17.67 0 32-14.33 32-32v-32c0-17.67-14.33-32-32-32z\"><\/path><\/svg><\/span>\n\t\t\t<span class='e-closed'><svg aria-hidden=\"true\" class=\"e-font-icon-svg e-fas-plus\" viewBox=\"0 0 448 512\" xmlns=\"http:\/\/www.w3.org\/2000\/svg\"><path d=\"M416 208H272V64c0-17.67-14.33-32-32-32h-32c-17.67 0-32 14.33-32 32v144H32c-17.67 0-32 14.33-32 32v32c0 17.67 14.33 32 32 32h144v144c0 17.67 14.33 32 32 32h32c17.67 0 32-14.33 32-32V304h144c17.67 0 32-14.33 32-32v-32c0-17.67-14.33-32-32-32z\"><\/path><\/svg><\/span>\n\t\t<\/span>\n\n\t\t\t\t\t\t<\/summary>\n\t\t\t\t<div role=\"region\" aria-labelledby=\"e-n-accordion-item-2264\" class=\"elementor-element elementor-element-b489f64 e-flex e-con-boxed e-con e-child\" data-id=\"b489f64\" data-element_type=\"container\" data-e-type=\"container\">\n\t\t\t\t\t<div class=\"e-con-inner\">\n\t\t<div role=\"region\" aria-labelledby=\"e-n-accordion-item-2264\" class=\"elementor-element elementor-element-2e460fa e-grid e-con-full e-con e-child\" data-id=\"2e460fa\" data-element_type=\"container\" data-e-type=\"container\">\n\t\t\t\t<div class=\"elementor-element elementor-element-67bae7f elementor-widget elementor-widget-image\" data-id=\"67bae7f\" data-element_type=\"widget\" data-e-type=\"widget\" data-widget_type=\"image.default\">\n\t\t\t\t<div class=\"elementor-widget-container\">\n\t\t\t\t\t\t\t\t\t\t\t\t\t\t\t<img loading=\"lazy\" decoding=\"async\" width=\"500\" height=\"500\" src=\"https:\/\/www2.unifap.br\/arquitetura\/files\/2024\/02\/5-2.png\" class=\"attachment-large size-large wp-image-7076\" alt=\"\" srcset=\"https:\/\/www2.unifap.br\/arquitetura\/files\/2024\/02\/5-2.png 500w, https:\/\/www2.unifap.br\/arquitetura\/files\/2024\/02\/5-2-300x300.png 300w, https:\/\/www2.unifap.br\/arquitetura\/files\/2024\/02\/5-2-150x150.png 150w\" sizes=\"(max-width: 500px) 100vw, 500px\" \/>\t\t\t\t\t\t\t\t\t\t\t\t\t\t\t<\/div>\n\t\t\t\t<\/div>\n\t\t\t\t<div class=\"elementor-element elementor-element-59c44e2 elementor-widget elementor-widget-text-editor\" data-id=\"59c44e2\" data-element_type=\"widget\" data-e-type=\"widget\" data-widget_type=\"text-editor.default\">\n\t\t\t\t<div class=\"elementor-widget-container\">\n\t\t\t\t\t\t\t\t\t<p style=\"text-align: justify\"><strong>Curr\u00edculo resumido:<\/strong><\/p><p style=\"text-align: justify\"><span style=\"font-weight: 400\">Arquiteta e urbanista (EESC\/USP), mestre em Arquitetura e Urbanismo (\u00e1rea de concentra\u00e7\u00e3o Paisagem e Ambiente) (FAUUSP\/2015) e doutora em Urbanismo (PROURB<\/span><span style=\"font-weight: 400\">\u2011<\/span><span style=\"font-weight: 400\">UFRJ\/2021). <\/span><span style=\"font-weight: 400\">Tem experi\u00eancia profissional na \u00e1rea de projetos com \u00eanfase em urbanismo, paisagismo, habita\u00e7\u00e3o de interesse social, assist\u00eancia t\u00e9cnica e urbaniza\u00e7\u00e3o de assentamentos prec\u00e1rios.<\/span><\/p>\t\t\t\t\t\t\t\t<\/div>\n\t\t\t\t<\/div>\n\t\t<div role=\"region\" aria-labelledby=\"e-n-accordion-item-2264\" class=\"elementor-element elementor-element-20e6123 e-grid e-con-full e-con e-child\" data-id=\"20e6123\" data-element_type=\"container\" data-e-type=\"container\">\n\t\t\t\t<div class=\"elementor-element elementor-element-bb10a58 elementor-widget elementor-widget-text-editor\" data-id=\"bb10a58\" data-element_type=\"widget\" data-e-type=\"widget\" data-widget_type=\"text-editor.default\">\n\t\t\t\t<div class=\"elementor-widget-container\">\n\t\t\t\t\t\t\t\t\t<p><img decoding=\"async\" class=\"alignnone wp-image-10133 \" src=\"http:\/\/www2.unifap.br\/arquitetura\/files\/2025\/10\/envelope-e1759960038683-150x150.jpg\" alt=\"\" width=\"25\" height=\"25\" srcset=\"https:\/\/www2.unifap.br\/arquitetura\/files\/2025\/10\/envelope-e1759960038683-150x150.jpg 150w, https:\/\/www2.unifap.br\/arquitetura\/files\/2025\/10\/envelope-e1759960038683-300x287.jpg 300w, https:\/\/www2.unifap.br\/arquitetura\/files\/2025\/10\/envelope-e1759960038683-1200x1148.jpg 1200w, https:\/\/www2.unifap.br\/arquitetura\/files\/2025\/10\/envelope-e1759960038683-768x735.jpg 768w, https:\/\/www2.unifap.br\/arquitetura\/files\/2025\/10\/envelope-e1759960038683.jpg 1286w\" sizes=\"(max-width: 25px) 100vw, 25px\" \/> <a href=\"mailto:melissa.matsunaga@unifap.br\">melissa.matsunaga@unifap.br<\/a><\/p><p><a href=\"https:\/\/sigaa.unifap.br\/sigaa\/public\/docente\/portal.jsf?siape=2269058\" target=\"_blank\" rel=\"noopener\"><img decoding=\"async\" class=\"alignnone wp-image-6543\" src=\"http:\/\/www2.unifap.br\/arquitetura\/files\/2024\/02\/sigaa-300x83.png\" alt=\"\" width=\"91\" height=\"25\" srcset=\"https:\/\/www2.unifap.br\/arquitetura\/files\/2024\/02\/sigaa-300x83.png 300w, https:\/\/www2.unifap.br\/arquitetura\/files\/2024\/02\/sigaa-768x213.png 768w, https:\/\/www2.unifap.br\/arquitetura\/files\/2024\/02\/sigaa.png 1080w\" sizes=\"(max-width: 91px) 100vw, 91px\" \/> P\u00e1gina P\u00fablica<\/a><\/p><p><a href=\"http:\/\/lattes.cnpq.br\/9199241420958700\" target=\"_blank\" rel=\"noopener\"><img loading=\"lazy\" decoding=\"async\" class=\"alignnone wp-image-6542 \" src=\"http:\/\/www2.unifap.br\/arquitetura\/files\/2024\/02\/lattesp-e1759959733714-300x135.png\" alt=\"\" width=\"91\" height=\"41\" srcset=\"https:\/\/www2.unifap.br\/arquitetura\/files\/2024\/02\/lattesp-e1759959733714-300x135.png 300w, https:\/\/www2.unifap.br\/arquitetura\/files\/2024\/02\/lattesp-e1759959733714.png 666w\" sizes=\"(max-width: 91px) 100vw, 91px\" \/> Curr\u00edculo Lattes<\/a><\/p>\t\t\t\t\t\t\t\t<\/div>\n\t\t\t\t<\/div>\n\t\t\t\t<\/div>\n\t\t\t\t<\/div>\n\t\t\t\t\t<\/div>\n\t\t\t\t<\/div>\n\t\t\t\t\t<\/details>\n\t\t\t\t\t<\/div>\n\t\t\t\t\t\t<\/div>\n\t\t\t\t<\/div>\n\t\t\t\t\t<\/div>\n\t\t\t\t<\/div>\n\t\t\t\t<section class=\"elementor-section elementor-top-section elementor-element elementor-element-6433738 elementor-section-content-middle elementor-section-boxed elementor-section-height-default elementor-section-height-default\" data-id=\"6433738\" data-element_type=\"section\" data-e-type=\"section\" data-settings=\"{&quot;background_background&quot;:&quot;classic&quot;}\">\n\t\t\t\t\t\t\t<div class=\"elementor-background-overlay\"><\/div>\n\t\t\t\t\t\t\t<div class=\"elementor-container elementor-column-gap-no\">\n\t\t\t\t\t<div class=\"elementor-column elementor-col-100 elementor-top-column elementor-element elementor-element-5041e6f\" data-id=\"5041e6f\" data-element_type=\"column\" data-e-type=\"column\">\n\t\t\t<div class=\"elementor-widget-wrap elementor-element-populated\">\n\t\t\t\t\t\t<div class=\"elementor-element elementor-element-106aa04 elementor-widget elementor-widget-heading\" data-id=\"106aa04\" data-element_type=\"widget\" data-e-type=\"widget\" data-widget_type=\"heading.default\">\n\t\t\t\t<div class=\"elementor-widget-container\">\n\t\t\t\t\t<h2 class=\"elementor-heading-title elementor-size-default\">Professores aposentados<\/h2>\t\t\t\t<\/div>\n\t\t\t\t<\/div>\n\t\t\t\t\t<\/div>\n\t\t<\/div>\n\t\t\t\t\t<\/div>\n\t\t<\/section>\n\t\t<div class=\"elementor-element elementor-element-cf0c12f e-flex e-con-boxed e-con e-parent\" data-id=\"cf0c12f\" data-element_type=\"container\" data-e-type=\"container\">\n\t\t\t\t\t<div class=\"e-con-inner\">\n\t\t\t\t<div class=\"elementor-element elementor-element-a0805fc elementor-widget elementor-widget-n-accordion\" data-id=\"a0805fc\" data-element_type=\"widget\" data-e-type=\"widget\" data-settings=\"{&quot;default_state&quot;:&quot;all_collapsed&quot;,&quot;max_items_expended&quot;:&quot;multiple&quot;,&quot;n_accordion_animation_duration&quot;:{&quot;unit&quot;:&quot;ms&quot;,&quot;size&quot;:400,&quot;sizes&quot;:[]}}\" data-widget_type=\"nested-accordion.default\">\n\t\t\t\t<div class=\"elementor-widget-container\">\n\t\t\t\t\t\t\t<div class=\"e-n-accordion\" aria-label=\"Accordion. Open links with Enter or Space, close with Escape, and navigate with Arrow Keys\">\n\t\t\t\t\t\t<details id=\"e-n-accordion-item-1680\" class=\"e-n-accordion-item\" >\n\t\t\t\t<summary class=\"e-n-accordion-item-title\" data-accordion-index=\"1\" tabindex=\"0\" aria-expanded=\"false\" aria-controls=\"e-n-accordion-item-1680\" >\n\t\t\t\t\t<span class='e-n-accordion-item-title-header'><div class=\"e-n-accordion-item-title-text\"> Prof. Me. Oscarito Antunes do Nascimento <\/div><\/span>\n\t\t\t\t\t\t\t<span class='e-n-accordion-item-title-icon'>\n\t\t\t<span class='e-opened' ><svg aria-hidden=\"true\" class=\"e-font-icon-svg e-fas-minus\" viewBox=\"0 0 448 512\" xmlns=\"http:\/\/www.w3.org\/2000\/svg\"><path d=\"M416 208H32c-17.67 0-32 14.33-32 32v32c0 17.67 14.33 32 32 32h384c17.67 0 32-14.33 32-32v-32c0-17.67-14.33-32-32-32z\"><\/path><\/svg><\/span>\n\t\t\t<span class='e-closed'><svg aria-hidden=\"true\" class=\"e-font-icon-svg e-fas-plus\" viewBox=\"0 0 448 512\" xmlns=\"http:\/\/www.w3.org\/2000\/svg\"><path d=\"M416 208H272V64c0-17.67-14.33-32-32-32h-32c-17.67 0-32 14.33-32 32v144H32c-17.67 0-32 14.33-32 32v32c0 17.67 14.33 32 32 32h144v144c0 17.67 14.33 32 32 32h32c17.67 0 32-14.33 32-32V304h144c17.67 0 32-14.33 32-32v-32c0-17.67-14.33-32-32-32z\"><\/path><\/svg><\/span>\n\t\t<\/span>\n\n\t\t\t\t\t\t<\/summary>\n\t\t\t\t<div role=\"region\" aria-labelledby=\"e-n-accordion-item-1680\" class=\"elementor-element elementor-element-8766bdd e-con-full e-flex e-con e-child\" data-id=\"8766bdd\" data-element_type=\"container\" data-e-type=\"container\">\n\t\t<div role=\"region\" aria-labelledby=\"e-n-accordion-item-1680\" class=\"elementor-element elementor-element-a2cfff0 e-grid e-con-boxed e-con e-child\" data-id=\"a2cfff0\" data-element_type=\"container\" data-e-type=\"container\">\n\t\t\t\t\t<div class=\"e-con-inner\">\n\t\t\t\t<div class=\"elementor-element elementor-element-d743afe elementor-widget elementor-widget-image\" data-id=\"d743afe\" data-element_type=\"widget\" data-e-type=\"widget\" data-widget_type=\"image.default\">\n\t\t\t\t<div class=\"elementor-widget-container\">\n\t\t\t\t\t\t\t\t\t\t\t\t\t\t\t<img loading=\"lazy\" decoding=\"async\" width=\"500\" height=\"500\" src=\"https:\/\/www2.unifap.br\/arquitetura\/files\/2024\/02\/prof1.png\" class=\"attachment-large size-large wp-image-7096\" alt=\"\" srcset=\"https:\/\/www2.unifap.br\/arquitetura\/files\/2024\/02\/prof1.png 500w, https:\/\/www2.unifap.br\/arquitetura\/files\/2024\/02\/prof1-300x300.png 300w, https:\/\/www2.unifap.br\/arquitetura\/files\/2024\/02\/prof1-150x150.png 150w\" sizes=\"(max-width: 500px) 100vw, 500px\" \/>\t\t\t\t\t\t\t\t\t\t\t\t\t\t\t<\/div>\n\t\t\t\t<\/div>\n\t\t\t\t<div class=\"elementor-element elementor-element-8ecc29f elementor-widget elementor-widget-text-editor\" data-id=\"8ecc29f\" data-element_type=\"widget\" data-e-type=\"widget\" data-widget_type=\"text-editor.default\">\n\t\t\t\t<div class=\"elementor-widget-container\">\n\t\t\t\t\t\t\t\t\t<p style=\"text-align: justify\"><span style=\"font-weight: 400\">Arquiteto e Urbanista (UFPA), mestre em Desenvolvimento Regional (UNIFAP). <\/span><span style=\"font-weight: 400\">Tem experi\u00eancia na \u00e1rea de Arquitetura e Urbanismo, com \u00eanfase em Arquitetura e Desenho Urbano, atuando principalmente nos seguintes temas: Planejamento Urbano, Projetos de Arquitetura, Constru\u00e7\u00e3o de Edif\u00edcios.<\/span><\/p>\t\t\t\t\t\t\t\t<\/div>\n\t\t\t\t<\/div>\n\t\t\t\t<div class=\"elementor-element elementor-element-4f4aae2 elementor-widget elementor-widget-text-editor\" data-id=\"4f4aae2\" data-element_type=\"widget\" data-e-type=\"widget\" data-widget_type=\"text-editor.default\">\n\t\t\t\t<div class=\"elementor-widget-container\">\n\t\t\t\t\t\t\t\t\t<p><img decoding=\"async\" class=\"alignnone wp-image-10133 \" src=\"http:\/\/www2.unifap.br\/arquitetura\/files\/2025\/10\/envelope-e1759960038683-150x150.jpg\" alt=\"\" width=\"25\" height=\"25\" srcset=\"https:\/\/www2.unifap.br\/arquitetura\/files\/2025\/10\/envelope-e1759960038683-150x150.jpg 150w, https:\/\/www2.unifap.br\/arquitetura\/files\/2025\/10\/envelope-e1759960038683-300x287.jpg 300w, https:\/\/www2.unifap.br\/arquitetura\/files\/2025\/10\/envelope-e1759960038683-1200x1148.jpg 1200w, https:\/\/www2.unifap.br\/arquitetura\/files\/2025\/10\/envelope-e1759960038683-768x735.jpg 768w, https:\/\/www2.unifap.br\/arquitetura\/files\/2025\/10\/envelope-e1759960038683.jpg 1286w\" sizes=\"(max-width: 25px) 100vw, 25px\" \/> <a href=\"mailto:oscarito@unifap.br\">oscarito@unifap.br<\/a><\/p><p><a href=\"https:\/\/sigaa.unifap.br\/sigaa\/public\/docente\/portal.jsf?siape=1170799\"><img decoding=\"async\" class=\"alignnone wp-image-6543\" src=\"http:\/\/www2.unifap.br\/arquitetura\/files\/2024\/02\/sigaa-300x83.png\" alt=\"\" width=\"91\" height=\"25\" srcset=\"https:\/\/www2.unifap.br\/arquitetura\/files\/2024\/02\/sigaa-300x83.png 300w, https:\/\/www2.unifap.br\/arquitetura\/files\/2024\/02\/sigaa-768x213.png 768w, https:\/\/www2.unifap.br\/arquitetura\/files\/2024\/02\/sigaa.png 1080w\" sizes=\"(max-width: 91px) 100vw, 91px\" \/> P\u00e1gina P\u00fablica<\/a><\/p><p><a href=\"http:\/\/lattes.cnpq.br\/8856023011431264\"><img loading=\"lazy\" decoding=\"async\" class=\"alignnone wp-image-6542 \" src=\"http:\/\/www2.unifap.br\/arquitetura\/files\/2024\/02\/lattesp-e1759959733714-300x135.png\" alt=\"\" width=\"91\" height=\"41\" srcset=\"https:\/\/www2.unifap.br\/arquitetura\/files\/2024\/02\/lattesp-e1759959733714-300x135.png 300w, https:\/\/www2.unifap.br\/arquitetura\/files\/2024\/02\/lattesp-e1759959733714.png 666w\" sizes=\"(max-width: 91px) 100vw, 91px\" \/> Curr\u00edculo Lattes<\/a><\/p>\t\t\t\t\t\t\t\t<\/div>\n\t\t\t\t<\/div>\n\t\t\t\t\t<\/div>\n\t\t\t\t<\/div>\n\t\t\t\t<\/div>\n\t\t\t\t\t<\/details>\n\t\t\t\t\t<\/div>\n\t\t\t\t\t\t<\/div>\n\t\t\t\t<\/div>\n\t\t\t\t\t<\/div>\n\t\t\t\t<\/div>\n\t\t\t\t<section class=\"elementor-section elementor-top-section elementor-element elementor-element-054f9ae elementor-section-boxed elementor-section-height-default elementor-section-height-default\" data-id=\"054f9ae\" data-element_type=\"section\" data-e-type=\"section\" data-settings=\"{&quot;background_background&quot;:&quot;classic&quot;}\">\n\t\t\t\t\t\t<div class=\"elementor-container elementor-column-gap-no\">\n\t\t\t\t\t<div class=\"elementor-column elementor-col-100 elementor-top-column elementor-element elementor-element-68d6b81\" data-id=\"68d6b81\" data-element_type=\"column\" data-e-type=\"column\">\n\t\t\t<div class=\"elementor-widget-wrap\">\n\t\t\t\t\t\t\t<\/div>\n\t\t<\/div>\n\t\t\t\t\t<\/div>\n\t\t<\/section>\n\t\t\t\t<section class=\"elementor-section elementor-top-section elementor-element elementor-element-240429d elementor-section-content-middle elementor-section-boxed elementor-section-height-default elementor-section-height-default\" data-id=\"240429d\" data-element_type=\"section\" data-e-type=\"section\" data-settings=\"{&quot;background_background&quot;:&quot;classic&quot;}\">\n\t\t\t\t\t\t\t<div class=\"elementor-background-overlay\"><\/div>\n\t\t\t\t\t\t\t<div class=\"elementor-container elementor-column-gap-no\">\n\t\t\t\t\t<div class=\"elementor-column elementor-col-100 elementor-top-column elementor-element elementor-element-93a64c7\" data-id=\"93a64c7\" data-element_type=\"column\" data-e-type=\"column\">\n\t\t\t<div class=\"elementor-widget-wrap elementor-element-populated\">\n\t\t\t\t\t\t<div class=\"elementor-element elementor-element-12a6174 elementor-widget elementor-widget-heading\" data-id=\"12a6174\" data-element_type=\"widget\" data-e-type=\"widget\" data-widget_type=\"heading.default\">\n\t\t\t\t<div class=\"elementor-widget-container\">\n\t\t\t\t\t<h2 class=\"elementor-heading-title elementor-size-default\">Professores anteriores<\/h2>\t\t\t\t<\/div>\n\t\t\t\t<\/div>\n\t\t\t\t\t<\/div>\n\t\t<\/div>\n\t\t\t\t\t<\/div>\n\t\t<\/section>\n\t\t<div class=\"elementor-element elementor-element-3bf8f11 e-flex e-con-boxed e-con e-parent\" data-id=\"3bf8f11\" data-element_type=\"container\" data-e-type=\"container\">\n\t\t\t\t\t<div class=\"e-con-inner\">\n\t\t\t\t<div class=\"elementor-element elementor-element-cf79e1c elementor-widget elementor-widget-text-editor\" data-id=\"cf79e1c\" data-element_type=\"widget\" data-e-type=\"widget\" data-widget_type=\"text-editor.default\">\n\t\t\t\t<div class=\"elementor-widget-container\">\n\t\t\t\t\t\t\t\t\t<table style=\"height: 605px\" width=\"1213\"><tbody><tr><td colspan=\"3\"><p><b>PROFESSORES EFETIVOS<\/b><\/p><\/td><\/tr><tr><td><p><b><i>NOME<\/i><\/b><\/p><\/td><td><p><b><i>PER\u00cdODO<\/i><\/b><\/p><\/td><td><p><b><i>LATTES<\/i><\/b><\/p><\/td><\/tr><tr><td><p><span style=\"font-weight: 400\">Aires\u00a0Manuel dos Santos\u00a0Fernandes<\/span><\/p><\/td><td><p><span style=\"font-weight: 400\">2013-2015<\/span><\/p><\/td><td><p><a href=\"http:\/\/lattes.cnpq.br\/6326594464594085\"><img loading=\"lazy\" decoding=\"async\" class=\"aligncenter wp-image-9322\" src=\"http:\/\/www2.unifap.br\/arquitetura\/files\/2024\/05\/icon-curriculo-lattes.png\" alt=\"\" width=\"50\" height=\"23\" \/><\/a><\/p><\/td><\/tr><tr><td><p><span style=\"font-weight: 400\">Jos\u00e9 Marcelo Martins Medeiros<\/span><\/p><\/td><td><p><span style=\"font-weight: 400\">2013-2018<\/span><\/p><\/td><td><p><a href=\"http:\/\/lattes.cnpq.br\/4298224618997991\"><img loading=\"lazy\" decoding=\"async\" class=\"aligncenter wp-image-9322\" src=\"http:\/\/www2.unifap.br\/arquitetura\/files\/2024\/05\/icon-curriculo-lattes.png\" alt=\"\" width=\"50\" height=\"23\" \/><\/a><\/p><\/td><\/tr><tr><td><p><span style=\"font-weight: 400\">Jamil Jos\u00e9 Salim Neto<\/span><\/p><\/td><td><p><span style=\"font-weight: 400\">2010-2013<\/span><\/p><\/td><td><p><a href=\"http:\/\/lattes.cnpq.br\/9993422483785979\"><img loading=\"lazy\" decoding=\"async\" class=\"aligncenter wp-image-9322\" src=\"http:\/\/www2.unifap.br\/arquitetura\/files\/2024\/05\/icon-curriculo-lattes.png\" alt=\"\" width=\"50\" height=\"23\" \/><\/a><\/p><\/td><\/tr><tr><td><p><span style=\"font-weight: 400\">Jair Jos\u00e9 dos Santos Gomes<\/span><\/p><\/td><td><p><span style=\"font-weight: 400\">2010-2013<\/span><\/p><\/td><td><p><a href=\"http:\/\/lattes.cnpq.br\/1573922090418894\"><img loading=\"lazy\" decoding=\"async\" class=\"aligncenter wp-image-9322\" src=\"http:\/\/www2.unifap.br\/arquitetura\/files\/2024\/05\/icon-curriculo-lattes.png\" alt=\"\" width=\"50\" height=\"23\" \/><\/a><\/p><\/td><\/tr><tr><td><p><span style=\"font-weight: 400\">H\u00e9ldio Jos\u00e9 Carneiro de Souza<\/span><\/p><\/td><td><p><span style=\"font-weight: 400\">2010-2013<\/span><\/p><\/td><td><p><a href=\"http:\/\/lattes.cnpq.br\/8262388913887180\"><img loading=\"lazy\" decoding=\"async\" class=\"aligncenter wp-image-9322\" src=\"http:\/\/www2.unifap.br\/arquitetura\/files\/2024\/05\/icon-curriculo-lattes.png\" alt=\"\" width=\"50\" height=\"23\" \/><\/a><\/p><\/td><\/tr><\/tbody><\/table><table style=\"height: 1904px\" width=\"1483\"><tbody><tr><td colspan=\"3\"><p><b>PROFESSORES SUBSTITUTOS<\/b><\/p><\/td><\/tr><tr><td><p><b><i>NOME<\/i><\/b><\/p><\/td><td><p><b><i>PER\u00cdODO<\/i><\/b><\/p><\/td><td><p><b><i>LATTES<\/i><\/b><\/p><\/td><\/tr><tr><td><p><span style=\"font-weight: 400\">Bruno do Nascimento Silva<\/span><\/p><\/td><td><p><span style=\"font-weight: 400\">2019-2023<\/span><\/p><\/td><td><p><span style=\"font-weight: 400\"><a href=\"http:\/\/lattes.cnpq.br\/0431732253072478\"><img loading=\"lazy\" decoding=\"async\" class=\"aligncenter wp-image-9322\" src=\"http:\/\/www2.unifap.br\/arquitetura\/files\/2024\/05\/icon-curriculo-lattes.png\" alt=\"\" width=\"50\" height=\"23\" \/><\/a><br \/><\/span><\/p><\/td><\/tr><tr><td><p><span style=\"font-weight: 400\">Luana Rocha de Souza<\/span><\/p><\/td><td><p><span style=\"font-weight: 400\">2019-2022<\/span><\/p><\/td><td><p><span style=\"font-weight: 400\"><a href=\"http:\/\/lattes.cnpq.br\/9147272474266210\"><img loading=\"lazy\" decoding=\"async\" class=\"aligncenter wp-image-9322\" src=\"http:\/\/www2.unifap.br\/arquitetura\/files\/2024\/05\/icon-curriculo-lattes.png\" alt=\"\" width=\"50\" height=\"23\" \/><\/a><br \/><\/span><\/p><\/td><\/tr><tr><td><p><span style=\"font-weight: 400\">Anneli Maricielo C\u00e1rdenas Celis<\/span><\/p><\/td><td><p><span style=\"font-weight: 400\">2019-2021<\/span><\/p><\/td><td><p><span style=\"font-weight: 400\"><a href=\"http:\/\/lattes.cnpq.br\/2833814688843293\"><img loading=\"lazy\" decoding=\"async\" class=\"aligncenter wp-image-9322\" src=\"http:\/\/www2.unifap.br\/arquitetura\/files\/2024\/05\/icon-curriculo-lattes.png\" alt=\"\" width=\"50\" height=\"23\" \/><\/a><br \/><\/span><\/p><\/td><\/tr><tr><td><p><span style=\"font-weight: 400\">Jacy Soares Corr\u00eaa Neto<\/span><\/p><\/td><td><p><span style=\"font-weight: 400\">2019-2021<\/span><\/p><\/td><td><p><span style=\"font-weight: 400\"><a href=\"http:\/\/lattes.cnpq.br\/1747103884998720\"><img loading=\"lazy\" decoding=\"async\" class=\"aligncenter wp-image-9322\" src=\"http:\/\/www2.unifap.br\/arquitetura\/files\/2024\/05\/icon-curriculo-lattes.png\" alt=\"\" width=\"50\" height=\"23\" \/><\/a><br \/><\/span><\/p><\/td><\/tr><tr><td><p><span style=\"font-weight: 400\">Katr\u00edcia Milena Almeida Correa<\/span><\/p><\/td><td><p><span style=\"font-weight: 400\">2019-2021<\/span><\/p><\/td><td><p><span style=\"font-weight: 400\"><a href=\"http:\/\/lattes.cnpq.br\/3045447572654523\"><img loading=\"lazy\" decoding=\"async\" class=\"aligncenter wp-image-9322\" src=\"http:\/\/www2.unifap.br\/arquitetura\/files\/2024\/05\/icon-curriculo-lattes.png\" alt=\"\" width=\"50\" height=\"23\" \/><\/a><br \/><\/span><\/p><\/td><\/tr><tr><td><p><span style=\"font-weight: 400\">Cibelly Alessandra Rodrigues Figueiredo<\/span><\/p><\/td><td><p><span style=\"font-weight: 400\">2019-2021<\/span><\/p><\/td><td><p><span style=\"font-weight: 400\"><a href=\"http:\/\/lattes.cnpq.br\/2006962621315193\"><img loading=\"lazy\" decoding=\"async\" class=\"aligncenter wp-image-9322\" src=\"http:\/\/www2.unifap.br\/arquitetura\/files\/2024\/05\/icon-curriculo-lattes.png\" alt=\"\" width=\"50\" height=\"23\" \/><\/a><\/span><\/p><\/td><\/tr><tr><td><p><span style=\"font-weight: 400\">Emanuella da Silva Piani Godinho<\/span><\/p><\/td><td><p><span style=\"font-weight: 400\">2019-2020<\/span><\/p><\/td><td><p><span style=\"font-weight: 400\"><a href=\"http:\/\/lattes.cnpq.br\/6235468210920864\"><img loading=\"lazy\" decoding=\"async\" class=\"aligncenter wp-image-9322\" src=\"http:\/\/www2.unifap.br\/arquitetura\/files\/2024\/05\/icon-curriculo-lattes.png\" alt=\"\" width=\"50\" height=\"23\" \/><\/a><\/span><\/p><\/td><\/tr><tr><td><p><span style=\"font-weight: 400\">Flavia Wayne De Souza Severino<\/span><\/p><\/td><td><p><span style=\"font-weight: 400\">2018-2020<\/span><\/p><\/td><td><p><span style=\"font-weight: 400\"><a href=\"http:\/\/lattes.cnpq.br\/6814517411719522\"><img loading=\"lazy\" decoding=\"async\" class=\"aligncenter wp-image-9322\" src=\"http:\/\/www2.unifap.br\/arquitetura\/files\/2024\/05\/icon-curriculo-lattes.png\" alt=\"\" width=\"50\" height=\"23\" \/><\/a><br \/><\/span><\/p><\/td><\/tr><tr><td><p><span style=\"font-weight: 400\">Renato Luiz de Carvalho<\/span><\/p><\/td><td><p><span style=\"font-weight: 400\">2018-2020<\/span><\/p><\/td><td><p><span style=\"font-weight: 400\"><a href=\"http:\/\/lattes.cnpq.br\/6190653830497089\"><img loading=\"lazy\" decoding=\"async\" class=\"aligncenter wp-image-9322\" src=\"http:\/\/www2.unifap.br\/arquitetura\/files\/2024\/05\/icon-curriculo-lattes.png\" alt=\"\" width=\"50\" height=\"23\" \/><\/a><br \/><\/span><\/p><\/td><\/tr><tr><td><p><span style=\"font-weight: 400\">Francianny Keyla Cabral Moraes<\/span><\/p><\/td><td><p><span style=\"font-weight: 400\">2018-2019<\/span><\/p><\/td><td><p><span style=\"font-weight: 400\"><a href=\"http:\/\/lattes.cnpq.br\/9219666411040609\"><img loading=\"lazy\" decoding=\"async\" class=\"aligncenter wp-image-9322\" src=\"http:\/\/www2.unifap.br\/arquitetura\/files\/2024\/05\/icon-curriculo-lattes.png\" alt=\"\" width=\"50\" height=\"23\" \/><\/a><\/span><\/p><\/td><\/tr><tr><td><p><span style=\"font-weight: 400\">Felipe Moreira Azevedo<\/span><\/p><\/td><td><p><span style=\"font-weight: 400\">2016-2018<\/span><\/p><\/td><td><p><span style=\"font-weight: 400\"><a href=\"http:\/\/lattes.cnpq.br\/8553692383580526\"><img loading=\"lazy\" decoding=\"async\" class=\"aligncenter wp-image-9322\" src=\"http:\/\/www2.unifap.br\/arquitetura\/files\/2024\/05\/icon-curriculo-lattes.png\" alt=\"\" width=\"50\" height=\"23\" \/><\/a><\/span><\/p><\/td><\/tr><tr><td><p><span style=\"font-weight: 400\">Gessica Nogueira dos Santos<\/span><\/p><\/td><td><p><span style=\"font-weight: 400\">2016-2018<\/span><\/p><p><span style=\"font-weight: 400\">2021-2023<\/span><\/p><\/td><td><p><span style=\"font-weight: 400\"><a href=\"http:\/\/lattes.cnpq.br\/0967695912488976\"><img loading=\"lazy\" decoding=\"async\" class=\"aligncenter wp-image-9322\" src=\"http:\/\/www2.unifap.br\/arquitetura\/files\/2024\/05\/icon-curriculo-lattes.png\" alt=\"\" width=\"50\" height=\"23\" \/><\/a><br \/><\/span><\/p><\/td><\/tr><tr><td><p><span style=\"font-weight: 400\">Dinah Reiko Tutyia<\/span><\/p><\/td><td><p><span style=\"font-weight: 400\">2014-2014<\/span><\/p><\/td><td><p><span style=\"font-weight: 400\"><a href=\"http:\/\/lattes.cnpq.br\/2146169996310274\"><img loading=\"lazy\" decoding=\"async\" class=\"aligncenter wp-image-9322\" src=\"http:\/\/www2.unifap.br\/arquitetura\/files\/2024\/05\/icon-curriculo-lattes.png\" alt=\"\" width=\"50\" height=\"23\" \/><\/a><br \/><\/span><\/p><\/td><\/tr><tr><td><p><span style=\"font-weight: 400\">Adailson Oliveira Bartolomeu<\/span><\/p><\/td><td><p><span style=\"font-weight: 400\">2014-2014<\/span><\/p><\/td><td><p><span style=\"font-weight: 400\"><a href=\"http:\/\/lattes.cnpq.br\/8031558096807752\"><img loading=\"lazy\" decoding=\"async\" class=\"aligncenter wp-image-9322\" src=\"http:\/\/www2.unifap.br\/arquitetura\/files\/2024\/05\/icon-curriculo-lattes.png\" alt=\"\" width=\"50\" height=\"23\" \/><\/a><br \/><\/span><\/p><\/td><\/tr><tr><td><p><span style=\"font-weight: 400\">Ana Corina Maia Palheta<\/span><\/p><\/td><td><p><span style=\"font-weight: 400\">2010-2011<\/span><\/p><p>2023-2025<\/p><\/td><td><p><span style=\"font-weight: 400\"><a href=\"http:\/\/lattes.cnpq.br\/0170081521182312\"><img loading=\"lazy\" decoding=\"async\" class=\"aligncenter wp-image-9322\" src=\"http:\/\/www2.unifap.br\/arquitetura\/files\/2024\/05\/icon-curriculo-lattes.png\" alt=\"\" width=\"50\" height=\"23\" \/><\/a><br \/><\/span><\/p><\/td><\/tr><\/tbody><\/table>\t\t\t\t\t\t\t\t<\/div>\n\t\t\t\t<\/div>\n\t\t\t\t\t<\/div>\n\t\t\t\t<\/div>\n\t\t\t\t<\/div>\n\t\t","protected":false},"excerpt":{"rendered":"<p>Colegiado de Curso de Arquitetura e Urbanismo Professores Efetivos Profa. Esp. Ana Karina Nascimento Silva Rodrigues Curr\u00edculo resumido: Arquiteta e Urbanista (UNAMA), especialista em Gest\u00e3o Empresarial (FGV). Tem experi\u00eancia na \u00e1rea de Arquitetura e Urbanismo, com \u00eanfase em Projeto de Arquitetura e Urbanismo, atuando principalmente nos seguintes temas: projeto de arquitetura, arquitetura moderna, habita\u00e7\u00e3o planejada,&#8230;<\/p>\n","protected":false},"author":3898,"featured_media":0,"parent":0,"menu_order":0,"comment_status":"closed","ping_status":"closed","template":"","meta":{"inline_featured_image":false,"site-sidebar-layout":"no-sidebar","site-content-layout":"page-builder","ast-site-content-layout":"full-width-container","site-content-style":"default","site-sidebar-style":"default","ast-global-header-display":"","ast-banner-title-visibility":"","ast-main-header-display":"","ast-hfb-above-header-display":"","ast-hfb-below-header-display":"","ast-hfb-mobile-header-display":"","site-post-title":"disabled","ast-breadcrumbs-content":"","ast-featured-img":"disabled","footer-sml-layout":"","theme-transparent-header-meta":"default","adv-header-id-meta":"","stick-header-meta":"","header-above-stick-meta":"","header-main-stick-meta":"","header-below-stick-meta":"","astra-migrate-meta-layouts":"set","ast-page-background-enabled":"default","ast-page-background-meta":{"desktop":{"background-color":"var(--ast-global-color-4)","background-image":"","background-repeat":"repeat","background-position":"center center","background-size":"auto","background-attachment":"scroll","background-type":"","background-media":"","overlay-type":"","overlay-color":"","overlay-opacity":"","overlay-gradient":""},"tablet":{"background-color":"","background-image":"","background-repeat":"repeat","background-position":"center center","background-size":"auto","background-attachment":"scroll","background-type":"","background-media":"","overlay-type":"","overlay-color":"","overlay-opacity":"","overlay-gradient":""},"mobile":{"background-color":"","background-image":"","background-repeat":"repeat","background-position":"center center","background-size":"auto","background-attachment":"scroll","background-type":"","background-media":"","overlay-type":"","overlay-color":"","overlay-opacity":"","overlay-gradient":""}},"ast-content-background-meta":{"desktop":{"background-color":"var(--ast-global-color-5)","background-image":"","background-repeat":"repeat","background-position":"center center","background-size":"auto","background-attachment":"scroll","background-type":"","background-media":"","overlay-type":"","overlay-color":"","overlay-opacity":"","overlay-gradient":""},"tablet":{"background-color":"var(--ast-global-color-5)","background-image":"","background-repeat":"repeat","background-position":"center center","background-size":"auto","background-attachment":"scroll","background-type":"","background-media":"","overlay-type":"","overlay-color":"","overlay-opacity":"","overlay-gradient":""},"mobile":{"background-color":"var(--ast-global-color-5)","background-image":"","background-repeat":"repeat","background-position":"center center","background-size":"auto","background-attachment":"scroll","background-type":"","background-media":"","overlay-type":"","overlay-color":"","overlay-opacity":"","overlay-gradient":""}},"ngg_post_thumbnail":0,"footnotes":""},"class_list":["post-6108","page","type-page","status-publish","hentry"],"_links":{"self":[{"href":"https:\/\/www2.unifap.br\/arquitetura\/wp-json\/wp\/v2\/pages\/6108","targetHints":{"allow":["GET"]}}],"collection":[{"href":"https:\/\/www2.unifap.br\/arquitetura\/wp-json\/wp\/v2\/pages"}],"about":[{"href":"https:\/\/www2.unifap.br\/arquitetura\/wp-json\/wp\/v2\/types\/page"}],"author":[{"embeddable":true,"href":"https:\/\/www2.unifap.br\/arquitetura\/wp-json\/wp\/v2\/users\/3898"}],"replies":[{"embeddable":true,"href":"https:\/\/www2.unifap.br\/arquitetura\/wp-json\/wp\/v2\/comments?post=6108"}],"version-history":[{"count":422,"href":"https:\/\/www2.unifap.br\/arquitetura\/wp-json\/wp\/v2\/pages\/6108\/revisions"}],"predecessor-version":[{"id":10293,"href":"https:\/\/www2.unifap.br\/arquitetura\/wp-json\/wp\/v2\/pages\/6108\/revisions\/10293"}],"wp:attachment":[{"href":"https:\/\/www2.unifap.br\/arquitetura\/wp-json\/wp\/v2\/media?parent=6108"}],"curies":[{"name":"wp","href":"https:\/\/api.w.org\/{rel}","templated":true}]}}