{"id":6113,"date":"2024-02-19T19:01:36","date_gmt":"2024-02-19T22:01:36","guid":{"rendered":"https:\/\/www2.unifap.br\/arquitetura\/?page_id=6113"},"modified":"2024-03-19T19:35:52","modified_gmt":"2024-03-19T22:35:52","slug":"espaco-fisico","status":"publish","type":"page","link":"https:\/\/www2.unifap.br\/arquitetura\/espaco-fisico\/","title":{"rendered":"Espa\u00e7o F\u00edsico"},"content":{"rendered":"\t\t<div data-elementor-type=\"wp-page\" data-elementor-id=\"6113\" class=\"elementor elementor-6113\">\n\t\t\t\t\t\t<section class=\"elementor-section elementor-top-section elementor-element elementor-element-p062495 elementor-section-content-middle elementor-reverse-mobile elementor-section-full_width elementor-section-height-default elementor-section-height-default\" data-id=\"p062495\" data-element_type=\"section\" data-e-type=\"section\" data-settings=\"{&quot;background_background&quot;:&quot;classic&quot;}\">\n\t\t\t\t\t\t\t<div class=\"elementor-background-overlay\"><\/div>\n\t\t\t\t\t\t\t<div class=\"elementor-container elementor-column-gap-no\">\n\t\t\t\t\t<div class=\"elementor-column elementor-col-50 elementor-top-column elementor-element elementor-element-b0b74d8\" data-id=\"b0b74d8\" data-element_type=\"column\" data-e-type=\"column\">\n\t\t\t<div class=\"elementor-widget-wrap elementor-element-populated\">\n\t\t\t\t\t\t<div class=\"elementor-element elementor-element-bfed4c6 elementor-widget elementor-widget-heading\" data-id=\"bfed4c6\" data-element_type=\"widget\" data-e-type=\"widget\" data-widget_type=\"heading.default\">\n\t\t\t\t<div class=\"elementor-widget-container\">\n\t\t\t\t\t<h2 class=\"elementor-heading-title elementor-size-default\">Bloco de Engenharia Civil e Arquitetura e Urbanismo<\/h2>\t\t\t\t<\/div>\n\t\t\t\t<\/div>\n\t\t\t\t<div class=\"elementor-element elementor-element-327f367 elementor-widget elementor-widget-text-editor\" data-id=\"327f367\" data-element_type=\"widget\" data-e-type=\"widget\" data-widget_type=\"text-editor.default\">\n\t\t\t\t<div class=\"elementor-widget-container\">\n\t\t\t\t\t\t\t\t\t<div style=\"font-weight: 400;text-align: justify\">O Curso de Arquitetura e Urbanismo exerce suas atividades administrativas e pedag\u00f3gicas no Campus Marco Zero da UNIFAP, na Cidade de Macap\u00e1-AP, no Bloco de Engenharia Civil e Arquitetura e Urbanismo (Localiza\u00e7\u00e3o via <i><span style=\"font-weight: 400;text-align: justify\">Google Maps<\/span><\/i><span style=\"font-weight: 400\">: <\/span><a href=\"https:\/\/goo.gl\/maps\/smscF9WXBRc4LpBv6\"><span style=\"font-weight: 400\">https:\/\/goo.gl\/maps\/smscF9WXBRc4LpBv6<\/span><\/a><span style=\"font-weight: 400\">), sendo composto\u00a0 de dois pavimentos,\u00a0 1 (um) t\u00e9rreo e 1 (um) andar superior.<\/span>\n<\/div>\t\t\t\t\t\t\t\t<\/div>\n\t\t\t\t<\/div>\n\t\t\t\t\t<\/div>\n\t\t<\/div>\n\t\t\t\t<div class=\"elementor-column elementor-col-50 elementor-top-column elementor-element elementor-element-51962fb\" data-id=\"51962fb\" data-element_type=\"column\" data-e-type=\"column\" data-settings=\"{&quot;background_background&quot;:&quot;classic&quot;}\">\n\t\t\t<div class=\"elementor-widget-wrap elementor-element-populated\">\n\t\t\t\t\t\t<div class=\"elementor-element elementor-element-6315460 elementor-widget__width-initial elementor-widget elementor-widget-image\" data-id=\"6315460\" data-element_type=\"widget\" data-e-type=\"widget\" data-widget_type=\"image.default\">\n\t\t\t\t<div class=\"elementor-widget-container\">\n\t\t\t\t\t\t\t\t\t\t\t\t\t\t\t<img fetchpriority=\"high\" decoding=\"async\" width=\"1200\" height=\"795\" src=\"https:\/\/www2.unifap.br\/arquitetura\/files\/2024\/02\/joaomagnus_230810_028.jpg\" class=\"attachment-full size-full wp-image-7182\" alt=\"\" srcset=\"https:\/\/www2.unifap.br\/arquitetura\/files\/2024\/02\/joaomagnus_230810_028.jpg 1200w, https:\/\/www2.unifap.br\/arquitetura\/files\/2024\/02\/joaomagnus_230810_028-300x199.jpg 300w, https:\/\/www2.unifap.br\/arquitetura\/files\/2024\/02\/joaomagnus_230810_028-768x509.jpg 768w\" sizes=\"(max-width: 1200px) 100vw, 1200px\" \/>\t\t\t\t\t\t\t\t\t\t\t\t\t\t\t<\/div>\n\t\t\t\t<\/div>\n\t\t\t\t<div class=\"elementor-element elementor-element-628f403 elementor-widget elementor-widget-text-editor\" data-id=\"628f403\" data-element_type=\"widget\" data-e-type=\"widget\" data-widget_type=\"text-editor.default\">\n\t\t\t\t<div class=\"elementor-widget-container\">\n\t\t\t\t\t\t\t\t\t<p><span style=\"font-weight: 400\">Fonte: Foto Jo\u00e3o Magnus, 2023.<\/span><\/p>\t\t\t\t\t\t\t\t<\/div>\n\t\t\t\t<\/div>\n\t\t\t\t\t<\/div>\n\t\t<\/div>\n\t\t\t\t\t<\/div>\n\t\t<\/section>\n\t\t\t\t<section class=\"elementor-section elementor-top-section elementor-element elementor-element-6rnrb6t elementor-section-boxed elementor-section-height-default elementor-section-height-default\" data-id=\"6rnrb6t\" data-element_type=\"section\" data-e-type=\"section\" data-settings=\"{&quot;background_background&quot;:&quot;classic&quot;}\">\n\t\t\t\t\t\t\t<div class=\"elementor-background-overlay\"><\/div>\n\t\t\t\t\t\t\t<div class=\"elementor-container elementor-column-gap-default\">\n\t\t\t\t\t<div class=\"elementor-column elementor-col-100 elementor-top-column elementor-element elementor-element-68ccc91\" data-id=\"68ccc91\" data-element_type=\"column\" data-e-type=\"column\">\n\t\t\t<div class=\"elementor-widget-wrap elementor-element-populated\">\n\t\t\t\t\t\t<section class=\"elementor-section elementor-inner-section elementor-element elementor-element-ed6b18b elementor-section-full_width elementor-section-height-default elementor-section-height-default\" data-id=\"ed6b18b\" data-element_type=\"section\" data-e-type=\"section\">\n\t\t\t\t\t\t<div class=\"elementor-container elementor-column-gap-default\">\n\t\t\t\t\t<div class=\"elementor-column elementor-col-33 elementor-inner-column elementor-element elementor-element-015deea\" data-id=\"015deea\" data-element_type=\"column\" data-e-type=\"column\" data-settings=\"{&quot;background_background&quot;:&quot;classic&quot;}\">\n\t\t\t<div class=\"elementor-widget-wrap elementor-element-populated\">\n\t\t\t\t\t<div class=\"elementor-background-overlay\"><\/div>\n\t\t\t\t\t\t<div class=\"elementor-element elementor-element-c55ac65 elementor-widget elementor-widget-heading\" data-id=\"c55ac65\" data-element_type=\"widget\" data-e-type=\"widget\" data-widget_type=\"heading.default\">\n\t\t\t\t<div class=\"elementor-widget-container\">\n\t\t\t\t\t<h4 class=\"elementor-heading-title elementor-size-default\">Escada para acesso ao 1\u00ba andar.<\/h4>\t\t\t\t<\/div>\n\t\t\t\t<\/div>\n\t\t\t\t<div class=\"elementor-element elementor-element-7530ff6 elementor-widget elementor-widget-text-editor\" data-id=\"7530ff6\" data-element_type=\"widget\" data-e-type=\"widget\" data-widget_type=\"text-editor.default\">\n\t\t\t\t<div class=\"elementor-widget-container\">\n\t\t\t\t\t\t\t\t\t<p><span style=\"font-weight: 400\">Fonte: Foto Jo\u00e3o Magnus, 2023.<\/span><\/p>\t\t\t\t\t\t\t\t<\/div>\n\t\t\t\t<\/div>\n\t\t\t\t\t<\/div>\n\t\t<\/div>\n\t\t\t\t<div class=\"elementor-column elementor-col-33 elementor-inner-column elementor-element elementor-element-29574b3\" data-id=\"29574b3\" data-element_type=\"column\" data-e-type=\"column\" data-settings=\"{&quot;background_background&quot;:&quot;classic&quot;}\">\n\t\t\t<div class=\"elementor-widget-wrap elementor-element-populated\">\n\t\t\t\t\t<div class=\"elementor-background-overlay\"><\/div>\n\t\t\t\t\t\t<div class=\"elementor-element elementor-element-2b6476e elementor-widget elementor-widget-heading\" data-id=\"2b6476e\" data-element_type=\"widget\" data-e-type=\"widget\" data-widget_type=\"heading.default\">\n\t\t\t\t<div class=\"elementor-widget-container\">\n\t\t\t\t\t<h4 class=\"elementor-heading-title elementor-size-default\">Circula\u00e7\u00e3o do 1\u00ba andar.<\/h4>\t\t\t\t<\/div>\n\t\t\t\t<\/div>\n\t\t\t\t<div class=\"elementor-element elementor-element-ba8d477 elementor-widget elementor-widget-text-editor\" data-id=\"ba8d477\" data-element_type=\"widget\" data-e-type=\"widget\" data-widget_type=\"text-editor.default\">\n\t\t\t\t<div class=\"elementor-widget-container\">\n\t\t\t\t\t\t\t\t\t<p><span style=\"font-weight: 400\">Fonte: Foto Jo\u00e3o Magnus, 2023.<\/span><\/p>\t\t\t\t\t\t\t\t<\/div>\n\t\t\t\t<\/div>\n\t\t\t\t\t<\/div>\n\t\t<\/div>\n\t\t\t\t<div class=\"elementor-column elementor-col-33 elementor-inner-column elementor-element elementor-element-743157c\" data-id=\"743157c\" data-element_type=\"column\" data-e-type=\"column\" data-settings=\"{&quot;background_background&quot;:&quot;classic&quot;}\">\n\t\t\t<div class=\"elementor-widget-wrap elementor-element-populated\">\n\t\t\t\t\t<div class=\"elementor-background-overlay\"><\/div>\n\t\t\t\t\t\t<div class=\"elementor-element elementor-element-e9d3f64 elementor-widget elementor-widget-heading\" data-id=\"e9d3f64\" data-element_type=\"widget\" data-e-type=\"widget\" data-widget_type=\"heading.default\">\n\t\t\t\t<div class=\"elementor-widget-container\">\n\t\t\t\t\t<h4 class=\"elementor-heading-title elementor-size-default\">Circula\u00e7\u00e3o T\u00e9rreo<\/h4>\t\t\t\t<\/div>\n\t\t\t\t<\/div>\n\t\t\t\t<div class=\"elementor-element elementor-element-0f41ed2 elementor-widget elementor-widget-text-editor\" data-id=\"0f41ed2\" data-element_type=\"widget\" data-e-type=\"widget\" data-widget_type=\"text-editor.default\">\n\t\t\t\t<div class=\"elementor-widget-container\">\n\t\t\t\t\t\t\t\t\t<p><span style=\"font-weight: 400\">Fonte: Foto Jo\u00e3o Magnus, 2023.<\/span><\/p>\t\t\t\t\t\t\t\t<\/div>\n\t\t\t\t<\/div>\n\t\t\t\t\t<\/div>\n\t\t<\/div>\n\t\t\t\t\t<\/div>\n\t\t<\/section>\n\t\t\t\t<div class=\"elementor-element elementor-element-dab890e elementor-widget elementor-widget-heading\" data-id=\"dab890e\" data-element_type=\"widget\" data-e-type=\"widget\" data-widget_type=\"heading.default\">\n\t\t\t\t<div class=\"elementor-widget-container\">\n\t\t\t\t\t<h2 class=\"elementor-heading-title elementor-size-default\"><div style=\"text-align: justify\">Considerando a infraestrutura do Bloco, o curso conta com os seguintes espa\u00e7os f\u00edsicos para a realiza\u00e7\u00e3o de suas atividades: <\/div>\n<\/h2>\t\t\t\t<\/div>\n\t\t\t\t<\/div>\n\t\t\t\t<div class=\"elementor-element elementor-element-22780c0 elementor-widget elementor-widget-text-editor\" data-id=\"22780c0\" data-element_type=\"widget\" data-e-type=\"widget\" data-widget_type=\"text-editor.default\">\n\t\t\t\t<div class=\"elementor-widget-container\">\n\t\t\t\t\t\t\t\t\t<ul><li style=\"font-weight: 400\"><span style=\"font-weight: 400\">1 &#8211; Audit\u00f3rio;<\/span><\/li><li style=\"font-weight: 400\"><span style=\"font-weight: 400\">1 &#8211; Cantina;<\/span><\/li><li style=\"font-weight: 400\"><span style=\"font-weight: 400\">1 &#8211; Coordena\u00e7\u00e3o do Curso;<\/span><\/li><li style=\"font-weight: 400\"><span style=\"font-weight: 400\">1 &#8211; Copa;<\/span><\/li><li style=\"font-weight: 400\"><span style=\"font-weight: 400\">1 &#8211; Escrit\u00f3rio Modelo;<\/span><\/li><li style=\"font-weight: 400\"><span style=\"font-weight: 400\">1 &#8211; Laborat\u00f3rio de Express\u00e3o e Modelos;<\/span><\/li><li style=\"font-weight: 400\"><span style=\"font-weight: 400\">1 &#8211; Laborat\u00f3rio de Inform\u00e1tica;<\/span><\/li><li style=\"font-weight: 400\"><span style=\"font-weight: 400\">1 &#8211; Sala de Estudos;<\/span><\/li><li style=\"font-weight: 400\"><span style=\"font-weight: 400\">1 &#8211; Sala de Professores;<\/span><\/li><li style=\"font-weight: 400\"><span style=\"font-weight: 400\">1 &#8211; Sala de Reuni\u00f5es;<\/span><\/li><li style=\"font-weight: 400\"><span style=\"font-weight: 400\">1 &#8211; Secretaria;<\/span><\/li><li style=\"font-weight: 400\"><span style=\"font-weight: 400\">2 &#8211; Laborat\u00f3rio de Ensino de Projeto;<\/span><\/li><li style=\"font-weight: 400\"><span style=\"font-weight: 400\">3 &#8211; Salas de aula.<\/span><\/li><\/ul>\t\t\t\t\t\t\t\t<\/div>\n\t\t\t\t<\/div>\n\t\t\t\t\t<\/div>\n\t\t<\/div>\n\t\t\t\t\t<\/div>\n\t\t<\/section>\n\t\t<div class=\"elementor-element elementor-element-d1d5088 e-flex e-con-boxed e-con e-parent\" data-id=\"d1d5088\" data-element_type=\"container\" data-e-type=\"container\">\n\t\t\t\t\t<div class=\"e-con-inner\">\n\t\t<div class=\"elementor-element elementor-element-13a8cbf e-con-full e-flex e-con e-child\" data-id=\"13a8cbf\" data-element_type=\"container\" data-e-type=\"container\">\n\t\t\t\t<div class=\"elementor-element elementor-element-fb7c7a9 elementor-widget elementor-widget-heading\" data-id=\"fb7c7a9\" data-element_type=\"widget\" data-e-type=\"widget\" data-widget_type=\"heading.default\">\n\t\t\t\t<div class=\"elementor-widget-container\">\n\t\t\t\t\t<h2 class=\"elementor-heading-title elementor-size-default\">Espa\u00e7os f\u00edsicos do curso de Arquitetura e Urbanismo \u2013 Bloco - T\u00e9rreo.<\/h2>\t\t\t\t<\/div>\n\t\t\t\t<\/div>\n\t\t\t\t<div class=\"elementor-element elementor-element-617dca6 elementor-widget elementor-widget-image\" data-id=\"617dca6\" data-element_type=\"widget\" data-e-type=\"widget\" data-widget_type=\"image.default\">\n\t\t\t\t<div class=\"elementor-widget-container\">\n\t\t\t\t\t\t\t\t\t\t\t\t\t\t\t<img decoding=\"async\" width=\"1200\" height=\"675\" src=\"https:\/\/www2.unifap.br\/arquitetura\/files\/2024\/02\/Imagem-INFRESTRTURA.pptx-1-1200x675.png\" class=\"attachment-large size-large wp-image-7201\" alt=\"\" srcset=\"https:\/\/www2.unifap.br\/arquitetura\/files\/2024\/02\/Imagem-INFRESTRTURA.pptx-1-1200x675.png 1200w, https:\/\/www2.unifap.br\/arquitetura\/files\/2024\/02\/Imagem-INFRESTRTURA.pptx-1-300x169.png 300w, https:\/\/www2.unifap.br\/arquitetura\/files\/2024\/02\/Imagem-INFRESTRTURA.pptx-1-768x432.png 768w, https:\/\/www2.unifap.br\/arquitetura\/files\/2024\/02\/Imagem-INFRESTRTURA.pptx-1.png 1280w\" sizes=\"(max-width: 1200px) 100vw, 1200px\" \/>\t\t\t\t\t\t\t\t\t\t\t\t\t\t\t<\/div>\n\t\t\t\t<\/div>\n\t\t\t\t<\/div>\n\t\t<div class=\"elementor-element elementor-element-f514906 e-con-full e-flex e-con e-child\" data-id=\"f514906\" data-element_type=\"container\" data-e-type=\"container\">\n\t\t\t\t<div class=\"elementor-element elementor-element-dd2559a elementor-widget elementor-widget-heading\" data-id=\"dd2559a\" data-element_type=\"widget\" data-e-type=\"widget\" data-widget_type=\"heading.default\">\n\t\t\t\t<div class=\"elementor-widget-container\">\n\t\t\t\t\t<h2 class=\"elementor-heading-title elementor-size-default\">Espa\u00e7os f\u00edsicos do curso de Arquitetura e Urbanismo \u2013 Bloco - 1\u00ba ANDAR<\/h2>\t\t\t\t<\/div>\n\t\t\t\t<\/div>\n\t\t\t\t<div class=\"elementor-element elementor-element-2d66c6f elementor-widget elementor-widget-image\" data-id=\"2d66c6f\" data-element_type=\"widget\" data-e-type=\"widget\" data-widget_type=\"image.default\">\n\t\t\t\t<div class=\"elementor-widget-container\">\n\t\t\t\t\t\t\t\t\t\t\t\t\t\t\t<img decoding=\"async\" width=\"1200\" height=\"675\" src=\"https:\/\/www2.unifap.br\/arquitetura\/files\/2024\/02\/Imagem-INFRESTRTURA.pptx-1200x675.png\" class=\"attachment-large size-large wp-image-7203\" alt=\"\" srcset=\"https:\/\/www2.unifap.br\/arquitetura\/files\/2024\/02\/Imagem-INFRESTRTURA.pptx-1200x675.png 1200w, https:\/\/www2.unifap.br\/arquitetura\/files\/2024\/02\/Imagem-INFRESTRTURA.pptx-300x169.png 300w, https:\/\/www2.unifap.br\/arquitetura\/files\/2024\/02\/Imagem-INFRESTRTURA.pptx-768x432.png 768w, https:\/\/www2.unifap.br\/arquitetura\/files\/2024\/02\/Imagem-INFRESTRTURA.pptx.png 1280w\" sizes=\"(max-width: 1200px) 100vw, 1200px\" \/>\t\t\t\t\t\t\t\t\t\t\t\t\t\t\t<\/div>\n\t\t\t\t<\/div>\n\t\t\t\t<\/div>\n\t\t\t\t\t<\/div>\n\t\t\t\t<\/div>\n\t\t<div class=\"elementor-element elementor-element-224dbce e-flex e-con-boxed e-con e-parent\" data-id=\"224dbce\" data-element_type=\"container\" data-e-type=\"container\">\n\t\t\t\t\t<div class=\"e-con-inner\">\n\t\t<div class=\"elementor-element elementor-element-58b59fd e-con-full e-flex e-con e-child\" data-id=\"58b59fd\" data-element_type=\"container\" data-e-type=\"container\">\n\t\t\t\t<div class=\"elementor-element elementor-element-addb5ba elementor-widget elementor-widget-heading\" data-id=\"addb5ba\" data-element_type=\"widget\" data-e-type=\"widget\" data-widget_type=\"heading.default\">\n\t\t\t\t<div class=\"elementor-widget-container\">\n\t\t\t\t\t<h2 class=\"elementor-heading-title elementor-size-default\"><div style=\"text-align: justify\">O curso, para o desenvolvimento pr\u00e1tico do processo de ensino, pesquisa e extens\u00e3o, possui em seu planejamento, a cria\u00e7\u00e3o e consolida\u00e7\u00e3o da infraestrutura f\u00edsica para os espa\u00e7os abaixo: <\/div>\n<\/h2>\t\t\t\t<\/div>\n\t\t\t\t<\/div>\n\t\t\t\t<div class=\"elementor-element elementor-element-db99e6a elementor-widget elementor-widget-text-editor\" data-id=\"db99e6a\" data-element_type=\"widget\" data-e-type=\"widget\" data-widget_type=\"text-editor.default\">\n\t\t\t\t<div class=\"elementor-widget-container\">\n\t\t\t\t\t\t\t\t\t<ul><li style=\"font-weight: 400\"><span style=\"font-weight: 400\">Laborat\u00f3rio de Conforto Ambiental;<\/span><\/li><li style=\"font-weight: 400\"><span style=\"font-weight: 400\">Laborat\u00f3rio de Tecnologia das Constru\u00e7\u00f5es e do Restauro;<\/span><\/li><li style=\"font-weight: 400\"><span style=\"font-weight: 400\">Laborat\u00f3rio de Teoria, Hist\u00f3ria e Patrim\u00f4nio;<\/span><\/li><li style=\"font-weight: 400\"><span style=\"font-weight: 400\">Laborat\u00f3rio de Urbanismo e Paisagismo.<\/span><\/li><\/ul>\t\t\t\t\t\t\t\t<\/div>\n\t\t\t\t<\/div>\n\t\t\t\t<div class=\"elementor-element elementor-element-649ba10 elementor-widget elementor-widget-text-editor\" data-id=\"649ba10\" data-element_type=\"widget\" data-e-type=\"widget\" data-widget_type=\"text-editor.default\">\n\t\t\t\t<div class=\"elementor-widget-container\">\n\t\t\t\t\t\t\t\t\t<div style=\"text-align: justify\">\n<span style=\"font-weight: 400\">\u00c9 importante destacar que o audit\u00f3rio, a cantina, a copa, a sala de estudos, a sala de reuni\u00f5es, a secretaria e as salas de aula s\u00e3o espa\u00e7os compartilhados com o Curso de Engenharia Civil que funcionam no mesmo bloco.<\/span>\n\n<span style=\"font-weight: 400\">A seguir \u00e9 realizado a descri\u00e7\u00e3o de cada espa\u00e7o do utilizado pelo curso:<\/span>\n<\/div>\t\t\t\t\t\t\t\t<\/div>\n\t\t\t\t<\/div>\n\t\t\t\t<div class=\"elementor-element elementor-element-a573619 elementor-widget elementor-widget-n-accordion\" data-id=\"a573619\" data-element_type=\"widget\" data-e-type=\"widget\" data-settings=\"{&quot;default_state&quot;:&quot;all_collapsed&quot;,&quot;max_items_expended&quot;:&quot;one&quot;,&quot;n_accordion_animation_duration&quot;:{&quot;unit&quot;:&quot;ms&quot;,&quot;size&quot;:400,&quot;sizes&quot;:[]}}\" data-widget_type=\"nested-accordion.default\">\n\t\t\t\t<div class=\"elementor-widget-container\">\n\t\t\t\t\t\t\t<div class=\"e-n-accordion\" aria-label=\"Accordion. Open links with Enter or Space, close with Escape, and navigate with Arrow Keys\">\n\t\t\t\t\t\t<details id=\"e-n-accordion-item-1730\" class=\"e-n-accordion-item\" >\n\t\t\t\t<summary class=\"e-n-accordion-item-title\" data-accordion-index=\"1\" tabindex=\"0\" aria-expanded=\"false\" aria-controls=\"e-n-accordion-item-1730\" >\n\t\t\t\t\t<span class='e-n-accordion-item-title-header'><div class=\"e-n-accordion-item-title-text\"> Audit\u00f3rio <\/div><\/span>\n\t\t\t\t\t\t\t<span class='e-n-accordion-item-title-icon'>\n\t\t\t<span class='e-opened' ><svg aria-hidden=\"true\" class=\"e-font-icon-svg e-fas-minus\" viewBox=\"0 0 448 512\" xmlns=\"http:\/\/www.w3.org\/2000\/svg\"><path d=\"M416 208H32c-17.67 0-32 14.33-32 32v32c0 17.67 14.33 32 32 32h384c17.67 0 32-14.33 32-32v-32c0-17.67-14.33-32-32-32z\"><\/path><\/svg><\/span>\n\t\t\t<span class='e-closed'><svg aria-hidden=\"true\" class=\"e-font-icon-svg e-fas-plus\" viewBox=\"0 0 448 512\" xmlns=\"http:\/\/www.w3.org\/2000\/svg\"><path d=\"M416 208H272V64c0-17.67-14.33-32-32-32h-32c-17.67 0-32 14.33-32 32v144H32c-17.67 0-32 14.33-32 32v32c0 17.67 14.33 32 32 32h144v144c0 17.67 14.33 32 32 32h32c17.67 0 32-14.33 32-32V304h144c17.67 0 32-14.33 32-32v-32c0-17.67-14.33-32-32-32z\"><\/path><\/svg><\/span>\n\t\t<\/span>\n\n\t\t\t\t\t\t<\/summary>\n\t\t\t\t<div role=\"region\" aria-labelledby=\"e-n-accordion-item-1730\" class=\"elementor-element elementor-element-349d4e3 e-con-full e-flex e-con e-child\" data-id=\"349d4e3\" data-element_type=\"container\" data-e-type=\"container\">\n\t\t<div role=\"region\" aria-labelledby=\"e-n-accordion-item-1730\" class=\"elementor-element elementor-element-8562e91 e-con-full e-flex e-con e-child\" data-id=\"8562e91\" data-element_type=\"container\" data-e-type=\"container\">\n\t\t\t\t<div class=\"elementor-element elementor-element-568c71d elementor-widget elementor-widget-text-editor\" data-id=\"568c71d\" data-element_type=\"widget\" data-e-type=\"widget\" data-widget_type=\"text-editor.default\">\n\t\t\t\t<div class=\"elementor-widget-container\">\n\t\t\t\t\t\t\t\t\t<div style=\"text-align: justify\"><span style=\"font-weight: 400\">\u00c9 um espa\u00e7o compartilhado com o curso de Engenharia Civil, utilizado <\/span><span style=\"font-weight: 400\">para realiza\u00e7\u00e3o de eventos, confer\u00eancias, palestras e outros de natureza acad\u00eamica, apresentando a \u00e1rea total de <\/span><span style=\"font-weight: 400\">126,11 m<\/span><span style=\"font-weight: 400\">2 <\/span><span style=\"font-weight: 400\">com capacidade de 117 pessoas.\u00a0<\/span><\/div>\t\t\t\t\t\t\t\t<\/div>\n\t\t\t\t<\/div>\n\t\t\t\t<\/div>\n\t\t<div role=\"region\" aria-labelledby=\"e-n-accordion-item-1730\" class=\"elementor-element elementor-element-e0dbbc6 e-con-full e-flex e-con e-child\" data-id=\"e0dbbc6\" data-element_type=\"container\" data-e-type=\"container\">\n\t\t\t\t<div class=\"elementor-element elementor-element-c9870f0 elementor-widget elementor-widget-image\" data-id=\"c9870f0\" data-element_type=\"widget\" data-e-type=\"widget\" data-widget_type=\"image.default\">\n\t\t\t\t<div class=\"elementor-widget-container\">\n\t\t\t\t\t\t\t\t\t\t\t\t<figure class=\"wp-caption\">\n\t\t\t\t\t\t\t\t\t\t<img loading=\"lazy\" decoding=\"async\" width=\"1200\" height=\"795\" src=\"https:\/\/www2.unifap.br\/arquitetura\/files\/2024\/02\/joaomagnus_230818_019.jpg\" class=\"attachment-large size-large wp-image-7217\" alt=\"\" srcset=\"https:\/\/www2.unifap.br\/arquitetura\/files\/2024\/02\/joaomagnus_230818_019.jpg 1200w, https:\/\/www2.unifap.br\/arquitetura\/files\/2024\/02\/joaomagnus_230818_019-300x199.jpg 300w, https:\/\/www2.unifap.br\/arquitetura\/files\/2024\/02\/joaomagnus_230818_019-768x509.jpg 768w\" sizes=\"(max-width: 1200px) 100vw, 1200px\" \/>\t\t\t\t\t\t\t\t\t\t\t<figcaption class=\"widget-image-caption wp-caption-text\">Foto Jo\u00e3o Magnus, 2023<\/figcaption>\n\t\t\t\t\t\t\t\t\t\t<\/figure>\n\t\t\t\t\t\t\t\t\t<\/div>\n\t\t\t\t<\/div>\n\t\t\t\t<\/div>\n\t\t\t\t<\/div>\n\t\t\t\t\t<\/details>\n\t\t\t\t\t\t<details id=\"e-n-accordion-item-1731\" class=\"e-n-accordion-item\" >\n\t\t\t\t<summary class=\"e-n-accordion-item-title\" data-accordion-index=\"2\" tabindex=\"-1\" aria-expanded=\"false\" aria-controls=\"e-n-accordion-item-1731\" >\n\t\t\t\t\t<span class='e-n-accordion-item-title-header'><div class=\"e-n-accordion-item-title-text\"> Cantina <\/div><\/span>\n\t\t\t\t\t\t\t<span class='e-n-accordion-item-title-icon'>\n\t\t\t<span class='e-opened' ><svg aria-hidden=\"true\" class=\"e-font-icon-svg e-fas-minus\" viewBox=\"0 0 448 512\" xmlns=\"http:\/\/www.w3.org\/2000\/svg\"><path d=\"M416 208H32c-17.67 0-32 14.33-32 32v32c0 17.67 14.33 32 32 32h384c17.67 0 32-14.33 32-32v-32c0-17.67-14.33-32-32-32z\"><\/path><\/svg><\/span>\n\t\t\t<span class='e-closed'><svg aria-hidden=\"true\" class=\"e-font-icon-svg e-fas-plus\" viewBox=\"0 0 448 512\" xmlns=\"http:\/\/www.w3.org\/2000\/svg\"><path d=\"M416 208H272V64c0-17.67-14.33-32-32-32h-32c-17.67 0-32 14.33-32 32v144H32c-17.67 0-32 14.33-32 32v32c0 17.67 14.33 32 32 32h144v144c0 17.67 14.33 32 32 32h32c17.67 0 32-14.33 32-32V304h144c17.67 0 32-14.33 32-32v-32c0-17.67-14.33-32-32-32z\"><\/path><\/svg><\/span>\n\t\t<\/span>\n\n\t\t\t\t\t\t<\/summary>\n\t\t\t\t<div role=\"region\" aria-labelledby=\"e-n-accordion-item-1731\" class=\"elementor-element elementor-element-75036e2 e-con-full e-flex e-con e-child\" data-id=\"75036e2\" data-element_type=\"container\" data-e-type=\"container\">\n\t\t<div role=\"region\" aria-labelledby=\"e-n-accordion-item-1731\" class=\"elementor-element elementor-element-8a5ca22 e-con-full e-flex e-con e-child\" data-id=\"8a5ca22\" data-element_type=\"container\" data-e-type=\"container\">\n\t\t\t\t<div class=\"elementor-element elementor-element-eb8bbcc elementor-widget elementor-widget-text-editor\" data-id=\"eb8bbcc\" data-element_type=\"widget\" data-e-type=\"widget\" data-widget_type=\"text-editor.default\">\n\t\t\t\t<div class=\"elementor-widget-container\">\n\t\t\t\t\t\t\t\t\t<div style=\"text-align: justify\"><span style=\"font-weight: 400\">A cantina \u00e9 um local destinado ao consumo de alimentos e bebidas, sendo que \u00e9 um espa\u00e7o que compartilhado pelo Curso de Engenharia Civil, apresenta uma \u00e1rea de 51,46 m2. O espa\u00e7o possui 3 mesas de refeit\u00f3rio e 1 bebedouro, al\u00e9m de uma bancada com uma pia.\u00a0<\/span><\/div>\t\t\t\t\t\t\t\t<\/div>\n\t\t\t\t<\/div>\n\t\t\t\t<\/div>\n\t\t<div role=\"region\" aria-labelledby=\"e-n-accordion-item-1731\" class=\"elementor-element elementor-element-63e3651 e-con-full e-flex e-con e-child\" data-id=\"63e3651\" data-element_type=\"container\" data-e-type=\"container\">\n\t\t\t\t<div class=\"elementor-element elementor-element-2c15b94 elementor-widget elementor-widget-image\" data-id=\"2c15b94\" data-element_type=\"widget\" data-e-type=\"widget\" data-widget_type=\"image.default\">\n\t\t\t\t<div class=\"elementor-widget-container\">\n\t\t\t\t\t\t\t\t\t\t\t\t<figure class=\"wp-caption\">\n\t\t\t\t\t\t\t\t\t\t<img loading=\"lazy\" decoding=\"async\" width=\"1200\" height=\"795\" src=\"https:\/\/www2.unifap.br\/arquitetura\/files\/2024\/02\/joaomagnus_230818_021.jpg\" class=\"attachment-large size-large wp-image-7218\" alt=\"\" srcset=\"https:\/\/www2.unifap.br\/arquitetura\/files\/2024\/02\/joaomagnus_230818_021.jpg 1200w, https:\/\/www2.unifap.br\/arquitetura\/files\/2024\/02\/joaomagnus_230818_021-300x199.jpg 300w, https:\/\/www2.unifap.br\/arquitetura\/files\/2024\/02\/joaomagnus_230818_021-768x509.jpg 768w\" sizes=\"(max-width: 1200px) 100vw, 1200px\" \/>\t\t\t\t\t\t\t\t\t\t\t<figcaption class=\"widget-image-caption wp-caption-text\">Foto Jo\u00e3o Magnus, 2023<\/figcaption>\n\t\t\t\t\t\t\t\t\t\t<\/figure>\n\t\t\t\t\t\t\t\t\t<\/div>\n\t\t\t\t<\/div>\n\t\t\t\t<\/div>\n\t\t\t\t<\/div>\n\t\t\t\t\t<\/details>\n\t\t\t\t\t\t<details id=\"e-n-accordion-item-1732\" class=\"e-n-accordion-item\" >\n\t\t\t\t<summary class=\"e-n-accordion-item-title\" data-accordion-index=\"3\" tabindex=\"-1\" aria-expanded=\"false\" aria-controls=\"e-n-accordion-item-1732\" >\n\t\t\t\t\t<span class='e-n-accordion-item-title-header'><div class=\"e-n-accordion-item-title-text\"> Copa <\/div><\/span>\n\t\t\t\t\t\t\t<span class='e-n-accordion-item-title-icon'>\n\t\t\t<span class='e-opened' ><svg aria-hidden=\"true\" class=\"e-font-icon-svg e-fas-minus\" viewBox=\"0 0 448 512\" xmlns=\"http:\/\/www.w3.org\/2000\/svg\"><path d=\"M416 208H32c-17.67 0-32 14.33-32 32v32c0 17.67 14.33 32 32 32h384c17.67 0 32-14.33 32-32v-32c0-17.67-14.33-32-32-32z\"><\/path><\/svg><\/span>\n\t\t\t<span class='e-closed'><svg aria-hidden=\"true\" class=\"e-font-icon-svg e-fas-plus\" viewBox=\"0 0 448 512\" xmlns=\"http:\/\/www.w3.org\/2000\/svg\"><path d=\"M416 208H272V64c0-17.67-14.33-32-32-32h-32c-17.67 0-32 14.33-32 32v144H32c-17.67 0-32 14.33-32 32v32c0 17.67 14.33 32 32 32h144v144c0 17.67 14.33 32 32 32h32c17.67 0 32-14.33 32-32V304h144c17.67 0 32-14.33 32-32v-32c0-17.67-14.33-32-32-32z\"><\/path><\/svg><\/span>\n\t\t<\/span>\n\n\t\t\t\t\t\t<\/summary>\n\t\t\t\t<div role=\"region\" aria-labelledby=\"e-n-accordion-item-1732\" class=\"elementor-element elementor-element-b417600 e-con-full e-flex e-con e-child\" data-id=\"b417600\" data-element_type=\"container\" data-e-type=\"container\">\n\t\t<div role=\"region\" aria-labelledby=\"e-n-accordion-item-1732\" class=\"elementor-element elementor-element-01c9833 e-con-full e-flex e-con e-child\" data-id=\"01c9833\" data-element_type=\"container\" data-e-type=\"container\">\n\t\t\t\t<div class=\"elementor-element elementor-element-1c9d555 elementor-widget elementor-widget-text-editor\" data-id=\"1c9d555\" data-element_type=\"widget\" data-e-type=\"widget\" data-widget_type=\"text-editor.default\">\n\t\t\t\t<div class=\"elementor-widget-container\">\n\t\t\t\t\t\t\t\t\t<div style=\"text-align: justify\"><span style=\"font-weight: 400\">Espa\u00e7o compartilhado com o curso de Engenharia Civil, utilizado para prepara\u00e7\u00e3o, consumo e guarda de alimentos, apresenta uma \u00e1rea de 22,56 m<\/span><span style=\"font-weight: 400\">2<\/span><span style=\"font-weight: 400\">. O espa\u00e7o possui 1 fog\u00e3o, 1 frigobar, 1 micro-ondas, 1 arm\u00e1rio baixo, 1 arm\u00e1rio alto, 1 mesa de reuni\u00e3o e 10 cadeiras acolchoadas<\/span><span style=\"font-weight: 400\">. <\/span><\/div>\t\t\t\t\t\t\t\t<\/div>\n\t\t\t\t<\/div>\n\t\t<div role=\"region\" aria-labelledby=\"e-n-accordion-item-1732\" class=\"elementor-element elementor-element-152a2cd e-grid e-con-boxed e-con e-child\" data-id=\"152a2cd\" data-element_type=\"container\" data-e-type=\"container\">\n\t\t\t\t\t<div class=\"e-con-inner\">\n\t\t\t\t<div class=\"elementor-element elementor-element-17212e9 elementor-widget elementor-widget-image\" data-id=\"17212e9\" data-element_type=\"widget\" data-e-type=\"widget\" data-widget_type=\"image.default\">\n\t\t\t\t<div class=\"elementor-widget-container\">\n\t\t\t\t\t\t\t\t\t\t\t\t<figure class=\"wp-caption\">\n\t\t\t\t\t\t\t\t\t\t<img loading=\"lazy\" decoding=\"async\" width=\"1200\" height=\"795\" src=\"https:\/\/www2.unifap.br\/arquitetura\/files\/2024\/02\/joaomagnus_230810_010.jpg\" class=\"attachment-large size-large wp-image-7224\" alt=\"\" srcset=\"https:\/\/www2.unifap.br\/arquitetura\/files\/2024\/02\/joaomagnus_230810_010.jpg 1200w, https:\/\/www2.unifap.br\/arquitetura\/files\/2024\/02\/joaomagnus_230810_010-300x199.jpg 300w, https:\/\/www2.unifap.br\/arquitetura\/files\/2024\/02\/joaomagnus_230810_010-768x509.jpg 768w\" sizes=\"(max-width: 1200px) 100vw, 1200px\" \/>\t\t\t\t\t\t\t\t\t\t\t<figcaption class=\"widget-image-caption wp-caption-text\">Fonte: Foto Jo\u00e3o Magnus, 2023.<\/figcaption>\n\t\t\t\t\t\t\t\t\t\t<\/figure>\n\t\t\t\t\t\t\t\t\t<\/div>\n\t\t\t\t<\/div>\n\t\t\t\t<div class=\"elementor-element elementor-element-e292790 elementor-widget elementor-widget-image\" data-id=\"e292790\" data-element_type=\"widget\" data-e-type=\"widget\" data-widget_type=\"image.default\">\n\t\t\t\t<div class=\"elementor-widget-container\">\n\t\t\t\t\t\t\t\t\t\t\t\t<figure class=\"wp-caption\">\n\t\t\t\t\t\t\t\t\t\t<img loading=\"lazy\" decoding=\"async\" width=\"1200\" height=\"795\" src=\"https:\/\/www2.unifap.br\/arquitetura\/files\/2024\/02\/joaomagnus_230810_011.jpg\" class=\"attachment-large size-large wp-image-7220\" alt=\"\" srcset=\"https:\/\/www2.unifap.br\/arquitetura\/files\/2024\/02\/joaomagnus_230810_011.jpg 1200w, https:\/\/www2.unifap.br\/arquitetura\/files\/2024\/02\/joaomagnus_230810_011-300x199.jpg 300w, https:\/\/www2.unifap.br\/arquitetura\/files\/2024\/02\/joaomagnus_230810_011-768x509.jpg 768w\" sizes=\"(max-width: 1200px) 100vw, 1200px\" \/>\t\t\t\t\t\t\t\t\t\t\t<figcaption class=\"widget-image-caption wp-caption-text\">Fonte: Foto Jo\u00e3o Magnus, 2023.<\/figcaption>\n\t\t\t\t\t\t\t\t\t\t<\/figure>\n\t\t\t\t\t\t\t\t\t<\/div>\n\t\t\t\t<\/div>\n\t\t\t\t\t<\/div>\n\t\t\t\t<\/div>\n\t\t\t\t<\/div>\n\t\t\t\t<\/div>\n\t\t\t\t\t<\/details>\n\t\t\t\t\t\t<details id=\"e-n-accordion-item-1733\" class=\"e-n-accordion-item\" >\n\t\t\t\t<summary class=\"e-n-accordion-item-title\" data-accordion-index=\"4\" tabindex=\"-1\" aria-expanded=\"false\" aria-controls=\"e-n-accordion-item-1733\" >\n\t\t\t\t\t<span class='e-n-accordion-item-title-header'><div class=\"e-n-accordion-item-title-text\"> Escrit\u00f3rio Modelo (Sala 04) <\/div><\/span>\n\t\t\t\t\t\t\t<span class='e-n-accordion-item-title-icon'>\n\t\t\t<span class='e-opened' ><svg aria-hidden=\"true\" class=\"e-font-icon-svg e-fas-minus\" viewBox=\"0 0 448 512\" xmlns=\"http:\/\/www.w3.org\/2000\/svg\"><path d=\"M416 208H32c-17.67 0-32 14.33-32 32v32c0 17.67 14.33 32 32 32h384c17.67 0 32-14.33 32-32v-32c0-17.67-14.33-32-32-32z\"><\/path><\/svg><\/span>\n\t\t\t<span class='e-closed'><svg aria-hidden=\"true\" class=\"e-font-icon-svg e-fas-plus\" viewBox=\"0 0 448 512\" xmlns=\"http:\/\/www.w3.org\/2000\/svg\"><path d=\"M416 208H272V64c0-17.67-14.33-32-32-32h-32c-17.67 0-32 14.33-32 32v144H32c-17.67 0-32 14.33-32 32v32c0 17.67 14.33 32 32 32h144v144c0 17.67 14.33 32 32 32h32c17.67 0 32-14.33 32-32V304h144c17.67 0 32-14.33 32-32v-32c0-17.67-14.33-32-32-32z\"><\/path><\/svg><\/span>\n\t\t<\/span>\n\n\t\t\t\t\t\t<\/summary>\n\t\t\t\t<div role=\"region\" aria-labelledby=\"e-n-accordion-item-1733\" class=\"elementor-element elementor-element-e26df58 e-con-full e-flex e-con e-child\" data-id=\"e26df58\" data-element_type=\"container\" data-e-type=\"container\">\n\t\t<div role=\"region\" aria-labelledby=\"e-n-accordion-item-1733\" class=\"elementor-element elementor-element-4a85432 e-con-full e-flex e-con e-child\" data-id=\"4a85432\" data-element_type=\"container\" data-e-type=\"container\">\n\t\t\t\t<div class=\"elementor-element elementor-element-fdadb0a elementor-widget elementor-widget-text-editor\" data-id=\"fdadb0a\" data-element_type=\"widget\" data-e-type=\"widget\" data-widget_type=\"text-editor.default\">\n\t\t\t\t<div class=\"elementor-widget-container\">\n\t\t\t\t\t\t\t\t\t<div style=\"text-align: justify\">\n<span style=\"font-weight: 400\">Espa\u00e7o utilizado pelos <\/span><span style=\"font-weight: 400\">acad\u00eamicos para aplica\u00e7\u00e3o da pr\u00e1tica dos conhecimentos t\u00e9cnicos relativos \u00e0 arquitetura e urbanismo, por meio de atendimento \u00e0 \u00f3rg\u00e3os, empresas e comunidades. <\/span><span style=\"font-weight: 400\">O espa\u00e7o apresenta uma \u00e1rea de\u00a0 61,81 m<\/span><span style=\"font-weight: 400\">2<\/span><span style=\"font-weight: 400\">, possuindo <\/span><span style=\"font-weight: 400\">6 mesas retangulares, 2 mesas de reuni\u00f5es, 4 arm\u00e1rios altos, 3 arm\u00e1rios baixos, 1 estante met\u00e1lica, 2 computadores desktops com monitor, 2 impressoras, 2 mesas de pranchetas, 17 <\/span><span style=\"font-weight: 400\">cadeiras acolchoadas, 4 cadeiras girat\u00f3rias com bra\u00e7o, 4 cadeiras acolchoadas girat\u00f3rias e 2 centrais de ar. <\/span><span style=\"font-weight: 400\">A seguir s\u00e3o apresentadas fotos do ambiente: <\/span>\n<\/div>\t\t\t\t\t\t\t\t<\/div>\n\t\t\t\t<\/div>\n\t\t\t\t<\/div>\n\t\t<div role=\"region\" aria-labelledby=\"e-n-accordion-item-1733\" class=\"elementor-element elementor-element-86abbcc e-con-full e-flex e-con e-child\" data-id=\"86abbcc\" data-element_type=\"container\" data-e-type=\"container\">\n\t\t\t\t<div class=\"elementor-element elementor-element-b4dfd23 elementor-widget elementor-widget-image\" data-id=\"b4dfd23\" data-element_type=\"widget\" data-e-type=\"widget\" data-widget_type=\"image.default\">\n\t\t\t\t<div class=\"elementor-widget-container\">\n\t\t\t\t\t\t\t\t\t\t\t\t<figure class=\"wp-caption\">\n\t\t\t\t\t\t\t\t\t\t<img loading=\"lazy\" decoding=\"async\" width=\"1200\" height=\"796\" src=\"https:\/\/www2.unifap.br\/arquitetura\/files\/2024\/02\/joaomagnus_230818_013.jpg\" class=\"attachment-large size-large wp-image-7228\" alt=\"\" srcset=\"https:\/\/www2.unifap.br\/arquitetura\/files\/2024\/02\/joaomagnus_230818_013.jpg 1200w, https:\/\/www2.unifap.br\/arquitetura\/files\/2024\/02\/joaomagnus_230818_013-300x199.jpg 300w, https:\/\/www2.unifap.br\/arquitetura\/files\/2024\/02\/joaomagnus_230818_013-768x509.jpg 768w\" sizes=\"(max-width: 1200px) 100vw, 1200px\" \/>\t\t\t\t\t\t\t\t\t\t\t<figcaption class=\"widget-image-caption wp-caption-text\">Fonte: Foto Jo\u00e3o Magnus, 2023.<\/figcaption>\n\t\t\t\t\t\t\t\t\t\t<\/figure>\n\t\t\t\t\t\t\t\t\t<\/div>\n\t\t\t\t<\/div>\n\t\t\t\t<\/div>\n\t\t\t\t<\/div>\n\t\t\t\t\t<\/details>\n\t\t\t\t\t\t<details id=\"e-n-accordion-item-1734\" class=\"e-n-accordion-item\" >\n\t\t\t\t<summary class=\"e-n-accordion-item-title\" data-accordion-index=\"5\" tabindex=\"-1\" aria-expanded=\"false\" aria-controls=\"e-n-accordion-item-1734\" >\n\t\t\t\t\t<span class='e-n-accordion-item-title-header'><div class=\"e-n-accordion-item-title-text\"> Laborat\u00f3rio de Express\u00e3o e Modelos (Sala 05) <\/div><\/span>\n\t\t\t\t\t\t\t<span class='e-n-accordion-item-title-icon'>\n\t\t\t<span class='e-opened' ><svg aria-hidden=\"true\" class=\"e-font-icon-svg e-fas-minus\" viewBox=\"0 0 448 512\" xmlns=\"http:\/\/www.w3.org\/2000\/svg\"><path d=\"M416 208H32c-17.67 0-32 14.33-32 32v32c0 17.67 14.33 32 32 32h384c17.67 0 32-14.33 32-32v-32c0-17.67-14.33-32-32-32z\"><\/path><\/svg><\/span>\n\t\t\t<span class='e-closed'><svg aria-hidden=\"true\" class=\"e-font-icon-svg e-fas-plus\" viewBox=\"0 0 448 512\" xmlns=\"http:\/\/www.w3.org\/2000\/svg\"><path d=\"M416 208H272V64c0-17.67-14.33-32-32-32h-32c-17.67 0-32 14.33-32 32v144H32c-17.67 0-32 14.33-32 32v32c0 17.67 14.33 32 32 32h144v144c0 17.67 14.33 32 32 32h32c17.67 0 32-14.33 32-32V304h144c17.67 0 32-14.33 32-32v-32c0-17.67-14.33-32-32-32z\"><\/path><\/svg><\/span>\n\t\t<\/span>\n\n\t\t\t\t\t\t<\/summary>\n\t\t\t\t<div role=\"region\" aria-labelledby=\"e-n-accordion-item-1734\" class=\"elementor-element elementor-element-11d1481 e-con-full e-flex e-con e-child\" data-id=\"11d1481\" data-element_type=\"container\" data-e-type=\"container\">\n\t\t<div role=\"region\" aria-labelledby=\"e-n-accordion-item-1734\" class=\"elementor-element elementor-element-31806b2 e-con-full e-flex e-con e-child\" data-id=\"31806b2\" data-element_type=\"container\" data-e-type=\"container\">\n\t\t\t\t<div class=\"elementor-element elementor-element-0f3cee5 elementor-widget elementor-widget-text-editor\" data-id=\"0f3cee5\" data-element_type=\"widget\" data-e-type=\"widget\" data-widget_type=\"text-editor.default\">\n\t\t\t\t<div class=\"elementor-widget-container\">\n\t\t\t\t\t\t\t\t\t<div style=\"text-align: justify\"><span style=\"font-weight: 400\">Espa\u00e7o utilizado para <\/span><span style=\"font-weight: 400\">desenvolver maquetes e modelos em tr\u00eas dimens\u00f5es, bem como dar apoio \u00e0s aulas pr\u00e1ticas das disciplinas do curso de Arquitetura e Urbanismo, <\/span><span style=\"font-weight: 400\">apresenta uma \u00e1rea de 62,82 m<\/span><span style=\"font-weight: 400\">2<\/span><b>. <\/b><span style=\"font-weight: 400\">O espa\u00e7o possui <\/span><span style=\"font-weight: 400\">32 cadeiras, 3 arm\u00e1rios altos, 3 mesas retangulares, 1 quadro branco, 3 mesas de corte, 24 mesas de desenho, 3 prateleiras.<\/span><\/div>\t\t\t\t\t\t\t\t<\/div>\n\t\t\t\t<\/div>\n\t\t\t\t<\/div>\n\t\t<div role=\"region\" aria-labelledby=\"e-n-accordion-item-1734\" class=\"elementor-element elementor-element-9e24634 e-con-full e-flex e-con e-child\" data-id=\"9e24634\" data-element_type=\"container\" data-e-type=\"container\">\n\t\t\t\t<div class=\"elementor-element elementor-element-eab440f elementor-widget elementor-widget-image\" data-id=\"eab440f\" data-element_type=\"widget\" data-e-type=\"widget\" data-widget_type=\"image.default\">\n\t\t\t\t<div class=\"elementor-widget-container\">\n\t\t\t\t\t\t\t\t\t\t\t\t<figure class=\"wp-caption\">\n\t\t\t\t\t\t\t\t\t\t<img loading=\"lazy\" decoding=\"async\" width=\"1200\" height=\"800\" src=\"https:\/\/www2.unifap.br\/arquitetura\/files\/2024\/02\/joaomagnus_230818_018.jpg\" class=\"attachment-large size-large wp-image-7229\" alt=\"\" srcset=\"https:\/\/www2.unifap.br\/arquitetura\/files\/2024\/02\/joaomagnus_230818_018.jpg 1200w, https:\/\/www2.unifap.br\/arquitetura\/files\/2024\/02\/joaomagnus_230818_018-300x200.jpg 300w, https:\/\/www2.unifap.br\/arquitetura\/files\/2024\/02\/joaomagnus_230818_018-768x512.jpg 768w\" sizes=\"(max-width: 1200px) 100vw, 1200px\" \/>\t\t\t\t\t\t\t\t\t\t\t<figcaption class=\"widget-image-caption wp-caption-text\">Fonte: Foto Jo\u00e3o Magnus, 2023.<\/figcaption>\n\t\t\t\t\t\t\t\t\t\t<\/figure>\n\t\t\t\t\t\t\t\t\t<\/div>\n\t\t\t\t<\/div>\n\t\t\t\t<\/div>\n\t\t\t\t<\/div>\n\t\t\t\t\t<\/details>\n\t\t\t\t\t\t<details id=\"e-n-accordion-item-1735\" class=\"e-n-accordion-item\" >\n\t\t\t\t<summary class=\"e-n-accordion-item-title\" data-accordion-index=\"6\" tabindex=\"-1\" aria-expanded=\"false\" aria-controls=\"e-n-accordion-item-1735\" >\n\t\t\t\t\t<span class='e-n-accordion-item-title-header'><div class=\"e-n-accordion-item-title-text\"> Laborat\u00f3rio de Inform\u00e1tica (Lab. Inform\u00e1tica 02) <\/div><\/span>\n\t\t\t\t\t\t\t<span class='e-n-accordion-item-title-icon'>\n\t\t\t<span class='e-opened' ><svg aria-hidden=\"true\" class=\"e-font-icon-svg e-fas-minus\" viewBox=\"0 0 448 512\" xmlns=\"http:\/\/www.w3.org\/2000\/svg\"><path d=\"M416 208H32c-17.67 0-32 14.33-32 32v32c0 17.67 14.33 32 32 32h384c17.67 0 32-14.33 32-32v-32c0-17.67-14.33-32-32-32z\"><\/path><\/svg><\/span>\n\t\t\t<span class='e-closed'><svg aria-hidden=\"true\" class=\"e-font-icon-svg e-fas-plus\" viewBox=\"0 0 448 512\" xmlns=\"http:\/\/www.w3.org\/2000\/svg\"><path d=\"M416 208H272V64c0-17.67-14.33-32-32-32h-32c-17.67 0-32 14.33-32 32v144H32c-17.67 0-32 14.33-32 32v32c0 17.67 14.33 32 32 32h144v144c0 17.67 14.33 32 32 32h32c17.67 0 32-14.33 32-32V304h144c17.67 0 32-14.33 32-32v-32c0-17.67-14.33-32-32-32z\"><\/path><\/svg><\/span>\n\t\t<\/span>\n\n\t\t\t\t\t\t<\/summary>\n\t\t\t\t<div role=\"region\" aria-labelledby=\"e-n-accordion-item-1735\" class=\"elementor-element elementor-element-e97423a e-con-full e-flex e-con e-child\" data-id=\"e97423a\" data-element_type=\"container\" data-e-type=\"container\">\n\t\t<div role=\"region\" aria-labelledby=\"e-n-accordion-item-1735\" class=\"elementor-element elementor-element-8dbe67f e-con-full e-flex e-con e-child\" data-id=\"8dbe67f\" data-element_type=\"container\" data-e-type=\"container\">\n\t\t\t\t<div class=\"elementor-element elementor-element-3a9a7ab elementor-widget elementor-widget-text-editor\" data-id=\"3a9a7ab\" data-element_type=\"widget\" data-e-type=\"widget\" data-widget_type=\"text-editor.default\">\n\t\t\t\t<div class=\"elementor-widget-container\">\n\t\t\t\t\t\t\t\t\t<div style=\"text-align: justify\"><span style=\"font-weight: 400\">O espa\u00e7o \u00e9 utilizado para realiz<\/span><span style=\"font-weight: 400\">a\u00e7\u00e3o de trabalhos acad\u00eamicos, auxiliar as atividades de ensino, pesquisa e extens\u00e3o, permitindo aos usu\u00e1rios a utiliza\u00e7\u00e3o de equipamentos e programas de computa\u00e7\u00e3o gr\u00e1fica, proporcionando condi\u00e7\u00f5es de integra\u00e7\u00e3o das tecnologias no processo de ensino e aprendizagem, apresenta <\/span><span style=\"font-weight: 400\">uma \u00e1rea de 61,60 m<\/span><span style=\"font-weight: 400\">2<\/span><span style=\"font-weight: 400\">. O espa\u00e7o possui 36 computadores desktops com monitor, 40 cadeiras acolchoadas, 2 cadeiras girat\u00f3rias com bra\u00e7o, 30 mesas retangulares, 1 arm\u00e1rio alto, 1 quadro branco e 2 centrais de ar<\/span><span style=\"font-weight: 400\">.\u00a0<\/span><\/div>\t\t\t\t\t\t\t\t<\/div>\n\t\t\t\t<\/div>\n\t\t\t\t<div class=\"elementor-element elementor-element-1f8f9bc elementor-widget elementor-widget-image\" data-id=\"1f8f9bc\" data-element_type=\"widget\" data-e-type=\"widget\" data-widget_type=\"image.default\">\n\t\t\t\t<div class=\"elementor-widget-container\">\n\t\t\t\t\t\t\t\t\t\t\t\t<figure class=\"wp-caption\">\n\t\t\t\t\t\t\t\t\t\t<img loading=\"lazy\" decoding=\"async\" width=\"768\" height=\"509\" src=\"https:\/\/www2.unifap.br\/arquitetura\/files\/2024\/02\/joaomagnus_230810_001-768x509.jpg\" class=\"attachment-medium_large size-medium_large wp-image-7237\" alt=\"\" srcset=\"https:\/\/www2.unifap.br\/arquitetura\/files\/2024\/02\/joaomagnus_230810_001-768x509.jpg 768w, https:\/\/www2.unifap.br\/arquitetura\/files\/2024\/02\/joaomagnus_230810_001-300x199.jpg 300w, https:\/\/www2.unifap.br\/arquitetura\/files\/2024\/02\/joaomagnus_230810_001.jpg 1200w\" sizes=\"(max-width: 768px) 100vw, 768px\" \/>\t\t\t\t\t\t\t\t\t\t\t<figcaption class=\"widget-image-caption wp-caption-text\">Fonte: Foto Jo\u00e3o Magnus, 2023.<\/figcaption>\n\t\t\t\t\t\t\t\t\t\t<\/figure>\n\t\t\t\t\t\t\t\t\t<\/div>\n\t\t\t\t<\/div>\n\t\t\t\t<\/div>\n\t\t<div role=\"region\" aria-labelledby=\"e-n-accordion-item-1735\" class=\"elementor-element elementor-element-e2987ea e-con-full e-flex e-con e-child\" data-id=\"e2987ea\" data-element_type=\"container\" data-e-type=\"container\">\n\t\t\t\t<div class=\"elementor-element elementor-element-867ad8b elementor-widget elementor-widget-image\" data-id=\"867ad8b\" data-element_type=\"widget\" data-e-type=\"widget\" data-widget_type=\"image.default\">\n\t\t\t\t<div class=\"elementor-widget-container\">\n\t\t\t\t\t\t\t\t\t\t\t\t<figure class=\"wp-caption\">\n\t\t\t\t\t\t\t\t\t\t<img loading=\"lazy\" decoding=\"async\" width=\"768\" height=\"512\" src=\"https:\/\/www2.unifap.br\/arquitetura\/files\/2024\/02\/joaomagnus_230810_002-768x512.jpg\" class=\"attachment-medium_large size-medium_large wp-image-7233\" alt=\"\" srcset=\"https:\/\/www2.unifap.br\/arquitetura\/files\/2024\/02\/joaomagnus_230810_002-768x512.jpg 768w, https:\/\/www2.unifap.br\/arquitetura\/files\/2024\/02\/joaomagnus_230810_002-300x200.jpg 300w, https:\/\/www2.unifap.br\/arquitetura\/files\/2024\/02\/joaomagnus_230810_002.jpg 1200w\" sizes=\"(max-width: 768px) 100vw, 768px\" \/>\t\t\t\t\t\t\t\t\t\t\t<figcaption class=\"widget-image-caption wp-caption-text\">Fonte: Foto Jo\u00e3o Magnus, 2023.<\/figcaption>\n\t\t\t\t\t\t\t\t\t\t<\/figure>\n\t\t\t\t\t\t\t\t\t<\/div>\n\t\t\t\t<\/div>\n\t\t\t\t<div class=\"elementor-element elementor-element-652c151 elementor-widget elementor-widget-text-editor\" data-id=\"652c151\" data-element_type=\"widget\" data-e-type=\"widget\" data-widget_type=\"text-editor.default\">\n\t\t\t\t<div class=\"elementor-widget-container\">\n\t\t\t\t\t\t\t\t\t<div style=\"text-align: justify\"><span style=\"font-weight: 400\">Os computadores est\u00e3o ligados \u00e0 internet e conta com rede de Wi-Fi, que possibilita\u00a0 ao acad\u00eamico ter acesso por meio de solicita\u00e7\u00e3o ao respons\u00e1vel pelo laborat\u00f3rio. monitor, 40 cadeiras acolchoadas, 2 cadeiras girat\u00f3rias com bra\u00e7o, 30 mesas retangulares, 1 arm\u00e1rio alto, 1 quadro branco e 2 centrais de ar<\/span><span style=\"font-weight: 400\">.\u00a0<\/span><\/div>\t\t\t\t\t\t\t\t<\/div>\n\t\t\t\t<\/div>\n\t\t\t\t<\/div>\n\t\t\t\t<\/div>\n\t\t\t\t\t<\/details>\n\t\t\t\t\t<\/div>\n\t\t\t\t\t\t<\/div>\n\t\t\t\t<\/div>\n\t\t\t\t<div class=\"elementor-element elementor-element-00855e0 elementor-widget elementor-widget-n-accordion\" data-id=\"00855e0\" data-element_type=\"widget\" data-e-type=\"widget\" data-settings=\"{&quot;default_state&quot;:&quot;all_collapsed&quot;,&quot;max_items_expended&quot;:&quot;one&quot;,&quot;n_accordion_animation_duration&quot;:{&quot;unit&quot;:&quot;ms&quot;,&quot;size&quot;:400,&quot;sizes&quot;:[]}}\" data-widget_type=\"nested-accordion.default\">\n\t\t\t\t<div class=\"elementor-widget-container\">\n\t\t\t\t\t\t\t<div class=\"e-n-accordion\" aria-label=\"Accordion. Open links with Enter or Space, close with Escape, and navigate with Arrow Keys\">\n\t\t\t\t\t\t<details id=\"e-n-accordion-item-5460\" class=\"e-n-accordion-item\" >\n\t\t\t\t<summary class=\"e-n-accordion-item-title\" data-accordion-index=\"1\" tabindex=\"0\" aria-expanded=\"false\" aria-controls=\"e-n-accordion-item-5460\" >\n\t\t\t\t\t<span class='e-n-accordion-item-title-header'><div class=\"e-n-accordion-item-title-text\"> Coordena\u00e7\u00e3o do Curso <\/div><\/span>\n\t\t\t\t\t\t\t<span class='e-n-accordion-item-title-icon'>\n\t\t\t<span class='e-opened' ><svg aria-hidden=\"true\" class=\"e-font-icon-svg e-fas-minus\" viewBox=\"0 0 448 512\" xmlns=\"http:\/\/www.w3.org\/2000\/svg\"><path d=\"M416 208H32c-17.67 0-32 14.33-32 32v32c0 17.67 14.33 32 32 32h384c17.67 0 32-14.33 32-32v-32c0-17.67-14.33-32-32-32z\"><\/path><\/svg><\/span>\n\t\t\t<span class='e-closed'><svg aria-hidden=\"true\" class=\"e-font-icon-svg e-fas-plus\" viewBox=\"0 0 448 512\" xmlns=\"http:\/\/www.w3.org\/2000\/svg\"><path d=\"M416 208H272V64c0-17.67-14.33-32-32-32h-32c-17.67 0-32 14.33-32 32v144H32c-17.67 0-32 14.33-32 32v32c0 17.67 14.33 32 32 32h144v144c0 17.67 14.33 32 32 32h32c17.67 0 32-14.33 32-32V304h144c17.67 0 32-14.33 32-32v-32c0-17.67-14.33-32-32-32z\"><\/path><\/svg><\/span>\n\t\t<\/span>\n\n\t\t\t\t\t\t<\/summary>\n\t\t\t\t<div role=\"region\" aria-labelledby=\"e-n-accordion-item-5460\" class=\"elementor-element elementor-element-95d2ea3 e-con-full e-flex e-con e-child\" data-id=\"95d2ea3\" data-element_type=\"container\" data-e-type=\"container\">\n\t\t<div role=\"region\" aria-labelledby=\"e-n-accordion-item-5460\" class=\"elementor-element elementor-element-f784b81 e-con-full e-flex e-con e-child\" data-id=\"f784b81\" data-element_type=\"container\" data-e-type=\"container\">\n\t\t\t\t<div class=\"elementor-element elementor-element-cde0635 elementor-widget elementor-widget-text-editor\" data-id=\"cde0635\" data-element_type=\"widget\" data-e-type=\"widget\" data-widget_type=\"text-editor.default\">\n\t\t\t\t<div class=\"elementor-widget-container\">\n\t\t\t\t\t\t\t\t\t<div style=\"text-align: justify\"><span style=\"font-weight: 400\">Espa\u00e7o destinado para os trabalhos administrativos do Coordenador do Curso, atendimentos individuais da comunidade acad\u00eamica e da comunidade externa, <\/span><span style=\"font-weight: 400\">apresenta <\/span><span style=\"font-weight: 400\">\u00a0uma \u00e1rea de 23,55 m<\/span><span style=\"font-weight: 400\">2<\/span><span style=\"font-weight: 400\">. O espa\u00e7o possui 1 sof\u00e1, 4 arm\u00e1rios altos, 3 arm\u00e1rios baixos, 1 mesa retangular, 2 mesas em L, 1 impressora, 2 computadores desktops com monitor, 1 cadeiras girat\u00f3rias presidente, 1 cadeira com bra\u00e7o girat\u00f3ria, 4 cadeiras acolchoadas, 1 central de ar.\u00a0<\/span><\/div>\t\t\t\t\t\t\t\t<\/div>\n\t\t\t\t<\/div>\n\t\t\t\t<\/div>\n\t\t<div role=\"region\" aria-labelledby=\"e-n-accordion-item-5460\" class=\"elementor-element elementor-element-7dab8a8 e-con-full e-flex e-con e-child\" data-id=\"7dab8a8\" data-element_type=\"container\" data-e-type=\"container\">\n\t\t\t\t<div class=\"elementor-element elementor-element-f002368 elementor-widget elementor-widget-image\" data-id=\"f002368\" data-element_type=\"widget\" data-e-type=\"widget\" data-widget_type=\"image.default\">\n\t\t\t\t<div class=\"elementor-widget-container\">\n\t\t\t\t\t\t\t\t\t\t\t\t<figure class=\"wp-caption\">\n\t\t\t\t\t\t\t\t\t\t<img loading=\"lazy\" decoding=\"async\" width=\"1200\" height=\"795\" src=\"https:\/\/www2.unifap.br\/arquitetura\/files\/2024\/02\/joaomagnus_230818_022.jpg\" class=\"attachment-large size-large wp-image-7219\" alt=\"\" srcset=\"https:\/\/www2.unifap.br\/arquitetura\/files\/2024\/02\/joaomagnus_230818_022.jpg 1200w, https:\/\/www2.unifap.br\/arquitetura\/files\/2024\/02\/joaomagnus_230818_022-300x199.jpg 300w, https:\/\/www2.unifap.br\/arquitetura\/files\/2024\/02\/joaomagnus_230818_022-768x509.jpg 768w\" sizes=\"(max-width: 1200px) 100vw, 1200px\" \/>\t\t\t\t\t\t\t\t\t\t\t<figcaption class=\"widget-image-caption wp-caption-text\">Fonte: Foto Jo\u00e3o Magnus, 2023.<\/figcaption>\n\t\t\t\t\t\t\t\t\t\t<\/figure>\n\t\t\t\t\t\t\t\t\t<\/div>\n\t\t\t\t<\/div>\n\t\t\t\t<\/div>\n\t\t\t\t<\/div>\n\t\t\t\t\t<\/details>\n\t\t\t\t\t\t<details id=\"e-n-accordion-item-5461\" class=\"e-n-accordion-item\" >\n\t\t\t\t<summary class=\"e-n-accordion-item-title\" data-accordion-index=\"2\" tabindex=\"-1\" aria-expanded=\"false\" aria-controls=\"e-n-accordion-item-5461\" >\n\t\t\t\t\t<span class='e-n-accordion-item-title-header'><div class=\"e-n-accordion-item-title-text\"> Sala de Professores <\/div><\/span>\n\t\t\t\t\t\t\t<span class='e-n-accordion-item-title-icon'>\n\t\t\t<span class='e-opened' ><svg aria-hidden=\"true\" class=\"e-font-icon-svg e-fas-minus\" viewBox=\"0 0 448 512\" xmlns=\"http:\/\/www.w3.org\/2000\/svg\"><path d=\"M416 208H32c-17.67 0-32 14.33-32 32v32c0 17.67 14.33 32 32 32h384c17.67 0 32-14.33 32-32v-32c0-17.67-14.33-32-32-32z\"><\/path><\/svg><\/span>\n\t\t\t<span class='e-closed'><svg aria-hidden=\"true\" class=\"e-font-icon-svg e-fas-plus\" viewBox=\"0 0 448 512\" xmlns=\"http:\/\/www.w3.org\/2000\/svg\"><path d=\"M416 208H272V64c0-17.67-14.33-32-32-32h-32c-17.67 0-32 14.33-32 32v144H32c-17.67 0-32 14.33-32 32v32c0 17.67 14.33 32 32 32h144v144c0 17.67 14.33 32 32 32h32c17.67 0 32-14.33 32-32V304h144c17.67 0 32-14.33 32-32v-32c0-17.67-14.33-32-32-32z\"><\/path><\/svg><\/span>\n\t\t<\/span>\n\n\t\t\t\t\t\t<\/summary>\n\t\t\t\t<div role=\"region\" aria-labelledby=\"e-n-accordion-item-5461\" class=\"elementor-element elementor-element-f258eb7 e-flex e-con-boxed e-con e-child\" data-id=\"f258eb7\" data-element_type=\"container\" data-e-type=\"container\">\n\t\t\t\t\t<div class=\"e-con-inner\">\n\t\t\t\t<div class=\"elementor-element elementor-element-a479dc5 elementor-widget elementor-widget-text-editor\" data-id=\"a479dc5\" data-element_type=\"widget\" data-e-type=\"widget\" data-widget_type=\"text-editor.default\">\n\t\t\t\t<div class=\"elementor-widget-container\">\n\t\t\t\t\t\t\t\t\t<div style=\"text-align: justify\">\n\n<span style=\"font-weight: 400\">Espa\u00e7o destinado \u00e0s atividades dos docentes do curso, utilizado para o atendimento \u00e0 acad\u00eamicos e desenvolvimentos de demais atividades de trabalho.<\/span>\n\n<span style=\"font-weight: 400\">A sala de professores do curso \u00e9 dividida em 3 espa\u00e7os, que s\u00e3o:<\/span>\n<\/div>\t\t\t\t\t\t\t\t<\/div>\n\t\t\t\t<\/div>\n\t\t<div role=\"region\" aria-labelledby=\"e-n-accordion-item-5461\" class=\"elementor-element elementor-element-dd5a3c1 e-con-full e-flex e-con e-child\" data-id=\"dd5a3c1\" data-element_type=\"container\" data-e-type=\"container\">\n\t\t\t\t<div class=\"elementor-element elementor-element-8523103 elementor-widget elementor-widget-text-editor\" data-id=\"8523103\" data-element_type=\"widget\" data-e-type=\"widget\" data-widget_type=\"text-editor.default\">\n\t\t\t\t<div class=\"elementor-widget-container\">\n\t\t\t\t\t\t\t\t\t<div style=\"text-align: justify\">\n<ol>\n \t<li><i><span style=\"font-weight: 400\"> Hall de entrada: <\/span><\/i><span style=\"font-weight: 400\">o espa\u00e7o apresenta uma \u00e1rea de 9,27 m<\/span><span style=\"font-weight: 400\">2<\/span><span style=\"font-weight: 400\">. Possui 2 arm\u00e1rios altos, 1 mesa retangular, 1 cadeira acolchoada e 1 frigobar. A seguir \u00e9 apresentada uma foto do ambiente:<\/span><\/li>\n<\/ol>\n<\/div>\t\t\t\t\t\t\t\t<\/div>\n\t\t\t\t<\/div>\n\t\t\t\t<\/div>\n\t\t<div role=\"region\" aria-labelledby=\"e-n-accordion-item-5461\" class=\"elementor-element elementor-element-bf78992 e-con-full e-flex e-con e-child\" data-id=\"bf78992\" data-element_type=\"container\" data-e-type=\"container\">\n\t\t\t\t<div class=\"elementor-element elementor-element-a912d77 elementor-widget elementor-widget-text-editor\" data-id=\"a912d77\" data-element_type=\"widget\" data-e-type=\"widget\" data-widget_type=\"text-editor.default\">\n\t\t\t\t<div class=\"elementor-widget-container\">\n\t\t\t\t\t\t\t\t\t<div style=\"text-align: justify\"><ol start=\"2\">\n \t<li><i><span style=\"font-weight: 400\"> Gabinete 1: <\/span><\/i><span style=\"font-weight: 400\">o espa\u00e7o apresenta uma \u00e1rea de 30,63 m<\/span><span style=\"font-weight: 400\">2<\/span><span style=\"font-weight: 400\">. Possui 1 bebedor de \u00e1gua, 1 sof\u00e1, 2 arm\u00e1rios baixos, 4 arm\u00e1rios altos, 5 mesas retangulares, 6 cadeiras acolchoada, 5 cadeiras girat\u00f3rias com bra\u00e7o e 1 central de ar. A seguir \u00e9 apresentada uma foto do ambiente:<\/span><\/li>\n<\/ol><\/div>\t\t\t\t\t\t\t\t<\/div>\n\t\t\t\t<\/div>\n\t\t\t\t<\/div>\n\t\t<div role=\"region\" aria-labelledby=\"e-n-accordion-item-5461\" class=\"elementor-element elementor-element-d4f5bf6 e-con-full e-flex e-con e-child\" data-id=\"d4f5bf6\" data-element_type=\"container\" data-e-type=\"container\">\n\t\t\t\t<div class=\"elementor-element elementor-element-1541c68 elementor-widget elementor-widget-text-editor\" data-id=\"1541c68\" data-element_type=\"widget\" data-e-type=\"widget\" data-widget_type=\"text-editor.default\">\n\t\t\t\t<div class=\"elementor-widget-container\">\n\t\t\t\t\t\t\t\t\t<ol start=\"3\"><li><i><span style=\"font-weight: 400\"> Gabinete 2: <\/span><\/i><span style=\"font-weight: 400\">o espa\u00e7o apresenta uma \u00e1rea de 40,47 m<\/span><span style=\"font-weight: 400\">2<\/span><span style=\"font-weight: 400\">. Possui 2 centrais de ar, 3 arm\u00e1rios baixos, 8 arm\u00e1rios altos, 6 mesas retangulares, 7 cadeiras acolchoada, 7 cadeiras girat\u00f3rias com bra\u00e7o e 2 centrais de ar. <\/span><span style=\"font-weight: 400\">A seguir s\u00e3o apresentadas fotos do ambiente:<\/span><\/li><\/ol>\t\t\t\t\t\t\t\t<\/div>\n\t\t\t\t<\/div>\n\t\t\t\t<\/div>\n\t\t<div role=\"region\" aria-labelledby=\"e-n-accordion-item-5461\" class=\"elementor-element elementor-element-d2fb397 e-con-full e-flex e-con e-child\" data-id=\"d2fb397\" data-element_type=\"container\" data-e-type=\"container\">\n\t\t\t\t<div class=\"elementor-element elementor-element-5f5e875 elementor-widget elementor-widget-image\" data-id=\"5f5e875\" data-element_type=\"widget\" data-e-type=\"widget\" data-widget_type=\"image.default\">\n\t\t\t\t<div class=\"elementor-widget-container\">\n\t\t\t\t\t\t\t\t\t\t\t\t<figure class=\"wp-caption\">\n\t\t\t\t\t\t\t\t\t\t<img loading=\"lazy\" decoding=\"async\" width=\"1200\" height=\"797\" src=\"https:\/\/www2.unifap.br\/arquitetura\/files\/2024\/02\/joaomagnus_230810_007.jpg\" class=\"attachment-large size-large wp-image-7243\" alt=\"\" srcset=\"https:\/\/www2.unifap.br\/arquitetura\/files\/2024\/02\/joaomagnus_230810_007.jpg 1200w, https:\/\/www2.unifap.br\/arquitetura\/files\/2024\/02\/joaomagnus_230810_007-300x199.jpg 300w, https:\/\/www2.unifap.br\/arquitetura\/files\/2024\/02\/joaomagnus_230810_007-768x510.jpg 768w\" sizes=\"(max-width: 1200px) 100vw, 1200px\" \/>\t\t\t\t\t\t\t\t\t\t\t<figcaption class=\"widget-image-caption wp-caption-text\">Fonte: Foto Jo\u00e3o Magnus, 2023<\/figcaption>\n\t\t\t\t\t\t\t\t\t\t<\/figure>\n\t\t\t\t\t\t\t\t\t<\/div>\n\t\t\t\t<\/div>\n\t\t\t\t<\/div>\n\t\t<div role=\"region\" aria-labelledby=\"e-n-accordion-item-5461\" class=\"elementor-element elementor-element-4258e88 e-con-full e-flex e-con e-child\" data-id=\"4258e88\" data-element_type=\"container\" data-e-type=\"container\">\n\t\t\t\t<div class=\"elementor-element elementor-element-e59051e elementor-widget elementor-widget-image\" data-id=\"e59051e\" data-element_type=\"widget\" data-e-type=\"widget\" data-widget_type=\"image.default\">\n\t\t\t\t<div class=\"elementor-widget-container\">\n\t\t\t\t\t\t\t\t\t\t\t\t<figure class=\"wp-caption\">\n\t\t\t\t\t\t\t\t\t\t<img loading=\"lazy\" decoding=\"async\" width=\"1200\" height=\"795\" src=\"https:\/\/www2.unifap.br\/arquitetura\/files\/2024\/02\/joaomagnus_230818_025.jpg\" class=\"attachment-large size-large wp-image-7247\" alt=\"\" srcset=\"https:\/\/www2.unifap.br\/arquitetura\/files\/2024\/02\/joaomagnus_230818_025.jpg 1200w, https:\/\/www2.unifap.br\/arquitetura\/files\/2024\/02\/joaomagnus_230818_025-300x199.jpg 300w, https:\/\/www2.unifap.br\/arquitetura\/files\/2024\/02\/joaomagnus_230818_025-768x509.jpg 768w\" sizes=\"(max-width: 1200px) 100vw, 1200px\" \/>\t\t\t\t\t\t\t\t\t\t\t<figcaption class=\"widget-image-caption wp-caption-text\">Fonte: Foto Jo\u00e3o Magnus, 2023<\/figcaption>\n\t\t\t\t\t\t\t\t\t\t<\/figure>\n\t\t\t\t\t\t\t\t\t<\/div>\n\t\t\t\t<\/div>\n\t\t\t\t<\/div>\n\t\t<div role=\"region\" aria-labelledby=\"e-n-accordion-item-5461\" class=\"elementor-element elementor-element-da27ae2 e-con-full e-flex e-con e-child\" data-id=\"da27ae2\" data-element_type=\"container\" data-e-type=\"container\">\n\t\t\t\t<div class=\"elementor-element elementor-element-3cbacfa elementor-widget elementor-widget-image\" data-id=\"3cbacfa\" data-element_type=\"widget\" data-e-type=\"widget\" data-widget_type=\"image.default\">\n\t\t\t\t<div class=\"elementor-widget-container\">\n\t\t\t\t\t\t\t\t\t\t\t\t<figure class=\"wp-caption\">\n\t\t\t\t\t\t\t\t\t\t<img loading=\"lazy\" decoding=\"async\" width=\"1200\" height=\"795\" src=\"https:\/\/www2.unifap.br\/arquitetura\/files\/2024\/02\/joaomagnus_230810_004.jpg\" class=\"attachment-large size-large wp-image-7248\" alt=\"\" srcset=\"https:\/\/www2.unifap.br\/arquitetura\/files\/2024\/02\/joaomagnus_230810_004.jpg 1200w, https:\/\/www2.unifap.br\/arquitetura\/files\/2024\/02\/joaomagnus_230810_004-300x199.jpg 300w, https:\/\/www2.unifap.br\/arquitetura\/files\/2024\/02\/joaomagnus_230810_004-768x509.jpg 768w\" sizes=\"(max-width: 1200px) 100vw, 1200px\" \/>\t\t\t\t\t\t\t\t\t\t\t<figcaption class=\"widget-image-caption wp-caption-text\">Fonte: Foto Jo\u00e3o Magnus, 2023<\/figcaption>\n\t\t\t\t\t\t\t\t\t\t<\/figure>\n\t\t\t\t\t\t\t\t\t<\/div>\n\t\t\t\t<\/div>\n\t\t\t\t<\/div>\n\t\t\t\t\t<\/div>\n\t\t\t\t<\/div>\n\t\t\t\t\t<\/details>\n\t\t\t\t\t\t<details id=\"e-n-accordion-item-5462\" class=\"e-n-accordion-item\" >\n\t\t\t\t<summary class=\"e-n-accordion-item-title\" data-accordion-index=\"3\" tabindex=\"-1\" aria-expanded=\"false\" aria-controls=\"e-n-accordion-item-5462\" >\n\t\t\t\t\t<span class='e-n-accordion-item-title-header'><div class=\"e-n-accordion-item-title-text\"> Sala de Estudos <\/div><\/span>\n\t\t\t\t\t\t\t<span class='e-n-accordion-item-title-icon'>\n\t\t\t<span class='e-opened' ><svg aria-hidden=\"true\" class=\"e-font-icon-svg e-fas-minus\" viewBox=\"0 0 448 512\" xmlns=\"http:\/\/www.w3.org\/2000\/svg\"><path d=\"M416 208H32c-17.67 0-32 14.33-32 32v32c0 17.67 14.33 32 32 32h384c17.67 0 32-14.33 32-32v-32c0-17.67-14.33-32-32-32z\"><\/path><\/svg><\/span>\n\t\t\t<span class='e-closed'><svg aria-hidden=\"true\" class=\"e-font-icon-svg e-fas-plus\" viewBox=\"0 0 448 512\" xmlns=\"http:\/\/www.w3.org\/2000\/svg\"><path d=\"M416 208H272V64c0-17.67-14.33-32-32-32h-32c-17.67 0-32 14.33-32 32v144H32c-17.67 0-32 14.33-32 32v32c0 17.67 14.33 32 32 32h144v144c0 17.67 14.33 32 32 32h32c17.67 0 32-14.33 32-32V304h144c17.67 0 32-14.33 32-32v-32c0-17.67-14.33-32-32-32z\"><\/path><\/svg><\/span>\n\t\t<\/span>\n\n\t\t\t\t\t\t<\/summary>\n\t\t\t\t<div role=\"region\" aria-labelledby=\"e-n-accordion-item-5462\" class=\"elementor-element elementor-element-12c1248 e-con-full e-flex e-con e-child\" data-id=\"12c1248\" data-element_type=\"container\" data-e-type=\"container\">\n\t\t<div role=\"region\" aria-labelledby=\"e-n-accordion-item-5462\" class=\"elementor-element elementor-element-cae6e90 e-con-full e-flex e-con e-child\" data-id=\"cae6e90\" data-element_type=\"container\" data-e-type=\"container\">\n\t\t\t\t<div class=\"elementor-element elementor-element-8cb4fca elementor-widget elementor-widget-text-editor\" data-id=\"8cb4fca\" data-element_type=\"widget\" data-e-type=\"widget\" data-widget_type=\"text-editor.default\">\n\t\t\t\t<div class=\"elementor-widget-container\">\n\t\t\t\t\t\t\t\t\t<div style=\"text-align: justify\"><span style=\"font-weight: 400\">Espa\u00e7o compartilhado com o Curso de Engenharia Civil, reservado para que os acad\u00eamicos realizem trabalhos e atividades, estudando individualmente ou em grupo,<\/span> <span style=\"font-weight: 400\">apresenta uma \u00e1rea de 38,64 m<\/span><span style=\"font-weight: 400\">2<\/span><span style=\"font-weight: 400\">. Possui 15 gabinetes individuais de estudo, 1 sof\u00e1, 19 cadeiras acolchoadas, 1 mesa de reuni\u00e3o, 1 quadro branco e 1 central de ar. A seguir \u00e9 apresentada uma foto do ambiente:<\/span><\/div>\t\t\t\t\t\t\t\t<\/div>\n\t\t\t\t<\/div>\n\t\t\t\t<div class=\"elementor-element elementor-element-65ddc29 elementor-widget elementor-widget-text-editor\" data-id=\"65ddc29\" data-element_type=\"widget\" data-e-type=\"widget\" data-widget_type=\"text-editor.default\">\n\t\t\t\t<div class=\"elementor-widget-container\">\n\t\t\t\t\t\t\t\t\t<div style=\"text-align: justify\"><b>Vista da sala de estudos, com destaque para <\/b><span style=\"font-weight: 400\">Mesa de reuni\u00e3o e baias da sala de estudos.<\/span><\/div>\t\t\t\t\t\t\t\t<\/div>\n\t\t\t\t<\/div>\n\t\t\t\t<\/div>\n\t\t<div role=\"region\" aria-labelledby=\"e-n-accordion-item-5462\" class=\"elementor-element elementor-element-102b00a e-con-full e-flex e-con e-child\" data-id=\"102b00a\" data-element_type=\"container\" data-e-type=\"container\">\n\t\t\t\t<div class=\"elementor-element elementor-element-f445ead elementor-widget elementor-widget-image\" data-id=\"f445ead\" data-element_type=\"widget\" data-e-type=\"widget\" data-widget_type=\"image.default\">\n\t\t\t\t<div class=\"elementor-widget-container\">\n\t\t\t\t\t\t\t\t\t\t\t\t<figure class=\"wp-caption\">\n\t\t\t\t\t\t\t\t\t\t<img loading=\"lazy\" decoding=\"async\" width=\"1200\" height=\"795\" src=\"https:\/\/www2.unifap.br\/arquitetura\/files\/2024\/02\/joaomagnus_230810_009.jpg\" class=\"attachment-large size-large wp-image-7242\" alt=\"\" srcset=\"https:\/\/www2.unifap.br\/arquitetura\/files\/2024\/02\/joaomagnus_230810_009.jpg 1200w, https:\/\/www2.unifap.br\/arquitetura\/files\/2024\/02\/joaomagnus_230810_009-300x199.jpg 300w, https:\/\/www2.unifap.br\/arquitetura\/files\/2024\/02\/joaomagnus_230810_009-768x509.jpg 768w\" sizes=\"(max-width: 1200px) 100vw, 1200px\" \/>\t\t\t\t\t\t\t\t\t\t\t<figcaption class=\"widget-image-caption wp-caption-text\">Fonte: Foto Jo\u00e3o Magnus, 2023<\/figcaption>\n\t\t\t\t\t\t\t\t\t\t<\/figure>\n\t\t\t\t\t\t\t\t\t<\/div>\n\t\t\t\t<\/div>\n\t\t\t\t<\/div>\n\t\t\t\t<\/div>\n\t\t\t\t\t<\/details>\n\t\t\t\t\t\t<details id=\"e-n-accordion-item-5463\" class=\"e-n-accordion-item\" >\n\t\t\t\t<summary class=\"e-n-accordion-item-title\" data-accordion-index=\"4\" tabindex=\"-1\" aria-expanded=\"false\" aria-controls=\"e-n-accordion-item-5463\" >\n\t\t\t\t\t<span class='e-n-accordion-item-title-header'><div class=\"e-n-accordion-item-title-text\"> Sala de Reuni\u00f5es <\/div><\/span>\n\t\t\t\t\t\t\t<span class='e-n-accordion-item-title-icon'>\n\t\t\t<span class='e-opened' ><svg aria-hidden=\"true\" class=\"e-font-icon-svg e-fas-minus\" viewBox=\"0 0 448 512\" xmlns=\"http:\/\/www.w3.org\/2000\/svg\"><path d=\"M416 208H32c-17.67 0-32 14.33-32 32v32c0 17.67 14.33 32 32 32h384c17.67 0 32-14.33 32-32v-32c0-17.67-14.33-32-32-32z\"><\/path><\/svg><\/span>\n\t\t\t<span class='e-closed'><svg aria-hidden=\"true\" class=\"e-font-icon-svg e-fas-plus\" viewBox=\"0 0 448 512\" xmlns=\"http:\/\/www.w3.org\/2000\/svg\"><path d=\"M416 208H272V64c0-17.67-14.33-32-32-32h-32c-17.67 0-32 14.33-32 32v144H32c-17.67 0-32 14.33-32 32v32c0 17.67 14.33 32 32 32h144v144c0 17.67 14.33 32 32 32h32c17.67 0 32-14.33 32-32V304h144c17.67 0 32-14.33 32-32v-32c0-17.67-14.33-32-32-32z\"><\/path><\/svg><\/span>\n\t\t<\/span>\n\n\t\t\t\t\t\t<\/summary>\n\t\t\t\t<div role=\"region\" aria-labelledby=\"e-n-accordion-item-5463\" class=\"elementor-element elementor-element-4d7ffe3 e-con-full e-flex e-con e-child\" data-id=\"4d7ffe3\" data-element_type=\"container\" data-e-type=\"container\">\n\t\t<div role=\"region\" aria-labelledby=\"e-n-accordion-item-5463\" class=\"elementor-element elementor-element-0f0f379 e-con-full e-flex e-con e-child\" data-id=\"0f0f379\" data-element_type=\"container\" data-e-type=\"container\">\n\t\t\t\t<div class=\"elementor-element elementor-element-725b886 elementor-widget elementor-widget-text-editor\" data-id=\"725b886\" data-element_type=\"widget\" data-e-type=\"widget\" data-widget_type=\"text-editor.default\">\n\t\t\t\t<div class=\"elementor-widget-container\">\n\t\t\t\t\t\t\t\t\t<div style=\"text-align: justify\"><span style=\"font-weight: 400\">Espa\u00e7o utilizado para realizar as reuni\u00f5es presenciais, em especial de colegiado e das comiss\u00f5es permanentes e tempor\u00e1rias do curso, al\u00e9m de ser utilizada para defesas de TCC 1 e 2, apresenta \u00e1rea de 31,03 m<\/span><span style=\"font-weight: 400\">2<\/span><span style=\"font-weight: 400\">, compartilhada com o Curso de Engenharia Civil. Possui 18 cadeiras girat\u00f3rias de baixo, 1 arm\u00e1rio alto, 1 arm\u00e1rio baixo, 1 central de ar e 1 quadro branco<\/span><span style=\"font-weight: 400\">.\u00a0<\/span><\/div>\t\t\t\t\t\t\t\t<\/div>\n\t\t\t\t<\/div>\n\t\t\t\t<\/div>\n\t\t\t\t<div class=\"elementor-element elementor-element-6c50f5b elementor-widget elementor-widget-image\" data-id=\"6c50f5b\" data-element_type=\"widget\" data-e-type=\"widget\" data-widget_type=\"image.default\">\n\t\t\t\t<div class=\"elementor-widget-container\">\n\t\t\t\t\t\t\t\t\t\t\t\t<figure class=\"wp-caption\">\n\t\t\t\t\t\t\t\t\t\t<img loading=\"lazy\" decoding=\"async\" width=\"1200\" height=\"900\" src=\"https:\/\/www2.unifap.br\/arquitetura\/files\/2024\/02\/20230904_141458-1200x900.jpg\" class=\"attachment-large size-large wp-image-7265\" alt=\"\" srcset=\"https:\/\/www2.unifap.br\/arquitetura\/files\/2024\/02\/20230904_141458-1200x900.jpg 1200w, https:\/\/www2.unifap.br\/arquitetura\/files\/2024\/02\/20230904_141458-300x225.jpg 300w, https:\/\/www2.unifap.br\/arquitetura\/files\/2024\/02\/20230904_141458-768x576.jpg 768w, https:\/\/www2.unifap.br\/arquitetura\/files\/2024\/02\/20230904_141458-1536x1152.jpg 1536w, https:\/\/www2.unifap.br\/arquitetura\/files\/2024\/02\/20230904_141458-2048x1536.jpg 2048w\" sizes=\"(max-width: 1200px) 100vw, 1200px\" \/>\t\t\t\t\t\t\t\t\t\t\t<figcaption class=\"widget-image-caption wp-caption-text\">Fonte: Foto Jo\u00e3o Magnus, 2023<\/figcaption>\n\t\t\t\t\t\t\t\t\t\t<\/figure>\n\t\t\t\t\t\t\t\t\t<\/div>\n\t\t\t\t<\/div>\n\t\t\t\t<\/div>\n\t\t\t\t\t<\/details>\n\t\t\t\t\t\t<details id=\"e-n-accordion-item-5464\" class=\"e-n-accordion-item\" >\n\t\t\t\t<summary class=\"e-n-accordion-item-title\" data-accordion-index=\"5\" tabindex=\"-1\" aria-expanded=\"false\" aria-controls=\"e-n-accordion-item-5464\" >\n\t\t\t\t\t<span class='e-n-accordion-item-title-header'><div class=\"e-n-accordion-item-title-text\"> Secretaria <\/div><\/span>\n\t\t\t\t\t\t\t<span class='e-n-accordion-item-title-icon'>\n\t\t\t<span class='e-opened' ><svg aria-hidden=\"true\" class=\"e-font-icon-svg e-fas-minus\" viewBox=\"0 0 448 512\" xmlns=\"http:\/\/www.w3.org\/2000\/svg\"><path d=\"M416 208H32c-17.67 0-32 14.33-32 32v32c0 17.67 14.33 32 32 32h384c17.67 0 32-14.33 32-32v-32c0-17.67-14.33-32-32-32z\"><\/path><\/svg><\/span>\n\t\t\t<span class='e-closed'><svg aria-hidden=\"true\" class=\"e-font-icon-svg e-fas-plus\" viewBox=\"0 0 448 512\" xmlns=\"http:\/\/www.w3.org\/2000\/svg\"><path d=\"M416 208H272V64c0-17.67-14.33-32-32-32h-32c-17.67 0-32 14.33-32 32v144H32c-17.67 0-32 14.33-32 32v32c0 17.67 14.33 32 32 32h144v144c0 17.67 14.33 32 32 32h32c17.67 0 32-14.33 32-32V304h144c17.67 0 32-14.33 32-32v-32c0-17.67-14.33-32-32-32z\"><\/path><\/svg><\/span>\n\t\t<\/span>\n\n\t\t\t\t\t\t<\/summary>\n\t\t\t\t<div role=\"region\" aria-labelledby=\"e-n-accordion-item-5464\" class=\"elementor-element elementor-element-96e23be e-con-full e-flex e-con e-child\" data-id=\"96e23be\" data-element_type=\"container\" data-e-type=\"container\">\n\t\t<div role=\"region\" aria-labelledby=\"e-n-accordion-item-5464\" class=\"elementor-element elementor-element-7964e92 e-con-full e-flex e-con e-child\" data-id=\"7964e92\" data-element_type=\"container\" data-e-type=\"container\">\n\t\t\t\t<div class=\"elementor-element elementor-element-c5e10a5 elementor-widget elementor-widget-text-editor\" data-id=\"c5e10a5\" data-element_type=\"widget\" data-e-type=\"widget\" data-widget_type=\"text-editor.default\">\n\t\t\t\t<div class=\"elementor-widget-container\">\n\t\t\t\t\t\t\t\t\t<div style=\"text-align: justify\"><span style=\"font-weight: 400\">Espa\u00e7o de apoio ao Coordenador do Curso, por meio de recep\u00e7\u00e3o de demandas administrativas, al\u00e9m da realiza\u00e7\u00e3o de atendimentos \u00e0 comunidade acad\u00eamica e comunidade externa, apresenta uma\u00a0 \u00e1rea de 41,78 m<\/span><span style=\"font-weight: 400\">2<\/span><span style=\"font-weight: 400\"> compartilhada com o Curso de Engenharia Civil. Possui 1 central de ar, 1 sof\u00e1,<\/span><span style=\"font-weight: 400\"> 1 geladeira, 1 bebedor de \u00e1gua, 5 arm\u00e1rios baixos, 6 arm\u00e1rios altos, 4 mesas retangulares, 4 <\/span><span style=\"font-weight: 400\">cadeiras acolchoadas, 1 cadeiras girat\u00f3rias presidente, 2 cadeiras com bra\u00e7o girat\u00f3ria, 1 impressora e 2 computadores desktops com monitor.<\/span><\/div>\t\t\t\t\t\t\t\t<\/div>\n\t\t\t\t<\/div>\n\t\t\t\t<\/div>\n\t\t<div role=\"region\" aria-labelledby=\"e-n-accordion-item-5464\" class=\"elementor-element elementor-element-ce4968e e-con-full e-flex e-con e-child\" data-id=\"ce4968e\" data-element_type=\"container\" data-e-type=\"container\">\n\t\t\t\t<div class=\"elementor-element elementor-element-a247a55 elementor-widget elementor-widget-image\" data-id=\"a247a55\" data-element_type=\"widget\" data-e-type=\"widget\" data-widget_type=\"image.default\">\n\t\t\t\t<div class=\"elementor-widget-container\">\n\t\t\t\t\t\t\t\t\t\t\t\t<figure class=\"wp-caption\">\n\t\t\t\t\t\t\t\t\t\t<img loading=\"lazy\" decoding=\"async\" width=\"1200\" height=\"900\" src=\"https:\/\/www2.unifap.br\/arquitetura\/files\/2024\/02\/20230904_141601-1200x900.jpg\" class=\"attachment-large size-large wp-image-7266\" alt=\"\" srcset=\"https:\/\/www2.unifap.br\/arquitetura\/files\/2024\/02\/20230904_141601-1200x900.jpg 1200w, https:\/\/www2.unifap.br\/arquitetura\/files\/2024\/02\/20230904_141601-300x225.jpg 300w, https:\/\/www2.unifap.br\/arquitetura\/files\/2024\/02\/20230904_141601-768x576.jpg 768w, https:\/\/www2.unifap.br\/arquitetura\/files\/2024\/02\/20230904_141601-1536x1152.jpg 1536w, https:\/\/www2.unifap.br\/arquitetura\/files\/2024\/02\/20230904_141601-2048x1536.jpg 2048w\" sizes=\"(max-width: 1200px) 100vw, 1200px\" \/>\t\t\t\t\t\t\t\t\t\t\t<figcaption class=\"widget-image-caption wp-caption-text\">Fonte: Foto Jo\u00e3o Magnus, 2023<\/figcaption>\n\t\t\t\t\t\t\t\t\t\t<\/figure>\n\t\t\t\t\t\t\t\t\t<\/div>\n\t\t\t\t<\/div>\n\t\t\t\t<\/div>\n\t\t\t\t<\/div>\n\t\t\t\t\t<\/details>\n\t\t\t\t\t<\/div>\n\t\t\t\t\t\t<\/div>\n\t\t\t\t<\/div>\n\t\t\t\t<div class=\"elementor-element elementor-element-62d1beb elementor-widget elementor-widget-n-accordion\" data-id=\"62d1beb\" data-element_type=\"widget\" data-e-type=\"widget\" data-settings=\"{&quot;default_state&quot;:&quot;all_collapsed&quot;,&quot;max_items_expended&quot;:&quot;one&quot;,&quot;n_accordion_animation_duration&quot;:{&quot;unit&quot;:&quot;ms&quot;,&quot;size&quot;:400,&quot;sizes&quot;:[]}}\" data-widget_type=\"nested-accordion.default\">\n\t\t\t\t<div class=\"elementor-widget-container\">\n\t\t\t\t\t\t\t<div class=\"e-n-accordion\" aria-label=\"Accordion. Open links with Enter or Space, close with Escape, and navigate with Arrow Keys\">\n\t\t\t\t\t\t<details id=\"e-n-accordion-item-1030\" class=\"e-n-accordion-item\" >\n\t\t\t\t<summary class=\"e-n-accordion-item-title\" data-accordion-index=\"1\" tabindex=\"0\" aria-expanded=\"false\" aria-controls=\"e-n-accordion-item-1030\" >\n\t\t\t\t\t<span class='e-n-accordion-item-title-header'><div class=\"e-n-accordion-item-title-text\"> Salas de aula (Sala 09, Sala 10 e Sala 11) <\/div><\/span>\n\t\t\t\t\t\t\t<span class='e-n-accordion-item-title-icon'>\n\t\t\t<span class='e-opened' ><svg aria-hidden=\"true\" class=\"e-font-icon-svg e-fas-minus\" viewBox=\"0 0 448 512\" xmlns=\"http:\/\/www.w3.org\/2000\/svg\"><path d=\"M416 208H32c-17.67 0-32 14.33-32 32v32c0 17.67 14.33 32 32 32h384c17.67 0 32-14.33 32-32v-32c0-17.67-14.33-32-32-32z\"><\/path><\/svg><\/span>\n\t\t\t<span class='e-closed'><svg aria-hidden=\"true\" class=\"e-font-icon-svg e-fas-plus\" viewBox=\"0 0 448 512\" xmlns=\"http:\/\/www.w3.org\/2000\/svg\"><path d=\"M416 208H272V64c0-17.67-14.33-32-32-32h-32c-17.67 0-32 14.33-32 32v144H32c-17.67 0-32 14.33-32 32v32c0 17.67 14.33 32 32 32h144v144c0 17.67 14.33 32 32 32h32c17.67 0 32-14.33 32-32V304h144c17.67 0 32-14.33 32-32v-32c0-17.67-14.33-32-32-32z\"><\/path><\/svg><\/span>\n\t\t<\/span>\n\n\t\t\t\t\t\t<\/summary>\n\t\t\t\t<div role=\"region\" aria-labelledby=\"e-n-accordion-item-1030\" class=\"elementor-element elementor-element-7fa1193 e-con-full e-flex e-con e-child\" data-id=\"7fa1193\" data-element_type=\"container\" data-e-type=\"container\">\n\t\t<div role=\"region\" aria-labelledby=\"e-n-accordion-item-1030\" class=\"elementor-element elementor-element-736f396 e-con-full e-flex e-con e-child\" data-id=\"736f396\" data-element_type=\"container\" data-e-type=\"container\">\n\t\t\t\t<div class=\"elementor-element elementor-element-e9d753c elementor-widget elementor-widget-text-editor\" data-id=\"e9d753c\" data-element_type=\"widget\" data-e-type=\"widget\" data-widget_type=\"text-editor.default\">\n\t\t\t\t<div class=\"elementor-widget-container\">\n\t\t\t\t\t\t\t\t\t<div style=\"text-align: justify\"><span style=\"font-weight: 400\">Espa\u00e7o utilizado para aulas ministradas por docentes \u00e0 acad\u00eamicos. O curso de possui atualmente 3 salas de aula, sendo que: a Sala 09 apresenta uma \u00e1rea de 62,96 m<\/span><span style=\"font-weight: 400\">2<\/span><span style=\"font-weight: 400\">; a Sala 10 apresenta uma \u00e1rea de 61,67 m<\/span><span style=\"font-weight: 400\">2<\/span><span style=\"font-weight: 400\">; e a Sala 11 apresenta uma \u00e1rea de 61,81 m<\/span><span style=\"font-weight: 400\">2<\/span><span style=\"font-weight: 400\">. As salas de aula possuem 50 carteiras individuais, com algumas<\/span> <span style=\"font-weight: 400\">unidades para canhotos, apresentando, cada, 2 centrais de ar, 1 quadro branco, 1<\/span><span style=\"font-weight: 400\"> mesa retangular, 1 arm\u00e1rio baixo.<\/span><\/div>\t\t\t\t\t\t\t\t<\/div>\n\t\t\t\t<\/div>\n\t\t\t\t<div class=\"elementor-element elementor-element-4685b9f elementor-widget elementor-widget-image\" data-id=\"4685b9f\" data-element_type=\"widget\" data-e-type=\"widget\" data-widget_type=\"image.default\">\n\t\t\t\t<div class=\"elementor-widget-container\">\n\t\t\t\t\t\t\t\t\t\t\t\t<figure class=\"wp-caption\">\n\t\t\t\t\t\t\t\t\t\t<img loading=\"lazy\" decoding=\"async\" width=\"1200\" height=\"795\" src=\"https:\/\/www2.unifap.br\/arquitetura\/files\/2024\/02\/joaomagnus_230810_003.jpg\" class=\"attachment-large size-large wp-image-7282\" alt=\"\" srcset=\"https:\/\/www2.unifap.br\/arquitetura\/files\/2024\/02\/joaomagnus_230810_003.jpg 1200w, https:\/\/www2.unifap.br\/arquitetura\/files\/2024\/02\/joaomagnus_230810_003-300x199.jpg 300w, https:\/\/www2.unifap.br\/arquitetura\/files\/2024\/02\/joaomagnus_230810_003-768x509.jpg 768w\" sizes=\"(max-width: 1200px) 100vw, 1200px\" \/>\t\t\t\t\t\t\t\t\t\t\t<figcaption class=\"widget-image-caption wp-caption-text\">Fonte: Foto Jo\u00e3o Magnus, 2023<\/figcaption>\n\t\t\t\t\t\t\t\t\t\t<\/figure>\n\t\t\t\t\t\t\t\t\t<\/div>\n\t\t\t\t<\/div>\n\t\t\t\t<\/div>\n\t\t<div role=\"region\" aria-labelledby=\"e-n-accordion-item-1030\" class=\"elementor-element elementor-element-779a2dd e-con-full e-flex e-con e-child\" data-id=\"779a2dd\" data-element_type=\"container\" data-e-type=\"container\">\n\t\t\t\t<div class=\"elementor-element elementor-element-4fe001a elementor-widget elementor-widget-image\" data-id=\"4fe001a\" data-element_type=\"widget\" data-e-type=\"widget\" data-widget_type=\"image.default\">\n\t\t\t\t<div class=\"elementor-widget-container\">\n\t\t\t\t\t\t\t\t\t\t\t\t<figure class=\"wp-caption\">\n\t\t\t\t\t\t\t\t\t\t<img loading=\"lazy\" decoding=\"async\" width=\"1200\" height=\"800\" src=\"https:\/\/www2.unifap.br\/arquitetura\/files\/2024\/02\/joaomagnus_230818_027.jpg\" class=\"attachment-large size-large wp-image-7278\" alt=\"\" srcset=\"https:\/\/www2.unifap.br\/arquitetura\/files\/2024\/02\/joaomagnus_230818_027.jpg 1200w, https:\/\/www2.unifap.br\/arquitetura\/files\/2024\/02\/joaomagnus_230818_027-300x200.jpg 300w, https:\/\/www2.unifap.br\/arquitetura\/files\/2024\/02\/joaomagnus_230818_027-768x512.jpg 768w\" sizes=\"(max-width: 1200px) 100vw, 1200px\" \/>\t\t\t\t\t\t\t\t\t\t\t<figcaption class=\"widget-image-caption wp-caption-text\">Fonte: Foto Jo\u00e3o Magnus, 2023<\/figcaption>\n\t\t\t\t\t\t\t\t\t\t<\/figure>\n\t\t\t\t\t\t\t\t\t<\/div>\n\t\t\t\t<\/div>\n\t\t\t\t<div class=\"elementor-element elementor-element-e1484a9 elementor-widget elementor-widget-image\" data-id=\"e1484a9\" data-element_type=\"widget\" data-e-type=\"widget\" data-widget_type=\"image.default\">\n\t\t\t\t<div class=\"elementor-widget-container\">\n\t\t\t\t\t\t\t\t\t\t\t\t<figure class=\"wp-caption\">\n\t\t\t\t\t\t\t\t\t\t<img loading=\"lazy\" decoding=\"async\" width=\"1200\" height=\"795\" src=\"https:\/\/www2.unifap.br\/arquitetura\/files\/2024\/02\/joaomagnus_230818_024.jpg\" class=\"attachment-large size-large wp-image-7283\" alt=\"\" srcset=\"https:\/\/www2.unifap.br\/arquitetura\/files\/2024\/02\/joaomagnus_230818_024.jpg 1200w, https:\/\/www2.unifap.br\/arquitetura\/files\/2024\/02\/joaomagnus_230818_024-300x199.jpg 300w, https:\/\/www2.unifap.br\/arquitetura\/files\/2024\/02\/joaomagnus_230818_024-768x509.jpg 768w\" sizes=\"(max-width: 1200px) 100vw, 1200px\" \/>\t\t\t\t\t\t\t\t\t\t\t<figcaption class=\"widget-image-caption wp-caption-text\">Fonte: Foto Jo\u00e3o Magnus, 2023<\/figcaption>\n\t\t\t\t\t\t\t\t\t\t<\/figure>\n\t\t\t\t\t\t\t\t\t<\/div>\n\t\t\t\t<\/div>\n\t\t\t\t<\/div>\n\t\t\t\t<\/div>\n\t\t\t\t\t<\/details>\n\t\t\t\t\t<\/div>\n\t\t\t\t\t\t<\/div>\n\t\t\t\t<\/div>\n\t\t\t\t<\/div>\n\t\t\t\t\t<\/div>\n\t\t\t\t<\/div>\n\t\t<div class=\"elementor-element elementor-element-3088221 e-flex e-con-boxed e-con e-parent\" data-id=\"3088221\" data-element_type=\"container\" data-e-type=\"container\">\n\t\t\t\t\t<div class=\"e-con-inner\">\n\t\t<div class=\"elementor-element elementor-element-8da838f e-con-full e-flex e-con e-child\" data-id=\"8da838f\" data-element_type=\"container\" data-e-type=\"container\">\n\t\t\t\t<div class=\"elementor-element elementor-element-ad561c2 elementor-widget elementor-widget-heading\" data-id=\"ad561c2\" data-element_type=\"widget\" data-e-type=\"widget\" data-widget_type=\"heading.default\">\n\t\t\t\t<div class=\"elementor-widget-container\">\n\t\t\t\t\t<h2 class=\"elementor-heading-title elementor-size-default\">Laborat\u00f3rio de Ensino de Projeto<\/h2>\t\t\t\t<\/div>\n\t\t\t\t<\/div>\n\t\t\t\t<div class=\"elementor-element elementor-element-5c8184f elementor-widget elementor-widget-text-editor\" data-id=\"5c8184f\" data-element_type=\"widget\" data-e-type=\"widget\" data-widget_type=\"text-editor.default\">\n\t\t\t\t<div class=\"elementor-widget-container\">\n\t\t\t\t\t\t\t\t\t<div style=\"text-align: justify\"><span style=\"font-weight: 400\">O laborat\u00f3rio tem objetivo de <\/span><span style=\"font-weight: 400\">dar apoio \u00e0s aulas pr\u00e1ticas das disciplinas do curso de Arquitetura e Urbanismo, bem como as pr\u00e1ticas relacionadas com o desenho \u00e0 m\u00e3o livre, desenho geom\u00e9trico, geometria descritiva e desenho t\u00e9cnico, tamb\u00e9m, na produ\u00e7\u00e3o de projetos de ensino, pesquisa e extens\u00e3o.<\/span>\n\n<span style=\"font-weight: 400\">O Curso possui dois Laborat\u00f3rios de Ensino de Projetos, sendo cada espa\u00e7o descrito abaixo:<\/span><\/div>\t\t\t\t\t\t\t\t<\/div>\n\t\t\t\t<\/div>\n\t\t\t\t<div class=\"elementor-element elementor-element-75b9aa8 elementor-widget elementor-widget-n-accordion\" data-id=\"75b9aa8\" data-element_type=\"widget\" data-e-type=\"widget\" data-settings=\"{&quot;default_state&quot;:&quot;all_collapsed&quot;,&quot;max_items_expended&quot;:&quot;one&quot;,&quot;n_accordion_animation_duration&quot;:{&quot;unit&quot;:&quot;ms&quot;,&quot;size&quot;:400,&quot;sizes&quot;:[]}}\" data-widget_type=\"nested-accordion.default\">\n\t\t\t\t<div class=\"elementor-widget-container\">\n\t\t\t\t\t\t\t<div class=\"e-n-accordion\" aria-label=\"Accordion. Open links with Enter or Space, close with Escape, and navigate with Arrow Keys\">\n\t\t\t\t\t\t<details id=\"e-n-accordion-item-1230\" class=\"e-n-accordion-item\" >\n\t\t\t\t<summary class=\"e-n-accordion-item-title\" data-accordion-index=\"1\" tabindex=\"0\" aria-expanded=\"false\" aria-controls=\"e-n-accordion-item-1230\" >\n\t\t\t\t\t<span class='e-n-accordion-item-title-header'><div class=\"e-n-accordion-item-title-text\"> Laborat\u00f3rio de Ensino de Projeto 1:  <\/div><\/span>\n\t\t\t\t\t\t\t<span class='e-n-accordion-item-title-icon'>\n\t\t\t<span class='e-opened' ><svg aria-hidden=\"true\" class=\"e-font-icon-svg e-fas-minus\" viewBox=\"0 0 448 512\" xmlns=\"http:\/\/www.w3.org\/2000\/svg\"><path d=\"M416 208H32c-17.67 0-32 14.33-32 32v32c0 17.67 14.33 32 32 32h384c17.67 0 32-14.33 32-32v-32c0-17.67-14.33-32-32-32z\"><\/path><\/svg><\/span>\n\t\t\t<span class='e-closed'><svg aria-hidden=\"true\" class=\"e-font-icon-svg e-fas-plus\" viewBox=\"0 0 448 512\" xmlns=\"http:\/\/www.w3.org\/2000\/svg\"><path d=\"M416 208H272V64c0-17.67-14.33-32-32-32h-32c-17.67 0-32 14.33-32 32v144H32c-17.67 0-32 14.33-32 32v32c0 17.67 14.33 32 32 32h144v144c0 17.67 14.33 32 32 32h32c17.67 0 32-14.33 32-32V304h144c17.67 0 32-14.33 32-32v-32c0-17.67-14.33-32-32-32z\"><\/path><\/svg><\/span>\n\t\t<\/span>\n\n\t\t\t\t\t\t<\/summary>\n\t\t\t\t<div role=\"region\" aria-labelledby=\"e-n-accordion-item-1230\" class=\"elementor-element elementor-element-d7248bf e-con-full e-flex e-con e-child\" data-id=\"d7248bf\" data-element_type=\"container\" data-e-type=\"container\">\n\t\t<div role=\"region\" aria-labelledby=\"e-n-accordion-item-1230\" class=\"elementor-element elementor-element-72dfc7a e-con-full e-flex e-con e-child\" data-id=\"72dfc7a\" data-element_type=\"container\" data-e-type=\"container\">\n\t\t\t\t<div class=\"elementor-element elementor-element-562965e elementor-widget elementor-widget-text-editor\" data-id=\"562965e\" data-element_type=\"widget\" data-e-type=\"widget\" data-widget_type=\"text-editor.default\">\n\t\t\t\t<div class=\"elementor-widget-container\">\n\t\t\t\t\t\t\t\t\t<div style=\"text-align: justify\"><span style=\"font-weight: 400\">O espa\u00e7o apresenta uma \u00e1rea de 94,78 m<\/span><span style=\"font-weight: 400\">2<\/span><span style=\"font-weight: 400\">. Possui 2 centrais de ar, 21 mesas de desenho com r\u00e9gua, 16 mesas de desenho sem r\u00e9gua, 5 mesas retangulares, 18 cadeiras acolchoadas, 23 cadeiras, 3 arm\u00e1rios altos, 1 arm\u00e1rio baixo, 1 quadro branco. A seguir \u00e9 apresentada uma foto do ambiente:<\/span><\/div>\t\t\t\t\t\t\t\t<\/div>\n\t\t\t\t<\/div>\n\t\t\t\t<\/div>\n\t\t<div role=\"region\" aria-labelledby=\"e-n-accordion-item-1230\" class=\"elementor-element elementor-element-2fc8da1 e-con-full e-flex e-con e-child\" data-id=\"2fc8da1\" data-element_type=\"container\" data-e-type=\"container\">\n\t\t\t\t<div class=\"elementor-element elementor-element-b0080b9 elementor-widget elementor-widget-image\" data-id=\"b0080b9\" data-element_type=\"widget\" data-e-type=\"widget\" data-widget_type=\"image.default\">\n\t\t\t\t<div class=\"elementor-widget-container\">\n\t\t\t\t\t\t\t\t\t\t\t\t<figure class=\"wp-caption\">\n\t\t\t\t\t\t\t\t\t\t<img loading=\"lazy\" decoding=\"async\" width=\"1200\" height=\"800\" src=\"https:\/\/www2.unifap.br\/arquitetura\/files\/2024\/02\/joaomagnus_230818_016.jpg\" class=\"attachment-large size-large wp-image-7270\" alt=\"\" srcset=\"https:\/\/www2.unifap.br\/arquitetura\/files\/2024\/02\/joaomagnus_230818_016.jpg 1200w, https:\/\/www2.unifap.br\/arquitetura\/files\/2024\/02\/joaomagnus_230818_016-300x200.jpg 300w, https:\/\/www2.unifap.br\/arquitetura\/files\/2024\/02\/joaomagnus_230818_016-768x512.jpg 768w\" sizes=\"(max-width: 1200px) 100vw, 1200px\" \/>\t\t\t\t\t\t\t\t\t\t\t<figcaption class=\"widget-image-caption wp-caption-text\">Fonte: Foto Jo\u00e3o Magnus, 2023.<\/figcaption>\n\t\t\t\t\t\t\t\t\t\t<\/figure>\n\t\t\t\t\t\t\t\t\t<\/div>\n\t\t\t\t<\/div>\n\t\t\t\t<\/div>\n\t\t\t\t<\/div>\n\t\t\t\t\t<\/details>\n\t\t\t\t\t\t<details id=\"e-n-accordion-item-1231\" class=\"e-n-accordion-item\" >\n\t\t\t\t<summary class=\"e-n-accordion-item-title\" data-accordion-index=\"2\" tabindex=\"-1\" aria-expanded=\"false\" aria-controls=\"e-n-accordion-item-1231\" >\n\t\t\t\t\t<span class='e-n-accordion-item-title-header'><div class=\"e-n-accordion-item-title-text\"> Laborat\u00f3rio de Ensino de Projeto 2:  <\/div><\/span>\n\t\t\t\t\t\t\t<span class='e-n-accordion-item-title-icon'>\n\t\t\t<span class='e-opened' ><svg aria-hidden=\"true\" class=\"e-font-icon-svg e-fas-minus\" viewBox=\"0 0 448 512\" xmlns=\"http:\/\/www.w3.org\/2000\/svg\"><path d=\"M416 208H32c-17.67 0-32 14.33-32 32v32c0 17.67 14.33 32 32 32h384c17.67 0 32-14.33 32-32v-32c0-17.67-14.33-32-32-32z\"><\/path><\/svg><\/span>\n\t\t\t<span class='e-closed'><svg aria-hidden=\"true\" class=\"e-font-icon-svg e-fas-plus\" viewBox=\"0 0 448 512\" xmlns=\"http:\/\/www.w3.org\/2000\/svg\"><path d=\"M416 208H272V64c0-17.67-14.33-32-32-32h-32c-17.67 0-32 14.33-32 32v144H32c-17.67 0-32 14.33-32 32v32c0 17.67 14.33 32 32 32h144v144c0 17.67 14.33 32 32 32h32c17.67 0 32-14.33 32-32V304h144c17.67 0 32-14.33 32-32v-32c0-17.67-14.33-32-32-32z\"><\/path><\/svg><\/span>\n\t\t<\/span>\n\n\t\t\t\t\t\t<\/summary>\n\t\t\t\t<div role=\"region\" aria-labelledby=\"e-n-accordion-item-1231\" class=\"elementor-element elementor-element-6d0b6fe e-con-full e-flex e-con e-child\" data-id=\"6d0b6fe\" data-element_type=\"container\" data-e-type=\"container\">\n\t\t<div role=\"region\" aria-labelledby=\"e-n-accordion-item-1231\" class=\"elementor-element elementor-element-5fd6e50 e-con-full e-flex e-con e-child\" data-id=\"5fd6e50\" data-element_type=\"container\" data-e-type=\"container\">\n\t\t\t\t<div class=\"elementor-element elementor-element-aca0f73 elementor-widget elementor-widget-text-editor\" data-id=\"aca0f73\" data-element_type=\"widget\" data-e-type=\"widget\" data-widget_type=\"text-editor.default\">\n\t\t\t\t<div class=\"elementor-widget-container\">\n\t\t\t\t\t\t\t\t\t<div style=\"text-align: justify\"><span style=\"font-weight: 400\">O espa\u00e7o apresenta uma \u00e1rea de 94,22 m<\/span><span style=\"font-weight: 400\">2<\/span><span style=\"font-weight: 400\">. Possui 2 centrais de ar, 35 mesas de desenho com r\u00e9gua, 10 mesas de desenho sem r\u00e9gua, 2 mesas retangulares, 35 cadeiras, 1 cadeira girat\u00f3ria com bra\u00e7o, 1 arm\u00e1rio alto, 1 arm\u00e1rio baixo, 1 quadro branco.\u00a0<\/span><\/div>\t\t\t\t\t\t\t\t<\/div>\n\t\t\t\t<\/div>\n\t\t\t\t<\/div>\n\t\t<div role=\"region\" aria-labelledby=\"e-n-accordion-item-1231\" class=\"elementor-element elementor-element-dbe9545 e-con-full e-flex e-con e-child\" data-id=\"dbe9545\" data-element_type=\"container\" data-e-type=\"container\">\n\t\t\t\t<div class=\"elementor-element elementor-element-1d3496d elementor-widget elementor-widget-image\" data-id=\"1d3496d\" data-element_type=\"widget\" data-e-type=\"widget\" data-widget_type=\"image.default\">\n\t\t\t\t<div class=\"elementor-widget-container\">\n\t\t\t\t\t\t\t\t\t\t\t\t<figure class=\"wp-caption\">\n\t\t\t\t\t\t\t\t\t\t<img loading=\"lazy\" decoding=\"async\" width=\"1200\" height=\"798\" src=\"https:\/\/www2.unifap.br\/arquitetura\/files\/2024\/02\/joaomagnus_230810_012.jpg\" class=\"attachment-large size-large wp-image-7277\" alt=\"\" srcset=\"https:\/\/www2.unifap.br\/arquitetura\/files\/2024\/02\/joaomagnus_230810_012.jpg 1200w, https:\/\/www2.unifap.br\/arquitetura\/files\/2024\/02\/joaomagnus_230810_012-300x200.jpg 300w, https:\/\/www2.unifap.br\/arquitetura\/files\/2024\/02\/joaomagnus_230810_012-768x511.jpg 768w\" sizes=\"(max-width: 1200px) 100vw, 1200px\" \/>\t\t\t\t\t\t\t\t\t\t\t<figcaption class=\"widget-image-caption wp-caption-text\">Fonte: Foto Jo\u00e3o Magnus, 2023.<\/figcaption>\n\t\t\t\t\t\t\t\t\t\t<\/figure>\n\t\t\t\t\t\t\t\t\t<\/div>\n\t\t\t\t<\/div>\n\t\t\t\t<\/div>\n\t\t\t\t<\/div>\n\t\t\t\t\t<\/details>\n\t\t\t\t\t<\/div>\n\t\t\t\t\t\t<\/div>\n\t\t\t\t<\/div>\n\t\t\t\t<\/div>\n\t\t\t\t\t<\/div>\n\t\t\t\t<\/div>\n\t\t\t\t<\/div>\n\t\t","protected":false},"excerpt":{"rendered":"<p>\/*! elementor &#8211; v3.19.0 &#8211; 28-02-2024 *\/ .elementor-heading-title{padding:0;margin:0;line-height:1}.elementor-widget-heading .elementor-heading-title[class*=elementor-size-]&gt;a{color:inherit;font-size:inherit;line-height:inherit}.elementor-widget-heading .elementor-heading-title.elementor-size-small{font-size:15px}.elementor-widget-heading .elementor-heading-title.elementor-size-medium{font-size:19px}.elementor-widget-heading .elementor-heading-title.elementor-size-large{font-size:29px}.elementor-widget-heading .elementor-heading-title.elementor-size-xl{font-size:39px}.elementor-widget-heading .elementor-heading-title.elementor-size-xxl{font-size:59px} Bloco de Engenharia Civil e Arquitetura e Urbanismo O Curso de Arquitetura e Urbanismo exerce suas atividades administrativas e pedag\u00f3gicas no Campus Marco Zero da UNIFAP, na Cidade de Macap\u00e1-AP, no Bloco de Engenharia Civil e Arquitetura e Urbanismo (Localiza\u00e7\u00e3o via&#8230;<\/p>\n","protected":false},"author":3898,"featured_media":0,"parent":0,"menu_order":0,"comment_status":"closed","ping_status":"closed","template":"","meta":{"inline_featured_image":false,"site-sidebar-layout":"no-sidebar","site-content-layout":"page-builder","ast-site-content-layout":"full-width-container","site-content-style":"default","site-sidebar-style":"default","ast-global-header-display":"","ast-banner-title-visibility":"","ast-main-header-display":"","ast-hfb-above-header-display":"","ast-hfb-below-header-display":"","ast-hfb-mobile-header-display":"","site-post-title":"disabled","ast-breadcrumbs-content":"","ast-featured-img":"disabled","footer-sml-layout":"","theme-transparent-header-meta":"default","adv-header-id-meta":"","stick-header-meta":"","header-above-stick-meta":"","header-main-stick-meta":"","header-below-stick-meta":"","astra-migrate-meta-layouts":"set","ast-page-background-enabled":"default","ast-page-background-meta":{"desktop":{"background-color":"var(--ast-global-color-4)","background-image":"","background-repeat":"repeat","background-position":"center center","background-size":"auto","background-attachment":"scroll","background-type":"","background-media":"","overlay-type":"","overlay-color":"","overlay-opacity":"","overlay-gradient":""},"tablet":{"background-color":"","background-image":"","background-repeat":"repeat","background-position":"center center","background-size":"auto","background-attachment":"scroll","background-type":"","background-media":"","overlay-type":"","overlay-color":"","overlay-opacity":"","overlay-gradient":""},"mobile":{"background-color":"","background-image":"","background-repeat":"repeat","background-position":"center center","background-size":"auto","background-attachment":"scroll","background-type":"","background-media":"","overlay-type":"","overlay-color":"","overlay-opacity":"","overlay-gradient":""}},"ast-content-background-meta":{"desktop":{"background-color":"var(--ast-global-color-5)","background-image":"","background-repeat":"repeat","background-position":"center center","background-size":"auto","background-attachment":"scroll","background-type":"","background-media":"","overlay-type":"","overlay-color":"","overlay-opacity":"","overlay-gradient":""},"tablet":{"background-color":"var(--ast-global-color-5)","background-image":"","background-repeat":"repeat","background-position":"center center","background-size":"auto","background-attachment":"scroll","background-type":"","background-media":"","overlay-type":"","overlay-color":"","overlay-opacity":"","overlay-gradient":""},"mobile":{"background-color":"var(--ast-global-color-5)","background-image":"","background-repeat":"repeat","background-position":"center center","background-size":"auto","background-attachment":"scroll","background-type":"","background-media":"","overlay-type":"","overlay-color":"","overlay-opacity":"","overlay-gradient":""}},"ngg_post_thumbnail":0,"footnotes":""},"class_list":["post-6113","page","type-page","status-publish","hentry"],"_links":{"self":[{"href":"https:\/\/www2.unifap.br\/arquitetura\/wp-json\/wp\/v2\/pages\/6113","targetHints":{"allow":["GET"]}}],"collection":[{"href":"https:\/\/www2.unifap.br\/arquitetura\/wp-json\/wp\/v2\/pages"}],"about":[{"href":"https:\/\/www2.unifap.br\/arquitetura\/wp-json\/wp\/v2\/types\/page"}],"author":[{"embeddable":true,"href":"https:\/\/www2.unifap.br\/arquitetura\/wp-json\/wp\/v2\/users\/3898"}],"replies":[{"embeddable":true,"href":"https:\/\/www2.unifap.br\/arquitetura\/wp-json\/wp\/v2\/comments?post=6113"}],"version-history":[{"count":137,"href":"https:\/\/www2.unifap.br\/arquitetura\/wp-json\/wp\/v2\/pages\/6113\/revisions"}],"predecessor-version":[{"id":9301,"href":"https:\/\/www2.unifap.br\/arquitetura\/wp-json\/wp\/v2\/pages\/6113\/revisions\/9301"}],"wp:attachment":[{"href":"https:\/\/www2.unifap.br\/arquitetura\/wp-json\/wp\/v2\/media?parent=6113"}],"curies":[{"name":"wp","href":"https:\/\/api.w.org\/{rel}","templated":true}]}}