{"id":6160,"date":"2024-02-19T19:16:18","date_gmt":"2024-02-19T22:16:18","guid":{"rendered":"https:\/\/www2.unifap.br\/arquitetura\/?page_id=6160"},"modified":"2024-05-01T09:02:57","modified_gmt":"2024-05-01T12:02:57","slug":"grupos-de-pesquisa","status":"publish","type":"page","link":"https:\/\/www2.unifap.br\/arquitetura\/grupos-de-pesquisa\/","title":{"rendered":"Grupos de Pesquisa"},"content":{"rendered":"\t\t<div data-elementor-type=\"wp-page\" data-elementor-id=\"6160\" class=\"elementor elementor-6160\">\n\t\t\t\t<div class=\"elementor-element elementor-element-405c9a72 e-flex e-con-boxed e-con e-parent\" data-id=\"405c9a72\" data-element_type=\"container\" data-e-type=\"container\">\n\t\t\t\t\t<div class=\"e-con-inner\">\n\t\t\t\t<div class=\"elementor-element elementor-element-714b5b1 elementor-widget elementor-widget-heading\" data-id=\"714b5b1\" data-element_type=\"widget\" data-e-type=\"widget\" data-widget_type=\"heading.default\">\n\t\t\t\t<div class=\"elementor-widget-container\">\n\t\t\t\t\t<h2 class=\"elementor-heading-title elementor-size-default\">Grupos de Pesquisa<\/h2>\t\t\t\t<\/div>\n\t\t\t\t<\/div>\n\t\t\t\t\t<\/div>\n\t\t\t\t<\/div>\n\t\t<div class=\"elementor-element elementor-element-3839f4b e-flex e-con-boxed e-con e-parent\" data-id=\"3839f4b\" data-element_type=\"container\" data-e-type=\"container\">\n\t\t\t\t\t<div class=\"e-con-inner\">\n\t\t\t\t<div class=\"elementor-element elementor-element-312f838 e-n-tabs-mobile elementor-widget elementor-widget-n-tabs\" data-id=\"312f838\" data-element_type=\"widget\" data-e-type=\"widget\" data-widget_type=\"nested-tabs.default\">\n\t\t\t\t<div class=\"elementor-widget-container\">\n\t\t\t\t\t\t\t<div class=\"e-n-tabs\" data-widget-number=\"51574840\" aria-label=\"Abas. Abra itens com &quot;Enter&quot; ou &quot;Espa\u00e7o&quot;, feche com &quot;Escape&quot; e navegue usando as teclas de &quot;Seta&quot;.\">\n\t\t\t<div class=\"e-n-tabs-heading\" role=\"tablist\">\n\t\t\t\t\t<button id=\"e-n-tab-title-515748401\" data-tab-title-id=\"e-n-tab-title-515748401\" class=\"e-n-tab-title\" aria-selected=\"true\" data-tab-index=\"1\" role=\"tab\" tabindex=\"0\" aria-controls=\"e-n-tab-content-515748401\" style=\"--n-tabs-title-order: 1;\">\n\t\t\t\t\t\t<span class=\"e-n-tab-title-text\">\n\t\t\t\tTRAMAz - N\u00facleo de Pesquisa do Espa\u00e7o Constru\u00eddo na Amaz\u00f4nia \t\t\t<\/span>\n\t\t<\/button>\n\t\t\t\t<button id=\"e-n-tab-title-515748402\" data-tab-title-id=\"e-n-tab-title-515748402\" class=\"e-n-tab-title\" aria-selected=\"false\" data-tab-index=\"2\" role=\"tab\" tabindex=\"-1\" aria-controls=\"e-n-tab-content-515748402\" style=\"--n-tabs-title-order: 2;\">\n\t\t\t\t\t\t<span class=\"e-n-tab-title-text\">\n\t\t\t\tHist\u00f3ria da Arquitetura da Amaz\u00f4nia\t\t\t<\/span>\n\t\t<\/button>\n\t\t\t\t<button id=\"e-n-tab-title-515748403\" data-tab-title-id=\"e-n-tab-title-515748403\" class=\"e-n-tab-title\" aria-selected=\"false\" data-tab-index=\"3\" role=\"tab\" tabindex=\"-1\" aria-controls=\"e-n-tab-content-515748403\" style=\"--n-tabs-title-order: 3;\">\n\t\t\t\t\t\t<span class=\"e-n-tab-title-text\">\n\t\t\t\tHabitar Amaz\u00f4nia \t\t\t<\/span>\n\t\t<\/button>\n\t\t\t\t<button id=\"e-n-tab-title-515748404\" data-tab-title-id=\"e-n-tab-title-515748404\" class=\"e-n-tab-title\" aria-selected=\"false\" data-tab-index=\"4\" role=\"tab\" tabindex=\"-1\" aria-controls=\"e-n-tab-content-515748404\" style=\"--n-tabs-title-order: 4;\">\n\t\t\t\t\t\t<span class=\"e-n-tab-title-text\">\n\t\t\t\tRede Amaz\u00f4nia Luso Brasileira de Pesquisa\t\t\t<\/span>\n\t\t<\/button>\n\t\t\t\t<button id=\"e-n-tab-title-515748405\" data-tab-title-id=\"e-n-tab-title-515748405\" class=\"e-n-tab-title\" aria-selected=\"false\" data-tab-index=\"5\" role=\"tab\" tabindex=\"-1\" aria-controls=\"e-n-tab-content-515748405\" style=\"--n-tabs-title-order: 5;\">\n\t\t\t\t\t\t<span class=\"e-n-tab-title-text\">\n\t\t\t\tN\u00facleo de Estudos Urbanos e Regionais \t\t\t<\/span>\n\t\t<\/button>\n\t\t\t\t<button id=\"e-n-tab-title-515748406\" data-tab-title-id=\"e-n-tab-title-515748406\" class=\"e-n-tab-title\" aria-selected=\"false\" data-tab-index=\"6\" role=\"tab\" tabindex=\"-1\" aria-controls=\"e-n-tab-content-515748406\" style=\"--n-tabs-title-order: 6;\">\n\t\t\t\t\t\t<span class=\"e-n-tab-title-text\">\n\t\t\t\tN\u00facleo de Estudos em Est\u00e9tica do \u00damido\t\t\t<\/span>\n\t\t<\/button>\n\t\t\t\t<button id=\"e-n-tab-title-515748407\" data-tab-title-id=\"e-n-tab-title-515748407\" class=\"e-n-tab-title\" aria-selected=\"false\" data-tab-index=\"7\" role=\"tab\" tabindex=\"-1\" aria-controls=\"e-n-tab-content-515748407\" style=\"--n-tabs-title-order: 7;\">\n\t\t\t\t\t\t<span class=\"e-n-tab-title-text\">\n\t\t\t\tMem\u00f3rias Urbanas \t\t\t<\/span>\n\t\t<\/button>\n\t\t\t\t<button id=\"e-n-tab-title-515748408\" data-tab-title-id=\"e-n-tab-title-515748408\" class=\"e-n-tab-title\" aria-selected=\"false\" data-tab-index=\"8\" role=\"tab\" tabindex=\"-1\" aria-controls=\"e-n-tab-content-515748408\" style=\"--n-tabs-title-order: 8;\">\n\t\t\t\t\t\t<span class=\"e-n-tab-title-text\">\n\t\t\t\tConforto Ambiental e Efici\u00eancia Energ\u00e9tica no Ambiente Constru\u00eddo\t\t\t<\/span>\n\t\t<\/button>\n\t\t\t\t<button id=\"e-n-tab-title-515748409\" data-tab-title-id=\"e-n-tab-title-515748409\" class=\"e-n-tab-title\" aria-selected=\"false\" data-tab-index=\"9\" role=\"tab\" tabindex=\"-1\" aria-controls=\"e-n-tab-content-515748409\" style=\"--n-tabs-title-order: 9;\">\n\t\t\t\t\t\t<span class=\"e-n-tab-title-text\">\n\t\t\t\tArquitetura e Urbanismo na Amaz\u00f4nia\t\t\t<\/span>\n\t\t<\/button>\n\t\t\t\t\t<\/div>\n\t\t\t<div class=\"e-n-tabs-content\">\n\t\t\t\t<div id=\"e-n-tab-content-515748401\" role=\"tabpanel\" aria-labelledby=\"e-n-tab-title-515748401\" data-tab-index=\"1\" style=\"--n-tabs-title-order: 1;\" class=\"e-active elementor-element elementor-element-73bb971 e-con-full e-flex e-con e-child\" data-id=\"73bb971\" data-element_type=\"container\" data-e-type=\"container\">\n\t\t<div class=\"elementor-element elementor-element-4ded14f e-flex e-con-boxed e-con e-child\" data-id=\"4ded14f\" data-element_type=\"container\" data-e-type=\"container\">\n\t\t\t\t\t<div class=\"e-con-inner\">\n\t\t\t\t<div class=\"elementor-element elementor-element-e68af26 elementor-widget elementor-widget-text-editor\" data-id=\"e68af26\" data-element_type=\"widget\" data-e-type=\"widget\" data-widget_type=\"text-editor.default\">\n\t\t\t\t<div class=\"elementor-widget-container\">\n\t\t\t\t\t\t\t\t\t<div style=\"text-align: justify\">\n<h3><a href=\"http:\/\/dgp.cnpq.br\/dgp\/espelhogrupo\/6911265377212916\"><b>TRAMAz &#8211; N\u00facleo de Pesquisa do Espa\u00e7o Constru\u00eddo na Amaz\u00f4nia\u00a0<\/b><\/a><\/h3>\n<span style=\"font-weight: 400\">O N\u00facleo de Pesquisa do Espa\u00e7o Constru\u00eddo na Amaz\u00f4nia TRAMAz re\u00fane professores e pesquisadores na constru\u00e7\u00e3o do conhecimento voltado para a Arquitetura e Urbanismo no contexto Amaz\u00f4nico. Por meio de diferentes abordagens, olhares e linhas de pesquisa, os temas estudados se cruzam e se interligam de modo a ampliar o campo de vis\u00e3o sob uma mesma problem\u00e1tica, criando uma trama, uma rede de conhecimentos sobre o espa\u00e7o da Amaz\u00f4nia. Envolve \u00e1reas tem\u00e1ticas do Curso de Arquitetura e Urbanismo da UNIFAP, ampliando a vis\u00e3o da realidade local e proporcionando um di\u00e1logo com outras institui\u00e7\u00f5es, pesquisadores nacionais e internacionais. A repercuss\u00e3o dos conhecimentos gerados ser\u00e1 divulgada atrav\u00e9s de publica\u00e7\u00f5es cient\u00edficas em peri\u00f3dicos, eventos nacionais e internacionais, presta\u00e7\u00e3o de servi\u00e7os, e a\u00e7\u00f5es de extens\u00e3o junto \u00e0 comunidade<\/span>\n<br><br>\n<b>Ano de forma\u00e7\u00e3o: <\/b><span style=\"font-weight: 400\">2023\u00a0<\/span>\n<br><br>\n<b>L\u00edder(es) do grupo: <\/b><span style=\"font-weight: 400\">Prof. Dr Felipe da Silva Duarte Lopes e Profa. Dra. Louise Barbalho Pontes\u00a0<\/span>\n<br><br>\n<b>Contato:\u00a0<\/b>\n<br><br>\n<span style=\"font-weight: 400\">Telefone: (19) 99645-2063\u00a0<\/span>\n<br><br>\n<span style=\"font-weight: 400\">E-mail: <\/span><a href=\"mailto:felipe.lopes@unifap.br\"><span style=\"font-weight: 400\">felipe.lopes@unifap.br<\/span><\/a>\n<br><br>\n<\/div>\t\t\t\t\t\t\t\t<\/div>\n\t\t\t\t<\/div>\n\t\t\t\t\t<\/div>\n\t\t\t\t<\/div>\n\t\t\t\t<\/div>\n\t\t<div id=\"e-n-tab-content-515748402\" role=\"tabpanel\" aria-labelledby=\"e-n-tab-title-515748402\" data-tab-index=\"2\" style=\"--n-tabs-title-order: 2;\" class=\" elementor-element elementor-element-46fe090 e-con-full e-flex e-con e-child\" data-id=\"46fe090\" data-element_type=\"container\" data-e-type=\"container\">\n\t\t<div class=\"elementor-element elementor-element-34d0e1f e-flex e-con-boxed e-con e-child\" data-id=\"34d0e1f\" data-element_type=\"container\" data-e-type=\"container\">\n\t\t\t\t\t<div class=\"e-con-inner\">\n\t\t\t\t<div class=\"elementor-element elementor-element-34f63e8 elementor-widget elementor-widget-text-editor\" data-id=\"34f63e8\" data-element_type=\"widget\" data-e-type=\"widget\" data-widget_type=\"text-editor.default\">\n\t\t\t\t<div class=\"elementor-widget-container\">\n\t\t\t\t\t\t\t\t\t<div style=\"text-align: justify\"><h3><a href=\"#\">Hist\u00f3ria<b> da Arquitetura da Amaz\u00f4nia\u00a0<\/b><\/a><\/h3><p>Foi constitu\u00eddo no ano de 2023 com o objetivo de aprofundar a pesquisa hist\u00f3rica sobre a arquitetura na regi\u00e3o norte do Brasil, na Amaz\u00f4nia brasileira. \u00c9 formado por professores, pesquisadores de institui\u00e7\u00e3o federal arquitetos e urbanistas e discentes de Curso de Arquitetura e Urbanismo de IES. O ponto de partida do grupo se deu pela tem\u00e1tica \u201chist\u00f3ria da arquitetura territorial\u201d, que atravessa pesquisadores que vivenciam\/vivenciaram nos antigos Territ\u00f3rios Federais, desta maneira, construindo uma rede de pesquisa que visa contribuir com a produ\u00e7\u00e3o cient\u00edfica e o conhecimento da hist\u00f3rica da arquitetura nos diversos contextos de sua constitui\u00e7\u00e3o. A pesquisa hist\u00f3rica se entrela\u00e7a com outros m\u00e9todos, como exemplo, o campo etnogr\u00e1fico, que permite a reflex\u00e3o do objeto arquitet\u00f4nico e seu papel social na contemporaneidade. O grupo \u00e9 constitu\u00eddo por pesquisadores das institui\u00e7\u00f5es UNIFAP, UFRR, UFPA, IFPA e IPHAN, fato que possibilita a troca de conhecimento entre as institui\u00e7\u00f5es e permite a produ\u00e7\u00e3o de eventos e artigos cient\u00edficos para o compartilhamento das pesquisas desenvolvidas.<br \/>Institui\u00e7\u00f5es: O grupo \u00e9 constitu\u00eddo por pesquisadores docentes e discentes das Institui\u00e7\u00f5es de Ensino Superior: UNIFAP, UFPA, UFRR e IFPA. Apresenta tamb\u00e9m membros vinculados ao Instituto do Patrim\u00f4nio Hist\u00f3rico e Art\u00edstico Nacional (IPHAN).<\/p><p><strong>Infraestrutura:<\/strong> Sala de pesquisa do Curso de Arquitetura e Urbanismo da UNIFAP<\/p><p><strong>Laborat\u00f3rio:<\/strong> Laborat\u00f3rio de Mem\u00f3ria e patrim\u00f4nio Cultura (LAMEMO\/FAU\/UFPA); Laborat\u00f3rio de Pr\u00e1ticas de Projeto e Pesquisa (LPPP\/DAU\/UFRR<\/p><p><strong>Ano de forma\u00e7\u00e3o:<\/strong> 2023<\/p><p><br \/><strong>L\u00edder do grupo:<\/strong> Profa. Dra. Dinah Reiko Tutyia<\/p><p><strong>Contato:<\/strong><\/p><p>Telefone: (91) 98588-9982<\/p><\/div>\t\t\t\t\t\t\t\t<\/div>\n\t\t\t\t<\/div>\n\t\t\t\t\t<\/div>\n\t\t\t\t<\/div>\n\t\t\t\t<\/div>\n\t\t<div id=\"e-n-tab-content-515748403\" role=\"tabpanel\" aria-labelledby=\"e-n-tab-title-515748403\" data-tab-index=\"3\" style=\"--n-tabs-title-order: 3;\" class=\" elementor-element elementor-element-2e8b127 e-con-full e-flex e-con e-child\" data-id=\"2e8b127\" data-element_type=\"container\" data-e-type=\"container\">\n\t\t<div class=\"elementor-element elementor-element-593485a e-flex e-con-boxed e-con e-child\" data-id=\"593485a\" data-element_type=\"container\" data-e-type=\"container\">\n\t\t\t\t\t<div class=\"e-con-inner\">\n\t\t\t\t<div class=\"elementor-element elementor-element-272a9ca elementor-widget elementor-widget-text-editor\" data-id=\"272a9ca\" data-element_type=\"widget\" data-e-type=\"widget\" data-widget_type=\"text-editor.default\">\n\t\t\t\t<div class=\"elementor-widget-container\">\n\t\t\t\t\t\t\t\t\t<div style=\"text-align: justify\">\n<h3><b><a href=\"http:\/\/dgp.cnpq.br\/dgp\/espelhogrupo\/4315626767041987\">Habitar Amaz\u00f4nia<\/a>\u00a0<\/b><\/h3>\n<span style=\"font-weight: 400\">I Jornada Acad\u00eamica de Conforto Ambiental realizada no Curso de Arquitetura e Urbanismo da UNIFAP. Elabora\u00e7\u00e3o de e-book sobre projetos de arquitetura na Amaz\u00f4nia e Conforto Ambiental na Amaz\u00f4nia<\/span>\n<br><br>\n\n<b>Ano de forma\u00e7\u00e3o:\u00a0 <\/b><span style=\"font-weight: 400\">2020\u00a0<\/span>\n<br><br>\n\n<b>L\u00edder(es) do grupo:\u00a0 <\/b><span style=\"font-weight: 400\">Profa. Esp. Ana Karina Nascimento Silva Rodrigues\u00a0<\/span>\n<br><br>\n\n<b>Contato:<\/b>\n<br><br>\n\n<span style=\"font-weight: 400\">Telefone: (91) 98546-0367\u00a0\u00a0<\/span>\n<br><br>\n\n<span style=\"font-weight: 400\">E-mail: <\/span><a href=\"mailto:habitaramazonia@gmail.com\"><span style=\"font-weight: 400\">habitaramazonia@gmail.com<\/span><\/a><span style=\"font-weight: 400\">\u00a0<\/span>\n\n<\/div>\t\t\t\t\t\t\t\t<\/div>\n\t\t\t\t<\/div>\n\t\t\t\t\t<\/div>\n\t\t\t\t<\/div>\n\t\t\t\t<\/div>\n\t\t<div id=\"e-n-tab-content-515748404\" role=\"tabpanel\" aria-labelledby=\"e-n-tab-title-515748404\" data-tab-index=\"4\" style=\"--n-tabs-title-order: 4;\" class=\" elementor-element elementor-element-5df9133 e-con-full e-flex e-con e-child\" data-id=\"5df9133\" data-element_type=\"container\" data-e-type=\"container\">\n\t\t<div class=\"elementor-element elementor-element-69cf5b6 e-flex e-con-boxed e-con e-child\" data-id=\"69cf5b6\" data-element_type=\"container\" data-e-type=\"container\">\n\t\t\t\t\t<div class=\"e-con-inner\">\n\t\t\t\t<div class=\"elementor-element elementor-element-1dedea5 elementor-widget elementor-widget-text-editor\" data-id=\"1dedea5\" data-element_type=\"widget\" data-e-type=\"widget\" data-widget_type=\"text-editor.default\">\n\t\t\t\t<div class=\"elementor-widget-container\">\n\t\t\t\t\t\t\t\t\t<div style=\"text-align: justify\">\n<h3><a href=\"http:\/\/dgp.cnpq.br\/dgp\/espelhogrupo\/7201163214438734\"><b>REDE AMAZ\u00d4NIA LUSO BRASILEIRA DE PESQUISA<\/b><\/a><\/h3>\n<b>(Link colocar no nome: <\/b><span style=\"font-weight: 400\">dgp.cnpq.br\/dgp\/espelhogrupo\/7201163214438734)<\/span>\n<br><br>\n\n<span style=\"font-weight: 400\">O presente grupo de trabalho tem como objetivo o desenvolvimento de pesquisas sobre o ambiente constru\u00eddo na Amaz\u00f4nia. Os estudos levam em conta os aspectos hist\u00f3ricos, sociais, urbanos e arquitet\u00f4nicos produzidos no territ\u00f3rio sobre a influ\u00eancia portuguesa e suas implica\u00e7\u00f5es para o desenvolvimento do espa\u00e7o edificado.<\/span>\n<br><br>\n\n<b>Ano de forma\u00e7\u00e3o: <\/b><span style=\"font-weight: 400\">2017\u00a0<\/span>\n<br><br>\n\n<b>L\u00edder(es) do grupo: <\/b><span style=\"font-weight: 400\">Prof. Dr. Jos\u00e9 Alberto Tostes e Prof. Dra. Graciete Guerra da Costa\u00a0<\/span>\n<br><br>\n\n<b>Contato:<\/b>\n<br><br>\n\n<span style=\"font-weight: 400\">Telefone: (96) 99974-0800\u00a0<\/span>\n<br><br>\n\n<span style=\"font-weight: 400\">E-mail: <\/span><a href=\"mailto:tostes.j@hotmail.com\"><span style=\"font-weight: 400\">tostes.j@hotmail.com<\/span><\/a>\n\n<\/div>\t\t\t\t\t\t\t\t<\/div>\n\t\t\t\t<\/div>\n\t\t\t\t\t<\/div>\n\t\t\t\t<\/div>\n\t\t\t\t<\/div>\n\t\t<div id=\"e-n-tab-content-515748405\" role=\"tabpanel\" aria-labelledby=\"e-n-tab-title-515748405\" data-tab-index=\"5\" style=\"--n-tabs-title-order: 5;\" class=\" elementor-element elementor-element-f6aab5d e-con-full e-flex e-con e-child\" data-id=\"f6aab5d\" data-element_type=\"container\" data-e-type=\"container\">\n\t\t<div class=\"elementor-element elementor-element-ea5cd64 e-flex e-con-boxed e-con e-child\" data-id=\"ea5cd64\" data-element_type=\"container\" data-e-type=\"container\">\n\t\t\t\t\t<div class=\"e-con-inner\">\n\t\t\t\t<div class=\"elementor-element elementor-element-d83e738 elementor-widget elementor-widget-text-editor\" data-id=\"d83e738\" data-element_type=\"widget\" data-e-type=\"widget\" data-widget_type=\"text-editor.default\">\n\t\t\t\t<div class=\"elementor-widget-container\">\n\t\t\t\t\t\t\t\t\t<div style=\"text-align: justify\">\n<h3><a href=\"http:\/\/dgp.cnpq.br\/dgp\/espelhogrupo\/5627304477801846\"><b>N\u00facleo de Estudos Urbanos e Regionais<\/b><\/a><\/h3>\n<b>Ano de forma\u00e7\u00e3o: <\/b><span style=\"font-weight: 400\">2017\u00a0<\/span>\n\n<br><br>\n<b>L\u00edder(es) do grupo: <\/b><span style=\"font-weight: 400\">Prof. Dr.<\/span> <span style=\"font-weight: 400\">Jadson Luis Rebelo Porto<\/span>\n\n<br><br>\n<b>Contato:<\/b>\n<br><br>\n<span style=\"font-weight: 400\">Telefone: (96) 98111-0268\u00a0<\/span>\n<br><br>\n<span style=\"font-style: inherit;text-align: var(--text-align);background-color: var(--ast-global-color-5);color: var(--ast-global-color-3);font-weight: 400\">E-mail: <\/span><a style=\"font-style: inherit;font-weight: inherit;text-align: var(--text-align)\" href=\"mailto:jadsonporto@yahoo.com.br\"><span style=\"font-weight: 400\">jadsonporto@yahoo.com.br<\/span><\/a><span style=\"font-style: inherit;text-align: var(--text-align);background-color: var(--ast-global-color-5);color: var(--ast-global-color-3);font-weight: 400\">\u00a0<\/span>\n\n<\/div>\t\t\t\t\t\t\t\t<\/div>\n\t\t\t\t<\/div>\n\t\t\t\t\t<\/div>\n\t\t\t\t<\/div>\n\t\t\t\t<\/div>\n\t\t<div id=\"e-n-tab-content-515748406\" role=\"tabpanel\" aria-labelledby=\"e-n-tab-title-515748406\" data-tab-index=\"6\" style=\"--n-tabs-title-order: 6;\" class=\" elementor-element elementor-element-6301577 e-con-full e-flex e-con e-child\" data-id=\"6301577\" data-element_type=\"container\" data-e-type=\"container\">\n\t\t<div class=\"elementor-element elementor-element-eb7ddc4 e-flex e-con-boxed e-con e-child\" data-id=\"eb7ddc4\" data-element_type=\"container\" data-e-type=\"container\">\n\t\t\t\t\t<div class=\"e-con-inner\">\n\t\t\t\t<div class=\"elementor-element elementor-element-b0c9ea7 elementor-widget elementor-widget-text-editor\" data-id=\"b0c9ea7\" data-element_type=\"widget\" data-e-type=\"widget\" data-widget_type=\"text-editor.default\">\n\t\t\t\t<div class=\"elementor-widget-container\">\n\t\t\t\t\t\t\t\t\t<div style=\"text-align: justify\">\n<h3><a href=\"http:\/\/dgp.cnpq.br\/dgp\/espelhogrupo\/8068429987622898\"><b>N\u00facleo de Estudos em Est\u00e9tica do \u00damido<\/b><\/a><\/h3>\n<span style=\"font-weight: 400\">O estudo das rela\u00e7\u00f5es espaciais, assim como os projetos de interven\u00e7\u00e3o em determinado espa\u00e7o, sempre impactam a vida, a paisagem, o meio ambiente e, portanto, produzem transforma\u00e7\u00f5es nos lugares objetos de an\u00e1lise e\/ou de interven\u00e7\u00e3o. No caso dos primeiros (os estudos das rela\u00e7\u00f5es espaciais) porque ao fazer determinada an\u00e1lise o pesquisador pode fortalecer a rela\u00e7\u00e3o entre a popula\u00e7\u00e3o, a cultura e o meio ambiente, por exemplo, ou podem contribuir para a manuten\u00e7\u00e3o ou fortalecimento de descolamentos entre essa popula\u00e7\u00e3o e sua cultura e o meio ambiente, outro exemplo. No caso da segunda (os projetos de interven\u00e7\u00e3o), podem fortalecer a rela\u00e7\u00e3o entre o clima e o habitar, a cultura e a paisagem, ou promover o estranhamento entre ambos, impactando negativamente tanto a cultura quanto a qualidade de vida que um conforto ambiental regionalmente adequado possa proporcionar. O N\u00facleo de Estudos em Est\u00e9tica do \u00damido vai promover o di\u00e1logo entre as ci\u00eancias- as artes atores-agentes-indiv\u00edduos, etc<\/span>\n<br><br>\n\n<b>Ano de forma\u00e7\u00e3o:<\/b><span style=\"font-weight: 400\"> 2014\u00a0<\/span>\n<br><br>\n\n<b>L\u00edder(es) do grupo<\/b><span style=\"font-weight: 400\">: Prof. Dr. Jodival Mauricio da Costa e Prof. Dr. Jos\u00e9 Marcelo Martins Medeiros\u00a0<\/span>\n<br><br>\n\n<b>Contato:<\/b>\n<br><br>\n\n<span style=\"font-weight: 400\">Telefone: (96) 99909-5119\u00a0<\/span>\n<br><br>\n\n<span style=\"font-weight: 400\">E-mail: <\/span><a href=\"mailto:jodival.costa@gmail.com\"><span style=\"font-weight: 400\">jodival.costa@gmail.com<\/span><\/a><span style=\"font-weight: 400\">\u00a0<\/span>\n\n<\/div>\t\t\t\t\t\t\t\t<\/div>\n\t\t\t\t<\/div>\n\t\t\t\t\t<\/div>\n\t\t\t\t<\/div>\n\t\t\t\t<\/div>\n\t\t<div id=\"e-n-tab-content-515748407\" role=\"tabpanel\" aria-labelledby=\"e-n-tab-title-515748407\" data-tab-index=\"7\" style=\"--n-tabs-title-order: 7;\" class=\" elementor-element elementor-element-5f0d896 e-con-full e-flex e-con e-child\" data-id=\"5f0d896\" data-element_type=\"container\" data-e-type=\"container\">\n\t\t<div class=\"elementor-element elementor-element-dee0a8d e-flex e-con-boxed e-con e-child\" data-id=\"dee0a8d\" data-element_type=\"container\" data-e-type=\"container\">\n\t\t\t\t\t<div class=\"e-con-inner\">\n\t\t\t\t<div class=\"elementor-element elementor-element-1e32eb3 elementor-widget elementor-widget-text-editor\" data-id=\"1e32eb3\" data-element_type=\"widget\" data-e-type=\"widget\" data-widget_type=\"text-editor.default\">\n\t\t\t\t<div class=\"elementor-widget-container\">\n\t\t\t\t\t\t\t\t\t<div style=\"text-align: justify\">\n<h3><b><a href=\"http:\/\/dgp.cnpq.br\/dgp\/espelhogrupo\/3583542478726628\">Mem\u00f3rias Urbanas<\/a>\u00a0<\/b><\/h3>\n<span style=\"font-weight: 400\">O Grupo de Pesquisa Mem\u00f3rias Urbanas tem o objetivo de identificar, pesquisar, discutir e gerar informa\u00e7\u00f5es a cerca dos lugares, das edifica\u00e7\u00f5es, das mem\u00f3rias, das pessoas e dos demais integrantes dos bens e refer\u00eancias culturais da Amaz\u00f4nia, buscando a produ\u00e7\u00e3o de conhecimentos, a valoriza\u00e7\u00e3o e a preserva\u00e7\u00e3o do patrim\u00f4nio cultural da Regi\u00e3o. O Grupo tamb\u00e9m prop\u00f5e a investiga\u00e7\u00e3o das transforma\u00e7\u00f5es ocorridas na configura\u00e7\u00e3o urbana e na arquitetura regional, em especial, na cidade de Macap\u00e1, capital do Estado do Amap\u00e1. Pretende tamb\u00e9m gerar informa\u00e7\u00f5es sobre a evolu\u00e7\u00e3o urbana dos lugares, das diversas tipologias arquitet\u00f4nicas edificadas ao longo dos anos e identificar as aus\u00eancias oriundas do crescimento urbano das cidades.<\/span>\n<br><br>\n\n<b>Ano de forma\u00e7\u00e3o:<\/b><span style=\"font-weight: 400\">2013\u00a0<\/span>\n<br><br>\n\n<b>L\u00edder(es) do grupo:<\/b><span style=\"font-weight: 400\">\u00a0 Prof. Dra. Eloane de Jesus Ramos Cantuaria e Prof. Me. Jose de Vasconcelos Silva\u00a0<\/span>\n<br><br>\n\n<span style=\"font-weight: 400\">Telefone: (96) 98112-5856\u00a0<\/span>\n<br><br>\n\n<span style=\"font-weight: 400\">E-mail:<\/span><a href=\"mailto:lugareseememorias@gmail.com\"><span style=\"font-weight: 400\">lugareseememorias@gmail.com<\/span><\/a>\n\n<\/div>\t\t\t\t\t\t\t\t<\/div>\n\t\t\t\t<\/div>\n\t\t\t\t\t<\/div>\n\t\t\t\t<\/div>\n\t\t\t\t<\/div>\n\t\t<div id=\"e-n-tab-content-515748408\" role=\"tabpanel\" aria-labelledby=\"e-n-tab-title-515748408\" data-tab-index=\"8\" style=\"--n-tabs-title-order: 8;\" class=\" elementor-element elementor-element-3bd5d81 e-con-full e-flex e-con e-child\" data-id=\"3bd5d81\" data-element_type=\"container\" data-e-type=\"container\">\n\t\t<div class=\"elementor-element elementor-element-25a9ee7 e-con-full e-flex e-con e-child\" data-id=\"25a9ee7\" data-element_type=\"container\" data-e-type=\"container\">\n\t\t\t\t<div class=\"elementor-element elementor-element-c49395b elementor-widget elementor-widget-text-editor\" data-id=\"c49395b\" data-element_type=\"widget\" data-e-type=\"widget\" data-widget_type=\"text-editor.default\">\n\t\t\t\t<div class=\"elementor-widget-container\">\n\t\t\t\t\t\t\t\t\t<div style=\"text-align: justify\">\n<h3><a href=\"http:\/\/dgp.cnpq.br\/dgp\/espelhogrupo\/5766759546525389\"><b>Conforto Ambiental e Efici\u00eancia Energ\u00e9tica no Ambiente Constru\u00eddo\u00a0<\/b><\/a><\/h3>\n<span style=\"font-weight: 400\">O Grupo de pesquisa &#8220;Conforto Ambiental e Efici\u00eancia Energ\u00e9tica no Ambiente Constru\u00eddo&#8221; tem como objetivo a difus\u00e3o de a\u00e7\u00f5es tecnol\u00f3gicas relacionadas ao conforto ambiental e \u00e0 conserva\u00e7\u00e3o de energia em edifica\u00e7\u00f5es e no meio urbano, dentro do contexto da Lei de Efici\u00eancia Energ\u00e9tica. Diversos projetos poder\u00e3o englobar tanto atividades de pesquisa, de extens\u00e3o e de ensino, uma vez que a forma\u00e7\u00e3o de ideias ter\u00e1 como principal objetivo encontrar solu\u00e7\u00f5es eficazes e vi\u00e1veis de interesse para a Regi\u00e3o Amaz\u00f4nica. Propor solu\u00e7\u00f5es de modo a despertar o interesse dos acad\u00eamicos, bem como de jovens e adultos, para a preserva\u00e7\u00e3o do meio ambiente, atrav\u00e9s da utiliza\u00e7\u00e3o racional da energia, priorizando o aumento do conhecimento cient\u00edfico e tecnol\u00f3gico.<\/span>\n<br><br>\n\n<b>Ano de forma\u00e7\u00e3o:<\/b><span style=\"font-weight: 400\"> 2011\u00a0<\/span>\n<br><br>\n\n<b>L\u00edder(es) do grupo:<\/b><span style=\"font-weight: 400\"> Profa. Dra. Ivanize Claudia dos Santos e Silva e Prof. Dr. Jamil Jos\u00e9 Salim Neto<\/span>\n<br><br>\n\n<b>Contato:<\/b>\n<br><br>\n\n<span style=\"font-weight: 400\">Telefone: (83) 99659-5443\u00a0<\/span>\n<br><br>\n\n<span style=\"font-weight: 400\">E-mail: <\/span><a href=\"mailto:ivanize.ssilva@gmail.com\"><span style=\"font-weight: 400\">ivanize.ssilva@gmail.com<\/span><\/a><span style=\"font-weight: 400\">\u00a0<\/span>\n\n<\/div>\t\t\t\t\t\t\t\t<\/div>\n\t\t\t\t<\/div>\n\t\t\t\t<\/div>\n\t\t\t\t<\/div>\n\t\t<div id=\"e-n-tab-content-515748409\" role=\"tabpanel\" aria-labelledby=\"e-n-tab-title-515748409\" data-tab-index=\"9\" style=\"--n-tabs-title-order: 9;\" class=\" elementor-element elementor-element-40e75f5 e-con-full e-flex e-con e-child\" data-id=\"40e75f5\" data-element_type=\"container\" data-e-type=\"container\">\n\t\t<div class=\"elementor-element elementor-element-4dc4a82 e-con-full e-flex e-con e-child\" data-id=\"4dc4a82\" data-element_type=\"container\" data-e-type=\"container\">\n\t\t\t\t<div class=\"elementor-element elementor-element-adfb4b4 elementor-widget elementor-widget-text-editor\" data-id=\"adfb4b4\" data-element_type=\"widget\" data-e-type=\"widget\" data-widget_type=\"text-editor.default\">\n\t\t\t\t<div class=\"elementor-widget-container\">\n\t\t\t\t\t\t\t\t\t<div style=\"text-align: justify\">\n<h3><a href=\"http:\/\/dgp.cnpq.br\/dgp\/espelhogrupo\/2786472653459905\"><b>Arquitetura e Urbanismo na Amaz\u00f4nia<\/b><\/a><\/h3>\n<span style=\"font-weight: 400\">O Grupo sobre Arquitetura e Urbanismo na Amaz\u00f4nia tem como objetivo estudar Arquitetura e Urbanismo, o desenvolvimento urbano, o conforto urbano das cidades amapaenses, a Hist\u00f3ria das cidades e a mem\u00f3ria urbana, o Planejamento urbano e o desenvolvimento regional principalmente sobre a dimens\u00e3o espacial urban\u00edstica dos n\u00facleos urbanos dos munic\u00edpios do estado do Amap\u00e1 como a finalidade de, atrav\u00e9s de pesquisas, propor solu\u00e7\u00f5es t\u00e9cnicas alternativas que sejam adequadas as novas perspectivas de desenvolvimento regional que leve em conta os in\u00fameros fatores de ordem pol\u00edtica, econ\u00f4mica, s\u00f3cio-cultural e ambiental que influenciam e determinam os processos de ocupa\u00e7\u00e3o do territ\u00f3rio e a forma\u00e7\u00e3o estrutural desses mesmos n\u00facleos. Produzindo material t\u00e9cnico, acad\u00eamico que possa contribuir para o desenvolvimento local e regional.Mais recentemente o Grupo de Pesquisa ampliou o desenvolvimento do trabalho para estudar as rela\u00e7\u00f5es transfronteiri\u00e7as entre o Amap\u00e1 e a Guiana Francesa.<\/span>\n<br><br>\n\n<b>Ano de forma\u00e7\u00e3o:<\/b><span style=\"font-weight: 400\"> 2003\u00a0<\/span>\n<br><br>\n\n<b>L\u00edder(es) do grupo:\u00a0 <\/b><span style=\"font-weight: 400\">Prof. Dr.<\/span> <span style=\"font-weight: 400\">Jos\u00e9 Alberto Tostes e Profa. Dra.F\u00e1tima Maria Andrade Pelaes\u00a0<\/span>\n<br><br>\n\n<b>Contato:<\/b>\n<br><br>\n\n<span style=\"font-weight: 400\">E-mail: <\/span><a href=\"mailto:tostes.j@unifap.br\"><span style=\"font-weight: 400\">tostes.j@unifap.br<\/span><\/a><span style=\"font-weight: 400\">\u00a0<\/span>\n\n<\/div>\t\t\t\t\t\t\t\t<\/div>\n\t\t\t\t<\/div>\n\t\t\t\t<\/div>\n\t\t\t\t<\/div>\n\t\t\t\t\t<\/div>\n\t\t<\/div>\n\t\t\t\t\t\t<\/div>\n\t\t\t\t<\/div>\n\t\t\t\t\t<\/div>\n\t\t\t\t<\/div>\n\t\t\t\t<\/div>\n\t\t","protected":false},"excerpt":{"rendered":"<p>\/*! elementor &#8211; v3.21.0 &#8211; 18-04-2024 *\/ .elementor-heading-title{padding:0;margin:0;line-height:1}.elementor-widget-heading .elementor-heading-title[class*=elementor-size-]&gt;a{color:inherit;font-size:inherit;line-height:inherit}.elementor-widget-heading .elementor-heading-title.elementor-size-small{font-size:15px}.elementor-widget-heading .elementor-heading-title.elementor-size-medium{font-size:19px}.elementor-widget-heading .elementor-heading-title.elementor-size-large{font-size:29px}.elementor-widget-heading .elementor-heading-title.elementor-size-xl{font-size:39px}.elementor-widget-heading .elementor-heading-title.elementor-size-xxl{font-size:59px} Grupos de Pesquisa TRAMAz &#8211; N\u00facleo de Pesquisa do Espa\u00e7o Constru\u00eddo na Amaz\u00f4nia Hist\u00f3ria da Arquitetura da Amaz\u00f4nia Habitar Amaz\u00f4nia Rede Amaz\u00f4nia Luso Brasileira de Pesquisa N\u00facleo de Estudos Urbanos e Regionais N\u00facleo de Estudos em Est\u00e9tica do \u00damido Mem\u00f3rias Urbanas&#8230;<\/p>\n","protected":false},"author":3898,"featured_media":0,"parent":0,"menu_order":0,"comment_status":"closed","ping_status":"closed","template":"","meta":{"inline_featured_image":false,"site-sidebar-layout":"no-sidebar","site-content-layout":"page-builder","ast-site-content-layout":"full-width-container","site-content-style":"default","site-sidebar-style":"default","ast-global-header-display":"","ast-banner-title-visibility":"","ast-main-header-display":"","ast-hfb-above-header-display":"","ast-hfb-below-header-display":"","ast-hfb-mobile-header-display":"","site-post-title":"disabled","ast-breadcrumbs-content":"","ast-featured-img":"disabled","footer-sml-layout":"","theme-transparent-header-meta":"default","adv-header-id-meta":"","stick-header-meta":"","header-above-stick-meta":"","header-main-stick-meta":"","header-below-stick-meta":"","astra-migrate-meta-layouts":"set","ast-page-background-enabled":"default","ast-page-background-meta":{"desktop":{"background-color":"var(--ast-global-color-4)","background-image":"","background-repeat":"repeat","background-position":"center center","background-size":"auto","background-attachment":"scroll","background-type":"","background-media":"","overlay-type":"","overlay-color":"","overlay-opacity":"","overlay-gradient":""},"tablet":{"background-color":"","background-image":"","background-repeat":"repeat","background-position":"center center","background-size":"auto","background-attachment":"scroll","background-type":"","background-media":"","overlay-type":"","overlay-color":"","overlay-opacity":"","overlay-gradient":""},"mobile":{"background-color":"","background-image":"","background-repeat":"repeat","background-position":"center center","background-size":"auto","background-attachment":"scroll","background-type":"","background-media":"","overlay-type":"","overlay-color":"","overlay-opacity":"","overlay-gradient":""}},"ast-content-background-meta":{"desktop":{"background-color":"var(--ast-global-color-5)","background-image":"","background-repeat":"repeat","background-position":"center center","background-size":"auto","background-attachment":"scroll","background-type":"","background-media":"","overlay-type":"","overlay-color":"","overlay-opacity":"","overlay-gradient":""},"tablet":{"background-color":"var(--ast-global-color-5)","background-image":"","background-repeat":"repeat","background-position":"center center","background-size":"auto","background-attachment":"scroll","background-type":"","background-media":"","overlay-type":"","overlay-color":"","overlay-opacity":"","overlay-gradient":""},"mobile":{"background-color":"var(--ast-global-color-5)","background-image":"","background-repeat":"repeat","background-position":"center center","background-size":"auto","background-attachment":"scroll","background-type":"","background-media":"","overlay-type":"","overlay-color":"","overlay-opacity":"","overlay-gradient":""}},"ngg_post_thumbnail":0,"footnotes":""},"class_list":["post-6160","page","type-page","status-publish","hentry"],"_links":{"self":[{"href":"https:\/\/www2.unifap.br\/arquitetura\/wp-json\/wp\/v2\/pages\/6160","targetHints":{"allow":["GET"]}}],"collection":[{"href":"https:\/\/www2.unifap.br\/arquitetura\/wp-json\/wp\/v2\/pages"}],"about":[{"href":"https:\/\/www2.unifap.br\/arquitetura\/wp-json\/wp\/v2\/types\/page"}],"author":[{"embeddable":true,"href":"https:\/\/www2.unifap.br\/arquitetura\/wp-json\/wp\/v2\/users\/3898"}],"replies":[{"embeddable":true,"href":"https:\/\/www2.unifap.br\/arquitetura\/wp-json\/wp\/v2\/comments?post=6160"}],"version-history":[{"count":73,"href":"https:\/\/www2.unifap.br\/arquitetura\/wp-json\/wp\/v2\/pages\/6160\/revisions"}],"predecessor-version":[{"id":9382,"href":"https:\/\/www2.unifap.br\/arquitetura\/wp-json\/wp\/v2\/pages\/6160\/revisions\/9382"}],"wp:attachment":[{"href":"https:\/\/www2.unifap.br\/arquitetura\/wp-json\/wp\/v2\/media?parent=6160"}],"curies":[{"name":"wp","href":"https:\/\/api.w.org\/{rel}","templated":true}]}}