{"id":6162,"date":"2024-02-19T19:16:35","date_gmt":"2024-02-19T22:16:35","guid":{"rendered":"https:\/\/www2.unifap.br\/arquitetura\/?page_id=6162"},"modified":"2024-03-21T00:02:16","modified_gmt":"2024-03-21T03:02:16","slug":"projetos-de-extensao","status":"publish","type":"page","link":"https:\/\/www2.unifap.br\/arquitetura\/projetos-de-extensao\/","title":{"rendered":"Projetos de Extens\u00e3o"},"content":{"rendered":"\t\t<div data-elementor-type=\"wp-page\" data-elementor-id=\"6162\" class=\"elementor elementor-6162\">\n\t\t\t\t<div class=\"elementor-element elementor-element-11b998e6 e-flex e-con-boxed e-con e-parent\" data-id=\"11b998e6\" data-element_type=\"container\" data-e-type=\"container\">\n\t\t\t\t\t<div class=\"e-con-inner\">\n\t\t\t\t<div class=\"elementor-element elementor-element-2e9e0392 elementor-widget elementor-widget-heading\" data-id=\"2e9e0392\" data-element_type=\"widget\" data-e-type=\"widget\" data-widget_type=\"heading.default\">\n\t\t\t\t<div class=\"elementor-widget-container\">\n\t\t\t\t\t<h2 class=\"elementor-heading-title elementor-size-default\">Projetos de Extens\u00e3o<\/h2>\t\t\t\t<\/div>\n\t\t\t\t<\/div>\n\t\t\t\t\t<\/div>\n\t\t\t\t<\/div>\n\t\t<div class=\"elementor-element elementor-element-505fadd e-flex e-con-boxed e-con e-parent\" data-id=\"505fadd\" data-element_type=\"container\" data-e-type=\"container\">\n\t\t\t\t\t<div class=\"e-con-inner\">\n\t\t\t\t<div class=\"elementor-element elementor-element-bd5babe e-n-tabs-mobile elementor-widget elementor-widget-n-tabs\" data-id=\"bd5babe\" data-element_type=\"widget\" data-e-type=\"widget\" data-widget_type=\"nested-tabs.default\">\n\t\t\t\t<div class=\"elementor-widget-container\">\n\t\t\t\t\t\t\t<div class=\"e-n-tabs\" data-widget-number=\"198556350\" aria-label=\"Abas. Abra itens com &quot;Enter&quot; ou &quot;Espa\u00e7o&quot;, feche com &quot;Escape&quot; e navegue usando as teclas de &quot;Seta&quot;.\">\n\t\t\t<div class=\"e-n-tabs-heading\" role=\"tablist\">\n\t\t\t\t\t<button id=\"e-n-tab-title-1985563501\" data-tab-title-id=\"e-n-tab-title-1985563501\" class=\"e-n-tab-title\" aria-selected=\"true\" data-tab-index=\"1\" role=\"tab\" tabindex=\"0\" aria-controls=\"e-n-tab-content-1985563501\" style=\"--n-tabs-title-order: 1;\">\n\t\t\t\t\t\t<span class=\"e-n-tab-title-text\">\n\t\t\t\t2023\t\t\t<\/span>\n\t\t<\/button>\n\t\t\t\t<button id=\"e-n-tab-title-1985563502\" data-tab-title-id=\"e-n-tab-title-1985563502\" class=\"e-n-tab-title\" aria-selected=\"false\" data-tab-index=\"2\" role=\"tab\" tabindex=\"-1\" aria-controls=\"e-n-tab-content-1985563502\" style=\"--n-tabs-title-order: 2;\">\n\t\t\t\t\t\t<span class=\"e-n-tab-title-text\">\n\t\t\t\t2022\t\t\t<\/span>\n\t\t<\/button>\n\t\t\t\t<button id=\"e-n-tab-title-1985563503\" data-tab-title-id=\"e-n-tab-title-1985563503\" class=\"e-n-tab-title\" aria-selected=\"false\" data-tab-index=\"3\" role=\"tab\" tabindex=\"-1\" aria-controls=\"e-n-tab-content-1985563503\" style=\"--n-tabs-title-order: 3;\">\n\t\t\t\t\t\t<span class=\"e-n-tab-title-text\">\n\t\t\t\t2021\t\t\t<\/span>\n\t\t<\/button>\n\t\t\t\t<button id=\"e-n-tab-title-1985563504\" data-tab-title-id=\"e-n-tab-title-1985563504\" class=\"e-n-tab-title\" aria-selected=\"false\" data-tab-index=\"4\" role=\"tab\" tabindex=\"-1\" aria-controls=\"e-n-tab-content-1985563504\" style=\"--n-tabs-title-order: 4;\">\n\t\t\t\t\t\t<span class=\"e-n-tab-title-text\">\n\t\t\t\t2020\t\t\t<\/span>\n\t\t<\/button>\n\t\t\t\t<button id=\"e-n-tab-title-1985563505\" data-tab-title-id=\"e-n-tab-title-1985563505\" class=\"e-n-tab-title\" aria-selected=\"false\" data-tab-index=\"5\" role=\"tab\" tabindex=\"-1\" aria-controls=\"e-n-tab-content-1985563505\" style=\"--n-tabs-title-order: 5;\">\n\t\t\t\t\t\t<span class=\"e-n-tab-title-text\">\n\t\t\t\t2019\t\t\t<\/span>\n\t\t<\/button>\n\t\t\t\t<button id=\"e-n-tab-title-1985563506\" data-tab-title-id=\"e-n-tab-title-1985563506\" class=\"e-n-tab-title\" aria-selected=\"false\" data-tab-index=\"6\" role=\"tab\" tabindex=\"-1\" aria-controls=\"e-n-tab-content-1985563506\" style=\"--n-tabs-title-order: 6;\">\n\t\t\t\t\t\t<span class=\"e-n-tab-title-text\">\n\t\t\t\t2018\t\t\t<\/span>\n\t\t<\/button>\n\t\t\t\t<button id=\"e-n-tab-title-1985563507\" data-tab-title-id=\"e-n-tab-title-1985563507\" class=\"e-n-tab-title\" aria-selected=\"false\" data-tab-index=\"7\" role=\"tab\" tabindex=\"-1\" aria-controls=\"e-n-tab-content-1985563507\" style=\"--n-tabs-title-order: 7;\">\n\t\t\t\t\t\t<span class=\"e-n-tab-title-text\">\n\t\t\t\t2017\t\t\t<\/span>\n\t\t<\/button>\n\t\t\t\t<button id=\"e-n-tab-title-1985563508\" data-tab-title-id=\"e-n-tab-title-1985563508\" class=\"e-n-tab-title\" aria-selected=\"false\" data-tab-index=\"8\" role=\"tab\" tabindex=\"-1\" aria-controls=\"e-n-tab-content-1985563508\" style=\"--n-tabs-title-order: 8;\">\n\t\t\t\t\t\t<span class=\"e-n-tab-title-text\">\n\t\t\t\t2016\t\t\t<\/span>\n\t\t<\/button>\n\t\t\t\t\t<\/div>\n\t\t\t<div class=\"e-n-tabs-content\">\n\t\t\t\t<div id=\"e-n-tab-content-1985563501\" role=\"tabpanel\" aria-labelledby=\"e-n-tab-title-1985563501\" data-tab-index=\"1\" style=\"--n-tabs-title-order: 1;\" class=\"e-active elementor-element elementor-element-8ee5c7e e-con-full e-flex e-con e-child\" data-id=\"8ee5c7e\" data-element_type=\"container\" data-e-type=\"container\">\n\t\t<div class=\"elementor-element elementor-element-3d8945d e-flex e-con-boxed e-con e-child\" data-id=\"3d8945d\" data-element_type=\"container\" data-e-type=\"container\">\n\t\t\t\t\t<div class=\"e-con-inner\">\n\t\t\t\t<div class=\"elementor-element elementor-element-db8ceed elementor-widget elementor-widget-text-editor\" data-id=\"db8ceed\" data-element_type=\"widget\" data-e-type=\"widget\" data-widget_type=\"text-editor.default\">\n\t\t\t\t<div class=\"elementor-widget-container\">\n\t\t\t\t\t\t\t\t\t<div style=\"text-align: justify\"><b>C\u00f3digo: <\/b><span style=\"font-weight: 400\">PJxxx-2023\u00a0<\/span><b>T\u00edtulo:<\/b><span style=\"font-weight: 400\"> ICOOPEB &#8211; Inova\u00e7\u00f5es educacionais, sociais e tecnol\u00f3gicas para o desenvolvimento agr\u00edcola sustent\u00e1vel e o cooperativismo nas \u00e1reas rurais do Equador e da Amaz\u00f4nia Brasileira\u00a0<\/span>\n<br><br>\n<span style=\"font-weight: 400\">As popula\u00e7\u00f5es rurais da Amaz\u00f4nia est\u00e3o passando por profundas mudan\u00e7as em seu ambiente e seu modo de vida, cultura e conhecimento est\u00e3o amea\u00e7ados. A organiza\u00e7\u00e3o coletiva das produtoras e dos produtores e a manuten\u00e7\u00e3o e desenvolvimento de sistemas de produ\u00e7\u00e3o baseados no uso sustent\u00e1vel dos recursos naturais s\u00e3o essenciais para o futuro dessas popula\u00e7\u00f5es e exigem novas formas de organiza\u00e7\u00e3o coletiva dos produtores e a manuten\u00e7\u00e3o e desenvolvimento de sistemas de produ\u00e7\u00e3o baseados no uso sustent\u00e1vel dos recursos naturais, assim como novas formas de forma\u00e7\u00e3o acad\u00eamica que combinem a valoriza\u00e7\u00e3o do conhecimento emp\u00edrico com o dom\u00ednio de novas tecnologias. O ICOOPEB fortalecer\u00e1 o treinamento de 3150 alunos, ministrado por 37 professores, sobre os desafios do desenvolvimento territorial sustent\u00e1vel nas universidades e melhorar seu dom\u00ednio das novas tecnologias da informa\u00e7\u00e3o. Ser\u00e1 baseado no desenvolvimento e aprendizagem de ferramentas digitais para comunicar as necessidades das comunidades rurais e construir solu\u00e7\u00f5es adequadas, aproximando as\/os estudantes das empresas e das cooperativas. O projeto consistir\u00e1 em 4 semin\u00e1rios envolvendo professores, estudantes e profissionais da economia social e solid\u00e1ria, produtoras e produtores rurais e comunidades amer\u00edndias ou tradicionais, na produ\u00e7\u00e3o de 6 recursos audiovisuais sobre experi\u00eancias inovadoras; a cria\u00e7\u00e3o de uma plataforma de interc\u00e2mbio de conhecimento e um mapa participativo com tradu\u00e7\u00e3o (portugu\u00eas, espanhol); treinamento sobre os temas do projeto e sobre ferramentas digitais para comunidades rurais (300 pessoas treinadas); divulga\u00e7\u00e3o de resultados e ferramentas para outras institui\u00e7\u00f5es, cooperativas e organiza\u00e7\u00f5es amer\u00edndias na regi\u00e3o; e um website que dar\u00e1 acesso \u00e0s ferramentas digitais. O ICOOPEB envolver\u00e1 professoras, professores, alunas e alunos de duas institui\u00e7\u00f5es equatorianas (UNIANDES e UCE) e 3 institui\u00e7\u00f5es brasileiras (IFPA-Castanhal, UNIFAP e UFRA-Paragominas) Comunidades rurais das Prov\u00edncias de Pastaza e Napo (Equador), do Estado do Amap\u00e1 e do Estado do Par\u00e1 (Brasil).<\/span>\n<br><br>\n<b>Coordenador: <\/b><span style=\"font-weight: 400\">Prof. Dr. Jodival Mauricio da Costa<\/span>\n\n<\/div>\t\t\t\t\t\t\t\t<\/div>\n\t\t\t\t<\/div>\n\t\t\t\t<div class=\"elementor-element elementor-element-015203c elementor-widget-divider--view-line elementor-widget elementor-widget-divider\" data-id=\"015203c\" data-element_type=\"widget\" data-e-type=\"widget\" data-widget_type=\"divider.default\">\n\t\t\t\t<div class=\"elementor-widget-container\">\n\t\t\t\t\t\t\t<div class=\"elementor-divider\">\n\t\t\t<span class=\"elementor-divider-separator\">\n\t\t\t\t\t\t<\/span>\n\t\t<\/div>\n\t\t\t\t\t\t<\/div>\n\t\t\t\t<\/div>\n\t\t\t\t<div class=\"elementor-element elementor-element-87cfb2b elementor-widget elementor-widget-text-editor\" data-id=\"87cfb2b\" data-element_type=\"widget\" data-e-type=\"widget\" data-widget_type=\"text-editor.default\">\n\t\t\t\t<div class=\"elementor-widget-container\">\n\t\t\t\t\t\t\t\t\t<div style=\"text-align: justify\">\n\n<b>C\u00f3digo: <\/b><span style=\"font-weight: 400\">PJxxx-2023<\/span><b>\u00a0<\/b>\n<br><br>\n<b>T\u00edtulo: <\/b><span style=\"font-weight: 400\">N\u00facleo de Pesquisa e Documenta\u00e7\u00e3o<\/span>\n<br><br>\n<span style=\"font-weight: 400\">Cria\u00e7\u00e3o de um espa\u00e7o dedicado \u00e0s atividades que envolvem coleta, sistematiza\u00e7\u00e3o e an\u00e1lise de documentos de Arquitetura e Urbanismo, bem como a preserva\u00e7\u00e3o do acervo com fins de atendimento a projetistas, pesquisadores, alunos, jornalistas e com fins de desenvolver projetos de pesquisa referentes a assuntos pertinentes \u00e0s atividades do N\u00facleo.<\/span>\n<br><br>\n<b>Coordenador: <\/b><span style=\"font-weight: 400\">Prof. Dr. Andre de Barros Coelho<\/span>\n\n<\/div>\t\t\t\t\t\t\t\t<\/div>\n\t\t\t\t<\/div>\n\t\t\t\t<div class=\"elementor-element elementor-element-4e3d2b9 elementor-widget-divider--view-line elementor-widget elementor-widget-divider\" data-id=\"4e3d2b9\" data-element_type=\"widget\" data-e-type=\"widget\" data-widget_type=\"divider.default\">\n\t\t\t\t<div class=\"elementor-widget-container\">\n\t\t\t\t\t\t\t<div class=\"elementor-divider\">\n\t\t\t<span class=\"elementor-divider-separator\">\n\t\t\t\t\t\t<\/span>\n\t\t<\/div>\n\t\t\t\t\t\t<\/div>\n\t\t\t\t<\/div>\n\t\t\t\t<div class=\"elementor-element elementor-element-022f839 elementor-widget elementor-widget-text-editor\" data-id=\"022f839\" data-element_type=\"widget\" data-e-type=\"widget\" data-widget_type=\"text-editor.default\">\n\t\t\t\t<div class=\"elementor-widget-container\">\n\t\t\t\t\t\t\t\t\t<div style=\"text-align: justify\">\n\n<b>C\u00f3digo: <\/b><span style=\"font-weight: 400\">EV015-2023\u00a0<\/span>\n<br><br>\n<b>T\u00edtulo:<\/b><span style=\"font-weight: 400\"> Oficina de Mapa Afetivo na 21a Semana Nacional de Museus<\/span>\n<br><br>\n<span style=\"font-weight: 400\">A Semana Nacional de Museus \u00e9 uma temporada cultural coordenada pelo Ibram que acontece todo ano em comemora\u00e7\u00e3o ao Dia Internacional dos Museus (18 de maio). A cada ano, o Icom (Conselho Internacional de Museus) lan\u00e7a um tema diferente para a celebra\u00e7\u00e3o dessa data, que \u00e9, tamb\u00e9m, o mote norteador das atividades da Semana Nacional de Museus em todo Brasil. O tema de desse ano \u00e9 \u201cMuseus, sustentabilidade e bem-estar\u201d, incentivando a\u00e7\u00f5es e atividades relacionadas ao tema proposto. O evento busca evidenciar o importante papel dos Museus nas cidades e demonstrar os benef\u00edcios que que os Museus proporcionam no bem-estar emocional das pessoas ao fornecer espa\u00e7os de lazer e aprendizado onde as pessoas podem se conectar com a hist\u00f3ria, a cultura e a arte. Os Museus desempenham um papel crucial na sociedade, proporcionando uma variedade de atividades que ajudam a construir e expandir nossa<\/span>\n<br><br>\n<span style=\"font-weight: 400\">identidade, aumentando o conhecimento sobre o passado e oferecendo perspectivas sobre o futuro. Ao agir como mediador de rela\u00e7\u00f5es, ele conecta as pessoas consigo mesmas e com suas comunidades, criando um senso de pertencimento que \u00e9 crucial para a sa\u00fade e o bem-estar. A Oficina de Mapa Afetivo, proposta pelo Grupo de Pesquisa Mem\u00f3rias Urbanas visa proporcionar uma reflex\u00e3o sobre os lugares afetivos do Entorno do Museu Hist\u00f3rico Joaquim Caetano da Silva, especialmente, na Pra\u00e7a Veiga Cabral e sua adjac\u00eancia, integrando as a\u00e7\u00f5es propostas por essa Institui\u00e7\u00e3o Museol\u00f3gica, conectando as pessoas \u00e0s mem\u00f3rias do lugar.<\/span>\n<br><br>\n<b>Coordenadora: <\/b><span style=\"font-weight: 400\">Profa. Dra. Eloane de Jesus Ramos Cantuaria<\/span>\n\n<\/div>\t\t\t\t\t\t\t\t<\/div>\n\t\t\t\t<\/div>\n\t\t\t\t<div class=\"elementor-element elementor-element-7a70da6 elementor-widget-divider--view-line elementor-widget elementor-widget-divider\" data-id=\"7a70da6\" data-element_type=\"widget\" data-e-type=\"widget\" data-widget_type=\"divider.default\">\n\t\t\t\t<div class=\"elementor-widget-container\">\n\t\t\t\t\t\t\t<div class=\"elementor-divider\">\n\t\t\t<span class=\"elementor-divider-separator\">\n\t\t\t\t\t\t<\/span>\n\t\t<\/div>\n\t\t\t\t\t\t<\/div>\n\t\t\t\t<\/div>\n\t\t\t\t<div class=\"elementor-element elementor-element-6b46662 elementor-widget elementor-widget-text-editor\" data-id=\"6b46662\" data-element_type=\"widget\" data-e-type=\"widget\" data-widget_type=\"text-editor.default\">\n\t\t\t\t<div class=\"elementor-widget-container\">\n\t\t\t\t\t\t\t\t\t<div style=\"text-align: justify\">\n\n<b>C\u00f3digo: <\/b><span style=\"font-weight: 400\">PJxxx-2023\u00a0<\/span>\n<br><br>\n<b>T\u00edtulo: <\/b><span style=\"font-weight: 400\">Projeto de Assist\u00eancia T\u00e9cnica para os espa\u00e7os livres da Creche Nossa Senhora de Nazar\u00e9<\/span>\n<br><br>\n<span style=\"font-weight: 400\">A\u00e7\u00e3o de Extens\u00e3o denominado Projeto de Assist\u00eancia T\u00e9cnica para os espa\u00e7os livres da Creche Nossa Senhora de Nazar\u00e9, situada \u00e0 Rua Benjamim Constant, N\u00ba 330, Bairro Universidade, Cep. 68903-752, Macap\u00e1-AP.<\/span>\n<br><br>\n<b>Coordenador: <\/b><span style=\"font-weight: 400\">Prof. Dr. Pedro Tarcio Pereira Mergulh\u00e3o Docente<\/span>\n\n<\/div>\t\t\t\t\t\t\t\t<\/div>\n\t\t\t\t<\/div>\n\t\t\t\t\t<\/div>\n\t\t\t\t<\/div>\n\t\t\t\t<\/div>\n\t\t<div id=\"e-n-tab-content-1985563502\" role=\"tabpanel\" aria-labelledby=\"e-n-tab-title-1985563502\" data-tab-index=\"2\" style=\"--n-tabs-title-order: 2;\" class=\" elementor-element elementor-element-b25db45 e-con-full e-flex e-con e-child\" data-id=\"b25db45\" data-element_type=\"container\" data-e-type=\"container\">\n\t\t<div class=\"elementor-element elementor-element-91601fc e-flex e-con-boxed e-con e-child\" data-id=\"91601fc\" data-element_type=\"container\" data-e-type=\"container\">\n\t\t\t\t\t<div class=\"e-con-inner\">\n\t\t\t\t<div class=\"elementor-element elementor-element-e086738 elementor-widget elementor-widget-text-editor\" data-id=\"e086738\" data-element_type=\"widget\" data-e-type=\"widget\" data-widget_type=\"text-editor.default\">\n\t\t\t\t<div class=\"elementor-widget-container\">\n\t\t\t\t\t\t\t\t\t<div style=\"text-align: justify\"><b>C\u00f3digo: <\/b><span style=\"font-weight: 400\">EVxxx-2022\u00a0<\/span><b>T\u00edtulo: <\/b><span style=\"font-weight: 400\">Ciclo de palestras. Disciplina Projeto Urbano II.<\/span>\n<br><br>\n<span style=\"font-weight: 400\">Ciclo de duas palestras com convidados especialistas externos para contribuir na constru\u00e7\u00e3o do conhecimento dentro da \u00e1rea de urbanismo, na disciplina de Projeto Urbano II, no curso de Arquitetura e Urbanismo, turma 2021.2. A atividade ser\u00e1 aberta a alunos de outras turmas\/anos do curso de Arquitetura e Urbanismo, assim como para alunos de outros cursos, profissionais egressos ou n\u00e3o da nossa Institui\u00e7\u00e3o e alunos de curso de outras institui\u00e7\u00f5es. As duas tem\u00e1ticas tratadas ser\u00e3o o termo Territorial Coletivo e a Dimens\u00e3o natural das ocupa\u00e7\u00f5es urbanas na Amaz\u00f4nia, que dever\u00e3o ocorrer nos dias 12\/04\/22 e 10\/05\/22, respectivamente.<\/span>\n<br><br>\n<b>Coordenadora: <\/b><span style=\"font-weight: 400\">Profa. Ma. Danielle Costa Guimaraes<\/span>\n\n<\/div>\t\t\t\t\t\t\t\t<\/div>\n\t\t\t\t<\/div>\n\t\t\t\t<div class=\"elementor-element elementor-element-6eaac83 elementor-widget-divider--view-line elementor-widget elementor-widget-divider\" data-id=\"6eaac83\" data-element_type=\"widget\" data-e-type=\"widget\" data-widget_type=\"divider.default\">\n\t\t\t\t<div class=\"elementor-widget-container\">\n\t\t\t\t\t\t\t<div class=\"elementor-divider\">\n\t\t\t<span class=\"elementor-divider-separator\">\n\t\t\t\t\t\t<\/span>\n\t\t<\/div>\n\t\t\t\t\t\t<\/div>\n\t\t\t\t<\/div>\n\t\t\t\t<div class=\"elementor-element elementor-element-5bde5da elementor-widget elementor-widget-text-editor\" data-id=\"5bde5da\" data-element_type=\"widget\" data-e-type=\"widget\" data-widget_type=\"text-editor.default\">\n\t\t\t\t<div class=\"elementor-widget-container\">\n\t\t\t\t\t\t\t\t\t<div style=\"text-align: justify\">\n\n<b>C\u00f3digo: <\/b><span style=\"font-weight: 400\">PJ108-2022\u00a0<\/span>\n<br><br>\n<b>T\u00edtulo: <\/b><span style=\"font-weight: 400\">CIDADE, MEM\u00d3RIA E PATRIM\u00d4NIO<\/span>\n<br><br>\n<span style=\"font-weight: 400\">O projeto CIDADE, MEM\u00d3RIA E PATRIM\u00d4NIO pretende trabalhar o conceito de patrim\u00f4nio, mem\u00f3ria e cidade com os moradores das cidades amapaense de diferentes formas e abordagens, ensejando construir ou potencializar o sentimento de pertencimento e afeto entre os moradores e a cidade, oportunizando que eles possam identificar, reconhecer e valorizar os diversos bens culturais pertencentes ao patrim\u00f4nio amapaense, a partir de suas viv\u00eancias, experi\u00eancias e mem\u00f3rias individuais e coletivas. O projeto de extens\u00e3o pretende ainda compartilhar com seu p\u00fablico alvo os resultados dos estudos do Grupo de Pesquisa Mem\u00f3rias Urbanas que tem estudado a cidade de Macap\u00e1 e seu patrim\u00f4nio cultural e identificado os problemas relacionados \u00e0 sua preserva\u00e7\u00e3o. O projeto tamb\u00e9m visa impulsionar o trip\u00e9 ENSINO-PESQUISA-EXTENS\u00c3O, sendo o bra\u00e7o que divulga e compartilha o conhecimento produzido na academia, retroalimentando tamb\u00e9m as pesquisas em realiza\u00e7\u00e3o pela equipe do grupo Mem\u00f3rias Urbanas.<\/span>\n<br><br>\n<b>Coordenadora: <\/b><span style=\"font-weight: 400\">Profa. Dra. Eloane De Jesus Ramos Cantuaria<\/span>\n\n<\/div>\t\t\t\t\t\t\t\t<\/div>\n\t\t\t\t<\/div>\n\t\t\t\t<div class=\"elementor-element elementor-element-9cf8b75 elementor-widget-divider--view-line elementor-widget elementor-widget-divider\" data-id=\"9cf8b75\" data-element_type=\"widget\" data-e-type=\"widget\" data-widget_type=\"divider.default\">\n\t\t\t\t<div class=\"elementor-widget-container\">\n\t\t\t\t\t\t\t<div class=\"elementor-divider\">\n\t\t\t<span class=\"elementor-divider-separator\">\n\t\t\t\t\t\t<\/span>\n\t\t<\/div>\n\t\t\t\t\t\t<\/div>\n\t\t\t\t<\/div>\n\t\t\t\t<div class=\"elementor-element elementor-element-3e2655f elementor-widget elementor-widget-text-editor\" data-id=\"3e2655f\" data-element_type=\"widget\" data-e-type=\"widget\" data-widget_type=\"text-editor.default\">\n\t\t\t\t<div class=\"elementor-widget-container\">\n\t\t\t\t\t\t\t\t\t<div style=\"text-align: justify\">\n\n<b>C\u00f3digo: <\/b><span style=\"font-weight: 400\">EVxxx-2022\u00a0<\/span>\n<br><br>\n<b>T\u00edtulo: <\/b><span style=\"font-weight: 400\">INTERCONEX\u00d5ES PAISAG\u00cdSTICAS NORTE-SUL : MACAP\u00c1 e SANTANA (AP) e PASSO FUNDO (RS). Parecen\u00e7as, Espacialidades, Viv\u00eancias e Vitalidade Urbana, Conserva\u00e7\u00e3o da Paisagem na Amaz\u00f4nia<\/span>\n<br><br>\n<span style=\"font-weight: 400\">A Jornada de Eventos \u201cInterconex\u00f5es paisag\u00edsticas Norte-Sul: MACAP\u00c1 (AP) e PASSO FUNDO (RS). Parecen\u00e7as, Espacialidades, Viv\u00eancias e Vitalidade Urbana, Conserva\u00e7\u00e3o da Paisagem na Amaz\u00f4nia\u201d \u00e9 uma A\u00e7\u00e3o de Extens\u00e3o: Viv\u00eancias de Paisagem que busca desenvolver atividades te\u00f3ricas (palestra, aulas, debates) e a\u00e7\u00f5es pr\u00e1ticas (oficinas, mutir\u00e3o de implanta\u00e7\u00e3o de jardim, feira de produtos paisag\u00edsticos) em contexto amaz\u00f4nico e em di\u00e1logos inter regionais. Neste primeiro momento, entre o Norte e o Sul do Brasil, objetivando o reconhecimento e valoriza\u00e7\u00e3o da paisagem: processos, desafios e singularidades dos seus arranjos biof\u00edsicos e culturais.<\/span>\n<br><br>\n<b>Coordenador: <\/b><span style=\"font-weight: 400\">Prof. Dr. Pedro Tarcio Pereira Mergulh\u00e3o<\/span>\n\n<\/div>\t\t\t\t\t\t\t\t<\/div>\n\t\t\t\t<\/div>\n\t\t\t\t<div class=\"elementor-element elementor-element-4e04edd elementor-widget-divider--view-line elementor-widget elementor-widget-divider\" data-id=\"4e04edd\" data-element_type=\"widget\" data-e-type=\"widget\" data-widget_type=\"divider.default\">\n\t\t\t\t<div class=\"elementor-widget-container\">\n\t\t\t\t\t\t\t<div class=\"elementor-divider\">\n\t\t\t<span class=\"elementor-divider-separator\">\n\t\t\t\t\t\t<\/span>\n\t\t<\/div>\n\t\t\t\t\t\t<\/div>\n\t\t\t\t<\/div>\n\t\t\t\t<div class=\"elementor-element elementor-element-c4fb156 elementor-widget elementor-widget-text-editor\" data-id=\"c4fb156\" data-element_type=\"widget\" data-e-type=\"widget\" data-widget_type=\"text-editor.default\">\n\t\t\t\t<div class=\"elementor-widget-container\">\n\t\t\t\t\t\t\t\t\t<div style=\"text-align: justify\">\n\n<b>C\u00f3digo: <\/b><span style=\"font-weight: 400\">CRxxx-2022\u00a0<\/span>\n<br><br>\n<b>T\u00edtulo: <\/b><span style=\"font-weight: 400\">O MESTRE APRENDIZ: COMO PROJETAR E APLICAR VENEZIANAS M\u00d3VEIS EM CLIMA QUENTE-\u00daMIDO<\/span>\n<br><br>\n<span style=\"font-weight: 400\">A proposta em quest\u00e3o tem como fundamento divulgar e capacitar aprendizes de carpintaria e discentes na leitura, detalhamento e execu\u00e7\u00e3o de projeto de esquadrias arquitet\u00f4nicas, especificamente as janelas com veneziana m\u00f3veis, mais conhecidas como &#8220;Janelas Macap\u00e1&#8221;.<\/span>\n<br><br>\n<b>Coordenador: <\/b><span style=\"font-weight: 400\">Prof. Dr. Mario Luiz Barata Junior<\/span>\n\n<\/div>\t\t\t\t\t\t\t\t<\/div>\n\t\t\t\t<\/div>\n\t\t\t\t<div class=\"elementor-element elementor-element-53bfebb elementor-widget-divider--view-line elementor-widget elementor-widget-divider\" data-id=\"53bfebb\" data-element_type=\"widget\" data-e-type=\"widget\" data-widget_type=\"divider.default\">\n\t\t\t\t<div class=\"elementor-widget-container\">\n\t\t\t\t\t\t\t<div class=\"elementor-divider\">\n\t\t\t<span class=\"elementor-divider-separator\">\n\t\t\t\t\t\t<\/span>\n\t\t<\/div>\n\t\t\t\t\t\t<\/div>\n\t\t\t\t<\/div>\n\t\t\t\t<div class=\"elementor-element elementor-element-ac26907 elementor-widget elementor-widget-text-editor\" data-id=\"ac26907\" data-element_type=\"widget\" data-e-type=\"widget\" data-widget_type=\"text-editor.default\">\n\t\t\t\t<div class=\"elementor-widget-container\">\n\t\t\t\t\t\t\t\t\t<div style=\"text-align: justify\">\n\n<b>C\u00f3digo: <\/b><span style=\"font-weight: 400\">EV002-2022\u00a0<\/span>\n<br><br>\n<b>T\u00edtulo: <\/b><span style=\"font-weight: 400\">Palestra &#8220;Cartografia das controv\u00e9rsias sobre ocupa\u00e7\u00f5es informais&#8221; com Profa. Luana Rocha da UNIFAP<\/span>\n<br><br>\n<span style=\"font-weight: 400\">Palestra &#8220;Cartografia das controv\u00e9rsias sobre ocupa\u00e7\u00f5es informais&#8221; com Profa. Luana Rocha da UNIFAP. Esta atividade faz parte da disciplina optativa AU1324 &#8211; Arquitetura Popular do curso de Arquitetura e Urbanismo da UNIFAP ministrada no semestre 2021.1 pela profa. Melissa Matsunaga<\/span>\n<br><br>\n<b>Coordenadora: <\/b><span style=\"font-weight: 400\">Profa. Dra. Melissa Kikumi Matsunaga<\/span>\n\n<\/div>\t\t\t\t\t\t\t\t<\/div>\n\t\t\t\t<\/div>\n\t\t\t\t<div class=\"elementor-element elementor-element-3b6a6d8 elementor-widget-divider--view-line elementor-widget elementor-widget-divider\" data-id=\"3b6a6d8\" data-element_type=\"widget\" data-e-type=\"widget\" data-widget_type=\"divider.default\">\n\t\t\t\t<div class=\"elementor-widget-container\">\n\t\t\t\t\t\t\t<div class=\"elementor-divider\">\n\t\t\t<span class=\"elementor-divider-separator\">\n\t\t\t\t\t\t<\/span>\n\t\t<\/div>\n\t\t\t\t\t\t<\/div>\n\t\t\t\t<\/div>\n\t\t\t\t<div class=\"elementor-element elementor-element-c8d3e2b elementor-widget elementor-widget-text-editor\" data-id=\"c8d3e2b\" data-element_type=\"widget\" data-e-type=\"widget\" data-widget_type=\"text-editor.default\">\n\t\t\t\t<div class=\"elementor-widget-container\">\n\t\t\t\t\t\t\t\t\t<div style=\"text-align: justify\">\n\n<b>C\u00f3digo:<\/b><span style=\"font-weight: 400\"> EV003-2022\u00a0<\/span>\n<br><br>\n<b>T\u00edtulo: <\/b><span style=\"font-weight: 400\">Palestra &#8220;Experi\u00eancias em regulariza\u00e7\u00e3o e preven\u00e7\u00e3o de conflitos e desconformidades socioambientais na Amaz\u00f4nia&#8221; com Profa. Myrian Cardoso da Universidade Federal do Par\u00e1 Palestra Experi\u00eancias em regulariza\u00e7\u00e3o e preven\u00e7\u00e3o de conflitos e desconformidades socioambientais na Amaz\u00f4nia com Profa. Myrian Cardoso da Universidade Federal do Amap\u00e1 Esta atividade faz parte da disciplina optativa AU1324 &#8211; Arquitetura Popular do curso de Arquitetura e Urbanismo da UNIFAP ministrada no semestre 2021.1 pela profa. Melissa Matsunaga<\/span>\n<br><br>\n<b>Coordenadora: <\/b><span style=\"font-weight: 400\">Profa. Dra. Melissa Kikumi Matsunaga<\/span>\n\n<\/div>\t\t\t\t\t\t\t\t<\/div>\n\t\t\t\t<\/div>\n\t\t\t\t<div class=\"elementor-element elementor-element-17e601c elementor-widget-divider--view-line elementor-widget elementor-widget-divider\" data-id=\"17e601c\" data-element_type=\"widget\" data-e-type=\"widget\" data-widget_type=\"divider.default\">\n\t\t\t\t<div class=\"elementor-widget-container\">\n\t\t\t\t\t\t\t<div class=\"elementor-divider\">\n\t\t\t<span class=\"elementor-divider-separator\">\n\t\t\t\t\t\t<\/span>\n\t\t<\/div>\n\t\t\t\t\t\t<\/div>\n\t\t\t\t<\/div>\n\t\t\t\t<div class=\"elementor-element elementor-element-5c2d950 elementor-widget elementor-widget-text-editor\" data-id=\"5c2d950\" data-element_type=\"widget\" data-e-type=\"widget\" data-widget_type=\"text-editor.default\">\n\t\t\t\t<div class=\"elementor-widget-container\">\n\t\t\t\t\t\t\t\t\t<div style=\"text-align: justify\">\n\n<b>C\u00f3digo:<\/b><span style=\"font-weight: 400\"> EV004-2022\u00a0<\/span>\n<br><br>\n<b>T\u00edtulo: <\/b><span style=\"font-weight: 400\">Palestra &#8220;Reflex\u00f5es sobre pol\u00edticas p\u00fablicas em habita\u00e7\u00e3o social na Amaz\u00f4nia&#8221; com Profa. Danielle Guimar\u00e3es da UNIFAP<\/span>\n<br><br>\n<span style=\"font-weight: 400\">Palestra &#8220;Reflex\u00f5es sobre pol\u00edticas p\u00fablicas em habita\u00e7\u00e3o social na Amaz\u00f4nia&#8221; com Profa. Danielle Guimar\u00e3es da UNIFAP Esta atividade faz parte da disciplina optativa AU1324 &#8211; Arquitetura Popular do curso de Arquitetura eUrbanismo da UNIFAP ministrada no semestre 2021.1 pela profa. Melissa Matsunaga<\/span>\n<br><br>\n<b>Coordenadora: <\/b><span style=\"font-weight: 400\">Profa. Dra. Melissa Kikumi Matsunaga<\/span>\n\n<\/div>\t\t\t\t\t\t\t\t<\/div>\n\t\t\t\t<\/div>\n\t\t\t\t<div class=\"elementor-element elementor-element-17e0a3e elementor-widget-divider--view-line elementor-widget elementor-widget-divider\" data-id=\"17e0a3e\" data-element_type=\"widget\" data-e-type=\"widget\" data-widget_type=\"divider.default\">\n\t\t\t\t<div class=\"elementor-widget-container\">\n\t\t\t\t\t\t\t<div class=\"elementor-divider\">\n\t\t\t<span class=\"elementor-divider-separator\">\n\t\t\t\t\t\t<\/span>\n\t\t<\/div>\n\t\t\t\t\t\t<\/div>\n\t\t\t\t<\/div>\n\t\t\t\t<div class=\"elementor-element elementor-element-affeaa5 elementor-widget elementor-widget-text-editor\" data-id=\"affeaa5\" data-element_type=\"widget\" data-e-type=\"widget\" data-widget_type=\"text-editor.default\">\n\t\t\t\t<div class=\"elementor-widget-container\">\n\t\t\t\t\t\t\t\t\t<div style=\"text-align: justify\">\n\n<b>C\u00f3digo: <\/b><span style=\"font-weight: 400\">PJ024-2022\u00a0<\/span>\n<br><br>\n<b>T\u00edtulo: <\/b><span style=\"font-weight: 400\">Tecnologias inovadoras para o trabalho e a sustentabilidade nas cadeias produtivas da socio biodiversidade amaz\u00f4nica no Amap\u00e1<\/span>\n<br><br>\n<span style=\"font-weight: 400\">Promover a\u00e7\u00f5es para o desenvolvimento das cooperativas do a\u00e7a\u00ed, do pescado e da castanha da Amaz\u00f4nia no Amap\u00e1, com foco em Tecnologia, Inova\u00e7\u00e3o, Trabalho e Sustentabilidade da socio biodiversidade amaz\u00f4nica no Estado do Amap\u00e1, a partir da assist\u00eancia para o fortalecimento das a\u00e7\u00f5es implementadas no Projeto de Verticaliza\u00e7\u00e3o do A\u00e7a\u00ed, Pescado e Castanha do Brasil (PVAPCB), realizado no per\u00edodo de setembro de 2018 a setembro de 2021. Para isso, o Projeto prestar\u00e1 assist\u00eancia na reestrutura\u00e7\u00e3o e adequa\u00e7\u00e3o de espa\u00e7os f\u00edsicos, na extens\u00e3o tecnol\u00f3gica inovadora e de apoio \u00e0 prote\u00e7\u00e3o do conhecimento sens\u00edvel e transfer\u00eancia de conhecimento, com foco em cursos e oficinas utilizando os laborat\u00f3rios estruturados pelo projeto acima mencionado.<\/span>\n<br><br>\n<b>Coordenador: <\/b><span style=\"font-weight: 400\">Prof. Dr. Jodival Mauricio da Costa<\/span>\n\n<\/div>\t\t\t\t\t\t\t\t<\/div>\n\t\t\t\t<\/div>\n\t\t\t\t<div class=\"elementor-element elementor-element-2b2cd6c elementor-widget-divider--view-line elementor-widget elementor-widget-divider\" data-id=\"2b2cd6c\" data-element_type=\"widget\" data-e-type=\"widget\" data-widget_type=\"divider.default\">\n\t\t\t\t<div class=\"elementor-widget-container\">\n\t\t\t\t\t\t\t<div class=\"elementor-divider\">\n\t\t\t<span class=\"elementor-divider-separator\">\n\t\t\t\t\t\t<\/span>\n\t\t<\/div>\n\t\t\t\t\t\t<\/div>\n\t\t\t\t<\/div>\n\t\t\t\t<div class=\"elementor-element elementor-element-1feb4f5 elementor-widget elementor-widget-text-editor\" data-id=\"1feb4f5\" data-element_type=\"widget\" data-e-type=\"widget\" data-widget_type=\"text-editor.default\">\n\t\t\t\t<div class=\"elementor-widget-container\">\n\t\t\t\t\t\t\t\t\t<div style=\"text-align: justify\"><p><strong>C\u00f3digo:<\/strong> PJ082-2022\u00a0<\/p><p><strong>T\u00edtulo:<\/strong> Planejando com a comunidade-Edi\u00e7\u00e3o Amaz\u00f4nia<\/p><p><span style=\"font-weight: 400\">O Projeto Planejando com a Comunidade \u00e9 uma grande oportunidade para estimular pesquisa na regi\u00e3o amaz\u00f4nica brasileira, em 2024 celebra 15 anos.\u00a0 Foi criado e \u00e9 coordenado pela professora Dra. Bianca Moro de Carvalho.\u00a0<\/span><\/p><p><span style=\"font-weight: 400\">O projeto j\u00e1 recebeu financiamento do Minist\u00e9rio da Educa\u00e7\u00e3o, al\u00e9m de ter sido apresentado em diversos eventos internacionais e ter sido objeto de estudo e aprimoramento na Universidade\u00a0<\/span><i><span style=\"font-weight: 400\">The New School<\/span><\/i><span style=\"font-weight: 400\">, na cidade de Nova York, atrav\u00e9s da Bolsa Presidente Nestor Kirchner que contemplou sua coordenadora no ano de 2017.<\/span><\/p><p><span style=\"font-weight: 400\">O projeto consiste em criar processos participativos entre os alunos na Faculdade de Arquitetura e Urbanismo, e as popula\u00e7\u00f5es de \u00e1reas vulner\u00e1veis da cidade de Macap\u00e1, conhecidas, localmente, como ressacas. S\u00e3o realizadas pesquisas que s\u00e3o incorporadas \u00e0s atividades de sala de aula, al\u00e9m de semin\u00e1rios realizados nas pr\u00f3prias comunidades selecionadas.<\/span><\/p><p><span style=\"font-weight: 400\">A partir de 2017 foi incorporada a t\u00e9cnica da m\u00eddia participativa que \u00e9 uma forma de linguagem arquitet\u00f4nica e cultural cujo prop\u00f3sito \u00e9 registrar as condi\u00e7\u00f5es de habitabilidade e informalidade dos assentamentos prec\u00e1rios da popula\u00e7\u00e3o de \u00e1reas fragilizadas e que possibilita dar voz \u00e0 sua popula\u00e7\u00e3o.<\/span><\/p><p><span style=\"font-weight: 400\">Em mar\u00e7o de 2009 o trabalho foi iniciado com primeiro grupo de alunos, utilizando a disciplina Urbanismo juntamente com a extens\u00e3o. A primeira \u00e1rea escolhida foi o bairro Cidade Nova.\u00a0<\/span><\/p><p><a href=\"http:\/\/www2.unifap.br\/arquitetura\/files\/2024\/03\/Apresentac\u0327a\u0303o-sem-ti\u0301tulo.jpg\"><span style=\"font-weight: 400\"><img fetchpriority=\"high\" decoding=\"async\" class=\"size-medium wp-image-8913 aligncenter\" src=\"http:\/\/www2.unifap.br\/arquitetura\/files\/2024\/03\/Apresentac\u0327a\u0303o-sem-ti\u0301tulo-300x169.jpg\" alt=\"\" width=\"300\" height=\"169\" srcset=\"https:\/\/www2.unifap.br\/arquitetura\/files\/2024\/03\/Apresentac\u0327a\u0303o-sem-ti\u0301tulo-300x169.jpg 300w, https:\/\/www2.unifap.br\/arquitetura\/files\/2024\/03\/Apresentac\u0327a\u0303o-sem-ti\u0301tulo-768x432.jpg 768w, https:\/\/www2.unifap.br\/arquitetura\/files\/2024\/03\/Apresentac\u0327a\u0303o-sem-ti\u0301tulo.jpg 960w\" sizes=\"(max-width: 300px) 100vw, 300px\" \/><\/span><\/a><\/p><p style=\"text-align: center\"><b>Figura 01: Primeira Reuni\u00e3o no Bairro Cidade Nova em 2009<\/b><\/p><p><span style=\"font-weight: 400\">No de 2010, como resultado do trabalho realizado no ano anterior, o projeto foi selecionado pelo Minist\u00e9rio P\u00fablico do Estado do Amap\u00e1, com o IEPA (Instituto de Pesquisas Cient\u00edficas e Tecnol\u00f3gicas do Estado do Amap\u00e1), para a elabora\u00e7\u00e3o do estudo do zoneamento ecol\u00f3gico e econ\u00f4mico urbano das \u00e1reas de Macap\u00e1 e Santana. Foram 6 meses de pesquisa em 23 \u00e1reas de ressacas de Macap\u00e1, que resultou no documento Zoneamento Ecol\u00f3gico e Urbano das \u00c1reas de Ressacas de Macap\u00e1 e Santana.\u00a0<\/span><\/p><p><a href=\"http:\/\/www2.unifap.br\/arquitetura\/files\/2024\/03\/projeto2.jpg\"><span style=\"font-weight: 400\"><img decoding=\"async\" class=\"alignnone size-medium wp-image-8918 aligncenter\" src=\"http:\/\/www2.unifap.br\/arquitetura\/files\/2024\/03\/projeto2-300x169.jpg\" alt=\"\" width=\"300\" height=\"169\" srcset=\"https:\/\/www2.unifap.br\/arquitetura\/files\/2024\/03\/projeto2-300x169.jpg 300w, https:\/\/www2.unifap.br\/arquitetura\/files\/2024\/03\/projeto2-768x432.jpg 768w, https:\/\/www2.unifap.br\/arquitetura\/files\/2024\/03\/projeto2.jpg 960w\" sizes=\"(max-width: 300px) 100vw, 300px\" \/><\/span><\/a><\/p><p style=\"text-align: center\"><b>Figura 02: Treinamento em 2010 no IEPA.<\/b><\/p><p><span style=\"font-weight: 400\">Em 2011 o \u201cPlanejando com a Comunidade\u201d ganhou financiamento do Minist\u00e9rio da Educa\u00e7\u00e3o atrav\u00e9s do PROEXT (Programa de Extens\u00e3o Universit\u00e1ria), possibilitando que o trabalho ganhasse outra dimens\u00e3o, foram realizadas viagens, com a participa\u00e7\u00e3o de alunos do curso de arquitetura e urbanismo pela Amaz\u00f4nia, buscando entender as habita\u00e7\u00f5es populares em um contexto regional. Tamb\u00e9m foi poss\u00edvel a contrata\u00e7\u00e3o de estagi\u00e1rios. O final desta pesquisa est\u00e1 documentado no relat\u00f3rio do ASPAMS (Assentamentos Prec\u00e1rios na Amaz\u00f4nia Setentrional), onde todas as viagens e pesquisas foram registradas. Tamb\u00e9m neste per\u00edodo foi criado o site\u00a0<\/span><span style=\"font-weight: 400\">thegreenclub.com.br<\/span><span style=\"font-weight: 400\">, que lamentavelmente foi destru\u00eddo por hackers.<\/span><\/p><p><span style=\"font-weight: 400\">Em 2017 o \u201cPlanejando com a Comunidade\u201d foi apresentado para acad\u00eamicos, pol\u00edticos e atores sociais da cidade de Nova York na Universidade\u00a0<\/span><i><span style=\"font-weight: 400\">The New School.\u00a0<\/span><\/i><span style=\"font-weight: 400\">\u00a0Tamb\u00e9m, como resultado desta experi\u00eancia foi poss\u00edvel ter a participa\u00e7\u00e3o de professores da\u00a0<\/span><i><span style=\"font-weight: 400\">The New School<\/span><\/i><span style=\"font-weight: 400\">\u00a0no projeto de extens\u00e3o na \u00e1rea do Elesb\u00e3o, no munic\u00edpio de Santana, onde foi realizado o primeiro document\u00e1rio sobre as ressacas, al\u00e9m de estudos urban\u00edsticos, os quais foram apresentados para a Prefeitura de\u00a0 Santana.<\/span><\/p><p><a href=\"http:\/\/www2.unifap.br\/arquitetura\/files\/2024\/03\/projeto3.jpg\"><img decoding=\"async\" class=\"alignnone size-medium wp-image-8922 aligncenter\" src=\"http:\/\/www2.unifap.br\/arquitetura\/files\/2024\/03\/projeto3-300x169.jpg\" alt=\"\" width=\"300\" height=\"169\" srcset=\"https:\/\/www2.unifap.br\/arquitetura\/files\/2024\/03\/projeto3-300x169.jpg 300w, https:\/\/www2.unifap.br\/arquitetura\/files\/2024\/03\/projeto3-768x432.jpg 768w, https:\/\/www2.unifap.br\/arquitetura\/files\/2024\/03\/projeto3.jpg 960w\" sizes=\"(max-width: 300px) 100vw, 300px\" \/><\/a><\/p><p style=\"text-align: center\"><b>Figura 03: Planejando com a Comunidade foi convidado a ser apresentado em mar\u00e7o de 2017 em Nova York na\u00a0<\/b><b><i>The New School<\/i><\/b><\/p><p><span style=\"font-weight: 400\">Em 2018, 2019 e 2020 foram realizados mais tr\u00eas document\u00e1rios sobre assentamentos populares, que est\u00e3o dispon\u00edveis no <\/span><a href=\"https:\/\/www.youtube.com\/watch?v=63o0QFfZyig\"><span style=\"font-weight: 400\">YouTube<\/span><\/a><span style=\"font-weight: 400\">.<\/span><span style=\"font-weight: 400\">\u00a0O \u00faltimo document\u00e1rio de 2020 faz parte de um projeto internacional do professor Dr. Peter Lucas, denominado\u00a0<\/span><i><span style=\"font-weight: 400\">Housing Problems<\/span><\/i><span style=\"font-weight: 400\">\u00a0da Universidade de Nova York, que consiste em fazer diferentes vers\u00f5es, pelo mundo, do primeiro filme que retrata as classes trabalhadoras em seu ambiente de moradia. A vers\u00e3o amaz\u00f4nica tem o nome de<\/span><i><span style=\"font-weight: 400\">\u00a0Housing Problems Macap\u00e1,\u00a0<\/span><\/i><span style=\"font-weight: 400\">a \u00e1rea selecionada foi o bairro d<\/span><\/p><p><span style=\"font-weight: 400\">o Cong<\/span><\/p><p><span style=\"font-weight: 400\">\u00f3s, que desde 2017 abriga os alunos deste\u00a0<\/span><\/p><p><span style=\"font-weight: 400\">projeto de extens\u00e3o.<\/span><\/p><p><a href=\"http:\/\/www2.unifap.br\/arquitetura\/files\/2024\/03\/projeto4.jpg\"><img loading=\"lazy\" decoding=\"async\" class=\"alignnone size-medium wp-image-8923 aligncenter\" src=\"http:\/\/www2.unifap.br\/arquitetura\/files\/2024\/03\/projeto4-300x169.jpg\" alt=\"\" width=\"300\" height=\"169\" srcset=\"https:\/\/www2.unifap.br\/arquitetura\/files\/2024\/03\/projeto4-300x169.jpg 300w, https:\/\/www2.unifap.br\/arquitetura\/files\/2024\/03\/projeto4-768x432.jpg 768w, https:\/\/www2.unifap.br\/arquitetura\/files\/2024\/03\/projeto4.jpg 960w\" sizes=\"(max-width: 300px) 100vw, 300px\" \/><\/a><\/p><p style=\"text-align: center\"><b>F<\/b><b>igura 04:\u00a0 Pesquisa em 2017 na \u00e1rea do Elesb\u00e3o<\/b><\/p><p><span style=\"font-weight: 400\">As \u00e1reas escolhidas durante esses 15 anos para pesquisa tem em comum o fato de serem \u00e1reas de habita\u00e7\u00e3o popular, de tipo palafita e em conjuntos habitacionais.<\/span><\/p><p style=\"text-align: center\">\u00a0<a href=\"http:\/\/www2.unifap.br\/arquitetura\/files\/2024\/03\/projeto5.jpg\"><img loading=\"lazy\" decoding=\"async\" class=\"alignnone size-medium wp-image-8928\" src=\"http:\/\/www2.unifap.br\/arquitetura\/files\/2024\/03\/projeto5-300x169.jpg\" alt=\"\" width=\"300\" height=\"169\" srcset=\"https:\/\/www2.unifap.br\/arquitetura\/files\/2024\/03\/projeto5-300x169.jpg 300w, https:\/\/www2.unifap.br\/arquitetura\/files\/2024\/03\/projeto5-768x432.jpg 768w, https:\/\/www2.unifap.br\/arquitetura\/files\/2024\/03\/projeto5.jpg 960w\" sizes=\"(max-width: 300px) 100vw, 300px\" \/><\/a><\/p><p style=\"text-align: center\"><b>Figura 05: Bastidores do filme O Elesb\u00e3o, dispon\u00edvel no YouTube<\/b><\/p><p><a href=\"http:\/\/www2.unifap.br\/arquitetura\/files\/2024\/03\/projeto6.jpg\"><img loading=\"lazy\" decoding=\"async\" class=\"size-medium wp-image-8929 aligncenter\" src=\"http:\/\/www2.unifap.br\/arquitetura\/files\/2024\/03\/projeto6-300x169.jpg\" alt=\"\" width=\"300\" height=\"169\" srcset=\"https:\/\/www2.unifap.br\/arquitetura\/files\/2024\/03\/projeto6-300x169.jpg 300w, https:\/\/www2.unifap.br\/arquitetura\/files\/2024\/03\/projeto6-768x432.jpg 768w, https:\/\/www2.unifap.br\/arquitetura\/files\/2024\/03\/projeto6.jpg 960w\" sizes=\"(max-width: 300px) 100vw, 300px\" \/><\/a><\/p><p style=\"text-align: center\"><b>Figura 06: Evento Internacional Semana Verde parceria Planejando com o Minist\u00e9rio P\u00fablico do Estado do Amap\u00e1<\/b><\/p><p style=\"text-align: center\"><span style=\"font-weight: 400\">Todos os Direitos Reservados da Autora do Projeto (2021) (R)<\/span><\/p><p style=\"text-align: center\"><b>\u00a0<\/b><\/p><p><b>Coordenadora: <\/b><span style=\"font-weight: 400\">Profa. Dra. Bianca Moro de Carvalho<\/span><\/p><\/div>\t\t\t\t\t\t\t\t<\/div>\n\t\t\t\t<\/div>\n\t\t\t\t\t<\/div>\n\t\t\t\t<\/div>\n\t\t\t\t<\/div>\n\t\t<div id=\"e-n-tab-content-1985563503\" role=\"tabpanel\" aria-labelledby=\"e-n-tab-title-1985563503\" data-tab-index=\"3\" style=\"--n-tabs-title-order: 3;\" class=\" elementor-element elementor-element-72bb6d5 e-con-full e-flex e-con e-child\" data-id=\"72bb6d5\" data-element_type=\"container\" data-e-type=\"container\">\n\t\t<div class=\"elementor-element elementor-element-3999182 e-flex e-con-boxed e-con e-child\" data-id=\"3999182\" data-element_type=\"container\" data-e-type=\"container\">\n\t\t\t\t\t<div class=\"e-con-inner\">\n\t\t\t\t<div class=\"elementor-element elementor-element-153492b elementor-widget elementor-widget-text-editor\" data-id=\"153492b\" data-element_type=\"widget\" data-e-type=\"widget\" data-widget_type=\"text-editor.default\">\n\t\t\t\t<div class=\"elementor-widget-container\">\n\t\t\t\t\t\t\t\t\t<div style=\"text-align: justify\"><b>C\u00f3digo:<\/b><span style=\"font-weight: 400\"> EV002-2021\u00a0<\/span><b>T\u00edtulo: <\/b><span style=\"font-weight: 400\">CICLO DE ESTUDOS &#8220;TR\u00caS TEXTOS DE CARLOS NELSON F. SANTOS E EQUIPE&#8221; DO PROJETO DE EXTENS\u00c3O ATAU- UNIFAP<\/span>\n<br><br>\n<span style=\"font-weight: 400\">O grupo de estudos &#8220;Tr\u00eas textos de Carlos Nelson F. dos Santos e equipe&#8221; \u00e9 uma iniciativa do Projeto de Extens\u00e3o Universit\u00e1ria Assist\u00eancia T\u00e9cnica em Arquitetura e Urbanismo (ATAU-UNIFAP) durante a pandemia e tem o objetivo de proceder a leitura de tr\u00eas textos e aprofundamento sobre os conte\u00fados atrav\u00e9s da discuss\u00e3o entre os participantes por meio de reuni\u00f5es online semanais. Carlos Nelson F. dos Santos (1943-1989) foi um arquiteto-urbanista, pensador e pesquisador carioca que trabalhou com comunidades, elaborou planos urbanos e projetos arquitet\u00f4nicos que uniram os saberes t\u00e9cnico e popular. Sua atua\u00e7\u00e3o profissional e seus textos s\u00e3o de extrema import\u00e2ncia na hist\u00f3ria brasileira dos projetos de urbaniza\u00e7\u00e3o de favelas. A participa\u00e7\u00e3o \u00e9 aberta para toda comunidade acad\u00eamica e n\u00e3o acad\u00eamica.<\/span>\n<br><br>\n<b>Coordenadora: <\/b><span style=\"font-weight: 400\">Profa. Dra. Melissa Kikumi Matsunaga<\/span>\n\n<\/div>\t\t\t\t\t\t\t\t<\/div>\n\t\t\t\t<\/div>\n\t\t\t\t<div class=\"elementor-element elementor-element-c2899fd elementor-widget-divider--view-line elementor-widget elementor-widget-divider\" data-id=\"c2899fd\" data-element_type=\"widget\" data-e-type=\"widget\" data-widget_type=\"divider.default\">\n\t\t\t\t<div class=\"elementor-widget-container\">\n\t\t\t\t\t\t\t<div class=\"elementor-divider\">\n\t\t\t<span class=\"elementor-divider-separator\">\n\t\t\t\t\t\t<\/span>\n\t\t<\/div>\n\t\t\t\t\t\t<\/div>\n\t\t\t\t<\/div>\n\t\t\t\t<div class=\"elementor-element elementor-element-051477a elementor-widget elementor-widget-text-editor\" data-id=\"051477a\" data-element_type=\"widget\" data-e-type=\"widget\" data-widget_type=\"text-editor.default\">\n\t\t\t\t<div class=\"elementor-widget-container\">\n\t\t\t\t\t\t\t\t\t<div style=\"text-align: justify\">\n\n<b>C\u00f3digo: <\/b><span style=\"font-weight: 400\">EV004-2021\u00a0<\/span>\n<br><br>\n<b>T\u00edtulo:<\/b><span style=\"font-weight: 400\"> Palestra &#8220;Experi\u00eancias de transforma\u00e7\u00e3o em assentamentos prec\u00e1rios e de qualifica\u00e7\u00e3o urbano-ambiental&#8221; com o arquiteto-urbanista Marcos Boldarini<\/span>\n<br><br>\n<span style=\"font-weight: 400\">A palestra intitulada &#8220;Experi\u00eancias de transforma\u00e7\u00e3o em assentamentos prec\u00e1rios e de qualifica\u00e7\u00e3o urbano- ambiental&#8221; tem como convidado externo o arquiteto-urbanista paulistano Marcos Boldarini. O escrit\u00f3rio Boldarini Arquitetos Associados tem uma ampla trajet\u00f3ria com projetos de interesse p\u00fablico, principalmente vinculados aos assentamentos prec\u00e1rios da Regi\u00e3o Metropolitana de S\u00e3o Paulo. Nos \u00faltimos anos seu trabalho vem ganhando reconhecimento com premia\u00e7\u00f5es e exposi\u00e7\u00f5es inclusive internacionais. O objetivo da palestra \u00e9 proporcionar ao estudante de arquitetura e urbanismo e interessados no tema o di\u00e1logo com um profissional que atua como intermediador das demandas das comunidades junto ao poder p\u00fablico, e ao agir assim, conjuga interesses coletivos de modo atrelado \u00e0s pol\u00edticas p\u00fablicas existentes.<\/span>\n<br><br>\n<b>Coordenadora: <\/b><span style=\"font-weight: 400\">Profa. Dra. Melissa Kikumi Matsunaga<\/span>\n\n<\/div>\t\t\t\t\t\t\t\t<\/div>\n\t\t\t\t<\/div>\n\t\t\t\t<div class=\"elementor-element elementor-element-a8bd3ad elementor-widget-divider--view-line elementor-widget elementor-widget-divider\" data-id=\"a8bd3ad\" data-element_type=\"widget\" data-e-type=\"widget\" data-widget_type=\"divider.default\">\n\t\t\t\t<div class=\"elementor-widget-container\">\n\t\t\t\t\t\t\t<div class=\"elementor-divider\">\n\t\t\t<span class=\"elementor-divider-separator\">\n\t\t\t\t\t\t<\/span>\n\t\t<\/div>\n\t\t\t\t\t\t<\/div>\n\t\t\t\t<\/div>\n\t\t\t\t<div class=\"elementor-element elementor-element-5552fdf elementor-widget elementor-widget-text-editor\" data-id=\"5552fdf\" data-element_type=\"widget\" data-e-type=\"widget\" data-widget_type=\"text-editor.default\">\n\t\t\t\t<div class=\"elementor-widget-container\">\n\t\t\t\t\t\t\t\t\t<div style=\"text-align: justify\">\n\n<b>C\u00f3digo:<\/b><span style=\"font-weight: 400\"> EV004-2021\u00a0<\/span>\n<br><br>\n<b>T\u00edtulo:<\/b><span style=\"font-weight: 400\"> Palestra &#8220;Experi\u00eancias de transforma\u00e7\u00e3o em assentamentos prec\u00e1rios e de qualifica\u00e7\u00e3o urbano- ambiental&#8221; com o arquiteto-urbanista Marcos Boldarini<\/span>\n<br><br>\n<span style=\"font-weight: 400\">A palestra intitulada &#8220;Experi\u00eancias de transforma\u00e7\u00e3o em assentamentos prec\u00e1rios e de qualifica\u00e7\u00e3o urbano- ambiental&#8221; tem como convidado externo o arquiteto-urbanista paulistano Marcos Boldarini. O escrit\u00f3rio Boldarini Arquitetos Associados tem uma ampla trajet\u00f3ria com projetos de interesse p\u00fablico, principalmente vinculados aos assentamentos prec\u00e1rios da Regi\u00e3o Metropolitana de S\u00e3o Paulo. Nos \u00faltimos anos seu trabalho vem ganhando reconhecimento com premia\u00e7\u00f5es e exposi\u00e7\u00f5es inclusive internacionais. O objetivo da palestra \u00e9 proporcionar ao estudante de arquitetura e urbanismo e interessados no tema o di\u00e1logo com um profissional que atua como intermediador das demandas das comunidades junto ao poder p\u00fablico, e ao agir assim, conjuga interesses coletivos de modo atrelado \u00e0s pol\u00edticas p\u00fablicas existentes.<\/span>\n<br><br>\n<b>Coordenadora: <\/b><span style=\"font-weight: 400\">Profa. Dra. Melissa Kikumi Matsunaga<\/span>\n\n<\/div>\t\t\t\t\t\t\t\t<\/div>\n\t\t\t\t<\/div>\n\t\t\t\t<div class=\"elementor-element elementor-element-edff822 elementor-widget-divider--view-line elementor-widget elementor-widget-divider\" data-id=\"edff822\" data-element_type=\"widget\" data-e-type=\"widget\" data-widget_type=\"divider.default\">\n\t\t\t\t<div class=\"elementor-widget-container\">\n\t\t\t\t\t\t\t<div class=\"elementor-divider\">\n\t\t\t<span class=\"elementor-divider-separator\">\n\t\t\t\t\t\t<\/span>\n\t\t<\/div>\n\t\t\t\t\t\t<\/div>\n\t\t\t\t<\/div>\n\t\t\t\t<div class=\"elementor-element elementor-element-0f2f216 elementor-widget elementor-widget-text-editor\" data-id=\"0f2f216\" data-element_type=\"widget\" data-e-type=\"widget\" data-widget_type=\"text-editor.default\">\n\t\t\t\t<div class=\"elementor-widget-container\">\n\t\t\t\t\t\t\t\t\t<div style=\"text-align: justify\">\n\n<b>C\u00f3digo: <\/b><span style=\"font-weight: 400\">PJ055-2021\u00a0<\/span>\n<br><br>\n<b>T\u00edtulo:<\/b><span style=\"font-weight: 400\"> \u201cPROJETANDO NOSSA CASA\u201d \u2013 O PROJETO DO EDIFICIO SEDE DO CURSO DE ARQUITETURA E URBANISMO DA UNIFAP E PLANEJAMENTO DA REESTRUTURA\u00c7\u00c3O F\u00cdSICA DO ENTORNO DAS EDIFICA\u00c7\u00d5ES VINCULADAS AO DECET<\/span>\n<br><br>\n<span style=\"font-weight: 400\">A proposta do Projeto de Extens\u00e3o consiste em estruturar uma equipe multidisciplinar interna ao DECET \u2013 Departamento de Ci\u00eancias Exatas e Tecnol\u00f3gicas da UNIFAP \u2013 Universidade Federal do Amap\u00e1, com o objetivo de elaborar Estudos e Projetos de Arquitetura e Engenharia e seus Complementares objetivando a Constru\u00e7\u00e3o da edifica\u00e7\u00e3o que abrigar\u00e1 o Curso de Arquitetura e Urbanismo desta Institui\u00e7\u00e3o. Tendo-se como premissas basilares destes Projetos os conceitos de Sustentabilidade, Acessibilidade, Economicidade e Efici\u00eancia e que atenda ainda a Filosofia e Proposta do Projeto Pol\u00edtico e Pedag\u00f3gico do Curso de ARQUITETURA E URBANISMO.<\/span>\n<br><br>\n<b>Coordenador: <\/b><span style=\"font-weight: 400\">Prof. Me.<\/span> <span style=\"font-weight: 400\">Elizeu Correa dos Santos<\/span>\n\n<\/div>\t\t\t\t\t\t\t\t<\/div>\n\t\t\t\t<\/div>\n\t\t\t\t\t<\/div>\n\t\t\t\t<\/div>\n\t\t\t\t<\/div>\n\t\t<div id=\"e-n-tab-content-1985563504\" role=\"tabpanel\" aria-labelledby=\"e-n-tab-title-1985563504\" data-tab-index=\"4\" style=\"--n-tabs-title-order: 4;\" class=\" elementor-element elementor-element-637d48e e-con-full e-flex e-con e-child\" data-id=\"637d48e\" data-element_type=\"container\" data-e-type=\"container\">\n\t\t<div class=\"elementor-element elementor-element-47b6b51 e-flex e-con-boxed e-con e-child\" data-id=\"47b6b51\" data-element_type=\"container\" data-e-type=\"container\">\n\t\t\t\t\t<div class=\"e-con-inner\">\n\t\t\t\t<div class=\"elementor-element elementor-element-1d21747 elementor-widget elementor-widget-text-editor\" data-id=\"1d21747\" data-element_type=\"widget\" data-e-type=\"widget\" data-widget_type=\"text-editor.default\">\n\t\t\t\t<div class=\"elementor-widget-container\">\n\t\t\t\t\t\t\t\t\t<div style=\"text-align: justify\">\n\n<b>C\u00f3digo: <\/b><span style=\"font-weight: 400\">EV007-2020\u00a0<\/span>\n<br><br>\n<b>T\u00edtulo: <\/b><span style=\"font-weight: 400\">FORMA\u00c7\u00c3O EM ASSIST\u00caNCIA E ASSESSORIA: A RESID\u00caNCIA AU+E DA UFBA<\/span>\n<br><br>\n<span style=\"font-weight: 400\">O objetivo do evento \u00e9 fomentar o debate acerca da forma\u00e7\u00e3o em Arquitetura e Urbanismo. Assim, a experi\u00eancia pioneira da Resid\u00eancia em Arquitetura e Urbanismo e Engenharia (AU+E) da Faculdade de Arquitetura e Urbanismo da Universidade Federal da Bahia, com a primeira turma ingressa em 2013, \u00e9 muito instigante para repensar o ensino e forma\u00e7\u00e3o de profissionais com perspectivas de atua\u00e7\u00e3o nas periferias e pequenos munic\u00edpios, como meio de incrementar o direito \u00e0 moradia digna, com base na Lei Federal N\u00ba 10.257\/2001, do Estatuto da Cidade e na Lei Federal N\u00ba 11.888\/2008, de Assist\u00eancia T\u00e9cnica P\u00fablica e Gratuita para Habita\u00e7\u00e3o de Interesse Social.<\/span>\n<br><br>\n<b>Coordenadora: <\/b><span style=\"font-weight: 400\">Profa. Dra.<\/span> <span style=\"font-weight: 400\">Melissa Kikumi Matsunaga<\/span>\n\n<\/div>\t\t\t\t\t\t\t\t<\/div>\n\t\t\t\t<\/div>\n\t\t\t\t<div class=\"elementor-element elementor-element-6ef8d86 elementor-widget-divider--view-line elementor-widget elementor-widget-divider\" data-id=\"6ef8d86\" data-element_type=\"widget\" data-e-type=\"widget\" data-widget_type=\"divider.default\">\n\t\t\t\t<div class=\"elementor-widget-container\">\n\t\t\t\t\t\t\t<div class=\"elementor-divider\">\n\t\t\t<span class=\"elementor-divider-separator\">\n\t\t\t\t\t\t<\/span>\n\t\t<\/div>\n\t\t\t\t\t\t<\/div>\n\t\t\t\t<\/div>\n\t\t\t\t<div class=\"elementor-element elementor-element-553b1a4 elementor-widget elementor-widget-text-editor\" data-id=\"553b1a4\" data-element_type=\"widget\" data-e-type=\"widget\" data-widget_type=\"text-editor.default\">\n\t\t\t\t<div class=\"elementor-widget-container\">\n\t\t\t\t\t\t\t\t\t<div style=\"text-align: justify\">\n\n<b>C\u00f3digo: <\/b><span style=\"font-weight: 400\">EV009-2020\u00a0<\/span>\n<br><br>\n<b>T\u00edtulo: <\/b><span style=\"font-weight: 400\">GRUPO DE ESTUDOS &#8220;CIDADE, MORADIA E ATHIS&#8221; DO PROJETO DE EXTENS\u00c3O ATAU-UNIFAP<\/span>\n<br><br>\n<span style=\"font-weight: 400\">O grupo de estudos &#8220;Cidade, Moradia e ATHIS&#8221; \u00e9 uma iniciativa do Projeto de Extens\u00e3o Universit\u00e1ria Assist\u00eancia T\u00e9cnica em Arquitetura e Urbanismo (ATAU-UNIFAP) durante a pandemia e tem o objetivo de proceder a leitura de textos, aprofundamento sobre o tema e discuss\u00e3o entre os participantes por meio de reuni\u00f5es online semanais. S\u00e3o selecionados textos e autores tais como: Erm\u00ednia Maricato, Fl\u00e1vio Villa\u00e7a entre outros autores seminais para o entendimento da quest\u00e3o da habita\u00e7\u00e3o, o direito \u00e0 moradia no Brasil e como a ATHIS, institu\u00edda em Lei desde 2008, surge no contexto de efetiva\u00e7\u00e3o de pol\u00edticas p\u00fablicas na \u00e1rea de habita\u00e7\u00e3o por cidades mais justas. A participa\u00e7\u00e3o \u00e9 aberta para toda comunidade acad\u00eamica e n\u00e3o acad\u00eamica.<\/span>\n<br><br>\n<b>Coordenadora: <\/b><span style=\"font-weight: 400\">Profa. Dra.Melissa Kikumi Matsunaga<\/span>\n\n<\/div>\t\t\t\t\t\t\t\t<\/div>\n\t\t\t\t<\/div>\n\t\t\t\t\t<\/div>\n\t\t\t\t<\/div>\n\t\t\t\t<\/div>\n\t\t<div id=\"e-n-tab-content-1985563505\" role=\"tabpanel\" aria-labelledby=\"e-n-tab-title-1985563505\" data-tab-index=\"5\" style=\"--n-tabs-title-order: 5;\" class=\" elementor-element elementor-element-8a2746c e-con-full e-flex e-con e-child\" data-id=\"8a2746c\" data-element_type=\"container\" data-e-type=\"container\">\n\t\t<div class=\"elementor-element elementor-element-ca32ae5 e-flex e-con-boxed e-con e-child\" data-id=\"ca32ae5\" data-element_type=\"container\" data-e-type=\"container\">\n\t\t\t\t\t<div class=\"e-con-inner\">\n\t\t\t\t<div class=\"elementor-element elementor-element-4e27841 elementor-widget elementor-widget-text-editor\" data-id=\"4e27841\" data-element_type=\"widget\" data-e-type=\"widget\" data-widget_type=\"text-editor.default\">\n\t\t\t\t<div class=\"elementor-widget-container\">\n\t\t\t\t\t\t\t\t\t<div style=\"text-align: justify\">\n\n<b>C\u00f3digo: <\/b><span style=\"font-weight: 400\">PJ113-2019\u00a0<\/span>\n<br><br>\n<b>T\u00edtulo:<\/b><span style=\"font-weight: 400\"> ASSIST\u00caNCIA T\u00c9CNICA \u00c0S COOPERATIVAS EXTRATIVISTAS DO AMAP\u00c1 VIA ESCRIT\u00d3RIO MODELO DE ARQUITETURA E URBANISMO<\/span>\n<br><br>\n<span style=\"font-weight: 400\">Este projeto faz parte da atividade vinculadas ao Escrit\u00f3rio Modelo do Curso de Arquitetura e Urbanismo, com um excelente potencial de fomentar atividades extensionistas para os discentes, pois uma das vertentes do Escrit\u00f3rio Modelo, atrav\u00e9s da atua\u00e7\u00e3o extensionista para com os discentes, \u00e9 a assessoria t\u00e9cnica a comunidade externa, em especial a popula\u00e7\u00e3o de baixa renda, a qual ter\u00e1 acesso ao acompanhamento t\u00e9cnico especializado a projetos e controle t\u00e9cnico e tecnol\u00f3gico de obras, tendo o objetivo de assistir tecnicamente fam\u00edlias, comunidades, entidades carentes. Dentro dessa vertente o projeto ir\u00e1 prestar assist\u00eancia especificamente as comunidades extrativistas do Amap\u00e1, atrav\u00e9s de suas cooperativas, uma vez que muitos espa\u00e7os f\u00edsicos dessas cooperativas necessitam passar por adequa\u00e7\u00f5es estritamente necess\u00e1rias para que possam atender as normas vigentes, obtendo a certifica\u00e7\u00e3o de seus produtos o que \u00e9 primordial para que essas comunidades de desenvolvam.<\/span>\n<br><br>\n<b>Coordenadora: <\/b><span style=\"font-weight: 400\">Profa. Ma<\/span><b>. <\/b><span style=\"font-weight: 400\">Marcelle Vilar da Silva<\/span>\n\n<\/div>\t\t\t\t\t\t\t\t<\/div>\n\t\t\t\t<\/div>\n\t\t\t\t<div class=\"elementor-element elementor-element-de194eb elementor-widget-divider--view-line elementor-widget elementor-widget-divider\" data-id=\"de194eb\" data-element_type=\"widget\" data-e-type=\"widget\" data-widget_type=\"divider.default\">\n\t\t\t\t<div class=\"elementor-widget-container\">\n\t\t\t\t\t\t\t<div class=\"elementor-divider\">\n\t\t\t<span class=\"elementor-divider-separator\">\n\t\t\t\t\t\t<\/span>\n\t\t<\/div>\n\t\t\t\t\t\t<\/div>\n\t\t\t\t<\/div>\n\t\t\t\t<div class=\"elementor-element elementor-element-07fa212 elementor-widget elementor-widget-text-editor\" data-id=\"07fa212\" data-element_type=\"widget\" data-e-type=\"widget\" data-widget_type=\"text-editor.default\">\n\t\t\t\t<div class=\"elementor-widget-container\">\n\t\t\t\t\t\t\t\t\t<div style=\"text-align: justify\">\n\n<b>C\u00f3digo:<\/b><span style=\"font-weight: 400\"> PJ104-2019\u00a0<\/span>\n<br><br>\n<b>T\u00edtulo: <\/b><span style=\"font-weight: 400\">Assist\u00eancia T\u00e9cnica em Arquitetura e Urbanismo<\/span>\n<br><br>\n<span style=\"font-weight: 400\">O projeto de extens\u00e3o tem como objetivo a presta\u00e7\u00e3o de servi\u00e7os t\u00e9cnicos especializados estabelecidos pela Lei N\u00ba 11.888, de 24 de dezembro de 2008 voltados \u00e0 popula\u00e7\u00e3o de baixa renda (at\u00e9 3sm) do munic\u00edpio de Macap\u00e1\/AP, atrav\u00e9s de orienta\u00e7\u00e3o t\u00e9cnica docente do Curso de Arquitetura e Urbanismo da UNIFAP. Ser\u00e3o envolvidos estudantes do curso numa atividade projetual vertical, ou seja, integrando acad\u00eamicos em est\u00e1gios diferentes do curso. Procura-se com tal projeto uma aproxima\u00e7\u00e3o dos alunos \u00e0 realidade social local, refletindo acerca da atua\u00e7\u00e3o profissional do arquiteto-urbanista, al\u00e9m de atender fam\u00edlias de baixa renda que possuem direito \u00e0 assist\u00eancia t\u00e9cnica p\u00fablica e gratuita nos termos da referida Lei.<\/span>\n<br><br>\n<b>Coordenadora: <\/b><span style=\"font-weight: 400\">Profa. Dra<\/span><b>. <\/b><span style=\"font-weight: 400\">Melissa Kikumi Matsunaga Docente<\/span>\n\n<\/div>\t\t\t\t\t\t\t\t<\/div>\n\t\t\t\t<\/div>\n\t\t\t\t<div class=\"elementor-element elementor-element-a0c0d8f elementor-widget-divider--view-line elementor-widget elementor-widget-divider\" data-id=\"a0c0d8f\" data-element_type=\"widget\" data-e-type=\"widget\" data-widget_type=\"divider.default\">\n\t\t\t\t<div class=\"elementor-widget-container\">\n\t\t\t\t\t\t\t<div class=\"elementor-divider\">\n\t\t\t<span class=\"elementor-divider-separator\">\n\t\t\t\t\t\t<\/span>\n\t\t<\/div>\n\t\t\t\t\t\t<\/div>\n\t\t\t\t<\/div>\n\t\t\t\t<div class=\"elementor-element elementor-element-1278d36 elementor-widget elementor-widget-text-editor\" data-id=\"1278d36\" data-element_type=\"widget\" data-e-type=\"widget\" data-widget_type=\"text-editor.default\">\n\t\t\t\t<div class=\"elementor-widget-container\">\n\t\t\t\t\t\t\t\t\t<div style=\"text-align: justify\">\n\n<b>C\u00f3digo: <\/b><span style=\"font-weight: 400\">EV030-2019\u00a0<\/span>\n<br><br>\n<b>T\u00edtulo:<\/b><span style=\"font-weight: 400\"> Criar e Viver a Pra\u00e7a da Vizinhan\u00e7a<\/span>\n<br><br>\n<span style=\"font-weight: 400\">O bairro Brasil Novo, localiza-se na zona norte da cidade de Macap\u00e1, e se caracteriza por ser perif\u00e9rico com diversos problemas urbanos, como a falta de espa\u00e7os livres p\u00fablicos de lazer \u00e0 popula\u00e7\u00e3o. Mesmo assim, grupos de moradores se organizam e usam temporariamente um lote vago no bairro para atividades de esporte, lazer e alimenta\u00e7\u00e3o. O local j\u00e1 havia sido uma pra\u00e7a, mas hoje est\u00e1 sem qualquer infraestrutura e mobili\u00e1rios. Nesse contexto, o objetivo do evento \u00e9 consolidar no imagin\u00e1rio da vizinhan\u00e7a esse lote vago como uma pra\u00e7a do bairro, para isso pretende-se debater e elucidar a falta de espa\u00e7os p\u00fablicos de lazer em bairros perif\u00e9ricos na cidade e a necessidade de sua exist\u00eancia; criar um projeto inicial da pra\u00e7a de forma participativa envolvendo os desejos e conhecimentos de moradores do bairro e de t\u00e9cnicos; construir mobili\u00e1rios tempor\u00e1rios para melhor ocupa\u00e7\u00e3o de acordo com os preceitos do Urbanismo T\u00e1tico; e capacitar p\u00fablicos ativos capazes de se mobilizar sobre desejos e necessidades locais.<\/span>\n<br><br>\n<b>Coordenadora: <\/b><span style=\"font-weight: 400\">Profa. Ma<\/span><b>. <\/b><span style=\"font-weight: 400\">Danielle Costa Guimaraes<\/span>\n\n<\/div>\t\t\t\t\t\t\t\t<\/div>\n\t\t\t\t<\/div>\n\t\t\t\t<div class=\"elementor-element elementor-element-a76b5a2 elementor-widget-divider--view-line elementor-widget elementor-widget-divider\" data-id=\"a76b5a2\" data-element_type=\"widget\" data-e-type=\"widget\" data-widget_type=\"divider.default\">\n\t\t\t\t<div class=\"elementor-widget-container\">\n\t\t\t\t\t\t\t<div class=\"elementor-divider\">\n\t\t\t<span class=\"elementor-divider-separator\">\n\t\t\t\t\t\t<\/span>\n\t\t<\/div>\n\t\t\t\t\t\t<\/div>\n\t\t\t\t<\/div>\n\t\t\t\t<div class=\"elementor-element elementor-element-31e7710 elementor-widget elementor-widget-text-editor\" data-id=\"31e7710\" data-element_type=\"widget\" data-e-type=\"widget\" data-widget_type=\"text-editor.default\">\n\t\t\t\t<div class=\"elementor-widget-container\">\n\t\t\t\t\t\t\t\t\t<div style=\"text-align: justify\">\n\n<b>C\u00f3digo: <\/b><span style=\"font-weight: 400\">PJ010-2019\u00a0<\/span>\n<br><br>\n<b>T\u00edtulo: <\/b><span style=\"font-weight: 400\">EMPRESA J\u00daNIOR DE ARQUITETURA E URBANISMO<\/span>\n<br><br>\n<span style=\"font-weight: 400\">Empresa J\u00fanior \u00e9, por defini\u00e7\u00e3o, uma associa\u00e7\u00e3o civil sem fins lucrativos, com foco totalmente educacional que presta servi\u00e7os de consultoria e assessoria, objetivando aliar a teoria de sala de aula \u00e0 pratica de mercado, atrav\u00e9s de projetos. Estruturalmente, \u00e9 um grupo formado e gerido \u00fanica e exclusivamente por alunos de gradua\u00e7\u00e3o. O conceito de Empresa Junior, surgiu na ESSEC (L&#8217;Ecole Sup\u00e9rieure des Sciences Economiques et Commerciales de Paris), na Fran\u00e7a, em 1967, com a cria\u00e7\u00e3o da primeira EJ: a \u201cJunior-Entreprise\u201d. Essa empresa surgiu a partir da necessidade identificada por alunos de complementarem os seus conhecimentos, atrav\u00e9s da aplica\u00e7\u00e3o pr\u00e1tica da teoria, sendo que, o objetivo mais circunscrito era realizar estudos de mercado ou enquetes comerciais nas empresas. O conceito de EJ difundiu-se pela Fran\u00e7a e em 1967, com mais de 20 empresas fundadas foi criada a Confedera\u00e7\u00e3o Francesa de EJs. Em 1986, ap\u00f3s consolida\u00e7\u00e3o do modelo franc\u00eas, o conceito come\u00e7ou a difundir-se pelo restante da Europa, onde encontrou novos formatos e ocasionou, em 1990, a cria\u00e7\u00e3o da Confedera\u00e7\u00e3o Europeia de Empresas Juniores, a JADE (Junior Association for Development in Europe). As empresas juniores foram introduzidas no Brasil pela C\u00e2mara de Com\u00e9rcio Fran\u00e7a\u2013Brasil, em 1988, e a primeira empresa criada foi a EJ de Administra\u00e7\u00e3o de Empresas da Funda\u00e7\u00e3o Get\u00falio Vargas. Posteriormente, foram criadas as EJ \u0301s de Administra\u00e7\u00e3o de Empresas da Funda\u00e7\u00e3o Armando \u00c1lvares Penteado, em S\u00e3o Paulo, e a da Engenharia de Alimentos, na Universidade de Campinas (UNICAMP). Depois disto, a filosofia do MEJ difundiu-se rapidamente entre as universidades brasileiras. Atualmente, existem no Brasil cerca de 600 empresas, enquanto que na Europa s\u00e3o cerca de 300. A Brasil J\u00fanior, ou Confedera\u00e7\u00e3o Brasileira de Empresas Juniores, \u00e9 a inst\u00e2ncia representativa do Movimento Empresa J\u00fanior do Brasil e \u00e9 uma pessoa jur\u00eddica de direito privado, associa\u00e7\u00e3o civil, sem fins lucrativos, com sede e foro na cidade de Bras\u00edlia, Distrito Federal. A Estrutura da Brasil J\u00fanior \u00e9 composta da seguinte forma: A Assembleia Geral, constitu\u00edda pelos presidentes de cada Empresa Junior confederada, \u00e9 o \u00f3rg\u00e3o soberano da Brasil J\u00fanior.<\/span>\n<br><br>\n<b>Coordenador: <\/b><span style=\"font-weight: 400\">Prof. Me.<\/span> <span style=\"font-weight: 400\">Elizeu Correa dos Santos<\/span>\n\n<\/div>\t\t\t\t\t\t\t\t<\/div>\n\t\t\t\t<\/div>\n\t\t\t\t<div class=\"elementor-element elementor-element-b3537e4 elementor-widget-divider--view-line elementor-widget elementor-widget-divider\" data-id=\"b3537e4\" data-element_type=\"widget\" data-e-type=\"widget\" data-widget_type=\"divider.default\">\n\t\t\t\t<div class=\"elementor-widget-container\">\n\t\t\t\t\t\t\t<div class=\"elementor-divider\">\n\t\t\t<span class=\"elementor-divider-separator\">\n\t\t\t\t\t\t<\/span>\n\t\t<\/div>\n\t\t\t\t\t\t<\/div>\n\t\t\t\t<\/div>\n\t\t\t\t<div class=\"elementor-element elementor-element-8d6a501 elementor-widget elementor-widget-text-editor\" data-id=\"8d6a501\" data-element_type=\"widget\" data-e-type=\"widget\" data-widget_type=\"text-editor.default\">\n\t\t\t\t<div class=\"elementor-widget-container\">\n\t\t\t\t\t\t\t\t\t<div style=\"text-align: justify\">\n\n<b>C\u00f3digo:<\/b><span style=\"font-weight: 400\"> EV039-2019\u00a0<\/span>\n<br><br>\n<b>T\u00edtulo:<\/b><span style=\"font-weight: 400\"> Plano Diretor e Projeto Arquitet\u00f4nico do Hospital Universit\u00e1rio UNIFAP<\/span>\n<br><br>\n<span style=\"font-weight: 400\">Palestra apresentada pelo Arq. Jos\u00e9 Freire, do escrit\u00f3rio de arquitetura DPJ Arquitetos Associados, e professor aposentado do curso de Arquitetura e Urbanismo da UFPA &#8211; Universidade Federal do Par\u00e1. O evento ir\u00e1 abordar a elabora\u00e7\u00e3o do Plano Diretor do Hospital Universit\u00e1rio HU-UNIFAP, bem como o desenvolvimento de seu projeto arquitet\u00f4nico. H\u00e1 uma previs\u00e3o de continuidade do conte\u00fado em um segundo m\u00f3dulo, abordando de forma mais gen\u00e9rica e metodol\u00f3gica o projeto de arquitetura hospitalar.<\/span>\n<br><br>\n<b>Coordenador: <\/b><span style=\"font-weight: 400\">Prof. Dr<\/span><b>. <\/b><span style=\"font-weight: 400\">Andr\u00e9 de Barros Coelho<\/span>\n\n<\/div>\t\t\t\t\t\t\t\t<\/div>\n\t\t\t\t<\/div>\n\t\t\t\t<div class=\"elementor-element elementor-element-f676e19 elementor-widget-divider--view-line elementor-widget elementor-widget-divider\" data-id=\"f676e19\" data-element_type=\"widget\" data-e-type=\"widget\" data-widget_type=\"divider.default\">\n\t\t\t\t<div class=\"elementor-widget-container\">\n\t\t\t\t\t\t\t<div class=\"elementor-divider\">\n\t\t\t<span class=\"elementor-divider-separator\">\n\t\t\t\t\t\t<\/span>\n\t\t<\/div>\n\t\t\t\t\t\t<\/div>\n\t\t\t\t<\/div>\n\t\t\t\t<div class=\"elementor-element elementor-element-8b4d91e elementor-widget elementor-widget-text-editor\" data-id=\"8b4d91e\" data-element_type=\"widget\" data-e-type=\"widget\" data-widget_type=\"text-editor.default\">\n\t\t\t\t<div class=\"elementor-widget-container\">\n\t\t\t\t\t\t\t\t\t<div style=\"text-align: justify\">\n\n<b>C\u00f3digo:<\/b><span style=\"font-weight: 400\"> PJ127-2019\u00a0<\/span>\n<br><br>\n<b>T\u00edtulo:<\/b><span style=\"font-weight: 400\"> PROJETO DE EXTENS\u00c3O ESCRIT\u00d3RIO MODELO DE ARQUITETURA E URBANISMO DA UNIFAP &#8211; EMAU\/UNIFAP<\/span>\n<br><br>\n<span style=\"font-weight: 400\">O Escrit\u00f3rio Modelo do curso de Arquitetura e Urbanismo objetiva fomentar atividades extensionistas para os discentes do curso atrav\u00e9s da aplica\u00e7\u00e3o pr\u00e1tica da forma\u00e7\u00e3o acad\u00eamica, recebida em sala de aula, como estudos, propostas e projetos, bem como, acompanhamento e fiscaliza\u00e7\u00e3o das propostas elaboradas por eles \u00e0s comunidades interna e externa \u00e0 UNIFAP, em especial \u00e0 popula\u00e7\u00e3o vulner\u00e1vel, proporcionando-as a possibilidade de acesso \u00e0 moradia digna, salubre, conforme preconizado no Plano Nacional de Habita\u00e7\u00e3o e da fun\u00e7\u00e3o social da cidade e da propriedade, estabelecendo atrav\u00e9s da t\u00e9cnica atividades inclusivas, participativas e socialmente justas. Teremos como objetivo atuar como sujeitos de a\u00e7\u00e3o, de modo a contribuir para a transforma\u00e7\u00e3o da realidade, dos espa\u00e7os e ambientes, partindo das vis\u00f5es sociais, t\u00e9cnicas, considerando a legisla\u00e7\u00e3o local e nacional, buscando relacionar as viv\u00eancias acad\u00eamicas com viv\u00eancias pr\u00e1ticas dos grupos a serem atendidos, para propor projetos no intuito de melhorar a situa\u00e7\u00e3o social e de infraestrutura destes.<\/span>\n<br><br>\n<b>Coordenadora:<\/b><span style=\"font-weight: 400\"> Tec. Ma. Silvana Lelia Assun\u00e7\u00e3o Barreto<\/span>\n\n<\/div>\t\t\t\t\t\t\t\t<\/div>\n\t\t\t\t<\/div>\n\t\t\t\t<div class=\"elementor-element elementor-element-7e24420 elementor-widget-divider--view-line elementor-widget elementor-widget-divider\" data-id=\"7e24420\" data-element_type=\"widget\" data-e-type=\"widget\" data-widget_type=\"divider.default\">\n\t\t\t\t<div class=\"elementor-widget-container\">\n\t\t\t\t\t\t\t<div class=\"elementor-divider\">\n\t\t\t<span class=\"elementor-divider-separator\">\n\t\t\t\t\t\t<\/span>\n\t\t<\/div>\n\t\t\t\t\t\t<\/div>\n\t\t\t\t<\/div>\n\t\t\t\t<div class=\"elementor-element elementor-element-414ee36 elementor-widget elementor-widget-text-editor\" data-id=\"414ee36\" data-element_type=\"widget\" data-e-type=\"widget\" data-widget_type=\"text-editor.default\">\n\t\t\t\t<div class=\"elementor-widget-container\">\n\t\t\t\t\t\t\t\t\t<div style=\"text-align: justify\">\n\n<b>C\u00f3digo: <\/b><span style=\"font-weight: 400\">PJ114-2019\u00a0<\/span>\n<br><br>\n<b>T\u00edtulo: <\/b><span style=\"font-weight: 400\">Projeto de Verticaliza\u00e7\u00e3o do A\u00e7a\u00ed, Pescado e Castanha do Brasil<\/span>\n<br><br>\n<span style=\"font-weight: 400\">Trata-se da implementa\u00e7\u00e3o de tr\u00eas Centros Vocacionais de Tecnologia e Inova\u00e7\u00e3o em Extrativismo no Estado do Amap\u00e1, a partir da reestrutura\u00e7\u00e3o e adequa\u00e7\u00e3o do espa\u00e7o f\u00edsico de galp\u00f5es e f\u00e1bricas das organiza\u00e7\u00f5es extrativistas do a\u00e7a\u00ed, do pescado e da castanha do Brasil e seus derivados atualmente existentes, nos quais ser\u00e3o desenvolvidas atividades extens\u00e3o tecnol\u00f3gica e transfer\u00eancia de conhecimento e ministrados cursos de qualifica\u00e7\u00e3o profissional \u00e0s popula\u00e7\u00f5es locais. O Projeto, que \u00e9 coordenado pela Universidade Federal Fluminense, tem a parceria da Universidade Federal do Amap\u00e1, da Secretaria de Ci\u00eancia e Tecnologia do Estado do Amap\u00e1, do Instituto Federal do Amap\u00e1 e da Empresa Brasileira de Pesquisa Agropecu\u00e1ria. O projeto tem financiamento de 7.000.000,00 (sete milh\u00f5es) de reais do Minist\u00e9rio da Ci\u00eancia, Tecnologia, Inova\u00e7\u00e3o e Comunica\u00e7\u00f5es, mas n\u00e3o ser\u00e1 repassado financiamento direto \u00e0 Unifap, nem \u00e0s demais institui\u00e7\u00f5es parceiras. A Unidade gestora do recurso \u00e9 a Universidade Federal Fluminense.<\/span>\n<br><br>\n<b>Coordenador: <\/b><span style=\"font-weight: 400\">Prof. Dr.<\/span> <span style=\"font-weight: 400\">Jodival Mauricio da Costa<\/span>\n\n<\/div>\t\t\t\t\t\t\t\t<\/div>\n\t\t\t\t<\/div>\n\t\t\t\t<div class=\"elementor-element elementor-element-75a6169 elementor-widget-divider--view-line elementor-widget elementor-widget-divider\" data-id=\"75a6169\" data-element_type=\"widget\" data-e-type=\"widget\" data-widget_type=\"divider.default\">\n\t\t\t\t<div class=\"elementor-widget-container\">\n\t\t\t\t\t\t\t<div class=\"elementor-divider\">\n\t\t\t<span class=\"elementor-divider-separator\">\n\t\t\t\t\t\t<\/span>\n\t\t<\/div>\n\t\t\t\t\t\t<\/div>\n\t\t\t\t<\/div>\n\t\t\t\t<div class=\"elementor-element elementor-element-3351ea0 elementor-widget elementor-widget-text-editor\" data-id=\"3351ea0\" data-element_type=\"widget\" data-e-type=\"widget\" data-widget_type=\"text-editor.default\">\n\t\t\t\t<div class=\"elementor-widget-container\">\n\t\t\t\t\t\t\t\t\t<div style=\"text-align: justify\">\n\n<b>C\u00f3digo: <\/b><span style=\"font-weight: 400\">EV010-2019\u00a0<\/span>\n<br><br>\n<b>T\u00edtulo: <\/b><span style=\"font-weight: 400\">Simp\u00f3sio Macap\u00e1 75 anos como capital (1944-2019)<\/span>\n<br><br>\n<span style=\"font-weight: 400\">O projeto de Extens\u00e3o Macap\u00e1 Rumo aos 300 anos (MCP300) \u00e9 o resultado de um convite da Prefeitura Municipal de Macap\u00e1 \u00e0 Universidade Federal do Amap\u00e1, para que desenvolv\u00eassemos o pensar e discutir sobre a Macap\u00e1 de hoje e a Macap\u00e1 de Amanh\u00e3 (a que queremos) dentro do vetor Mobilidade e Urbanismo. Nesse sentido, est\u00e1 sendo iniciada uma s\u00e9rie de eventos que agreguem informa\u00e7\u00f5es, estudos, pesquisadores, sociedade e poder p\u00fablico com o fim de elaborarmos esses dois documentos supracitados. Como primeira a\u00e7\u00e3o no \u00e2mbito do MCP300, ser\u00e1 realizado um Simp\u00f3sio local, que reunir\u00e1 a produ\u00e7\u00e3o intelectual local sobre as tem\u00e1ticas levantadas no projeto e com vistas a contribuir na elabora\u00e7\u00e3o dos dois produtos previstos. O tema escolhido, \u201cMacap\u00e1, 75 anos como capital\u201d, se deu como forma de reconhecer o valor regional e hist\u00f3rico da cidade e de reunir trabalhos que envolvam informa\u00e7\u00f5es dentro desse per\u00edodo (1944-2019), abrangendo ent\u00e3o um recorte temporal que se volte a analisar os per\u00edodos de 1944 \u2013 Macap\u00e1 capital do Territ\u00f3rio Federal do Amap\u00e1 &#8211; at\u00e9 o ano de 2019 (per\u00edodo atual). Observando esses 75 anos buscamos compreender o processo de ocupa\u00e7\u00e3o desse territ\u00f3rio a partir de variados olhares, que questionem, reflitam e o leiam, a partir de uma mirada que se preocupe com qual estrat\u00e9gia dever\u00edamos abordar o futuro.<\/span>\n<br><br>\n<b>Coordenadora: <\/b><span style=\"font-weight: 400\">Profa. Ma. Danielle Costa Guimaraes<\/span>\n\n<\/div>\t\t\t\t\t\t\t\t<\/div>\n\t\t\t\t<\/div>\n\t\t\t\t<div class=\"elementor-element elementor-element-485d341 elementor-widget-divider--view-line elementor-widget elementor-widget-divider\" data-id=\"485d341\" data-element_type=\"widget\" data-e-type=\"widget\" data-widget_type=\"divider.default\">\n\t\t\t\t<div class=\"elementor-widget-container\">\n\t\t\t\t\t\t\t<div class=\"elementor-divider\">\n\t\t\t<span class=\"elementor-divider-separator\">\n\t\t\t\t\t\t<\/span>\n\t\t<\/div>\n\t\t\t\t\t\t<\/div>\n\t\t\t\t<\/div>\n\t\t\t\t<div class=\"elementor-element elementor-element-044c0af elementor-widget elementor-widget-text-editor\" data-id=\"044c0af\" data-element_type=\"widget\" data-e-type=\"widget\" data-widget_type=\"text-editor.default\">\n\t\t\t\t<div class=\"elementor-widget-container\">\n\t\t\t\t\t\t\t\t\t<div style=\"text-align: justify\">\n\n<b>C\u00f3digo:<\/b><span style=\"font-weight: 400\"> EV031-2019\u00a0<\/span>\n<br><br>\n<b>T\u00edtulo: <\/b><span style=\"font-weight: 400\">VIII Semana de Arquitetura e Urbanismo da UNIFAP (VIII SAU) &#8211; \u201cCria-te, cidade\u201d<\/span>\n<br><br>\n<span style=\"font-weight: 400\">A Semana de Arquitetura e Urbanismo da UNIFAP traz discuss\u00f5es pertinentes acerca da cidade e das a\u00e7\u00f5es do ser individual e do coletivo a fim de melhorar o espa\u00e7o urbano em que vivemos. O projetod\u00e1 oportunidade para que os pr\u00f3prios acad\u00eamicos possam desenvolver uma atividade \u00e0 sua maneira e para um p\u00fablico alvo semelhante, o qual possui questionamentos e inquieta\u00e7\u00f5es e proporciona \u00e0 equipe organizadora o desenvolvimento da capacidade de lideran\u00e7a.<\/span>\n<br><br>\n<b>Coordenador: <\/b><span style=\"font-weight: 400\">Prof. Me.<\/span> <span style=\"font-weight: 400\">Elizeu Correa dos Santos<\/span>\n\n<\/div>\t\t\t\t\t\t\t\t<\/div>\n\t\t\t\t<\/div>\n\t\t\t\t\t<\/div>\n\t\t\t\t<\/div>\n\t\t\t\t<\/div>\n\t\t<div id=\"e-n-tab-content-1985563506\" role=\"tabpanel\" aria-labelledby=\"e-n-tab-title-1985563506\" data-tab-index=\"6\" style=\"--n-tabs-title-order: 6;\" class=\" elementor-element elementor-element-f33666f e-con-full e-flex e-con e-child\" data-id=\"f33666f\" data-element_type=\"container\" data-e-type=\"container\">\n\t\t<div class=\"elementor-element elementor-element-40f08f4 e-flex e-con-boxed e-con e-child\" data-id=\"40f08f4\" data-element_type=\"container\" data-e-type=\"container\">\n\t\t\t\t\t<div class=\"e-con-inner\">\n\t\t\t\t<div class=\"elementor-element elementor-element-d5f88cc elementor-widget elementor-widget-text-editor\" data-id=\"d5f88cc\" data-element_type=\"widget\" data-e-type=\"widget\" data-widget_type=\"text-editor.default\">\n\t\t\t\t<div class=\"elementor-widget-container\">\n\t\t\t\t\t\t\t\t\t<div style=\"text-align: justify\">\n\n<b>C\u00f3digo:<\/b><span style=\"font-weight: 400\"> EV054-2018\u00a0<\/span>\n<br><br>\n<b>T\u00edtulo: <\/b><span style=\"font-weight: 400\">3\u00ba Encontro do Mem\u00f3rias Urbanas Kids &#8211; &#8220;Construindo o Ba\u00fa da Mem\u00f3ria&#8221;<\/span>\n<br><br>\n<span style=\"font-weight: 400\">O 3\u00ba Encontro do Mem\u00f3rias Urbanas kids faz parte das a\u00e7\u00f5es do projeto de Extens\u00e3o &#8220;Mem\u00f3ria da Cidade e as Gera\u00e7\u00f5es&#8221; que pretende trabalhar com as pessoas de diversas faixas et\u00e1rias as no\u00e7\u00f5es de mem\u00f3ria, patrim\u00f4nio, afetividade e visualidade, desejando aproximar as pessoas de seu patrim\u00f4nio, tornando-os co-respons\u00e1veis por sua preserva\u00e7\u00e3o. Essa a\u00e7\u00e3o ir\u00e1 trabalhar os conceitos de mem\u00f3ria e patrim\u00f4nio por meio da constru\u00e7\u00e3o interativa do &#8220;ba\u00fa da mem\u00f3ria&#8221;, contando com atividades l\u00fadicas e pedag\u00f3gicas para estimular o envolvimento e a participa\u00e7\u00e3o do p\u00fablico alvo com o patrim\u00f4nio cultural da cidade de Macap\u00e1<\/span>\n<br><br>\n<b>Coordenadora:<\/b><span style=\"font-weight: 400\"> Profa. Dra. Eloane de Jesus Ramos Cantuaria<\/span>\n\n<\/div>\t\t\t\t\t\t\t\t<\/div>\n\t\t\t\t<\/div>\n\t\t\t\t<div class=\"elementor-element elementor-element-2381856 elementor-widget-divider--view-line elementor-widget elementor-widget-divider\" data-id=\"2381856\" data-element_type=\"widget\" data-e-type=\"widget\" data-widget_type=\"divider.default\">\n\t\t\t\t<div class=\"elementor-widget-container\">\n\t\t\t\t\t\t\t<div class=\"elementor-divider\">\n\t\t\t<span class=\"elementor-divider-separator\">\n\t\t\t\t\t\t<\/span>\n\t\t<\/div>\n\t\t\t\t\t\t<\/div>\n\t\t\t\t<\/div>\n\t\t\t\t<div class=\"elementor-element elementor-element-229a57a elementor-widget elementor-widget-text-editor\" data-id=\"229a57a\" data-element_type=\"widget\" data-e-type=\"widget\" data-widget_type=\"text-editor.default\">\n\t\t\t\t<div class=\"elementor-widget-container\">\n\t\t\t\t\t\t\t\t\t<div style=\"text-align: justify\">\n\n<b>C\u00f3digo: <\/b><span style=\"font-weight: 400\">PJ074-2018\u00a0<\/span>\n<br><br>\n<b>T\u00edtulo: <\/b><span style=\"font-weight: 400\">A MEM\u00d3RIA DA CIDADE E AS GERA\u00c7\u00d5ES<\/span>\n<br><br>\n<span style=\"font-weight: 400\">O projeto A MEM\u00d3RIA DA CIDADE E AS GERA\u00c7\u00d5ES pretende trabalhar o conceito de patrim\u00f4nio e mem\u00f3ria com as v\u00e1rias gera\u00e7\u00f5es de amapaenses e moradores da cidade de diferentes formas e abordagens e a partir de suas viv\u00eancias, experi\u00eancias e mem\u00f3rias individuais e coletivas, construir ou enfatizar o sentimento de pertencimento e possibilitar que as v\u00e1rias gera\u00e7\u00f5es identifiquem, reconhe\u00e7am e valorizem os diversos bens culturais pertencentes ao patrim\u00f4nio amapaense. O projeto de extens\u00e3o pretende ainda compartilhar com seu p\u00fablico alvo os resultados dos estudos do Grupo de Pesquisa Mem\u00f3rias Urbanas que tem estudado a cidade de Macap\u00e1 e seu patrim\u00f4nio cultural e identificado os problemas relacionados \u00e0 sua preserva\u00e7\u00e3o. O projeto tamb\u00e9m visa impulsionar o trip\u00e9 ENSINO-PESQUISA-EXTENS\u00c3O, sendo o bra\u00e7o que divulga e compartilha o conhecimento produzido na academia, retroalimentando tamb\u00e9m as pesquisas em realiza\u00e7\u00e3o pela equipe do grupo Mem\u00f3rias Urbanas.<\/span>\n<br><br>\n<b>Coordenadora:<\/b><span style=\"font-weight: 400\"> Profa. Dra. Eloane de Jesus Ramos Cantuaria<\/span>\n\n<\/div>\t\t\t\t\t\t\t\t<\/div>\n\t\t\t\t<\/div>\n\t\t\t\t<div class=\"elementor-element elementor-element-dc4ee1b elementor-widget-divider--view-line elementor-widget elementor-widget-divider\" data-id=\"dc4ee1b\" data-element_type=\"widget\" data-e-type=\"widget\" data-widget_type=\"divider.default\">\n\t\t\t\t<div class=\"elementor-widget-container\">\n\t\t\t\t\t\t\t<div class=\"elementor-divider\">\n\t\t\t<span class=\"elementor-divider-separator\">\n\t\t\t\t\t\t<\/span>\n\t\t<\/div>\n\t\t\t\t\t\t<\/div>\n\t\t\t\t<\/div>\n\t\t\t\t<div class=\"elementor-element elementor-element-e2f5d03 elementor-widget elementor-widget-text-editor\" data-id=\"e2f5d03\" data-element_type=\"widget\" data-e-type=\"widget\" data-widget_type=\"text-editor.default\">\n\t\t\t\t<div class=\"elementor-widget-container\">\n\t\t\t\t\t\t\t\t\t<div style=\"text-align: justify\">\n\n<b>C\u00f3digo: <\/b><span style=\"font-weight: 400\">EV025-2018\u00a0<\/span>\n<br><br>\n<b>T\u00edtulo: <\/b><span style=\"font-weight: 400\">Col\u00f3quio Internacional Fronteiras e Mundos: Mem\u00f3rias e Projetos<\/span>\n<br><br>\n<span style=\"font-weight: 400\">O Col\u00f3quio Internacional Fronteiras e Mundos: Mem\u00f3rias e Projetos \u00e9 uma atividade no \u00e2mbito do Programa de Doutorado Interinstitucional (DINTER) em Urbanismo entre a Universidade Federal do Rio de Janeiro e a Universidade Federal do Amap\u00e1.<\/span>\n<br><br>\n<b>Coordenadora:<\/b><span style=\"font-weight: 400\"> Profa. Dra. Melissa Kikumi Matsunaga<\/span>\n\n<\/div>\t\t\t\t\t\t\t\t<\/div>\n\t\t\t\t<\/div>\n\t\t\t\t<div class=\"elementor-element elementor-element-f020c79 elementor-widget-divider--view-line elementor-widget elementor-widget-divider\" data-id=\"f020c79\" data-element_type=\"widget\" data-e-type=\"widget\" data-widget_type=\"divider.default\">\n\t\t\t\t<div class=\"elementor-widget-container\">\n\t\t\t\t\t\t\t<div class=\"elementor-divider\">\n\t\t\t<span class=\"elementor-divider-separator\">\n\t\t\t\t\t\t<\/span>\n\t\t<\/div>\n\t\t\t\t\t\t<\/div>\n\t\t\t\t<\/div>\n\t\t\t\t<div class=\"elementor-element elementor-element-6afc4af elementor-widget elementor-widget-text-editor\" data-id=\"6afc4af\" data-element_type=\"widget\" data-e-type=\"widget\" data-widget_type=\"text-editor.default\">\n\t\t\t\t<div class=\"elementor-widget-container\">\n\t\t\t\t\t\t\t\t\t<div style=\"text-align: justify\">\n\n<b>C\u00f3digo:<\/b><span style=\"font-weight: 400\"> PJ102-2018\u00a0<\/span>\n<br><br>\n<b>T\u00edtulo:<\/b><span style=\"font-weight: 400\"> Coopera\u00e7\u00e3o t\u00e9cnica PMM-UNIFAP: Macap\u00e1 300 anos.<\/span>\n<br><br>\n<span style=\"font-weight: 400\">Promover eventos de discuss\u00e3o e forma\u00e7\u00e3o de conte\u00fado e Elaborar documentos que contribuam com o Projeto Macap\u00e1 Rumo aos Trezentos Anos, que consiste em fazer uma reflex\u00e3o sobre a Macap\u00e1 atual e futura na \u00e1rea de Urbanismo e sub\u00e1reas, como mobilidade, infraestrutura, cultura e patrim\u00f4nio hist\u00f3rico urbano, entre outras, al\u00e9m da revis\u00e3o do Plano Diretor da Cidade. Esse documento receber\u00e1 insumos de informa\u00e7\u00f5es da pesquisa em andamento (de iniciativa do Poder municipal) que deve envolver mais de 5.000 pessoas e institui\u00e7\u00f5es representativas dos interesses das regi\u00f5es mobilizadas por meio da Secretaria Municipal de Planejamento. Como resultado espera-se conhecer a Macap\u00e1 de hoje, assim como debater e definir a Macap\u00e1 que queremos para 2058.<\/span>\n<br><br>\n<b>Coordenadora:<\/b><span style=\"font-weight: 400\"> Profa. Ma. Danielle Costa Guimaraes Docente<\/span>\n\n<\/div>\t\t\t\t\t\t\t\t<\/div>\n\t\t\t\t<\/div>\n\t\t\t\t<div class=\"elementor-element elementor-element-b2e2b25 elementor-widget-divider--view-line elementor-widget elementor-widget-divider\" data-id=\"b2e2b25\" data-element_type=\"widget\" data-e-type=\"widget\" data-widget_type=\"divider.default\">\n\t\t\t\t<div class=\"elementor-widget-container\">\n\t\t\t\t\t\t\t<div class=\"elementor-divider\">\n\t\t\t<span class=\"elementor-divider-separator\">\n\t\t\t\t\t\t<\/span>\n\t\t<\/div>\n\t\t\t\t\t\t<\/div>\n\t\t\t\t<\/div>\n\t\t\t\t<div class=\"elementor-element elementor-element-e250447 elementor-widget elementor-widget-text-editor\" data-id=\"e250447\" data-element_type=\"widget\" data-e-type=\"widget\" data-widget_type=\"text-editor.default\">\n\t\t\t\t<div class=\"elementor-widget-container\">\n\t\t\t\t\t\t\t\t\t<div style=\"text-align: justify\">\n\n<b>C\u00f3digo:<\/b><span style=\"font-weight: 400\"> EV010-2018\u00a0<\/span>\n<br><br>\n<b>T\u00edtulo:<\/b><span style=\"font-weight: 400\"> Minicursos de f\u00e9rias do CAU<\/span>\n<br><br>\n<span style=\"font-weight: 400\">Inspirados nas a\u00e7\u00f5es de Curso de F\u00e9rias das licenciaturas do DCET (F\u00edsica e Matem\u00e1tica) e tamb\u00e9m trajet\u00f3ria de outras universidades na promo\u00e7\u00e3o de Cursos Livres r\u00e1pidos de ver\u00e3o\/inverno, fundamenta-se um ciclo de capacita\u00e7\u00e3o r\u00e1pida, voltada para os alunos de gradua\u00e7\u00e3o, tendo em vista a dissemina\u00e7\u00e3o de conhecimentos e inova\u00e7\u00e3o tecnol\u00f3gicas n\u00e3o ement\u00e1rios correntes da \u00e1rea de Inform\u00e1tica aplicada a Arquitetura e Urbanismo. Justifica-se tal extens\u00e3o visto que, as demandas tecnol\u00f3gicas na \u00e1rea de Arquitetura e Urbanismo, vem lan\u00e7ando o campo do saber a uma instrumentaliza\u00e7\u00e3o cujo acad\u00eamico tem de estar melhor preparado. A demanda surgiu inclusive a pedido constante dos pr\u00f3prios alunos, carentes em virtude das cadeiras de inform\u00e1tica hoje se limitarem a apenas tradicional ensino de CAD (desenho assistido por computador), e outras poucas duas outras disciplinas introdut\u00f3rias de Sistemas de Informa\u00e7\u00e3o Geogr\u00e1fica e Apresenta\u00e7\u00e3o Gr\u00e1fica. Em virtude desta proponente ministrar disciplinas de inform\u00e1tica percebeu-se nos \u00faltimos 4 anos, ao mesmo tempo que temos uma gera\u00e7\u00e3o interconectada faz-se car\u00eancia de uso instrumental adequado para al\u00e9m do basilar estimulado pelas cadeiras convencionais. Assim, na disciplina de Inform\u00e1tica Apresenta\u00e7\u00e3o de Projetos identificou-se acad\u00eamicos, interessados e aptos a j\u00e1 imergir e serem melhores interlocutores de tecnologias de BIM, anima\u00e7\u00e3o e v\u00eddeo, fotorrealismo aplicado \u00e0 RV &#8211; Realidade Virtual e RA -Realidade Aumentada, de maneira que abre-se espa\u00e7o para o compartilhamento de alguns saberes que no futuro ser\u00e3o b\u00e1sicos, mas que hoje encontram-se a meio caminho da inova\u00e7\u00e3o ainda acess\u00edvel a poucos.<\/span>\n<br><br>\n<b>Coordenadora: <\/b><span style=\"font-weight: 400\">Profa. Dra<\/span><b>. <\/b><span style=\"font-weight: 400\">Patr\u00edcia Helena Turola Takamatsu<\/span>\n\n<\/div>\t\t\t\t\t\t\t\t<\/div>\n\t\t\t\t<\/div>\n\t\t\t\t<div class=\"elementor-element elementor-element-c97b253 elementor-widget-divider--view-line elementor-widget elementor-widget-divider\" data-id=\"c97b253\" data-element_type=\"widget\" data-e-type=\"widget\" data-widget_type=\"divider.default\">\n\t\t\t\t<div class=\"elementor-widget-container\">\n\t\t\t\t\t\t\t<div class=\"elementor-divider\">\n\t\t\t<span class=\"elementor-divider-separator\">\n\t\t\t\t\t\t<\/span>\n\t\t<\/div>\n\t\t\t\t\t\t<\/div>\n\t\t\t\t<\/div>\n\t\t\t\t<div class=\"elementor-element elementor-element-d5de83f elementor-widget elementor-widget-text-editor\" data-id=\"d5de83f\" data-element_type=\"widget\" data-e-type=\"widget\" data-widget_type=\"text-editor.default\">\n\t\t\t\t<div class=\"elementor-widget-container\">\n\t\t\t\t\t\t\t\t\t<div style=\"text-align: justify\">\n\n<b>C\u00f3digo: <\/b><span style=\"font-weight: 400\">EV045-2018\u00a0<\/span>\n<br><br>\n<b>T\u00edtulo: <\/b><span style=\"font-weight: 400\">VII Semana de Arquitetura e Urbanismo do CAU &#8211; UNIFAP<\/span>\n<br><br>\n<span style=\"font-weight: 400\">As turmas de Arquitetura e Urbanismo da Universidade Federal do Amap\u00e1 (UNIFAP) apresentam a VII Semana de Arquitetura e Urbanismo com o tema Mobilidade Urbana e Sustentabilidade: Por onde tu andas? O evento tem por objetivo reunir discentes, docentes, pesquisadores e profissionais de Arquitetura e Urbanismo e profissionais de \u00e1reas correlatas para discutir as seguintes tem\u00e1ticas: Mobilidade Urbana e Pol\u00edticas P\u00fablicas; Mobilidade Urbana e Meio Ambiente; Mobilidade Urbana e Acessibilidade; e Transportes alternativos e Potencialidades. quatro dias, a UNIFAP &#8211; Campus Marco Zero estar\u00e1 aberta para palestras, rodas de conversas, oficinas e viv\u00eancias sobre o andar pela cidade.<\/span>\n<br><br>\n<b>Coordenador: <\/b><span style=\"font-weight: 400\">Prof. Dr<\/span><b>. <\/b><span style=\"font-weight: 400\">Wictor Alencar Cunha<\/span>\n\n<\/div>\t\t\t\t\t\t\t\t<\/div>\n\t\t\t\t<\/div>\n\t\t\t\t\t<\/div>\n\t\t\t\t<\/div>\n\t\t\t\t<\/div>\n\t\t<div id=\"e-n-tab-content-1985563507\" role=\"tabpanel\" aria-labelledby=\"e-n-tab-title-1985563507\" data-tab-index=\"7\" style=\"--n-tabs-title-order: 7;\" class=\" elementor-element elementor-element-f1c43fa e-con-full e-flex e-con e-child\" data-id=\"f1c43fa\" data-element_type=\"container\" data-e-type=\"container\">\n\t\t<div class=\"elementor-element elementor-element-8f54238 e-flex e-con-boxed e-con e-child\" data-id=\"8f54238\" data-element_type=\"container\" data-e-type=\"container\">\n\t\t\t\t\t<div class=\"e-con-inner\">\n\t\t\t\t<div class=\"elementor-element elementor-element-8640b7f elementor-widget elementor-widget-text-editor\" data-id=\"8640b7f\" data-element_type=\"widget\" data-e-type=\"widget\" data-widget_type=\"text-editor.default\">\n\t\t\t\t<div class=\"elementor-widget-container\">\n\t\t\t\t\t\t\t\t\t<div style=\"text-align: justify\">\n\n<b>C\u00f3digo:<\/b><span style=\"font-weight: 400\"> EV034-2017\u00a0<\/span>\n<br><br>\n<b>T\u00edtulo:<\/b><span style=\"font-weight: 400\"> 6\u00aa Semana de Arquitetura e Urbanismo &#8211; AU2014<\/span>\n<br><br>\n<span style=\"font-weight: 400\">Como um evento promovido a cada aproximadamente ano, pelo Colegiado do Curso de Arquitetura e Urbanismo, em sua sexta edi\u00e7\u00e3o e segunda no Campus Marco Zero, a VI SAU &#8211; Semana de Arquitetura e Urbanismo \u00e9 proposto a ser organizado pelos acad\u00eamicos da turma ingressante de 2014, e este ano ter\u00e1 como um de seus objetivos promover a participa\u00e7\u00e3o de acad\u00eamicos de forma abrangente nas atividades de pesquisa e extens\u00e3o, trazendo uma conota\u00e7\u00e3o cient\u00edfica para suas produ\u00e7\u00f5es. prop\u00f5em-se que ocorra entre os dias 02 e 06 de outubro, com o tema &#8220;Habitar a Cidade: voc\u00ea como transformador urbano.&#8221;<\/span>\n<br><br>\n<b>Coordenadora: <\/b><span style=\"font-weight: 400\">Profa. Dra<\/span><b>. <\/b><span style=\"font-weight: 400\">Patr\u00edcia Helena Turola Takamatsu<\/span>\n\n<\/div>\t\t\t\t\t\t\t\t<\/div>\n\t\t\t\t<\/div>\n\t\t\t\t<div class=\"elementor-element elementor-element-40c9c89 elementor-widget-divider--view-line elementor-widget elementor-widget-divider\" data-id=\"40c9c89\" data-element_type=\"widget\" data-e-type=\"widget\" data-widget_type=\"divider.default\">\n\t\t\t\t<div class=\"elementor-widget-container\">\n\t\t\t\t\t\t\t<div class=\"elementor-divider\">\n\t\t\t<span class=\"elementor-divider-separator\">\n\t\t\t\t\t\t<\/span>\n\t\t<\/div>\n\t\t\t\t\t\t<\/div>\n\t\t\t\t<\/div>\n\t\t\t\t<div class=\"elementor-element elementor-element-f874247 elementor-widget elementor-widget-text-editor\" data-id=\"f874247\" data-element_type=\"widget\" data-e-type=\"widget\" data-widget_type=\"text-editor.default\">\n\t\t\t\t<div class=\"elementor-widget-container\">\n\t\t\t\t\t\t\t\t\t<div style=\"text-align: justify\">\n\n<b>C\u00f3digo: <\/b><span style=\"font-weight: 400\">EV022-2017\u00a0<\/span>\n<br><br>\n<b>T\u00edtulo:<\/b><span style=\"font-weight: 400\"> I Semin\u00e1rio e Oficina sobre Assist\u00eancia T\u00e9cnica em Habita\u00e7\u00e3o de Interesse Social no Amap\u00e1<\/span>\n<br><br>\n<span style=\"font-weight: 400\">I Semin\u00e1rio e Oficina sobre Assist\u00eancia T\u00e9cnica Habitacional de Interesse Social no Amap\u00e1 \u00e9 uma iniciativa do CAU-AP em parceria com o Projeto de Extens\u00e3o Universit\u00e1ria Assist\u00eancia T\u00e9cnica em Arquitetura e Urbanismo (registro DEX N\u00ba 101\/2016). O evento, a ser realizado nos dias 18 e 19 de agosto de 2017, tem como objetivo orientar profissionais e acad\u00eamicos sobre a import\u00e2ncia da lei de acesso a Assist\u00eancia T\u00e9cnica para pessoas de baixa renda (Lei Federal N\u00ba 11.888\/2008), e tamb\u00e9m as perspectivas e possibilidades de atua\u00e7\u00e3o profissional no estado do Amap\u00e1. O p\u00fablico-alvo deste evento s\u00e3o arquitetos e urbanistas, estudantes e professores de Arquitetura e Urbanismo, moradores do Conjunto Mestre Oscar Santos e demais interessados.<\/span>\n<br><br>\n<b>Coordenadora:<\/b><span style=\"font-weight: 400\"> Profa. Dra. Melissa Kikumi Matsunaga<\/span>\n\n<\/div>\t\t\t\t\t\t\t\t<\/div>\n\t\t\t\t<\/div>\n\t\t\t\t<div class=\"elementor-element elementor-element-6d88b7a elementor-widget-divider--view-line elementor-widget elementor-widget-divider\" data-id=\"6d88b7a\" data-element_type=\"widget\" data-e-type=\"widget\" data-widget_type=\"divider.default\">\n\t\t\t\t<div class=\"elementor-widget-container\">\n\t\t\t\t\t\t\t<div class=\"elementor-divider\">\n\t\t\t<span class=\"elementor-divider-separator\">\n\t\t\t\t\t\t<\/span>\n\t\t<\/div>\n\t\t\t\t\t\t<\/div>\n\t\t\t\t<\/div>\n\t\t\t\t<div class=\"elementor-element elementor-element-92157c0 elementor-widget elementor-widget-text-editor\" data-id=\"92157c0\" data-element_type=\"widget\" data-e-type=\"widget\" data-widget_type=\"text-editor.default\">\n\t\t\t\t<div class=\"elementor-widget-container\">\n\t\t\t\t\t\t\t\t\t<div style=\"text-align: justify\">\n\n<b>C\u00f3digo: <\/b><span style=\"font-weight: 400\">PJ093-2017\u00a0<\/span>\n<br><br>\n<b>T\u00edtulo: <\/b><span style=\"font-weight: 400\">PLANEJANDO COM A COMUINIDADE NAS \u00c1REAS FAVELIZADAS\/RESSACAS DO AMAP\u00c1<\/span>\n<br><br>\n<span style=\"font-weight: 400\">O presente projeto de pesquisa tem por objetivo investigar e analisar as \u00e1reas \u00famidas do Estado do Amap\u00e1, e seus processo de ocupa\u00e7\u00e3o urbana. A falta de pol\u00edticas p\u00fablicas voltadas para as \u00e1reas de urbaniza\u00e7\u00e3o popular no munic\u00edpio de Macap\u00e1 tem contribu\u00eddo para o aumento dos assentamentos prec\u00e1rios e consequentemente para o aumento da pobreza urbana e processos de exclus\u00e3o social. Diante desta car\u00eancia, foi criado em 2009 na Universidade Federal do Amap\u00e1 o projeto de extens\u00e3o \u201cPlanejando com a Comunidade\u201d onde a escola de arquitetura e urbanismo da Universidade Federal do Amap\u00e1 atrav\u00e9s das mat\u00e9rias de urbanismo e habita\u00e7\u00e3o popular deslocam-se at\u00e9 as comunidades de ressaca( favelas em \u00e1reas \u00famidas) para fazer projetos de urbaniza\u00e7\u00e3o para essas \u00e1reas juntamente com as comunidades locais.<\/span>\n<br><br>\n<b>Coordenadora:<\/b><span style=\"font-weight: 400\"> Profa. Dra. Bianca Moro de Carvalho\u00a0<\/span>\n\n<\/div>\t\t\t\t\t\t\t\t<\/div>\n\t\t\t\t<\/div>\n\t\t\t\t\t<\/div>\n\t\t\t\t<\/div>\n\t\t\t\t<\/div>\n\t\t<div id=\"e-n-tab-content-1985563508\" role=\"tabpanel\" aria-labelledby=\"e-n-tab-title-1985563508\" data-tab-index=\"8\" style=\"--n-tabs-title-order: 8;\" class=\" elementor-element elementor-element-f6c3298 e-con-full e-flex e-con e-child\" data-id=\"f6c3298\" data-element_type=\"container\" data-e-type=\"container\">\n\t\t<div class=\"elementor-element elementor-element-a75053f e-flex e-con-boxed e-con e-child\" data-id=\"a75053f\" data-element_type=\"container\" data-e-type=\"container\">\n\t\t\t\t\t<div class=\"e-con-inner\">\n\t\t\t\t<div class=\"elementor-element elementor-element-3d8da4d elementor-widget elementor-widget-text-editor\" data-id=\"3d8da4d\" data-element_type=\"widget\" data-e-type=\"widget\" data-widget_type=\"text-editor.default\">\n\t\t\t\t<div class=\"elementor-widget-container\">\n\t\t\t\t\t\t\t\t\t<div style=\"text-align: justify\">\n\n<b>C\u00f3digo:<\/b><span style=\"font-weight: 400\"> PJ006-2016\u00a0<\/span>\n<br><br>\n<b>T\u00edtulo: <\/b><span style=\"font-weight: 400\">Assist\u00eancia T\u00e9cnica em Arquitetura e Urbanismo<\/span>\n<br><br>\n<span style=\"font-weight: 400\">O projeto de extens\u00e3o tem como objetivo a presta\u00e7\u00e3o de servi\u00e7os t\u00e9cnicos especializados estabelecidos pela Lei N\u00ba 11.888, de 24 de dezembro de 2008 voltados aos moradores do Conjunto Habitacional Mestre Oscar Santos, zona norte do munic\u00edpio de Macap\u00e1\/AP, atrav\u00e9s de orienta\u00e7\u00e3o da equipe t\u00e9cnica do Curso de Arquitetura e Urbanismo da UNIFAP. Ser\u00e3o envolvidos alunos do curso numa atividade projetual vertical, ou seja, integrando acad\u00eamicos em est\u00e1gios diferentes do curso. Procura-se com tal projeto uma aproxima\u00e7\u00e3o dos alunos \u00e0 experi\u00eancia profissional al\u00e9m de atender fam\u00edlias de baixa renda que possuem direito \u00e0 assist\u00eancia t\u00e9cnica p\u00fablica e gratuita.<\/span>\n<br><br>\n<b>Coordenadora:<\/b><span style=\"font-weight: 400\"> Profa. Dra. Melissa Kikumi Matsunaga<\/span>\n\n<\/div>\t\t\t\t\t\t\t\t<\/div>\n\t\t\t\t<\/div>\n\t\t\t\t<div class=\"elementor-element elementor-element-86e4fc3 elementor-widget-divider--view-line elementor-widget elementor-widget-divider\" data-id=\"86e4fc3\" data-element_type=\"widget\" data-e-type=\"widget\" data-widget_type=\"divider.default\">\n\t\t\t\t<div class=\"elementor-widget-container\">\n\t\t\t\t\t\t\t<div class=\"elementor-divider\">\n\t\t\t<span class=\"elementor-divider-separator\">\n\t\t\t\t\t\t<\/span>\n\t\t<\/div>\n\t\t\t\t\t\t<\/div>\n\t\t\t\t<\/div>\n\t\t\t\t<div class=\"elementor-element elementor-element-756ef79 elementor-widget elementor-widget-text-editor\" data-id=\"756ef79\" data-element_type=\"widget\" data-e-type=\"widget\" data-widget_type=\"text-editor.default\">\n\t\t\t\t<div class=\"elementor-widget-container\">\n\t\t\t\t\t\t\t\t\t<div style=\"text-align: justify\">\n\n<b>C\u00f3digo: <\/b><span style=\"font-weight: 400\">PJ008-2016 T\u00edtulo:<\/span>\n<br><br>\n<b>T\u00edtulo: <\/b><span style=\"font-weight: 400\">INVENT\u00c1RIO E PROPOSTA DE RESTAURO E REUSO DA CASA ANA AYRES NA VILA DE MAZAG\u00c3O VELHO (AP) PARA UM CENTRO DE CULTURA MAZAGANENSE<\/span>\n<br><br>\n<span style=\"font-weight: 400\">O presente projeto de extens\u00e3o tem por objetivo a elabora\u00e7\u00e3o do invent\u00e1rio e de uma proposta de um projeto arquitet\u00f4nico de restaura\u00e7\u00e3o e reuso da \u201cCasa Ana Ayres\u201d localizada na Vila de Mazag\u00e3o Velho, no estado do Amap\u00e1. Tal demanda surgiu no momento da pesquisa de campo do Trabalho de Conclus\u00e3o de Curso do egresso Raimundo Lobato Marques, a partir do contato com moradores da comunidade local e com o propriet\u00e1rio da edifica\u00e7\u00e3o. O trabalho a ser desenvolvido contar\u00e1 com a colabora\u00e7\u00e3o dos Professores Doutores Cybelle Salvador Miranda e Ronaldo Marques de Carvalho da Universidade Federal do Par\u00e1, atrav\u00e9s do Laborat\u00f3rio de Mem\u00f3ria e Patrim\u00f4nio Cultural (LAMEMO-UFPA). Utilizar\u00e1, para seu desenvolvimento, a metodologia de interven\u00e7\u00e3o em bens de interesse cultural, pautando as justificativas interventivas na teoria corrente de restaura\u00e7\u00e3o, que possibilitar\u00e1 o invent\u00e1rio a proposta de restauro da edifica\u00e7\u00e3o \u201cCasa Ana Ayres\u201d para um Centro de Cultura Mazaganense.<\/span>\n<br><br>\n<b>Coordenadora:<\/b><span style=\"font-weight: 400\"> Profa. Dra. Dinah Reiko Tutyia\u00a0<\/span>\n\n<\/div>\t\t\t\t\t\t\t\t<\/div>\n\t\t\t\t<\/div>\n\t\t\t\t\t<\/div>\n\t\t\t\t<\/div>\n\t\t\t\t<\/div>\n\t\t\t\t\t<\/div>\n\t\t<\/div>\n\t\t\t\t\t\t<\/div>\n\t\t\t\t<\/div>\n\t\t\t\t\t<\/div>\n\t\t\t\t<\/div>\n\t\t<div class=\"elementor-element elementor-element-3ac94b9 e-flex e-con-boxed e-con e-parent\" data-id=\"3ac94b9\" data-element_type=\"container\" data-e-type=\"container\">\n\t\t\t\t\t<div class=\"e-con-inner\">\n\t\t\t\t\t<\/div>\n\t\t\t\t<\/div>\n\t\t\t\t<\/div>\n\t\t","protected":false},"excerpt":{"rendered":"<p>\/*! elementor &#8211; v3.19.0 &#8211; 28-02-2024 *\/ .elementor-heading-title{padding:0;margin:0;line-height:1}.elementor-widget-heading .elementor-heading-title[class*=elementor-size-]&gt;a{color:inherit;font-size:inherit;line-height:inherit}.elementor-widget-heading .elementor-heading-title.elementor-size-small{font-size:15px}.elementor-widget-heading .elementor-heading-title.elementor-size-medium{font-size:19px}.elementor-widget-heading .elementor-heading-title.elementor-size-large{font-size:29px}.elementor-widget-heading .elementor-heading-title.elementor-size-xl{font-size:39px}.elementor-widget-heading .elementor-heading-title.elementor-size-xxl{font-size:59px} Projetos de Extens\u00e3o 2023 2022 2021 2020 2019 2018 2017 2016 \/*! elementor &#8211; v3.19.0 &#8211; 28-02-2024 *\/ .elementor-widget-text-editor.elementor-drop-cap-view-stacked .elementor-drop-cap{background-color:#69727d;color:#fff}.elementor-widget-text-editor.elementor-drop-cap-view-framed .elementor-drop-cap{color:#69727d;border:3px solid;background-color:transparent}.elementor-widget-text-editor:not(.elementor-drop-cap-view-default) .elementor-drop-cap{margin-top:8px}.elementor-widget-text-editor:not(.elementor-drop-cap-view-default) .elementor-drop-cap-letter{width:1em;height:1em}.elementor-widget-text-editor .elementor-drop-cap{float:left;text-align:center;line-height:1;font-size:50px}.elementor-widget-text-editor .elementor-drop-cap-letter{display:inline-block} C\u00f3digo: PJxxx-2023\u00a0T\u00edtulo: ICOOPEB &#8211; Inova\u00e7\u00f5es educacionais, sociais e tecnol\u00f3gicas para o desenvolvimento agr\u00edcola sustent\u00e1vel e&#8230;<\/p>\n","protected":false},"author":3898,"featured_media":0,"parent":0,"menu_order":0,"comment_status":"closed","ping_status":"closed","template":"","meta":{"inline_featured_image":false,"site-sidebar-layout":"no-sidebar","site-content-layout":"page-builder","ast-site-content-layout":"full-width-container","site-content-style":"default","site-sidebar-style":"default","ast-global-header-display":"","ast-banner-title-visibility":"","ast-main-header-display":"","ast-hfb-above-header-display":"","ast-hfb-below-header-display":"","ast-hfb-mobile-header-display":"","site-post-title":"disabled","ast-breadcrumbs-content":"","ast-featured-img":"disabled","footer-sml-layout":"","theme-transparent-header-meta":"default","adv-header-id-meta":"","stick-header-meta":"","header-above-stick-meta":"","header-main-stick-meta":"","header-below-stick-meta":"","astra-migrate-meta-layouts":"set","ast-page-background-enabled":"default","ast-page-background-meta":{"desktop":{"background-color":"var(--ast-global-color-4)","background-image":"","background-repeat":"repeat","background-position":"center center","background-size":"auto","background-attachment":"scroll","background-type":"","background-media":"","overlay-type":"","overlay-color":"","overlay-opacity":"","overlay-gradient":""},"tablet":{"background-color":"","background-image":"","background-repeat":"repeat","background-position":"center center","background-size":"auto","background-attachment":"scroll","background-type":"","background-media":"","overlay-type":"","overlay-color":"","overlay-opacity":"","overlay-gradient":""},"mobile":{"background-color":"","background-image":"","background-repeat":"repeat","background-position":"center center","background-size":"auto","background-attachment":"scroll","background-type":"","background-media":"","overlay-type":"","overlay-color":"","overlay-opacity":"","overlay-gradient":""}},"ast-content-background-meta":{"desktop":{"background-color":"var(--ast-global-color-5)","background-image":"","background-repeat":"repeat","background-position":"center center","background-size":"auto","background-attachment":"scroll","background-type":"","background-media":"","overlay-type":"","overlay-color":"","overlay-opacity":"","overlay-gradient":""},"tablet":{"background-color":"var(--ast-global-color-5)","background-image":"","background-repeat":"repeat","background-position":"center center","background-size":"auto","background-attachment":"scroll","background-type":"","background-media":"","overlay-type":"","overlay-color":"","overlay-opacity":"","overlay-gradient":""},"mobile":{"background-color":"var(--ast-global-color-5)","background-image":"","background-repeat":"repeat","background-position":"center center","background-size":"auto","background-attachment":"scroll","background-type":"","background-media":"","overlay-type":"","overlay-color":"","overlay-opacity":"","overlay-gradient":""}},"ngg_post_thumbnail":0,"footnotes":""},"class_list":["post-6162","page","type-page","status-publish","hentry"],"_links":{"self":[{"href":"https:\/\/www2.unifap.br\/arquitetura\/wp-json\/wp\/v2\/pages\/6162","targetHints":{"allow":["GET"]}}],"collection":[{"href":"https:\/\/www2.unifap.br\/arquitetura\/wp-json\/wp\/v2\/pages"}],"about":[{"href":"https:\/\/www2.unifap.br\/arquitetura\/wp-json\/wp\/v2\/types\/page"}],"author":[{"embeddable":true,"href":"https:\/\/www2.unifap.br\/arquitetura\/wp-json\/wp\/v2\/users\/3898"}],"replies":[{"embeddable":true,"href":"https:\/\/www2.unifap.br\/arquitetura\/wp-json\/wp\/v2\/comments?post=6162"}],"version-history":[{"count":113,"href":"https:\/\/www2.unifap.br\/arquitetura\/wp-json\/wp\/v2\/pages\/6162\/revisions"}],"predecessor-version":[{"id":10403,"href":"https:\/\/www2.unifap.br\/arquitetura\/wp-json\/wp\/v2\/pages\/6162\/revisions\/10403"}],"wp:attachment":[{"href":"https:\/\/www2.unifap.br\/arquitetura\/wp-json\/wp\/v2\/media?parent=6162"}],"curies":[{"name":"wp","href":"https:\/\/api.w.org\/{rel}","templated":true}]}}