{"id":8468,"date":"2024-03-19T16:54:34","date_gmt":"2024-03-19T19:54:34","guid":{"rendered":"https:\/\/www2.unifap.br\/arquitetura\/?page_id=8468"},"modified":"2024-04-14T20:23:00","modified_gmt":"2024-04-14T23:23:00","slug":"segunda-chamada","status":"publish","type":"page","link":"https:\/\/www2.unifap.br\/arquitetura\/segunda-chamada\/","title":{"rendered":"Segunda Chamada"},"content":{"rendered":"\t\t<div data-elementor-type=\"wp-page\" data-elementor-id=\"8468\" class=\"elementor elementor-8468\">\n\t\t\t\t<div class=\"elementor-element elementor-element-07e5396 e-flex e-con-boxed e-con e-parent\" data-id=\"07e5396\" data-element_type=\"container\" data-e-type=\"container\">\n\t\t\t\t\t<div class=\"e-con-inner\">\n\t\t\t\t<div class=\"elementor-element elementor-element-4b689b2 elementor-widget elementor-widget-heading\" data-id=\"4b689b2\" data-element_type=\"widget\" data-e-type=\"widget\" data-widget_type=\"heading.default\">\n\t\t\t\t<div class=\"elementor-widget-container\">\n\t\t\t\t\t<h4 class=\"elementor-heading-title elementor-size-default\">Ser\u00e1 atendido no recurso de segunda chamada o(a) aluno(a) que vier a perder a avalia\u00e7\u00e3o pelos seguintes motivos:\n<\/h4>\t\t\t\t<\/div>\n\t\t\t\t<\/div>\n\t\t\t\t<div class=\"elementor-element elementor-element-ac519c7 elementor-widget elementor-widget-text-editor\" data-id=\"ac519c7\" data-element_type=\"widget\" data-e-type=\"widget\" data-widget_type=\"text-editor.default\">\n\t\t\t\t<div class=\"elementor-widget-container\">\n\t\t\t\t\t\t\t\t\t<p style=\"text-align: justify\"><span style=\"font-weight: 400\">I \u2013 Doen\u00e7a, comprovada por atestado m\u00e9dico. II \u2013 Licen\u00e7a maternidade e a paternidade, comprovada por atestado m\u00e9dico ou pela certid\u00e3o de nascimento da crian\u00e7a. III \u2013 Viagem imperiosa, provocada por demanda particular ou de trabalho, comprovada atrav\u00e9s de bilhete de passagem ou declara\u00e7\u00e3o de viagem emitida pelo chefe imediato. IV \u2013 Atendimento a ordens judiciais ou militares, comprovada atrav\u00e9s do termo de convocat\u00f3ria, subscrito pela autoridade competente. V \u2013 Participa\u00e7\u00e3o em evento cient\u00edfico, cultural ou desportivo, comprovado atrav\u00e9s da ficha de inscri\u00e7\u00e3o.<\/span><\/p><p style=\"text-align: justify\"><span style=\"font-weight: 400\">O deferimento do pedido de segunda chamada exige abertura de requerimento pr\u00f3prio, encaminhado \u00e0 Coordena\u00e7\u00e3o do Curso, <\/span><b>at\u00e9 5 (cinco) dias \u00fateis<\/b><span style=\"font-weight: 400\"> ap\u00f3s a realiza\u00e7\u00e3o da avalia\u00e7\u00e3o em car\u00e1ter de primeira chamada, devidamente instru\u00eddo com indica\u00e7\u00e3o do nome do professor\/disciplina\/turma\/avalia\u00e7\u00e3o realizada\/e o comprovante da aus\u00eancia.\u00a0A an\u00e1lise do m\u00e9rito sobre o pedido de segunda chamada \u00e9 de responsabilidade do professor da disciplina, e mediante deferimento, a avalia\u00e7\u00e3o de segunda chamada dever\u00e1 ser aplicada em <\/span><b>at\u00e9 15 (quinze) dias \u00fateis da decis\u00e3o em favor do aluno<\/b><\/p><p><b>REGULAMENTA\u00c7\u00c3O:<\/b><\/p><ul><li style=\"font-weight: 400\"><span style=\"font-weight: 400\"><a href=\"http:\/\/www2.unifap.br\/arquitetura\/files\/2024\/03\/Resoluc\u0327a\u0303o-No26_2011_CONSU_Sistema\u0301tica-de-avaliac\u0327a\u0303o.pdf\">Resolu\u00e7\u00e3o N\u00ba26_2011_CONSU_Sistem\u00e1tica-de-avalia\u00e7\u00e3o<\/a>\u00a0<\/span><\/li><\/ul>\t\t\t\t\t\t\t\t<\/div>\n\t\t\t\t<\/div>\n\t\t\t\t<div class=\"elementor-element elementor-element-de2aa7f elementor-widget elementor-widget-button\" data-id=\"de2aa7f\" data-element_type=\"widget\" data-e-type=\"widget\" data-widget_type=\"button.default\">\n\t\t\t\t<div class=\"elementor-widget-container\">\n\t\t\t\t\t\t\t\t\t<div class=\"elementor-button-wrapper\">\n\t\t\t\t\t<a class=\"elementor-button elementor-button-link elementor-size-sm\" href=\"https:\/\/docs.google.com\/forms\/d\/e\/1FAIpQLSci_RKpAXNYh8y31qILSK7tb5oXPKQXiAyMogKx22GkjPV26g\/viewform?usp=send_form\">\n\t\t\t\t\t\t<span class=\"elementor-button-content-wrapper\">\n\t\t\t\t\t\t\t\t\t<span class=\"elementor-button-text\">SOLICITA\u00c7\u00c3O DE SEGUNDA CHAMADA DE PROVA\u00a0<\/span>\n\t\t\t\t\t<\/span>\n\t\t\t\t\t<\/a>\n\t\t\t\t<\/div>\n\t\t\t\t\t\t\t\t<\/div>\n\t\t\t\t<\/div>\n\t\t\t\t\t<\/div>\n\t\t\t\t<\/div>\n\t\t<div class=\"elementor-element elementor-element-f6d5dae e-flex e-con-boxed e-con e-parent\" data-id=\"f6d5dae\" data-element_type=\"container\" data-e-type=\"container\" data-settings=\"{&quot;background_background&quot;:&quot;classic&quot;}\">\n\t\t\t\t\t<div class=\"e-con-inner\">\n\t\t\t\t<div class=\"elementor-element elementor-element-42502b2 elementor-widget elementor-widget-text-editor\" data-id=\"42502b2\" data-element_type=\"widget\" data-e-type=\"widget\" data-widget_type=\"text-editor.default\">\n\t\t\t\t<div class=\"elementor-widget-container\">\n\t\t\t\t\t\t\t\t\t<p><b>ATEN\u00c7\u00c3O:<\/b><span style=\"font-weight: 400\"> na solicita\u00e7\u00e3o de SEGUNDA CHAMADA, anexar ao requerimento comprovante que justifique a solicita\u00e7\u00e3o.<\/span><\/p>\t\t\t\t\t\t\t\t<\/div>\n\t\t\t\t<\/div>\n\t\t\t\t\t<\/div>\n\t\t\t\t<\/div>\n\t\t<div class=\"elementor-element elementor-element-78425c4 e-flex e-con-boxed e-con e-parent\" data-id=\"78425c4\" data-element_type=\"container\" data-e-type=\"container\">\n\t\t\t\t\t<div class=\"e-con-inner\">\n\t\t\t\t\t<\/div>\n\t\t\t\t<\/div>\n\t\t\t\t<\/div>\n\t\t","protected":false},"excerpt":{"rendered":"<p>\/*! elementor &#8211; v3.19.0 &#8211; 28-02-2024 *\/ .elementor-heading-title{padding:0;margin:0;line-height:1}.elementor-widget-heading .elementor-heading-title[class*=elementor-size-]&gt;a{color:inherit;font-size:inherit;line-height:inherit}.elementor-widget-heading .elementor-heading-title.elementor-size-small{font-size:15px}.elementor-widget-heading .elementor-heading-title.elementor-size-medium{font-size:19px}.elementor-widget-heading .elementor-heading-title.elementor-size-large{font-size:29px}.elementor-widget-heading .elementor-heading-title.elementor-size-xl{font-size:39px}.elementor-widget-heading .elementor-heading-title.elementor-size-xxl{font-size:59px} Ser\u00e1 atendido no recurso de segunda chamada o(a) aluno(a) que vier a perder a avalia\u00e7\u00e3o pelos seguintes motivos: I \u2013 Doen\u00e7a, comprovada por atestado m\u00e9dico. II \u2013 Licen\u00e7a maternidade e a paternidade, comprovada por atestado m\u00e9dico ou pela certid\u00e3o de nascimento&#8230;<\/p>\n","protected":false},"author":3898,"featured_media":0,"parent":0,"menu_order":0,"comment_status":"closed","ping_status":"closed","template":"","meta":{"inline_featured_image":false,"site-sidebar-layout":"no-sidebar","site-content-layout":"page-builder","ast-site-content-layout":"full-width-container","site-content-style":"default","site-sidebar-style":"default","ast-global-header-display":"","ast-banner-title-visibility":"","ast-main-header-display":"","ast-hfb-above-header-display":"","ast-hfb-below-header-display":"","ast-hfb-mobile-header-display":"","site-post-title":"disabled","ast-breadcrumbs-content":"","ast-featured-img":"disabled","footer-sml-layout":"","theme-transparent-header-meta":"","adv-header-id-meta":"","stick-header-meta":"","header-above-stick-meta":"","header-main-stick-meta":"","header-below-stick-meta":"","astra-migrate-meta-layouts":"default","ast-page-background-enabled":"default","ast-page-background-meta":{"desktop":{"background-color":"var(--ast-global-color-4)","background-image":"","background-repeat":"repeat","background-position":"center center","background-size":"auto","background-attachment":"scroll","background-type":"","background-media":"","overlay-type":"","overlay-color":"","overlay-opacity":"","overlay-gradient":""},"tablet":{"background-color":"","background-image":"","background-repeat":"repeat","background-position":"center center","background-size":"auto","background-attachment":"scroll","background-type":"","background-media":"","overlay-type":"","overlay-color":"","overlay-opacity":"","overlay-gradient":""},"mobile":{"background-color":"","background-image":"","background-repeat":"repeat","background-position":"center center","background-size":"auto","background-attachment":"scroll","background-type":"","background-media":"","overlay-type":"","overlay-color":"","overlay-opacity":"","overlay-gradient":""}},"ast-content-background-meta":{"desktop":{"background-color":"var(--ast-global-color-5)","background-image":"","background-repeat":"repeat","background-position":"center center","background-size":"auto","background-attachment":"scroll","background-type":"","background-media":"","overlay-type":"","overlay-color":"","overlay-opacity":"","overlay-gradient":""},"tablet":{"background-color":"var(--ast-global-color-5)","background-image":"","background-repeat":"repeat","background-position":"center center","background-size":"auto","background-attachment":"scroll","background-type":"","background-media":"","overlay-type":"","overlay-color":"","overlay-opacity":"","overlay-gradient":""},"mobile":{"background-color":"var(--ast-global-color-5)","background-image":"","background-repeat":"repeat","background-position":"center center","background-size":"auto","background-attachment":"scroll","background-type":"","background-media":"","overlay-type":"","overlay-color":"","overlay-opacity":"","overlay-gradient":""}},"ngg_post_thumbnail":0,"footnotes":""},"class_list":["post-8468","page","type-page","status-publish","hentry"],"_links":{"self":[{"href":"https:\/\/www2.unifap.br\/arquitetura\/wp-json\/wp\/v2\/pages\/8468","targetHints":{"allow":["GET"]}}],"collection":[{"href":"https:\/\/www2.unifap.br\/arquitetura\/wp-json\/wp\/v2\/pages"}],"about":[{"href":"https:\/\/www2.unifap.br\/arquitetura\/wp-json\/wp\/v2\/types\/page"}],"author":[{"embeddable":true,"href":"https:\/\/www2.unifap.br\/arquitetura\/wp-json\/wp\/v2\/users\/3898"}],"replies":[{"embeddable":true,"href":"https:\/\/www2.unifap.br\/arquitetura\/wp-json\/wp\/v2\/comments?post=8468"}],"version-history":[{"count":18,"href":"https:\/\/www2.unifap.br\/arquitetura\/wp-json\/wp\/v2\/pages\/8468\/revisions"}],"predecessor-version":[{"id":9005,"href":"https:\/\/www2.unifap.br\/arquitetura\/wp-json\/wp\/v2\/pages\/8468\/revisions\/9005"}],"wp:attachment":[{"href":"https:\/\/www2.unifap.br\/arquitetura\/wp-json\/wp\/v2\/media?parent=8468"}],"curies":[{"name":"wp","href":"https:\/\/api.w.org\/{rel}","templated":true}]}}