{"id":107,"date":"2024-08-14T11:21:48","date_gmt":"2024-08-14T11:21:48","guid":{"rendered":"http:\/\/www2.unifap.br\/cepap\/?page_id=107"},"modified":"2024-08-14T11:31:25","modified_gmt":"2024-08-14T11:31:25","slug":"noticias-2","status":"publish","type":"page","link":"https:\/\/www2.unifap.br\/cepap\/noticias-2\/","title":{"rendered":"Not\u00edcias"},"content":{"rendered":"<p>Em comemora\u00e7\u00e3o ao dia do Patrim\u00f4nio cultural (17 de agosto) o Centro de Estudos e Pesquisas Arqueol\u00f3gicas e Patrimoniais do Amap\u00e1 &#8211; CEPAP\/UNIFAP, promover\u00e1 duas palestras para a comunidade em geral para debater a apresentar resultados sobre pesquisas desenvolvidas envolvendo o patrim\u00f4nio arqueol\u00f3gico Amapaense.<\/p>\n<p>A primeira ser\u00e1 realizada no<strong> dia 15\/08\/2024, <\/strong>no hor\u00e1rio <strong>das 15 horas at\u00e9 as 17 horas&nbsp;<\/strong>com o palestrante, Prof. Dr. Edinaldo Pinheiro Nunes Filho (UNIFAP). o&nbsp; t\u00edtulo da sua apresenta\u00e7\u00e3o \u00e9:&nbsp;<strong>A Base Aeronaval do Amap\u00e1 \u2013 Patrim\u00f4nio Hist\u00f3rico Militar.&nbsp;<\/strong><\/p>\n<p><a href=\"http:\/\/www2.unifap.br\/cepap\/files\/2024\/08\/WhatsApp-Image-2024-08-13-at-12.57.43.jpeg\"><img fetchpriority=\"high\" decoding=\"async\" class=\" wp-image-382 aligncenter\" src=\"http:\/\/www2.unifap.br\/cepap\/files\/2024\/08\/WhatsApp-Image-2024-08-13-at-12.57.43-300x300.jpeg\" alt=\"\" width=\"356\" height=\"356\" srcset=\"https:\/\/www2.unifap.br\/cepap\/files\/2024\/08\/WhatsApp-Image-2024-08-13-at-12.57.43-300x300.jpeg 300w, https:\/\/www2.unifap.br\/cepap\/files\/2024\/08\/WhatsApp-Image-2024-08-13-at-12.57.43-1024x1024.jpeg 1024w, https:\/\/www2.unifap.br\/cepap\/files\/2024\/08\/WhatsApp-Image-2024-08-13-at-12.57.43-150x150.jpeg 150w, https:\/\/www2.unifap.br\/cepap\/files\/2024\/08\/WhatsApp-Image-2024-08-13-at-12.57.43-768x768.jpeg 768w, https:\/\/www2.unifap.br\/cepap\/files\/2024\/08\/WhatsApp-Image-2024-08-13-at-12.57.43-70x70.jpeg 70w, https:\/\/www2.unifap.br\/cepap\/files\/2024\/08\/WhatsApp-Image-2024-08-13-at-12.57.43.jpeg 1080w\" sizes=\"(max-width: 356px) 100vw, 356px\" \/><\/a><\/p>\n<p>A segunda ser\u00e1 realizada no<strong> dia 16\/08\/2024,<\/strong>&nbsp; no&nbsp;hor\u00e1rio <strong>das 14:30 horas at\u00e9 as 17 horas, <\/strong>com o palestrante,<span class=\"OYPEnA font-feature-liga-off font-feature-clig-off font-feature-calt-off text-decoration-none text-strikethrough-none\"> Doutorando Kleber de Oliveira Souza Museu Nacional (UFRJ), <\/span>o&nbsp; t\u00edtulo da sua apresenta\u00e7\u00e3o \u00e9: <strong>Emaranhamento cultural na foz do Amazonas: Redes de rela\u00e7\u00f5es ind\u00edgenas e as disputas entre ingleses, franceses e portugueses em estabelecerem assentamentos nas ru\u00ednas dos fortes<\/strong><\/p>\n<p><a href=\"http:\/\/www2.unifap.br\/cepap\/files\/2024\/08\/WhatsApp-Image-2024-08-13-at-12.57.43-1.jpeg\"><img decoding=\"async\" class=\" wp-image-384 aligncenter\" src=\"http:\/\/www2.unifap.br\/cepap\/files\/2024\/08\/WhatsApp-Image-2024-08-13-at-12.57.43-1-300x300.jpeg\" alt=\"\" width=\"350\" height=\"350\" srcset=\"https:\/\/www2.unifap.br\/cepap\/files\/2024\/08\/WhatsApp-Image-2024-08-13-at-12.57.43-1-300x300.jpeg 300w, https:\/\/www2.unifap.br\/cepap\/files\/2024\/08\/WhatsApp-Image-2024-08-13-at-12.57.43-1-1024x1024.jpeg 1024w, https:\/\/www2.unifap.br\/cepap\/files\/2024\/08\/WhatsApp-Image-2024-08-13-at-12.57.43-1-150x150.jpeg 150w, https:\/\/www2.unifap.br\/cepap\/files\/2024\/08\/WhatsApp-Image-2024-08-13-at-12.57.43-1-768x768.jpeg 768w, https:\/\/www2.unifap.br\/cepap\/files\/2024\/08\/WhatsApp-Image-2024-08-13-at-12.57.43-1-70x70.jpeg 70w, https:\/\/www2.unifap.br\/cepap\/files\/2024\/08\/WhatsApp-Image-2024-08-13-at-12.57.43-1.jpeg 1080w\" sizes=\"(max-width: 350px) 100vw, 350px\" \/><\/a><\/p>\n<p>No dois dias, as palestras ser\u00e3o realizadas no <strong>Audit\u00f3rio do CEPAP\/UNIFAP<\/strong> no campus Marco Zero<\/p>\n<p>Participe! As inscri\u00e7\u00f5es ser\u00e3o feitas pelo link: https:\/\/docs.google.com\/forms\/d\/e\/1FAIpQLSfVh9gl9hhwvz_cpAwhvhjczyWrRwOA2rv5UTbUGFSloQmLbw\/viewform?usp=sf_link<strong> e voc\u00ea poder\u00e1 ganhar certifica\u00e7\u00f5es<\/strong>.&nbsp;<\/p>\n<p>&nbsp;<\/p>\n","protected":false},"excerpt":{"rendered":"<p>Em comemora\u00e7\u00e3o ao dia do Patrim\u00f4nio cultural (17 de agosto) o Centro de Estudos e Pesquisas Arqueol\u00f3gicas e Patrimoniais do Amap\u00e1 &#8211; CEPAP\/UNIFAP, promover\u00e1 duas palestras para a comunidade em geral para debater a apresentar resultados sobre pesquisas desenvolvidas envolvendo o patrim\u00f4nio arqueol\u00f3gico Amapaense. A primeira ser\u00e1 realizada no dia 15\/08\/2024, no hor\u00e1rio das 15&#8230;<\/p>\n","protected":false},"author":733,"featured_media":0,"parent":0,"menu_order":0,"comment_status":"open","ping_status":"open","template":"","meta":{"inline_featured_image":false,"ngg_post_thumbnail":0,"footnotes":""},"class_list":["post-107","page","type-page","status-publish","hentry"],"_links":{"self":[{"href":"https:\/\/www2.unifap.br\/cepap\/wp-json\/wp\/v2\/pages\/107","targetHints":{"allow":["GET"]}}],"collection":[{"href":"https:\/\/www2.unifap.br\/cepap\/wp-json\/wp\/v2\/pages"}],"about":[{"href":"https:\/\/www2.unifap.br\/cepap\/wp-json\/wp\/v2\/types\/page"}],"author":[{"embeddable":true,"href":"https:\/\/www2.unifap.br\/cepap\/wp-json\/wp\/v2\/users\/733"}],"replies":[{"embeddable":true,"href":"https:\/\/www2.unifap.br\/cepap\/wp-json\/wp\/v2\/comments?post=107"}],"version-history":[{"count":5,"href":"https:\/\/www2.unifap.br\/cepap\/wp-json\/wp\/v2\/pages\/107\/revisions"}],"predecessor-version":[{"id":387,"href":"https:\/\/www2.unifap.br\/cepap\/wp-json\/wp\/v2\/pages\/107\/revisions\/387"}],"wp:attachment":[{"href":"https:\/\/www2.unifap.br\/cepap\/wp-json\/wp\/v2\/media?parent=107"}],"curies":[{"name":"wp","href":"https:\/\/api.w.org\/{rel}","templated":true}]}}