{"id":175,"date":"2010-03-18T16:46:57","date_gmt":"2010-03-18T19:46:57","guid":{"rendered":"http:\/\/saojose.unifap.br\/ead\/?page_id=175"},"modified":"2010-03-18T16:46:57","modified_gmt":"2010-03-18T19:46:57","slug":"equipe","status":"publish","type":"page","link":"https:\/\/www2.unifap.br\/ead2\/equipe\/","title":{"rendered":"Equipe"},"content":{"rendered":"<p><img decoding=\"async\" class=\"alignnone size-full wp-image-214\" src=\"http:\/\/www2.unifap.br\/ead2\/files\/2010\/03\/equipe.gif\" alt=\"equipe\" width=\"400\" height=\"80\" srcset=\"https:\/\/www2.unifap.br\/ead2\/files\/2010\/03\/equipe.gif 400w, https:\/\/www2.unifap.br\/ead2\/files\/2010\/03\/equipe-300x60.gif 300w\" sizes=\"(max-width: 400px) 100vw, 400px\" \/><\/p>\n<p><strong><em>Coordena\u00e7\u00e3o:<\/em><\/strong><\/p>\n<p>Prof<sup>\u00ba<\/sup>. Dr. Demilto Yamaguchi da Pureza \u2013 <strong>demilto@unifap.br<br \/>\nDiretor do Departamento de Educa\u00e7\u00e3o a Dist\u00e2ncia<br \/>\nCoordenador do N\u00facleo UAB\/UNIFAP<\/strong><\/p>\n<p><strong> <\/strong><\/p>\n<p>Prof\u00aa. Ms. Margareth Guerra\u2013 <a href=\"mailto:margarethguerra@unifap.br\" target=\"_blank\">margarethguerra@unifap.br<\/a><strong><br \/>\nCoordenadora Adjunto do N\u00facleo UAB\/UNIFAP<\/strong><\/p>\n<p><strong><br \/>\n<\/strong><strong><em>Equipe Multidisciplinar:<\/em><\/strong><\/p>\n<p><strong><br \/>\nWeb Designer\/Diagramador<\/strong><\/p>\n<p>Jefferson Martins<strong> &#8211; <\/strong>jeffersonmartins@hotmail.com<strong><br \/>\nManuten\u00e7\u00e3o e Suporte em TI<\/strong><\/p>\n<p><strong><br \/>\nT\u00e9cnico em Tecnologia da Informa\u00e7\u00e3o<\/strong><\/p>\n<p>Alcides Nascimento de Oliveira \u2013<strong> <\/strong>alcidesno@gmail.com<strong><br \/>\n<\/strong><strong>Administrador Moodle<\/strong><br \/>\n<strong>T\u00e9cnico em Tecnologia da Informa\u00e7\u00e3o<\/strong><\/p>\n<p><strong> <\/strong><\/p>\n<p>Kelly Huany \u2013 kellyhuany@hotmail.com<strong><br \/>\nGerente Financeiro<\/strong><\/p>\n<p><strong>Jackson da Silva Santana &#8211;<\/strong><a href=\"jacksonsantana2010@hotmail.com\"> jacksonsantana2010@hotmail.com<\/a><strong><br \/>\nSecret\u00e1ria <\/strong>\u2013 <a href=\"secretaria.ead@unifap.br\">secretaria.ead@unifap.br<\/a><strong> <\/strong><\/p>\n<p><strong> <\/strong><strong> <\/strong><br \/>\nCoordena\u00e7\u00f5es de Cursos de Gradua\u00e7\u00e3o &#8211; UNIFAP<\/p>\n<p><strong><br \/>\nCoordena\u00e7\u00e3o do curso de Licenciatura em Matem\u00e1tica<\/strong><br \/>\nProf. Ms . Marcio Aldo Lobato Lima &#8211; <a href=\"marciobahia@unifap.br\">marciobahia@unifap.br<\/a><br \/>\nProf<sup>a<\/sup>. MSc. V\u00e2nia de F\u00e1tima Lemes de Miranda\u2013 Coordenadora de Tutoria \u2013 <a href=\"mailto:vania@unifap.br\">vania@unifap.br<\/a><\/p>\n<p><strong>Coordena\u00e7\u00e3o do curso de Licenciatura em Educa\u00e7\u00e3o F\u00edsica<\/strong><br \/>\nProf. MSc. Flavius Cunha \u2013 Coordenador Geral \u2013 <a href=\"mailto:flavius@unifap.br\">flavius@unifap.br<\/a><br \/>\nProf. MSc. Sergio Luiz dos Santos Melazzi \u2013 Coordenador de Tutoria \u2013<a href=\"sergiomelazzi1@terra.com.br\">sergiomelazzi1@terra.com.br<\/a><\/p>\n<p><strong><br \/>\n<\/strong><strong>Coordenadora de Polo do curso de Matem\u00e1tica\/UFPA<\/strong><br \/>\nWanja Correa da Silva \u2013 <a href=\"mailto:wanjasilva@unifap.br\">wanjasilva@unifap.br<\/a><\/p>\n<p><strong>Coordenadora de Polo do curso de Educa\u00e7\u00e3o F\u00edsica\/ UNB<\/strong><br \/>\nProf<sup>a<\/sup>. MSc. Maria do Socorro \u2013 <a href=\"mailto:mariamendoncaap@unifap.br\">mariamendoncaap@unifap.br<\/a><\/p>\n<p><strong><br \/>\nCoordena\u00e7\u00e3o dos Polos UAB<\/strong><\/p>\n<p><strong>Coordenadora do Polo Equador \u2013 Munic\u00edpio de Macap\u00e1<\/strong><br \/>\nProf<sup>a<\/sup>. Lucila de Nazar\u00e9 Rodrigues Moraes &#8211; <a href=\"mailto:luciramoraes@bol.com.br\">luciramoraes@bol.com.br<\/a><strong> <\/strong><\/p>\n<p><strong>Coordenador do Polo Santana \u2013 Munic\u00edpio de Santana<\/strong><br \/>\nProf. Raimundo Coelho Vasques &#8211; <a href=\"mailto:raimundovasques@uol.com.br\">raimundovasques@uol.com.br<\/a><\/p>\n<p><strong>Coordenador do Polo Caulim da Amaz\u00f4nia \u2013 Munic\u00edpio de Vit\u00f3ria do Jari<\/strong><br \/>\nProf. Cleocivan do Socorro Rodrigues da Silva \u2013 <span style=\"text-decoration: underline\"><a href=\"mailto:cleocivan@gmail.com\">cleocivan@gmail.com<\/a><\/span><strong><br \/>\n<\/strong><\/p>\n<p><strong>Coordena\u00e7\u00e3o do Programa \u201cM\u00eddias na Educa\u00e7\u00e3o\u201d<\/strong><br \/>\nProf. MSc. Rafael\u00a0Pontes Lima\u00a0\u2013 Coordenador da Especializa\u00e7\u00e3o\u00a0&#8211; <a href=\"mailto:rafael@unifap.br\">rafael@unifap.br<\/a><\/p>\n<p><strong>Escola de Gestores<\/strong><br \/>\nProf<sup>a<\/sup>. Dr\u00aa. Prof\u00aa Eliane Superti \u2013 Coordenadora \u2013 \u00a0<a href=\"mailto:esuperti@unifap.br\">esuperti@unifap.br<\/a><\/p>\n<p><strong><br \/>\nCursos da Rede de Educa\u00e7\u00e3o para a Diversidade:<\/strong><\/p>\n<table style=\"height: 266px\" border=\"1\" cellspacing=\"0\" cellpadding=\"0\" width=\"545\">\n<tbody>\n<tr>\n<td width=\"4%\" valign=\"top\"><strong>N\u00b0<\/strong><\/td>\n<td width=\"30%\" valign=\"top\"><strong>Curso<\/strong><\/td>\n<td width=\"36%\" valign=\"top\"><strong>Coordenador<\/strong><\/td>\n<td width=\"29%\" valign=\"top\"><strong>E-mail<\/strong><\/td>\n<\/tr>\n<tr>\n<td width=\"4%\" valign=\"top\"><strong>01<\/strong><\/td>\n<td width=\"30%\" valign=\"top\">G\u00eanero e Diversidade na Escola<\/td>\n<td width=\"36%\" valign=\"top\">Prof<sup>a <\/sup>N\u00fabia Simone Sardinha<\/td>\n<td width=\"29%\" valign=\"top\"><a href=\"mailto:alipio@unifap.br\"><strong>nubiasi@unifap.br <\/strong><br \/>\n<\/a><\/td>\n<\/tr>\n<tr>\n<td width=\"4%\" valign=\"top\"><strong>02<\/strong><\/td>\n<td width=\"30%\" valign=\"top\">Educa\u00e7\u00e3o e Sa\u00fade<\/td>\n<td width=\"36%\" valign=\"top\">Silvana Rodrigues da Silva<\/td>\n<td width=\"29%\" valign=\"top\"><strong><a href=\"mailto:srodrigues@unifap.br\">srodrigues@unifap.br<\/a><\/strong><\/td>\n<\/tr>\n<tr>\n<td width=\"4%\" valign=\"top\"><strong>03<\/strong><\/td>\n<td width=\"30%\" valign=\"top\">Educa\u00e7\u00e3o para a Diversidade<\/td>\n<td width=\"36%\" valign=\"top\">Margareth Guerra dos Santos<\/td>\n<td width=\"29%\" valign=\"top\"><strong><a href=\"mailto:margareth.guerra@uol.com.br\"><\/a><a href=\"mailto:margarethguerra@unifap.br\" target=\"_blank\">margarethguerra@unifap.br<\/a><\/strong><\/td>\n<\/tr>\n<tr>\n<td width=\"4%\" valign=\"top\"><strong>04<\/strong><\/td>\n<td width=\"30%\" valign=\"top\">Educa\u00e7\u00e3o Integral e Integrada<\/td>\n<td width=\"36%\" valign=\"top\">Maria Virg\u00ednia Filgueiras de\u00a0 A. Mello<\/td>\n<td width=\"29%\" valign=\"top\"><strong><a href=\"mailto:virginia@unifap.br\">virginia@unifap.br<\/a> <\/strong><\/td>\n<\/tr>\n<tr>\n<td width=\"4%\" valign=\"top\"><strong>05<\/strong><\/td>\n<td width=\"30%\" valign=\"top\">Educa\u00e7\u00e3o Ambiental<\/td>\n<td width=\"36%\" valign=\"top\">Prof\u00aa Monnya Karolline da Silva Martinez<\/td>\n<td width=\"29%\" valign=\"top\"><strong><a href=\"mailto:beatriz@unifap.br\">monnya@unifap.br<\/a><\/strong><strong><a href=\"mailto:beatriz_unesp@yahoo.com.br\"><\/a> <\/strong><\/td>\n<\/tr>\n<tr>\n<td width=\"4%\" valign=\"top\"><strong>06<\/strong><\/td>\n<td width=\"30%\" valign=\"top\">Educa\u00e7\u00e3o em Direitos Humanos<\/td>\n<td width=\"36%\" valign=\"top\">Prof\u00aa Cleide do Socorro Moraes de Azevedo<\/td>\n<td width=\"29%\" valign=\"top\"><strong><a href=\"cleide@unifap.br\">cleide@unifap.br<\/a><\/strong><\/td>\n<\/tr>\n<tr>\n<td width=\"4%\" valign=\"top\"><strong>07<\/strong><\/td>\n<td width=\"30%\" valign=\"top\">Cultura e Hist\u00f3ria dos Povos Ind\u00edgenas<\/td>\n<td width=\"36%\" valign=\"top\">Meire Adriana da Silva<\/td>\n<td width=\"29%\" valign=\"top\"><strong><a href=\"mailto:nneengatu@yahoo.com.br\">nneengatu@yahoo.com.br<\/a> <\/strong><\/td>\n<\/tr>\n<tr>\n<td width=\"4%\" valign=\"top\"><strong>08<\/strong><\/td>\n<td width=\"30%\" valign=\"top\">Educa\u00e7\u00e3o no Campo A e B<\/td>\n<td width=\"36%\" valign=\"top\">Emanuel Leal de Lima<\/td>\n<td width=\"29%\" valign=\"top\"><strong><a href=\"mailto:emleallima@unifap.br\">emleallima@unifap.br<\/a><\/strong><\/td>\n<\/tr>\n<\/tbody>\n<\/table>\n","protected":false},"excerpt":{"rendered":"<p>Coordena\u00e7\u00e3o: Prof\u00ba. Dr. Demilto Yamaguchi da Pureza \u2013 demilto@unifap.br Diretor do Departamento de Educa\u00e7\u00e3o a Dist\u00e2ncia Coordenador do N\u00facleo UAB\/UNIFAP Prof\u00aa. Ms. Margareth Guerra\u2013 margarethguerra@unifap.br Coordenadora Adjunto do N\u00facleo UAB\/UNIFAP Equipe Multidisciplinar: Web Designer\/Diagramador Jefferson Martins &#8211; jeffersonmartins@hotmail.com Manuten\u00e7\u00e3o e Suporte em TI T\u00e9cnico em Tecnologia da Informa\u00e7\u00e3o Alcides Nascimento de Oliveira \u2013 alcidesno@gmail.com Administrador&#8230;<\/p>\n","protected":false},"author":1,"featured_media":0,"parent":0,"menu_order":1,"comment_status":"closed","ping_status":"closed","template":"","meta":{"inline_featured_image":false,"site-sidebar-layout":"default","site-content-layout":"","ast-site-content-layout":"default","site-content-style":"default","site-sidebar-style":"default","ast-global-header-display":"","ast-banner-title-visibility":"","ast-main-header-display":"","ast-hfb-above-header-display":"","ast-hfb-below-header-display":"","ast-hfb-mobile-header-display":"","site-post-title":"","ast-breadcrumbs-content":"","ast-featured-img":"","footer-sml-layout":"","theme-transparent-header-meta":"","adv-header-id-meta":"","stick-header-meta":"","header-above-stick-meta":"","header-main-stick-meta":"","header-below-stick-meta":"","astra-migrate-meta-layouts":"default","ast-page-background-enabled":"default","ast-page-background-meta":{"desktop":{"background-color":"var(--ast-global-color-4)","background-image":"","background-repeat":"repeat","background-position":"center center","background-size":"auto","background-attachment":"scroll","background-type":"","background-media":"","overlay-type":"","overlay-color":"","overlay-opacity":"","overlay-gradient":""},"tablet":{"background-color":"","background-image":"","background-repeat":"repeat","background-position":"center center","background-size":"auto","background-attachment":"scroll","background-type":"","background-media":"","overlay-type":"","overlay-color":"","overlay-opacity":"","overlay-gradient":""},"mobile":{"background-color":"","background-image":"","background-repeat":"repeat","background-position":"center center","background-size":"auto","background-attachment":"scroll","background-type":"","background-media":"","overlay-type":"","overlay-color":"","overlay-opacity":"","overlay-gradient":""}},"ast-content-background-meta":{"desktop":{"background-color":"var(--ast-global-color-5)","background-image":"","background-repeat":"repeat","background-position":"center center","background-size":"auto","background-attachment":"scroll","background-type":"","background-media":"","overlay-type":"","overlay-color":"","overlay-opacity":"","overlay-gradient":""},"tablet":{"background-color":"var(--ast-global-color-5)","background-image":"","background-repeat":"repeat","background-position":"center center","background-size":"auto","background-attachment":"scroll","background-type":"","background-media":"","overlay-type":"","overlay-color":"","overlay-opacity":"","overlay-gradient":""},"mobile":{"background-color":"var(--ast-global-color-5)","background-image":"","background-repeat":"repeat","background-position":"center center","background-size":"auto","background-attachment":"scroll","background-type":"","background-media":"","overlay-type":"","overlay-color":"","overlay-opacity":"","overlay-gradient":""}},"ngg_post_thumbnail":0,"footnotes":""},"class_list":["post-175","page","type-page","status-publish","hentry"],"_links":{"self":[{"href":"https:\/\/www2.unifap.br\/ead2\/wp-json\/wp\/v2\/pages\/175","targetHints":{"allow":["GET"]}}],"collection":[{"href":"https:\/\/www2.unifap.br\/ead2\/wp-json\/wp\/v2\/pages"}],"about":[{"href":"https:\/\/www2.unifap.br\/ead2\/wp-json\/wp\/v2\/types\/page"}],"author":[{"embeddable":true,"href":"https:\/\/www2.unifap.br\/ead2\/wp-json\/wp\/v2\/users\/1"}],"replies":[{"embeddable":true,"href":"https:\/\/www2.unifap.br\/ead2\/wp-json\/wp\/v2\/comments?post=175"}],"version-history":[{"count":0,"href":"https:\/\/www2.unifap.br\/ead2\/wp-json\/wp\/v2\/pages\/175\/revisions"}],"wp:attachment":[{"href":"https:\/\/www2.unifap.br\/ead2\/wp-json\/wp\/v2\/media?parent=175"}],"curies":[{"name":"wp","href":"https:\/\/api.w.org\/{rel}","templated":true}]}}