{"id":185,"date":"2010-03-18T18:02:19","date_gmt":"2010-03-18T21:02:19","guid":{"rendered":"http:\/\/saojose.unifap.br\/ead\/?page_id=185"},"modified":"2010-03-18T18:02:19","modified_gmt":"2010-03-18T21:02:19","slug":"nossos-cursos","status":"publish","type":"page","link":"https:\/\/www2.unifap.br\/ead2\/nossos-cursos\/","title":{"rendered":"Nossos Cursos"},"content":{"rendered":"<p><strong>CULTURA E HIST\u00d3RIA DOS POVOS IND\u00cdGENAS (UNIFAP)<\/strong><\/p>\n<p style=\"text-align: justify\"><strong>Modalidade:<\/strong> Aperfei\u00e7oamento<br \/>\n<strong>\u00c1rea Cient\u00edfica:<\/strong> Educa\u00e7\u00e3o<br \/>\n<strong>Chamada UAB:<\/strong> SECAD II<br \/>\n<strong>Coordenadora do Curso: <\/strong>Meire Adriana da Silva<br \/>\n<strong>Tel. comerciais:<\/strong> (96) 3312-1700<br \/>\n<strong>Carga-hor\u00e1ria total:<\/strong> 240h<br \/>\n<strong>Dura\u00e7\u00e3o:<\/strong> 1 per\u00edodo(s)<br \/>\n<strong>Periodicidade<\/strong>: 7 mes(es)<br \/>\n<strong>Objetivo do Curso<\/strong>: Formar professores das redes das escolas municipais com vistas \u00e0 qualificar a abordagem das tem\u00e1ticas das culturas e hist\u00f3ria dos povos ind\u00edgenas nas propostas pedag\u00f3gicas e curriculares, visando a contribuir para a implementa\u00e7\u00e3o qualificada da Lei 11.645\/2008. O Curso pretende ainda promover a forma\u00e7\u00e3o te\u00f3rica para a abordagem qualificada das realidades contempor\u00e2neas dos povos ind\u00edgenas no Brasil nas propostas pedag\u00f3gicas das escolas; Oferecer forma\u00e7\u00e3o para apropria\u00e7\u00e3o de referenciais conceituais para conhecimento da sociodiversidade ind\u00edgena; Ampliar, por interm\u00e9dio da EAD, o acesso \u00e0s tecnologias educacionais para a forma\u00e7\u00e3o docente.<\/p>\n<p>&#8212;&#8212;&#8212;&#8212;&#8212;&#8212;&#8212;&#8212;&#8212;&#8212;&#8212;&#8212;&#8212;&#8212;&#8212;&#8212;&#8212;&#8212;&#8212;&#8212;&#8212;&#8212;&#8212;&#8212;&#8212;&#8212;&#8212;&#8211;<\/p>\n<p><strong>G\u00caNERO E DIVERSIDADE NA ESCOLA<\/strong><\/p>\n<p><strong>Modalidade:<\/strong> Aperfei\u00e7oamento<br \/>\n<strong>\u00c1rea Cient\u00edfica:<\/strong> Educa\u00e7\u00e3o<br \/>\n<strong>Chamada UAB:<\/strong> SECAD I<br \/>\n<strong>Coordenadora do Curso:<\/strong> N\u00fabia Simone Sardinha Duarte<br \/>\n<strong>Tel. comerciais:<\/strong> (96) 3312-1754<br \/>\n<strong>Carga-hor\u00e1ria total:<\/strong> 200h<br \/>\n<strong>Dura\u00e7\u00e3o:<\/strong> 1 per\u00edodo<br \/>\n<strong>Periodicidade<\/strong>: 5 mes(es)<br \/>\n<strong>Objetivo do Curso<\/strong>: Realizar uma forma\u00e7\u00e3o continuada em g\u00eanero, ra\u00e7a\/etnia e orienta\u00e7\u00e3o sexual para professores\/as da Educa\u00e7\u00e3o B\u00e1sica e outros profissionais de educa\u00e7\u00e3o. O curso visa tamb\u00e9m contribuir para a promo\u00e7\u00e3o da inclus\u00e3o digital por interm\u00e9dio de conte\u00fados transformadores das culturas discriminat\u00f3rias de g\u00eanero, \u00e9tnica-racial e de orienta\u00e7\u00e3o sexual no pa\u00eds;Desenvolver a capacidade dos\/as professores\/as da Educa\u00e7\u00e3o B\u00e1sica da rede p\u00fablica de compreender e posicionar-se diante das transforma\u00e7\u00f5es pol\u00edticas, econ\u00f4micas e socioculturais que requerem o reconhecimento e o respeito \u00e0 diversidade sociocultural do povo brasileiro e dos povos de todo o mundo \u2013 o reconhecimento de que negros e negras, \u00edndios e \u00edndias, mulheres e homossexuais, entre outros grupos discriminados, devem ser respeitados\/as em suas identidades, diferen\u00e7as e especificidades, porque tal respeito \u00e9 um direito social inalien\u00e1vel;<br \/>\n&#8212;&#8212;&#8212;&#8212;&#8212;&#8212;&#8212;&#8212;&#8212;&#8212;&#8212;&#8212;&#8212;&#8212;&#8212;&#8212;&#8212;&#8212;&#8212;&#8212;&#8212;&#8212;&#8212;&#8212;&#8212;&#8212;&#8212;&#8211;<\/p>\n<p><strong> <\/strong><strong>EDUCACAO AMBIENTAL (UNIFAP)<\/strong><\/p>\n<p><strong>Modalidade:<\/strong> Aperfei\u00e7oamento<br \/>\n<strong>\u00c1rea Cient\u00edfica:<\/strong> Educa\u00e7\u00e3o<br \/>\n<strong>Chamada UAB:<\/strong> SECAD II<br \/>\n<strong>Coordenadora do Curso:<\/strong> Monnya Karolline da Silva<br \/>\n<strong>Tel. comerciais:<\/strong> (96) 3312-1703<br \/>\n<strong>Carga-hor\u00e1ria total: <\/strong> 180h<br \/>\n<strong>Dura\u00e7\u00e3o:<\/strong> 1 per\u00edodo(s)<br \/>\n<strong>Periodicidade<\/strong>: 5 meses<br \/>\n<strong>Objetivo do Curso<\/strong>: Realizar o Processo Formativo em Educa\u00e7\u00e3o Ambiental a Dist\u00e2ncia prioritariamente para professores dos anos finais do Ensino Fundamental (6\u00ba ao 9\u00ba anos) e outros  profissionais da educa\u00e7\u00e3o. Essa forma\u00e7\u00e3o visa discutir estrat\u00e9gias para inser\u00e7\u00e3o qualificada da educa\u00e7\u00e3o ambiental nos curr\u00edculos, de forma transversal e interdisciplinar; Estimular as escolas a participarem de a\u00e7\u00f5es e projetos que promovam a educa\u00e7\u00e3o integral, a diversidade e a sustentabilidade; Contribuir com o enraizamento da Pol\u00edtica Nacional de Educa\u00e7\u00e3o Ambiental nos sistemas de ensino.<br \/>\n&#8212;&#8212;&#8212;&#8212;&#8212;&#8212;&#8212;&#8212;&#8212;&#8212;&#8212;&#8212;&#8212;&#8212;&#8212;&#8212;&#8212;&#8212;&#8212;&#8212;&#8212;&#8212;&#8212;&#8212;&#8212;&#8212;&#8212;&#8211;<\/p>\n<p><strong>EDUCA\u00c7\u00c3O EM DIREITOS HUMANOS (UNIFAP)<\/strong><\/p>\n<p><strong>Modalidade:<\/strong> Aperfei\u00e7oamento<br \/>\n<strong>\u00c1rea Cient\u00edfica:<\/strong> Educa\u00e7\u00e3o<br \/>\n<strong>Chamada UAB:<\/strong> SECAD II<br \/>\n<strong>Coordenadora do Curso:<\/strong> Cleide do Socorro Morais de Azevedo<br \/>\n<strong>Tel. comerciais:<\/strong> (96) 3312-1704<br \/>\n<strong>Carga-hor\u00e1ria total:<\/strong> 180 h<br \/>\n<strong>Dura\u00e7\u00e3o:<\/strong> 1 per\u00edodo(s)<br \/>\n<strong>Periodicidade<\/strong>: 6 mes(es)<br \/>\n<strong>Objetivo do Curso<\/strong>: O Curso de Educa\u00e7\u00e3o em Direitos Humanos visa apoiar a forma\u00e7\u00e3o de profissionais da educa\u00e7\u00e3o b\u00e1sica da rede p\u00fablica de ensino na \u00e1rea de educa\u00e7\u00e3o em direitos humanos; a produ\u00e7\u00e3o e publica\u00e7\u00e3o de materiais did\u00e1ticos especializados em direitos humanos para professores\/as e estudantes; al\u00e9m da cria\u00e7\u00e3o de atividades educativas por meio eletr\u00f4nico utilizando a educa\u00e7\u00e3o \u00e0 dist\u00e2ncia.<br \/>\n&#8212;&#8212;&#8212;&#8212;&#8212;&#8212;&#8212;&#8212;&#8212;&#8212;&#8212;&#8212;&#8212;&#8212;&#8212;&#8212;&#8212;&#8212;&#8212;&#8212;&#8212;&#8212;&#8212;&#8212;&#8212;&#8212;&#8212;&#8211;<\/p>\n<p><strong>EDUCA\u00c7\u00c3O E SA\u00daDE (UNIFAP)<\/strong><\/p>\n<p><strong>Modalidade:<\/strong> APERFEI\u00c7OAMENTO<br \/>\n<strong>\u00c1rea Cient\u00edfica:<\/strong> Educa\u00e7\u00e3o<br \/>\n<strong>Chamada UAB:<\/strong> SECAD II<br \/>\n<strong>Coordenadora do Curso:<\/strong> Nelma Nunes da Silva<br \/>\n<strong>Tel. comerciais: <\/strong>(96) 3312-1765<br \/>\n<strong>Carga-hor\u00e1ria total:<\/strong> 180 h<br \/>\n<strong>Dura\u00e7\u00e3o:<\/strong> 1 per\u00edodo(s)<br \/>\n<strong>Periodicidade<\/strong>: 5 mes(es)<br \/>\n<strong>Objetivo do Curso<\/strong>: Realizar forma\u00e7\u00e3o continuada em Educa\u00e7\u00e3o e Sa\u00fade para professores, gestores e profissionais da Estrat\u00e9gia Sa\u00fade da Fam\u00edlia que atuam no Programa Sa\u00fade na Escola (PSE), bem como fomentar condi\u00e7\u00f5es para a constitui\u00e7\u00e3o de arranjos educativos locais integrados e sustent\u00e1veis, e seus respectivos planos de a\u00e7\u00e3o, para implementa\u00e7\u00e3o nos Territ\u00f3rios de Responsabilidade estabelecidos no PSE.<\/p>\n<p>&#8212;&#8212;&#8212;&#8212;&#8212;&#8212;&#8212;&#8212;&#8212;&#8212;&#8212;&#8212;&#8212;&#8212;&#8212;&#8212;&#8212;&#8212;&#8212;&#8212;&#8212;&#8212;&#8212;&#8212;&#8212;&#8212;&#8212;&#8211;<\/p>\n<p><strong>EDUCA\u00c7\u00c3O INTEGRAL E INTEGRADA (UNIFAP)<\/strong><\/p>\n<p><strong>Modalidade:<\/strong> APERFEI\u00c7OAMENTO<br \/>\n<strong>\u00c1rea Cient\u00edfica:<\/strong> EDUCA\u00c7\u00c3O<br \/>\n<strong>Chamada UAB: <\/strong>SECAD II<br \/>\n<strong>Coordenador do Curso:<\/strong> Maria Virg\u00ednia Filgueiras de Assis Mello<br \/>\n<strong>Tel. comerciais:<\/strong> (96) 3312-1779<br \/>\n<strong>Carga-hor\u00e1ria total:<\/strong> 220 h<br \/>\n<strong>Dura\u00e7\u00e3o:<\/strong> 1 per\u00edodo(s)<br \/>\n<strong>Periodicidade<\/strong>: 6 meses<br \/>\n<strong>Objetivo do Curso<\/strong>: O curso objetiva formar gestores e professores do Ensino B\u00e1sico nos pressupostos te\u00f3ricos e pr\u00e1ticos da Educa\u00e7\u00e3o integral\/Integrada, alunos dos cursos de gradua\u00e7\u00e3o e outros profissionais de educa\u00e7\u00e3o, para o desenvolvimento e implementa\u00e7\u00e3o de programas de educa\u00e7\u00e3o integral nas escolas. A forma\u00e7\u00e3o visa promover a discuss\u00e3o sobre Educa\u00e7\u00e3o Integral\/Integrada nos ambientes escolares; incorporar conte\u00fados de Educa\u00e7\u00e3o Integral\/Integrada nos curr\u00edculos universit\u00e1rios; estimular as escolas e demais profissionais da educa\u00e7\u00e3o para participar da constru\u00e7\u00e3o de estrat\u00e9gias pedag\u00f3gicas e de gest\u00e3o intersetorial para a implementa\u00e7\u00e3o da Educa\u00e7\u00e3o Integral e Integrada;<br \/>\n&#8212;&#8212;&#8212;&#8212;&#8212;&#8212;&#8212;&#8212;&#8212;&#8212;&#8212;&#8212;&#8212;&#8212;&#8212;&#8212;&#8212;&#8212;&#8212;&#8212;&#8212;&#8212;&#8212;&#8212;&#8212;&#8212;&#8212;&#8211;<\/p>\n<p><strong>EDUCA\u00c7\u00c3O PARA A DIVERSIDADE (UNIFAP)<\/strong><\/p>\n<p><strong>Modalidade:<\/strong> APERFEI\u00c7OAMENTO<br \/>\n<strong>\u00c1rea Cient\u00edfica:<\/strong> EDUCA\u00c7\u00c3O<br \/>\n<strong>Chamada UAB: <\/strong>SECAD II<br \/>\n<strong>Coordenador do Curso:<\/strong><br \/>\n<strong>Tel. comerciais:<\/strong> (96) 3312-1779<br \/>\n<strong>Carga-hor\u00e1ria total:<\/strong> 180 h<br \/>\n<strong>Dura\u00e7\u00e3o:<\/strong> 1 per\u00edodo(s)<br \/>\n<strong>Periodicidade<\/strong>: 6 meses<br \/>\n<strong>Objetivo do Curso<\/strong>: Introduzir a abordagem da Educa\u00e7\u00e3o na diversidade com o reconhecimento e valoriza\u00e7\u00e3o das diversas popula\u00e7\u00f5es e tem\u00e1ticas a serem tratadas; Apresentar conceitos sobre as diversas popula\u00e7\u00f5es e tem\u00e1ticas da diversidade; Abordar as altera\u00e7\u00f5es da LDB que determina a inclus\u00e3o de diversos aspectos da hist\u00f3ria e da cultura negra e ind\u00edgena brasileira, resgatando as suas contribui\u00e7\u00f5es nas \u00e1reas social, econ\u00f4mica e pol\u00edtica, pertinentes \u00e0 hist\u00f3ria do Brasil; Desenvolver processos e metodologias de introdu\u00e7\u00e3o desses conceitos na educa\u00e7\u00e3o b\u00e1sica;<br \/>\n&#8212;&#8212;&#8212;&#8212;&#8212;&#8212;&#8212;&#8212;&#8212;&#8212;&#8212;&#8212;&#8212;&#8212;&#8212;&#8212;&#8212;&#8212;&#8212;&#8212;&#8212;&#8212;&#8212;&#8212;&#8212;&#8212;&#8212;&#8211;<\/p>\n<p><strong>MATEM\u00c1TICA (UNIFAP)<\/strong><\/p>\n<p><strong>Modalidade:<\/strong> LICENCIATURA<br \/>\n<strong>\u00c1rea Cient\u00edfica:<\/strong> MATEM\u00c1TICA<br \/>\n<strong>Chamada UAB: <\/strong>UAB II<br \/>\n<strong>Coordenadora do Curso:<\/strong> Prof\u00aa. Ms. V\u00e2nia de F\u00e1tima Miranda<br \/>\n<strong>Tel. comerciais:<\/strong> (96) 3312-1779<br \/>\n<strong>Carga-hor\u00e1ria total:<\/strong> 3615 h<br \/>\n<strong>Dura\u00e7\u00e3o:<\/strong> per\u00edodo(s) 10 Semestres<br \/>\n<strong>Periodicidade<\/strong>: 5 anos<br \/>\n&#8212;&#8212;&#8212;&#8212;&#8212;&#8212;&#8212;&#8212;&#8212;&#8212;&#8212;&#8212;&#8212;&#8212;&#8212;&#8212;&#8212;&#8212;&#8212;&#8212;&#8212;&#8212;&#8212;&#8212;&#8212;&#8212;&#8212;&#8211;<\/p>\n<p><strong>EDUCA\u00c7\u00c3O F\u00cdSICA (UNIFAP)<\/strong><\/p>\n<p><strong>Modalidade:<\/strong> LICENCIATURA<br \/>\n<strong>\u00c1rea Cient\u00edfica:<\/strong> EDUCA\u00c7\u00c3O F\u00cdSICA<br \/>\n<strong>Chamada UAB:<\/strong> PAR<br \/>\n<strong>Coordenador do Curso:<\/strong> Prof\u00ba. Ms. Flavius Augusto Pinto Cunha<br \/>\n<strong>Tel. comerciais:<\/strong> (96) 3312-1700<br \/>\n<strong>Carga-hor\u00e1ria total:<\/strong> 00 h<br \/>\n<strong>Dura\u00e7\u00e3o:<\/strong> 0 per\u00edodo(s)<br \/>\n<strong>Periodicidade<\/strong>: 4 anos<br \/>\n&#8212;&#8212;&#8212;&#8212;&#8212;&#8212;&#8212;&#8212;&#8212;&#8212;&#8212;&#8212;&#8212;&#8212;&#8212;&#8212;&#8212;&#8212;&#8212;&#8212;&#8212;&#8212;&#8212;&#8212;&#8212;&#8212;&#8212;&#8211;<\/p>\n<p><strong>EDUCA\u00c7\u00c3O DO CAMPO (UNIFAP)<\/strong><\/p>\n<p><strong>Modalidade:<\/strong> ESPECIALIZA\u00c7\u00c3O<br \/>\n<strong>\u00c1rea Cient\u00edfica:<\/strong> Educa\u00e7\u00e3o<br \/>\n<strong>Chamada UAB:<\/strong> SECAD II<br \/>\n<strong>Coordenador do Curso:<\/strong> Emanuel Leal de Lima<br \/>\n<strong>Tel. comerciais:<\/strong> (96) 3312-1753 , (96) 3312-1754<br \/>\n<strong>Carga-hor\u00e1ria total:<\/strong> 360 h<br \/>\n<strong>Dura\u00e7\u00e3o:<\/strong> 1 per\u00edodo(s)<br \/>\n<strong>Periodicidade<\/strong>: 15 mes(es)<\/p>\n","protected":false},"excerpt":{"rendered":"<p>CULTURA E HIST\u00d3RIA DOS POVOS IND\u00cdGENAS (UNIFAP) Modalidade: Aperfei\u00e7oamento \u00c1rea Cient\u00edfica: Educa\u00e7\u00e3o Chamada UAB: SECAD II Coordenadora do Curso: Meire Adriana da Silva Tel. comerciais: (96) 3312-1700 Carga-hor\u00e1ria total: 240h Dura\u00e7\u00e3o: 1 per\u00edodo(s) Periodicidade: 7 mes(es) Objetivo do Curso: Formar professores das redes das escolas municipais com vistas \u00e0 qualificar a abordagem das tem\u00e1ticas das&#8230;<\/p>\n","protected":false},"author":1,"featured_media":0,"parent":0,"menu_order":4,"comment_status":"closed","ping_status":"closed","template":"","meta":{"inline_featured_image":false,"site-sidebar-layout":"default","site-content-layout":"","ast-site-content-layout":"default","site-content-style":"default","site-sidebar-style":"default","ast-global-header-display":"","ast-banner-title-visibility":"","ast-main-header-display":"","ast-hfb-above-header-display":"","ast-hfb-below-header-display":"","ast-hfb-mobile-header-display":"","site-post-title":"","ast-breadcrumbs-content":"","ast-featured-img":"","footer-sml-layout":"","theme-transparent-header-meta":"","adv-header-id-meta":"","stick-header-meta":"","header-above-stick-meta":"","header-main-stick-meta":"","header-below-stick-meta":"","astra-migrate-meta-layouts":"default","ast-page-background-enabled":"default","ast-page-background-meta":{"desktop":{"background-color":"var(--ast-global-color-4)","background-image":"","background-repeat":"repeat","background-position":"center center","background-size":"auto","background-attachment":"scroll","background-type":"","background-media":"","overlay-type":"","overlay-color":"","overlay-opacity":"","overlay-gradient":""},"tablet":{"background-color":"","background-image":"","background-repeat":"repeat","background-position":"center center","background-size":"auto","background-attachment":"scroll","background-type":"","background-media":"","overlay-type":"","overlay-color":"","overlay-opacity":"","overlay-gradient":""},"mobile":{"background-color":"","background-image":"","background-repeat":"repeat","background-position":"center center","background-size":"auto","background-attachment":"scroll","background-type":"","background-media":"","overlay-type":"","overlay-color":"","overlay-opacity":"","overlay-gradient":""}},"ast-content-background-meta":{"desktop":{"background-color":"var(--ast-global-color-5)","background-image":"","background-repeat":"repeat","background-position":"center center","background-size":"auto","background-attachment":"scroll","background-type":"","background-media":"","overlay-type":"","overlay-color":"","overlay-opacity":"","overlay-gradient":""},"tablet":{"background-color":"var(--ast-global-color-5)","background-image":"","background-repeat":"repeat","background-position":"center center","background-size":"auto","background-attachment":"scroll","background-type":"","background-media":"","overlay-type":"","overlay-color":"","overlay-opacity":"","overlay-gradient":""},"mobile":{"background-color":"var(--ast-global-color-5)","background-image":"","background-repeat":"repeat","background-position":"center center","background-size":"auto","background-attachment":"scroll","background-type":"","background-media":"","overlay-type":"","overlay-color":"","overlay-opacity":"","overlay-gradient":""}},"ngg_post_thumbnail":0,"footnotes":""},"class_list":["post-185","page","type-page","status-publish","hentry"],"_links":{"self":[{"href":"https:\/\/www2.unifap.br\/ead2\/wp-json\/wp\/v2\/pages\/185","targetHints":{"allow":["GET"]}}],"collection":[{"href":"https:\/\/www2.unifap.br\/ead2\/wp-json\/wp\/v2\/pages"}],"about":[{"href":"https:\/\/www2.unifap.br\/ead2\/wp-json\/wp\/v2\/types\/page"}],"author":[{"embeddable":true,"href":"https:\/\/www2.unifap.br\/ead2\/wp-json\/wp\/v2\/users\/1"}],"replies":[{"embeddable":true,"href":"https:\/\/www2.unifap.br\/ead2\/wp-json\/wp\/v2\/comments?post=185"}],"version-history":[{"count":0,"href":"https:\/\/www2.unifap.br\/ead2\/wp-json\/wp\/v2\/pages\/185\/revisions"}],"wp:attachment":[{"href":"https:\/\/www2.unifap.br\/ead2\/wp-json\/wp\/v2\/media?parent=185"}],"curies":[{"name":"wp","href":"https:\/\/api.w.org\/{rel}","templated":true}]}}