{"id":20,"date":"2010-05-07T08:36:52","date_gmt":"2010-05-07T11:36:52","guid":{"rendered":"http:\/\/pororoca.unifap.br\/eletrica\/?page_id=20"},"modified":"2026-04-23T14:10:25","modified_gmt":"2026-04-23T17:10:25","slug":"docentes","status":"publish","type":"page","link":"https:\/\/www2.unifap.br\/eletrica\/portal-docente\/docentes\/","title":{"rendered":"Docentes"},"content":{"rendered":"\t\t<div data-elementor-type=\"wp-post\" data-elementor-id=\"20\" class=\"elementor elementor-20\">\n\t\t\t\t\t\t<section class=\"elementor-section elementor-top-section elementor-element elementor-element-9245ca2 elementor-section-boxed elementor-section-height-default elementor-section-height-default\" data-id=\"9245ca2\" data-element_type=\"section\" data-e-type=\"section\">\n\t\t\t\t\t\t<div class=\"elementor-container elementor-column-gap-default\">\n\t\t\t\t\t<div class=\"elementor-column elementor-col-100 elementor-top-column elementor-element elementor-element-f6d56c4\" data-id=\"f6d56c4\" data-element_type=\"column\" data-e-type=\"column\">\n\t\t\t<div class=\"elementor-widget-wrap elementor-element-populated\">\n\t\t\t\t\t\t<div class=\"elementor-element elementor-element-38b5fd3 elementor-widget-divider--view-line elementor-widget elementor-widget-divider\" data-id=\"38b5fd3\" data-element_type=\"widget\" data-e-type=\"widget\" data-widget_type=\"divider.default\">\n\t\t\t\t<div class=\"elementor-widget-container\">\n\t\t\t\t\t\t\t<div class=\"elementor-divider\">\n\t\t\t<span class=\"elementor-divider-separator\">\n\t\t\t\t\t\t<\/span>\n\t\t<\/div>\n\t\t\t\t\t\t<\/div>\n\t\t\t\t<\/div>\n\t\t\t\t\t<\/div>\n\t\t<\/div>\n\t\t\t\t\t<\/div>\n\t\t<\/section>\n\t\t\t\t<section class=\"elementor-section elementor-top-section elementor-element elementor-element-d268f73 elementor-section-boxed elementor-section-height-default elementor-section-height-default\" data-id=\"d268f73\" data-element_type=\"section\" data-e-type=\"section\">\n\t\t\t\t\t\t<div class=\"elementor-container elementor-column-gap-default\">\n\t\t\t\t\t<div class=\"elementor-column elementor-col-100 elementor-top-column elementor-element elementor-element-411b7a4\" data-id=\"411b7a4\" data-element_type=\"column\" data-e-type=\"column\">\n\t\t\t<div class=\"elementor-widget-wrap elementor-element-populated\">\n\t\t\t\t\t\t<div class=\"elementor-element elementor-element-714179c elementor-widget elementor-widget-heading\" data-id=\"714179c\" data-element_type=\"widget\" data-e-type=\"widget\" data-widget_type=\"heading.default\">\n\t\t\t\t<div class=\"elementor-widget-container\">\n\t\t\t\t\t<h2 class=\"elementor-heading-title elementor-size-default\">DOCENTES<\/h2>\t\t\t\t<\/div>\n\t\t\t\t<\/div>\n\t\t\t\t\t<\/div>\n\t\t<\/div>\n\t\t\t\t\t<\/div>\n\t\t<\/section>\n\t\t\t\t<section class=\"elementor-section elementor-top-section elementor-element elementor-element-08a3072 elementor-section-boxed elementor-section-height-default elementor-section-height-default\" data-id=\"08a3072\" data-element_type=\"section\" data-e-type=\"section\">\n\t\t\t\t\t\t<div class=\"elementor-container elementor-column-gap-default\">\n\t\t\t\t\t<div class=\"elementor-column elementor-col-100 elementor-top-column elementor-element elementor-element-69d2be1\" data-id=\"69d2be1\" data-element_type=\"column\" data-e-type=\"column\">\n\t\t\t<div class=\"elementor-widget-wrap elementor-element-populated\">\n\t\t\t\t\t\t<div class=\"elementor-element elementor-element-209ad9b elementor-widget-divider--view-line elementor-widget elementor-widget-divider\" data-id=\"209ad9b\" data-element_type=\"widget\" data-e-type=\"widget\" data-widget_type=\"divider.default\">\n\t\t\t\t<div class=\"elementor-widget-container\">\n\t\t\t\t\t\t\t<div class=\"elementor-divider\">\n\t\t\t<span class=\"elementor-divider-separator\">\n\t\t\t\t\t\t<\/span>\n\t\t<\/div>\n\t\t\t\t\t\t<\/div>\n\t\t\t\t<\/div>\n\t\t\t\t\t<\/div>\n\t\t<\/div>\n\t\t\t\t\t<\/div>\n\t\t<\/section>\n\t\t\t\t<section class=\"elementor-section elementor-top-section elementor-element elementor-element-4c522f24 elementor-section-boxed elementor-section-height-default elementor-section-height-default\" data-id=\"4c522f24\" data-element_type=\"section\" data-e-type=\"section\">\n\t\t\t\t\t\t<div class=\"elementor-container elementor-column-gap-default\">\n\t\t\t\t\t<div class=\"elementor-column elementor-col-100 elementor-top-column elementor-element elementor-element-33830dfb\" data-id=\"33830dfb\" data-element_type=\"column\" data-e-type=\"column\">\n\t\t\t<div class=\"elementor-widget-wrap elementor-element-populated\">\n\t\t\t\t\t\t<div class=\"elementor-element elementor-element-547395b5 elementor-widget elementor-widget-text-editor\" data-id=\"547395b5\" data-element_type=\"widget\" data-e-type=\"widget\" data-widget_type=\"text-editor.default\">\n\t\t\t\t<div class=\"elementor-widget-container\">\n\t\t\t\t\t\t\t\t\t<p style=\"text-align: justify\">O Colegiado de Engenharia El\u00e9trica possui um quadro permanente de 15 docentes, sendo 13 com forma\u00e7\u00e3o em Engenharia El\u00e9trica, 1 com forma\u00e7\u00e3o em Engenharia da Computa\u00e7\u00e3o e 1 com forma\u00e7\u00e3o em F\u00edsica, no qual, s\u00e3o 11 doutores e 4 mestres. Estes docentes t\u00eam atua\u00e7\u00e3o junto ao curso de Engenharia El\u00e9trica em atividades de ensino, pesquisa e extens\u00e3o no \u00e2mbito dos grupos de pesquisa <a href=\"http:\/\/dgp.cnpq.br\/dgp\/espelhogrupo\/6974846075402947\">Estudos em Sistemas de Energia<\/a>,\u00a0<a href=\"http:\/\/dgp.cnpq.br\/dgp\/espelhogrupo\/4152823272848671\">Intelig\u00eancia Artificial Aplicada<\/a>\u00a0e\u00a0<a href=\"http:\/\/dgp.cnpq.br\/dgp\/espelhogrupo\/7126888842881492\" target=\"_blank\" rel=\"noopener\">Geof\u00edsica Aplicada<\/a>\u00a0cadastrados no CNPq.<\/p><p style=\"text-align: justify\">Professores Efetivos:<span style=\"color: #3366ff\">\u00a0<\/span><\/p>\t\t\t\t\t\t\t\t<\/div>\n\t\t\t\t<\/div>\n\t\t\t\t\t<\/div>\n\t\t<\/div>\n\t\t\t\t\t<\/div>\n\t\t<\/section>\n\t\t\t\t<section class=\"elementor-section elementor-top-section elementor-element elementor-element-d0a5163 elementor-section-boxed elementor-section-height-default elementor-section-height-default\" data-id=\"d0a5163\" data-element_type=\"section\" data-e-type=\"section\">\n\t\t\t\t\t\t<div class=\"elementor-container elementor-column-gap-default\">\n\t\t\t\t\t<div class=\"elementor-column elementor-col-25 elementor-top-column elementor-element elementor-element-dc8b975\" data-id=\"dc8b975\" data-element_type=\"column\" data-e-type=\"column\">\n\t\t\t<div class=\"elementor-widget-wrap elementor-element-populated\">\n\t\t\t\t\t\t<div class=\"elementor-element elementor-element-89e3e90 elementor-widget elementor-widget-image\" data-id=\"89e3e90\" data-element_type=\"widget\" data-e-type=\"widget\" data-widget_type=\"image.default\">\n\t\t\t\t<div class=\"elementor-widget-container\">\n\t\t\t\t\t\t\t\t\t\t\t\t\t\t\t\t<a href=\"http:\/\/www2.unifap.br\/eletrica\/colegiado\/docentes\/prof-alaan-ubaiara\/\">\n\t\t\t\t\t\t\t<img decoding=\"async\" width=\"150\" height=\"150\" src=\"https:\/\/www2.unifap.br\/eletrica\/files\/2024\/03\/Uba-3x4-2-150x150.gif\" class=\"attachment-thumbnail size-thumbnail wp-image-13349\" alt=\"\" \/>\t\t\t\t\t\t\t\t<\/a>\n\t\t\t\t\t\t\t\t\t\t\t\t\t\t\t<\/div>\n\t\t\t\t<\/div>\n\t\t\t\t\t<\/div>\n\t\t<\/div>\n\t\t\t\t<div class=\"elementor-column elementor-col-25 elementor-top-column elementor-element elementor-element-be5b29d\" data-id=\"be5b29d\" data-element_type=\"column\" data-e-type=\"column\">\n\t\t\t<div class=\"elementor-widget-wrap elementor-element-populated\">\n\t\t\t\t\t\t<div class=\"elementor-element elementor-element-5281a6c elementor-widget elementor-widget-heading\" data-id=\"5281a6c\" data-element_type=\"widget\" data-e-type=\"widget\" data-widget_type=\"heading.default\">\n\t\t\t\t<div class=\"elementor-widget-container\">\n\t\t\t\t\t<h4 class=\"elementor-heading-title elementor-size-default\"><span><a><span><a>Prof. Dr. Alaan Ubaiara Brito<\/span>\n\n<\/a><h6>\n<span>Professor Titular<\/span>\n\n<\/a><h6>\n<span>Bolsista de Produtividade Desen. Tec. e Extens\u00e3o Inovadora do CNPq - N\u00edvel C<\/span><\/h6>\n\n\n\n<\/span><h6><span>1. Avaliador do BASis\/INEP\/MEC<\/span><\/h2>\n\n<\/span><h6><span>2. Chefe do LABER<\/span><\/h5>\n\n<\/span><h6><span>3. Membro do NDE<\/span><\/h2>\n\n<\/span><h6><span>4. Conselheiro Regional (suplente) no CREA-AP<\/span><\/h2>\n\n\n<\/h4>\t\t\t\t<\/div>\n\t\t\t\t<\/div>\n\t\t\t\t\t<\/div>\n\t\t<\/div>\n\t\t\t\t<div class=\"elementor-column elementor-col-25 elementor-top-column elementor-element elementor-element-f47d143\" data-id=\"f47d143\" data-element_type=\"column\" data-e-type=\"column\">\n\t\t\t<div class=\"elementor-widget-wrap elementor-element-populated\">\n\t\t\t\t\t\t<div class=\"elementor-element elementor-element-245a89e elementor-widget elementor-widget-image\" data-id=\"245a89e\" data-element_type=\"widget\" data-e-type=\"widget\" data-widget_type=\"image.default\">\n\t\t\t\t<div class=\"elementor-widget-container\">\n\t\t\t\t\t\t\t\t\t\t\t\t\t\t\t\t<a href=\"http:\/\/www2.unifap.br\/eletrica\/colegiado\/docentes\/andre-de-oliveira-ferreira\/\">\n\t\t\t\t\t\t\t<img decoding=\"async\" width=\"150\" height=\"150\" src=\"https:\/\/www2.unifap.br\/eletrica\/files\/2025\/06\/andre-site-eletrica-150x150.jpg\" class=\"attachment-thumbnail size-thumbnail wp-image-14160\" alt=\"\" \/>\t\t\t\t\t\t\t\t<\/a>\n\t\t\t\t\t\t\t\t\t\t\t\t\t\t\t<\/div>\n\t\t\t\t<\/div>\n\t\t\t\t\t<\/div>\n\t\t<\/div>\n\t\t\t\t<div class=\"elementor-column elementor-col-25 elementor-top-column elementor-element elementor-element-d50b6e9\" data-id=\"d50b6e9\" data-element_type=\"column\" data-e-type=\"column\">\n\t\t\t<div class=\"elementor-widget-wrap elementor-element-populated\">\n\t\t\t\t\t\t<div class=\"elementor-element elementor-element-f11d577 elementor-widget elementor-widget-heading\" data-id=\"f11d577\" data-element_type=\"widget\" data-e-type=\"widget\" data-widget_type=\"heading.default\">\n\t\t\t\t<div class=\"elementor-widget-container\">\n\t\t\t\t\t<h4 class=\"elementor-heading-title elementor-size-default\"><span><a><span><a>Prof. Dr. Andr\u00e9 de Oliveira Ferreira<\/span><\/a>\n\n<\/a><h6>\n<span>Professor Adjunto III<\/span><\/h2>\n\n<\/span><h6><span>1. Chefe do LINCON<\/span><\/h2><\/h4>\t\t\t\t<\/div>\n\t\t\t\t<\/div>\n\t\t\t\t\t<\/div>\n\t\t<\/div>\n\t\t\t\t\t<\/div>\n\t\t<\/section>\n\t\t\t\t<section class=\"elementor-section elementor-top-section elementor-element elementor-element-eb338d8 elementor-section-boxed elementor-section-height-default elementor-section-height-default\" data-id=\"eb338d8\" data-element_type=\"section\" data-e-type=\"section\">\n\t\t\t\t\t\t<div class=\"elementor-container elementor-column-gap-default\">\n\t\t\t\t\t<div class=\"elementor-column elementor-col-25 elementor-top-column elementor-element elementor-element-595ee8f\" data-id=\"595ee8f\" data-element_type=\"column\" data-e-type=\"column\">\n\t\t\t<div class=\"elementor-widget-wrap elementor-element-populated\">\n\t\t\t\t\t\t<div class=\"elementor-element elementor-element-7478cf2 elementor-widget elementor-widget-image\" data-id=\"7478cf2\" data-element_type=\"widget\" data-e-type=\"widget\" data-widget_type=\"image.default\">\n\t\t\t\t<div class=\"elementor-widget-container\">\n\t\t\t\t\t\t\t\t\t\t\t\t\t\t\t\t<a href=\"http:\/\/www2.unifap.br\/eletrica\/colegiado\/docentes\/andrey-da-costa-lopes\/\">\n\t\t\t\t\t\t\t<img decoding=\"async\" width=\"150\" height=\"150\" src=\"https:\/\/www2.unifap.br\/eletrica\/files\/2021\/04\/WhatsApp-Image-2021-04-02-at-14.55.53-150x150.jpeg\" class=\"attachment-thumbnail size-thumbnail wp-image-8100\" alt=\"\" \/>\t\t\t\t\t\t\t\t<\/a>\n\t\t\t\t\t\t\t\t\t\t\t\t\t\t\t<\/div>\n\t\t\t\t<\/div>\n\t\t\t\t\t<\/div>\n\t\t<\/div>\n\t\t\t\t<div class=\"elementor-column elementor-col-25 elementor-top-column elementor-element elementor-element-bfbda46\" data-id=\"bfbda46\" data-element_type=\"column\" data-e-type=\"column\">\n\t\t\t<div class=\"elementor-widget-wrap elementor-element-populated\">\n\t\t\t\t\t\t<div class=\"elementor-element elementor-element-7759560 elementor-widget elementor-widget-heading\" data-id=\"7759560\" data-element_type=\"widget\" data-e-type=\"widget\" data-widget_type=\"heading.default\">\n\t\t\t\t<div class=\"elementor-widget-container\">\n\t\t\t\t\t<h4 class=\"elementor-heading-title elementor-size-default\"><span><a><span><a>Prof. Dr. Andrey da Costa Lopes<\/span>\n<\/a><h2>\n\n\n<\/a><h6>\n<span>Professor Adjunto IV<\/span><\/h2>\n<\/h4>\t\t\t\t<\/div>\n\t\t\t\t<\/div>\n\t\t\t\t\t<\/div>\n\t\t<\/div>\n\t\t\t\t<div class=\"elementor-column elementor-col-25 elementor-top-column elementor-element elementor-element-54d4c24\" data-id=\"54d4c24\" data-element_type=\"column\" data-e-type=\"column\">\n\t\t\t<div class=\"elementor-widget-wrap elementor-element-populated\">\n\t\t\t\t\t\t<div class=\"elementor-element elementor-element-1238ad8 elementor-widget elementor-widget-image\" data-id=\"1238ad8\" data-element_type=\"widget\" data-e-type=\"widget\" data-widget_type=\"image.default\">\n\t\t\t\t<div class=\"elementor-widget-container\">\n\t\t\t\t\t\t\t\t\t\t\t\t\t\t\t\t<a href=\"https:\/\/www2.unifap.br\/eletrica\/portal-docente\/docentes\/Prof.%20Artino%20Quintino%20da%20Silva%20Filho\/\">\n\t\t\t\t\t\t\t<img loading=\"lazy\" decoding=\"async\" width=\"150\" height=\"150\" src=\"https:\/\/www2.unifap.br\/eletrica\/files\/2020\/03\/Captura-de-Tela-2020-03-23-\u00e0s-13.38.37-150x150.jpg\" class=\"attachment-thumbnail size-thumbnail wp-image-4897\" alt=\"\" srcset=\"https:\/\/www2.unifap.br\/eletrica\/files\/2020\/03\/Captura-de-Tela-2020-03-23-\u00e0s-13.38.37-150x150.jpg 150w, https:\/\/www2.unifap.br\/eletrica\/files\/2020\/03\/Captura-de-Tela-2020-03-23-\u00e0s-13.38.37-300x298.jpg 300w, https:\/\/www2.unifap.br\/eletrica\/files\/2020\/03\/Captura-de-Tela-2020-03-23-\u00e0s-13.38.37.jpg 750w\" sizes=\"(max-width: 150px) 100vw, 150px\" \/>\t\t\t\t\t\t\t\t<\/a>\n\t\t\t\t\t\t\t\t\t\t\t\t\t\t\t<\/div>\n\t\t\t\t<\/div>\n\t\t\t\t\t<\/div>\n\t\t<\/div>\n\t\t\t\t<div class=\"elementor-column elementor-col-25 elementor-top-column elementor-element elementor-element-6b331c3\" data-id=\"6b331c3\" data-element_type=\"column\" data-e-type=\"column\">\n\t\t\t<div class=\"elementor-widget-wrap elementor-element-populated\">\n\t\t\t\t\t\t<div class=\"elementor-element elementor-element-cbad34b elementor-widget elementor-widget-heading\" data-id=\"cbad34b\" data-element_type=\"widget\" data-e-type=\"widget\" data-widget_type=\"heading.default\">\n\t\t\t\t<div class=\"elementor-widget-container\">\n\t\t\t\t\t<h4 class=\"elementor-heading-title elementor-size-default\"><span><a><span><a>Prof. Me. Artino Quintino da Silva Filho<\/span><\/a><\/span>\n\n<\/a><h6>\n<span>Professor Assistente I<\/span><\/h2>\n\n<\/span><h6><span>\nEm exerc\u00edcio na Universidade Federal de S\u00e3o Carlos - UFSCAR<\/span><\/h6><\/h4>\t\t\t\t<\/div>\n\t\t\t\t<\/div>\n\t\t\t\t\t<\/div>\n\t\t<\/div>\n\t\t\t\t\t<\/div>\n\t\t<\/section>\n\t\t\t\t<section class=\"elementor-section elementor-top-section elementor-element elementor-element-5734035 elementor-section-boxed elementor-section-height-default elementor-section-height-default\" data-id=\"5734035\" data-element_type=\"section\" data-e-type=\"section\">\n\t\t\t\t\t\t<div class=\"elementor-container elementor-column-gap-default\">\n\t\t\t\t\t<div class=\"elementor-column elementor-col-25 elementor-top-column elementor-element elementor-element-e69556d\" data-id=\"e69556d\" data-element_type=\"column\" data-e-type=\"column\">\n\t\t\t<div class=\"elementor-widget-wrap elementor-element-populated\">\n\t\t\t\t\t\t<div class=\"elementor-element elementor-element-b79917c elementor-widget elementor-widget-image\" data-id=\"b79917c\" data-element_type=\"widget\" data-e-type=\"widget\" data-widget_type=\"image.default\">\n\t\t\t\t<div class=\"elementor-widget-container\">\n\t\t\t\t\t\t\t\t\t\t\t\t\t\t\t\t<a href=\"http:\/\/www2.unifap.br\/eletrica\/colegiado\/docentes\/2166-2\/\">\n\t\t\t\t\t\t\t<img loading=\"lazy\" decoding=\"async\" width=\"150\" height=\"150\" src=\"https:\/\/www2.unifap.br\/eletrica\/files\/2026\/01\/2025-Felipe-150x150.jpeg\" class=\"attachment-thumbnail size-thumbnail wp-image-14339\" alt=\"\" \/>\t\t\t\t\t\t\t\t<\/a>\n\t\t\t\t\t\t\t\t\t\t\t\t\t\t\t<\/div>\n\t\t\t\t<\/div>\n\t\t\t\t\t<\/div>\n\t\t<\/div>\n\t\t\t\t<div class=\"elementor-column elementor-col-25 elementor-top-column elementor-element elementor-element-5ad7c02\" data-id=\"5ad7c02\" data-element_type=\"column\" data-e-type=\"column\">\n\t\t\t<div class=\"elementor-widget-wrap elementor-element-populated\">\n\t\t\t\t\t\t<div class=\"elementor-element elementor-element-e47febc elementor-widget elementor-widget-heading\" data-id=\"e47febc\" data-element_type=\"widget\" data-e-type=\"widget\" data-widget_type=\"heading.default\">\n\t\t\t\t<div class=\"elementor-widget-container\">\n\t\t\t\t\t<h4 class=\"elementor-heading-title elementor-size-default\"><span><a><span><a>Prof. Dr. Felipe Monteiro<\/span><\/a><\/span>\n\n<\/a><h6>\n<span>Professor Adjunto III<\/span><\/h2>\n\n<\/span><h6><span>1. Diretor do NITT\/PROPESPG<\/span><\/h2>\n\n<\/span><h6><span>2. Avaliador do BASis\/INEP\/MEC<\/span><\/h2>\n<\/h4>\t\t\t\t<\/div>\n\t\t\t\t<\/div>\n\t\t\t\t\t<\/div>\n\t\t<\/div>\n\t\t\t\t<div class=\"elementor-column elementor-col-25 elementor-top-column elementor-element elementor-element-28be177\" data-id=\"28be177\" data-element_type=\"column\" data-e-type=\"column\">\n\t\t\t<div class=\"elementor-widget-wrap elementor-element-populated\">\n\t\t\t\t\t\t<div class=\"elementor-element elementor-element-9c1eabe elementor-widget elementor-widget-image\" data-id=\"9c1eabe\" data-element_type=\"widget\" data-e-type=\"widget\" data-widget_type=\"image.default\">\n\t\t\t\t<div class=\"elementor-widget-container\">\n\t\t\t\t\t\t\t\t\t\t\t\t\t\t\t\t<a href=\"http:\/\/www2.unifap.br\/eletrica\/colegiado\/docentes\/profa-fernanda-smith\/\">\n\t\t\t\t\t\t\t<img loading=\"lazy\" decoding=\"async\" width=\"150\" height=\"150\" src=\"https:\/\/www2.unifap.br\/eletrica\/files\/2021\/03\/WhatsApp-Image-2021-03-11-at-13.51.48-150x150.jpeg\" class=\"attachment-thumbnail size-thumbnail wp-image-7862\" alt=\"\" \/>\t\t\t\t\t\t\t\t<\/a>\n\t\t\t\t\t\t\t\t\t\t\t\t\t\t\t<\/div>\n\t\t\t\t<\/div>\n\t\t\t\t\t<\/div>\n\t\t<\/div>\n\t\t\t\t<div class=\"elementor-column elementor-col-25 elementor-top-column elementor-element elementor-element-33a0231\" data-id=\"33a0231\" data-element_type=\"column\" data-e-type=\"column\">\n\t\t\t<div class=\"elementor-widget-wrap elementor-element-populated\">\n\t\t\t\t\t\t<div class=\"elementor-element elementor-element-c6a1769 elementor-widget elementor-widget-heading\" data-id=\"c6a1769\" data-element_type=\"widget\" data-e-type=\"widget\" data-widget_type=\"heading.default\">\n\t\t\t\t<div class=\"elementor-widget-container\">\n\t\t\t\t\t<h4 class=\"elementor-heading-title elementor-size-default\"><span><a><span><a>Prof.\u00aa Dra. Fernanda Regina Smith N. C.<\/span><\/a><\/span>\n\n<\/a><h6>\n<span>Professora Adjunto IV<\/span><\/h2>\n\n<\/span><h6><span>1. Vice-Diretora do DCET<\/span><\/h2>\n\n<\/span><h6><span>2. Chefe do LEAPS<\/span><\/h2>\n\n<\/span><h6><span>3. Membro do NDE<\/span><\/h2>\n<\/h4>\t\t\t\t<\/div>\n\t\t\t\t<\/div>\n\t\t\t\t\t<\/div>\n\t\t<\/div>\n\t\t\t\t\t<\/div>\n\t\t<\/section>\n\t\t\t\t<section class=\"elementor-section elementor-top-section elementor-element elementor-element-a71b57f elementor-section-boxed elementor-section-height-default elementor-section-height-default\" data-id=\"a71b57f\" data-element_type=\"section\" data-e-type=\"section\">\n\t\t\t\t\t\t<div class=\"elementor-container elementor-column-gap-default\">\n\t\t\t\t\t<div class=\"elementor-column elementor-col-25 elementor-top-column elementor-element elementor-element-760bd7e\" data-id=\"760bd7e\" data-element_type=\"column\" data-e-type=\"column\">\n\t\t\t<div class=\"elementor-widget-wrap elementor-element-populated\">\n\t\t\t\t\t\t<div class=\"elementor-element elementor-element-1a84b10 elementor-widget elementor-widget-image\" data-id=\"1a84b10\" data-element_type=\"widget\" data-e-type=\"widget\" data-widget_type=\"image.default\">\n\t\t\t\t<div class=\"elementor-widget-container\">\n\t\t\t\t\t\t\t\t\t\t\t\t\t\t\t\t<a href=\"http:\/\/www2.unifap.br\/eletrica\/colegiado\/docentes\/prof-geraldo-maranhao\/\">\n\t\t\t\t\t\t\t<img loading=\"lazy\" decoding=\"async\" width=\"150\" height=\"150\" src=\"https:\/\/www2.unifap.br\/eletrica\/files\/2024\/03\/Geraldo-2024-150x150.jpg\" class=\"attachment-thumbnail size-thumbnail wp-image-13464\" alt=\"\" srcset=\"https:\/\/www2.unifap.br\/eletrica\/files\/2024\/03\/Geraldo-2024-150x150.jpg 150w, https:\/\/www2.unifap.br\/eletrica\/files\/2024\/03\/Geraldo-2024-300x300.jpg 300w, https:\/\/www2.unifap.br\/eletrica\/files\/2024\/03\/Geraldo-2024.jpg 597w\" sizes=\"(max-width: 150px) 100vw, 150px\" \/>\t\t\t\t\t\t\t\t<\/a>\n\t\t\t\t\t\t\t\t\t\t\t\t\t\t\t<\/div>\n\t\t\t\t<\/div>\n\t\t\t\t\t<\/div>\n\t\t<\/div>\n\t\t\t\t<div class=\"elementor-column elementor-col-25 elementor-top-column elementor-element elementor-element-876569c\" data-id=\"876569c\" data-element_type=\"column\" data-e-type=\"column\">\n\t\t\t<div class=\"elementor-widget-wrap elementor-element-populated\">\n\t\t\t\t\t\t<div class=\"elementor-element elementor-element-6255a77 elementor-widget elementor-widget-heading\" data-id=\"6255a77\" data-element_type=\"widget\" data-e-type=\"widget\" data-widget_type=\"heading.default\">\n\t\t\t\t<div class=\"elementor-widget-container\">\n\t\t\t\t\t<h4 class=\"elementor-heading-title elementor-size-default\"><span><a><span><a>Prof. Dr. Geraldo N. de A. Maranh\u00e3o<\/span><\/a>\n\n<\/a><h6>\n<span>Professor Associado I<\/span><\/h2>\n\n<\/span><h6><span>1. Chefe do LAC<\/span><\/h2>\n<\/h4>\t\t\t\t<\/div>\n\t\t\t\t<\/div>\n\t\t\t\t\t<\/div>\n\t\t<\/div>\n\t\t\t\t<div class=\"elementor-column elementor-col-25 elementor-top-column elementor-element elementor-element-c6f78d1\" data-id=\"c6f78d1\" data-element_type=\"column\" data-e-type=\"column\">\n\t\t\t<div class=\"elementor-widget-wrap elementor-element-populated\">\n\t\t\t\t\t\t<div class=\"elementor-element elementor-element-620e9d8 elementor-widget elementor-widget-image\" data-id=\"620e9d8\" data-element_type=\"widget\" data-e-type=\"widget\" data-widget_type=\"image.default\">\n\t\t\t\t<div class=\"elementor-widget-container\">\n\t\t\t\t\t\t\t\t\t\t\t\t\t\t\t\t<a href=\"http:\/\/www2.unifap.br\/eletrica\/colegiado\/docentes\/helyelson-paredes-moura\/\">\n\t\t\t\t\t\t\t<img loading=\"lazy\" decoding=\"async\" width=\"150\" height=\"150\" src=\"https:\/\/www2.unifap.br\/eletrica\/files\/2025\/07\/Imagem-do-WhatsApp-de-2025-07-03-as-19.52.50_3f59003a-150x150.jpg\" class=\"attachment-thumbnail size-thumbnail wp-image-14176\" alt=\"\" \/>\t\t\t\t\t\t\t\t<\/a>\n\t\t\t\t\t\t\t\t\t\t\t\t\t\t\t<\/div>\n\t\t\t\t<\/div>\n\t\t\t\t\t<\/div>\n\t\t<\/div>\n\t\t\t\t<div class=\"elementor-column elementor-col-25 elementor-top-column elementor-element elementor-element-514e36b\" data-id=\"514e36b\" data-element_type=\"column\" data-e-type=\"column\">\n\t\t\t<div class=\"elementor-widget-wrap elementor-element-populated\">\n\t\t\t\t\t\t<div class=\"elementor-element elementor-element-0e8edb1 elementor-widget elementor-widget-heading\" data-id=\"0e8edb1\" data-element_type=\"widget\" data-e-type=\"widget\" data-widget_type=\"heading.default\">\n\t\t\t\t<div class=\"elementor-widget-container\">\n\t\t\t\t\t<h4 class=\"elementor-heading-title elementor-size-default\"><span><a><span><a>Prof. Dr. Helyelson Paredes Moura<\/span><\/a>\n\n<\/a><h6>\n<span>Professor Associado IV<\/span><\/h2>\n\n<\/span><h6><span>1. Membro do NDE<\/span><\/h2><\/h4>\t\t\t\t<\/div>\n\t\t\t\t<\/div>\n\t\t\t\t\t<\/div>\n\t\t<\/div>\n\t\t\t\t\t<\/div>\n\t\t<\/section>\n\t\t\t\t<section class=\"elementor-section elementor-top-section elementor-element elementor-element-ab8a884 elementor-section-boxed elementor-section-height-default elementor-section-height-default\" data-id=\"ab8a884\" data-element_type=\"section\" data-e-type=\"section\">\n\t\t\t\t\t\t<div class=\"elementor-container elementor-column-gap-default\">\n\t\t\t\t\t<div class=\"elementor-column elementor-col-25 elementor-top-column elementor-element elementor-element-0ed7664\" data-id=\"0ed7664\" data-element_type=\"column\" data-e-type=\"column\">\n\t\t\t<div class=\"elementor-widget-wrap elementor-element-populated\">\n\t\t\t\t\t\t<div class=\"elementor-element elementor-element-91054dc elementor-widget elementor-widget-image\" data-id=\"91054dc\" data-element_type=\"widget\" data-e-type=\"widget\" data-widget_type=\"image.default\">\n\t\t\t\t<div class=\"elementor-widget-container\">\n\t\t\t\t\t\t\t\t\t\t\t\t\t\t\t\t<a href=\"http:\/\/www2.unifap.br\/eletrica\/colegiado\/docentes\/prof-jose-reinaldo-cardoso-nery\">\n\t\t\t\t\t\t\t<img loading=\"lazy\" decoding=\"async\" width=\"100\" height=\"99\" src=\"https:\/\/www2.unifap.br\/eletrica\/files\/2024\/03\/IMG-20180310-WA0080-1-e1710534303420.png\" class=\"attachment-thumbnail size-thumbnail wp-image-13457\" alt=\"\" \/>\t\t\t\t\t\t\t\t<\/a>\n\t\t\t\t\t\t\t\t\t\t\t\t\t\t\t<\/div>\n\t\t\t\t<\/div>\n\t\t\t\t\t<\/div>\n\t\t<\/div>\n\t\t\t\t<div class=\"elementor-column elementor-col-25 elementor-top-column elementor-element elementor-element-e050591\" data-id=\"e050591\" data-element_type=\"column\" data-e-type=\"column\">\n\t\t\t<div class=\"elementor-widget-wrap elementor-element-populated\">\n\t\t\t\t\t\t<div class=\"elementor-element elementor-element-decfadb elementor-widget elementor-widget-heading\" data-id=\"decfadb\" data-element_type=\"widget\" data-e-type=\"widget\" data-widget_type=\"heading.default\">\n\t\t\t\t<div class=\"elementor-widget-container\">\n\t\t\t\t\t<h4 class=\"elementor-heading-title elementor-size-default\"><span><a><span><a>Prof. Dr. Jos\u00e9 Reinaldo C. Nery<\/span><\/a>\n\n<\/a><h6>\n<span>Professor Associado IV<\/span><\/h2>\n\n<\/span><h6><span>1. Chefe do LAFEM<\/span><\/h2><\/h4>\t\t\t\t<\/div>\n\t\t\t\t<\/div>\n\t\t\t\t\t<\/div>\n\t\t<\/div>\n\t\t\t\t<div class=\"elementor-column elementor-col-25 elementor-top-column elementor-element elementor-element-7b57bf2\" data-id=\"7b57bf2\" data-element_type=\"column\" data-e-type=\"column\">\n\t\t\t<div class=\"elementor-widget-wrap elementor-element-populated\">\n\t\t\t\t\t\t<div class=\"elementor-element elementor-element-5a14d1d elementor-widget elementor-widget-image\" data-id=\"5a14d1d\" data-element_type=\"widget\" data-e-type=\"widget\" data-widget_type=\"image.default\">\n\t\t\t\t<div class=\"elementor-widget-container\">\n\t\t\t\t\t\t\t\t\t\t\t\t\t\t\t\t<a href=\"http:\/\/www2.unifap.br\/eletrica\/colegiado\/docentes\/prof%C2%AA-kellen-gomes\/\">\n\t\t\t\t\t\t\t<img loading=\"lazy\" decoding=\"async\" width=\"150\" height=\"150\" src=\"https:\/\/www2.unifap.br\/eletrica\/files\/2023\/11\/kellen-1-150x150.jpeg\" class=\"attachment-thumbnail size-thumbnail wp-image-12448\" alt=\"\" \/>\t\t\t\t\t\t\t\t<\/a>\n\t\t\t\t\t\t\t\t\t\t\t\t\t\t\t<\/div>\n\t\t\t\t<\/div>\n\t\t\t\t\t<\/div>\n\t\t<\/div>\n\t\t\t\t<div class=\"elementor-column elementor-col-25 elementor-top-column elementor-element elementor-element-931b8cf\" data-id=\"931b8cf\" data-element_type=\"column\" data-e-type=\"column\">\n\t\t\t<div class=\"elementor-widget-wrap elementor-element-populated\">\n\t\t\t\t\t\t<div class=\"elementor-element elementor-element-736f59b elementor-widget elementor-widget-heading\" data-id=\"736f59b\" data-element_type=\"widget\" data-e-type=\"widget\" data-widget_type=\"heading.default\">\n\t\t\t\t<div class=\"elementor-widget-container\">\n\t\t\t\t\t<h4 class=\"elementor-heading-title elementor-size-default\"><span><a><span><a>Prof.\u00aa Ma. Kellen Diane de Carvalho Gomes<\/span><\/a>\n\n<\/a><h6>\n<span>Professora Assistente<\/span><\/h2>\n\n<\/span><h6><span>1. Vice-Coordenadora do Curso de Engenharia El\u00e9trica<\/span><\/h2>\n\n<\/span><h6><span>2. Coordenadora de AACC<\/span><\/h2>\n\n<\/span><h6><span>3. Chefe do LACEE<\/span><\/h2>\n\n<\/span><h6><span>4. Vice-Presidente do NDE<\/span><\/h2><\/h4>\t\t\t\t<\/div>\n\t\t\t\t<\/div>\n\t\t\t\t\t<\/div>\n\t\t<\/div>\n\t\t\t\t\t<\/div>\n\t\t<\/section>\n\t\t\t\t<section class=\"elementor-section elementor-top-section elementor-element elementor-element-645010d elementor-section-boxed elementor-section-height-default elementor-section-height-default\" data-id=\"645010d\" data-element_type=\"section\" data-e-type=\"section\">\n\t\t\t\t\t\t<div class=\"elementor-container elementor-column-gap-default\">\n\t\t\t\t\t<div class=\"elementor-column elementor-col-25 elementor-top-column elementor-element elementor-element-b346c4c\" data-id=\"b346c4c\" data-element_type=\"column\" data-e-type=\"column\">\n\t\t\t<div class=\"elementor-widget-wrap elementor-element-populated\">\n\t\t\t\t\t\t<div class=\"elementor-element elementor-element-d428d5d elementor-widget elementor-widget-image\" data-id=\"d428d5d\" data-element_type=\"widget\" data-e-type=\"widget\" data-widget_type=\"image.default\">\n\t\t\t\t<div class=\"elementor-widget-container\">\n\t\t\t\t\t\t\t\t\t\t\t\t\t\t\t\t<a href=\"https:\/\/www2.unifap.br\/eletrica\/portal-docente\/docentes\/marcus_pantoja\/\">\n\t\t\t\t\t\t\t<img loading=\"lazy\" decoding=\"async\" width=\"150\" height=\"150\" src=\"https:\/\/www2.unifap.br\/eletrica\/files\/2022\/04\/Marcus-Pantoja2.gif\" class=\"attachment-thumbnail size-thumbnail wp-image-8838\" alt=\"\" \/>\t\t\t\t\t\t\t\t<\/a>\n\t\t\t\t\t\t\t\t\t\t\t\t\t\t\t<\/div>\n\t\t\t\t<\/div>\n\t\t\t\t\t<\/div>\n\t\t<\/div>\n\t\t\t\t<div class=\"elementor-column elementor-col-25 elementor-top-column elementor-element elementor-element-5e04b99\" data-id=\"5e04b99\" data-element_type=\"column\" data-e-type=\"column\">\n\t\t\t<div class=\"elementor-widget-wrap elementor-element-populated\">\n\t\t\t\t\t\t<div class=\"elementor-element elementor-element-9709086 elementor-widget elementor-widget-heading\" data-id=\"9709086\" data-element_type=\"widget\" data-e-type=\"widget\" data-widget_type=\"heading.default\">\n\t\t\t\t<div class=\"elementor-widget-container\">\n\t\t\t\t\t<h4 class=\"elementor-heading-title elementor-size-default\"><span><a><span><a>Prof. Me. Marcus Pantoja da Silva<\/a><\/span>\n\n<\/a><h6>\n<span>Professor Assistente A2<\/span><\/h2>\n\n<\/span><h6><span>1. Presidente da Comiss\u00e3o de Est\u00e1gio do Curso de Engenharia El\u00e9trica<\/span><\/h2>\n\n<\/span><h6><span>2. Membro do NDE<\/span><\/h2><\/h4>\t\t\t\t<\/div>\n\t\t\t\t<\/div>\n\t\t\t\t\t<\/div>\n\t\t<\/div>\n\t\t\t\t<div class=\"elementor-column elementor-col-25 elementor-top-column elementor-element elementor-element-c0ead1d\" data-id=\"c0ead1d\" data-element_type=\"column\" data-e-type=\"column\">\n\t\t\t<div class=\"elementor-widget-wrap elementor-element-populated\">\n\t\t\t\t\t\t<div class=\"elementor-element elementor-element-550107a elementor-widget elementor-widget-image\" data-id=\"550107a\" data-element_type=\"widget\" data-e-type=\"widget\" data-widget_type=\"image.default\">\n\t\t\t\t<div class=\"elementor-widget-container\">\n\t\t\t\t\t\t\t\t\t\t\t\t\t\t\t\t<a href=\"http:\/\/www2.unifap.br\/eletrica\/colegiado\/docentes\/michele-de-nazare-novaes-santos\">\n\t\t\t\t\t\t\t<img loading=\"lazy\" decoding=\"async\" width=\"150\" height=\"150\" src=\"https:\/\/www2.unifap.br\/eletrica\/files\/2020\/03\/thumbnail_Captura-de-Tela-2020-03-23-\u00e0s-13.51.53-150x150.png\" class=\"attachment-thumbnail size-thumbnail wp-image-4903\" alt=\"\" srcset=\"https:\/\/www2.unifap.br\/eletrica\/files\/2020\/03\/thumbnail_Captura-de-Tela-2020-03-23-\u00e0s-13.51.53-150x150.png 150w, https:\/\/www2.unifap.br\/eletrica\/files\/2020\/03\/thumbnail_Captura-de-Tela-2020-03-23-\u00e0s-13.51.53-300x297.png 300w\" sizes=\"(max-width: 150px) 100vw, 150px\" \/>\t\t\t\t\t\t\t\t<\/a>\n\t\t\t\t\t\t\t\t\t\t\t\t\t\t\t<\/div>\n\t\t\t\t<\/div>\n\t\t\t\t\t<\/div>\n\t\t<\/div>\n\t\t\t\t<div class=\"elementor-column elementor-col-25 elementor-top-column elementor-element elementor-element-8ff0a82\" data-id=\"8ff0a82\" data-element_type=\"column\" data-e-type=\"column\">\n\t\t\t<div class=\"elementor-widget-wrap elementor-element-populated\">\n\t\t\t\t\t\t<div class=\"elementor-element elementor-element-c306e62 elementor-widget elementor-widget-heading\" data-id=\"c306e62\" data-element_type=\"widget\" data-e-type=\"widget\" data-widget_type=\"heading.default\">\n\t\t\t\t<div class=\"elementor-widget-container\">\n\t\t\t\t\t<h4 class=\"elementor-heading-title elementor-size-default\"><span><a><span><a>Prof.\u00aa Dra. Michele de Nazar\u00e9 N. Santos<\/span><\/a><\/span>\n\n<\/a><h6>\n<span>Professora Adjunto III<\/span><\/h2>\n\n<\/span><h6><span>1. Coordenadora do Curso de Engenharia El\u00e9trica<\/span><\/h2>\n\n<\/span><h6><span>2. Presidente do NDE<\/span><\/h2>\n\n<\/span><h6><span>3. Avaliadora do BASis\/INEP\/MEC<\/span><\/h2><\/h4>\t\t\t\t<\/div>\n\t\t\t\t<\/div>\n\t\t\t\t\t<\/div>\n\t\t<\/div>\n\t\t\t\t\t<\/div>\n\t\t<\/section>\n\t\t\t\t<section class=\"elementor-section elementor-top-section elementor-element elementor-element-abdbca5 elementor-section-boxed elementor-section-height-default elementor-section-height-default\" data-id=\"abdbca5\" data-element_type=\"section\" data-e-type=\"section\">\n\t\t\t\t\t\t<div class=\"elementor-container elementor-column-gap-default\">\n\t\t\t\t\t<div class=\"elementor-column elementor-col-25 elementor-top-column elementor-element elementor-element-605c101\" data-id=\"605c101\" data-element_type=\"column\" data-e-type=\"column\">\n\t\t\t<div class=\"elementor-widget-wrap elementor-element-populated\">\n\t\t\t\t\t\t<div class=\"elementor-element elementor-element-203771d elementor-widget elementor-widget-image\" data-id=\"203771d\" data-element_type=\"widget\" data-e-type=\"widget\" data-widget_type=\"image.default\">\n\t\t\t\t<div class=\"elementor-widget-container\">\n\t\t\t\t\t\t\t\t\t\t\t\t\t\t\t\t<a href=\"https:\/\/www2.unifap.br\/eletrica\/portal-docente\/docentes\/moises_sales\/\">\n\t\t\t\t\t\t\t<img loading=\"lazy\" decoding=\"async\" width=\"150\" height=\"132\" src=\"https:\/\/www2.unifap.br\/eletrica\/files\/2022\/04\/Moises-Sales.jpg\" class=\"attachment-thumbnail size-thumbnail wp-image-8803\" alt=\"\" \/>\t\t\t\t\t\t\t\t<\/a>\n\t\t\t\t\t\t\t\t\t\t\t\t\t\t\t<\/div>\n\t\t\t\t<\/div>\n\t\t\t\t\t<\/div>\n\t\t<\/div>\n\t\t\t\t<div class=\"elementor-column elementor-col-25 elementor-top-column elementor-element elementor-element-a2122dc\" data-id=\"a2122dc\" data-element_type=\"column\" data-e-type=\"column\">\n\t\t\t<div class=\"elementor-widget-wrap elementor-element-populated\">\n\t\t\t\t\t\t<div class=\"elementor-element elementor-element-c446708 elementor-widget elementor-widget-heading\" data-id=\"c446708\" data-element_type=\"widget\" data-e-type=\"widget\" data-widget_type=\"heading.default\">\n\t\t\t\t<div class=\"elementor-widget-container\">\n\t\t\t\t\t<h4 class=\"elementor-heading-title elementor-size-default\"><span><a><span><a>Prof. Me. Mois\u00e9s Hamss\u00e9s Sales de Sousa<\/span><\/a>\n\n<\/a><h6>\n<span>Professor Assistente A2<\/span><\/h2>\n\n<h6>\n<span>1. Doutorando - BIONORTE\/UNIFAP<\/span><\/h2><\/span>\n\n<\/span><h6><span>2. Membro do NDE<\/span><\/h2>\n<\/h4>\t\t\t\t<\/div>\n\t\t\t\t<\/div>\n\t\t\t\t\t<\/div>\n\t\t<\/div>\n\t\t\t\t<div class=\"elementor-column elementor-col-25 elementor-top-column elementor-element elementor-element-ead1751\" data-id=\"ead1751\" data-element_type=\"column\" data-e-type=\"column\">\n\t\t\t<div class=\"elementor-widget-wrap elementor-element-populated\">\n\t\t\t\t\t\t<div class=\"elementor-element elementor-element-e4e4b39 elementor-widget elementor-widget-image\" data-id=\"e4e4b39\" data-element_type=\"widget\" data-e-type=\"widget\" data-widget_type=\"image.default\">\n\t\t\t\t<div class=\"elementor-widget-container\">\n\t\t\t\t\t\t\t\t\t\t\t\t\t\t\t\t<a href=\"http:\/\/www2.unifap.br\/eletrica\/portal-docente\/docentes\/profc\/\">\n\t\t\t\t\t\t\t<img decoding=\"async\" src=\"http:\/\/www2.unifap.br\/eletrica\/files\/2026\/02\/WhatsApp-Image-2026-01-15-at-10.05.41.jpeg\" title=\"\" alt=\"\" loading=\"lazy\" \/>\t\t\t\t\t\t\t\t<\/a>\n\t\t\t\t\t\t\t\t\t\t\t\t\t\t\t<\/div>\n\t\t\t\t<\/div>\n\t\t\t\t\t<\/div>\n\t\t<\/div>\n\t\t\t\t<div class=\"elementor-column elementor-col-25 elementor-top-column elementor-element elementor-element-3bf7066\" data-id=\"3bf7066\" data-element_type=\"column\" data-e-type=\"column\">\n\t\t\t<div class=\"elementor-widget-wrap elementor-element-populated\">\n\t\t\t\t\t\t<div class=\"elementor-element elementor-element-d107421 elementor-widget elementor-widget-heading\" data-id=\"d107421\" data-element_type=\"widget\" data-e-type=\"widget\" data-widget_type=\"heading.default\">\n\t\t\t\t<div class=\"elementor-widget-container\">\n\t\t\t\t\t<h4 class=\"elementor-heading-title elementor-size-default\"><span><a><span><\/span><\/a><a>Prof. Me. Raphael Diego Comesanha e Silva<\/a><\/span>\n\n<h6>\n<span>Professor Adjunto III<\/span><\/h6>\n\n\n<h6>\n<span>Doutorando - PPGEEL\/UFSC<\/span><\/h6>\n\n\n<\/span><h6><span>1. Chefe do LAMEC<\/span><\/h2><\/h4>\t\t\t\t<\/div>\n\t\t\t\t<\/div>\n\t\t\t\t\t<\/div>\n\t\t<\/div>\n\t\t\t\t\t<\/div>\n\t\t<\/section>\n\t\t\t\t<section class=\"elementor-section elementor-top-section elementor-element elementor-element-3e3a4e5 elementor-section-boxed elementor-section-height-default elementor-section-height-default\" data-id=\"3e3a4e5\" data-element_type=\"section\" data-e-type=\"section\">\n\t\t\t\t\t\t<div class=\"elementor-container elementor-column-gap-default\">\n\t\t\t\t\t<div class=\"elementor-column elementor-col-25 elementor-top-column elementor-element elementor-element-6ac8810\" data-id=\"6ac8810\" data-element_type=\"column\" data-e-type=\"column\">\n\t\t\t<div class=\"elementor-widget-wrap elementor-element-populated\">\n\t\t\t\t\t\t<div class=\"elementor-element elementor-element-2a272ef elementor-widget elementor-widget-image\" data-id=\"2a272ef\" data-element_type=\"widget\" data-e-type=\"widget\" data-widget_type=\"image.default\">\n\t\t\t\t<div class=\"elementor-widget-container\">\n\t\t\t\t\t\t\t\t\t\t\t\t\t\t\t\t<a href=\"http:\/\/www2.unifap.br\/eletrica\/colegiado\/docentes\/prof-werbeston-douglas-de-oliveira\/\">\n\t\t\t\t\t\t\t<img loading=\"lazy\" decoding=\"async\" width=\"150\" height=\"150\" src=\"https:\/\/www2.unifap.br\/eletrica\/files\/2017\/09\/servletrecuperafoto-150x150.jpg\" class=\"attachment-thumbnail size-thumbnail wp-image-3050\" alt=\"\" srcset=\"https:\/\/www2.unifap.br\/eletrica\/files\/2017\/09\/servletrecuperafoto-150x150.jpg 150w, https:\/\/www2.unifap.br\/eletrica\/files\/2017\/09\/servletrecuperafoto-300x300.jpg 300w, https:\/\/www2.unifap.br\/eletrica\/files\/2017\/09\/servletrecuperafoto-70x70.jpg 70w, https:\/\/www2.unifap.br\/eletrica\/files\/2017\/09\/servletrecuperafoto.jpg 640w\" sizes=\"(max-width: 150px) 100vw, 150px\" \/>\t\t\t\t\t\t\t\t<\/a>\n\t\t\t\t\t\t\t\t\t\t\t\t\t\t\t<\/div>\n\t\t\t\t<\/div>\n\t\t\t\t\t<\/div>\n\t\t<\/div>\n\t\t\t\t<div class=\"elementor-column elementor-col-25 elementor-top-column elementor-element elementor-element-fb6b617\" data-id=\"fb6b617\" data-element_type=\"column\" data-e-type=\"column\">\n\t\t\t<div class=\"elementor-widget-wrap elementor-element-populated\">\n\t\t\t\t\t\t<div class=\"elementor-element elementor-element-98116a9 elementor-widget elementor-widget-heading\" data-id=\"98116a9\" data-element_type=\"widget\" data-e-type=\"widget\" data-widget_type=\"heading.default\">\n\t\t\t\t<div class=\"elementor-widget-container\">\n\t\t\t\t\t<h4 class=\"elementor-heading-title elementor-size-default\"><span><a><span><a>Prof. Dr. Werbeston Douglas de Oliveira<\/a><\/span>\n\n<\/a><h6>\n<span>Professor Adjunto III<\/span><\/h2>\n\n<\/a><h6>\n<span>Bolsista Produtividade DT do CNPq - N\u00edvel C<\/span><\/h2>\n\n<\/span><h6><span>1. Chair YP IEEE Se\u00e7\u00e3o centro-norte<\/span><\/h2>\n\n<\/span><h6><span>2. Vice-Chair IEEE se\u00e7\u00e3o centro-norte<\/span><\/h2>\n\n<\/span><h6><span>3. Coordenador do Parque Tecnol\u00f3gico - NITT<\/span><\/h2>\n\n<\/span><h6><span>4. Chefe do LABSEP<\/span><\/h2>\n\n<\/span><h6><span>5. Conselheiro Regional (titular) no CREA-AP<\/span><\/h2><\/h4>\t\t\t\t<\/div>\n\t\t\t\t<\/div>\n\t\t\t\t\t<\/div>\n\t\t<\/div>\n\t\t\t\t<div class=\"elementor-column elementor-col-25 elementor-top-column elementor-element elementor-element-9d746bf\" data-id=\"9d746bf\" data-element_type=\"column\" data-e-type=\"column\">\n\t\t\t<div class=\"elementor-widget-wrap\">\n\t\t\t\t\t\t\t<\/div>\n\t\t<\/div>\n\t\t\t\t<div class=\"elementor-column elementor-col-25 elementor-top-column elementor-element elementor-element-27cc752\" data-id=\"27cc752\" data-element_type=\"column\" data-e-type=\"column\">\n\t\t\t<div class=\"elementor-widget-wrap\">\n\t\t\t\t\t\t\t<\/div>\n\t\t<\/div>\n\t\t\t\t\t<\/div>\n\t\t<\/section>\n\t\t\t\t<section class=\"elementor-section elementor-top-section elementor-element elementor-element-9d14456 elementor-section-boxed elementor-section-height-default elementor-section-height-default\" data-id=\"9d14456\" data-element_type=\"section\" data-e-type=\"section\">\n\t\t\t\t\t\t<div class=\"elementor-container elementor-column-gap-default\">\n\t\t\t\t\t<div class=\"elementor-column elementor-col-100 elementor-top-column elementor-element elementor-element-152095e\" data-id=\"152095e\" data-element_type=\"column\" data-e-type=\"column\">\n\t\t\t<div class=\"elementor-widget-wrap elementor-element-populated\">\n\t\t\t\t\t\t<div class=\"elementor-element elementor-element-ce0d9b6 elementor-widget elementor-widget-heading\" data-id=\"ce0d9b6\" data-element_type=\"widget\" data-e-type=\"widget\" data-widget_type=\"heading.default\">\n\t\t\t\t<div class=\"elementor-widget-container\">\n\t\t\t\t\t<h2 class=\"elementor-heading-title elementor-size-default\"><br><p>Professores Substitutos:<span><\/span><\/p><\/h2>\t\t\t\t<\/div>\n\t\t\t\t<\/div>\n\t\t\t\t\t<\/div>\n\t\t<\/div>\n\t\t\t\t\t<\/div>\n\t\t<\/section>\n\t\t\t\t<section class=\"elementor-section elementor-top-section elementor-element elementor-element-694aa11 elementor-section-boxed elementor-section-height-default elementor-section-height-default\" data-id=\"694aa11\" data-element_type=\"section\" data-e-type=\"section\">\n\t\t\t\t\t\t<div class=\"elementor-container elementor-column-gap-default\">\n\t\t\t\t\t<div class=\"elementor-column elementor-col-25 elementor-top-column elementor-element elementor-element-243c198\" data-id=\"243c198\" data-element_type=\"column\" data-e-type=\"column\">\n\t\t\t<div class=\"elementor-widget-wrap\">\n\t\t\t\t\t\t\t<\/div>\n\t\t<\/div>\n\t\t\t\t<div class=\"elementor-column elementor-col-25 elementor-top-column elementor-element elementor-element-76352d9\" data-id=\"76352d9\" data-element_type=\"column\" data-e-type=\"column\">\n\t\t\t<div class=\"elementor-widget-wrap\">\n\t\t\t\t\t\t\t<\/div>\n\t\t<\/div>\n\t\t\t\t<div class=\"elementor-column elementor-col-25 elementor-top-column elementor-element elementor-element-a5a2f53\" data-id=\"a5a2f53\" data-element_type=\"column\" data-e-type=\"column\">\n\t\t\t<div class=\"elementor-widget-wrap\">\n\t\t\t\t\t\t\t<\/div>\n\t\t<\/div>\n\t\t\t\t<div class=\"elementor-column elementor-col-25 elementor-top-column elementor-element elementor-element-25bccf9\" data-id=\"25bccf9\" data-element_type=\"column\" data-e-type=\"column\">\n\t\t\t<div class=\"elementor-widget-wrap elementor-element-populated\">\n\t\t\t\t\t\t\t<\/div>\n\t\t<\/div>\n\t\t\t\t\t<\/div>\n\t\t<\/section>\n\t\t\t\t<\/div>\n\t\t","protected":false},"excerpt":{"rendered":"<p>DOCENTES O Colegiado de Engenharia El\u00e9trica possui um quadro permanente de 15 docentes, sendo 13 com forma\u00e7\u00e3o em Engenharia El\u00e9trica, 1 com forma\u00e7\u00e3o em Engenharia da Computa\u00e7\u00e3o e 1 com forma\u00e7\u00e3o em F\u00edsica, no qual, s\u00e3o 11 doutores e 4 mestres. Estes docentes t\u00eam atua\u00e7\u00e3o junto ao curso de Engenharia El\u00e9trica em atividades de ensino,&hellip;<\/p>\n","protected":false},"author":65,"featured_media":0,"parent":4736,"menu_order":1,"comment_status":"closed","ping_status":"closed","template":"fullwidth.php","meta":{"inline_featured_image":false,"ngg_post_thumbnail":0,"footnotes":""},"class_list":["post-20","page","type-page","status-publish","hentry"],"_links":{"self":[{"href":"https:\/\/www2.unifap.br\/eletrica\/wp-json\/wp\/v2\/pages\/20","targetHints":{"allow":["GET"]}}],"collection":[{"href":"https:\/\/www2.unifap.br\/eletrica\/wp-json\/wp\/v2\/pages"}],"about":[{"href":"https:\/\/www2.unifap.br\/eletrica\/wp-json\/wp\/v2\/types\/page"}],"author":[{"embeddable":true,"href":"https:\/\/www2.unifap.br\/eletrica\/wp-json\/wp\/v2\/users\/65"}],"replies":[{"embeddable":true,"href":"https:\/\/www2.unifap.br\/eletrica\/wp-json\/wp\/v2\/comments?post=20"}],"version-history":[{"count":535,"href":"https:\/\/www2.unifap.br\/eletrica\/wp-json\/wp\/v2\/pages\/20\/revisions"}],"predecessor-version":[{"id":14555,"href":"https:\/\/www2.unifap.br\/eletrica\/wp-json\/wp\/v2\/pages\/20\/revisions\/14555"}],"up":[{"embeddable":true,"href":"https:\/\/www2.unifap.br\/eletrica\/wp-json\/wp\/v2\/pages\/4736"}],"wp:attachment":[{"href":"https:\/\/www2.unifap.br\/eletrica\/wp-json\/wp\/v2\/media?parent=20"}],"curies":[{"name":"wp","href":"https:\/\/api.w.org\/{rel}","templated":true}]}}