{"id":3720,"date":"2020-02-13T17:59:59","date_gmt":"2020-02-13T20:59:59","guid":{"rendered":"http:\/\/www2.unifap.br\/eletrica\/?page_id=3720"},"modified":"2026-01-07T16:26:50","modified_gmt":"2026-01-07T19:26:50","slug":"colegiado-de-curso","status":"publish","type":"page","link":"https:\/\/www2.unifap.br\/eletrica\/portal-administrativo\/colegiado-de-curso\/","title":{"rendered":"Colegiado de Curso"},"content":{"rendered":"\t\t<div data-elementor-type=\"wp-post\" data-elementor-id=\"3720\" class=\"elementor elementor-3720\">\n\t\t\t\t\t\t<section class=\"elementor-section elementor-top-section elementor-element elementor-element-d1347e3 elementor-section-boxed elementor-section-height-default elementor-section-height-default\" data-id=\"d1347e3\" data-element_type=\"section\" data-e-type=\"section\">\n\t\t\t\t\t\t<div class=\"elementor-container elementor-column-gap-default\">\n\t\t\t\t\t<div class=\"elementor-column elementor-col-100 elementor-top-column elementor-element elementor-element-8790e7f\" data-id=\"8790e7f\" data-element_type=\"column\" data-e-type=\"column\">\n\t\t\t<div class=\"elementor-widget-wrap elementor-element-populated\">\n\t\t\t\t\t\t<div class=\"elementor-element elementor-element-23f3e8e elementor-widget-divider--view-line elementor-widget elementor-widget-divider\" data-id=\"23f3e8e\" data-element_type=\"widget\" data-e-type=\"widget\" data-widget_type=\"divider.default\">\n\t\t\t\t<div class=\"elementor-widget-container\">\n\t\t\t\t\t\t\t<div class=\"elementor-divider\">\n\t\t\t<span class=\"elementor-divider-separator\">\n\t\t\t\t\t\t<\/span>\n\t\t<\/div>\n\t\t\t\t\t\t<\/div>\n\t\t\t\t<\/div>\n\t\t\t\t\t<\/div>\n\t\t<\/div>\n\t\t\t\t\t<\/div>\n\t\t<\/section>\n\t\t\t\t<section class=\"elementor-section elementor-top-section elementor-element elementor-element-63b687f elementor-section-boxed elementor-section-height-default elementor-section-height-default\" data-id=\"63b687f\" data-element_type=\"section\" data-e-type=\"section\">\n\t\t\t\t\t\t<div class=\"elementor-container elementor-column-gap-default\">\n\t\t\t\t\t<div class=\"elementor-column elementor-col-100 elementor-top-column elementor-element elementor-element-8f88a5d\" data-id=\"8f88a5d\" data-element_type=\"column\" data-e-type=\"column\">\n\t\t\t<div class=\"elementor-widget-wrap elementor-element-populated\">\n\t\t\t\t\t\t<div class=\"elementor-element elementor-element-168f4ff elementor-widget elementor-widget-heading\" data-id=\"168f4ff\" data-element_type=\"widget\" data-e-type=\"widget\" data-widget_type=\"heading.default\">\n\t\t\t\t<div class=\"elementor-widget-container\">\n\t\t\t\t\t<h2 class=\"elementor-heading-title elementor-size-default\">Composi\u00e7\u00e3o e Compet\u00eancias<\/h2>\t\t\t\t<\/div>\n\t\t\t\t<\/div>\n\t\t\t\t\t<\/div>\n\t\t<\/div>\n\t\t\t\t\t<\/div>\n\t\t<\/section>\n\t\t\t\t<section class=\"elementor-section elementor-top-section elementor-element elementor-element-1f6b8e2 elementor-section-boxed elementor-section-height-default elementor-section-height-default\" data-id=\"1f6b8e2\" data-element_type=\"section\" data-e-type=\"section\">\n\t\t\t\t\t\t<div class=\"elementor-container elementor-column-gap-default\">\n\t\t\t\t\t<div class=\"elementor-column elementor-col-100 elementor-top-column elementor-element elementor-element-2873473\" data-id=\"2873473\" data-element_type=\"column\" data-e-type=\"column\">\n\t\t\t<div class=\"elementor-widget-wrap elementor-element-populated\">\n\t\t\t\t\t\t<div class=\"elementor-element elementor-element-ac6e2a6 elementor-widget-divider--view-line elementor-widget elementor-widget-divider\" data-id=\"ac6e2a6\" data-element_type=\"widget\" data-e-type=\"widget\" data-widget_type=\"divider.default\">\n\t\t\t\t<div class=\"elementor-widget-container\">\n\t\t\t\t\t\t\t<div class=\"elementor-divider\">\n\t\t\t<span class=\"elementor-divider-separator\">\n\t\t\t\t\t\t<\/span>\n\t\t<\/div>\n\t\t\t\t\t\t<\/div>\n\t\t\t\t<\/div>\n\t\t\t\t\t<\/div>\n\t\t<\/div>\n\t\t\t\t\t<\/div>\n\t\t<\/section>\n\t\t\t\t<section class=\"elementor-section elementor-top-section elementor-element elementor-element-458cb54 elementor-section-boxed elementor-section-height-default elementor-section-height-default\" data-id=\"458cb54\" data-element_type=\"section\" data-e-type=\"section\">\n\t\t\t\t\t\t<div class=\"elementor-container elementor-column-gap-default\">\n\t\t\t\t\t<div class=\"elementor-column elementor-col-100 elementor-top-column elementor-element elementor-element-0fedce4\" data-id=\"0fedce4\" data-element_type=\"column\" data-e-type=\"column\">\n\t\t\t<div class=\"elementor-widget-wrap elementor-element-populated\">\n\t\t\t\t\t\t<div class=\"elementor-element elementor-element-bab487e elementor-widget elementor-widget-text-editor\" data-id=\"bab487e\" data-element_type=\"widget\" data-e-type=\"widget\" data-widget_type=\"text-editor.default\">\n\t\t\t\t<div class=\"elementor-widget-container\">\n\t\t\t\t\t\t\t\t\t<p style=\"margin: 0cm 0cm 6pt;font-weight: 400;background-image: initial;background-position: initial;background-size: initial;background-attachment: initial;text-align: justify\"><span style=\"font-family: 'Open Sans', serif\">O Colegiado do Curso de Engenharia El\u00e9trica \u00e9 o \u00f3rg\u00e3o deliberativo m\u00e1ximo do curso, no qual, conforme o Regimento Geral da UNIFAP aprovado na\u00a0<a href=\"https:\/\/www2.unifap.br\/teatro\/files\/2017\/10\/Regimento-Geral-UNIFAP.pdf\">Resolu\u00e7\u00e3o CONSU\/UNIFAP N. 09\/2002<\/a>,\u00a0<span style=\"font-weight: bold\">Art. 90<\/span>, \u00e9 constitu\u00eddo por:<\/span><\/p><p style=\"margin: 0cm 0cm 6pt;font-weight: 400;background-image: initial;background-position: initial;background-size: initial;background-attachment: initial;text-align: justify\"><span style=\"font-family: 'Open Sans', serif\">\u00a0<\/span><\/p><p style=\"margin: 0cm 0cm 6pt;font-weight: 400;background-image: initial;background-position: initial;background-size: initial;background-attachment: initial;padding-left: 40px\"><span style=\"font-weight: bold\"><span style=\"font-family: 'Open Sans', serif\">I &#8211;<\/span><\/span><span style=\"font-family: 'Open Sans', serif\">\u00a0 todos os professores lotados nas coordena\u00e7\u00f5es de cursos;<\/span><\/p><p style=\"margin: 0cm 0cm 6pt;font-weight: 400;background-image: initial;background-position: initial;background-size: initial;background-attachment: initial;padding-left: 40px\"><span style=\"font-weight: bold\"><span style=\"font-family: 'Open Sans', serif\">II &#8211;<\/span><\/span><span style=\"font-family: 'Open Sans', serif\">\u00a0por um representante do corpo t\u00e9cnico-administrativo superior, lotado na coordena\u00e7\u00e3o; e<\/span><\/p><p style=\"margin: 0cm 0cm 6pt;font-weight: 400;background-image: initial;background-position: initial;background-size: initial;background-attachment: initial;padding-left: 40px\"><span style=\"font-weight: bold\"><span style=\"font-family: 'Open Sans', serif\">III &#8211;<\/span><\/span><span style=\"font-family: 'Open Sans', serif\">\u00a0todos os discente representantes das turmas de gradua\u00e7\u00e3o do respectivo curso, sendo um por turma.<\/span><\/p><p style=\"margin: 0cm 0cm 6pt 2cm;font-weight: 400;background-image: initial;background-position: initial;background-size: initial;background-attachment: initial\"><span style=\"font-weight: bold\"><span style=\"font-family: 'Open Sans', serif\">\u00a7 1\u00ba.<\/span><\/span><span style=\"font-family: 'Open Sans', serif\">\u00a0A representa\u00e7\u00e3o dos professores dever\u00e1 corresponder a, no m\u00ednimo, 70% (setenta por cento) do total de membros do Colegiado, em qualquer caso;<\/span><\/p><p style=\"margin: 0cm 0cm 6pt 2cm;font-weight: 400;background-image: initial;background-position: initial;background-size: initial;background-attachment: initial\"><span style=\"font-weight: bold\"><span style=\"font-family: 'Open Sans', serif\">\u00a7 2\u00ba<\/span><\/span><span style=\"font-family: 'Open Sans', serif\">. Para o alcance do quantitativo m\u00ednimo de que trata o par\u00e1grafo anterior, ser\u00e3o exclu\u00eddos os representantes das turmas com menor tempo de ingresso na UNIFAP.<\/span><\/p><p style=\"margin: 0cm 0cm 6pt 2cm;font-weight: 400;background-image: initial;background-position: initial;background-size: initial;background-attachment: initial\"><span style=\"font-weight: bold\"><span style=\"font-family: 'Open Sans', serif\">\u00a7 3\u00ba<\/span><\/span><span style=\"font-family: 'Open Sans', serif\">. Existindo mais de uma turma em igualdade de condi\u00e7\u00f5es, quanto ao tempo de ingresso, decidir\u00e3o os pr\u00f3prios representantes qual deles integrar\u00e1 o Colegiado.<\/span><\/p><p style=\"margin: 0cm 0cm 6pt 2cm;font-weight: 400;background-image: initial;background-position: initial;background-size: initial;background-attachment: initial;text-align: justify\"><span style=\"font-family: 'Open Sans', serif\">\u00a0<\/span><\/p><p style=\"margin: 0cm 0cm 6pt;font-weight: 400;background-image: initial;background-position: initial;background-size: initial;background-attachment: initial\"><span style=\"font-family: 'Open Sans', serif\">As compet\u00eancias do Colegiado de Curso s\u00e3o definidas no\u00a0<span style=\"font-weight: bold\">Art. 91<\/span>\u00a0do Regimento Geral da UNIFAP, sendo:<\/span><\/p><p style=\"margin: 0cm 0cm 6pt;font-weight: 400;background-image: initial;background-position: initial;background-size: initial;background-attachment: initial;text-align: justify\"><span style=\"font-family: 'Open Sans', serif\">\u00a0<\/span><\/p><p style=\"margin: 0cm 0cm 6pt;font-weight: 400;background-image: initial;background-position: initial;background-size: initial;background-attachment: initial;padding-left: 40px\"><span style=\"font-weight: bold\"><span style=\"font-family: 'Open Sans', serif\">I &#8211;<\/span><\/span><span style=\"font-family: 'Open Sans', serif\">\u00a0deliberar sobre as pol\u00edticas e diretrizes de cada coordena\u00e7\u00e3o, em conson\u00e2ncia com as pol\u00edticas e orienta\u00e7\u00f5es do Conselho Departamental e dos Conselhos Superiores;<\/span><\/p><p style=\"margin: 0cm 0cm 6pt;font-weight: 400;background-image: initial;background-position: initial;background-size: initial;background-attachment: initial;padding-left: 40px\"><span style=\"font-weight: bold\"><span style=\"font-family: 'Open Sans', serif\">II &#8211;<\/span><\/span><span style=\"font-family: 'Open Sans', serif\">\u00a0deliberar sobre os projetos pedag\u00f3gico e cient\u00edfico do pessoal docente e t\u00e9cnico administrativo lotado na coordena\u00e7\u00e3o de curso;<\/span><\/p><p style=\"margin: 0cm 0cm 6pt;font-weight: 400;background-image: initial;background-position: initial;background-size: initial;background-attachment: initial;padding-left: 40px\"><span style=\"font-weight: bold\"><span style=\"font-family: 'Open Sans', serif\">III &#8211;<\/span><\/span><span style=\"font-family: 'Open Sans', serif\">\u00a0deliberar sobre as atribui\u00e7\u00f5es e encargos de ensino, pesquisa e extens\u00e3o do pessoal docente e t\u00e9cnico-administrativo da coordena\u00e7\u00e3o de curso;<\/span><\/p><p style=\"margin: 0cm 0cm 6pt;font-weight: 400;background-image: initial;background-position: initial;background-size: initial;background-attachment: initial;padding-left: 40px\"><span style=\"font-weight: bold\"><span style=\"font-family: 'Open Sans', serif\">IV &#8211;<\/span><\/span><span style=\"font-family: 'Open Sans', serif\">\u00a0deliberar sobre indica\u00e7\u00e3o de professor para ministrar disciplina diversa daquela para a qual foi concursado;<\/span><\/p><p style=\"margin: 0cm 0cm 6pt;font-weight: 400;background-image: initial;background-position: initial;background-size: initial;background-attachment: initial;padding-left: 40px\"><span style=\"font-weight: bold\"><span style=\"font-family: 'Open Sans', serif\">V &#8211;<\/span><\/span><span style=\"font-family: 'Open Sans', serif\">\u00a0deliberar, em seu n\u00edvel, sobre quest\u00f5es referentes \u00e0 vida funcional dos docentes;<\/span><\/p><p style=\"margin: 0cm 0cm 6pt;font-weight: 400;background-image: initial;background-position: initial;background-size: initial;background-attachment: initial;padding-left: 40px\"><span style=\"font-weight: bold\"><span style=\"font-family: 'Open Sans', serif\">VI &#8211;<\/span><\/span><span style=\"font-family: 'Open Sans', serif\">\u00a0declarar vago o cargo de Coordenador de Curso;<\/span><\/p><p style=\"margin: 0cm 0cm 6pt;font-weight: 400;background-image: initial;background-position: initial;background-size: initial;background-attachment: initial;padding-left: 40px\"><span style=\"font-weight: bold\"><span style=\"font-family: 'Open Sans', serif\">VII &#8211;<\/span><\/span><span style=\"font-family: 'Open Sans', serif\">\u00a0deliberar sobre propostas e normas relativas \u00e0 monitoria;<\/span><\/p><p style=\"margin: 0cm 0cm 6pt;font-weight: 400;background-image: initial;background-position: initial;background-size: initial;background-attachment: initial;padding-left: 40px\"><span style=\"font-weight: bold\"><span style=\"font-family: 'Open Sans', serif\">VIII &#8211;<\/span><\/span><span style=\"font-family: 'Open Sans', serif\">\u00a0propor a\u00e7\u00f5es para a melhoria da qualidade de ensino;<\/span><\/p><p style=\"margin: 0cm 0cm 6pt;font-weight: 400;background-image: initial;background-position: initial;background-size: initial;background-attachment: initial;padding-left: 40px\"><span style=\"font-weight: bold\"><span style=\"font-family: 'Open Sans', serif\">IX &#8211;<\/span><\/span><span style=\"font-family: 'Open Sans', serif\">\u00a0estabelecer medidas de acompanhamento e avalia\u00e7\u00e3o da execu\u00e7\u00e3o dos planos de trabalho das coordena\u00e7\u00f5es de cursos; e<\/span><\/p><p style=\"margin: 0cm 0cm 6pt;font-weight: 400;background-image: initial;background-position: initial;background-size: initial;background-attachment: initial;padding-left: 40px\"><span style=\"font-weight: bold\"><span style=\"font-family: 'Open Sans', serif\">X &#8211;<\/span><\/span><span style=\"font-family: 'Open Sans', serif\">\u00a0desenvolver outras atribui\u00e7\u00f5es que lhe couberem por for\u00e7a da legisla\u00e7\u00e3o vigente.<\/span><\/p><h2 style=\"color: #1569ae;font-family: Roboto, sans-serif;line-height: 1;margin: 0px;padding: 0px\" data-elementor-setting-key=\"title\" data-pen-placeholder=\"Digite aqui...\">\u00a0<\/h2><p style=\"margin: 0cm 0cm 6pt;font-weight: 400;background-image: initial;background-position: initial;background-size: initial;background-attachment: initial\"><span style=\"font-family: 'Open Sans', serif\">Composi\u00e7\u00e3o do Colegiado do Curso de Engenharia El\u00e9trica, conforme <a href=\"http:\/\/www2.unifap.br\/eletrica\/files\/2023\/07\/portaria.pdf\">Portaria n\u00ba 1.316\/2023<\/a><\/span><\/p><p>\u00a0<\/p><p><strong> <span style=\"font-family: 'Open Sans', serif\">1. <\/span><\/strong><a href=\"http:\/\/www2.unifap.br\/eletrica\/colegiado\/docentes\/michele-de-nazare-novaes-santos\">Prof.\u00aa Dra. Michele de Nazar\u00e9 Novaes Santos <\/a>(Coordenadora);<\/p><p><strong><span style=\"font-family: 'Open Sans', serif\">2.<\/span><\/strong> <a href=\"http:\/\/www2.unifap.br\/eletrica\/colegiado\/docentes\/prof%C2%AA-kellen-gomes\/\">Prof.\u00aa Ma. Kellen Diane de Carvalho Gomes<\/a> (Vice -coordenadora);<\/p><p><strong>3.<\/strong>\u00a0<a href=\"http:\/\/www2.unifap.br\/eletrica\/colegiado\/docentes\/prof-alaan-ubaiara\/\">Prof. Dr. Alaan Ubaiara Brito<\/a>;<\/p><p><strong>4. <\/strong>Prof. Me. Allan Guilherme Lima Pena;<\/p><p><strong>5.<\/strong>\u00a0<a href=\"http:\/\/www2.unifap.br\/eletrica\/colegiado\/docentes\/andre-de-oliveira-ferreira\/\" target=\"_blank\" rel=\"noopener\">Prof. Dr. Andr\u00e9 de Oliveira Ferreira<\/a>;<\/p><p><strong>6.<\/strong>\u00a0<a href=\"https:\/\/www2.unifap.br\/eletrica\/portal-docente\/docentes\/andrey-da-costa-lopes\/\" target=\"_blank\" rel=\"noopener\">Prof. Dr. Andrey da Costa Lopes<\/a>;<\/p><p><strong>7. <\/strong>Prof.\u00aa Esp. Amanda Thais dos Reis Fernandes<\/p><p><strong>8.<\/strong> <a href=\"http:\/\/www2.unifap.br\/eletrica\/colegiado\/docentes\/2166-2\/\">Prof. Dr. Felipe Monteiro<\/a>;<\/p><p><strong>9.<\/strong>\u00a0<a href=\"http:\/\/www2.unifap.br\/eletrica\/colegiado\/docentes\/profa-fernanda-smith\/\">Prof.\u00aa Dra. Fernanda Regina Smith Neves Corr\u00eaa<\/a>;<\/p><p><strong>10.<\/strong>\u00a0<a href=\"http:\/\/www2.unifap.br\/eletrica\/colegiado\/docentes\/prof-geraldo-maranhao\/\">Prof. Dr. Geraldo Neves de Albuquerque Maranh\u00e3o<\/a>;<\/p><p><span lang=\"EN-US\"><strong>11.<\/strong>\u00a0<\/span><a href=\"http:\/\/www2.unifap.br\/eletrica\/colegiado\/docentes\/helyelson-paredes-moura\/\"><span lang=\"EN-US\">Prof. Dr. Helyelson Paredes Moura<\/span><\/a><span lang=\"EN-US\">;<\/span><\/p><p><strong>12.<\/strong>\u00a0<a href=\"http:\/\/www2.unifap.br\/eletrica\/colegiado\/docentes\/prof-jose-reinaldo-cardoso-nery\">Prof. Dr. Jos\u00e9 Reinaldo Cardoso Nery<\/a>;<\/p><p><strong>13. <\/strong><a href=\"https:\/\/www2.unifap.br\/eletrica\/portal-docente\/docentes\/marcus_pantoja\">Prof. Me. Marcus Pantoja da Silva<\/a>;<\/p><p><strong>14. <\/strong><a href=\"https:\/\/www2.unifap.br\/eletrica\/portal-docente\/docentes\/moises_sales\">Prof. Me. Mois\u00e9s Hamss\u00e9s Sales de Sousa<\/a>;<\/p><p><strong>15. <\/strong><a style=\"background-color: #ffffff\" href=\"http:\/\/www2.unifap.br\/eletrica\/colegiado\/docentes\/prof-werbeston-douglas-de-oliveira\/\">Prof. Dr. Werbeston Douglas de Oliveira<\/a>;<\/p><p><strong>16.<\/strong> <a href=\"https:\/\/www2.unifap.br\/eletrica\/portal-administrativo\/tecnicos-de-laboratorio\/\">Me. M\u00e1rcio Clei Silva de Oliveira<\/a> (Titular \u2013 T\u00e9cnico de Laborat\u00f3rio);<\/p><p><strong>17.<\/strong> <a href=\"https:\/\/www2.unifap.br\/eletrica\/portal-administrativo\/tecnicos-de-laboratorio\/\">Esp. Messias Dias da Silva<\/a> (1\u00ba Suplente \u2013 T\u00e9cnico de Laborat\u00f3rio);<\/p><p><strong>18.<\/strong> <a href=\"https:\/\/www2.unifap.br\/eletrica\/portal-administrativo\/secretaria\/\">Me. Raphael Souza Costa Ar\u00eade<\/a> (2\u00ba Suplente \u2013 T\u00e9cnico);<\/p><p><strong>19.<\/strong> <a href=\"https:\/\/www2.unifap.br\/eletrica\/portal-administrativo\/tecnicos-de-laboratorio\/\">Esp. Gilmar Holanda da Paix\u00e3o<\/a> (3\u00ba Suplente \u2013 T\u00e9cnico de Laborat\u00f3rio);<\/p><p><strong>20.<\/strong> Jhully dos Santos Miranda (Titular \u2013 Discente da Turma 2021);<\/p><p><strong>21. <\/strong>Silvia Fonseca dos Reis Gon\u00e7alves (Suplente \u2013 Discente da Turma 2021);<\/p><p><strong>22.<\/strong> Auderi Pereira de Carvalho Neto (Titular \u2013 Discente da Turma 2022);<\/p><p><strong>23.<\/strong> Evelyn Ferreira Duarte Faria (Suplente \u2013 Discente da Turma 2022).<\/p><p><strong>24.<\/strong> Ana Carolina Ferreira da Costa (Titular \u2013 Discente da Turma 2023);\u00a0<\/p><p><strong>25.<\/strong> Ruan Cardoso Alves (Suplente \u2013 Discente da Turma 2023);<\/p><p><strong>24.<\/strong> Caroline Vit\u00f3ria da Silva Lima (Titular \u2013 Discente da Turma 2024);<\/p><p>Jos\u00e9 Victor de Vilhena Barbosa (Suplente \u2013 Discente da Turma 2024);<\/p>\t\t\t\t\t\t\t\t<\/div>\n\t\t\t\t<\/div>\n\t\t\t\t\t<\/div>\n\t\t<\/div>\n\t\t\t\t\t<\/div>\n\t\t<\/section>\n\t\t\t\t<section class=\"elementor-section elementor-top-section elementor-element elementor-element-cb0fb13 elementor-section-boxed elementor-section-height-default elementor-section-height-default\" data-id=\"cb0fb13\" data-element_type=\"section\" data-e-type=\"section\">\n\t\t\t\t\t\t<div class=\"elementor-container elementor-column-gap-default\">\n\t\t\t\t\t<div class=\"elementor-column elementor-col-100 elementor-top-column elementor-element elementor-element-36ba406\" data-id=\"36ba406\" data-element_type=\"column\" data-e-type=\"column\">\n\t\t\t<div class=\"elementor-widget-wrap elementor-element-populated\">\n\t\t\t\t\t\t<div class=\"elementor-element elementor-element-710cbb1 elementor-widget-divider--view-line elementor-widget elementor-widget-divider\" data-id=\"710cbb1\" data-element_type=\"widget\" data-e-type=\"widget\" data-widget_type=\"divider.default\">\n\t\t\t\t<div class=\"elementor-widget-container\">\n\t\t\t\t\t\t\t<div class=\"elementor-divider\">\n\t\t\t<span class=\"elementor-divider-separator\">\n\t\t\t\t\t\t<\/span>\n\t\t<\/div>\n\t\t\t\t\t\t<\/div>\n\t\t\t\t<\/div>\n\t\t\t\t\t<\/div>\n\t\t<\/div>\n\t\t\t\t\t<\/div>\n\t\t<\/section>\n\t\t\t\t<section class=\"elementor-section elementor-top-section elementor-element elementor-element-600bf65 elementor-section-boxed elementor-section-height-default elementor-section-height-default\" data-id=\"600bf65\" data-element_type=\"section\" data-e-type=\"section\">\n\t\t\t\t\t\t<div class=\"elementor-container elementor-column-gap-default\">\n\t\t\t\t\t<div class=\"elementor-column elementor-col-100 elementor-top-column elementor-element elementor-element-6614777\" data-id=\"6614777\" data-element_type=\"column\" data-e-type=\"column\">\n\t\t\t<div class=\"elementor-widget-wrap elementor-element-populated\">\n\t\t\t\t\t\t<div class=\"elementor-element elementor-element-1067975 elementor-widget elementor-widget-heading\" data-id=\"1067975\" data-element_type=\"widget\" data-e-type=\"widget\" data-widget_type=\"heading.default\">\n\t\t\t\t<div class=\"elementor-widget-container\">\n\t\t\t\t\t<h2 class=\"elementor-heading-title elementor-size-default\">Calend\u00e1rio de Reuni\u00f5es<\/h2>\t\t\t\t<\/div>\n\t\t\t\t<\/div>\n\t\t\t\t\t<\/div>\n\t\t<\/div>\n\t\t\t\t\t<\/div>\n\t\t<\/section>\n\t\t\t\t<section class=\"elementor-section elementor-top-section elementor-element elementor-element-9c583e1 elementor-section-boxed elementor-section-height-default elementor-section-height-default\" data-id=\"9c583e1\" data-element_type=\"section\" data-e-type=\"section\">\n\t\t\t\t\t\t<div class=\"elementor-container elementor-column-gap-default\">\n\t\t\t\t\t<div class=\"elementor-column elementor-col-100 elementor-top-column elementor-element elementor-element-ee2ce73\" data-id=\"ee2ce73\" data-element_type=\"column\" data-e-type=\"column\">\n\t\t\t<div class=\"elementor-widget-wrap elementor-element-populated\">\n\t\t\t\t\t\t<div class=\"elementor-element elementor-element-4dde8e7 elementor-widget-divider--view-line elementor-widget elementor-widget-divider\" data-id=\"4dde8e7\" data-element_type=\"widget\" data-e-type=\"widget\" data-widget_type=\"divider.default\">\n\t\t\t\t<div class=\"elementor-widget-container\">\n\t\t\t\t\t\t\t<div class=\"elementor-divider\">\n\t\t\t<span class=\"elementor-divider-separator\">\n\t\t\t\t\t\t<\/span>\n\t\t<\/div>\n\t\t\t\t\t\t<\/div>\n\t\t\t\t<\/div>\n\t\t\t\t\t<\/div>\n\t\t<\/div>\n\t\t\t\t\t<\/div>\n\t\t<\/section>\n\t\t\t\t<section class=\"elementor-section elementor-top-section elementor-element elementor-element-d32026e elementor-section-boxed elementor-section-height-default elementor-section-height-default\" data-id=\"d32026e\" data-element_type=\"section\" data-e-type=\"section\">\n\t\t\t\t\t\t<div class=\"elementor-container elementor-column-gap-default\">\n\t\t\t\t\t<div class=\"elementor-column elementor-col-100 elementor-top-column elementor-element elementor-element-88cc683\" data-id=\"88cc683\" data-element_type=\"column\" data-e-type=\"column\">\n\t\t\t<div class=\"elementor-widget-wrap elementor-element-populated\">\n\t\t\t\t\t\t<div class=\"elementor-element elementor-element-58d1880 elementor-widget elementor-widget-image\" data-id=\"58d1880\" data-element_type=\"widget\" data-e-type=\"widget\" data-widget_type=\"image.default\">\n\t\t\t\t<div class=\"elementor-widget-container\">\n\t\t\t\t\t\t\t\t\t\t\t\t\t\t\t<img fetchpriority=\"high\" decoding=\"async\" width=\"1103\" height=\"830\" src=\"https:\/\/www2.unifap.br\/eletrica\/files\/2026\/01\/Reunioes-2026.jpg\" class=\"attachment-full size-full wp-image-14259\" alt=\"\" srcset=\"https:\/\/www2.unifap.br\/eletrica\/files\/2026\/01\/Reunioes-2026.jpg 1103w, https:\/\/www2.unifap.br\/eletrica\/files\/2026\/01\/Reunioes-2026-300x226.jpg 300w, https:\/\/www2.unifap.br\/eletrica\/files\/2026\/01\/Reunioes-2026-1024x771.jpg 1024w, https:\/\/www2.unifap.br\/eletrica\/files\/2026\/01\/Reunioes-2026-768x578.jpg 768w\" sizes=\"(max-width: 1103px) 100vw, 1103px\" \/>\t\t\t\t\t\t\t\t\t\t\t\t\t\t\t<\/div>\n\t\t\t\t<\/div>\n\t\t\t\t\t<\/div>\n\t\t<\/div>\n\t\t\t\t\t<\/div>\n\t\t<\/section>\n\t\t\t\t<section class=\"elementor-section elementor-top-section elementor-element elementor-element-884d964 elementor-section-boxed elementor-section-height-default elementor-section-height-default\" data-id=\"884d964\" data-element_type=\"section\" data-e-type=\"section\">\n\t\t\t\t\t\t<div class=\"elementor-container elementor-column-gap-default\">\n\t\t\t\t\t<div class=\"elementor-column elementor-col-100 elementor-top-column elementor-element elementor-element-800e868\" data-id=\"800e868\" data-element_type=\"column\" data-e-type=\"column\">\n\t\t\t<div class=\"elementor-widget-wrap elementor-element-populated\">\n\t\t\t\t\t\t<div class=\"elementor-element elementor-element-185a2ca elementor-widget-divider--view-line elementor-widget elementor-widget-divider\" data-id=\"185a2ca\" data-element_type=\"widget\" data-e-type=\"widget\" data-widget_type=\"divider.default\">\n\t\t\t\t<div class=\"elementor-widget-container\">\n\t\t\t\t\t\t\t<div class=\"elementor-divider\">\n\t\t\t<span class=\"elementor-divider-separator\">\n\t\t\t\t\t\t<\/span>\n\t\t<\/div>\n\t\t\t\t\t\t<\/div>\n\t\t\t\t<\/div>\n\t\t\t\t\t<\/div>\n\t\t<\/div>\n\t\t\t\t\t<\/div>\n\t\t<\/section>\n\t\t\t\t<section class=\"elementor-section elementor-top-section elementor-element elementor-element-2ea815a elementor-section-boxed elementor-section-height-default elementor-section-height-default\" data-id=\"2ea815a\" data-element_type=\"section\" data-e-type=\"section\">\n\t\t\t\t\t\t<div class=\"elementor-container elementor-column-gap-default\">\n\t\t\t\t\t<div class=\"elementor-column elementor-col-100 elementor-top-column elementor-element elementor-element-e8595f3\" data-id=\"e8595f3\" data-element_type=\"column\" data-e-type=\"column\">\n\t\t\t<div class=\"elementor-widget-wrap elementor-element-populated\">\n\t\t\t\t\t\t<div class=\"elementor-element elementor-element-c0fdab9 elementor-widget elementor-widget-heading\" data-id=\"c0fdab9\" data-element_type=\"widget\" data-e-type=\"widget\" data-widget_type=\"heading.default\">\n\t\t\t\t<div class=\"elementor-widget-container\">\n\t\t\t\t\t<h2 class=\"elementor-heading-title elementor-size-default\">Atas de Reuni\u00e3o de Colegiado<\/h2>\t\t\t\t<\/div>\n\t\t\t\t<\/div>\n\t\t\t\t\t<\/div>\n\t\t<\/div>\n\t\t\t\t\t<\/div>\n\t\t<\/section>\n\t\t\t\t<section class=\"elementor-section elementor-top-section elementor-element elementor-element-8681d72 elementor-section-boxed elementor-section-height-default elementor-section-height-default\" data-id=\"8681d72\" data-element_type=\"section\" data-e-type=\"section\">\n\t\t\t\t\t\t<div class=\"elementor-container elementor-column-gap-default\">\n\t\t\t\t\t<div class=\"elementor-column elementor-col-100 elementor-top-column elementor-element elementor-element-5925251\" data-id=\"5925251\" data-element_type=\"column\" data-e-type=\"column\">\n\t\t\t<div class=\"elementor-widget-wrap elementor-element-populated\">\n\t\t\t\t\t\t<div class=\"elementor-element elementor-element-43491d3 elementor-widget-divider--view-line elementor-widget elementor-widget-divider\" data-id=\"43491d3\" data-element_type=\"widget\" data-e-type=\"widget\" data-widget_type=\"divider.default\">\n\t\t\t\t<div class=\"elementor-widget-container\">\n\t\t\t\t\t\t\t<div class=\"elementor-divider\">\n\t\t\t<span class=\"elementor-divider-separator\">\n\t\t\t\t\t\t<\/span>\n\t\t<\/div>\n\t\t\t\t\t\t<\/div>\n\t\t\t\t<\/div>\n\t\t\t\t\t<\/div>\n\t\t<\/div>\n\t\t\t\t\t<\/div>\n\t\t<\/section>\n\t\t\t\t<section class=\"elementor-section elementor-top-section elementor-element elementor-element-418cd0d elementor-section-boxed elementor-section-height-default elementor-section-height-default\" data-id=\"418cd0d\" data-element_type=\"section\" data-e-type=\"section\">\n\t\t\t\t\t\t<div class=\"elementor-container elementor-column-gap-default\">\n\t\t\t\t\t<div class=\"elementor-column elementor-col-100 elementor-top-column elementor-element elementor-element-a0c66e2\" data-id=\"a0c66e2\" data-element_type=\"column\" data-e-type=\"column\">\n\t\t\t<div class=\"elementor-widget-wrap elementor-element-populated\">\n\t\t\t\t\t\t<div class=\"elementor-element elementor-element-bca07c7 elementor-tabs-view-horizontal elementor-widget elementor-widget-tabs\" data-id=\"bca07c7\" data-element_type=\"widget\" data-e-type=\"widget\" data-widget_type=\"tabs.default\">\n\t\t\t\t<div class=\"elementor-widget-container\">\n\t\t\t\t\t\t\t<div class=\"elementor-tabs\">\n\t\t\t<div class=\"elementor-tabs-wrapper\" role=\"tablist\" >\n\t\t\t\t\t\t\t\t\t<div id=\"elementor-tab-title-1971\" class=\"elementor-tab-title elementor-tab-desktop-title\" aria-selected=\"true\" data-tab=\"1\" role=\"tab\" tabindex=\"0\" aria-controls=\"elementor-tab-content-1971\" aria-expanded=\"false\">2025<\/div>\n\t\t\t\t\t\t\t\t\t<div id=\"elementor-tab-title-1972\" class=\"elementor-tab-title elementor-tab-desktop-title\" aria-selected=\"false\" data-tab=\"2\" role=\"tab\" tabindex=\"-1\" aria-controls=\"elementor-tab-content-1972\" aria-expanded=\"false\">2024<\/div>\n\t\t\t\t\t\t\t\t\t<div id=\"elementor-tab-title-1973\" class=\"elementor-tab-title elementor-tab-desktop-title\" aria-selected=\"false\" data-tab=\"3\" role=\"tab\" tabindex=\"-1\" aria-controls=\"elementor-tab-content-1973\" aria-expanded=\"false\">2023<\/div>\n\t\t\t\t\t\t\t\t\t<div id=\"elementor-tab-title-1974\" class=\"elementor-tab-title elementor-tab-desktop-title\" aria-selected=\"false\" data-tab=\"4\" role=\"tab\" tabindex=\"-1\" aria-controls=\"elementor-tab-content-1974\" aria-expanded=\"false\">2022<\/div>\n\t\t\t\t\t\t\t<\/div>\n\t\t\t<div class=\"elementor-tabs-content-wrapper\" role=\"tablist\" aria-orientation=\"vertical\">\n\t\t\t\t\t\t\t\t\t<div class=\"elementor-tab-title elementor-tab-mobile-title\" aria-selected=\"true\" data-tab=\"1\" role=\"tab\" tabindex=\"0\" aria-controls=\"elementor-tab-content-1971\" aria-expanded=\"false\">2025<\/div>\n\t\t\t\t\t<div id=\"elementor-tab-content-1971\" class=\"elementor-tab-content elementor-clearfix\" data-tab=\"1\" role=\"tabpanel\" aria-labelledby=\"elementor-tab-title-1971\" tabindex=\"0\" hidden=\"false\"><p><span style=\"font-weight: bolder\"><span style=\"font-family: 'Open Sans', serif;color: blue\">ATAS DE REUNI\u00d5ES DE COLEGIADO 2025<\/span><\/span><\/p><p style=\"margin: 0cm 0cm 6pt;background-image: initial;background-position: initial;background-size: initial;background-attachment: initial\"><a href=\"http:\/\/www2.unifap.br\/eletrica\/files\/2025\/04\/Ata-de-Reuniao-001-15012025.pdf\">Ata de Reuni\u00e3o 001 (15\/01\/2025)<\/a><\/p><p style=\"margin: 0cm 0cm 6pt;background-image: initial;background-position: initial;background-size: initial;background-attachment: initial\"><a href=\"http:\/\/www2.unifap.br\/eletrica\/files\/2025\/04\/Ata-de-Reuniao-002-12022025.pdf\">Ata de Reuni\u00e3o 002 (12\/02\/2025)<\/a><\/p><p style=\"margin: 0cm 0cm 6pt;background-image: initial;background-position: initial;background-size: initial;background-attachment: initial\"><a href=\"http:\/\/www2.unifap.br\/eletrica\/files\/2025\/04\/Ata-de-Reuniao-003-09042025.pdf\">Ata de Reuni\u00e3o 003 (09\/04\/2025)<\/a><\/p><p><a href=\"http:\/\/www2.unifap.br\/eletrica\/files\/2026\/01\/Ata-de-Reuniao-004-21052025.pdf\">Ata de Reuni\u00e3o 004 (21052025)<\/a><br \/><a href=\"http:\/\/www2.unifap.br\/eletrica\/files\/2026\/01\/Ata-de-Reuniao-005-11062025.pdf\">Ata de Reuni\u00e3o 005 (11\/06\/2025)<\/a><br \/><a href=\"http:\/\/www2.unifap.br\/eletrica\/files\/2026\/01\/Ata-de-Reuniao-006-23072025.pdf\">Ata de Reuni\u00e3o 006 (23\/07\/2025)<\/a><br \/><a href=\"http:\/\/www2.unifap.br\/eletrica\/files\/2026\/01\/Ata-de-Reuniao-007-10092025.pdf\">Ata de Reuni\u00e3o 007 (10\/09\/2025)<\/a><br \/><a href=\"http:\/\/www2.unifap.br\/eletrica\/files\/2026\/01\/Ata-de-Reuniao-008-10122025.pdf\">Ata de Reuni\u00e3o 008 (10\/12\/2025)<\/a><\/p><p>\u00a0<\/p><p><span style=\"color: #ff0000\"><span style=\"font-family: 'Open Sans', serif\">EXTRAORDIN\u00c1RIAS 2025<\/span><\/span><\/p><p style=\"margin: 0cm 0cm 6pt;background-image: initial;background-position: initial;background-size: initial;background-attachment: initial\"><a href=\"http:\/\/www2.unifap.br\/eletrica\/files\/2025\/04\/Ata-de-Reuniao-Extraordinaria-001-19022025.pdf\">Ata de Reuni\u00e3o Extraordin\u00e1ria 001 (19\/02\/2025)<\/a><\/p><p><a href=\"http:\/\/www2.unifap.br\/eletrica\/files\/2026\/01\/Ata-de-Reuniao-Extraordinaria-002-21112025.pdf\">Ata de Reuni\u00e3o Extraordin\u00e1ria 002 (21\/11\/2025)<\/a><\/p><\/div>\n\t\t\t\t\t\t\t\t\t<div class=\"elementor-tab-title elementor-tab-mobile-title\" aria-selected=\"false\" data-tab=\"2\" role=\"tab\" tabindex=\"-1\" aria-controls=\"elementor-tab-content-1972\" aria-expanded=\"false\">2024<\/div>\n\t\t\t\t\t<div id=\"elementor-tab-content-1972\" class=\"elementor-tab-content elementor-clearfix\" data-tab=\"2\" role=\"tabpanel\" aria-labelledby=\"elementor-tab-title-1972\" tabindex=\"0\" hidden=\"hidden\"><p><span style=\"font-weight: bolder\"><span style=\"font-family: 'Open Sans', serif;color: blue\">ATAS DE REUNI\u00d5ES DE COLEGIADO 2024<\/span><\/span><\/p><p><a href=\"http:\/\/www2.unifap.br\/eletrica\/files\/2024\/01\/Ata-de-Reuniao-001-17012024.pdf\">Ata de Reuni\u00e3o 001 (17\/01\/2024)<\/a><br \/><a href=\"http:\/\/www2.unifap.br\/eletrica\/files\/2024\/04\/Ata-de-Reuniao-002-21022024.pdf\">Ata de Reuni\u00e3o 002 (21\/02\/2024)<\/a><br \/><a href=\"http:\/\/www2.unifap.br\/eletrica\/files\/2024\/04\/Ata-de-Reuniao-003-13032024.pdf\">Ata de Reuni\u00e3o 003 (13\/03\/2024)<\/a><br \/><a href=\"http:\/\/www2.unifap.br\/eletrica\/files\/2024\/08\/Ata-de-Reuniao-004-24072024.pdf\">Ata de Reuni\u00e3o 004 (24\/07\/2024)<\/a><br \/><a href=\"http:\/\/www2.unifap.br\/eletrica\/files\/2024\/11\/Ata-de-Reuniao-005-25092024.pdf\">Ata de Reuni\u00e3o 005 (25\/09\/2024)<\/a><\/p><p><a href=\"http:\/\/www2.unifap.br\/eletrica\/files\/2024\/11\/Ata-de-Reuniao-006-09102024.pdf\">Ata de Reuni\u00e3o 006 (09\/10\/2024)<\/a><\/p><p><a href=\"http:\/\/www2.unifap.br\/eletrica\/files\/2025\/04\/Ata-de-Reuniao-007-13112024.pdf\">Ata de Reuni\u00e3o 007 (13\/11\/2024)<\/a><\/p><p><span style=\"font-weight: var( --e-global-typography-text-font-weight );letter-spacing: 0px\">EXTRAORDIN\u00c1RIAS 2024\u00a0<\/span><\/p><p><a href=\"http:\/\/www2.unifap.br\/eletrica\/files\/2024\/04\/Ata-de-Reuniao-Extraordinaria-001-20032024.pdf\">Ata de Reuni\u00e3o Extraordin\u00e1ria 001 (20\/03\/2024)<\/a><br \/><a href=\"http:\/\/www2.unifap.br\/eletrica\/files\/2024\/08\/Ata-de-Reuniao-Extraordinaria-002-24042024.pdf\">Ata de Reuni\u00e3o Extraordin\u00e1ria 002 (24\/04\/2024)<\/a><br \/><a href=\"http:\/\/www2.unifap.br\/eletrica\/files\/2024\/08\/Ata-de-Reuniao-Extraordinaria-003-22052024.pdf\">Ata de Reuni\u00e3o Extraordin\u00e1ria 003 (22\/05\/2024)<\/a><\/p><p><a href=\"http:\/\/www2.unifap.br\/eletrica\/files\/2024\/11\/Ata-de-Reuniao-Extraordinaria-004-14082024.pdf\">Ata de Reuni\u00e3o Extraordin\u00e1ria 004 (14\/08\/2024)<\/a><\/p><\/div>\n\t\t\t\t\t\t\t\t\t<div class=\"elementor-tab-title elementor-tab-mobile-title\" aria-selected=\"false\" data-tab=\"3\" role=\"tab\" tabindex=\"-1\" aria-controls=\"elementor-tab-content-1973\" aria-expanded=\"false\">2023<\/div>\n\t\t\t\t\t<div id=\"elementor-tab-content-1973\" class=\"elementor-tab-content elementor-clearfix\" data-tab=\"3\" role=\"tabpanel\" aria-labelledby=\"elementor-tab-title-1973\" tabindex=\"0\" hidden=\"hidden\"><p><span style=\"font-weight: bolder\"><span style=\"font-family: 'Open Sans', serif;color: blue\">ATAS DE REUNI\u00d5ES DE COLEGIADO 2023<\/span><\/span><\/p><p style=\"margin: 0cm 0cm 6pt;background-image: initial;background-position: initial;background-size: initial;background-attachment: initial\"><span style=\"font-family: 'Open Sans', serif;color: blue\"><a href=\"http:\/\/www2.unifap.br\/eletrica\/files\/2023\/03\/Ata-de-Reuniao-001-19012023.pdf\">A<\/a><\/span><a href=\"http:\/\/www2.unifap.br\/eletrica\/files\/2023\/03\/Ata-de-Reuniao-001-19012023.pdf\">ta de Reuni\u00e3o 001 (19\/01\/2023)<\/a><\/p><p style=\"margin: 0cm 0cm 6pt;background-image: initial;background-position: initial;background-size: initial;background-attachment: initial\"><a href=\"http:\/\/www2.unifap.br\/eletrica\/files\/2023\/03\/Ata-de-Reuniao-002-08022023.pdf\">Ata de Reuni\u00e3o 002 (08\/02\/2023)<\/a><\/p><p style=\"margin: 0cm 0cm 6pt;background-image: initial;background-position: initial;background-size: initial;background-attachment: initial\"><a style=\"font-family: 'Open Sans', serif;font-weight: var( --e-global-typography-text-font-weight );letter-spacing: 0px;background-color: #ffffff\" href=\"http:\/\/www2.unifap.br\/eletrica\/files\/2023\/03\/Ata-de-Reuniao-003-08032023.pdf\">Ata de Reuni\u00e3o 003 (08\/03\/2023)<\/a><\/p><p style=\"margin: 0cm 0cm 6pt;background-image: initial;background-position: initial;background-size: initial;background-attachment: initial\"><a href=\"http:\/\/www2.unifap.br\/eletrica\/files\/2023\/05\/ata-n-004_2023.pdf\">Ata de Reuni\u00e3o 004 (12\/04\/2023)<\/a><\/p><p style=\"margin: 0cm 0cm 6pt;background-image: initial;background-position: initial;background-size: initial;background-attachment: initial\"><a href=\"http:\/\/www2.unifap.br\/eletrica\/files\/2023\/05\/ata-n-005_2023.pdf\">Ata de Reuni\u00e3o 005 (03\/05\/2023)<\/a><\/p><p style=\"margin: 0cm 0cm 6pt;background-image: initial;background-position: initial;background-size: initial;background-attachment: initial\"><a style=\"font-family: 'Open Sans', serif;font-weight: var( --e-global-typography-text-font-weight );letter-spacing: 0px;background-color: #ffffff\" href=\"http:\/\/www2.unifap.br\/eletrica\/files\/2023\/08\/ATA-006-2023.pdf\">Ata de Reuni\u00e3o 006 (10\/07\/2023)<\/a><\/p><p style=\"margin: 0cm 0cm 6pt;background-image: initial;background-position: initial;background-size: initial;background-attachment: initial\"><a style=\"font-weight: var( --e-global-typography-text-font-weight );letter-spacing: 0px;background-color: #ffffff\" href=\"http:\/\/www2.unifap.br\/eletrica\/files\/2023\/08\/ATA-007-2023.pdf\">Ata de Reuni\u00e3o 007 (16\/08\/2023)<\/a><\/p><p style=\"margin: 0cm 0cm 6pt;background-image: initial;background-position: initial;background-size: initial;background-attachment: initial\"><a style=\"font-weight: var( --e-global-typography-text-font-weight );letter-spacing: 0px;background-color: #ffffff\" href=\"http:\/\/www2.unifap.br\/eletrica\/files\/2023\/09\/Ata-de-Reuniao-008-20092023.pdf\">Ata de Reuni\u00e3o 008 (20\/09\/2023)<\/a><\/p><p style=\"margin: 0cm 0cm 6pt;background-image: initial;background-position: initial;background-size: initial;background-attachment: initial\"><a style=\"font-weight: var( --e-global-typography-text-font-weight );letter-spacing: 0px;background-color: #ffffff\" href=\"http:\/\/www2.unifap.br\/eletrica\/files\/2023\/11\/Ata-de-Reuniao-009-22112023.pdf\">Ata de Reuni\u00e3o 009 (22\/11\/2023)<\/a><\/p><p style=\"margin: 0cm 0cm 6pt;background-image: initial;background-position: initial;background-size: initial;background-attachment: initial\"><a href=\"http:\/\/www2.unifap.br\/eletrica\/files\/2024\/01\/Ata-de-Reuniao-010-13122023.pdf\">Ata de Reuni\u00e3o 010 (13\/12\/2023)<\/a><\/p><p><span style=\"color: #ff0000\"><span style=\"font-family: 'Open Sans', serif\">EXTRAORDIN\u00c1RIAS 2023\u00a0<\/span><\/span><\/p><p style=\"margin: 0cm 0cm 6pt;background-image: initial;background-position: initial;background-size: initial;background-attachment: initial\"><span style=\"font-family: 'Open Sans', serif;color: blue\"><a href=\"http:\/\/www2.unifap.br\/eletrica\/files\/2023\/03\/Ata-de-Reuniao-Extraordinaria-001-22022023.pdf\">Ata de Reuni\u00e3o Extraordin\u00e1ria 001 (22\/02\/2023)<\/a><\/span><\/p><\/div>\n\t\t\t\t\t\t\t\t\t<div class=\"elementor-tab-title elementor-tab-mobile-title\" aria-selected=\"false\" data-tab=\"4\" role=\"tab\" tabindex=\"-1\" aria-controls=\"elementor-tab-content-1974\" aria-expanded=\"false\">2022<\/div>\n\t\t\t\t\t<div id=\"elementor-tab-content-1974\" class=\"elementor-tab-content elementor-clearfix\" data-tab=\"4\" role=\"tabpanel\" aria-labelledby=\"elementor-tab-title-1974\" tabindex=\"0\" hidden=\"hidden\"><p style=\"margin: 0cm 0cm 6pt;background-image: initial;background-position: initial;background-size: initial;background-attachment: initial\"><strong><span style=\"font-family: 'Open Sans',serif;color: blue\">ATAS DE REUNI\u00d5ES DE COLEGIADO 2022<\/span><\/strong><\/p><p style=\"margin: 0cm 0cm 6pt;background-image: initial;background-position: initial;background-size: initial;background-attachment: initial\"><span style=\"letter-spacing: 0px\"><a href=\"http:\/\/www2.unifap.br\/eletrica\/files\/2022\/01\/Ata-de-Reuniao_01_2022-12.01.2022.pdf\" target=\"_blank\" rel=\"noopener\">Ata de Reuni\u00e3<\/a><\/span><a style=\"letter-spacing: 0px\" href=\"http:\/\/www2.unifap.br\/eletrica\/files\/2022\/01\/Ata-de-Reuniao_01_2022-12.01.2022.pdf\" target=\"_blank\" rel=\"noopener\">o 001 (12\/01\/2022)<\/a><\/p><p style=\"margin: 0cm 0cm 6pt;background-image: initial;background-position: initial;background-size: initial;background-attachment: initial\"><a style=\"letter-spacing: 0px\" href=\"http:\/\/www2.unifap.br\/eletrica\/files\/2022\/02\/ATA-Fevereiro.pdf\" target=\"_blank\" rel=\"noopener\">Ata de Reuni\u00e3o 002 (09\/02\/<\/a><span style=\"letter-spacing: 0px\"><a href=\"http:\/\/www2.unifap.br\/eletrica\/files\/2022\/02\/ATA-Fevereiro.pdf\" target=\"_blank\" rel=\"noopener\">2022)<\/a><\/span><\/p><p style=\"margin: 0cm 0cm 6pt;background-image: initial;background-position: initial;background-size: initial;background-attachment: initial\"><a style=\", serif;letter-spacing: 0px\" href=\"http:\/\/www2.unifap.br\/eletrica\/files\/2022\/04\/ata.pdf\" target=\"_blank\" rel=\"noopener\">Ata de Reuni\u00e3o 003 (18\/04\/2022)<\/a><\/p><p style=\"margin: 0cm 0cm 6pt;background-image: initial;background-position: initial;background-size: initial;background-attachment: initial\"><a style=\", serif;letter-spacing: 0px\" href=\"http:\/\/www2.unifap.br\/eletrica\/files\/2022\/07\/Ata-de-Reuniao_04_2022-11.05.2022.pdf\" target=\"_blank\" rel=\"noopener\">Ata de Reuni\u00e3o 004 (11\/05\/2022)<\/a><\/p><p style=\"margin: 0cm 0cm 6pt;background-image: initial;background-position: initial;background-size: initial;background-attachment: initial\"><a style=\", serif;letter-spacing: 0px\" href=\"http:\/\/www2.unifap.br\/eletrica\/files\/2022\/07\/Ata-de-Reuniao_05_2022-08.06.2022.pdf\" target=\"_blank\" rel=\"noopener\">Ata de Reuni\u00e3o 005 (08\/06\/2022)<\/a><\/p><p style=\"margin: 0cm 0cm 6pt;background-image: initial;background-position: initial;background-size: initial;background-attachment: initial\"><a style=\", serif;letter-spacing: 0px\" href=\"http:\/\/www2.unifap.br\/eletrica\/files\/2022\/07\/Ata-de-Reuniao_06_2022-13.07.2022.pdf\" target=\"_blank\" rel=\"noopener\">Ata de Reuni\u00e3o 006 (13\/07\/2022)<\/a><\/p><p style=\"margin: 0cm 0cm 6pt;background-image: initial;background-position: initial;background-size: initial;background-attachment: initial\"><a style=\"letter-spacing: 0px\" href=\"http:\/\/www2.unifap.br\/eletrica\/files\/2022\/09\/Ata-de-Reuniao_07_2022-10.08.2022.pdf\">Ata de Reuni\u00e3o 007 (10\/08\/2022)<\/a><\/p><p style=\"margin: 0cm 0cm 6pt;background-image: initial;background-position: initial;background-size: initial;background-attachment: initial\"><a style=\"letter-spacing: 0px\" href=\"http:\/\/www2.unifap.br\/eletrica\/files\/2022\/09\/Ata-de-Reuniao_08_2022-21.09.2022.pdf\">Ata de Reuni\u00e3o 008 (21\/09\/2022)<\/a><\/p><\/div>\n\t\t\t\t\t\t\t<\/div>\n\t\t<\/div>\n\t\t\t\t\t\t<\/div>\n\t\t\t\t<\/div>\n\t\t\t\t\t<\/div>\n\t\t<\/div>\n\t\t\t\t\t<\/div>\n\t\t<\/section>\n\t\t\t\t<section class=\"elementor-section elementor-top-section elementor-element elementor-element-34c6357 elementor-section-boxed elementor-section-height-default elementor-section-height-default\" data-id=\"34c6357\" data-element_type=\"section\" data-e-type=\"section\">\n\t\t\t\t\t\t<div class=\"elementor-container elementor-column-gap-default\">\n\t\t\t\t\t<div class=\"elementor-column elementor-col-100 elementor-top-column elementor-element elementor-element-d1c67b7\" data-id=\"d1c67b7\" data-element_type=\"column\" data-e-type=\"column\">\n\t\t\t<div class=\"elementor-widget-wrap elementor-element-populated\">\n\t\t\t\t\t\t<div class=\"elementor-element elementor-element-7f739f3 elementor-tabs-view-horizontal elementor-widget elementor-widget-tabs\" data-id=\"7f739f3\" data-element_type=\"widget\" data-e-type=\"widget\" data-widget_type=\"tabs.default\">\n\t\t\t\t<div class=\"elementor-widget-container\">\n\t\t\t\t\t\t\t<div class=\"elementor-tabs\">\n\t\t\t<div class=\"elementor-tabs-wrapper\" role=\"tablist\" >\n\t\t\t\t\t\t\t\t\t<div id=\"elementor-tab-title-1331\" class=\"elementor-tab-title elementor-tab-desktop-title\" aria-selected=\"true\" data-tab=\"1\" role=\"tab\" tabindex=\"0\" aria-controls=\"elementor-tab-content-1331\" aria-expanded=\"false\">2021<\/div>\n\t\t\t\t\t\t\t\t\t<div id=\"elementor-tab-title-1332\" class=\"elementor-tab-title elementor-tab-desktop-title\" aria-selected=\"false\" data-tab=\"2\" role=\"tab\" tabindex=\"-1\" aria-controls=\"elementor-tab-content-1332\" aria-expanded=\"false\">2020<\/div>\n\t\t\t\t\t\t\t\t\t<div id=\"elementor-tab-title-1333\" class=\"elementor-tab-title elementor-tab-desktop-title\" aria-selected=\"false\" data-tab=\"3\" role=\"tab\" tabindex=\"-1\" aria-controls=\"elementor-tab-content-1333\" aria-expanded=\"false\">2019<\/div>\n\t\t\t\t\t\t\t\t\t<div id=\"elementor-tab-title-1334\" class=\"elementor-tab-title elementor-tab-desktop-title\" aria-selected=\"false\" data-tab=\"4\" role=\"tab\" tabindex=\"-1\" aria-controls=\"elementor-tab-content-1334\" aria-expanded=\"false\">2018<\/div>\n\t\t\t\t\t\t\t\t\t<div id=\"elementor-tab-title-1335\" class=\"elementor-tab-title elementor-tab-desktop-title\" aria-selected=\"false\" data-tab=\"5\" role=\"tab\" tabindex=\"-1\" aria-controls=\"elementor-tab-content-1335\" aria-expanded=\"false\">2017<\/div>\n\t\t\t\t\t\t\t\t\t<div id=\"elementor-tab-title-1336\" class=\"elementor-tab-title elementor-tab-desktop-title\" aria-selected=\"false\" data-tab=\"6\" role=\"tab\" tabindex=\"-1\" aria-controls=\"elementor-tab-content-1336\" aria-expanded=\"false\">2016<\/div>\n\t\t\t\t\t\t\t\t\t<div id=\"elementor-tab-title-1337\" class=\"elementor-tab-title elementor-tab-desktop-title\" aria-selected=\"false\" data-tab=\"7\" role=\"tab\" tabindex=\"-1\" aria-controls=\"elementor-tab-content-1337\" aria-expanded=\"false\">2015<\/div>\n\t\t\t\t\t\t\t\t\t<div id=\"elementor-tab-title-1338\" class=\"elementor-tab-title elementor-tab-desktop-title\" aria-selected=\"false\" data-tab=\"8\" role=\"tab\" tabindex=\"-1\" aria-controls=\"elementor-tab-content-1338\" aria-expanded=\"false\">2014<\/div>\n\t\t\t\t\t\t\t\t\t<div id=\"elementor-tab-title-1339\" class=\"elementor-tab-title elementor-tab-desktop-title\" aria-selected=\"false\" data-tab=\"9\" role=\"tab\" tabindex=\"-1\" aria-controls=\"elementor-tab-content-1339\" aria-expanded=\"false\">2013<\/div>\n\t\t\t\t\t\t\t\t\t<div id=\"elementor-tab-title-13310\" class=\"elementor-tab-title elementor-tab-desktop-title\" aria-selected=\"false\" data-tab=\"10\" role=\"tab\" tabindex=\"-1\" aria-controls=\"elementor-tab-content-13310\" aria-expanded=\"false\">2012<\/div>\n\t\t\t\t\t\t\t\t\t<div id=\"elementor-tab-title-13311\" class=\"elementor-tab-title elementor-tab-desktop-title\" aria-selected=\"false\" data-tab=\"11\" role=\"tab\" tabindex=\"-1\" aria-controls=\"elementor-tab-content-13311\" aria-expanded=\"false\">2011<\/div>\n\t\t\t\t\t\t\t\t\t<div id=\"elementor-tab-title-13312\" class=\"elementor-tab-title elementor-tab-desktop-title\" aria-selected=\"false\" data-tab=\"12\" role=\"tab\" tabindex=\"-1\" aria-controls=\"elementor-tab-content-13312\" aria-expanded=\"false\">2010<\/div>\n\t\t\t\t\t\t\t\t\t<div id=\"elementor-tab-title-13313\" class=\"elementor-tab-title elementor-tab-desktop-title\" aria-selected=\"false\" data-tab=\"13\" role=\"tab\" tabindex=\"-1\" aria-controls=\"elementor-tab-content-13313\" aria-expanded=\"false\">2009<\/div>\n\t\t\t\t\t\t\t<\/div>\n\t\t\t<div class=\"elementor-tabs-content-wrapper\" role=\"tablist\" aria-orientation=\"vertical\">\n\t\t\t\t\t\t\t\t\t<div class=\"elementor-tab-title elementor-tab-mobile-title\" aria-selected=\"true\" data-tab=\"1\" role=\"tab\" tabindex=\"0\" aria-controls=\"elementor-tab-content-1331\" aria-expanded=\"false\">2021<\/div>\n\t\t\t\t\t<div id=\"elementor-tab-content-1331\" class=\"elementor-tab-content elementor-clearfix\" data-tab=\"1\" role=\"tabpanel\" aria-labelledby=\"elementor-tab-title-1331\" tabindex=\"0\" hidden=\"false\"><p style=\"margin: 0cm 0cm 6pt;background-image: initial;background-position: initial;background-size: initial;background-attachment: initial\"><strong><span style=\"font-family: 'Open Sans',serif;color: blue\">ATAS DE REUNI\u00d5ES DE COLEGIADO 2021<\/span><\/strong><\/p><p style=\"margin: 0cm 0cm 6pt;line-height: 20.25pt;background-image: initial;background-position: initial;background-size: initial;background-attachment: initial\"><span style=\"font-family: 'Open Sans',serif;color: #2a6496\"><a href=\"https:\/\/www2.unifap.br\/eletrica\/files\/2021\/01\/Ata-de-Reuniao_01_2021-assinada-alunos.pdf\" target=\"_blank\" rel=\"noopener\">Ata de Reuni\u00e3o 001 (13\/01\/2021) <\/a><\/span><\/p><p style=\"margin: 0cm 0cm 6pt;line-height: 20.25pt;background-image: initial;background-position: initial;background-size: initial;background-attachment: initial\"><span style=\"font-family: 'Open Sans',serif;color: #2a6496\"><a href=\"https:\/\/www2.unifap.br\/eletrica\/files\/2021\/03\/Ata-de-Reuniao_02_2021-assinada-alunos-10.03.2021-1.pdf\" target=\"_blank\" rel=\"noopener\">Ata de Reuni\u00e3o 002 (10\/03\/2021)<\/a><\/span><\/p><p style=\"margin: 0cm 0cm 6pt;line-height: 20.25pt;background-image: initial;background-position: initial;background-size: initial;background-attachment: initial\"><span style=\"font-family: 'Open Sans',serif;color: #2a6496\"><a href=\"http:\/\/www2.unifap.br\/eletrica\/files\/2021\/04\/Ata-de-Reuniao_04_2021-assinada.pdf\" target=\"_blank\" rel=\"noopener\">Ata de Reuni\u00e3o 003 (14\/04\/2021)<\/a><\/span><\/p><p style=\"margin: 0cm 0cm 6pt;line-height: 20.25pt;background-image: initial;background-position: initial;background-size: initial;background-attachment: initial\"><span style=\"font-family: 'Open Sans',serif;color: #2a6496\"><a href=\"http:\/\/www2.unifap.br\/eletrica\/files\/2021\/07\/Ata-de-Reuniao_04_2021-assinada.pdf\" target=\"_blank\" rel=\"noopener\">Ata de Reuni\u00e3o 004 (09\/06\/2021)<\/a><\/span><\/p><p style=\"margin: 0cm 0cm 6pt;line-height: 20.25pt;background-image: initial;background-position: initial;background-size: initial;background-attachment: initial\"><span style=\"font-family: 'Open Sans',serif;color: #2a6496\"><a href=\"http:\/\/www2.unifap.br\/eletrica\/files\/2021\/07\/Ata-de-Reuniao_05_2021-assinada.pdf\" target=\"_blank\" rel=\"noopener\">Ata de Reuni\u00e3o 005 (14\/07\/2021)<\/a><\/span><\/p><p style=\"margin: 0cm 0cm 6pt;line-height: 20.25pt;background-image: initial;background-position: initial;background-size: initial;background-attachment: initial\"><span style=\"font-family: 'Open Sans',serif;color: #2a6496\"><a href=\"https:\/\/www2.unifap.br\/eletrica\/files\/2021\/08\/Ata-de-Reuniao_06_2021-assinada.pdf\" target=\"_blank\" rel=\"noopener\">Ata de Reuni\u00e3o 006 (18\/08\/2021)<\/a><\/span><\/p><p style=\"margin: 0cm 0cm 6pt;line-height: 20.25pt;background-image: initial;background-position: initial;background-size: initial;background-attachment: initial\"><span style=\"font-family: 'Open Sans',serif;color: #2a6496\"><a href=\"https:\/\/www2.unifap.br\/eletrica\/files\/2021\/09\/Ata-de-Reuniao_07_2021-assinada.pdf\" target=\"_blank\" rel=\"noopener\">Ata de Reuni\u00e3o 007 (08\/09\/2021)<\/a><\/span><\/p><p style=\"margin: 0cm 0cm 6pt;line-height: 20.25pt;background-image: initial;background-position: initial;background-size: initial;background-attachment: initial\"><span style=\"font-family: 'Open Sans',serif;color: red\">EXTRAORDIN\u00c1RIAS 2021<\/span><\/p><p style=\"margin: 0cm 0cm 6pt;line-height: 20.25pt;background-image: initial;background-position: initial;background-size: initial;background-attachment: initial\"><span style=\"font-family: 'Open Sans',serif;color: #2a6496\"><a href=\"https:\/\/www2.unifap.br\/eletrica\/files\/2021\/01\/Ata-de-Reuniao_01_2021-Extraordin%c3%a1ria-assinada-alunos.pdf\" target=\"_blank\" rel=\"noopener\">Ata de Reuni\u00e3o Extraordin\u00e1ria 001 (06\/01\/2021)<\/a><\/span><\/p><p style=\"margin: 0cm 0cm 6pt;line-height: 20.25pt;background-image: initial;background-position: initial;background-size: initial;background-attachment: initial\"><span style=\"font-family: 'Open Sans',serif;color: #2a6496\"><a href=\"https:\/\/www2.unifap.br\/eletrica\/files\/2021\/03\/Ata-de-Reuniao_02_2021-Extraordin%c3%a1ria-assinada-alunos-04.03.2021.pdf\" target=\"_blank\" rel=\"noopener\">Ata de Reuni\u00e3o Extraordin\u00e1ria 002 (04\/03\/2021)<\/a><\/span><\/p><p style=\"margin: 0cm 0cm 6pt;line-height: 20.25pt;background-image: initial;background-position: initial;background-size: initial;background-attachment: initial\"><span style=\"font-family: 'Open Sans',serif;color: #2a6496\"><a href=\"https:\/\/www2.unifap.br\/eletrica\/files\/2021\/03\/Ata-de-Reuniao_03_2021-Extraordin%c3%a1ria-assinada-alunos-18.03.2021.pdf\" target=\"_blank\" rel=\"noopener\">Ata de Reuni\u00e3o Extraordin\u00e1ria 003 (18\/03\/2021)<\/a><\/span><\/p><p style=\"margin: 0cm 0cm 6pt;line-height: 20.25pt;background-image: initial;background-position: initial;background-size: initial;background-attachment: initial\"><span style=\"font-family: 'Open Sans',serif;color: #2a6496\"><a href=\"https:\/\/www2.unifap.br\/eletrica\/files\/2021\/08\/Ata-de-Reuniao_04_2021-Extraordin%c3%a1ria-assinada.pdf\" target=\"_blank\" rel=\"noopener\">Ata de Reuni\u00e3o Extraordin\u00e1ria 004 (30\/07\/2021)<\/a><\/span><\/p><p><span style=\"font-family: 'Open Sans',serif;color: #2a6496\"><a href=\"http:\/\/www2.unifap.br\/eletrica\/files\/2021\/12\/Ata-de-Reuniao_05_2021-Extraordin\u00e1ria-assinada.pdf\" target=\"_blank\" rel=\"noopener\">Ata de Reuni\u00e3o Extraordin\u00e1ria 005 (27\/10\/2021)<\/a><\/span><\/p><\/div>\n\t\t\t\t\t\t\t\t\t<div class=\"elementor-tab-title elementor-tab-mobile-title\" aria-selected=\"false\" data-tab=\"2\" role=\"tab\" tabindex=\"-1\" aria-controls=\"elementor-tab-content-1332\" aria-expanded=\"false\">2020<\/div>\n\t\t\t\t\t<div id=\"elementor-tab-content-1332\" class=\"elementor-tab-content elementor-clearfix\" data-tab=\"2\" role=\"tabpanel\" aria-labelledby=\"elementor-tab-title-1332\" tabindex=\"0\" hidden=\"hidden\"><p style=\"margin: 0cm 0cm 6pt;background-image: initial;background-position: initial;background-size: initial;background-attachment: initial\"><strong><span style=\"font-family: 'Open Sans',serif;color: blue\">ATAS DE REUNI\u00d5ES DE COLEGIADO 2020<\/span><\/strong><\/p>\n<p style=\"margin: 0cm 0cm 6pt;line-height: 20.25pt;background-image: initial;background-position: initial;background-size: initial;background-attachment: initial\"><span style=\"font-family: 'Open Sans',serif;color: #2a6496\"><a href=\"http:\/\/www2.unifap.br\/eletrica\/files\/2020\/02\/ATA-DA-REUNI%C3%83O-001-2020.pdf\" target=\"_blank\" rel=\"noopener\">Ata de Reuni\u00e3o 001 (05\/02\/2020)<\/a><\/span><\/p>\n<p style=\"margin: 0cm 0cm 6pt;line-height: 20.25pt;background-image: initial;background-position: initial;background-size: initial;background-attachment: initial\"><span style=\"font-family: 'Open Sans',serif;color: #2a6496\"><a href=\"http:\/\/www2.unifap.br\/eletrica\/files\/2020\/03\/Ata-de-Reuniao_02_2020-assinada.pdf\" target=\"_blank\" rel=\"noopener\">Ata de Reuni\u00e3o 002 (04\/03\/2020)<\/a><\/span><\/p>\n<p style=\"margin: 0cm 0cm 6pt;line-height: 20.25pt;background-image: initial;background-position: initial;background-size: initial;background-attachment: initial\"><span style=\"font-family: 'Open Sans',serif;color: #2a6496\"><a href=\"http:\/\/www2.unifap.br\/eletrica\/files\/2020\/06\/Ata-de-Reuniao_03_2020-assinada-alunos.pdf\" target=\"_blank\" rel=\"noopener\">Ata de Reuni\u00e3o 003 (19\/06\/2020)<\/a><\/span><\/p>\n<p style=\"margin: 0cm 0cm 6pt;line-height: 20.25pt;background-image: initial;background-position: initial;background-size: initial;background-attachment: initial\"><span style=\"font-family: 'Open Sans',serif;color: #2a6496\"><a href=\"https:\/\/www2.unifap.br\/eletrica\/files\/2020\/07\/Ata-de-Reuniao_04_2020-assinada-alunos.pdf\" target=\"_blank\" rel=\"noopener\">Ata de Reuni\u00e3o 004 (26\/06\/2020)<\/a><\/span><\/p>\n<p style=\"margin: 0cm 0cm 6pt;line-height: 20.25pt;background-image: initial;background-position: initial;background-size: initial;background-attachment: initial\"><span style=\"font-family: 'Open Sans',serif;color: #2a6496\"><a href=\"https:\/\/www2.unifap.br\/eletrica\/files\/2020\/07\/Ata-de-Reuniao_05_2020-assinada-alunos.pdf\" target=\"_blank\" rel=\"noopener\">Ata de Reuni\u00e3o 005 (01\/07\/2020)<\/a><\/span><\/p>\n<p style=\"margin: 0cm 0cm 6pt;line-height: 20.25pt;background-image: initial;background-position: initial;background-size: initial;background-attachment: initial\"><span style=\"font-family: 'Open Sans',serif;color: #2a6496\"><a href=\"https:\/\/www2.unifap.br\/eletrica\/files\/2020\/07\/Ata-de-Reuniao_06_2020-assinada-alunos.pdf\" target=\"_blank\" rel=\"noopener\">Ata de Reuni\u00e3o 006 (24\/07\/2020)<\/a><\/span><\/p>\n<p style=\"margin: 0cm 0cm 6pt;line-height: 20.25pt;background-image: initial;background-position: initial;background-size: initial;background-attachment: initial\"><a href=\"https:\/\/www2.unifap.br\/eletrica\/files\/2020\/08\/Ata-de-Reuniao_07_2020-assinada-alunos.pdf\" target=\"_blank\" rel=\"noopener\">Ata de Reuni\u00e3o 007 (12\/08\/2020)<\/a><\/p>\n<p style=\"margin: 0cm 0cm 6pt;line-height: 20.25pt;background-image: initial;background-position: initial;background-size: initial;background-attachment: initial\"><a style=\"background-color: #ffffff\" href=\"https:\/\/www2.unifap.br\/eletrica\/files\/2020\/09\/Ata-de-Reuniao_08_2020-assinada-alunos.pdf\" target=\"_blank\" rel=\"noopener\">Ata de Reuni\u00e3o 008 (09\/09\/2020)<\/a><\/p>\n<p style=\"margin: 0cm 0cm 6pt;line-height: 20.25pt;background-image: initial;background-position: initial;background-size: initial;background-attachment: initial\"><a style=\"background-color: #ffffff\" href=\"https:\/\/www2.unifap.br\/eletrica\/files\/2020\/10\/Ata-de-Reuniao_09_2020-assinada-alunos-anexos.pdf\" target=\"_blank\" rel=\"noopener\">Ata de Reuni\u00e3o 009 (14\/10\/2020)<\/a><\/p>\n<p style=\"margin: 0cm 0cm 6pt;line-height: 20.25pt;background-image: initial;background-position: initial;background-size: initial;background-attachment: initial\"><span style=\"color: #2a6496\"><span style=\"background-position: 0px 0px;font-family: 'Open Sans', serif;color: #2a6496\"><a href=\"http:\/\/www2.unifap.br\/eletrica\/files\/2020\/12\/Ata-de-Reuniao_10_2020-assinada-alunos.pdf\" target=\"_blank\" rel=\"noopener\">Ata de Reuni\u00e3o 010 (09\/12\/2020)<\/a><\/span><\/span><\/p>\n<p style=\"margin: 0cm 0cm 6pt;line-height: 20.25pt;background-image: initial;background-position: initial;background-size: initial;background-attachment: initial\"><span style=\"font-family: 'Open Sans',serif;color: red\">EXTRAORDIN\u00c1RIAS 2020<\/span><\/p>\n<p style=\"margin: 0cm 0cm 6pt;line-height: 20.25pt;background-image: initial;background-position: initial;background-size: initial;background-attachment: initial\"><span style=\"color: #2a6496\"><span style=\"background-position: 0px 0px;font-family: 'Open Sans', serif;color: #2a6496\"><a href=\"https:\/\/www2.unifap.br\/eletrica\/files\/2021\/01\/Ata-de-Reuniao_01_2020-Extraordinaria-assinada.pdf\" target=\"_blank\" rel=\"noopener\">Ata de Reuni\u00e3o Extraordin\u00e1ria 001 (03\/02\/2020)<\/a><\/span><\/span><\/p>\n<p style=\"margin: 0cm 0cm 6pt;line-height: 20.25pt;background-image: initial;background-position: initial;background-size: initial;background-attachment: initial\"><span style=\"color: #2a6496\"><span style=\"background-position: 0px 0px;font-family: 'Open Sans', serif;color: #2a6496\"><a href=\"https:\/\/www2.unifap.br\/eletrica\/files\/2020\/03\/Ata-de-Reuniao_02_2020-Extraordinaria-assinada.pdf\" target=\"_blank\" rel=\"noopener\">Ata de Reuni\u00e3o Extraordin\u00e1ria 002 (04\/03\/2020)<\/a><\/span><\/span><\/p>\n<p style=\"margin: 0cm 0cm 6pt;line-height: 20.25pt;background-image: initial;background-position: initial;background-size: initial;background-attachment: initial\"><a href=\"https:\/\/www2.unifap.br\/eletrica\/files\/2020\/04\/Ata-de-Reuniao_03_2020-Extraordinaria-assinada.pdf\" target=\"_blank\" rel=\"noopener\">Ata de Reuni\u00e3o Extraordin\u00e1ria 003 (28\/04\/2020)<\/a><span style=\"color: #2a6496\">\n<\/span><\/p>\n<p style=\"margin: 0cm 0cm 6pt;line-height: 20.25pt;background-image: initial;background-position: initial;background-size: initial;background-attachment: initial\"><span style=\"color: #2a6496\"><span style=\"background-color: #ffffff\"><a href=\"https:\/\/www2.unifap.br\/eletrica\/files\/2020\/08\/Ata-de-Reuniao_04_2020-Extraordin%c3%a1ria-assinada-alunos.pdf\" target=\"_blank\" rel=\"noopener\">Ata de Reuni\u00e3o Extraordin\u00e1ria 004 (24\/08\/2020)<\/a><\/span><\/span><\/p>\n<p style=\"margin: 0cm 0cm 6pt;line-height: 20.25pt;background-image: initial;background-position: initial;background-size: initial;background-attachment: initial\"><span style=\"color: #2a6496\"><span style=\"background-color: #ffffff\"><a href=\"https:\/\/www2.unifap.br\/eletrica\/files\/2020\/10\/Ata-de-Reuniao_05_2020-Extraordinaria.pdf\" target=\"_blank\" rel=\"noopener\">Ata de Reuni\u00e3o Extraordin\u00e1ria 005 (21\/10\/2020)<\/a><\/span><\/span><\/p>\n<p style=\"margin: 0cm 0cm 6pt;line-height: 20.25pt;background-image: initial;background-position: initial;background-size: initial;background-attachment: initial\"><span style=\"color: #2a6496\"><span style=\"background-position: 0px 0px;font-family: 'Open Sans', serif;color: #2a6496\"><a href=\"https:\/\/www2.unifap.br\/eletrica\/files\/2020\/11\/Ata-de-Reuniao_06_2020-Extraordinaria-assinada-alunos.pdf\" target=\"_blank\" rel=\"noopener\">Ata de Reuni\u00e3o Extraordin\u00e1ria 006 (25\/11\/2020)<\/a><\/span><\/span><\/p><\/div>\n\t\t\t\t\t\t\t\t\t<div class=\"elementor-tab-title elementor-tab-mobile-title\" aria-selected=\"false\" data-tab=\"3\" role=\"tab\" tabindex=\"-1\" aria-controls=\"elementor-tab-content-1333\" aria-expanded=\"false\">2019<\/div>\n\t\t\t\t\t<div id=\"elementor-tab-content-1333\" class=\"elementor-tab-content elementor-clearfix\" data-tab=\"3\" role=\"tabpanel\" aria-labelledby=\"elementor-tab-title-1333\" tabindex=\"0\" hidden=\"hidden\"><p style=\"margin: 0cm 0cm 6pt;line-height: 20.25pt;background-image: initial;background-position: initial;background-size: initial;background-attachment: initial\"><strong><span style=\"font-family: 'Open Sans',serif;color: blue\">ATAS DE REUNI\u00d5ES DE COLEGIADO 2019<\/span><\/strong><\/p><p style=\"margin: 0cm 0cm 6pt;line-height: 20.25pt;background-image: initial;background-position: initial;background-size: initial;background-attachment: initial\"><span style=\"font-family: 'Open Sans', serif\"><a style=\"background-position: 0px 0px\" href=\"http:\/\/www2.unifap.br\/eletrica\/files\/2020\/10\/Ata-de-Reuni\u00e3o-01_novo.pdf\" target=\"_blank\" rel=\"noopener\">Ata de Reuni\u00e3o 001 (13\/02\/2019)<\/a><\/span><\/p><p style=\"margin: 0cm 0cm 6pt;line-height: 20.25pt;background-image: initial;background-position: initial;background-size: initial;background-attachment: initial\"><span style=\"font-family: 'Open Sans', serif\"><a style=\"background-position: 0px 0px\" href=\"http:\/\/www2.unifap.br\/eletrica\/files\/2020\/02\/Ata-de-Reuni%C3%A3o-02.pdf\" target=\"_blank\" rel=\"noopener\">Ata de Reuni\u00e3o 002 (10\/04\/2019)<\/a><\/span><\/p><p style=\"margin: 0cm 0cm 6pt;line-height: 20.25pt;background-image: initial;background-position: initial;background-size: initial;background-attachment: initial\"><span style=\"font-family: 'Open Sans', serif\"><a style=\"background-position: 0px 0px\" href=\"http:\/\/www2.unifap.br\/eletrica\/files\/2020\/02\/Ata-de-Reuni%C3%A3o-03.pdf\" target=\"_blank\" rel=\"noopener\">Ata de Reuni\u00e3o 003 (22\/05\/2019)<\/a><\/span><\/p><p style=\"margin: 0cm 0cm 6pt;line-height: 20.25pt;background-image: initial;background-position: initial;background-size: initial;background-attachment: initial\"><span style=\"font-family: 'Open Sans', serif\"><a style=\"background-position: 0px 0px\" href=\"http:\/\/www2.unifap.br\/eletrica\/files\/2020\/02\/Ata-de-Reuni%C3%A3o-04.pdf\" target=\"_blank\" rel=\"noopener\">Ata de Reuni\u00e3o 004 (12\/06\/2019)<\/a><\/span><\/p><p style=\"margin: 0cm 0cm 6pt;line-height: 20.25pt;background-image: initial;background-position: initial;background-size: initial;background-attachment: initial\"><span style=\"font-family: 'Open Sans', serif\"><a style=\"background-position: 0px 0px\" href=\"http:\/\/www2.unifap.br\/eletrica\/files\/2020\/02\/Ata-de-Reuni%C3%A3o-05.pdf\" target=\"_blank\" rel=\"noopener\">Ata de Reuni\u00e3o 005 (14\/08\/2019)<\/a><\/span><\/p><p style=\"margin: 0cm 0cm 6pt;line-height: 20.25pt;background-image: initial;background-position: initial;background-size: initial;background-attachment: initial\"><span style=\"font-family: 'Open Sans', serif\"><a style=\"background-position: 0px 0px\" href=\"http:\/\/www2.unifap.br\/eletrica\/files\/2020\/02\/Ata-de-Reuniao-06.pdf\" target=\"_blank\" rel=\"noopener\">Ata de Reuni\u00e3o 006 (04\/09\/2019)<\/a><\/span><\/p><p style=\"margin: 0cm 0cm 6pt;line-height: 20.25pt;background-image: initial;background-position: initial;background-size: initial;background-attachment: initial\"><span style=\"font-family: 'Open Sans', serif\"><a style=\"background-position: 0px 0px\" href=\"http:\/\/www2.unifap.br\/eletrica\/files\/2020\/02\/Ata-de-reuniao-07.pdf\" target=\"_blank\" rel=\"noopener\">Ata de Reuni\u00e3o 007 (16\/10\/2019)<\/a><\/span><\/p><p style=\"margin: 0cm 0cm 6pt;line-height: 20.25pt;background-image: initial;background-position: initial;background-size: initial;background-attachment: initial\"><span style=\"font-family: 'Open Sans', serif\"><a style=\"background-position: 0px 0px\" href=\"http:\/\/www2.unifap.br\/eletrica\/files\/2020\/02\/Ata-de-reuni%C3%A3o-08.pdf\" target=\"_blank\" rel=\"noopener\">Ata de Reuni\u00e3o 008 (06\/11\/2019)<\/a><\/span><\/p><p style=\"margin: 0cm 0cm 6pt;line-height: 20.25pt;background-image: initial;background-position: initial;background-size: initial;background-attachment: initial\"><span style=\"font-family: 'Open Sans',serif;color: red\">EXTRAORDIN\u00c1RIAS 2019<\/span><\/p><p style=\"margin: 0cm 0cm 6pt;line-height: 20.25pt;background-image: initial;background-position: initial;background-size: initial;background-attachment: initial\"><span style=\"font-family: 'Open Sans', serif\"><a style=\"background-position: 0px 0px\" href=\"https:\/\/www2.unifap.br\/eletrica\/files\/2020\/02\/Ata-de-Reuni%c3%a3o-01-EXTRAORDINARIA.pdf\" target=\"_blank\" rel=\"noopener\">Ata de Reuni\u00e3o Extraordin\u00e1ria 001 (31\/05\/2019)<\/a><\/span><\/p><\/div>\n\t\t\t\t\t\t\t\t\t<div class=\"elementor-tab-title elementor-tab-mobile-title\" aria-selected=\"false\" data-tab=\"4\" role=\"tab\" tabindex=\"-1\" aria-controls=\"elementor-tab-content-1334\" aria-expanded=\"false\">2018<\/div>\n\t\t\t\t\t<div id=\"elementor-tab-content-1334\" class=\"elementor-tab-content elementor-clearfix\" data-tab=\"4\" role=\"tabpanel\" aria-labelledby=\"elementor-tab-title-1334\" tabindex=\"0\" hidden=\"hidden\"><p style=\"margin: 0cm 0cm 6pt;background-image: initial;background-position: initial;background-size: initial;background-attachment: initial\"><strong><span style=\"font-family: 'Open Sans',serif;color: blue\">ATAS DE REUNI\u00d5ES DE COLEGIADO 2018<\/span><\/strong><\/p><p style=\"margin: 0cm 0cm 6pt;background-image: initial;background-position: initial;background-size: initial;background-attachment: initial\"><span style=\"font-family: 'Open Sans', serif\"><a style=\"background-position: 0px 0px\" href=\"http:\/\/www2.unifap.br\/eletrica\/files\/2020\/02\/Ata-de-Reuni%C3%A3o-001-3.pdf\" target=\"_blank\" rel=\"noopener\">Ata de Reuni\u00e3o 001 (10\/01\/2018)<\/a><\/span><\/p><p style=\"margin: 0cm 0cm 6pt;background-image: initial;background-position: initial;background-size: initial;background-attachment: initial\"><span style=\"font-family: 'Open Sans', serif\"><a style=\"background-position: 0px 0px\" href=\"http:\/\/www2.unifap.br\/eletrica\/files\/2020\/02\/Ata-de-Reuni%C3%A3o-002-3.pdf\" target=\"_blank\" rel=\"noopener\">Ata de Reuni\u00e3o 002 (08\/02\/2018)<\/a><\/span><\/p><p style=\"margin: 0cm 0cm 6pt;background-image: initial;background-position: initial;background-size: initial;background-attachment: initial\"><span style=\"font-family: 'Open Sans', serif\"><a style=\"background-position: 0px 0px\" href=\"http:\/\/www2.unifap.br\/eletrica\/files\/2020\/02\/Ata-de-Reuni%C3%A3o-003-3.pdf\" target=\"_blank\" rel=\"noopener\">Ata de Reuni\u00e3o 003 (07\/03\/2018)<\/a><\/span><\/p><p style=\"margin: 0cm 0cm 6pt;background-image: initial;background-position: initial;background-size: initial;background-attachment: initial\"><span style=\"font-family: 'Open Sans', serif\"><a style=\"background-position: 0px 0px\" href=\"http:\/\/www2.unifap.br\/eletrica\/files\/2020\/02\/Ata-de-Reuni%C3%A3o-004-4.pdf\" target=\"_blank\" rel=\"noopener\">Ata de Reuni\u00e3o 004 (04\/04\/2018)<\/a><\/span><\/p><p style=\"margin: 0cm 0cm 6pt;background-image: initial;background-position: initial;background-size: initial;background-attachment: initial\"><span style=\"font-family: 'Open Sans', serif\"><a style=\"background-position: 0px 0px\" href=\"http:\/\/www2.unifap.br\/eletrica\/files\/2020\/02\/Ata-de-Reuni%C3%A3o-005-4.pdf\" target=\"_blank\" rel=\"noopener\">Ata de Reuni\u00e3o 005 (16\/05\/2018)<\/a><\/span><\/p><p style=\"margin: 0cm 0cm 6pt;background-image: initial;background-position: initial;background-size: initial;background-attachment: initial\"><span style=\"font-family: 'Open Sans', serif\"><a style=\"background-position: 0px 0px\" href=\"http:\/\/www2.unifap.br\/eletrica\/files\/2020\/02\/Ata-de-Reuniao-006.pdf\" target=\"_blank\" rel=\"noopener\">Ata de Reuni\u00e3o 006 (13\/06\/2018)<\/a><\/span><\/p><p style=\"margin: 0cm 0cm 6pt;background-image: initial;background-position: initial;background-size: initial;background-attachment: initial\"><span style=\"font-family: 'Open Sans', serif\"><a style=\"background-position: 0px 0px\" href=\"http:\/\/www2.unifap.br\/eletrica\/files\/2020\/02\/Ata-de-Reuniao-007.pdf\" target=\"_blank\" rel=\"noopener\">Ata de Reuni\u00e3o 007 (04\/07\/2018)<\/a><\/span><\/p><p style=\"margin: 0cm 0cm 6pt;background-image: initial;background-position: initial;background-size: initial;background-attachment: initial\"><span style=\"font-family: 'Open Sans', serif\"><a style=\"background-position: 0px 0px\" href=\"http:\/\/www2.unifap.br\/eletrica\/files\/2020\/02\/Ata-de-Reuniao-008.pdf\" target=\"_blank\" rel=\"noopener\">Ata de Reuni\u00e3o 008 (15\/08\/2018)<\/a><\/span><\/p><p style=\"margin: 0cm 0cm 6pt;background-image: initial;background-position: initial;background-size: initial;background-attachment: initial\"><span style=\"font-family: 'Open Sans', serif\"><a style=\"background-position: 0px 0px\" href=\"http:\/\/www2.unifap.br\/eletrica\/files\/2020\/02\/Ata-de-Reuniao-009-1.pdf\" target=\"_blank\" rel=\"noopener\">Ata de Reuni\u00e3o 009 (19\/09\/2018)<\/a><\/span><\/p><p style=\"margin: 0cm 0cm 6pt;background-image: initial;background-position: initial;background-size: initial;background-attachment: initial\"><span style=\"font-family: 'Open Sans', serif\"><a style=\"background-position: 0px 0px\" href=\"http:\/\/www2.unifap.br\/eletrica\/files\/2020\/02\/Ata-de-Reuni%C3%A3o-010-2.pdf\" target=\"_blank\" rel=\"noopener\">Ata de Reuni\u00e3o 010 (14\/11\/2018)<\/a><\/span><\/p><p style=\"margin: 0cm 0cm 6pt;background-image: initial;background-position: initial;background-size: initial;background-attachment: initial\"><span style=\"font-family: 'Open Sans', serif\"><a style=\"background-position: 0px 0px\" href=\"http:\/\/www2.unifap.br\/eletrica\/files\/2020\/02\/Ata-de-Reuni%C3%A3o-011.pdf\" target=\"_blank\" rel=\"noopener\">Ata de Reuni\u00e3o 011 (12\/12\/2018)<\/a><\/span><\/p><\/div>\n\t\t\t\t\t\t\t\t\t<div class=\"elementor-tab-title elementor-tab-mobile-title\" aria-selected=\"false\" data-tab=\"5\" role=\"tab\" tabindex=\"-1\" aria-controls=\"elementor-tab-content-1335\" aria-expanded=\"false\">2017<\/div>\n\t\t\t\t\t<div id=\"elementor-tab-content-1335\" class=\"elementor-tab-content elementor-clearfix\" data-tab=\"5\" role=\"tabpanel\" aria-labelledby=\"elementor-tab-title-1335\" tabindex=\"0\" hidden=\"hidden\"><p style=\"margin: 0cm 0cm 6pt;background-image: initial;background-position: initial;background-size: initial;background-attachment: initial\"><strong><span style=\"font-family: 'Open Sans',serif;color: blue\">ATAS DE REUNI\u00d5ES DE COLEGIADO 2017<\/span><\/strong><\/p><p style=\"margin: 0cm 0cm 6pt;background-image: initial;background-position: initial;background-size: initial;background-attachment: initial\"><span style=\"font-family: 'Open Sans', serif\"><a style=\"background-position: 0px 0px\" href=\"http:\/\/www2.unifap.br\/eletrica\/files\/2020\/02\/Ata-de-Reuni%C3%A3o-001-2.pdf\" target=\"_blank\" rel=\"noopener\">Ata de Reuni\u00e3o 001 (18\/01\/2017)<\/a><\/span><\/p><p style=\"margin: 0cm 0cm 6pt;background-image: initial;background-position: initial;background-size: initial;background-attachment: initial\"><span style=\"font-family: 'Open Sans', serif\"><a style=\"background-position: 0px 0px\" href=\"http:\/\/www2.unifap.br\/eletrica\/files\/2020\/02\/Ata-de-Reuni%C3%A3o-002-2.pdf\" target=\"_blank\" rel=\"noopener\">Ata de Reuni\u00e3o 002 (08\/02\/2017)<\/a><\/span><\/p><p style=\"margin: 0cm 0cm 6pt;background-image: initial;background-position: initial;background-size: initial;background-attachment: initial\"><span style=\"font-family: 'Open Sans', serif\"><a style=\"background-position: 0px 0px\" href=\"http:\/\/www2.unifap.br\/eletrica\/files\/2020\/02\/Ata-de-Reuni%C3%A3o-003-2.pdf\" target=\"_blank\" rel=\"noopener\">Ata de Reuni\u00e3o 003 (03\/05\/2017)<\/a><\/span><\/p><p style=\"margin: 0cm 0cm 6pt;background-image: initial;background-position: initial;background-size: initial;background-attachment: initial\"><span style=\"font-family: 'Open Sans', serif\"><a style=\"background-position: 0px 0px\" href=\"http:\/\/www2.unifap.br\/eletrica\/files\/2020\/02\/Ata-de-Reuni%C3%A3o-004-3.pdf\" target=\"_blank\" rel=\"noopener\">Ata de Reuni\u00e3o 004 (07\/06\/2017)<\/a><\/span><\/p><p style=\"margin: 0cm 0cm 6pt;background-image: initial;background-position: initial;background-size: initial;background-attachment: initial\"><span style=\"font-family: 'Open Sans', serif\"><a style=\"background-position: 0px 0px\" href=\"http:\/\/www2.unifap.br\/eletrica\/files\/2020\/02\/Ata-de-Reuni%C3%A3o-005-3.pdf\" target=\"_blank\" rel=\"noopener\">Ata de Reuni\u00e3o 005 (05\/07\/2017)<\/a><\/span><\/p><p style=\"margin: 0cm 0cm 6pt;background-image: initial;background-position: initial;background-size: initial;background-attachment: initial\"><span style=\"font-family: 'Open Sans', serif\"><a style=\"background-position: 0px 0px\" href=\"http:\/\/www2.unifap.br\/eletrica\/files\/2020\/02\/Ata-de-Reuni%C3%A3o-006-3.pdf\" target=\"_blank\" rel=\"noopener\">Ata de Reuni\u00e3o 006<\/a><\/span><\/p><p style=\"margin: 0cm 0cm 6pt;background-image: initial;background-position: initial;background-size: initial;background-attachment: initial\"><span style=\"font-family: 'Open Sans', serif\"><a style=\"background-position: 0px 0px\" href=\"http:\/\/www2.unifap.br\/eletrica\/files\/2020\/02\/Ata-de-Reuni%C3%A3o-008-2.pdf\" target=\"_blank\" rel=\"noopener\">Ata de Reuni\u00e3o 008<\/a><\/span><\/p><p style=\"margin: 0cm 0cm 6pt;background-image: initial;background-position: initial;background-size: initial;background-attachment: initial\"><span style=\"font-family: 'Open Sans', serif\"><a style=\"background-position: 0px 0px\" href=\"http:\/\/www2.unifap.br\/eletrica\/files\/2020\/02\/Ata-de-Reuni%C3%A3o-009-1.pdf\" target=\"_blank\" rel=\"noopener\">Ata de Reuni\u00e3o 009 (08\/11\/2017)<\/a><\/span><\/p><p style=\"margin: 0cm 0cm 6pt;background-image: initial;background-position: initial;background-size: initial;background-attachment: initial\"><span style=\"font-family: 'Open Sans', serif\"><a style=\"background-position: 0px 0px\" href=\"http:\/\/www2.unifap.br\/eletrica\/files\/2020\/02\/Ata-de-Reuni%C3%A3o-010-1.pdf\" target=\"_blank\" rel=\"noopener\">Ata de Reuni\u00e3o 010 (13\/12\/2017)<\/a><\/span><\/p><p style=\"margin: 0cm 0cm 6pt;background-image: initial;background-position: initial;background-size: initial;background-attachment: initial\"><span style=\"font-family: 'Open Sans',serif;color: red\">EXTRAORDIN\u00c1RIAS 2017<\/span><\/p><p style=\"margin: 0cm 0cm 6pt;background-image: initial;background-position: initial;background-size: initial;background-attachment: initial\"><span style=\"font-family: 'Open Sans', serif\"><a style=\"background-position: 0px 0px\" href=\"http:\/\/www2.unifap.br\/eletrica\/files\/2020\/02\/Ata-de-Reuni%C3%A3o-001-4.pdf\" target=\"_blank\" rel=\"noopener\">Ata de Reuni\u00e3o 001 (17\/03\/2017)<\/a><\/span><\/p><p style=\"margin: 0cm 0cm 6pt;background-image: initial;background-position: initial;background-size: initial;background-attachment: initial\"><span style=\"font-family: 'Open Sans', serif\"><a style=\"background-position: 0px 0px\" href=\"http:\/\/www2.unifap.br\/eletrica\/files\/2020\/02\/Ata-de-Reuni%C3%A3o-002-4.pdf\" target=\"_blank\" rel=\"noopener\">Ata de Reuni\u00e3o 002 (14\/06\/2017)<\/a><\/span><\/p><\/div>\n\t\t\t\t\t\t\t\t\t<div class=\"elementor-tab-title elementor-tab-mobile-title\" aria-selected=\"false\" data-tab=\"6\" role=\"tab\" tabindex=\"-1\" aria-controls=\"elementor-tab-content-1336\" aria-expanded=\"false\">2016<\/div>\n\t\t\t\t\t<div id=\"elementor-tab-content-1336\" class=\"elementor-tab-content elementor-clearfix\" data-tab=\"6\" role=\"tabpanel\" aria-labelledby=\"elementor-tab-title-1336\" tabindex=\"0\" hidden=\"hidden\"><p style=\"margin: 0cm 0cm 6pt;background-image: initial;background-position: initial;background-size: initial;background-attachment: initial\"><b><span style=\"font-family: 'Open Sans',serif;color: blue\">ATAS DE REUNI\u00d5ES DO COLEGIADO 2016<\/span><\/b><\/p>\n<p style=\"margin: 0cm 0cm 6pt;background-image: initial;background-position: initial;background-size: initial;background-attachment: initial\"><span style=\"font-family: 'Open Sans', serif\"><a style=\"background-position: 0px 0px\" href=\"http:\/\/www2.unifap.br\/eletrica\/files\/2020\/02\/Ata-de-Reuni%C3%A3o-001-1.pdf\" target=\"_blank\" rel=\"noopener\">Ata de Reuni\u00e3o 001 (13\/01\/2016)<\/a><\/span><\/p>\n<p style=\"margin: 0cm 0cm 6pt;background-image: initial;background-position: initial;background-size: initial;background-attachment: initial\"><span style=\"font-family: 'Open Sans', serif\"><a style=\"background-position: 0px 0px\" href=\"http:\/\/www2.unifap.br\/eletrica\/files\/2020\/02\/Ata-de-Reuni%C3%A3o-002-1.pdf\" target=\"_blank\" rel=\"noopener\">Ata de Reuni\u00e3o 002 (03\/02\/2016)<\/a><\/span><\/p>\n<p style=\"margin: 0cm 0cm 6pt;background-image: initial;background-position: initial;background-size: initial;background-attachment: initial\"><span style=\"font-family: 'Open Sans', serif\"><a style=\"background-position: 0px 0px\" href=\"http:\/\/www2.unifap.br\/eletrica\/files\/2020\/02\/Ata-de-Reuni%C3%A3o-003-1.pdf\" target=\"_blank\" rel=\"noopener\">Ata de Reuni\u00e3o 003 (02\/03\/2016)<\/a><\/span><\/p>\n<p style=\"margin: 0cm 0cm 6pt;background-image: initial;background-position: initial;background-size: initial;background-attachment: initial\"><span style=\"font-family: 'Open Sans', serif\"><a style=\"background-position: 0px 0px\" href=\"http:\/\/www2.unifap.br\/eletrica\/files\/2020\/02\/Ata-de-Reuni%C3%A3o-004-2.pdf\" target=\"_blank\" rel=\"noopener\">Ata de Reuni\u00e3o 004 (13\/04\/2016)<\/a><\/span><\/p>\n<p style=\"margin: 0cm 0cm 6pt;background-image: initial;background-position: initial;background-size: initial;background-attachment: initial\"><span style=\"font-family: 'Open Sans', serif\"><a style=\"background-position: 0px 0px\" href=\"http:\/\/www2.unifap.br\/eletrica\/files\/2020\/02\/Ata-de-Reuni%C3%A3o-005-2.pdf\" target=\"_blank\" rel=\"noopener\">Ata de Reuni\u00e3o 005 (01\/06\/2016)<\/a><\/span><\/p>\n<p style=\"margin: 0cm 0cm 6pt;background-image: initial;background-position: initial;background-size: initial;background-attachment: initial\"><span style=\"font-family: 'Open Sans', serif\"><a style=\"background-position: 0px 0px\" href=\"http:\/\/www2.unifap.br\/eletrica\/files\/2020\/02\/Ata-de-Reuni%C3%A3o-006-2.pdf\" target=\"_blank\" rel=\"noopener\">Ata de Reuni\u00e3o 006 (06\/07\/2016)<\/a><\/span><\/p>\n<p style=\"margin: 0cm 0cm 6pt;background-image: initial;background-position: initial;background-size: initial;background-attachment: initial\"><span style=\"font-family: 'Open Sans', serif\"><a style=\"background-position: 0px 0px\" href=\"http:\/\/www2.unifap.br\/eletrica\/files\/2020\/02\/Ata-de-Reuni%C3%A3o-007-1.pdf\" target=\"_blank\" rel=\"noopener\">Ata de Reuni\u00e3o 007 (03\/08\/2016)<\/a><\/span><\/p>\n<p style=\"margin: 0cm 0cm 6pt;background-image: initial;background-position: initial;background-size: initial;background-attachment: initial\"><span style=\"font-family: 'Open Sans', serif\"><a style=\"background-position: 0px 0px\" href=\"http:\/\/www2.unifap.br\/eletrica\/files\/2020\/02\/Ata-de-Reuni%C3%A3o-008-1.pdf\" target=\"_blank\" rel=\"noopener\">Ata de Reuni\u00e3o 008 (06\/09\/2016)<\/a><\/span><\/p>\n<p style=\"margin: 0cm 0cm 6pt;background-image: initial;background-position: initial;background-size: initial;background-attachment: initial\"><span style=\"font-family: 'Open Sans', serif\"><a style=\"background-position: 0px 0px\" href=\"http:\/\/www2.unifap.br\/eletrica\/files\/2020\/02\/Ata-de-Reuniao-009.pdf\" target=\"_blank\" rel=\"noopener\">Ata de Reuni\u00e3o 009 (09\/11\/2016)<\/a><\/span><\/p>\n<p style=\"margin: 0cm 0cm 6pt;background-image: initial;background-position: initial;background-size: initial;background-attachment: initial\"><span style=\"font-family: 'Open Sans', serif\"><a style=\"background-position: 0px 0px\" href=\"http:\/\/www2.unifap.br\/eletrica\/files\/2020\/02\/Ata-de-Reuni%C3%A3o-010.pdf\" target=\"_blank\" rel=\"noopener\">Ata de Reuni\u00e3o 010 (07\/12\/2016)<\/a><\/span><\/p>\n<p style=\"margin: 0cm 0cm 6pt;background-image: initial;background-position: initial;background-size: initial;background-attachment: initial\"><span style=\"font-family: 'Open Sans',serif;color: red\">EXTRAORDIN\u00c1RIAS 2016<\/span><\/p>\n<p style=\"margin: 0cm 0cm 6pt;background-image: initial;background-position: initial;background-size: initial;background-attachment: initial\"><span style=\"font-family: 'Open Sans', serif\"><a style=\"background-position: 0px 0px\" href=\"http:\/\/www2.unifap.br\/eletrica\/files\/2020\/02\/Ata-de-Reuni%C3%A3o-001-6.pdf\" target=\"_blank\" rel=\"noopener\">Ata de Reuni\u00e3o 001 (28\/03\/2016)<\/a><\/span><\/p>\n<p style=\"margin: 0cm 0cm 6pt;background-image: initial;background-position: initial;background-size: initial;background-attachment: initial\"><span style=\"font-family: 'Open Sans', serif\"><a style=\"background-position: 0px 0px\" href=\"http:\/\/www2.unifap.br\/eletrica\/files\/2020\/02\/Ata-de-Reuni%C3%A3o-002-6.pdf\" target=\"_blank\" rel=\"noopener\">Ata de Reuni\u00e3o 002 (14\/09\/2016)<\/a><\/span><\/p><\/div>\n\t\t\t\t\t\t\t\t\t<div class=\"elementor-tab-title elementor-tab-mobile-title\" aria-selected=\"false\" data-tab=\"7\" role=\"tab\" tabindex=\"-1\" aria-controls=\"elementor-tab-content-1337\" aria-expanded=\"false\">2015<\/div>\n\t\t\t\t\t<div id=\"elementor-tab-content-1337\" class=\"elementor-tab-content elementor-clearfix\" data-tab=\"7\" role=\"tabpanel\" aria-labelledby=\"elementor-tab-title-1337\" tabindex=\"0\" hidden=\"hidden\"><p style=\"margin: 0cm 0cm 6pt;background-image: initial;background-position: initial;background-size: initial;background-attachment: initial\"><b><span style=\"font-family: 'Open Sans',serif;color: blue\">ATAS DE REUNI\u00d5ES DO COLEGIADO 2015<\/span><\/b><\/p>\n<p style=\"margin: 0cm 0cm 6pt;background-image: initial;background-position: initial;background-size: initial;background-attachment: initial\"><span style=\"font-family: 'Open Sans', serif\"><a style=\"background-position: 0px 0px\" href=\"http:\/\/www2.unifap.br\/eletrica\/files\/2020\/02\/Ata-de-Reuni%C3%A3o-001.pdf\" target=\"_blank\" rel=\"noopener\">Ata de Reuni\u00e3o 001 (14\/01\/2015)<\/a><\/span><\/p>\n<p style=\"margin: 0cm 0cm 6pt;background-image: initial;background-position: initial;background-size: initial;background-attachment: initial\"><span style=\"font-family: 'Open Sans', serif\"><a style=\"background-position: 0px 0px\" href=\"http:\/\/www2.unifap.br\/eletrica\/files\/2020\/02\/Ata-de-Reuni%C3%A3o-002.pdf\" target=\"_blank\" rel=\"noopener\">Ata de Reuni\u00e3o 002 (04\/03\/2015)<\/a><\/span><\/p>\n<p style=\"margin: 0cm 0cm 6pt;background-image: initial;background-position: initial;background-size: initial;background-attachment: initial\"><span style=\"font-family: 'Open Sans', serif\"><a style=\"background-position: 0px 0px\" href=\"http:\/\/www2.unifap.br\/eletrica\/files\/2020\/02\/Ata-de-Reuni%C3%A3o-003.pdf\" target=\"_blank\" rel=\"noopener\">Ata de Reuni\u00e3o 003 (01\/04\/2015)<\/a><\/span><\/p>\n<p style=\"margin: 0cm 0cm 6pt;background-image: initial;background-position: initial;background-size: initial;background-attachment: initial\"><span style=\"font-family: 'Open Sans', serif\"><a style=\"background-position: 0px 0px\" href=\"http:\/\/www2.unifap.br\/eletrica\/files\/2020\/02\/Ata-de-Reuni%C3%A3o-004-1.pdf\" target=\"_blank\" rel=\"noopener\">Ata de Reuni\u00e3o 004 (06\/05\/2015)<\/a><\/span><\/p>\n<p style=\"margin: 0cm 0cm 6pt;background-image: initial;background-position: initial;background-size: initial;background-attachment: initial\"><span style=\"font-family: 'Open Sans', serif\"><a style=\"background-position: 0px 0px\" href=\"http:\/\/www2.unifap.br\/eletrica\/files\/2020\/02\/Ata-de-Reuni%C3%A3o-005-1.pdf\" target=\"_blank\" rel=\"noopener\">Ata de Reuni\u00e3o 005 (04\/11\/2015)<\/a><\/span><\/p>\n<p style=\"margin: 0cm 0cm 6pt;background-image: initial;background-position: initial;background-size: initial;background-attachment: initial\"><span style=\"font-family: 'Open Sans', serif\"><a style=\"background-position: 0px 0px\" href=\"http:\/\/www2.unifap.br\/eletrica\/files\/2020\/02\/Ata-de-Reuni%C3%A3o-006-1.pdf\" target=\"_blank\" rel=\"noopener\">Ata de Reuni\u00e3o 006 (09\/12\/2015)<\/a><\/span><\/p><\/div>\n\t\t\t\t\t\t\t\t\t<div class=\"elementor-tab-title elementor-tab-mobile-title\" aria-selected=\"false\" data-tab=\"8\" role=\"tab\" tabindex=\"-1\" aria-controls=\"elementor-tab-content-1338\" aria-expanded=\"false\">2014<\/div>\n\t\t\t\t\t<div id=\"elementor-tab-content-1338\" class=\"elementor-tab-content elementor-clearfix\" data-tab=\"8\" role=\"tabpanel\" aria-labelledby=\"elementor-tab-title-1338\" tabindex=\"0\" hidden=\"hidden\"><p style=\"margin: 0cm 0cm 6pt;background-image: initial;background-position: initial;background-size: initial;background-attachment: initial\"><b><span style=\"font-family: 'Open Sans',serif;color: blue\">ATAS DE REUNI\u00d5ES DO COLEGIADO 2014<\/span><\/b><\/p>\n<p style=\"margin: 0cm 0cm 6pt;line-height: 20.25pt;background-image: initial;background-position: initial;background-size: initial;background-attachment: initial\"><span style=\"font-family: 'Open Sans', serif;color: blue\"><a href=\"http:\/\/www2.unifap.br\/eletrica\/files\/2020\/10\/1Ata-de-Reuni%C3%A3o-SN-2014-08-01-2014.pdf\" target=\"_blank\" rel=\"noopener\">Ata de Reuni\u00e3o SN (08\/01\/2014)<\/a><\/span><\/p>\n<p style=\"margin: 0cm 0cm 6pt;line-height: 20.25pt;background-image: initial;background-position: initial;background-size: initial;background-attachment: initial\"><a href=\"http:\/\/www2.unifap.br\/eletrica\/files\/2020\/10\/2Ata-de-Reuni\u00e3o-SN-2014-05-02-2014.pdf\" target=\"_blank\" rel=\"noopener\">Ata de Reuni\u00e3o SN (05\/02\/2014)<\/a><\/p>\n<p style=\"margin: 0cm 0cm 6pt;line-height: 20.25pt;background-image: initial;background-position: initial;background-size: initial;background-attachment: initial\"><a href=\"http:\/\/www2.unifap.br\/eletrica\/files\/2020\/10\/3Ata-de-Reuni\u00e3o-SN-2014-02-04-2014.pdf\" target=\"_blank\" rel=\"noopener\">Ata de Reuni\u00e3o SN (02\/04\/2014)<\/a><\/p>\n<p style=\"margin: 0cm 0cm 6pt;line-height: 20.25pt;background-image: initial;background-position: initial;background-size: initial;background-attachment: initial\"><a href=\"http:\/\/www2.unifap.br\/eletrica\/files\/2020\/10\/Ata-de-Reuni\u00e3o-003-11-06-2014.pdf\" target=\"_blank\" rel=\"noopener\">Ata de Reuni\u00e3o 003 (11\/06\/2014)<\/a><\/p>\n<p style=\"margin: 0cm 0cm 6pt;line-height: 20.25pt;background-image: initial;background-position: initial;background-size: initial;background-attachment: initial\"><a style=\"font-family: 'Open Sans', serif;background-color: #ffffff\" href=\"https:\/\/www2.unifap.br\/eletrica\/files\/2020\/02\/Ata-de-Reuni%c3%a3o-004.pdf\" target=\"_blank\" rel=\"noopener\">Ata de Reuni\u00e3o 004 (02\/07\/2014)<\/a><\/p>\n<p style=\"margin: 0cm 0cm 6pt;line-height: 20.25pt;background-image: initial;background-position: initial;background-size: initial;background-attachment: initial\"><a style=\"font-family: 'Open Sans', serif;background-color: #ffffff\" href=\"https:\/\/www2.unifap.br\/eletrica\/files\/2020\/02\/Ata-de-Reuni%c3%a3o-005.pdf\" target=\"_blank\" rel=\"noopener\">Ata de Reuni\u00e3o 005 (06\/08\/2014)<\/a><\/p>\n<p style=\"margin: 0cm 0cm 6pt;line-height: 20.25pt;background-image: initial;background-position: initial;background-size: initial;background-attachment: initial\"><a style=\"font-family: 'Open Sans', serif;background-color: #ffffff\" href=\"https:\/\/www2.unifap.br\/eletrica\/files\/2020\/02\/Ata-de-Reuni%c3%a3o-006.pdf\" target=\"_blank\" rel=\"noopener\">Ata de Reuni\u00e3o 006 (01\/10\/2014)<\/a><\/p>\n<p style=\"margin: 0cm 0cm 6pt;line-height: 20.25pt;background-image: initial;background-position: initial;background-size: initial;background-attachment: initial\"><a style=\"font-family: 'Open Sans', serif;background-color: #ffffff\" href=\"https:\/\/www2.unifap.br\/eletrica\/files\/2020\/02\/Ata-de-Reuni%c3%a3o-008.pdf\" target=\"_blank\" rel=\"noopener\">Ata de Reuni\u00e3o 008 (06\/11\/2014)<\/a><\/p>\n<p style=\"margin: 0cm 0cm 6pt;line-height: 20.25pt;background-image: initial;background-position: initial;background-size: initial;background-attachment: initial\"><a style=\"background-color: #ffffff\" href=\"https:\/\/www2.unifap.br\/eletrica\/files\/2020\/02\/Ata-de-Reuni%c3%a3o-009-errata.pdf\" target=\"_blank\" rel=\"noopener\">Ata de Reuni\u00e3o 009-errata (10\/12\/2014)<\/a><\/p>\n<p style=\"margin: 0cm 0cm 6pt;background-image: initial;background-position: initial;background-size: initial;background-attachment: initial\"><span style=\"font-family: 'Open Sans', serif;color: red\">EXTRAORDIN\u00c1RIAS 2014<\/span><\/p>\n<p style=\"margin: 0cm 0cm 6pt;line-height: 20.25pt;background-image: initial;background-position: initial;background-size: initial;background-attachment: initial\"><a href=\"http:\/\/www2.unifap.br\/eletrica\/files\/2020\/10\/1Ata-de-Reuni\u00e3o-SN-19-02-2014.pdf\" target=\"_blank\" rel=\"noopener\">Ata de Reuni\u00e3o SN (19\/02\/2014)<\/a><\/p>\n<p style=\"margin: 0cm 0cm 6pt;line-height: 20.25pt;background-image: initial;background-position: initial;background-size: initial;background-attachment: initial\"><a href=\"http:\/\/www2.unifap.br\/eletrica\/files\/2020\/10\/2Ata-de-Reuni\u00e3o-SN-24-04-2014.pdf\" target=\"_blank\" rel=\"noopener\">Ata de Reuni\u00e3o SN (24\/04\/2014)<\/a><\/p>\n<p style=\"margin: 0cm 0cm 6pt;line-height: 20.25pt;background-image: initial;background-position: initial;background-size: initial;background-attachment: initial\"><a href=\"http:\/\/www2.unifap.br\/eletrica\/files\/2020\/10\/3Ata-de-Reuni\u00e3o-SN-26-05-2014.pdf\" target=\"_blank\" rel=\"noopener\">Ata de Reuni\u00e3o SN (26\/05\/2014)<\/a><\/p>\n<p style=\"margin: 0cm 0cm 6pt;line-height: 20.25pt;background-image: initial;background-position: initial;background-size: initial;background-attachment: initial\"><a href=\"http:\/\/www2.unifap.br\/eletrica\/files\/2020\/10\/4Ata-de-Reuni\u00e3o-SN-19-12-2014.pdf\" target=\"_blank\" rel=\"noopener\">Ata de Reuni\u00e3o SN (19\/12\/2014)<\/a><\/p>\n\n<div><span style=\"font-family: 'Open Sans', serif;color: red\">\u00a0<\/span><\/div><\/div>\n\t\t\t\t\t\t\t\t\t<div class=\"elementor-tab-title elementor-tab-mobile-title\" aria-selected=\"false\" data-tab=\"9\" role=\"tab\" tabindex=\"-1\" aria-controls=\"elementor-tab-content-1339\" aria-expanded=\"false\">2013<\/div>\n\t\t\t\t\t<div id=\"elementor-tab-content-1339\" class=\"elementor-tab-content elementor-clearfix\" data-tab=\"9\" role=\"tabpanel\" aria-labelledby=\"elementor-tab-title-1339\" tabindex=\"0\" hidden=\"hidden\"><p style=\"margin: 0cm 0cm 6pt;background-image: initial;background-position: initial;background-size: initial;background-attachment: initial\"><b><span style=\"font-family: 'Open Sans',serif;color: blue\">ATAS DE REUNI\u00d5ES DO COLEGIADO 2013<\/span><\/b><\/p>\n<p style=\"margin: 0cm 0cm 6pt;background-image: initial;background-position: initial;background-size: initial;background-attachment: initial\"><span style=\"font-family: 'Open Sans', serif\"><a style=\"background-position: 0px 0px\" href=\"http:\/\/www2.unifap.br\/eletrica\/files\/2021\/01\/1Ata-de-Reuni\u00e3o-SN-2013-09-01-2013.pdf\" target=\"_blank\" rel=\"noopener\">Ata de Reuni\u00e3o SN (09\/01\/2013)<\/a><\/span><\/p>\n<p style=\"margin: 0cm 0cm 6pt;background-image: initial;background-position: initial;background-size: initial;background-attachment: initial\"><span style=\"font-family: 'Open Sans', serif\"><a style=\"background-position: 0px 0px\" href=\"http:\/\/www2.unifap.br\/eletrica\/files\/2021\/01\/2Ata-de-Reuni%C3%A3o-SN-2013-15-02-2013.pdf\" target=\"_blank\" rel=\"noopener\">Ata de Reuni\u00e3o SN (15\/02\/2013)<\/a><\/span><\/p>\n<p style=\"margin: 0cm 0cm 6pt;background-image: initial;background-position: initial;background-size: initial;background-attachment: initial\"><span style=\"font-family: 'Open Sans', serif\"><a style=\"background-position: 0px 0px\" href=\"http:\/\/www2.unifap.br\/eletrica\/files\/2021\/01\/3Ata-de-Reuni%C3%A3o-SN-2013-06-03-2013.pdf\" target=\"_blank\" rel=\"noopener\">Ata de Reuni\u00e3o SN (06\/03\/2013)<\/a><\/span><\/p>\n<p style=\"margin: 0cm 0cm 6pt;background-image: initial;background-position: initial;background-size: initial;background-attachment: initial\"><span style=\"font-family: 'Open Sans', serif\"><a style=\"background-position: 0px 0px\" href=\"http:\/\/www2.unifap.br\/eletrica\/files\/2021\/01\/4Ata-de-Reuni%C3%A3o-SN-2013-03-04-2013.pdf\" target=\"_blank\" rel=\"noopener\">Ata de Reuni\u00e3o SN (03\/04\/2013)<\/a><\/span><\/p>\n<p style=\"margin: 0cm 0cm 6pt;background-image: initial;background-position: initial;background-size: initial;background-attachment: initial\"><span style=\"font-family: 'Open Sans', serif\"><a style=\"background-position: 0px 0px\" href=\"http:\/\/www2.unifap.br\/eletrica\/files\/2021\/01\/5Ata-de-Reuni%C3%A3o-SN-2013-23-05-2013.pdf\" target=\"_blank\" rel=\"noopener\">Ata de Reuni\u00e3o SN (23\/05\/2013)<\/a><\/span><\/p>\n<p style=\"margin: 0cm 0cm 6pt;background-image: initial;background-position: initial;background-size: initial;background-attachment: initial\"><span style=\"font-family: 'Open Sans', serif\"><a style=\"background-position: 0px 0px\" href=\"http:\/\/www2.unifap.br\/eletrica\/files\/2021\/01\/6Ata-de-Reuni\u00e3o-SN-2013-05-06-2013.pdf\" target=\"_blank\" rel=\"noopener\">Ata de Reuni\u00e3o SN (05\/06\/2013)<\/a><\/span><\/p>\n<p style=\"margin: 0cm 0cm 6pt;background-image: initial;background-position: initial;background-size: initial;background-attachment: initial\"><span style=\"font-family: 'Open Sans', serif\"><a style=\"background-position: 0px 0px\" href=\"http:\/\/www2.unifap.br\/eletrica\/files\/2021\/01\/7Ata-de-Reuni\u00e3o-SN-2013-03-07-2013.pdf\" target=\"_blank\" rel=\"noopener\">Ata de Reuni\u00e3o SN (03\/07\/2013)<\/a><\/span><\/p>\n<p style=\"margin: 0cm 0cm 6pt;background-image: initial;background-position: initial;background-size: initial;background-attachment: initial\"><span style=\"font-family: 'Open Sans', serif\"><a style=\"background-position: 0px 0px\" href=\"http:\/\/www2.unifap.br\/eletrica\/files\/2021\/01\/11Ata-de-Reuni\u00e3o-SN-2013-06-11-2013.pdf\" target=\"_blank\" rel=\"noopener\">Ata de Reuni\u00e3o SN (06\/11\/2013)<\/a><\/span><\/p>\n<p style=\"margin: 0cm 0cm 6pt;background-image: initial;background-position: initial;background-size: initial;background-attachment: initial\"><span style=\"font-family: 'Open Sans',serif;color: red\">EXTRAORDIN\u00c1RIAS 2013<\/span><\/p>\n<p style=\"margin: 0cm 0cm 6pt;background-image: initial;background-position: initial;background-size: initial;background-attachment: initial\"><span style=\"font-family: 'Open Sans', serif\"><a style=\"background-position: 0px 0px\" href=\"http:\/\/www2.unifap.br\/eletrica\/files\/2021\/01\/E2Ata-de-Reuni\u00e3o-SN-2013-22-07-2013.pdf\" target=\"_blank\" rel=\"noopener\">Ata de Reuni\u00e3o SN (22\/07\/2013)<\/a><\/span><\/p>\n<p style=\"margin: 0cm 0cm 6pt;background-image: initial;background-position: initial;background-size: initial;background-attachment: initial\"><span style=\"font-family: 'Open Sans', serif\"><a style=\"background-position: 0px 0px\" href=\"http:\/\/www2.unifap.br\/eletrica\/files\/2021\/01\/E3Ata-de-Reuni\u00e3o-SN-2013-21-11-2013.pdf\" target=\"_blank\" rel=\"noopener\">Ata de Reuni\u00e3o SN (21\/11\/2013)<\/a><\/span><\/p><\/div>\n\t\t\t\t\t\t\t\t\t<div class=\"elementor-tab-title elementor-tab-mobile-title\" aria-selected=\"false\" data-tab=\"10\" role=\"tab\" tabindex=\"-1\" aria-controls=\"elementor-tab-content-13310\" aria-expanded=\"false\">2012<\/div>\n\t\t\t\t\t<div id=\"elementor-tab-content-13310\" class=\"elementor-tab-content elementor-clearfix\" data-tab=\"10\" role=\"tabpanel\" aria-labelledby=\"elementor-tab-title-13310\" tabindex=\"0\" hidden=\"hidden\"><p style=\"margin: 0cm 0cm 6pt;background-image: initial;background-position: initial;background-size: initial;background-attachment: initial\"><b><span style=\"font-family: 'Open Sans',serif;color: blue\">ATAS DE REUNI\u00d5ES DO COLEGIADO 2012<\/span><\/b><\/p>\n<p style=\"margin: 0cm 0cm 6pt;background-image: initial;background-position: initial;background-size: initial;background-attachment: initial\"><span style=\"font-family: 'Open Sans', serif\"><a style=\"background-position: 0px 0px\" href=\"http:\/\/www2.unifap.br\/eletrica\/files\/2021\/01\/1Ata-de-Reuni\u00e3o-SN-07-03-2012.pdf\" target=\"_blank\" rel=\"noopener\">Ata de Reuni\u00e3o SN (07\/03\/2012)<\/a><\/span><\/p>\n<p style=\"margin: 0cm 0cm 6pt;background-image: initial;background-position: initial;background-size: initial;background-attachment: initial\"><span style=\"font-family: 'Open Sans', serif\"><a style=\"background-position: 0px 0px\" href=\"http:\/\/www2.unifap.br\/eletrica\/files\/2021\/01\/2Ata-de-Reuni%C3%A3o-SN-21-03-2012.pdf\" target=\"_blank\" rel=\"noopener\">Ata de Reuni\u00e3o SN (21\/03\/2012)<\/a><\/span><\/p>\n<p style=\"margin: 0cm 0cm 6pt;background-image: initial;background-position: initial;background-size: initial;background-attachment: initial\"><span style=\"font-family: 'Open Sans', serif\"><a style=\"background-position: 0px 0px\" href=\"http:\/\/www2.unifap.br\/eletrica\/files\/2021\/01\/3Ata-de-Reuni\u00e3o-SN-29-03-2012.pdf\" target=\"_blank\" rel=\"noopener\">Ata de Reuni\u00e3o SN (29\/03\/2012)<\/a><\/span><\/p>\n<p style=\"margin: 0cm 0cm 6pt;background-image: initial;background-position: initial;background-size: initial;background-attachment: initial\"><span style=\"font-family: 'Open Sans', serif\"><a style=\"background-position: 0px 0px\" href=\"http:\/\/www2.unifap.br\/eletrica\/files\/2021\/01\/4Ata-de-Reuni\u00e3o-SN-04-04-2012.pdf\" target=\"_blank\" rel=\"noopener\">Ata de Reuni\u00e3o SN (04\/04\/2012)<\/a><\/span><\/p>\n<p style=\"margin: 0cm 0cm 6pt;background-image: initial;background-position: initial;background-size: initial;background-attachment: initial\"><span style=\"font-family: 'Open Sans', serif\"><a style=\"background-position: 0px 0px\" href=\"http:\/\/www2.unifap.br\/eletrica\/files\/2021\/01\/5Ata-de-Reuni%C3%A3o-SN-09-05-2012.pdf\" target=\"_blank\" rel=\"noopener\">Ata de Reuni\u00e3o SN (09\/05\/2012)<\/a><\/span><\/p>\n<p style=\"margin: 0cm 0cm 6pt;background-image: initial;background-position: initial;background-size: initial;background-attachment: initial\"><span style=\"font-family: 'Open Sans', serif\"><a style=\"background-position: 0px 0px\" href=\"http:\/\/www2.unifap.br\/eletrica\/files\/2021\/01\/6Ata-de-Reuni\u00e3o-SN-14-09-2012.pdf\" target=\"_blank\" rel=\"noopener\">Ata de Reuni\u00e3o SN (14\/09\/2012)<\/a><\/span><\/p>\n<p style=\"margin: 0cm 0cm 6pt;background-image: initial;background-position: initial;background-size: initial;background-attachment: initial\"><span style=\"font-family: 'Open Sans', serif\"><a style=\"background-position: 0px 0px\" href=\"http:\/\/www2.unifap.br\/eletrica\/files\/2021\/01\/7Ata-de-Reuni\u00e3o-SN-03-10-2012.pdf\" target=\"_blank\" rel=\"noopener\">Ata de Reuni\u00e3o SN (03\/10\/2012)<\/a><\/span><\/p>\n<p style=\"margin: 0cm 0cm 6pt;background-image: initial;background-position: initial;background-size: initial;background-attachment: initial\"><span style=\"font-family: 'Open Sans', serif\"><a style=\"background-position: 0px 0px\" href=\"http:\/\/www2.unifap.br\/eletrica\/files\/2021\/01\/8Ata-de-Reuni\u00e3o-SN-07-11-2012.pdf\" target=\"_blank\" rel=\"noopener\">Ata de Reuni\u00e3o SN (07\/11\/2012)<\/a><\/span><\/p>\n<p style=\"margin: 0cm 0cm 6pt;background-image: initial;background-position: initial;background-size: initial;background-attachment: initial\"><span style=\"font-family: 'Open Sans', serif\"><a style=\"background-position: 0px 0px\" href=\"http:\/\/www2.unifap.br\/eletrica\/files\/2021\/01\/9Ata-de-Reuni\u00e3o-SN-12-12-2012.pdf\" target=\"_blank\" rel=\"noopener\">Ata de Reuni\u00e3o SN (12\/12\/2012)<\/a><\/span><\/p>\n<p style=\"margin: 0cm 0cm 6pt;background-image: initial;background-position: initial;background-size: initial;background-attachment: initial\"><span style=\"font-family: 'Open Sans',serif;color: red\">EXTRAORDIN\u00c1RIAS 2012<\/span><\/p>\n<p style=\"margin: 0cm 0cm 6pt;background-image: initial;background-position: initial;background-size: initial;background-attachment: initial\"><span style=\"font-family: 'Open Sans', serif\"><a style=\"background-position: 0px 0px\" href=\"http:\/\/www2.unifap.br\/eletrica\/files\/2021\/01\/E1Ata-de-Reuni%C3%A3o-SN-18-10-2012.pdf\" target=\"_blank\" rel=\"noopener\">Ata de Reuni\u00e3o SN (18\/10\/2012)<\/a><\/span><\/p><\/div>\n\t\t\t\t\t\t\t\t\t<div class=\"elementor-tab-title elementor-tab-mobile-title\" aria-selected=\"false\" data-tab=\"11\" role=\"tab\" tabindex=\"-1\" aria-controls=\"elementor-tab-content-13311\" aria-expanded=\"false\">2011<\/div>\n\t\t\t\t\t<div id=\"elementor-tab-content-13311\" class=\"elementor-tab-content elementor-clearfix\" data-tab=\"11\" role=\"tabpanel\" aria-labelledby=\"elementor-tab-title-13311\" tabindex=\"0\" hidden=\"hidden\"><p style=\"margin: 0cm 0cm 6pt;background-image: initial;background-position: initial;background-size: initial;background-attachment: initial\"><span style=\"font-weight: bold\"><span style=\"font-family: 'Open Sans', serif;color: blue\">ATAS DE REUNI\u00d5ES DO COLEGIADO 2011<\/span><\/span><\/p><p style=\"margin: 0cm 0cm 6pt;background-image: initial;background-position: initial;background-size: initial;background-attachment: initial\"><a href=\"http:\/\/www2.unifap.br\/eletrica\/files\/2021\/01\/1Ata-de-Reuni\u00e3o-SN-07-02-2011.pdf\">Ata de Reuni\u00e3o SN (07\/02\/2011)<\/a><\/p><p style=\"margin: 0cm 0cm 6pt;background-image: initial;background-position: initial;background-size: initial;background-attachment: initial\"><a href=\"http:\/\/www2.unifap.br\/eletrica\/files\/2021\/01\/2Ata-de-Reuni\u00e3o-SN-06-04-2011.pdf\">Ata de Reuni\u00e3o SN\u00a0(06\/04\/2011)<span style=\"letter-spacing: 0px\">\u00a0<\/span><\/a><\/p><p style=\"margin: 0cm 0cm 6pt;background-image: initial;background-position: initial;background-size: initial;background-attachment: initial\"><a href=\"http:\/\/www2.unifap.br\/eletrica\/files\/2021\/01\/3Ata-de-Reuni\u00e3o-SN-07-06-2011.pdf\">Ata de Reuni\u00e3o SN\u00a0(07\/06\/2011)<\/a><\/p><p style=\"margin: 0cm 0cm 6pt;background-image: initial;background-position: initial;background-size: initial;background-attachment: initial\"><a href=\"http:\/\/www2.unifap.br\/eletrica\/files\/2021\/01\/4Ata-de-Reuni\u00e3o-SN-17-06-2011.pdf\">Ata de Reuni\u00e3o SN\u00a0(17\/06\/2011)<span style=\"letter-spacing: 0px\">\u00a0<\/span><\/a><\/p><p style=\"margin: 0cm 0cm 6pt;background-image: initial;background-position: initial;background-size: initial;background-attachment: initial\"><a href=\"http:\/\/www2.unifap.br\/eletrica\/files\/2021\/01\/5Ata-de-Reuni\u00e3o-SN-20-06-2011.pdf\">Ata de Reuni\u00e3o SN\u00a0(20\/06\/2011)<\/a><\/p><p style=\"margin: 0cm 0cm 6pt;background-image: initial;background-position: initial;background-size: initial;background-attachment: initial\"><a href=\"http:\/\/www2.unifap.br\/eletrica\/files\/2021\/01\/6Ata-de-Reuni\u00e3o-SN-03-08-2011.pdf\">Ata de Reuni\u00e3o SN\u00a0(03\/08\/2011)<span style=\"letter-spacing: 0px\">\u00a0<\/span><\/a><\/p><p style=\"margin: 0cm 0cm 6pt;background-image: initial;background-position: initial;background-size: initial;background-attachment: initial\"><a href=\"http:\/\/www2.unifap.br\/eletrica\/files\/2021\/01\/7Ata-de-Reuni\u00e3o-SN-14-09-2011.pdf\">Ata de Reuni\u00e3o SN\u00a0(14\/09\/2011)<span style=\"letter-spacing: 0px\">\u00a0<\/span><\/a><\/p><p style=\"margin: 0cm 0cm 6pt;background-image: initial;background-position: initial;background-size: initial;background-attachment: initial\"><a href=\"http:\/\/www2.unifap.br\/eletrica\/files\/2021\/01\/8Ata-de-Reuni\u00e3o-SN-05-10-2011.pdf\">Ata de Reuni\u00e3o SN\u00a0(05\/10\/2011)<span style=\"letter-spacing: 0px\">\u00a0<\/span><\/a><\/p><p style=\"margin: 0cm 0cm 6pt;background-image: initial;background-position: initial;background-size: initial;background-attachment: initial\"><a href=\"http:\/\/www2.unifap.br\/eletrica\/files\/2021\/01\/9Ata-de-Reuni\u00e3o-SN-09-11-2011.pdf\">Ata de Reuni\u00e3o SN\u00a0(09\/11\/2011)<span style=\"letter-spacing: 0px\">\u00a0<\/span><\/a><\/p><p><a href=\"http:\/\/www2.unifap.br\/eletrica\/files\/2021\/01\/10Ata-de-Reuni\u00e3o-SN-07-12-2011.pdf\">Ata de Reuni\u00e3o SN\u00a0(07\/12\/2011)<\/a><\/p><\/div>\n\t\t\t\t\t\t\t\t\t<div class=\"elementor-tab-title elementor-tab-mobile-title\" aria-selected=\"false\" data-tab=\"12\" role=\"tab\" tabindex=\"-1\" aria-controls=\"elementor-tab-content-13312\" aria-expanded=\"false\">2010<\/div>\n\t\t\t\t\t<div id=\"elementor-tab-content-13312\" class=\"elementor-tab-content elementor-clearfix\" data-tab=\"12\" role=\"tabpanel\" aria-labelledby=\"elementor-tab-title-13312\" tabindex=\"0\" hidden=\"hidden\"><p style=\"margin: 0cm 0cm 6pt;background-image: initial;background-position: initial;background-size: initial;background-attachment: initial\"><span style=\"font-weight: bold\"><span style=\"font-family: 'Open Sans', serif;color: blue\">ATAS DE REUNI\u00d5ES DO COLEGIADO 2010<\/span><\/span><\/p><p style=\"margin: 0cm 0cm 6pt;background-image: initial;background-position: initial;background-size: initial;background-attachment: initial\"><a href=\"http:\/\/www2.unifap.br\/eletrica\/files\/2021\/01\/1Ata-de-Reuni\u00e3o-SN-06-07-2010.pdf\">Ata de Reuni\u00e3o SN (06\/07\/2010)\u00a0<\/a><\/p><\/div>\n\t\t\t\t\t\t\t\t\t<div class=\"elementor-tab-title elementor-tab-mobile-title\" aria-selected=\"false\" data-tab=\"13\" role=\"tab\" tabindex=\"-1\" aria-controls=\"elementor-tab-content-13313\" aria-expanded=\"false\">2009<\/div>\n\t\t\t\t\t<div id=\"elementor-tab-content-13313\" class=\"elementor-tab-content elementor-clearfix\" data-tab=\"13\" role=\"tabpanel\" aria-labelledby=\"elementor-tab-title-13313\" tabindex=\"0\" hidden=\"hidden\"><p style=\"margin: 0cm 0cm 6pt;background-image: initial;background-position: initial;background-size: initial;background-attachment: initial\"><span style=\"font-weight: bold\"><span style=\"font-family: 'Open Sans', serif;color: blue\">ATAS DE REUNI\u00d5ES DO COLEGIADO 2009<\/span><\/span><\/p><p style=\"margin: 0cm 0cm 6pt;background-image: initial;background-position: initial;background-size: initial;background-attachment: initial\"><a href=\"http:\/\/www2.unifap.br\/eletrica\/files\/2021\/01\/1Ata-de-Reuni\u00e3o-SN-06-04-2009.pdf\">Ata de Reuni\u00e3o SN\u00a0(06\/04\/2009)<span style=\"letter-spacing: 0px\">\u00a0<\/span><\/a><\/p><p style=\"margin: 0cm 0cm 6pt;background-image: initial;background-position: initial;background-size: initial;background-attachment: initial\"><a href=\"http:\/\/www2.unifap.br\/eletrica\/files\/2021\/01\/2Ata-de-Reuni\u00e3o-SN-05-05-2009.pdf\">Ata de Reuni\u00e3o SN\u00a0(05\/05\/2009)<\/a><\/p><p style=\"margin: 0cm 0cm 6pt;background-image: initial;background-position: initial;background-size: initial;background-attachment: initial\"><a href=\"http:\/\/www2.unifap.br\/eletrica\/files\/2021\/01\/3Ata-de-Reuni\u00e3o-SN-18-06-2009.pdf\">Ata de Reuni\u00e3o SN\u00a0(18\/06\/2009)<span style=\"letter-spacing: 0px\">\u00a0<\/span><\/a><\/p><p><a href=\"http:\/\/www2.unifap.br\/eletrica\/files\/2021\/01\/4Ata-de-Reuni\u00e3o-SN-15-12-2009.pdf\">Ata de Reuni\u00e3o SN\u00a0(15\/12\/2009)<\/a><\/p><\/div>\n\t\t\t\t\t\t\t<\/div>\n\t\t<\/div>\n\t\t\t\t\t\t<\/div>\n\t\t\t\t<\/div>\n\t\t\t\t\t<\/div>\n\t\t<\/div>\n\t\t\t\t\t<\/div>\n\t\t<\/section>\n\t\t\t\t<\/div>\n\t\t","protected":false},"excerpt":{"rendered":"<p>Composi\u00e7\u00e3o e Compet\u00eancias O Colegiado do Curso de Engenharia El\u00e9trica \u00e9 o \u00f3rg\u00e3o deliberativo m\u00e1ximo do curso, no qual, conforme o Regimento Geral da UNIFAP aprovado na\u00a0Resolu\u00e7\u00e3o CONSU\/UNIFAP N. 09\/2002,\u00a0Art. 90, \u00e9 constitu\u00eddo por: \u00a0 I &#8211;\u00a0 todos os professores lotados nas coordena\u00e7\u00f5es de cursos; II &#8211;\u00a0por um representante do corpo t\u00e9cnico-administrativo superior, lotado na&hellip;<\/p>\n","protected":false},"author":65,"featured_media":0,"parent":5164,"menu_order":7,"comment_status":"closed","ping_status":"closed","template":"fullwidth.php","meta":{"inline_featured_image":false,"ngg_post_thumbnail":0,"footnotes":""},"class_list":["post-3720","page","type-page","status-publish","hentry"],"_links":{"self":[{"href":"https:\/\/www2.unifap.br\/eletrica\/wp-json\/wp\/v2\/pages\/3720","targetHints":{"allow":["GET"]}}],"collection":[{"href":"https:\/\/www2.unifap.br\/eletrica\/wp-json\/wp\/v2\/pages"}],"about":[{"href":"https:\/\/www2.unifap.br\/eletrica\/wp-json\/wp\/v2\/types\/page"}],"author":[{"embeddable":true,"href":"https:\/\/www2.unifap.br\/eletrica\/wp-json\/wp\/v2\/users\/65"}],"replies":[{"embeddable":true,"href":"https:\/\/www2.unifap.br\/eletrica\/wp-json\/wp\/v2\/comments?post=3720"}],"version-history":[{"count":393,"href":"https:\/\/www2.unifap.br\/eletrica\/wp-json\/wp\/v2\/pages\/3720\/revisions"}],"predecessor-version":[{"id":14290,"href":"https:\/\/www2.unifap.br\/eletrica\/wp-json\/wp\/v2\/pages\/3720\/revisions\/14290"}],"up":[{"embeddable":true,"href":"https:\/\/www2.unifap.br\/eletrica\/wp-json\/wp\/v2\/pages\/5164"}],"wp:attachment":[{"href":"https:\/\/www2.unifap.br\/eletrica\/wp-json\/wp\/v2\/media?parent=3720"}],"curies":[{"name":"wp","href":"https:\/\/api.w.org\/{rel}","templated":true}]}}