{"id":5,"date":"2013-10-29T15:31:40","date_gmt":"2013-10-29T15:31:40","guid":{"rendered":"http:\/\/www2.unifap.br\/historia-oiapoque\/?page_id=5"},"modified":"2025-11-01T02:39:00","modified_gmt":"2025-11-01T02:39:00","slug":"corpo-docente","status":"publish","type":"page","link":"https:\/\/www2.unifap.br\/historia-oiapoque\/corpo-docente\/","title":{"rendered":"Corpo Docente"},"content":{"rendered":"<h5><\/h5>\n<p><a href=\"http:\/\/www2.unifap.br\/historia-oiapoque\/files\/2013\/10\/servletrecuperafoto.jpg\"><img decoding=\"async\" class=\"alignleft wp-image-220\" src=\"http:\/\/www2.unifap.br\/historia-oiapoque\/files\/2013\/10\/servletrecuperafoto-150x150.jpg\" alt=\"servletrecuperafoto\" width=\"167\" height=\"167\" srcset=\"https:\/\/www2.unifap.br\/historia-oiapoque\/files\/2013\/10\/servletrecuperafoto-150x150.jpg 150w, https:\/\/www2.unifap.br\/historia-oiapoque\/files\/2013\/10\/servletrecuperafoto-70x70.jpg 70w\" sizes=\"(max-width: 167px) 100vw, 167px\" \/><\/a><\/p>\n<p><b>Prof. Me. Alexandre Souza Amaral<\/b><\/p>\n<p><i>Hist\u00f3ria da Amaz\u00f4nia e Hist\u00f3ria do Amap\u00e1<\/i><\/p>\n<p>Possui gradua\u00e7\u00e3o (Licenciatura e Bacharelado) em Hist\u00f3ria e Mestrado em Hist\u00f3ria Social pela Universidade Federal do Par\u00e1 (UFPA). Trabalha com Estudos Amaz\u00f4nicos, com \u00eanfase em Hist\u00f3ria da Amaz\u00f4nia e Amap\u00e1.<\/p>\n<p style=\"text-align: right\">E-mail: asamaral@unifap.br<\/p>\n<p style=\"text-align: right\">Link Lattes: <a href=\"http:\/\/lattes.cnpq.br\/4774711645452272\">http:\/\/lattes.cnpq.br\/4774711645452272<\/a><\/p>\n<p><b><a href=\"http:\/\/www2.unifap.br\/historia-oiapoque\/files\/2013\/10\/Dinaldo.jpg\"><img decoding=\"async\" class=\"alignleft wp-image-226\" src=\"http:\/\/www2.unifap.br\/historia-oiapoque\/files\/2013\/10\/Dinaldo-150x150.jpg\" alt=\"Dinaldo\" width=\"176\" height=\"176\" srcset=\"https:\/\/www2.unifap.br\/historia-oiapoque\/files\/2013\/10\/Dinaldo-150x150.jpg 150w, https:\/\/www2.unifap.br\/historia-oiapoque\/files\/2013\/10\/Dinaldo-70x70.jpg 70w\" sizes=\"(max-width: 176px) 100vw, 176px\" \/><\/a>Prof. Dr. Dinaldo Barbosa da Silva J\u00fanior <\/b><\/p>\n<p><i>Hist\u00f3ria Moderna<\/i><\/p>\n<p>Possui gradua\u00e7\u00e3o em Licenciatura Plena em Hist\u00f3ria pela Universidade Federal da Para\u00edba (UFPB), Mestrado em Desenvolvimento de Processos Ambientais pela Universidade Cat\u00f3lica de Pernambuco (UNICAP) e Doutorado em\u00a0<i>Derechos Humanos, Democrac\u00eda y Just\u00edcia<\/i> <i>Internacional <\/i>pela Universitat de Valencia (Espanha). Atua como professor de Hist\u00f3ria Moderna na Universidade Federal do Amap\u00e1 \u2013 Campus Binacional. Suas pesquisas est\u00e3o relacionadas \u00e0s Pris\u00f5es na Modernidade, Direitos Humanos e na Educa\u00e7\u00e3o Penitenci\u00e1ria em \u00c1rea de Fronteira (Guiana Francesa\/Brasil).<\/p>\n<p style=\"text-align: right\">E-mail: dinaldojr1980@gmail.com<\/p>\n<p style=\"text-align: right\">Link Lattes: <a href=\"http:\/\/lattes.cnpq.br\/5087561136936402\" target=\"_blank\" rel=\"noopener noreferrer\">http:\/\/lattes.cnpq.br\/5087561136936402<\/a><\/p>\n<p>&nbsp;<\/p>\n<p><b><a href=\"http:\/\/www2.unifap.br\/historia-oiapoque\/files\/2020\/02\/Comunica\u00e7\u00e3o.jpg\"><img decoding=\"async\" class=\"alignleft size-thumbnail wp-image-1605\" src=\"http:\/\/www2.unifap.br\/historia-oiapoque\/files\/2020\/02\/Comunica\u00e7\u00e3o-150x150.jpg\" alt=\"\" width=\"150\" height=\"150\" srcset=\"https:\/\/www2.unifap.br\/historia-oiapoque\/files\/2020\/02\/Comunica\u00e7\u00e3o-150x150.jpg 150w, https:\/\/www2.unifap.br\/historia-oiapoque\/files\/2020\/02\/Comunica\u00e7\u00e3o-70x70.jpg 70w\" sizes=\"(max-width: 150px) 100vw, 150px\" \/><\/a>Prof. Dr. Gladson Paulo Milhomens Fonseca<\/b><\/p>\n<p><i>Hist\u00f3ria Contempor\u00e2nea e Sociologia<\/i><\/p>\n<p>Licenciado em Hist\u00f3ria pela Universidade Federal do Tocantins (UFT), Mestre em Ci\u00eancias Sociais pela Universidade Federal do Rio Grande do Norte (UFRN), Doutor em Sociologia pela Universidade Federal da Para\u00edba (UFPB) e P\u00f3s-Doutorando em Sociologia (UFPB). Possui pesquisas nas \u00e1reas de Hist\u00f3ria do Brasil, Pensamento Social e Sociologia Contempor\u00e2nea. Em \u00e2mbito institucional, desenvolve pesquisas sobre Estado, Pol\u00edtica e Fronteiras na Amaz\u00f4nia brasileira.<\/p>\n<p align=\"right\">E-mail: <a href=\"mailto:paulo.unifap@hotmail.com\">paulo.unifap@gmail.com<\/a><\/p>\n<p align=\"right\">Link Lattes: <a href=\"http:\/\/lattes.cnpq.br\/5145439908906249\">http:\/\/lattes.cnpq.br\/5145439908906249<\/a>\u00a0<strong>\u00a0 \u00a0\u00a0<\/strong><\/p>\n<p style=\"text-align: right\"><a href=\"https:\/\/orcid.org\/0000-0003-2171-4494\" data-saferedirecturl=\"https:\/\/www.google.com\/url?q=https:\/\/orcid.org\/0000-0003-2171-4494&amp;source=gmail&amp;ust=1612124932605000&amp;usg=AFQjCNFjGautwrbuEpOV6wpjao1DI3T3VA\">https:\/\/orcid.org\/0000-0003-2171-4494<\/a><\/p>\n<p>&nbsp;<\/p>\n<p><a href=\"http:\/\/www2.unifap.br\/historia-oiapoque\/files\/2025\/11\/foto-de-marcia-1.jpg\"><img loading=\"lazy\" decoding=\"async\" class=\"alignleft wp-image-1769\" src=\"http:\/\/www2.unifap.br\/historia-oiapoque\/files\/2025\/11\/foto-de-marcia-1-150x150.jpg\" alt=\"\" width=\"104\" height=\"104\" srcset=\"https:\/\/www2.unifap.br\/historia-oiapoque\/files\/2025\/11\/foto-de-marcia-1-150x150.jpg 150w, https:\/\/www2.unifap.br\/historia-oiapoque\/files\/2025\/11\/foto-de-marcia-1-70x70.jpg 70w\" sizes=\"(max-width: 104px) 100vw, 104px\" \/><\/a><\/p>\n<p><strong>Prof\u00aa. Dra. M\u00e1rcia Gomes Fernandes<\/strong><\/p>\n<p><em>Teoria da Hist\u00f3ria, Teoria Pol\u00edtica e Estudos Feministas<\/em><\/p>\n<p>Possui gradua\u00e7\u00e3o, mestrado e doutorado em Hist\u00f3ria pela Universidade de S\u00e3o Paulo (USP). Tem experi\u00eancia na \u00e1rea de Ci\u00eancias Humanas e Ci\u00eancias Sociais, com \u00eanfase em Teoria da Hist\u00f3ria, Teoria Pol\u00edtica, Hist\u00f3ria do Brasil Contempor\u00e2neo e Ensino de Hist\u00f3ria. Desenvolve pesquisa nas seguintes \u00e1reas: Regime Militar, Viol\u00eancia Pol\u00edtica de G\u00eanero, Viol\u00eancia contra as Mulheres, Hist\u00f3ria do Feminismo no Brasil. Coordena o N\u00facleo de Pesquisas Piat\u00e3: N\u00facleo de Estudos e Pesquisas Feministas e das Viol\u00eancias contra \u00e0s Mulheres. Parecerista da Revista Converg\u00eancias: Estudos em Humanidades Digitais.<\/p>\n<p style=\"text-align: right\">Link Lattes: http:\/\/lattes.cnpq.br\/3452594213495826<\/p>\n<p style=\"text-align: right\">E-mail: marciafernandes@unifap.br<\/p>\n<p>&nbsp;<\/p>\n<p>&nbsp;<\/p>\n<p><b><a href=\"http:\/\/www2.unifap.br\/historia-oiapoque\/files\/2013\/10\/Jon-2.jpg\"><img loading=\"lazy\" decoding=\"async\" class=\"alignleft size-thumbnail wp-image-233\" src=\"http:\/\/www2.unifap.br\/historia-oiapoque\/files\/2013\/10\/Jon-2-150x150.jpg\" alt=\"Jon 2\" width=\"150\" height=\"150\" srcset=\"https:\/\/www2.unifap.br\/historia-oiapoque\/files\/2013\/10\/Jon-2-150x150.jpg 150w, https:\/\/www2.unifap.br\/historia-oiapoque\/files\/2013\/10\/Jon-2-70x70.jpg 70w\" sizes=\"(max-width: 150px) 100vw, 150px\" \/><\/a>Prof. Dr. <\/b><b>Jonathan Vianna da Silva<\/b><\/p>\n<p><i>\u00a0Pr\u00e1tica de Ensino e Metodologia de Ensino da Hist\u00f3ria<\/i><\/p>\n<p>Possui gradua\u00e7\u00e3o em Hist\u00f3ria (Licenciatura) pela Universidade Estadual Vale do Acara\u00fa, Especializa\u00e7\u00e3o em Hist\u00f3ria do Amap\u00e1 pelo Centro Universit\u00e1rio UNINTER,\u00a0 Mestrado em Estudos de Fronteira pela Universidade Federal do Amap\u00e1 e Doutor em Hist\u00f3ria pela Universidade Federal de Pelotas (UFPEL). Desenvolve atividades e pesquisas nas \u00e1reas de Ensino de Hist\u00f3ria; Migra\u00e7\u00e3o e Fronteiras.<\/p>\n<p align=\"right\">E-mail: jon9001@hotmail.com<\/p>\n<p align=\"right\">Link Lattes: http:\/\/lattes.cnpq.br\/8067748421044531<\/p>\n<p>&nbsp;<\/p>\n<p><b>Prof. Dr. Luiz Gustavo da Silva Costa<\/b><img loading=\"lazy\" decoding=\"async\" class=\"wp-image-1385 alignleft\" src=\"http:\/\/www2.unifap.br\/historia-oiapoque\/files\/2019\/05\/20180707_153511-e1557857566361-225x300.jpg\" alt=\"\" width=\"139\" height=\"185\" srcset=\"https:\/\/www2.unifap.br\/historia-oiapoque\/files\/2019\/05\/20180707_153511-e1557857566361-225x300.jpg 225w, https:\/\/www2.unifap.br\/historia-oiapoque\/files\/2019\/05\/20180707_153511-e1557857566361-768x1024.jpg 768w, https:\/\/www2.unifap.br\/historia-oiapoque\/files\/2019\/05\/20180707_153511-e1557857566361.jpg 1932w\" sizes=\"(max-width: 139px) 100vw, 139px\" \/><\/p>\n<p><i>Hist\u00f3ria do Brasil Col\u00f4nia, Imp\u00e9rio\u00a0e Rep\u00fablica, Historiografia Brasileira e Metodologia e Pr\u00e1tica de Ensino de Hist\u00f3ria.<\/i><\/p>\n<p>Graduado em Hist\u00f3ria (Bacharelado e Licenciatura) pela Universidade Federal do Amap\u00e1 UNIFAP, P\u00f3s-graduado Lato Sensu &#8211; Especialista em Hist\u00f3ria do Brasil (Faculdades Integradas de Jacarepagu\u00e1\/RJ), P\u00f3s-graduado Stricto\u00a0 Sensu &#8211; Mestre em Desenvolvimento Regional pela UNIFAP e Doutor em Ci\u00eancias da Educa\u00e7\u00e3o pela Universidad de Assunci\u00f3n (Paraguay). Possui experi\u00eancia docente nas \u00e1reas de Metodologia do Ensino da Hist\u00f3ria, Hist\u00f3ria do Amap\u00e1, Amaz\u00f4nia e Brasil (Col\u00f4nia, Imp\u00e9rio e Rep\u00fablica)\u00a0 . Desenvolve pesquisas na \u00e1reas de ocupa\u00e7\u00e3o e disputa territorial e pol\u00edticas e fortifica\u00e7\u00f5es na Amaz\u00f4nia Colonial e Fronteira franco-brasileira e\u00a0 Educa\u00e7\u00e3o.<\/p>\n<p align=\"right\">E-mail: proflg@oi.com.br<\/p>\n<p align=\"right\">Link Lattes: http:\/\/lattes.cnpq.br\/2889325419729247<\/p>\n<p align=\"right\">\n<p><strong><span style=\"color: #000000\"><a href=\"http:\/\/www2.unifap.br\/historia-oiapoque\/files\/2013\/10\/Evelanne.jpg\"><img loading=\"lazy\" decoding=\"async\" class=\" wp-image-1188 alignleft\" src=\"http:\/\/www2.unifap.br\/historia-oiapoque\/files\/2013\/10\/Evelanne-150x150.jpg\" alt=\"Evelanne\" width=\"161\" height=\"161\" srcset=\"https:\/\/www2.unifap.br\/historia-oiapoque\/files\/2013\/10\/Evelanne-150x150.jpg 150w, https:\/\/www2.unifap.br\/historia-oiapoque\/files\/2013\/10\/Evelanne-300x300.jpg 300w, https:\/\/www2.unifap.br\/historia-oiapoque\/files\/2013\/10\/Evelanne-70x70.jpg 70w, https:\/\/www2.unifap.br\/historia-oiapoque\/files\/2013\/10\/Evelanne.jpg 606w\" sizes=\"(max-width: 161px) 100vw, 161px\" \/><\/a>Prof\u00aa.\u00a0 Dra. Evelanne Samara Alves da Silva<\/span><\/strong><\/p>\n<div style=\"text-align: left\" align=\"right\"><\/div>\n<div style=\"text-align: left\"><em><span style=\"color: #000000\">Hist\u00f3ria Antiga, Hist\u00f3ria Ind\u00edgena e do Indigenismo, Hist\u00f3ria Africana e Afro-brasileira<\/span><\/em><\/div>\n<div><\/div>\n<div style=\"text-align: left\"><span style=\"color: #000000\">Graduada em Hist\u00f3ria (licenciatura e bacharelado) pela Universidade Federal do Amap\u00e1 (UNIFAP).<\/span><\/div>\n<div style=\"text-align: left\"><span style=\"color: #000000\">Especialista em Hist\u00f3ria da Amaz\u00f4nia pela Faculdade de Macap\u00e1 (FAMA. <\/span><\/div>\n<div style=\"text-align: left\"><span style=\"color: #000000\">Especialista em Educa\u00e7\u00e3o Especial e Inclusiva pelo Centro Universit\u00e1rio Internacional UNINTER (UNINTER).<\/span><\/div>\n<div style=\"text-align: left\"><span style=\"color: #000000\">Mestre em Educa\u00e7\u00e3o Sexual pela Universidade Estadual Paulista \u201cJ\u00falio de Mesquita Fillho\u201d (UNESP\/FCLAR). Doutora em Hist\u00f3ria pela Universidade Estadual do Maranh\u00e3o. Desenvolve pesquisas nas \u00e1reas de Sexualidade e Cultura Popular.<\/span><\/div>\n<div style=\"text-align: left\"><\/div>\n<div style=\"text-align: right\"><span style=\"color: #000000\">E-mail: <\/span><a><span style=\"text-decoration: underline\"><span style=\"color: #0563c1\">evelannesamara2010@hotmail.com<\/span><\/span><\/a><\/div>\n<div style=\"text-align: right\"><span style=\"color: #000000\">Link Lattes: \u00a0<\/span><a title=\"Endere\u00e7o para acessar este CV:\" href=\"https:\/\/wwws.cnpq.br\/cvlattesweb\/PKG_MENU.menu?f_cod=ED4BF08CC5AA38F1A14055E2F0E234BF\">http:\/\/lattes.cnpq.br\/0354873236151871<\/a><\/div>\n","protected":false},"excerpt":{"rendered":"<p>Prof. Me. Alexandre Souza Amaral Hist\u00f3ria da Amaz\u00f4nia e Hist\u00f3ria do Amap\u00e1 Possui gradua\u00e7\u00e3o (Licenciatura e Bacharelado) em Hist\u00f3ria e Mestrado em Hist\u00f3ria Social pela Universidade Federal do Par\u00e1 (UFPA). Trabalha com Estudos Amaz\u00f4nicos, com \u00eanfase em Hist\u00f3ria da Amaz\u00f4nia&hellip; <\/p>\n<p><a href=\"https:\/\/www2.unifap.br\/historia-oiapoque\/corpo-docente\/\" class=\"readmore-button\">Continue Reading<\/a><\/p>\n","protected":false},"author":362,"featured_media":0,"parent":0,"menu_order":2,"comment_status":"closed","ping_status":"closed","template":"","meta":{"inline_featured_image":false,"ngg_post_thumbnail":0,"footnotes":""},"class_list":["post-5","page","type-page","status-publish","hentry"],"_links":{"self":[{"href":"https:\/\/www2.unifap.br\/historia-oiapoque\/wp-json\/wp\/v2\/pages\/5","targetHints":{"allow":["GET"]}}],"collection":[{"href":"https:\/\/www2.unifap.br\/historia-oiapoque\/wp-json\/wp\/v2\/pages"}],"about":[{"href":"https:\/\/www2.unifap.br\/historia-oiapoque\/wp-json\/wp\/v2\/types\/page"}],"author":[{"embeddable":true,"href":"https:\/\/www2.unifap.br\/historia-oiapoque\/wp-json\/wp\/v2\/users\/362"}],"replies":[{"embeddable":true,"href":"https:\/\/www2.unifap.br\/historia-oiapoque\/wp-json\/wp\/v2\/comments?post=5"}],"version-history":[{"count":80,"href":"https:\/\/www2.unifap.br\/historia-oiapoque\/wp-json\/wp\/v2\/pages\/5\/revisions"}],"predecessor-version":[{"id":1771,"href":"https:\/\/www2.unifap.br\/historia-oiapoque\/wp-json\/wp\/v2\/pages\/5\/revisions\/1771"}],"wp:attachment":[{"href":"https:\/\/www2.unifap.br\/historia-oiapoque\/wp-json\/wp\/v2\/media?parent=5"}],"curies":[{"name":"wp","href":"https:\/\/api.w.org\/{rel}","templated":true}]}}