{"id":3342,"date":"2024-12-26T15:20:04","date_gmt":"2024-12-26T15:20:04","guid":{"rendered":"https:\/\/www2.unifap.br\/indigena\/?page_id=3342"},"modified":"2024-12-27T17:39:45","modified_gmt":"2024-12-27T17:39:45","slug":"memorias-clii","status":"publish","type":"page","link":"https:\/\/www2.unifap.br\/indigena\/memorias-clii\/","title":{"rendered":"Mem\u00f3rias CLII"},"content":{"rendered":"\t\t<div data-elementor-type=\"wp-page\" data-elementor-id=\"3342\" class=\"elementor elementor-3342\">\n\t\t\t\t\t\t<section class=\"elementor-section elementor-top-section elementor-element elementor-element-ae009f8 elementor-section-boxed elementor-section-height-default elementor-section-height-default\" data-id=\"ae009f8\" data-element_type=\"section\" data-e-type=\"section\">\n\t\t\t\t\t\t<div class=\"elementor-container elementor-column-gap-default\">\n\t\t\t\t\t<div class=\"elementor-column elementor-col-100 elementor-top-column elementor-element elementor-element-8e8ff65\" data-id=\"8e8ff65\" data-element_type=\"column\" data-e-type=\"column\">\n\t\t\t<div class=\"elementor-widget-wrap elementor-element-populated\">\n\t\t\t\t\t\t<div class=\"elementor-element elementor-element-eb97871 elementor-grid-eael-col-4 elementor-grid-tablet-eael-col-2 elementor-grid-mobile-eael-col-1 elementor-widget elementor-widget-eael-post-grid\" data-id=\"eb97871\" data-element_type=\"widget\" data-e-type=\"widget\" data-settings=\"{&quot;eael_post_grid_columns&quot;:&quot;eael-col-4&quot;,&quot;eael_post_grid_columns_tablet&quot;:&quot;eael-col-2&quot;,&quot;eael_post_grid_columns_mobile&quot;:&quot;eael-col-1&quot;}\" data-widget_type=\"eael-post-grid.default\">\n\t\t\t\t<div class=\"elementor-widget-container\">\n\t\t\t\t\t<div id=\"eael-post-grid-eb97871\" class=\"eael-post-grid-container\">\n            <div class=\"eael-post-grid eael-post-appender eael-post-appender-eb97871 eael-post-grid-style-one\" data-layout-mode=\"masonry\"><article class=\"eael-grid-post eael-post-grid-column\" data-id=\"3507\">\n        <div class=\"eael-grid-post-holder\">\n            <div class=\"eael-grid-post-holder-inner\"><div class=\"eael-entry-media\"><div class=\"eael-entry-overlay fade-in\"><i class=\"fas fa-long-arrow-alt-right\" aria-hidden=\"true\"><\/i><a href=\"https:\/\/www2.unifap.br\/indigena\/2024\/12\/27\/aula-inaugural-da-turma-de-2014\/\"><\/a><\/div><div class=\"eael-entry-thumbnail \">\n                <img decoding=\"async\" width=\"300\" height=\"165\" src=\"https:\/\/www2.unifap.br\/indigena\/files\/2024\/12\/capa-calendario-clii-300x165.jpeg\" class=\"attachment-medium size-medium wp-image-3440\" alt=\"\" srcset=\"https:\/\/www2.unifap.br\/indigena\/files\/2024\/12\/capa-calendario-clii-300x165.jpeg 300w, https:\/\/www2.unifap.br\/indigena\/files\/2024\/12\/capa-calendario-clii-1024x563.jpeg 1024w, https:\/\/www2.unifap.br\/indigena\/files\/2024\/12\/capa-calendario-clii-768x422.jpeg 768w, https:\/\/www2.unifap.br\/indigena\/files\/2024\/12\/capa-calendario-clii.jpeg 1211w\" sizes=\"(max-width: 300px) 100vw, 300px\" \/>\n            <\/div>\n        <\/div><div class=\"eael-entry-wrapper\"><header class=\"eael-entry-header\"><h2 class=\"eael-entry-title\"><a class=\"eael-grid-post-link\" href=\"https:\/\/www2.unifap.br\/indigena\/2024\/12\/27\/aula-inaugural-da-turma-de-2014\/\" title=\"Aula Inaugural da turma de 2014\">Aula Inaugural da turma de 2014<\/a><\/h2><\/header><div class=\"eael-entry-content\">\n                        <div class=\"eael-grid-post-excerpt\"><p>O curso de Licenciatura Intercultural Ind\u00edgena te convida a reviver...<\/p><a href=\"https:\/\/www2.unifap.br\/indigena\/2024\/12\/27\/aula-inaugural-da-turma-de-2014\/\" class=\"eael-post-elements-readmore-btn\">Leia mais<\/a><\/div>\n                    <\/div><div class=\"eael-entry-footer\"><div class=\"eael-author-avatar\"><a href=\"https:\/\/www2.unifap.br\/indigena\/author\/eziquiel\/\"><img alt='Eziquiel da Luz Silva' src='https:\/\/secure.gravatar.com\/avatar\/6366b95157127563e657f4768b797b07c81a47d33db012eebfc0990b6770b99f?s=96&#038;d=mm&#038;r=g' srcset='https:\/\/secure.gravatar.com\/avatar\/6366b95157127563e657f4768b797b07c81a47d33db012eebfc0990b6770b99f?s=192&#038;d=mm&#038;r=g 2x' class='avatar avatar-96 photo' height='96' width='96' \/><\/a><\/div><div class=\"eael-entry-meta\"><span class=\"eael-posted-by\"><a href=\"https:\/\/www2.unifap.br\/indigena\/author\/eziquiel\/\" title=\"Posts de Eziquiel da Luz Silva\" rel=\"author\">Eziquiel da Luz Silva<\/a><\/span><span class=\"eael-posted-on\"><time datetime=\"27 de dezembro de 2024\">27 de dezembro de 2024<\/time><\/span><\/div><\/div><\/div><\/div>\n        <\/div>\n    <\/article><article class=\"eael-grid-post eael-post-grid-column\" data-id=\"3498\">\n        <div class=\"eael-grid-post-holder\">\n            <div class=\"eael-grid-post-holder-inner\"><div class=\"eael-entry-wrapper\"><header class=\"eael-entry-header\"><h2 class=\"eael-entry-title\"><a class=\"eael-grid-post-link\" href=\"https:\/\/www2.unifap.br\/indigena\/2024\/12\/27\/reviva-a-emocao-do-encerramento-da-etapa-com-ture-2016\/\" title=\"Reviva a emo\u00e7\u00e3o do encerramento da ETAPA de julho de 2016\">Reviva a emo\u00e7\u00e3o do encerramento da ETAPA de julho de 2016<\/a><\/h2><\/header><div class=\"eael-entry-content\">\n                        <div class=\"eael-grid-post-excerpt\"><p>O curso de Licenciatura Intercultural Ind\u00edgena convida voc\u00ea a relembrar...<\/p><a href=\"https:\/\/www2.unifap.br\/indigena\/2024\/12\/27\/reviva-a-emocao-do-encerramento-da-etapa-com-ture-2016\/\" class=\"eael-post-elements-readmore-btn\">Leia mais<\/a><\/div>\n                    <\/div><div class=\"eael-entry-footer\"><div class=\"eael-author-avatar\"><a href=\"https:\/\/www2.unifap.br\/indigena\/author\/eziquiel\/\"><img alt='Eziquiel da Luz Silva' src='https:\/\/secure.gravatar.com\/avatar\/6366b95157127563e657f4768b797b07c81a47d33db012eebfc0990b6770b99f?s=96&#038;d=mm&#038;r=g' srcset='https:\/\/secure.gravatar.com\/avatar\/6366b95157127563e657f4768b797b07c81a47d33db012eebfc0990b6770b99f?s=192&#038;d=mm&#038;r=g 2x' class='avatar avatar-96 photo' height='96' width='96' \/><\/a><\/div><div class=\"eael-entry-meta\"><span class=\"eael-posted-by\"><a href=\"https:\/\/www2.unifap.br\/indigena\/author\/eziquiel\/\" title=\"Posts de Eziquiel da Luz Silva\" rel=\"author\">Eziquiel da Luz Silva<\/a><\/span><span class=\"eael-posted-on\"><time datetime=\"27 de dezembro de 2024\">27 de dezembro de 2024<\/time><\/span><\/div><\/div><\/div><\/div>\n        <\/div>\n    <\/article><article class=\"eael-grid-post eael-post-grid-column\" data-id=\"3486\">\n        <div class=\"eael-grid-post-holder\">\n            <div class=\"eael-grid-post-holder-inner\"><div class=\"eael-entry-media\"><div class=\"eael-entry-overlay fade-in\"><i class=\"fas fa-long-arrow-alt-right\" aria-hidden=\"true\"><\/i><a href=\"https:\/\/www2.unifap.br\/indigena\/2024\/12\/27\/noite-cultural-janeiro-de-2017\/\"><\/a><\/div><div class=\"eael-entry-thumbnail \">\n                <img fetchpriority=\"high\" decoding=\"async\" width=\"300\" height=\"300\" src=\"https:\/\/www2.unifap.br\/indigena\/files\/2024\/02\/INDIGENA-jpg-300x300.jpg\" class=\"attachment-medium size-medium wp-image-2848\" alt=\"\" srcset=\"https:\/\/www2.unifap.br\/indigena\/files\/2024\/02\/INDIGENA-jpg-300x300.jpg 300w, https:\/\/www2.unifap.br\/indigena\/files\/2024\/02\/INDIGENA-jpg-1024x1024.jpg 1024w, https:\/\/www2.unifap.br\/indigena\/files\/2024\/02\/INDIGENA-jpg-150x150.jpg 150w, https:\/\/www2.unifap.br\/indigena\/files\/2024\/02\/INDIGENA-jpg-768x768.jpg 768w, https:\/\/www2.unifap.br\/indigena\/files\/2024\/02\/INDIGENA-jpg-600x600.jpg 600w, https:\/\/www2.unifap.br\/indigena\/files\/2024\/02\/INDIGENA-jpg.jpg 1500w\" sizes=\"(max-width: 300px) 100vw, 300px\" \/>\n            <\/div>\n        <\/div><div class=\"eael-entry-wrapper\"><header class=\"eael-entry-header\"><h2 class=\"eael-entry-title\"><a class=\"eael-grid-post-link\" href=\"https:\/\/www2.unifap.br\/indigena\/2024\/12\/27\/noite-cultural-janeiro-de-2017\/\" title=\"Noite Cultural janeiro de 2017\">Noite Cultural janeiro de 2017<\/a><\/h2><\/header><div class=\"eael-entry-content\">\n                        <div class=\"eael-grid-post-excerpt\"><p>Que tal uma viagem no tempo? \u2708\ufe0f\ud83d\udd70\ufe0f Mergulhe na rica...<\/p><a href=\"https:\/\/www2.unifap.br\/indigena\/2024\/12\/27\/noite-cultural-janeiro-de-2017\/\" class=\"eael-post-elements-readmore-btn\">Leia mais<\/a><\/div>\n                    <\/div><div class=\"eael-entry-footer\"><div class=\"eael-author-avatar\"><a href=\"https:\/\/www2.unifap.br\/indigena\/author\/eziquiel\/\"><img alt='Eziquiel da Luz Silva' src='https:\/\/secure.gravatar.com\/avatar\/6366b95157127563e657f4768b797b07c81a47d33db012eebfc0990b6770b99f?s=96&#038;d=mm&#038;r=g' srcset='https:\/\/secure.gravatar.com\/avatar\/6366b95157127563e657f4768b797b07c81a47d33db012eebfc0990b6770b99f?s=192&#038;d=mm&#038;r=g 2x' class='avatar avatar-96 photo' height='96' width='96' \/><\/a><\/div><div class=\"eael-entry-meta\"><span class=\"eael-posted-by\"><a href=\"https:\/\/www2.unifap.br\/indigena\/author\/eziquiel\/\" title=\"Posts de Eziquiel da Luz Silva\" rel=\"author\">Eziquiel da Luz Silva<\/a><\/span><span class=\"eael-posted-on\"><time datetime=\"27 de dezembro de 2024\">27 de dezembro de 2024<\/time><\/span><\/div><\/div><\/div><\/div>\n        <\/div>\n    <\/article><article class=\"eael-grid-post eael-post-grid-column\" data-id=\"3474\">\n        <div class=\"eael-grid-post-holder\">\n            <div class=\"eael-grid-post-holder-inner\"><div class=\"eael-entry-media\"><div class=\"eael-entry-overlay fade-in\"><i class=\"fas fa-long-arrow-alt-right\" aria-hidden=\"true\"><\/i><a href=\"https:\/\/www2.unifap.br\/indigena\/2024\/12\/27\/formaturas-de-2007-2009\/\"><\/a><\/div><div class=\"eael-entry-thumbnail \">\n                <img decoding=\"async\" width=\"300\" height=\"182\" src=\"https:\/\/www2.unifap.br\/indigena\/files\/2017\/03\/CLII-20120212-EB-Formatura-Licenciatura-Indigena-turma-2007-181-300x182.jpg\" class=\"attachment-medium size-medium wp-image-1247\" alt=\"\" srcset=\"https:\/\/www2.unifap.br\/indigena\/files\/2017\/03\/CLII-20120212-EB-Formatura-Licenciatura-Indigena-turma-2007-181-300x182.jpg 300w, https:\/\/www2.unifap.br\/indigena\/files\/2017\/03\/CLII-20120212-EB-Formatura-Licenciatura-Indigena-turma-2007-181-1024x621.jpg 1024w\" sizes=\"(max-width: 300px) 100vw, 300px\" \/>\n            <\/div>\n        <\/div><div class=\"eael-entry-wrapper\"><header class=\"eael-entry-header\"><h2 class=\"eael-entry-title\"><a class=\"eael-grid-post-link\" href=\"https:\/\/www2.unifap.br\/indigena\/2024\/12\/27\/formaturas-de-2007-2009\/\" title=\"Formaturas de 2007 &#8211; 2009\">Formaturas de 2007 &#8211; 2009<\/a><\/h2><\/header><div class=\"eael-entry-content\">\n                        <div class=\"eael-grid-post-excerpt\"><p>A vida \u00e9 repleta de ritos e passagens. A formatura...<\/p><a href=\"https:\/\/www2.unifap.br\/indigena\/2024\/12\/27\/formaturas-de-2007-2009\/\" class=\"eael-post-elements-readmore-btn\">Leia mais<\/a><\/div>\n                    <\/div><div class=\"eael-entry-footer\"><div class=\"eael-author-avatar\"><a href=\"https:\/\/www2.unifap.br\/indigena\/author\/eziquiel\/\"><img alt='Eziquiel da Luz Silva' src='https:\/\/secure.gravatar.com\/avatar\/6366b95157127563e657f4768b797b07c81a47d33db012eebfc0990b6770b99f?s=96&#038;d=mm&#038;r=g' srcset='https:\/\/secure.gravatar.com\/avatar\/6366b95157127563e657f4768b797b07c81a47d33db012eebfc0990b6770b99f?s=192&#038;d=mm&#038;r=g 2x' class='avatar avatar-96 photo' height='96' width='96' \/><\/a><\/div><div class=\"eael-entry-meta\"><span class=\"eael-posted-by\"><a href=\"https:\/\/www2.unifap.br\/indigena\/author\/eziquiel\/\" title=\"Posts de Eziquiel da Luz Silva\" rel=\"author\">Eziquiel da Luz Silva<\/a><\/span><span class=\"eael-posted-on\"><time datetime=\"27 de dezembro de 2024\">27 de dezembro de 2024<\/time><\/span><\/div><\/div><\/div><\/div>\n        <\/div>\n    <\/article><\/div>\n            <div class=\"clearfix\"><\/div>\n        <\/div>            <div class=\"eael-load-more-button-wrap\">\n                <button class=\"eael-load-more-button\" id=\"eael-load-more-btn-eb97871\" data-widget-id=\"eb97871\" data-widget=\"eb97871\" data-page-id=\"3342\" data-template=\"{&quot;dir&quot;:&quot;lite&quot;,&quot;file_name&quot;:&quot;one.php&quot;,&quot;name&quot;:&quot;Post-Grid&quot;}\" data-class=\"Essential_Addons_Elementor\\Elements\\Post_Grid\" data-layout=\"masonry\" data-page=\"1\" data-args=\"orderby=date&amp;order=desc&amp;ignore_sticky_posts=1&amp;post_status=publish&amp;posts_per_page=4&amp;offset=0&amp;post_type=post&amp;tax_query%5B0%5D%5Btaxonomy%5D=category&amp;tax_query%5B0%5D%5Bfield%5D=term_id&amp;tax_query%5B0%5D%5Bterms%5D%5B0%5D=27&amp;tax_query%5B0%5D%5Bterms%5D%5B1%5D=26&amp;tax_query%5Brelation%5D=AND\" data-max-page=\"2\">\n                    <span class=\"eael-btn-loader button__loader\"><\/span>\n                    <span class=\"eael_load_more_text\">Carregar mais<\/span>\n                <\/button>\n            <\/div>\n            \t\t\t\t<\/div>\n\t\t\t\t<\/div>\n\t\t\t\t\t<\/div>\n\t\t<\/div>\n\t\t\t\t\t<\/div>\n\t\t<\/section>\n\t\t\t\t<\/div>\n\t\t","protected":false},"excerpt":{"rendered":"<p>Formaturas de 2007 &#8211; 2009 A vida \u00e9 repleta de ritos e passagens. A formatura&#8230; Leia mais 27 de dezembro de 2024 2011 &#8211; Semin\u00e1rio do Curso de Licenciatura Intercultural Ind\u00edgena 2011 &#8211; Semin\u00e1rio do Curso de Licenciatura Intercultural Ind\u00edgena O&#8230; Leia mais 27 de dezembro de 2024 Formandos 2023 FORMATURA AGOSTO DE 2015 \u00c9&#8230;<\/p>\n","protected":false},"author":527,"featured_media":0,"parent":0,"menu_order":0,"comment_status":"closed","ping_status":"closed","template":"","meta":{"inline_featured_image":false,"ngg_post_thumbnail":0,"footnotes":""},"class_list":["post-3342","page","type-page","status-publish","hentry","entry","has-media"],"_links":{"self":[{"href":"https:\/\/www2.unifap.br\/indigena\/wp-json\/wp\/v2\/pages\/3342","targetHints":{"allow":["GET"]}}],"collection":[{"href":"https:\/\/www2.unifap.br\/indigena\/wp-json\/wp\/v2\/pages"}],"about":[{"href":"https:\/\/www2.unifap.br\/indigena\/wp-json\/wp\/v2\/types\/page"}],"author":[{"embeddable":true,"href":"https:\/\/www2.unifap.br\/indigena\/wp-json\/wp\/v2\/users\/527"}],"replies":[{"embeddable":true,"href":"https:\/\/www2.unifap.br\/indigena\/wp-json\/wp\/v2\/comments?post=3342"}],"version-history":[{"count":19,"href":"https:\/\/www2.unifap.br\/indigena\/wp-json\/wp\/v2\/pages\/3342\/revisions"}],"predecessor-version":[{"id":3485,"href":"https:\/\/www2.unifap.br\/indigena\/wp-json\/wp\/v2\/pages\/3342\/revisions\/3485"}],"wp:attachment":[{"href":"https:\/\/www2.unifap.br\/indigena\/wp-json\/wp\/v2\/media?parent=3342"}],"curies":[{"name":"wp","href":"https:\/\/api.w.org\/{rel}","templated":true}]}}