{"id":909,"date":"2016-11-03T19:55:57","date_gmt":"2016-11-03T19:55:57","guid":{"rendered":"http:\/\/www2.unifap.br\/indigena\/?page_id=909"},"modified":"2024-12-20T13:59:02","modified_gmt":"2024-12-20T13:59:02","slug":"atas","status":"publish","type":"page","link":"https:\/\/www2.unifap.br\/indigena\/coordenacao-de-curso\/atas\/","title":{"rendered":"Reuni\u00f5es do Colegiado do CLII (Atas)"},"content":{"rendered":"\t\t<div data-elementor-type=\"wp-page\" data-elementor-id=\"909\" class=\"elementor elementor-909\">\n\t\t\t\t\t\t<section class=\"elementor-section elementor-top-section elementor-element elementor-element-7b236f97 elementor-section-boxed elementor-section-height-default elementor-section-height-default\" data-id=\"7b236f97\" data-element_type=\"section\" data-e-type=\"section\">\n\t\t\t\t\t\t<div class=\"elementor-container elementor-column-gap-default\">\n\t\t\t\t\t<div class=\"elementor-column elementor-col-100 elementor-top-column elementor-element elementor-element-c1340a8\" data-id=\"c1340a8\" data-element_type=\"column\" data-e-type=\"column\">\n\t\t\t<div class=\"elementor-widget-wrap elementor-element-populated\">\n\t\t\t\t\t\t<div class=\"elementor-element elementor-element-209826e4 elementor-widget elementor-widget-text-editor\" data-id=\"209826e4\" data-element_type=\"widget\" data-e-type=\"widget\" data-widget_type=\"text-editor.default\">\n\t\t\t\t<div class=\"elementor-widget-container\">\n\t\t\t\t\t\t\t\t\t<p>O Colegiado do Curso de Licenciatura Intercultural Ind\u00edgena \u00e9 composto pela Coordena\u00e7\u00e3o do CLII, docentes, t\u00e9cnico-administrativo e representantes discentes, com fun\u00e7\u00e3o de apreciar e deliberar sobre quest\u00f5es relativas ao CLII. Re\u00fane-se com periodicidade, tendo como atribui\u00e7\u00f5es: a) apreciar e deliberar sobre as sugest\u00f5es apresentadas pelos docentes e pelos discentes quanto aos assuntos de interesse do Curso; b) programar anualmente a provis\u00e3o de recursos humanos, materiais e equipamentos para o Curso; c) deliberar sobre as atividades did\u00e1tico pedag\u00f3gicas e os componentes curriculares do Curso; e d) proceder a sua avalia\u00e7\u00e3o peri\u00f3dica. <br \/>As reuni\u00f5es ordin\u00e1rias do Colegiado do Curso s\u00e3o realizadas mensalmente, nas segundas quintas-feiras. As reuni\u00f5es extraordin\u00e1rias s\u00e3o convocadas conforme as demandas do Colegiado. Todas as reuni\u00f5es s\u00e3o registradas em ATA e disponibilizadas na Coordena\u00e7\u00e3o do Curso.<\/p><p>Atas de Reuni\u00f5es de Colegiado referente ao ano de 2024<\/p><p><a href=\"https:\/\/drive.google.com\/drive\/folders\/1sbFIvjKXtBd8M83uqOr44oSDEtWYAhMD?usp=sharing\" target=\"_blank\" rel=\"noopener\">Clique aqui para acessar as atas do ano de 2024.<\/a><\/p><p>Atas de Reuni\u00f5es de Colegiado referente ao ano de 2023.<\/p><p><a href=\"https:\/\/drive.google.com\/file\/d\/19yTd6ZCGlMIxHORFCSfVHZEUD5ASuBoW\/view?usp=drive_link\">2023_01_03<\/a><\/p><p><a href=\"https:\/\/drive.google.com\/file\/d\/1e9UwAp2nXAfaL4UB44C3_ITiJwDz8GLI\/view?usp=drive_link\">2023_02_09<\/a><\/p><p><a href=\"https:\/\/drive.google.com\/file\/d\/1RPM5_kD5Zy9wNgufueHqr6uJ3Ay5Y-mR\/view?usp=drive_link\">2023_02_24<\/a><\/p><p><a href=\"https:\/\/drive.google.com\/file\/d\/1naeBksy-21g-HregW_d20E65IdyjYr2z\/view?usp=drive_link\">2023_03_03<\/a><\/p><p><a href=\"https:\/\/drive.google.com\/file\/d\/1QQREq_GVx2rztoYCldIXyZgthBiTx86T\/view?usp=drive_link\">2023_05_11<\/a><\/p><p><a href=\"https:\/\/drive.google.com\/file\/d\/1c5SD3HmZQKJlGeRQIaHzRHhJJ2zgxZ6u\/view?usp=drive_link\">2023_06_15<\/a><\/p><p><a href=\"https:\/\/drive.google.com\/file\/d\/1ltEdvy0T_HAhRAG0b4Rci7gG_2-ixBD5\/view?usp=drive_link\">2023_07_13<\/a><\/p><p><a href=\"https:\/\/drive.google.com\/file\/d\/1HxexA9NCK-_KtIZ3rI3jTL2rkRsrwUar\/view?usp=drive_link\">2023_08_11<\/a><\/p><p><a href=\"\/Users\/ESCOLA%20ANETE%20FARIAS\/Downloads\/ATA-ORDINARIA-NDE-OUTUBRO-2023.pdf\" target=\"_blank\" rel=\"noopener\">2023_10_05<\/a><\/p><p><a href=\"\/Users\/ESCOLA%20ANETE%20FARIAS\/Downloads\/ATA-EXTRAORDINARIA-COLEGIADO-OUTUBRO-2023.pdf\" target=\"_blank\" rel=\"noopener\">2023_10_10<\/a> \u00a0<\/p><p><a href=\"\/Users\/ESCOLA%20ANETE%20FARIAS\/Downloads\/ATA-ORDINARIA-NDE-OUTUBRO-2023%20(1).pdf\" target=\"_blank\" rel=\"noopener\">2023_10_19<\/a>\u00a0<\/p><p><a href=\"\/Users\/ESCOLA%20ANETE%20FARIAS\/Downloads\/ATA-EXTRAORDINARIA-COLEGIADO-NOVEMBRO-2023.pdf\" target=\"_blank\" rel=\"noopener\">2023_11_01<\/a><\/p><p>Atas de Reuni\u00f5es de Colegiado referente ao ano de 2022.<\/p><p><a href=\"https:\/\/drive.google.com\/file\/d\/1YmUtH_VTe5DanwLIsGTeuX2RE2cmFrin\/view?usp=drive_link\">2022_04_07<\/a><\/p><p><a href=\"https:\/\/drive.google.com\/file\/d\/1ZFMYMMvgRkrVPgKxJoCpwmnS__wBxz03\/view?usp=drive_link\">2022_05_17<\/a><\/p><p><a href=\"https:\/\/drive.google.com\/file\/d\/1EUjwUuzAv7XwKQWV9TOSfSHNkQ1ua6ln\/view?usp=drive_link\">2022_06_02<\/a><\/p><p><a href=\"https:\/\/drive.google.com\/file\/d\/1CZvZFH59Tv4yIRXVImPOpZOIhHeAL1TI\/view?usp=drive_link\">2022_06_08<\/a><\/p><p><a href=\"https:\/\/drive.google.com\/file\/d\/1l3cbS1ci7D-5D9nMrqvDofb4t2x4NVVQ\/view?usp=drive_link\">2022_08_01<\/a><\/p><p><a href=\"https:\/\/drive.google.com\/file\/d\/1tYce_vXaNaTfJzurRh5gRIniJh8jWz2z\/view?usp=drive_link\">2022_10_25<\/a><\/p><p><a href=\"https:\/\/drive.google.com\/file\/d\/1h9AlHsGWoUBWhtGVtcURpxco6FG-4M-t\/view?usp=drive_link\">2022_11_04<\/a><\/p><p><a href=\"https:\/\/drive.google.com\/file\/d\/15grK9yS0WnTxM7iFEWRobHDQQJPyd4uT\/view?usp=drive_link\">2022_11_14<\/a><\/p><p><a href=\"https:\/\/drive.google.com\/file\/d\/1syGckKn27u3XAQPm_BSw37w3kZWS0jtP\/view?usp=drive_link\">2022_12_07<\/a><\/p><p>Atas de Reuni\u00f5es de Colegiado referente ao ano de 2021.<\/p><p><a href=\"https:\/\/drive.google.com\/file\/d\/1UDawIlrshQtR5aP_E_V9rVCsuZ4OOs-2\/view?usp=drive_link\">2021_01_25<\/a><\/p><p><a href=\"https:\/\/drive.google.com\/file\/d\/1K_LAubL3b-V3Xn9Zu4vziioOrNjA5_DV\/view?usp=drive_link\">2021_01_27<\/a><\/p><p><a href=\"https:\/\/drive.google.com\/file\/d\/1XGvA2SxfsVuMqMws5BgabTdGhGNkus4Y\/view?usp=drive_link\">2021_03_19<\/a><\/p><p><a href=\"https:\/\/drive.google.com\/file\/d\/1H_Esh5fi3rjDtRBNJFguglNfhX_11k-n\/view?usp=drive_link\">2021_05_19<\/a><\/p><p><a href=\"https:\/\/drive.google.com\/file\/d\/1DsZbzeGiDsIT7SowPW8cvs5pzsASycSy\/view?usp=drive_link\">2021_05_27<\/a><\/p><p><a href=\"https:\/\/drive.google.com\/file\/d\/1Sgf8f2wdcbONQtlWv_gBaXb5Nv1nT_Lg\/view?usp=drive_link\">2021_08_13<\/a><\/p><p><a href=\"https:\/\/drive.google.com\/file\/d\/1jm-jeW0HSaxUEtgQw-tQUptq9J2aCvL9\/view?usp=drive_link\">2021_09_14<\/a><\/p><p><a href=\"https:\/\/drive.google.com\/file\/d\/1cJac-28tJOTRD-0nER8jTqUtCdG9VpN5\/view?usp=drive_link\">2021_10_29<\/a><\/p><p><a href=\"https:\/\/drive.google.com\/file\/d\/1ZfXMaOk57_Aato9WOxv4O-F5pOA_AEdX\/view?usp=drive_link\">2021_11_25<\/a><\/p><p>Atas de Reuni\u00f5es de Colegiado referente ao ano de 2020.<\/p><p><a href=\"https:\/\/drive.google.com\/file\/d\/1IKvJ2acZNSB6t678memu0YUXLxcy2GhU\/view?usp=drive_link\">2020_08_31<\/a><\/p><p><a href=\"https:\/\/drive.google.com\/file\/d\/1d1OufGCfeyTmNilVi9gxYvUu0O9mnJkr\/view?usp=drive_link\">2020_09_22<\/a><\/p><p><a href=\"https:\/\/drive.google.com\/file\/d\/1nz4ZFl1eRVm95QACdgov_qqoX4s3H3Av\/view?usp=drive_link\">2020_12_11<\/a><\/p><p>Atas de Reuni\u00f5es de Colegiado referente ao ano de 2016.<\/p><p><a href=\"http:\/\/www2.unifap.br\/indigena\/files\/2016\/11\/2016_01_21.pdf\">2016_01_21<\/a><\/p><p><a href=\"http:\/\/www2.unifap.br\/indigena\/files\/2016\/11\/2016_02_19.pdf\">2016_02_19<\/a><\/p><p><a href=\"http:\/\/www2.unifap.br\/indigena\/files\/2016\/11\/2016_03_02.pdf\">2016_03_02<\/a><\/p><p><a href=\"http:\/\/www2.unifap.br\/indigena\/files\/2016\/11\/2016_04_16.pdf\">2016_04_16<\/a><\/p><p><a href=\"http:\/\/www2.unifap.br\/indigena\/files\/2016\/11\/2016_06_01.pdf\">2016_06_01<\/a><\/p><p><a href=\"http:\/\/www2.unifap.br\/indigena\/files\/2016\/11\/2016_06_08.pdf\">2016_06_08<\/a><\/p><p><a href=\"http:\/\/www2.unifap.br\/indigena\/files\/2016\/11\/2016_06_17.pdf\">2016_06_17<\/a><\/p><p><a href=\"http:\/\/www2.unifap.br\/indigena\/files\/2016\/11\/2016_07_06.pdf\">2016_07_06<\/a><\/p><p><a href=\"http:\/\/www2.unifap.br\/indigena\/files\/2016\/11\/2016_07_15.pdf\">2016_07_15<\/a><\/p><p><a href=\"http:\/\/www2.unifap.br\/indigena\/files\/2016\/11\/2016_07_18.pdf\">2016_07_18<\/a><\/p><p><a href=\"http:\/\/www2.unifap.br\/indigena\/files\/2016\/11\/2016_07_28.pdf\">2016_07_28<\/a><\/p><p><a href=\"http:\/\/www2.unifap.br\/indigena\/files\/2016\/11\/2016_08_10.pdf\">2016_08_10<\/a><\/p><p>Atas de Reuni\u00f5es de Colegiado referente ao ano de 2015.<\/p><p><a href=\"http:\/\/www2.unifap.br\/indigena\/files\/2016\/11\/2015_02_25.pdf\">2015_02_25<\/a><\/p><p><a href=\"http:\/\/www2.unifap.br\/indigena\/files\/2016\/11\/2015_03_25.pdf\">2015_03_25<\/a><\/p><p><a href=\"http:\/\/www2.unifap.br\/indigena\/files\/2016\/11\/2015_04_22.pdf\">2015_04_22<\/a><\/p><p><a href=\"http:\/\/www2.unifap.br\/indigena\/files\/2016\/11\/2015_06_10.pdf\">2015_06_10<\/a><\/p><p><a href=\"http:\/\/www2.unifap.br\/indigena\/files\/2016\/11\/2015_07_01.pdf\">2015_07_01<\/a><\/p><p><a href=\"http:\/\/www2.unifap.br\/indigena\/files\/2016\/11\/2015_07_08.pdf\">2015_07_08<\/a><\/p><p><a href=\"http:\/\/www2.unifap.br\/indigena\/files\/2016\/11\/2015_08_05.pdf\">2015_08_05<\/a><\/p><p><a href=\"http:\/\/www2.unifap.br\/indigena\/files\/2016\/11\/2015_10_09.pdf\">2015_10_09<\/a><\/p><p><a href=\"http:\/\/www2.unifap.br\/indigena\/files\/2016\/11\/2015_11_06.pdf\">2015_11_06<\/a><\/p><p>Atas de Reuni\u00f5es de Colegiado referente ao ano de 2014.<\/p><p><a href=\"http:\/\/www2.unifap.br\/indigena\/files\/2016\/11\/02_07_2014.pdf\">02_07_2014<\/a><\/p><p><a href=\"http:\/\/www2.unifap.br\/indigena\/files\/2016\/11\/03_04_2014.pdf\">03_04_2014<\/a><\/p><p><a href=\"http:\/\/www2.unifap.br\/indigena\/files\/2016\/11\/04_06_2014.pdf\">04_06_2014<\/a><\/p><p><a href=\"http:\/\/www2.unifap.br\/indigena\/files\/2016\/11\/04_12_2014.pdf\">04_12_2014<\/a><\/p><p><a href=\"http:\/\/www2.unifap.br\/indigena\/files\/2016\/11\/05_11_2014.pdf\">2014_11_05<\/a><\/p><p><a href=\"http:\/\/www2.unifap.br\/indigena\/files\/2016\/11\/2014_02_07.pdf\">2014_02_07<\/a><\/p><p><a href=\"http:\/\/www2.unifap.br\/indigena\/files\/2016\/11\/2014_03_21.pdf\">2014_03_21<\/a><\/p><p><a href=\"http:\/\/www2.unifap.br\/indigena\/files\/2016\/11\/2014_03_25Mem\u00f3ria-de-reuni\u00e3o.pdf\">2014_03_25Mem\u00f3ria de reuni\u00e3o<\/a><\/p><p><a href=\"http:\/\/www2.unifap.br\/indigena\/files\/2016\/11\/2014_05_14.pdf\">2014_05_14<\/a><\/p><p><a href=\"http:\/\/www2.unifap.br\/indigena\/files\/2016\/11\/2014_06_16-Memoria-da-reuni\u00e3o.pdf\">2014_06_16 &#8211; Memoria da reuni\u00e3o<\/a><\/p><p><a href=\"http:\/\/www2.unifap.br\/indigena\/files\/2016\/11\/2014_06_16.pdf\">2014_06_16<\/a><\/p><p><a href=\"http:\/\/www2.unifap.br\/indigena\/files\/2016\/11\/2014_07_09.pdf\">2014_07_09<\/a><\/p><p><a href=\"http:\/\/www2.unifap.br\/indigena\/files\/2016\/11\/2014_09_17.pdf\">2014_09_17<\/a><\/p><p><a href=\"http:\/\/www2.unifap.br\/indigena\/files\/2016\/11\/2014_10_29.pdf\">2014_10_29<\/a><\/p><p><a href=\"http:\/\/www2.unifap.br\/indigena\/files\/2016\/11\/2014_11_12.pdf\">2014_11_12<\/a><\/p><p>Atas de Reuni\u00f5es de Colegiado referente ao ano de 2013.<\/p><p><a href=\"http:\/\/www2.unifap.br\/indigena\/files\/2016\/11\/06_05_2013.pdf\">06_05_2013<\/a><\/p><p><a href=\"http:\/\/www2.unifap.br\/indigena\/files\/2016\/11\/07_03_2013.pdf\">07_03_2013<\/a><\/p><p><a href=\"http:\/\/www2.unifap.br\/indigena\/files\/2016\/11\/25_03_2013.pdf\">25_03_2013<\/a><\/p><p><a href=\"http:\/\/www2.unifap.br\/indigena\/files\/2016\/11\/26_02_2013.pdf\">26_02_2013<\/a><\/p><p>Atas de Reuni\u00f5es de Colegiado referente ao ano de 2012.<\/p><p><a href=\"http:\/\/www2.unifap.br\/indigena\/files\/2016\/11\/02_05_2012.pdf\">02_05_2012<\/a><\/p><p><a href=\"http:\/\/www2.unifap.br\/indigena\/files\/2016\/11\/07_03_2012.pdf\">07_03_2012<\/a><\/p><p><a href=\"http:\/\/www2.unifap.br\/indigena\/files\/2016\/11\/08_10_2012.pdf\">08_10_2012<\/a><\/p><p><a href=\"http:\/\/www2.unifap.br\/indigena\/files\/2016\/11\/16_05_2012..pdf\">16_05_2012<\/a><\/p><p><a href=\"http:\/\/www2.unifap.br\/indigena\/files\/2016\/11\/17_04_2012.pdf\">17_04_2012<\/a><\/p><p><a href=\"http:\/\/www2.unifap.br\/indigena\/files\/2016\/11\/19_01_2012.pdf\">19_01_2012<\/a><\/p><p><a href=\"http:\/\/www2.unifap.br\/indigena\/files\/2016\/11\/24_09_2012.pdf\">24_09_2012<\/a><\/p><p><a href=\"http:\/\/www2.unifap.br\/indigena\/files\/2016\/11\/28_01_2012_parte-1.pdf\">28_01_2012_parte 1<\/a><\/p><p><a href=\"http:\/\/www2.unifap.br\/indigena\/files\/2016\/11\/28_01_2012_parte-2.pdf\">28_01_2012_parte 2<\/a><\/p><p>Atas de Reuni\u00f5es de Colegiado referente ao ano de 2011.<\/p><p><a href=\"http:\/\/www2.unifap.br\/indigena\/files\/2016\/11\/2011_02_23.pdf\">2011_02_23<\/a><a href=\"http:\/\/www2.unifap.br\/indigena\/files\/2016\/11\/2011_04_14.pdf\"><br \/><\/a><\/p><p><a href=\"http:\/\/www2.unifap.br\/indigena\/files\/2016\/11\/2011_04_141.pdf\">2011_04_14<\/a><\/p><p><a href=\"http:\/\/www2.unifap.br\/indigena\/files\/2016\/11\/2011_06_08.pdf\">2011_06_08<\/a><\/p><p><a href=\"http:\/\/www2.unifap.br\/indigena\/files\/2016\/11\/2011_06_17.pdf\">2011_06_17<\/a><\/p><p><a href=\"http:\/\/www2.unifap.br\/indigena\/files\/2016\/11\/2011_08_29.pdf\">2011_08_29<\/a><\/p><p><a href=\"http:\/\/www2.unifap.br\/indigena\/files\/2016\/11\/2011_08-08.pdf\">2011_08-08<\/a><\/p><p><a href=\"http:\/\/www2.unifap.br\/indigena\/files\/2016\/11\/2011_09_30.pdf\">2011_09_30<\/a><\/p><p><a href=\"http:\/\/www2.unifap.br\/indigena\/files\/2016\/11\/2011_11_16.pdf\">2011_11_16<\/a><\/p><p><a href=\"http:\/\/www2.unifap.br\/indigena\/files\/2016\/11\/2011-11-16.pdf\">2011-11-16<\/a><\/p><p>Atas de Reuni\u00f5es de Colegiado referente ao ano de 2010.<\/p><p><a href=\"http:\/\/www2.unifap.br\/indigena\/files\/2016\/11\/2010_06_18.pdf\">2010_06_18<\/a><\/p><p><a href=\"http:\/\/www2.unifap.br\/indigena\/files\/2016\/11\/2010_09_01.pdf\">2010_09_01<\/a><\/p><p><a href=\"http:\/\/www2.unifap.br\/indigena\/files\/2016\/11\/2010_09_22.pdf\">2010_09_22<\/a><\/p><p><a href=\"http:\/\/www2.unifap.br\/indigena\/files\/2016\/11\/2010_11_24.pdf\">2010_11_24<\/a><\/p><p>Atas de Reuni\u00f5es de Colegiado referente ao ano de 2009.<\/p><p><a href=\"http:\/\/www2.unifap.br\/indigena\/files\/2016\/11\/2009_03-07.pdf\">2009_03-07<\/a><\/p><p><a href=\"http:\/\/www2.unifap.br\/indigena\/files\/2016\/11\/2009_03-19.pdf\">2009_03-19<\/a><\/p><p>Atas de Reuni\u00f5es de Colegiado referente ao ano de 2008.<\/p><p><a href=\"http:\/\/www2.unifap.br\/indigena\/files\/2016\/11\/2008_05_20_.pdf\">2008_05_20_<\/a><\/p><p>Atas de Reuni\u00f5es de Colegiado referente ao ano de 2007.<\/p><p><a href=\"http:\/\/www2.unifap.br\/indigena\/files\/2016\/11\/2007_07_20.pdf\">2007_07_20<\/a><\/p><p><a href=\"http:\/\/www2.unifap.br\/indigena\/files\/2016\/11\/2007_11_16.pdf\">2007_11_16<\/a><\/p><p><a href=\"http:\/\/www2.unifap.br\/indigena\/files\/2016\/11\/2007_11_17.pdf\">2007_11_17<\/a><\/p><p>\u00a0<\/p><p>\u00a0<\/p><p>\u00a0<\/p>\t\t\t\t\t\t\t\t<\/div>\n\t\t\t\t<\/div>\n\t\t\t\t\t<\/div>\n\t\t<\/div>\n\t\t\t\t\t<\/div>\n\t\t<\/section>\n\t\t\t\t<\/div>\n\t\t","protected":false},"excerpt":{"rendered":"<p>O Colegiado do Curso de Licenciatura Intercultural Ind\u00edgena \u00e9 composto pela Coordena\u00e7\u00e3o do CLII, docentes, t\u00e9cnico-administrativo e representantes discentes, com fun\u00e7\u00e3o de apreciar e deliberar sobre quest\u00f5es relativas ao CLII. Re\u00fane-se com periodicidade, tendo como atribui\u00e7\u00f5es: a) apreciar e deliberar sobre as sugest\u00f5es apresentadas pelos docentes e pelos discentes quanto aos assuntos de interesse do&#8230;<\/p>\n","protected":false},"author":824,"featured_media":0,"parent":1582,"menu_order":2,"comment_status":"open","ping_status":"open","template":"","meta":{"inline_featured_image":false,"ngg_post_thumbnail":0,"footnotes":""},"class_list":["post-909","page","type-page","status-publish","hentry","entry"],"_links":{"self":[{"href":"https:\/\/www2.unifap.br\/indigena\/wp-json\/wp\/v2\/pages\/909","targetHints":{"allow":["GET"]}}],"collection":[{"href":"https:\/\/www2.unifap.br\/indigena\/wp-json\/wp\/v2\/pages"}],"about":[{"href":"https:\/\/www2.unifap.br\/indigena\/wp-json\/wp\/v2\/types\/page"}],"author":[{"embeddable":true,"href":"https:\/\/www2.unifap.br\/indigena\/wp-json\/wp\/v2\/users\/824"}],"replies":[{"embeddable":true,"href":"https:\/\/www2.unifap.br\/indigena\/wp-json\/wp\/v2\/comments?post=909"}],"version-history":[{"count":39,"href":"https:\/\/www2.unifap.br\/indigena\/wp-json\/wp\/v2\/pages\/909\/revisions"}],"predecessor-version":[{"id":3222,"href":"https:\/\/www2.unifap.br\/indigena\/wp-json\/wp\/v2\/pages\/909\/revisions\/3222"}],"up":[{"embeddable":true,"href":"https:\/\/www2.unifap.br\/indigena\/wp-json\/wp\/v2\/pages\/1582"}],"wp:attachment":[{"href":"https:\/\/www2.unifap.br\/indigena\/wp-json\/wp\/v2\/media?parent=909"}],"curies":[{"name":"wp","href":"https:\/\/api.w.org\/{rel}","templated":true}]}}