{"id":204,"date":"2026-01-21T17:09:51","date_gmt":"2026-01-21T20:09:51","guid":{"rendered":"https:\/\/www2.unifap.br\/lgpd\/?page_id=204"},"modified":"2026-01-28T11:44:56","modified_gmt":"2026-01-28T14:44:56","slug":"home","status":"publish","type":"page","link":"https:\/\/www2.unifap.br\/lgpd\/","title":{"rendered":"home"},"content":{"rendered":"\t\t<div data-elementor-type=\"wp-page\" data-elementor-id=\"204\" class=\"elementor elementor-204\">\n\t\t\t\t<div class=\"elementor-element elementor-element-451fc4e e-flex e-con-boxed e-con e-parent\" data-id=\"451fc4e\" data-element_type=\"container\" data-e-type=\"container\">\n\t\t\t\t\t<div class=\"e-con-inner\">\n\t\t\t\t<div class=\"elementor-element elementor-element-08b70cb elementor-widget elementor-widget-image\" data-id=\"08b70cb\" data-element_type=\"widget\" data-e-type=\"widget\" data-widget_type=\"image.default\">\n\t\t\t\t\t\t\t\t\t\t\t\t\t\t\t<img fetchpriority=\"high\" decoding=\"async\" width=\"1920\" height=\"1080\" src=\"https:\/\/www2.unifap.br\/lgpd\/files\/2026\/01\/LGPD-UNIFAP.jpg\" class=\"attachment-full size-full wp-image-247\" alt=\"\" srcset=\"https:\/\/www2.unifap.br\/lgpd\/files\/2026\/01\/LGPD-UNIFAP.jpg 1920w, https:\/\/www2.unifap.br\/lgpd\/files\/2026\/01\/LGPD-UNIFAP-300x169.jpg 300w, https:\/\/www2.unifap.br\/lgpd\/files\/2026\/01\/LGPD-UNIFAP-1024x576.jpg 1024w, https:\/\/www2.unifap.br\/lgpd\/files\/2026\/01\/LGPD-UNIFAP-768x432.jpg 768w, https:\/\/www2.unifap.br\/lgpd\/files\/2026\/01\/LGPD-UNIFAP-1536x864.jpg 1536w, https:\/\/www2.unifap.br\/lgpd\/files\/2026\/01\/LGPD-UNIFAP-800x450.jpg 800w\" sizes=\"(max-width: 1920px) 100vw, 1920px\" \/>\t\t\t\t\t\t\t\t\t\t\t\t\t\t\t<\/div>\n\t\t\t\t<div class=\"elementor-element elementor-element-a826d69 elementor-widget elementor-widget-heading\" data-id=\"a826d69\" data-element_type=\"widget\" data-e-type=\"widget\" data-widget_type=\"heading.default\">\n\t\t\t\t\t<h1 class=\"elementor-heading-title elementor-size-default\">LGPD na UNIFAP<\/h1>\t\t\t\t<\/div>\n\t\t\t\t<div class=\"elementor-element elementor-element-4371d56 elementor-widget elementor-widget-text-editor\" data-id=\"4371d56\" data-element_type=\"widget\" data-e-type=\"widget\" data-widget_type=\"text-editor.default\">\n\t\t\t\t\t\t\t\t\t<p data-path-to-node=\"2,0\">Para garantir o direito \u00e0 privacidade e \u00e0 prote\u00e7\u00e3o de dados pessoais, a Universidade Federal do Amap\u00e1 (UNIFAP) institui sua Pol\u00edtica de Privacidade e Prote\u00e7\u00e3o de Dados Pessoais. Esta iniciativa visa dar cumprimento ao direito fundamental assegurado pelo Art. 5\u00ba, inciso LXXIX, da Constitui\u00e7\u00e3o Federal, que garante a prote\u00e7\u00e3o de dados pessoais, inclusive nos meios digitais. Al\u00e9m disso, a pol\u00edtica fundamenta-se na Lei Geral de Prote\u00e7\u00e3o de Dados Pessoais (LGPD) e na Pol\u00edtica de Seguran\u00e7a da Informa\u00e7\u00e3o (PSI) da institui\u00e7\u00e3o.<\/p><p data-path-to-node=\"2,1\">A implementa\u00e7\u00e3o desta pol\u00edtica \u00e9 parte integrante do plano de a\u00e7\u00e3o elaborado pelo Grupo de Trabalho respons\u00e1vel pelo mapeamento de conformidade. O objetivo \u00e9 adequar atividades, rotinas, documentos e sistemas da UNIFAP aos ditames legais, assegurando a prote\u00e7\u00e3o dos dados da comunidade acad\u00eamica e dos usu\u00e1rios. Com isso, a institui\u00e7\u00e3o busca evitar san\u00e7\u00f5es e fortalecer a confian\u00e7a junto \u00e0 sociedade.<\/p><p data-path-to-node=\"2,2\"><b data-path-to-node=\"2,2\" data-index-in-node=\"0\">Apresentamos, logo abaixo, a linha do tempo detalhando as etapas de adequa\u00e7\u00e3o da UNIFAP \u00e0 LGPD:<\/b><\/p>\t\t\t\t\t\t\t\t<\/div>\n\t\t\t\t<div class=\"elementor-element elementor-element-5a6d680 elementor-widget elementor-widget-heading\" data-id=\"5a6d680\" data-element_type=\"widget\" data-e-type=\"widget\" data-widget_type=\"heading.default\">\n\t\t\t\t\t<h2 class=\"elementor-heading-title elementor-size-default\">Linha do Tempo Adequa\u00e7\u00e3o LGPD<\/h2>\t\t\t\t<\/div>\n\t\t\t\t<div class=\"elementor-element elementor-element-72d27e9 elementor-widget elementor-widget-eael-post-timeline\" data-id=\"72d27e9\" data-element_type=\"widget\" data-e-type=\"widget\" data-widget_type=\"eael-post-timeline.default\">\n\t\t\t\t\t<div id=\"eael-post-timeline-72d27e9\" class=\"eael-post-timeline timeline-layout-card eael-post-timeline-arrow-top\">\n            <div class=\"eael-post-timeline eael-post-appender eael-post-appender-72d27e9\"><article class=\"eael-timeline-post\">\n    <div class=\"eael-timeline-bullet\"><\/div>\n    <div class=\"eael-timeline-post-inner\">\n        <a class=\"eael-timeline-post-link\" href=\"https:\/\/www2.unifap.br\/lgpd\/2026\/01\/21\/unifap-aprova-politica-de-privacidade-e-protecao-de-dados-pessoais-portaria-no-0202-2026\/\" title=\"UNIFAP Aprova Pol\u00edtica de Privacidade e Prote\u00e7\u00e3o de Dados Pessoais (Portaria n\u00ba 0202\/2026)\">\n            <time datetime=\"21 de janeiro de 2026\">21 de janeiro de 2026<\/time>\n            <div class=\"eael-timeline-post-image\" style=\"background-image: url(https:\/\/www2.unifap.br\/lgpd\/files\/2026\/01\/LGPD-UNIFAP.jpeg)\"><\/div><div class=\"eael-timeline-content\"><div class=\"eael-timeline-post-title\">\n\t\t                    <h2 class=\"eael-timeline-post-title-text\">UNIFAP Aprova Pol\u00edtica de Privacidade e Prote\u00e7\u00e3o de Dados Pessoais (Portaria n\u00ba 0202\/2026)<\/h2>\n\t\t                <\/div><div class=\"eael-timeline-post-excerpt\"><p>A Reitoria da Universidade Federal do Amap\u00e1 deu um passo...<\/p><\/div><\/div><\/a>\n    <\/div>\n    <div class=\"eael-timeline-clear\"><\/div>\n<\/article><article class=\"eael-timeline-post\">\n    <div class=\"eael-timeline-bullet\"><\/div>\n    <div class=\"eael-timeline-post-inner\">\n        <a class=\"eael-timeline-post-link\" href=\"https:\/\/www2.unifap.br\/lgpd\/2025\/05\/29\/portaria-no-0970-2025-designar-_-_encarregado-de-dados-pessoais_eziquiel-da-luz\/\" title=\"PORTARIA N\u00ba 0970\/2025 &#8211; Designar _ _Encarregado de Dados Pessoais_EZIQUIEL DA LUZ\">\n            <time datetime=\"29 de maio de 2025\">29 de maio de 2025<\/time>\n            <div class=\"eael-timeline-post-image\" style=\"background-image: url(https:\/\/www2.unifap.br\/lgpd\/files\/2025\/05\/LGPD-PORTARIA-0970_2025.jpeg)\"><\/div><div class=\"eael-timeline-content\"><div class=\"eael-timeline-post-title\">\n\t\t                    <h2 class=\"eael-timeline-post-title-text\">PORTARIA N\u00ba 0970\/2025 &#8211; Designar _ _Encarregado de Dados Pessoais_EZIQUIEL DA LUZ<\/h2>\n\t\t                <\/div><div class=\"eael-timeline-post-excerpt\"><p>Em cumprimento \u00e0 Lei Geral de Prote\u00e7\u00e3o de Dados Pessoais...<\/p><\/div><\/div><\/a>\n    <\/div>\n    <div class=\"eael-timeline-clear\"><\/div>\n<\/article><article class=\"eael-timeline-post\">\n    <div class=\"eael-timeline-bullet\"><\/div>\n    <div class=\"eael-timeline-post-inner\">\n        <a class=\"eael-timeline-post-link\" href=\"https:\/\/www2.unifap.br\/lgpd\/2025\/05\/29\/portaria-no-0965-2025-comissao-de-implantacao-da-politica-da-lgpd\/\" title=\"PORTARIA N\u00ba 0965\/2025 &#8211; Comiss\u00e3o de implanta\u00e7\u00e3o da pol\u00edtica da LGPD\">\n            <time datetime=\"29 de maio de 2025\">29 de maio de 2025<\/time>\n            <div class=\"eael-timeline-post-image\" style=\"background-image: url(https:\/\/www2.unifap.br\/lgpd\/files\/2025\/05\/LGPD-PORTARIA-0965.jpeg)\"><\/div><div class=\"eael-timeline-content\"><div class=\"eael-timeline-post-title\">\n\t\t                    <h2 class=\"eael-timeline-post-title-text\">PORTARIA N\u00ba 0965\/2025 &#8211; Comiss\u00e3o de implanta\u00e7\u00e3o da pol\u00edtica da LGPD<\/h2>\n\t\t                <\/div><div class=\"eael-timeline-post-excerpt\"><p>A Portaria n\u00ba 0965\/2025 da Universidade Federal do Amap\u00e1 (UNIFAP)...<\/p><\/div><\/div><\/a>\n    <\/div>\n    <div class=\"eael-timeline-clear\"><\/div>\n<\/article><article class=\"eael-timeline-post\">\n    <div class=\"eael-timeline-bullet\"><\/div>\n    <div class=\"eael-timeline-post-inner\">\n        <a class=\"eael-timeline-post-link\" href=\"https:\/\/www2.unifap.br\/lgpd\/2023\/10\/20\/portaria-no-1850-2023-elaboracao-da-politica-institucional-de-protecao-de-dados-da-unifap\/\" title=\"PORTARIA N\u00ba 1850\/2023 &#8211; elabora\u00e7\u00e3o da Pol\u00edtica Institucional de Prote\u00e7\u00e3o de Dados da UNIFAP\">\n            <time datetime=\"20 de outubro de 2023\">20 de outubro de 2023<\/time>\n            <div class=\"eael-timeline-post-image\" style=\"background-image: url(https:\/\/www2.unifap.br\/lgpd\/files\/2023\/10\/LGPD-PORTARIA-1853_2023.jpeg)\"><\/div><div class=\"eael-timeline-content\"><div class=\"eael-timeline-post-title\">\n\t\t                    <h2 class=\"eael-timeline-post-title-text\">PORTARIA N\u00ba 1850\/2023 &#8211; elabora\u00e7\u00e3o da Pol\u00edtica Institucional de Prote\u00e7\u00e3o de Dados da UNIFAP<\/h2>\n\t\t                <\/div><div class=\"eael-timeline-post-excerpt\"><p>A elabora\u00e7\u00e3o da Pol\u00edtica Institucional de Prote\u00e7\u00e3o de Dados da...<\/p><\/div><\/div><\/a>\n    <\/div>\n    <div class=\"eael-timeline-clear\"><\/div>\n<\/article><\/div>\n\t\t<\/div>            <div class=\"eael-load-more-button-wrap eael-force-hide\">\n                <button class=\"eael-load-more-button\" id=\"eael-load-more-btn-72d27e9\" data-widget-id=\"72d27e9\" data-widget=\"72d27e9\" data-page-id=\"204\" data-template=\"{&quot;dir&quot;:&quot;lite&quot;,&quot;file_name&quot;:&quot;card.php&quot;,&quot;name&quot;:&quot;Post-Timeline&quot;}\" data-class=\"Essential_Addons_Elementor\\Elements\\Post_Timeline\" data-layout=\"\" data-page=\"1\" data-args=\"orderby=date&amp;order=desc&amp;ignore_sticky_posts=1&amp;post_status=publish&amp;posts_per_page=4&amp;offset=0&amp;post_type=post&amp;tax_query%5B0%5D%5Btaxonomy%5D=category&amp;tax_query%5B0%5D%5Bfield%5D=term_id&amp;tax_query%5B0%5D%5Bterms%5D%5B0%5D=3&amp;tax_query%5Brelation%5D=AND\" data-max-page=\"2\">\n                    <span class=\"eael-btn-loader button__loader\"><\/span>\n                    <span class=\"eael_load_more_text\"><\/span>\n                <\/button>\n            <\/div>\n            \t\t\t\t<\/div>\n\t\t\t\t<div class=\"elementor-element elementor-element-4113b30 elementor-widget elementor-widget-heading\" data-id=\"4113b30\" data-element_type=\"widget\" data-e-type=\"widget\" data-widget_type=\"heading.default\">\n\t\t\t\t\t<h2 class=\"elementor-heading-title elementor-size-default\"><a href=\"https:\/\/www2.unifap.br\/lgpd\/encarregado-dpo\/\">DPO<\/a><\/h2>\t\t\t\t<\/div>\n\t\t\t\t<div class=\"elementor-element elementor-element-d3325a1 elementor-widget elementor-widget-text-editor\" data-id=\"d3325a1\" data-element_type=\"widget\" data-e-type=\"widget\" data-widget_type=\"text-editor.default\">\n\t\t\t\t\t\t\t\t\t<p data-path-to-node=\"4\">O Encarregado \u00e9 o <b data-path-to-node=\"4\" data-index-in-node=\"18\">elo de liga\u00e7\u00e3o<\/b> entre a UNIFAP, os titulares dos dados (alunos, professores, servidores e comunidade) e a Autoridade Nacional de Prote\u00e7\u00e3o de Dados (ANPD).<\/p><h3 data-path-to-node=\"5\">Principais Responsabilidades:<\/h3><ul><li data-path-to-node=\"6,0,0\"><b data-path-to-node=\"6,0,0\" data-index-in-node=\"0\">Aceitar Reclama\u00e7\u00f5es:<\/b> Receber comunica\u00e7\u00f5es dos titulares, prestar esclarecimentos e adotar provid\u00eancias.<\/li><li data-path-to-node=\"6,1,0\"><b data-path-to-node=\"6,1,0\" data-index-in-node=\"0\">Orienta\u00e7\u00e3o Interna:<\/b> Orientar os funcion\u00e1rios e contratados da institui\u00e7\u00e3o sobre as pr\u00e1ticas de prote\u00e7\u00e3o de dados.<\/li><li data-path-to-node=\"6,2,0\"><b data-path-to-node=\"6,2,0\" data-index-in-node=\"0\">Intermedia\u00e7\u00e3o:<\/b> Atuar como canal oficial com o Governo Federal (ANPD) em caso de incidentes ou fiscaliza\u00e7\u00f5es.<\/li><li data-path-to-node=\"6,3,0\"><b data-path-to-node=\"6,3,0\" data-index-in-node=\"0\">Conformidade:<\/b> Garantir que a UNIFAP siga rigorosamente a Lei n\u00ba 13.709\/2018 (LGPD).<\/li><\/ul><h3 data-path-to-node=\"7\">Informa\u00e7\u00f5es de Contato na UNIFAP:<\/h3><p data-path-to-node=\"8\">Se voc\u00ea tiver d\u00favidas sobre como seus dados s\u00e3o usados, quiser exercer seus direitos (como acesso ou corre\u00e7\u00e3o de dados) ou relatar uma irregularidade, utilize os dados abaixo:<\/p><ul><li data-path-to-node=\"9,0,0\"><b data-path-to-node=\"9,0,0\" data-index-in-node=\"0\">Respons\u00e1vel:<\/b> Eziquiel da Luz Silva<\/li><li data-path-to-node=\"9,1,0\"><b data-path-to-node=\"9,1,0\" data-index-in-node=\"0\">E-mail:<\/b> <code data-path-to-node=\"9,1,0\" data-index-in-node=\"8\">encarregado.lgpd@unifap.br<\/code><\/li><li data-path-to-node=\"9,2,0\"><b data-path-to-node=\"9,2,0\" data-index-in-node=\"0\">Base Legal:<\/b> Portaria n\u00ba 0970\/2025<\/li><\/ul>\t\t\t\t\t\t\t\t<\/div>\n\t\t\t\t<div class=\"elementor-element elementor-element-5cda99f elementor-widget elementor-widget-heading\" data-id=\"5cda99f\" data-element_type=\"widget\" data-e-type=\"widget\" data-widget_type=\"heading.default\">\n\t\t\t\t\t<h2 class=\"elementor-heading-title elementor-size-default\"><a href=\"https:\/\/www2.unifap.br\/lgpd\/encarregado-dpo\/\">COMISS\u00c3O DE IMPLEMTA\u00c7\u00c3O DA LGPD<\/a><\/h2>\t\t\t\t<\/div>\n\t\t\t\t<div class=\"elementor-element elementor-element-2cb02c1 elementor-widget elementor-widget-text-editor\" data-id=\"2cb02c1\" data-element_type=\"widget\" data-e-type=\"widget\" data-widget_type=\"text-editor.default\">\n\t\t\t\t\t\t\t\t\t<p data-path-to-node=\"4\">Para garantir que a Universidade Federal do Amap\u00e1 esteja plenamente adequada \u00e0s diretrizes de prote\u00e7\u00e3o e privacidade de dados, foi institu\u00edda uma equipe multidisciplinar respons\u00e1vel pela governan\u00e7a da LGPD no \u00e2mbito da institui\u00e7\u00e3o.<\/p>\n\n<h4 data-path-to-node=\"5\"><b data-path-to-node=\"5\" data-index-in-node=\"0\">Portaria de Nomea\u00e7\u00e3o: N\u00ba 0965\/2025<\/b><\/h4>\n<p data-path-to-node=\"6\"><i data-path-to-node=\"6\" data-index-in-node=\"0\">Publicada em 29\/05\/2025<\/i><\/p>\n<p data-path-to-node=\"7\">Esta portaria institui a comiss\u00e3o encarregada de planejar, executar e fiscalizar as pol\u00edticas de prote\u00e7\u00e3o de dados pessoais na UNIFAP, trabalhando em conjunto com o Encarregado de Dados.<\/p>\n\n<h4 data-path-to-node=\"8\"><b data-path-to-node=\"8\" data-index-in-node=\"0\">Membros da Comiss\u00e3o:<\/b><\/h4>\n<table data-path-to-node=\"9\">\n<thead>\n<tr>\n<td><strong>Ordem<\/strong><\/td>\n<td><strong>SIAPE<\/strong><\/td>\n<td><strong>Servidor<\/strong><\/td>\n<\/tr>\n<\/thead>\n<tbody>\n<tr>\n<td><span data-path-to-node=\"9,1,0,0\"><b data-path-to-node=\"9,1,0,0\" data-index-in-node=\"0\">1<\/b><\/span><\/td>\n<td><span data-path-to-node=\"9,1,1,0\">2127263<\/span><\/td>\n<td><span data-path-to-node=\"9,1,2,0\"><b data-path-to-node=\"9,1,2,0\" data-index-in-node=\"0\">EZIQUIEL DA LUZ SILVA<\/b><\/span><\/td>\n<\/tr>\n<tr>\n<td><span data-path-to-node=\"9,2,0,0\"><b data-path-to-node=\"9,2,0,0\" data-index-in-node=\"0\">2<\/b><\/span><\/td>\n<td><span data-path-to-node=\"9,2,1,0\">2438435<\/span><\/td>\n<td><span data-path-to-node=\"9,2,2,0\"><b data-path-to-node=\"9,2,2,0\" data-index-in-node=\"0\">ITALORRAN DE OLIVEIRA CALDAS<\/b><\/span><\/td>\n<\/tr>\n<tr>\n<td><span data-path-to-node=\"9,3,0,0\"><b data-path-to-node=\"9,3,0,0\" data-index-in-node=\"0\">3<\/b><\/span><\/td>\n<td><span data-path-to-node=\"9,3,1,0\">3058012<\/span><\/td>\n<td><span data-path-to-node=\"9,3,2,0\"><b data-path-to-node=\"9,3,2,0\" data-index-in-node=\"0\">RENATO ARAUJO DA SILVA<\/b><\/span><\/td>\n<\/tr>\n<tr>\n<td><span data-path-to-node=\"9,4,0,0\"><b data-path-to-node=\"9,4,0,0\" data-index-in-node=\"0\">4<\/b><\/span><\/td>\n<td><span data-path-to-node=\"9,4,1,0\">2118391<\/span><\/td>\n<td><span data-path-to-node=\"9,4,2,0\"><b data-path-to-node=\"9,4,2,0\" data-index-in-node=\"0\">MANOELLE DA SILVA SILVA<\/b><\/span><\/td>\n<\/tr>\n<tr>\n<td><span data-path-to-node=\"9,5,0,0\"><b data-path-to-node=\"9,5,0,0\" data-index-in-node=\"0\">5<\/b><\/span><\/td>\n<td><span data-path-to-node=\"9,5,1,0\">2120236<\/span><\/td>\n<td><span data-path-to-node=\"9,5,2,0\"><b data-path-to-node=\"9,5,2,0\" data-index-in-node=\"0\">ISAN DA COSTA OLIVEIRA JUNIOR<\/b><\/span><\/td>\n<\/tr>\n<\/tbody>\n<\/table>\t\t\t\t\t\t\t\t<\/div>\n\t\t\t\t<div class=\"elementor-element elementor-element-d04a0f5 elementor-widget elementor-widget-contentviews_widget_grid1\" data-id=\"d04a0f5\" data-element_type=\"widget\" data-e-type=\"widget\" data-widget_type=\"contentviews_widget_grid1.default\">\n\t\t\t\t<div class=\"elementor-widget-container\">\n\t\t\t\t\t<div class='pt-cv-wrapper'> <h1 class='pt-cv-heading-container heading1' data-blockid='d04a0f5'><span class='pt-cv-heading'> Not\u00edcias sobre LGPD <\/span><\/h1><div class=\"pt-cv-view pt-cv-blockgrid iscvblock iscvelementor grid1 layout1\" id=\"pt-cv-view-d04a0f5\"><div data-id=\"pt-cv-page-1\" class=\"pt-cv-page\" data-cvc=\"3\"><div class=\" pt-cv-content-item pt-cv-1-col\" ><div class=\"pt-cv-thumb-wrapper  \"><a href=\"https:\/\/www2.unifap.br\/lgpd\/2026\/01\/21\/unifap-aprova-politica-de-privacidade-e-protecao-de-dados-pessoais-portaria-no-0202-2026\/\" class=\"_self pt-cv-href-thumbnail pt-cv-thumb-default\" target=\"_self\" ><img decoding=\"async\" width=\"1024\" height=\"853\" src=\"https:\/\/www2.unifap.br\/lgpd\/files\/2026\/01\/LGPD-UNIFAP-1024x853.jpeg\" class=\"pt-cv-thumbnail\" alt=\"\" \/><\/a><\/div>\n<div class=\"pt-cv-taxoterm above_title\"><a href='https:\/\/www2.unifap.br\/lgpd\/category\/normativo-interno\/' title='NORMATIVO INTERNO' class='pt-cv-tax-normativo-interno'>NORMATIVO INTERNO<\/a><\/div>\n<h4 class=\"pt-cv-title\"><a href=\"https:\/\/www2.unifap.br\/lgpd\/2026\/01\/21\/unifap-aprova-politica-de-privacidade-e-protecao-de-dados-pessoais-portaria-no-0202-2026\/\" class=\"_self\" target=\"_self\" >UNIFAP Aprova Pol\u00edtica de Privacidade e Prote\u00e7\u00e3o de Dados Pessoais (Portaria n\u00ba 0202\/2026)<\/a><\/h4>\n<div class=\"pt-cv-content\">A Reitoria da Universidade Federal do Amap\u00e1 deu um passo decisivo para a seguran\u00e7a da informa\u00e7\u00e3o institucional. Atrav\u00e9s da Portaria ...<\/div>\n<div class=\"pt-cv-rmwrap\"><a href=\"https:\/\/www2.unifap.br\/lgpd\/2026\/01\/21\/unifap-aprova-politica-de-privacidade-e-protecao-de-dados-pessoais-portaria-no-0202-2026\/\" class=\"_self pt-cv-readmore btn btn-success\" target=\"_self\" >Leia Mais<\/a><\/div>\n<div class=\"pt-cv-meta-fields\"><span class=\"entry-date\"> <time datetime=\"2026-01-21T11:28:17-03:00\">21 de janeiro de 2026<\/time><\/span><span> \/ <\/span><span class=\"author\"> <a href=\"https:\/\/www2.unifap.br\/lgpd\/author\/eziquiel\/\" rel=\"author\">Eziquiel da Luz Silva<\/a><\/span><\/div><\/div>\n<div class=\" pt-cv-content-item pt-cv-1-col\" ><div class=\"pt-cv-thumb-wrapper  \"><a href=\"https:\/\/www2.unifap.br\/lgpd\/2026\/01\/03\/unifap-avanca-na-conformidade-com-a-lgpd-comissao-finaliza-primeira-etapa-e-define-normativa-interna\/\" class=\"_self pt-cv-href-thumbnail pt-cv-thumb-default\" target=\"_self\" ><img decoding=\"async\" width=\"786\" height=\"255\" src=\"https:\/\/www2.unifap.br\/lgpd\/files\/2026\/01\/BANNER.jpeg\" class=\"pt-cv-thumbnail\" alt=\"\" \/><\/a><\/div>\n<div class=\"pt-cv-taxoterm above_title\"><a href='https:\/\/www2.unifap.br\/lgpd\/category\/informes\/' title='informes' class='pt-cv-tax-informes'>informes<\/a><\/div>\n<h4 class=\"pt-cv-title\"><a href=\"https:\/\/www2.unifap.br\/lgpd\/2026\/01\/03\/unifap-avanca-na-conformidade-com-a-lgpd-comissao-finaliza-primeira-etapa-e-define-normativa-interna\/\" class=\"_self\" target=\"_self\" >UNIFAP avan\u00e7a na conformidade com a LGPD: Comiss\u00e3o finaliza primeira etapa e define normativa interna<\/a><\/h4>\n<div class=\"pt-cv-content\">A Universidade Federal do Amap\u00e1 d\u00e1 um passo decisivo na prote\u00e7\u00e3o de dados pessoais com a conclus\u00e3o da minuta que ...<\/div>\n<div class=\"pt-cv-rmwrap\"><a href=\"https:\/\/www2.unifap.br\/lgpd\/2026\/01\/03\/unifap-avanca-na-conformidade-com-a-lgpd-comissao-finaliza-primeira-etapa-e-define-normativa-interna\/\" class=\"_self pt-cv-readmore btn btn-success\" target=\"_self\" >Leia Mais<\/a><\/div>\n<div class=\"pt-cv-meta-fields\"><span class=\"entry-date\"> <time datetime=\"2026-01-03T16:48:23-03:00\">3 de janeiro de 2026<\/time><\/span><span> \/ <\/span><span class=\"author\"> <a href=\"https:\/\/www2.unifap.br\/lgpd\/author\/eziquiel\/\" rel=\"author\">Eziquiel da Luz Silva<\/a><\/span><\/div><\/div>\n<div class=\" pt-cv-content-item pt-cv-1-col\" ><div class=\"pt-cv-thumb-wrapper  \"><a href=\"https:\/\/www2.unifap.br\/lgpd\/2025\/05\/29\/portaria-no-0970-2025-designar-_-_encarregado-de-dados-pessoais_eziquiel-da-luz\/\" class=\"_self pt-cv-href-thumbnail pt-cv-thumb-default\" target=\"_self\" ><img loading=\"lazy\" decoding=\"async\" width=\"1024\" height=\"576\" src=\"https:\/\/www2.unifap.br\/lgpd\/files\/2025\/05\/LGPD-PORTARIA-0970_2025-1024x576.jpeg\" class=\"pt-cv-thumbnail\" alt=\"\" \/><\/a><\/div>\n<div class=\"pt-cv-taxoterm above_title\"><a href='https:\/\/www2.unifap.br\/lgpd\/category\/normativo-interno\/' title='NORMATIVO INTERNO' class='pt-cv-tax-normativo-interno'>NORMATIVO INTERNO<\/a><\/div>\n<h4 class=\"pt-cv-title\"><a href=\"https:\/\/www2.unifap.br\/lgpd\/2025\/05\/29\/portaria-no-0970-2025-designar-_-_encarregado-de-dados-pessoais_eziquiel-da-luz\/\" class=\"_self\" target=\"_self\" >PORTARIA N\u00ba 0970\/2025 &#8211; Designar _ _Encarregado de Dados Pessoais_EZIQUIEL DA LUZ<\/a><\/h4>\n<div class=\"pt-cv-content\">Em cumprimento \u00e0 Lei Geral de Prote\u00e7\u00e3o de Dados Pessoais (LGPD), Lei n\u00ba 13.709\/2018, e refor\u00e7ando o compromisso da Universidade ...<\/div>\n<div class=\"pt-cv-rmwrap\"><a href=\"https:\/\/www2.unifap.br\/lgpd\/2025\/05\/29\/portaria-no-0970-2025-designar-_-_encarregado-de-dados-pessoais_eziquiel-da-luz\/\" class=\"_self pt-cv-readmore btn btn-success\" target=\"_self\" >Leia Mais<\/a><\/div>\n<div class=\"pt-cv-meta-fields\"><span class=\"entry-date\"> <time datetime=\"2025-05-29T11:08:31-03:00\">29 de maio de 2025<\/time><\/span><span> \/ <\/span><span class=\"author\"> <a href=\"https:\/\/www2.unifap.br\/lgpd\/author\/eziquiel\/\" rel=\"author\">Eziquiel da Luz Silva<\/a><\/span><\/div><\/div>\n<div class=\" pt-cv-content-item pt-cv-1-col\" ><div class=\"pt-cv-thumb-wrapper  \"><a href=\"https:\/\/www2.unifap.br\/lgpd\/2025\/05\/29\/portaria-no-0965-2025-comissao-de-implantacao-da-politica-da-lgpd\/\" class=\"_self pt-cv-href-thumbnail pt-cv-thumb-default\" target=\"_self\" ><img loading=\"lazy\" decoding=\"async\" width=\"1024\" height=\"576\" src=\"https:\/\/www2.unifap.br\/lgpd\/files\/2025\/05\/LGPD-PORTARIA-0965-1024x576.jpeg\" class=\"pt-cv-thumbnail\" alt=\"\" \/><\/a><\/div>\n<div class=\"pt-cv-taxoterm above_title\"><a href='https:\/\/www2.unifap.br\/lgpd\/category\/normativo-interno\/' title='NORMATIVO INTERNO' class='pt-cv-tax-normativo-interno'>NORMATIVO INTERNO<\/a><\/div>\n<h4 class=\"pt-cv-title\"><a href=\"https:\/\/www2.unifap.br\/lgpd\/2025\/05\/29\/portaria-no-0965-2025-comissao-de-implantacao-da-politica-da-lgpd\/\" class=\"_self\" target=\"_self\" >PORTARIA N\u00ba 0965\/2025 &#8211; Comiss\u00e3o de implanta\u00e7\u00e3o da pol\u00edtica da LGPD<\/a><\/h4>\n<div class=\"pt-cv-content\">A Portaria n\u00ba 0965\/2025 da Universidade Federal do Amap\u00e1 (UNIFAP) representa um avan\u00e7o estrat\u00e9gico na jornada de conformidade com a ...<\/div>\n<div class=\"pt-cv-rmwrap\"><a href=\"https:\/\/www2.unifap.br\/lgpd\/2025\/05\/29\/portaria-no-0965-2025-comissao-de-implantacao-da-politica-da-lgpd\/\" class=\"_self pt-cv-readmore btn btn-success\" target=\"_self\" >Leia Mais<\/a><\/div>\n<div class=\"pt-cv-meta-fields\"><span class=\"entry-date\"> <time datetime=\"2025-05-29T11:01:29-03:00\">29 de maio de 2025<\/time><\/span><span> \/ <\/span><span class=\"author\"> <a href=\"https:\/\/www2.unifap.br\/lgpd\/author\/eziquiel\/\" rel=\"author\">Eziquiel da Luz Silva<\/a><\/span><\/div><\/div>\n<div class=\" pt-cv-content-item pt-cv-1-col\" ><div class=\"pt-cv-thumb-wrapper  \"><a href=\"https:\/\/www2.unifap.br\/lgpd\/2023\/10\/20\/portaria-no-1850-2023-elaboracao-da-politica-institucional-de-protecao-de-dados-da-unifap\/\" class=\"_self pt-cv-href-thumbnail pt-cv-thumb-default\" target=\"_self\" ><img loading=\"lazy\" decoding=\"async\" width=\"1024\" height=\"576\" src=\"https:\/\/www2.unifap.br\/lgpd\/files\/2023\/10\/LGPD-PORTARIA-1853_2023-1024x576.jpeg\" class=\"pt-cv-thumbnail\" alt=\"\" \/><\/a><\/div>\n<div class=\"pt-cv-taxoterm above_title\"><a href='https:\/\/www2.unifap.br\/lgpd\/category\/normativo-interno\/' title='NORMATIVO INTERNO' class='pt-cv-tax-normativo-interno'>NORMATIVO INTERNO<\/a><\/div>\n<h4 class=\"pt-cv-title\"><a href=\"https:\/\/www2.unifap.br\/lgpd\/2023\/10\/20\/portaria-no-1850-2023-elaboracao-da-politica-institucional-de-protecao-de-dados-da-unifap\/\" class=\"_self\" target=\"_self\" >PORTARIA N\u00ba 1850\/2023 &#8211; elabora\u00e7\u00e3o da Pol\u00edtica Institucional de Prote\u00e7\u00e3o de Dados da UNIFAP<\/a><\/h4>\n<div class=\"pt-cv-content\">A elabora\u00e7\u00e3o da Pol\u00edtica Institucional de Prote\u00e7\u00e3o de Dados da UNIFAP representa um marco significativo na jornada da Universidade Federal ...<\/div>\n<div class=\"pt-cv-rmwrap\"><a href=\"https:\/\/www2.unifap.br\/lgpd\/2023\/10\/20\/portaria-no-1850-2023-elaboracao-da-politica-institucional-de-protecao-de-dados-da-unifap\/\" class=\"_self pt-cv-readmore btn btn-success\" target=\"_self\" >Leia Mais<\/a><\/div>\n<div class=\"pt-cv-meta-fields\"><span class=\"entry-date\"> <time datetime=\"2023-10-20T10:52:22-03:00\">20 de outubro de 2023<\/time><\/span><span> \/ <\/span><span class=\"author\"> <a href=\"https:\/\/www2.unifap.br\/lgpd\/author\/eziquiel\/\" rel=\"author\">Eziquiel da Luz Silva<\/a><\/span><\/div><\/div>\n<div class=\" pt-cv-content-item pt-cv-1-col\" ><div class=\"pt-cv-thumb-wrapper  \"><a href=\"https:\/\/www2.unifap.br\/lgpd\/2022\/04\/07\/portaria-no-0353-2022-nomeacao-dpo\/\" class=\"_self pt-cv-href-thumbnail pt-cv-thumb-default\" target=\"_self\" ><img loading=\"lazy\" decoding=\"async\" width=\"1024\" height=\"576\" src=\"https:\/\/www2.unifap.br\/lgpd\/files\/2022\/04\/PORTARIA-No-0353-2022-1024x576.jpeg\" class=\"pt-cv-thumbnail\" alt=\"\" \/><\/a><\/div>\n<div class=\"pt-cv-taxoterm above_title\"><a href='https:\/\/www2.unifap.br\/lgpd\/category\/normativo-interno\/' title='NORMATIVO INTERNO' class='pt-cv-tax-normativo-interno'>NORMATIVO INTERNO<\/a><\/div>\n<h4 class=\"pt-cv-title\"><a href=\"https:\/\/www2.unifap.br\/lgpd\/2022\/04\/07\/portaria-no-0353-2022-nomeacao-dpo\/\" class=\"_self\" target=\"_self\" >PORTARIA n\u00ba 0353\/2022 &#8211; Nomea\u00e7\u00e3o DPO<\/a><\/h4>\n<div class=\"pt-cv-content\">Este processo tratou da designa\u00e7\u00e3o de um servidor t\u00e9cnico-administrativo como Encarregado pelo Tratamento de Dados Pessoais da UNIFAP, conforme exig\u00eancia ...<\/div>\n<div class=\"pt-cv-rmwrap\"><a href=\"https:\/\/www2.unifap.br\/lgpd\/2022\/04\/07\/portaria-no-0353-2022-nomeacao-dpo\/\" class=\"_self pt-cv-readmore btn btn-success\" target=\"_self\" >Leia Mais<\/a><\/div>\n<div class=\"pt-cv-meta-fields\"><span class=\"entry-date\"> <time datetime=\"2022-04-07T10:50:04-03:00\">7 de abril de 2022<\/time><\/span><span> \/ <\/span><span class=\"author\"> <a href=\"https:\/\/www2.unifap.br\/lgpd\/author\/eziquiel\/\" rel=\"author\">Eziquiel da Luz Silva<\/a><\/span><\/div><\/div><\/div><\/div> <\/div> \t\t\t\t<\/div>\n\t\t\t\t<\/div>\n\t\t\t\t<div class=\"elementor-element elementor-element-93233e5 elementor-widget elementor-widget-google_maps\" data-id=\"93233e5\" data-element_type=\"widget\" data-e-type=\"widget\" data-widget_type=\"google_maps.default\">\n\t\t\t\t\t\t\t<div class=\"elementor-custom-embed\">\n\t\t\t<iframe loading=\"lazy\"\n\t\t\t\t\tsrc=\"https:\/\/maps.google.com\/maps?q=unversidade%20federal%20do%20amapa&#038;t=m&#038;z=15&#038;output=embed&#038;iwloc=near\"\n\t\t\t\t\ttitle=\"unversidade federal do amapa\"\n\t\t\t\t\taria-label=\"unversidade federal do amapa\"\n\t\t\t><\/iframe>\n\t\t<\/div>\n\t\t\t\t\t\t<\/div>\n\t\t\t\t<div class=\"elementor-element elementor-element-3cef7d6 elementor-icon-list--layout-inline elementor-align-center elementor-list-item-link-full_width elementor-widget elementor-widget-icon-list\" data-id=\"3cef7d6\" data-element_type=\"widget\" data-e-type=\"widget\" data-widget_type=\"icon-list.default\">\n\t\t\t\t\t\t\t<ul class=\"elementor-icon-list-items elementor-inline-items\">\n\t\t\t\t\t\t\t<li class=\"elementor-icon-list-item elementor-inline-item\">\n\t\t\t\t\t\t\t\t\t\t\t<a href=\"https:\/\/www2.unifap.br\/lgpd\/politica-de-privacidade-de-dados\/\">\n\n\t\t\t\t\t\t\t\t\t\t\t\t<span class=\"elementor-icon-list-icon\">\n\t\t\t\t\t\t\t<svg aria-hidden=\"true\" class=\"e-font-icon-svg e-fas-check\" viewBox=\"0 0 512 512\" xmlns=\"http:\/\/www.w3.org\/2000\/svg\"><path d=\"M173.898 439.404l-166.4-166.4c-9.997-9.997-9.997-26.206 0-36.204l36.203-36.204c9.997-9.998 26.207-9.998 36.204 0L192 312.69 432.095 72.596c9.997-9.997 26.207-9.997 36.204 0l36.203 36.204c9.997 9.997 9.997 26.206 0 36.204l-294.4 294.401c-9.998 9.997-26.207 9.997-36.204-.001z\"><\/path><\/svg>\t\t\t\t\t\t<\/span>\n\t\t\t\t\t\t\t\t\t\t<span class=\"elementor-icon-list-text\">POLITICA DE PRIVACIDADE<\/span>\n\t\t\t\t\t\t\t\t\t\t\t<\/a>\n\t\t\t\t\t\t\t\t\t<\/li>\n\t\t\t\t\t\t\t\t<li class=\"elementor-icon-list-item elementor-inline-item\">\n\t\t\t\t\t\t\t\t\t\t\t<a href=\"https:\/\/www2.unifap.br\/lgpd\/plano-de-adequacao\/\">\n\n\t\t\t\t\t\t\t\t\t\t\t\t<span class=\"elementor-icon-list-icon\">\n\t\t\t\t\t\t\t<svg aria-hidden=\"true\" class=\"e-font-icon-svg e-fas-check\" viewBox=\"0 0 512 512\" xmlns=\"http:\/\/www.w3.org\/2000\/svg\"><path d=\"M173.898 439.404l-166.4-166.4c-9.997-9.997-9.997-26.206 0-36.204l36.203-36.204c9.997-9.998 26.207-9.998 36.204 0L192 312.69 432.095 72.596c9.997-9.997 26.207-9.997 36.204 0l36.203 36.204c9.997 9.997 9.997 26.206 0 36.204l-294.4 294.401c-9.998 9.997-26.207 9.997-36.204-.001z\"><\/path><\/svg>\t\t\t\t\t\t<\/span>\n\t\t\t\t\t\t\t\t\t\t<span class=\"elementor-icon-list-text\">PLANO DE ADEQUA\u00c7\u00c3O<\/span>\n\t\t\t\t\t\t\t\t\t\t\t<\/a>\n\t\t\t\t\t\t\t\t\t<\/li>\n\t\t\t\t\t\t\t\t<li class=\"elementor-icon-list-item elementor-inline-item\">\n\t\t\t\t\t\t\t\t\t\t\t<a href=\"https:\/\/www2.unifap.br\/lgpd\/encarregado-dpo\/\">\n\n\t\t\t\t\t\t\t\t\t\t\t\t<span class=\"elementor-icon-list-icon\">\n\t\t\t\t\t\t\t<svg aria-hidden=\"true\" class=\"e-font-icon-svg e-fas-dot-circle\" viewBox=\"0 0 512 512\" xmlns=\"http:\/\/www.w3.org\/2000\/svg\"><path d=\"M256 8C119.033 8 8 119.033 8 256s111.033 248 248 248 248-111.033 248-248S392.967 8 256 8zm80 248c0 44.112-35.888 80-80 80s-80-35.888-80-80 35.888-80 80-80 80 35.888 80 80z\"><\/path><\/svg>\t\t\t\t\t\t<\/span>\n\t\t\t\t\t\t\t\t\t\t<span class=\"elementor-icon-list-text\">DPO<\/span>\n\t\t\t\t\t\t\t\t\t\t\t<\/a>\n\t\t\t\t\t\t\t\t\t<\/li>\n\t\t\t\t\t\t<\/ul>\n\t\t\t\t\t\t<\/div>\n\t\t\t\t\t<\/div>\n\t\t\t\t<\/div>\n\t\t\t\t<\/div>\n\t\t","protected":false},"excerpt":{"rendered":"<p>LGPD na UNIFAP Para garantir o direito \u00e0 privacidade e \u00e0 prote\u00e7\u00e3o de dados pessoais, a Universidade Federal do Amap\u00e1 (UNIFAP) institui sua Pol\u00edtica de Privacidade e Prote\u00e7\u00e3o de Dados Pessoais. Esta iniciativa visa dar cumprimento ao direito fundamental assegurado pelo Art. 5\u00ba, inciso LXXIX, da Constitui\u00e7\u00e3o Federal, que garante a prote\u00e7\u00e3o de dados pessoais,&#8230;<\/p>\n","protected":false},"author":527,"featured_media":0,"parent":0,"menu_order":0,"comment_status":"closed","ping_status":"closed","template":"","meta":{"inline_featured_image":false,"footnotes":""},"class_list":["post-204","page","type-page","status-publish","hentry","entry","has-media"],"_links":{"self":[{"href":"https:\/\/www2.unifap.br\/lgpd\/wp-json\/wp\/v2\/pages\/204","targetHints":{"allow":["GET"]}}],"collection":[{"href":"https:\/\/www2.unifap.br\/lgpd\/wp-json\/wp\/v2\/pages"}],"about":[{"href":"https:\/\/www2.unifap.br\/lgpd\/wp-json\/wp\/v2\/types\/page"}],"author":[{"embeddable":true,"href":"https:\/\/www2.unifap.br\/lgpd\/wp-json\/wp\/v2\/users\/527"}],"replies":[{"embeddable":true,"href":"https:\/\/www2.unifap.br\/lgpd\/wp-json\/wp\/v2\/comments?post=204"}],"version-history":[{"count":43,"href":"https:\/\/www2.unifap.br\/lgpd\/wp-json\/wp\/v2\/pages\/204\/revisions"}],"predecessor-version":[{"id":263,"href":"https:\/\/www2.unifap.br\/lgpd\/wp-json\/wp\/v2\/pages\/204\/revisions\/263"}],"wp:attachment":[{"href":"https:\/\/www2.unifap.br\/lgpd\/wp-json\/wp\/v2\/media?parent=204"}],"curies":[{"name":"wp","href":"https:\/\/api.w.org\/{rel}","templated":true}]}}