{"id":168,"date":"2015-11-12T18:05:39","date_gmt":"2015-11-12T18:05:39","guid":{"rendered":"http:\/\/www2.unifap.br\/pedagogia-oiapoque\/?page_id=168"},"modified":"2016-04-06T14:02:58","modified_gmt":"2016-04-06T14:02:58","slug":"matriz-curricular","status":"publish","type":"page","link":"https:\/\/www2.unifap.br\/pedagogia-oiapoque\/ensino\/matriz-curricular\/","title":{"rendered":"Matriz Curricular (Grade)"},"content":{"rendered":"<p>Conforme o Projeto Pedag\u00f3gico do Curso (PPC) de Licenciatura em Pedagogia do Campus Binacional Oiapoque vigente, foi elaborado o quadro abaixo:<\/p>\n<p><a href=\"http:\/\/www2.unifap.br\/pedagogia-oiapoque\/files\/2015\/11\/Quadro-de-disciplinas-Pedagogia.png\"><img fetchpriority=\"high\" decoding=\"async\" class=\"alignnone size-medium wp-image-120\" alt=\"Quadro de disciplinas (Pedagogia)\" src=\"http:\/\/www2.unifap.br\/pedagogia-oiapoque\/files\/2015\/11\/Quadro-de-disciplinas-Pedagogia-300x212.png\" width=\"300\" height=\"212\" srcset=\"https:\/\/www2.unifap.br\/pedagogia-oiapoque\/files\/2015\/11\/Quadro-de-disciplinas-Pedagogia-300x212.png 300w, https:\/\/www2.unifap.br\/pedagogia-oiapoque\/files\/2015\/11\/Quadro-de-disciplinas-Pedagogia-1024x725.png 1024w, https:\/\/www2.unifap.br\/pedagogia-oiapoque\/files\/2015\/11\/Quadro-de-disciplinas-Pedagogia.png 1038w\" sizes=\"(max-width: 300px) 100vw, 300px\" \/><\/a><\/p>\n<p>&nbsp;<\/p>\n<p>Detalhes sobre as mat\u00e9rias podem ser visualizadas tamb\u00e9m abaixo em seus respectivos semestres:<\/p>\n<table border=\"1\" cellspacing=\"0\" cellpadding=\"0\">\n<tbody>\n<tr>\n<td width=\"66\">\n<p align=\"center\"><b>Per\u00edodo<\/b><\/p>\n<\/td>\n<td width=\"67\">\n<p align=\"center\"><b>C\u00f3digo<\/b><\/p>\n<\/td>\n<td width=\"318\">\n<p align=\"center\"><b>Mat\u00e9ria<\/b><\/p>\n<\/td>\n<td width=\"52\">\n<p align=\"center\"><b>NF<\/b><\/p>\n<\/td>\n<td width=\"62\">\n<p align=\"center\"><b>Cr\u00e9dito<\/b><\/p>\n<\/td>\n<td width=\"39\">\n<p align=\"center\"><b>CH<\/b><\/p>\n<\/td>\n<\/tr>\n<tr>\n<td width=\"66\">\n<p align=\"center\">1<\/p>\n<\/td>\n<td width=\"67\">\n<p align=\"center\">ED1111<\/p>\n<\/td>\n<td width=\"318\">Hist\u00f3ria da Pedagogia<\/td>\n<td width=\"52\">\n<p align=\"center\">NEB<\/p>\n<\/td>\n<td width=\"62\">\n<p align=\"center\">6<\/p>\n<\/td>\n<td width=\"39\">\n<p align=\"center\">90<\/p>\n<\/td>\n<\/tr>\n<tr>\n<td width=\"66\">\n<p align=\"center\">1<\/p>\n<\/td>\n<td width=\"67\">\n<p align=\"center\">ED1112<\/p>\n<\/td>\n<td width=\"318\">Hist\u00f3ria da Educa\u00e7\u00e3o<\/td>\n<td width=\"52\">\n<p align=\"center\">NEB<\/p>\n<\/td>\n<td width=\"62\">\n<p align=\"center\">6<\/p>\n<\/td>\n<td width=\"39\">\n<p align=\"center\">90<\/p>\n<\/td>\n<\/tr>\n<tr>\n<td width=\"66\">\n<p align=\"center\">1<\/p>\n<\/td>\n<td width=\"67\">\n<p align=\"center\">ED1113<\/p>\n<\/td>\n<td width=\"318\">Sociologia da Educa\u00e7\u00e3o<\/td>\n<td width=\"52\">\n<p align=\"center\">NEB<\/p>\n<\/td>\n<td width=\"62\">\n<p align=\"center\">6<\/p>\n<\/td>\n<td width=\"39\">\n<p align=\"center\">90<\/p>\n<\/td>\n<\/tr>\n<tr>\n<td width=\"66\">\n<p align=\"center\">1<\/p>\n<\/td>\n<td width=\"67\">\n<p align=\"center\">ED1114<\/p>\n<\/td>\n<td width=\"318\">Antropologia e Educa\u00e7\u00e3o<\/td>\n<td width=\"52\">\n<p align=\"center\">NEB<\/p>\n<\/td>\n<td width=\"62\">\n<p align=\"center\">6<\/p>\n<\/td>\n<td width=\"39\">\n<p align=\"center\">90<\/p>\n<\/td>\n<\/tr>\n<tr>\n<td width=\"66\">\n<p align=\"center\">1<\/p>\n<\/td>\n<td width=\"67\">\n<p align=\"center\">ED1115<\/p>\n<\/td>\n<td width=\"318\">Filosofia da Educa\u00e7\u00e3o<\/td>\n<td width=\"52\">\n<p align=\"center\">NEB<\/p>\n<\/td>\n<td width=\"62\">\n<p align=\"center\">6<\/p>\n<\/td>\n<td width=\"39\">\n<p align=\"center\">90<\/p>\n<\/td>\n<\/tr>\n<tr>\n<td width=\"66\">\n<p align=\"center\">1<\/p>\n<\/td>\n<td width=\"67\">\n<p align=\"center\">ED1116<\/p>\n<\/td>\n<td width=\"318\">Metodologia do Trabalho Cient\u00edfico<\/td>\n<td width=\"52\">\n<p align=\"center\">NEB<\/p>\n<\/td>\n<td width=\"62\">\n<p align=\"center\">4<\/p>\n<\/td>\n<td width=\"39\">\n<p align=\"center\">60<\/p>\n<\/td>\n<\/tr>\n<tr>\n<td width=\"66\">\n<p align=\"center\">2<\/p>\n<\/td>\n<td width=\"67\">\n<p align=\"center\">ED1117<\/p>\n<\/td>\n<td width=\"318\">Pr\u00e1tica Pedag\u00f3gica I<\/td>\n<td width=\"52\">\n<p align=\"center\">NEI<\/p>\n<\/td>\n<td width=\"62\">\n<p align=\"center\">7<\/p>\n<\/td>\n<td width=\"39\">\n<p align=\"center\">105<\/p>\n<\/td>\n<\/tr>\n<tr>\n<td width=\"66\">\n<p align=\"center\">2<\/p>\n<\/td>\n<td width=\"67\">\n<p align=\"center\">ED1118<\/p>\n<\/td>\n<td width=\"318\">Psicologia da Educa\u00e7\u00e3o<\/td>\n<td width=\"52\">\n<p align=\"center\">NEB<\/p>\n<\/td>\n<td width=\"62\">\n<p align=\"center\">6<\/p>\n<\/td>\n<td width=\"39\">\n<p align=\"center\">90<\/p>\n<\/td>\n<\/tr>\n<tr>\n<td width=\"66\">\n<p align=\"center\">2<\/p>\n<\/td>\n<td width=\"67\">\n<p align=\"center\">ED1119<\/p>\n<\/td>\n<td width=\"318\">Pol\u00edticas P\u00fablicas e Legisla\u00e7\u00e3o da Educa\u00e7\u00e3o<\/td>\n<td width=\"52\">\n<p align=\"center\">NEB<\/p>\n<\/td>\n<td width=\"62\">\n<p align=\"center\">6<\/p>\n<\/td>\n<td width=\"39\">\n<p align=\"center\">90<\/p>\n<\/td>\n<\/tr>\n<tr>\n<td width=\"66\">\n<p align=\"center\">2<\/p>\n<\/td>\n<td width=\"67\">\n<p align=\"center\">ED1120<\/p>\n<\/td>\n<td width=\"318\">Did\u00e1tica e Forma\u00e7\u00e3o Docente<\/td>\n<td width=\"52\">\n<p align=\"center\">NEB<\/p>\n<\/td>\n<td width=\"62\">\n<p align=\"center\">6<\/p>\n<\/td>\n<td width=\"39\">\n<p align=\"center\">90<\/p>\n<\/td>\n<\/tr>\n<tr>\n<td width=\"66\">\n<p align=\"center\">2<\/p>\n<\/td>\n<td width=\"67\">\n<p align=\"center\">ED1121<\/p>\n<\/td>\n<td width=\"318\">Pesquisa Educacional<\/td>\n<td width=\"52\">\n<p align=\"center\">NEB<\/p>\n<\/td>\n<td width=\"62\">\n<p align=\"center\">4<\/p>\n<\/td>\n<td width=\"39\">\n<p align=\"center\">60<\/p>\n<\/td>\n<\/tr>\n<tr>\n<td width=\"66\">\n<p align=\"center\">2<\/p>\n<\/td>\n<td width=\"67\">\n<p align=\"center\">ED1122<\/p>\n<\/td>\n<td width=\"318\">Educa\u00e7\u00e3o, Curr\u00edculo e Cultura<\/td>\n<td width=\"52\">\n<p align=\"center\">NEB<\/p>\n<\/td>\n<td width=\"62\">\n<p align=\"center\">4<\/p>\n<\/td>\n<td width=\"39\">\n<p align=\"center\">60<\/p>\n<\/td>\n<\/tr>\n<tr>\n<td width=\"66\">\n<p align=\"center\">2<\/p>\n<\/td>\n<td width=\"67\">\n<p align=\"center\">ED1123<\/p>\n<\/td>\n<td width=\"318\">Educa\u00e7\u00e3o, Identidade Cultural e Territorial<\/td>\n<td width=\"52\">\n<p align=\"center\">NEB<\/p>\n<\/td>\n<td width=\"62\">\n<p align=\"center\">4<\/p>\n<\/td>\n<td width=\"39\">\n<p align=\"center\">60<\/p>\n<\/td>\n<\/tr>\n<tr>\n<td width=\"66\">\n<p align=\"center\">3<\/p>\n<\/td>\n<td width=\"67\">\n<p align=\"center\">ED0183<\/p>\n<\/td>\n<td width=\"318\">Planejamento Educacional<\/td>\n<td width=\"52\">\n<p align=\"center\">NEB<\/p>\n<\/td>\n<td width=\"62\">\n<p align=\"center\">4<\/p>\n<\/td>\n<td width=\"39\">\n<p align=\"center\">60<\/p>\n<\/td>\n<\/tr>\n<tr>\n<td width=\"66\">\n<p align=\"center\">3<\/p>\n<\/td>\n<td width=\"67\">\n<p align=\"center\">ED0582<\/p>\n<\/td>\n<td width=\"318\">Avalia\u00e7\u00e3o Educacional<\/td>\n<td width=\"52\">\n<p align=\"center\">NEB<\/p>\n<\/td>\n<td width=\"62\">\n<p align=\"center\">4<\/p>\n<\/td>\n<td width=\"39\">\n<p align=\"center\">60<\/p>\n<\/td>\n<\/tr>\n<tr>\n<td width=\"66\">\n<p align=\"center\">3<\/p>\n<\/td>\n<td width=\"67\">\n<p align=\"center\">ED1124<\/p>\n<\/td>\n<td width=\"318\">Pr\u00e1tica Pedag\u00f3gica II<\/td>\n<td width=\"52\">\n<p align=\"center\">NEI<\/p>\n<\/td>\n<td width=\"62\">\n<p align=\"center\">7<\/p>\n<\/td>\n<td width=\"39\">\n<p align=\"center\">105<\/p>\n<\/td>\n<\/tr>\n<tr>\n<td width=\"66\">\n<p align=\"center\">3<\/p>\n<\/td>\n<td width=\"67\">\n<p align=\"center\">ED1125<\/p>\n<\/td>\n<td width=\"318\">Concep\u00e7\u00e3o de Curr\u00edculo na Educa\u00e7\u00e3o Infantil e no Ensino Fundamental<\/td>\n<td width=\"52\">\n<p align=\"center\">NEB<\/p>\n<\/td>\n<td width=\"62\">\n<p align=\"center\">4<\/p>\n<\/td>\n<td width=\"39\">\n<p align=\"center\">60<\/p>\n<\/td>\n<\/tr>\n<tr>\n<td width=\"66\">\n<p align=\"center\">3<\/p>\n<\/td>\n<td width=\"67\">\n<p align=\"center\">ED1126<\/p>\n<\/td>\n<td width=\"318\">Teoria e Pr\u00e1tica do Ensino na Educa\u00e7\u00e3o Infantil<\/td>\n<td width=\"52\">\n<p align=\"center\">NEB<\/p>\n<\/td>\n<td width=\"62\">\n<p align=\"center\">4<\/p>\n<\/td>\n<td width=\"39\">\n<p align=\"center\">60<\/p>\n<\/td>\n<\/tr>\n<tr>\n<td width=\"66\">\n<p align=\"center\">3<\/p>\n<\/td>\n<td width=\"67\">\n<p align=\"center\">ED1127<\/p>\n<\/td>\n<td width=\"318\">Alfabetiza\u00e7\u00e3o e Letramento<\/td>\n<td width=\"52\">\n<p align=\"center\">NEB<\/p>\n<\/td>\n<td width=\"62\">\n<p align=\"center\">4<\/p>\n<\/td>\n<td width=\"39\">\n<p align=\"center\">60<\/p>\n<\/td>\n<\/tr>\n<tr>\n<td width=\"66\">\n<p align=\"center\">4<\/p>\n<\/td>\n<td width=\"67\">\n<p align=\"center\">ED1129<\/p>\n<\/td>\n<td width=\"318\">Pr\u00e1tica Pedag\u00f3gica III<\/td>\n<td width=\"52\">\n<p align=\"center\">NEI<\/p>\n<\/td>\n<td width=\"62\">\n<p align=\"center\">7<\/p>\n<\/td>\n<td width=\"39\">\n<p align=\"center\">105<\/p>\n<\/td>\n<\/tr>\n<tr>\n<td width=\"66\">\n<p align=\"center\">4<\/p>\n<\/td>\n<td width=\"67\">\n<p align=\"center\">ED1130<\/p>\n<\/td>\n<td width=\"318\">Educa\u00e7\u00e3o e Ludicidade<\/td>\n<td width=\"52\">\n<p align=\"center\">NEB<\/p>\n<\/td>\n<td width=\"62\">\n<p align=\"center\">4<\/p>\n<\/td>\n<td width=\"39\">\n<p align=\"center\">60<\/p>\n<\/td>\n<\/tr>\n<tr>\n<td width=\"66\">\n<p align=\"center\">4<\/p>\n<\/td>\n<td width=\"67\">\n<p align=\"center\">ED1131<\/p>\n<\/td>\n<td width=\"318\">Literatura Infanto-Juvenil<\/td>\n<td width=\"52\">\n<p align=\"center\">NEB<\/p>\n<\/td>\n<td width=\"62\">\n<p align=\"center\">4<\/p>\n<\/td>\n<td width=\"39\">\n<p align=\"center\">60<\/p>\n<\/td>\n<\/tr>\n<tr>\n<td width=\"66\">\n<p align=\"center\">4<\/p>\n<\/td>\n<td width=\"67\">\n<p align=\"center\">ED1132<\/p>\n<\/td>\n<td width=\"318\">Teoria e Pr\u00e1tica do Ensino da L\u00edngua Portuguesa<\/td>\n<td width=\"52\">\n<p align=\"center\">NEB<\/p>\n<\/td>\n<td width=\"62\">\n<p align=\"center\">4<\/p>\n<\/td>\n<td width=\"39\">\n<p align=\"center\">60<\/p>\n<\/td>\n<\/tr>\n<tr>\n<td width=\"66\">\n<p align=\"center\">4<\/p>\n<\/td>\n<td width=\"67\">\n<p align=\"center\">ED1133<\/p>\n<\/td>\n<td width=\"318\">Teoria e Pr\u00e1tica do Ensino da Matem\u00e1tica<\/td>\n<td width=\"52\">\n<p align=\"center\">NEB<\/p>\n<\/td>\n<td width=\"62\">\n<p align=\"center\">4<\/p>\n<\/td>\n<td width=\"39\">\n<p align=\"center\">60<\/p>\n<\/td>\n<\/tr>\n<tr>\n<td width=\"66\">\n<p align=\"center\">4<\/p>\n<\/td>\n<td width=\"67\">\n<p align=\"center\">ED1134<\/p>\n<\/td>\n<td width=\"318\">Est\u00e1gio Supervisionado na Educa\u00e7\u00e3o Infantil<\/td>\n<td width=\"52\">\n<p align=\"center\">NEB<\/p>\n<\/td>\n<td width=\"62\">\n<p align=\"center\">8<\/p>\n<\/td>\n<td width=\"39\">\n<p align=\"center\">120<\/p>\n<\/td>\n<\/tr>\n<tr>\n<td width=\"66\">\n<p align=\"center\">5<\/p>\n<\/td>\n<td width=\"67\">\n<p align=\"center\">ED1128<\/p>\n<\/td>\n<td width=\"318\">Semin\u00e1rio de Pesquisa I<\/td>\n<td width=\"52\">\n<p align=\"center\">NEI<\/p>\n<\/td>\n<td width=\"62\">\n<p align=\"center\">2<\/p>\n<\/td>\n<td width=\"39\">\n<p align=\"center\">60<\/p>\n<\/td>\n<\/tr>\n<tr>\n<td width=\"66\">\n<p align=\"center\">5<\/p>\n<\/td>\n<td width=\"67\">\n<p align=\"center\">ED1136<\/p>\n<\/td>\n<td width=\"318\">Pr\u00e1tica Pedag\u00f3gica IV<\/td>\n<td width=\"52\">\n<p align=\"center\">NEI<\/p>\n<\/td>\n<td width=\"62\">\n<p align=\"center\">7<\/p>\n<\/td>\n<td width=\"39\">\n<p align=\"center\">105<\/p>\n<\/td>\n<\/tr>\n<tr>\n<td width=\"66\">\n<p align=\"center\">5<\/p>\n<\/td>\n<td width=\"67\">\n<p align=\"center\">ED1137<\/p>\n<\/td>\n<td width=\"318\">Teoria e Pr\u00e1tica do Ensino da Geografia<\/td>\n<td width=\"52\">\n<p align=\"center\">NEB<\/p>\n<\/td>\n<td width=\"62\">\n<p align=\"center\">4<\/p>\n<\/td>\n<td width=\"39\">\n<p align=\"center\">60<\/p>\n<\/td>\n<\/tr>\n<tr>\n<td width=\"66\">\n<p align=\"center\">5<\/p>\n<\/td>\n<td width=\"67\">\n<p align=\"center\">ED1138<\/p>\n<\/td>\n<td width=\"318\">Teoria e Pr\u00e1tica do Ensino da Hist\u00f3ria<\/td>\n<td width=\"52\">\n<p align=\"center\">NEB<\/p>\n<\/td>\n<td width=\"62\">\n<p align=\"center\">4<\/p>\n<\/td>\n<td width=\"39\">\n<p align=\"center\">60<\/p>\n<\/td>\n<\/tr>\n<tr>\n<td width=\"66\">\n<p align=\"center\">5<\/p>\n<\/td>\n<td width=\"67\">\n<p align=\"center\">ED1139<\/p>\n<\/td>\n<td width=\"318\">Teoria e Pr\u00e1tica do Ensino de Ci\u00eancias<\/td>\n<td width=\"52\">\n<p align=\"center\">NEB<\/p>\n<\/td>\n<td width=\"62\">\n<p align=\"center\">4<\/p>\n<\/td>\n<td width=\"39\">\n<p align=\"center\">60<\/p>\n<\/td>\n<\/tr>\n<tr>\n<td width=\"66\">\n<p align=\"center\">5<\/p>\n<\/td>\n<td width=\"67\">\n<p align=\"center\">ED1140<\/p>\n<\/td>\n<td width=\"318\">Teoria e Pr\u00e1tica do Ensino de Artes<\/td>\n<td width=\"52\">\n<p align=\"center\">NEB<\/p>\n<\/td>\n<td width=\"62\">\n<p align=\"center\">4<\/p>\n<\/td>\n<td width=\"39\">\n<p align=\"center\">60<\/p>\n<\/td>\n<\/tr>\n<tr>\n<td width=\"66\">\n<p align=\"center\">5<\/p>\n<\/td>\n<td width=\"67\">\n<p align=\"center\">ED1141<\/p>\n<\/td>\n<td width=\"318\">Educa\u00e7\u00e3o de Jovens e Adultos<\/td>\n<td width=\"52\">\n<p align=\"center\">NADE<\/p>\n<\/td>\n<td width=\"62\">\n<p align=\"center\">4<\/p>\n<\/td>\n<td width=\"39\">\n<p align=\"center\">60<\/p>\n<\/td>\n<\/tr>\n<tr>\n<td width=\"66\">\n<p align=\"center\">6<\/p>\n<\/td>\n<td width=\"67\">\n<p align=\"center\">ED1135<\/p>\n<\/td>\n<td width=\"318\">Semin\u00e1rio de Pesquisa II<\/td>\n<td width=\"52\">\n<p align=\"center\">NEI<\/p>\n<\/td>\n<td width=\"62\">\n<p align=\"center\">4<\/p>\n<\/td>\n<td width=\"39\">\n<p align=\"center\">60<\/p>\n<\/td>\n<\/tr>\n<tr>\n<td width=\"66\">\n<p align=\"center\">6<\/p>\n<\/td>\n<td width=\"67\">\n<p align=\"center\">ED1144<\/p>\n<\/td>\n<td width=\"318\">Educa\u00e7\u00e3o Inclusiva para a PNEE<\/td>\n<td width=\"52\">\n<p align=\"center\">NADE<\/p>\n<\/td>\n<td width=\"62\">\n<p align=\"center\">4<\/p>\n<\/td>\n<td width=\"39\">\n<p align=\"center\">60<\/p>\n<\/td>\n<\/tr>\n<tr>\n<td width=\"66\">\n<p align=\"center\">6<\/p>\n<\/td>\n<td width=\"67\">\n<p align=\"center\">ED1145<\/p>\n<\/td>\n<td width=\"318\">L\u00edngua Brasileira de Sinais<\/td>\n<td width=\"52\">\n<p align=\"center\">NADE<\/p>\n<\/td>\n<td width=\"62\">\n<p align=\"center\">4<\/p>\n<\/td>\n<td width=\"39\">\n<p align=\"center\">60<\/p>\n<\/td>\n<\/tr>\n<tr>\n<td width=\"66\">\n<p align=\"center\">6<\/p>\n<\/td>\n<td width=\"67\">\n<p align=\"center\">ED1146<\/p>\n<\/td>\n<td width=\"318\">Braile<\/td>\n<td width=\"52\">\n<p align=\"center\">NADE<\/p>\n<\/td>\n<td width=\"62\">\n<p align=\"center\">4<\/p>\n<\/td>\n<td width=\"39\">\n<p align=\"center\">60<\/p>\n<\/td>\n<\/tr>\n<tr>\n<td width=\"66\">\n<p align=\"center\">6<\/p>\n<\/td>\n<td width=\"67\">\n<p align=\"center\">ED1147<\/p>\n<\/td>\n<td width=\"318\">Avalia\u00e7\u00e3o e Interven\u00e7\u00e3o Pedag\u00f3gica para a PNEE<\/td>\n<td width=\"52\">\n<p align=\"center\">NADE<\/p>\n<\/td>\n<td width=\"62\">\n<p align=\"center\">4<\/p>\n<\/td>\n<td width=\"39\">\n<p align=\"center\">60<\/p>\n<\/td>\n<\/tr>\n<tr>\n<td width=\"66\">\n<p align=\"center\">6<\/p>\n<\/td>\n<td width=\"67\">\n<p align=\"center\">ED1150<\/p>\n<\/td>\n<td width=\"318\">Est\u00e1gio Supervisionado no Ensino Fundamental<\/td>\n<td width=\"52\">\n<p align=\"center\">NEB<\/p>\n<\/td>\n<td width=\"62\">\n<p align=\"center\">4<\/p>\n<\/td>\n<td width=\"39\">\n<p align=\"center\">60<\/p>\n<\/td>\n<\/tr>\n<tr>\n<td width=\"66\">\n<p align=\"center\">6<\/p>\n<\/td>\n<td width=\"67\">\n<p align=\"center\">ED1153<\/p>\n<\/td>\n<td width=\"318\">Educa\u00e7\u00e3o do Campo<\/td>\n<td width=\"52\">\n<p align=\"center\">NADE<\/p>\n<\/td>\n<td width=\"62\">\n<p align=\"center\">4<\/p>\n<\/td>\n<td width=\"39\">\n<p align=\"center\">60<\/p>\n<\/td>\n<\/tr>\n<tr>\n<td width=\"66\">\n<p align=\"center\">7<\/p>\n<\/td>\n<td width=\"67\">\n<p align=\"center\">ED1142<\/p>\n<\/td>\n<td width=\"318\">Concep\u00e7\u00e3o Freiriana de Educa\u00e7\u00e3o<\/td>\n<td width=\"52\">\n<p align=\"center\">NADE<\/p>\n<\/td>\n<td width=\"62\">\n<p align=\"center\">4<\/p>\n<\/td>\n<td width=\"39\">\n<p align=\"center\">60<\/p>\n<\/td>\n<\/tr>\n<tr>\n<td width=\"66\">\n<p align=\"center\">7<\/p>\n<\/td>\n<td width=\"67\">\n<p align=\"center\">ED1148<\/p>\n<\/td>\n<td width=\"318\">Educa\u00e7\u00e3o em Comunidades Ind\u00edgenas<\/td>\n<td width=\"52\">\n<p align=\"center\">NADE<\/p>\n<\/td>\n<td width=\"62\">\n<p align=\"center\">4<\/p>\n<\/td>\n<td width=\"39\">\n<p align=\"center\">60<\/p>\n<\/td>\n<\/tr>\n<tr>\n<td width=\"66\">\n<p align=\"center\">7<\/p>\n<\/td>\n<td width=\"67\">\n<p align=\"center\">ED1155<\/p>\n<\/td>\n<td width=\"318\">Educa\u00e7\u00e3o, Trabalho e Movimentos Sociais<\/td>\n<td width=\"52\">\n<p align=\"center\">NADE<\/p>\n<\/td>\n<td width=\"62\">\n<p align=\"center\">4<\/p>\n<\/td>\n<td width=\"39\">\n<p align=\"center\">60<\/p>\n<\/td>\n<\/tr>\n<tr>\n<td width=\"66\">\n<p align=\"center\">7<\/p>\n<\/td>\n<td width=\"67\">\n<p align=\"center\">ED1156<\/p>\n<\/td>\n<td width=\"318\">Gest\u00e3o Pedag\u00f3gica Escolar<\/td>\n<td width=\"52\">\n<p align=\"center\">NADE<\/p>\n<\/td>\n<td width=\"62\">\n<p align=\"center\">4<\/p>\n<\/td>\n<td width=\"39\">\n<p align=\"center\">60<\/p>\n<\/td>\n<\/tr>\n<tr>\n<td width=\"66\">\n<p align=\"center\">7<\/p>\n<\/td>\n<td width=\"67\">\n<p align=\"center\">ED1157<\/p>\n<\/td>\n<td width=\"318\">Coordena\u00e7\u00e3o Pedag\u00f3gica Escolar<\/td>\n<td width=\"52\">\n<p align=\"center\">NADE<\/p>\n<\/td>\n<td width=\"62\">\n<p align=\"center\">4<\/p>\n<\/td>\n<td width=\"39\">\n<p align=\"center\">60<\/p>\n<\/td>\n<\/tr>\n<tr>\n<td width=\"66\">\n<p align=\"center\">7<\/p>\n<\/td>\n<td width=\"67\">\n<p align=\"center\">ED1158<\/p>\n<\/td>\n<td width=\"318\">Est\u00e1gio Supervisionado em Gest\u00e3o e Coordena\u00e7\u00e3o Pedag\u00f3gica Escolar<\/td>\n<td width=\"52\">\n<p align=\"center\">NADE<\/p>\n<\/td>\n<td width=\"62\">\n<p align=\"center\">8<\/p>\n<\/td>\n<td width=\"39\">\n<p align=\"center\">120<\/p>\n<\/td>\n<\/tr>\n<tr>\n<td width=\"66\">\n<p align=\"center\">7<\/p>\n<\/td>\n<td width=\"67\">\n<p align=\"center\">ED1159<\/p>\n<\/td>\n<td width=\"318\">Trabalho de Conclus\u00e3o de Curso I<\/td>\n<td width=\"52\">\n<p align=\"center\">NEI<\/p>\n<\/td>\n<td width=\"62\">\n<p align=\"center\">4<\/p>\n<\/td>\n<td width=\"39\">\n<p align=\"center\">60<\/p>\n<\/td>\n<\/tr>\n<tr>\n<td width=\"66\">\n<p align=\"center\">8<\/p>\n<\/td>\n<td width=\"67\">\n<p align=\"center\">ED1149<\/p>\n<\/td>\n<td width=\"318\">Educa\u00e7\u00e3o em Comunidades Afro-descendentes<\/td>\n<td width=\"52\">\n<p align=\"center\">NADE<\/p>\n<\/td>\n<td width=\"62\">\n<p align=\"center\">4<\/p>\n<\/td>\n<td width=\"39\">\n<p align=\"center\">60<\/p>\n<\/td>\n<\/tr>\n<tr>\n<td width=\"66\">\n<p align=\"center\">8<\/p>\n<\/td>\n<td width=\"67\">\n<p align=\"center\">ED1152<\/p>\n<\/td>\n<td width=\"318\">Educa\u00e7\u00e3o Ambiental<\/td>\n<td width=\"52\">\n<p align=\"center\">NADE<\/p>\n<\/td>\n<td width=\"62\">\n<p align=\"center\">4<\/p>\n<\/td>\n<td width=\"39\">\n<p align=\"center\">60<\/p>\n<\/td>\n<\/tr>\n<tr>\n<td width=\"66\">\n<p align=\"center\">8<\/p>\n<\/td>\n<td width=\"67\">\n<p align=\"center\">ED1160<\/p>\n<\/td>\n<td width=\"318\">Pedagogia em Ambientes n\u00e3o Escolares<\/td>\n<td width=\"52\">\n<p align=\"center\">NADE<\/p>\n<\/td>\n<td width=\"62\">\n<p align=\"center\">6<\/p>\n<\/td>\n<td width=\"39\">\n<p align=\"center\">90<\/p>\n<\/td>\n<\/tr>\n<tr>\n<td width=\"66\">\n<p align=\"center\">8<\/p>\n<\/td>\n<td width=\"67\">\n<p align=\"center\">ED1163<\/p>\n<\/td>\n<td width=\"318\">Educa\u00e7\u00e3o e Musicalidade<\/td>\n<td width=\"52\">\n<p align=\"center\">NADE<\/p>\n<\/td>\n<td width=\"62\">\n<p align=\"center\">4<\/p>\n<\/td>\n<td width=\"39\">\n<p align=\"center\">60<\/p>\n<\/td>\n<\/tr>\n<tr>\n<td width=\"66\">\n<p align=\"center\">8<\/p>\n<\/td>\n<td width=\"67\">\n<p align=\"center\">ED1164<\/p>\n<\/td>\n<td width=\"318\">Gest\u00e3o e Coordena\u00e7\u00e3o Pedag\u00f3gica em Ambientes n\u00e3o Escolares<\/td>\n<td width=\"52\">\n<p align=\"center\">NADE<\/p>\n<\/td>\n<td width=\"62\">\n<p align=\"center\">4<\/p>\n<\/td>\n<td width=\"39\">\n<p align=\"center\">60<\/p>\n<\/td>\n<\/tr>\n<tr>\n<td width=\"66\">\n<p align=\"center\">8<\/p>\n<\/td>\n<td width=\"67\">\n<p align=\"center\">ED1165<\/p>\n<\/td>\n<td width=\"318\">Est\u00e1gio Supervisionado em Ambientes n\u00e3o Escolares<\/td>\n<td width=\"52\">\n<p align=\"center\">NADE<\/p>\n<\/td>\n<td width=\"62\">\n<p align=\"center\">8<\/p>\n<\/td>\n<td width=\"39\">\n<p align=\"center\">120<\/p>\n<\/td>\n<\/tr>\n<tr>\n<td width=\"66\">\n<p align=\"center\">8<\/p>\n<\/td>\n<td width=\"67\">\n<p align=\"center\">ED1166<\/p>\n<\/td>\n<td width=\"318\">Trabalho de Conclus\u00e3o de Curso II<\/td>\n<td width=\"52\">\n<p align=\"center\">NEI<\/p>\n<\/td>\n<td width=\"62\">\n<p align=\"center\">4<\/p>\n<\/td>\n<td width=\"39\">\n<p align=\"center\">60<\/p>\n<\/td>\n<\/tr>\n<\/tbody>\n<\/table>\n<p><span style=\"color: #000000;font-size: medium\">N\u00facleos de Forma\u00e7\u00e3o (NF):<\/span><\/p>\n<ul>\n<li>N\u00facleo de Estudos B\u00e1sicos (NEB);<\/li>\n<li>N\u00facleo de Aprofundamento e Diversifica\u00e7\u00e3o de Estudos (NADE);<\/li>\n<li>N\u00facleo de Estudos Integradores (NEI);<\/li>\n<\/ul>\n<p>&nbsp;<\/p>\n<p>Informa\u00e7\u00f5es mais detalhadas podem ser visualizadas no <a href=\"http:\/\/www2.unifap.br\/pedagogia-oiapoque\/files\/2015\/11\/PPC-Pedagogia_Processo_23125.002657_2013_23.docx\">Projeto Pedag\u00f3gico do Curso (PPC)<\/a> vigente.<\/p>\n<p>Um novo PPC est\u00e1 em processo de elabora\u00e7\u00e3o, o qual ser\u00e1 disponibilizado assim que for finalizado.<\/p>\n<p style=\"text-align: right\">Atualizado em: 28\/12\/2015<\/p>\n","protected":false},"excerpt":{"rendered":"<p>Conforme o Projeto Pedag\u00f3gico do Curso (PPC) de Licenciatura em Pedagogia do Campus Binacional Oiapoque vigente, foi elaborado o quadro abaixo: &nbsp; Detalhes sobre as mat\u00e9rias podem ser visualizadas tamb\u00e9m abaixo em seus respectivos semestres: Per\u00edodo C\u00f3digo Mat\u00e9ria NF Cr\u00e9dito&hellip; <\/p>\n<p><a href=\"https:\/\/www2.unifap.br\/pedagogia-oiapoque\/ensino\/matriz-curricular\/\" class=\"readmore-button\">Continue Reading<\/a><\/p>\n","protected":false},"author":829,"featured_media":0,"parent":119,"menu_order":1,"comment_status":"open","ping_status":"open","template":"","meta":{"inline_featured_image":false,"ngg_post_thumbnail":0,"footnotes":""},"class_list":["post-168","page","type-page","status-publish","hentry"],"_links":{"self":[{"href":"https:\/\/www2.unifap.br\/pedagogia-oiapoque\/wp-json\/wp\/v2\/pages\/168","targetHints":{"allow":["GET"]}}],"collection":[{"href":"https:\/\/www2.unifap.br\/pedagogia-oiapoque\/wp-json\/wp\/v2\/pages"}],"about":[{"href":"https:\/\/www2.unifap.br\/pedagogia-oiapoque\/wp-json\/wp\/v2\/types\/page"}],"author":[{"embeddable":true,"href":"https:\/\/www2.unifap.br\/pedagogia-oiapoque\/wp-json\/wp\/v2\/users\/829"}],"replies":[{"embeddable":true,"href":"https:\/\/www2.unifap.br\/pedagogia-oiapoque\/wp-json\/wp\/v2\/comments?post=168"}],"version-history":[{"count":12,"href":"https:\/\/www2.unifap.br\/pedagogia-oiapoque\/wp-json\/wp\/v2\/pages\/168\/revisions"}],"predecessor-version":[{"id":1146,"href":"https:\/\/www2.unifap.br\/pedagogia-oiapoque\/wp-json\/wp\/v2\/pages\/168\/revisions\/1146"}],"up":[{"embeddable":true,"href":"https:\/\/www2.unifap.br\/pedagogia-oiapoque\/wp-json\/wp\/v2\/pages\/119"}],"wp:attachment":[{"href":"https:\/\/www2.unifap.br\/pedagogia-oiapoque\/wp-json\/wp\/v2\/media?parent=168"}],"curies":[{"name":"wp","href":"https:\/\/api.w.org\/{rel}","templated":true}]}}