{"id":488,"date":"2019-02-18T18:03:54","date_gmt":"2019-02-18T18:03:54","guid":{"rendered":"http:\/\/www2.unifap.br\/pedagogia\/?page_id=488"},"modified":"2020-02-17T18:10:26","modified_gmt":"2020-02-17T18:10:26","slug":"quadro-de-avisos","status":"publish","type":"page","link":"https:\/\/www2.unifap.br\/pedagogia\/quadro-de-avisos\/","title":{"rendered":"Quadro de Avisos"},"content":{"rendered":"<p>&nbsp;<\/p>\n<p style=\"text-align: center\">TCC II \u2013 PED\/2016 &#8211; SEMESTRE 2020.1 <u>QUADRO DE DEFESA E APRESENTA\u00c7\u00d5ES<\/u><\/p>\n<p style=\"text-align: center\"><u>CICLO DE 17 \u00c0 19\/02\/2020<\/u><\/p>\n<p>&nbsp;<\/p>\n<p>&nbsp;<\/p>\n<p>&nbsp;<\/p>\n<table>\n<tbody>\n<tr>\n<td width=\"42\"><\/td>\n<td width=\"233\">&nbsp;<\/p>\n<p><strong>GRUPO<\/strong><\/td>\n<td width=\"291\">&nbsp;<\/p>\n<p><strong>TEMAS<\/strong><\/td>\n<td width=\"230\">&nbsp;<\/p>\n<p><strong>BANCA AVALIADORA<\/strong><\/td>\n<td width=\"129\">&nbsp;<\/p>\n<p><strong>DATA\/HOR A<\/strong><\/td>\n<td width=\"92\">&nbsp;<\/p>\n<p><strong>LOCAL<\/strong><\/td>\n<\/tr>\n<tr>\n<td width=\"42\">&nbsp;<\/p>\n<p>&nbsp;<\/p>\n<p>1<\/td>\n<td width=\"233\">&nbsp;<\/p>\n<p>&nbsp;<\/p>\n<p>Adriana Mota<\/td>\n<td width=\"291\">Pedagogia Hospitalar: uma abordagem sobre a metodologia empregada no processo de ensino\/aprendizagem em ambiente hospitalar<\/td>\n<td width=\"230\"><strong>Maria Lucia Teixeira Borges <\/strong>Dilene K\u00e1tia Costa da Silva Selma Gomes da Silva<\/td>\n<td width=\"129\">&nbsp;<\/p>\n<p><strong>17\/02\/2020<\/strong><\/p>\n<p><strong>08:30<\/strong><\/p>\n<p>&nbsp;<\/p>\n<p>&nbsp;<\/td>\n<td width=\"92\"><strong>B2<\/strong><\/p>\n<p><strong>MANH\u00c3<\/strong><\/td>\n<\/tr>\n<tr>\n<td width=\"42\">\u00a0\u00a0\u00a0\u00a0 2<\/td>\n<td width=\"233\">&nbsp;<\/p>\n<p>&nbsp;<\/p>\n<p>F\u00e1bio Jos\u00e9 do Esp\u00edrito Santo Souza<\/td>\n<td width=\"291\">Marabaixo, juventudes e educa\u00e7\u00e3o cultural: uma experi\u00eancia transformadora com jovens negros\/as da Associa\u00e7\u00e3o Cultural devotos de S\u00e3o Jos\u00e9-Marabaixo da Juventude Macap\u00e1-AP.<\/td>\n<td width=\"230\">&nbsp;<\/p>\n<p><strong>Piedade Lino Videira<\/strong><\/p>\n<p>Maria L\u00facia Teixeira Borges Jo\u00e3o Nascimento Borges Filho<\/td>\n<td width=\"129\"><strong>\u00a0<\/strong><\/p>\n<p><strong>\u00a0<\/strong><\/p>\n<p><strong>17\/02\/2020<\/strong><\/p>\n<p><strong>10:00<\/strong><\/td>\n<td width=\"92\"><strong>\u00a0<\/strong><\/p>\n<p><strong>B2<\/strong><\/p>\n<p><strong>MANH\u00c3<\/strong><\/td>\n<\/tr>\n<tr>\n<td width=\"42\">&nbsp;<\/p>\n<p>&nbsp;<\/p>\n<p>3<\/td>\n<td width=\"233\">&nbsp;<\/p>\n<p>Anne Gabrielle Morais dos Santos<\/td>\n<td width=\"291\">&nbsp;<\/p>\n<p>A import\u00e2ncia do professor na educa\u00e7\u00e3o inclusiva no ensino fundamental.<\/td>\n<td width=\"230\"><strong>Washington Luiz de Oliveira Brand\u00e3o<\/strong><\/p>\n<p>Arlan Amanaj\u00e1s<\/p>\n<p>Leila do Socorro Rodrigues Feio<\/td>\n<td width=\"129\"><strong>\u00a0\u00a0\u00a0\u00a0 <\/strong><strong>17\/02\/2020<\/strong><\/p>\n<p><strong>14:30<\/strong><\/p>\n<p><strong>\u00a0<\/strong><\/p>\n<p><strong>\u00a0<\/strong><\/td>\n<td width=\"92\"><strong>\u00a0<\/strong><\/p>\n<p><strong>\u00a0\u00a0\u00a0\u00a0\u00a0\u00a0\u00a0\u00a0\u00a0 <\/strong><strong>B1<\/strong><\/p>\n<p><strong>TARDE<\/strong><\/td>\n<\/tr>\n<tr>\n<td width=\"42\">&nbsp;<\/p>\n<p>4<\/td>\n<td width=\"233\">Jakeline Oliveira de Abreu Thayane Cristina Souza de Oliveira<\/td>\n<td width=\"291\">&nbsp;<\/p>\n<p>O uso do audiovisual como ferramenta de apoio em sala de aula.<\/td>\n<td width=\"230\"><strong>Elda Gomes Ara\u00fajo<\/strong><\/p>\n<p>Dilene K\u00e1tia Costa da Silva M\u00e1rcio Wendel de Lima Neri<\/td>\n<td width=\"129\"><strong>\u00a0\u00a0\u00a0\u00a0\u00a0\u00a0\u00a0 18\/02\/2020<\/strong><\/p>\n<p><strong>8:30<\/strong><\/p>\n<p><strong>\u00a0<\/strong><\/p>\n<p><strong>\u00a0<\/strong><\/td>\n<td width=\"92\"><strong>\u00a0<\/strong><\/p>\n<p><strong>B2<\/strong><\/p>\n<p><strong>Manha<\/strong><\/td>\n<\/tr>\n<tr>\n<td width=\"42\">&nbsp;<\/p>\n<p>&nbsp;<\/p>\n<p>5<\/td>\n<td width=\"233\">&nbsp;<\/p>\n<p>Jackeline Oliveira Bispo Luan Valentim da Silva Maiara Alves de Paula<\/td>\n<td width=\"291\">&nbsp;<\/p>\n<p>Educa\u00e7\u00e3o continuada: an\u00e1lise do projeto Compartilhando Saberes<\/td>\n<td width=\"230\"><strong>Elda Gomes Ara\u00fajo<\/strong><\/p>\n<p>Leila do Socorro Rodrigues Feio Maria Nazar\u00e9 do Nascimento Guimar\u00e3es<\/td>\n<td width=\"129\"><strong>\u00a0<\/strong><\/p>\n<p><strong>18\/02\/2020<\/strong><\/p>\n<p><strong>10:00<\/strong><\/td>\n<td width=\"92\"><strong>\u00a0<\/strong><\/p>\n<p><strong>B2<\/strong><\/p>\n<p><strong>Manha<\/strong><\/td>\n<\/tr>\n<tr>\n<td width=\"42\"><\/td>\n<td width=\"233\">&nbsp;<\/p>\n<p>Sabrina Mateus da Silva<\/td>\n<td width=\"291\">&nbsp;<\/p>\n<p>Recurso did\u00e1tico como elemento motivador da aprendizagem: o uso do v\u00eddeo em sala<\/td>\n<td width=\"230\"><strong>Maria Lucia Teixiera Borges<\/strong><\/p>\n<p>Dilne K\u00e1tia Costa da Silva<\/p>\n<p>Elda Gomes Ara\u00fajo<\/td>\n<td width=\"129\"><strong>\u00a0<\/strong><\/p>\n<p><strong>18\/02\/2020<\/strong><\/p>\n<p><strong>\u00a0\u00a0\u00a0\u00a0 14:30 <\/strong><\/td>\n<td width=\"92\"><strong>\u00a0<\/strong><\/p>\n<p><strong>LAPED<\/strong><\/p>\n<p><strong>TARDE<\/strong><\/td>\n<\/tr>\n<tr>\n<td width=\"42\">\u00a0 6<\/td>\n<td width=\"233\">Joice de Oliveira Macedo<\/p>\n<p>Lidiery Almeida Mendon\u00e7a<\/p>\n<p>Marcelo Augusto dos Santos Vilhena<\/td>\n<td width=\"291\">Viv\u00eancias e relatos de adoecimento de professores do Sistema de Organiza\u00e7\u00e3o Modular de Ensino (SOME) no Estado do Amap\u00e1 (2018-2019)<\/td>\n<td width=\"230\"><strong>Selma Gomes da Silva <\/strong><\/p>\n<p>Arthane Figueiredo<\/p>\n<p>Joao Paulo Alves<\/td>\n<td width=\"129\"><strong>\u00a0\u00a0\u00a0\u00a0\u00a0 18\/02\/2020<\/strong><\/p>\n<p><strong>\u00a0\u00a0\u00a0\u00a0\u00a0\u00a0\u00a0\u00a0 \u00a0\u00a0\u00a014:30 <\/strong><\/td>\n<td width=\"92\"><strong>\u00a0 <\/strong><strong>B1<\/strong><\/p>\n<p><strong>TARDE<\/strong><\/p>\n<p><strong>\u00a0<\/strong><\/p>\n<p><strong>\u00a0<\/strong><\/td>\n<\/tr>\n<tr>\n<td width=\"42\">\u00a0\u00a0 7<\/td>\n<td width=\"233\">Camila Rodrigues dos Santos Arag\u00e3o<\/p>\n<p>Janaina Bruna Cavalcante Marques<\/p>\n<p>Ramona Patr\u00edcia Oliveira Pereira<\/td>\n<td width=\"291\">Percep\u00e7\u00f5es sobre o processo de inlcus\u00e3o do aluno surdo no Centro de Atendimento ao Surdo (CAS) no municipio de Macap\u00e1<\/td>\n<td width=\"230\">\u00a0<strong>Edpo Felipe da Silva Ferreira <\/strong><\/p>\n<p>Arthane Figueiredo<\/p>\n<p>Maria Lucia T. Borges<\/p>\n<p>&nbsp;<\/td>\n<td width=\"129\"><strong>\u00a0\u00a0 \u00a0\u00a0\u00a018\/02\/2020<\/strong><\/p>\n<p><strong>\u00a0\u00a0\u00a0\u00a0\u00a0\u00a0\u00a0 \u00a0\u00a0\u00a0\u00a016:00<\/strong><\/td>\n<td width=\"92\"><strong>B1<\/strong><\/p>\n<p><strong>TARDE<\/strong><\/p>\n<p><strong>\u00a0<\/strong><\/p>\n<p><strong>\u00a0<\/strong><\/td>\n<\/tr>\n<tr>\n<td width=\"42\"><\/td>\n<td width=\"233\">Ermiro da Luz de Souza<\/p>\n<p>Inalda Luz de Souza Correa<\/td>\n<td width=\"291\">Educa\u00e7\u00e3o do Campo em Comunidade Quilombola: a experi\u00eancia da escola Professor Joaquim de Jesus Pican\u00e7o<\/td>\n<td width=\"230\">Maria Lucia Teixeira Borges<\/p>\n<p>Maria Nazar\u00e9 do Nascimento Guimaraes<\/p>\n<p>Dilene K\u00e1tia Costa da Silva<\/td>\n<td width=\"129\"><strong>\u00a0\u00a0\u00a0\u00a0\u00a0 19\/02\/2020<\/strong><\/p>\n<p><strong>\u00a0\u00a0\u00a0\u00a0\u00a0\u00a0\u00a0\u00a0\u00a0\u00a0\u00a0 8:30<\/strong><\/td>\n<td width=\"92\"><strong>B2<\/strong><\/p>\n<p><strong>MANH\u00c3<\/strong><\/td>\n<\/tr>\n<tr>\n<td width=\"42\">&nbsp;<\/p>\n<p>8<\/td>\n<td width=\"233\">C\u00e1ssio Cardoso Madureira Carolina Oliveira da Silva Sadala<\/td>\n<td width=\"291\">\u00cdndices de desenvolvimento social e educacional na rede p\u00fablica de ensino do Estado do Amap\u00e1: contradi\u00e7\u00f5es no ensino m\u00e9dio nas zonas urbanas e rural.<\/td>\n<td width=\"230\"><strong>Jo\u00e3o Paulo da Concei\u00e7\u00e3o Alves<\/strong><\/p>\n<p>Ilma de Andrade Barleta<\/p>\n<p>??<\/td>\n<td width=\"129\"><strong>\u00a0<\/strong><\/p>\n<p><strong>19\/02\/2020<\/strong><\/p>\n<p><strong>10:30<\/strong><\/td>\n<td width=\"92\"><strong>\u00a0<\/strong><\/p>\n<p><strong>B2<\/strong><\/p>\n<p><strong>MANH\u00c3<\/strong><\/p>\n<p><strong>\u00a0<\/strong><\/td>\n<\/tr>\n<tr>\n<td width=\"42\">&nbsp;<\/p>\n<p>9<\/td>\n<td width=\"233\">&nbsp;<\/p>\n<p>Ana Beatriz Rodrigues Silva<\/td>\n<td width=\"291\">Carreira docente na educa\u00e7\u00e3o b\u00e1sica: an\u00e1lise das produ\u00e7\u00f5es escritas da Revista de Financiamento da Educa\u00e7\u00e3o, no per\u00edodo de 2011-2017.<\/td>\n<td width=\"230\"><strong>Ilma de Andrade Barleta <\/strong>Andr\u00e9 Rodrigues Guimar\u00e3es Andr\u00e9 Lins de Melo<\/td>\n<td width=\"129\"><strong>\u00a0<\/strong><\/p>\n<p><strong>19\/02\/2020<\/strong><\/p>\n<p><strong>14:30<\/strong><\/td>\n<td width=\"92\"><strong>\u00a0<\/strong><\/p>\n<p><strong>B1<\/strong><\/p>\n<p><strong>Tarde <\/strong><\/td>\n<\/tr>\n<tr>\n<td width=\"42\">&nbsp;<\/p>\n<p>&nbsp;<\/p>\n<p>10<\/td>\n<td width=\"233\">&nbsp;<\/p>\n<p>Israel Leno Pessoa Gon\u00e7alves Jaimerson Rodrigues dos Santos Silma Pinto Santiago<\/td>\n<td width=\"291\">&nbsp;<\/p>\n<p>Custos familiares com o ensino de gradua\u00e7\u00e3o em Institui\u00e7\u00f5es Federais: o caso do curso de Pedagogia da UNIFAP.<\/td>\n<td width=\"230\"><strong>Andr\u00e9 Rodrigues Guimar\u00e3es <\/strong>Ilma de Andrade Barleta Michelle Karoline Pereira da Silva<\/td>\n<td width=\"129\"><strong>\u00a0<\/strong><\/p>\n<p><strong>19\/02\/2020<\/strong><\/p>\n<p><strong>16:00<\/strong><\/td>\n<td width=\"92\"><strong>\u00a0<\/strong><\/p>\n<p><strong>B1 <\/strong><\/p>\n<p><strong>Tarde <\/strong><\/td>\n<\/tr>\n<tr>\n<td width=\"42\">&nbsp;<\/p>\n<p>&nbsp;<\/p>\n<p>11<\/td>\n<td width=\"233\">&nbsp;<\/p>\n<p>&nbsp;<\/p>\n<p>Jana\u00edna Azevedo Pinheiro<\/td>\n<td width=\"291\">&nbsp;<\/p>\n<p>&nbsp;<\/p>\n<p>Desafios para perman\u00eancia do aluno surdo na Universidade Federal do Amap\u00e1<\/td>\n<td width=\"230\"><strong>Leila do Socorro Rodrigues Feio<\/strong><\/p>\n<p>Ronaldo Manass\u00e9s Rodrigues Campos<\/p>\n<p>Melque da Costa Lima<\/td>\n<td width=\"129\"><strong>\u00a0<\/strong><\/p>\n<p><strong>\u00a0<\/strong><\/p>\n<p><strong>19\/02\/2020<\/strong><\/p>\n<p><strong>16:30<\/strong><\/td>\n<td width=\"92\"><strong>\u00a0<\/strong><\/p>\n<p><strong>???<\/strong><\/p>\n<p><strong>\u00a0<\/strong><\/td>\n<\/tr>\n<\/tbody>\n<\/table>\n<p>&nbsp;<\/p>\n<p>Comit\u00ea Gestor de TCC\/PED_07\/02\/2020<\/p>\n<p>&nbsp;<\/p>\n<p>&nbsp;<\/p>\n<p>&#8220;Resultado de pedidos de ajustes de matr\u00edcula 2019.1:<br \/>\n<a href=\"https:\/\/docs.google.com\/document\/d\/1NfA9xC8nBLtov5HIJHliU69a36pcuOmcqVqkX0PLSlQ\/edit?usp=sharing\">Pedidos realizados at\u00e9\u00a0<span id=\"OBJ_PREFIX_DWT76_com_zimbra_date\" class=\"Object\" role=\"link\">27 de fevereiro<\/span><\/a><br \/>\n<a href=\"https:\/\/docs.google.com\/document\/d\/1bkD360WzkcSLzhMGZ-8Vhfn5z0UI9lxQqDePfWjRpec\/edit?usp=sharing\">Pedidos realizados de\u00a0<span id=\"OBJ_PREFIX_DWT77_com_zimbra_date\" class=\"Object\" role=\"link\">27 de fevereiro<\/span>\u00a0at\u00e9\u00a0<span id=\"OBJ_PREFIX_DWT78_com_zimbra_date\" class=\"Object\" role=\"link\">15 de mar<\/span>\u00e7o&#8221;<\/a><\/p>\n<p>&nbsp;<\/p>\n<p>&nbsp;<\/p>\n<p><strong>SOBRE COLA\u00c7\u00c3O DE GRAU EM 2019<\/strong><\/p>\n<p>Discentes do curso de licenciatura em Pedagogia<\/p>\n<p>Considerando:<br \/>\na) a Agenda de Cola\u00e7\u00e3o de Grau Mar\u00e7o-Abril-2019 divulgada pelo DERCA;<br \/>\nb) a data de\u00a029 de mar\u00e7o de 2019 para cola\u00e7\u00e3o de grau das turmas de Pedagogia<br \/>\nc) a necessidade de envio com 30 dias de anteced\u00eancia dos documentos pertinentes para a Cola\u00e7\u00e3o de Grau desta Coordena\u00e7\u00e3o ao DERCA;<br \/>\nd) da necessidade do discente solicitar formalmente a cola\u00e7\u00e3o de grau junto \u00e0 Coordena\u00e7\u00e3o;<\/p>\n<p>A Coordena\u00e7\u00e3o do Curso de Pedagogia informa que apenas enviar\u00e1 ao DERCA para a cola\u00e7\u00e3o de grau para o dia\u00a029 de mar\u00e7o de 2019 apenas as solicita\u00e7\u00f5es recepcionadas at\u00e9 o dia\u00a027 de fevereiro\u00a0de 2019. Todas as solicita\u00e7\u00f5es posteriores a esta data ser\u00e3o remetidas ao DERCA ap\u00f3s a cola\u00e7\u00e3o de grau agendada para o dia\u00a029 de mar\u00e7o de 2019, de modo que n\u00e3o poder\u00e3o participar da cola\u00e7\u00e3o de grau desta data.<\/p>\n<p>A CCPED informa ainda que todos os formul\u00e1rios necess\u00e1rios para cola\u00e7\u00e3o de grau est\u00e3o dispon\u00edveis no site da Pedagogia na internet, no link:<br \/>\n<a href=\"http:\/\/www2.unifap.br\/pedagogia\/documentos\/\">http:\/\/www2.unifap.br\/pedagogia\/documentos\/<\/a><\/p>\n<p>&nbsp;<\/p>\n<p>&nbsp;<\/p>\n<p>&#8220;SOBRE AJUSTE DE MATR\u00cdCULA 2019.1<\/p>\n<p>Discentes do curso de licenciatura em Pedagogia<\/p>\n<p>Considerando:<br \/>\na) o informe emitido pela Unifap (link: http:\/\/www.unifap.br\/public\/index\/view\/id\/10846) sobre a 2a chamada do SISU para Pedagogia acontecer no dia\u00a020 de fevereiro;<br \/>\nb) as diferentes dificuldades na matr\u00edcula online no per\u00edodo estabelecido pelo calend\u00e1rio oficial da institui\u00e7\u00e3o;<br \/>\nc) a necessidade de operar diferentes ajustes nas matr\u00edculas dos alunos por conta de erros e problemas na opera\u00e7\u00e3o do sistema Sig;<\/p>\n<p>A Coordena\u00e7\u00e3o do Curso de Pedagogia informa que recepcionar\u00e1 solicita\u00e7\u00f5es de AJUSTE DE MATR\u00cdCULA at\u00e9 o dia\u00a015 DE MAR\u00c7O DE 2019.<br \/>\nA data de ajuste de matr\u00edcula N\u00c3O ACOMPANHA AS MATR\u00cdCULAS para a disciplina de Psicologia da Educa\u00e7\u00e3o III.<br \/>\nImporta ressaltar que a solicita\u00e7\u00e3o da matr\u00edcula na referida disciplina n\u00e3o implica em seu deferimento autom\u00e1tico. O conjunto de solicita\u00e7\u00f5es ser\u00e1 analisado pela Coordena\u00e7\u00e3o do Curso.<br \/>\nAp\u00f3s a data informada neste aviso, s\u00f3 ser\u00e3o considerados ajustes considerados extremamente excepcionais. Isto inclui os pedidos de cancelamento de matr\u00edcula.<\/p>\n<p>A CCPED informa ainda que o formul\u00e1rio de solicita\u00e7\u00e3o de matr\u00edcula fora do prazo est\u00e1 dispon\u00edvel no site da Pedagogia na internet, no link:<\/p>\n<blockquote class=\"wp-embedded-content\" data-secret=\"A8PvZ7l5nM\"><p><a href=\"https:\/\/www2.unifap.br\/pedagogia\/documentos\/\">Documentos e Normas<\/a><\/p><\/blockquote>\n<p><iframe class=\"wp-embedded-content\" sandbox=\"allow-scripts\" security=\"restricted\" style=\"position: absolute; clip: rect(1px, 1px, 1px, 1px);\" title=\"&#8220;Documentos e Normas&#8221; &#8212; Pedagogia\" src=\"https:\/\/www2.unifap.br\/pedagogia\/documentos\/embed\/#?secret=j5qN3P4UqU#?secret=A8PvZ7l5nM\" data-secret=\"A8PvZ7l5nM\" width=\"600\" height=\"338\" frameborder=\"0\" marginwidth=\"0\" marginheight=\"0\" scrolling=\"no\"><\/iframe><br \/>\n19 de fevereiro\u00a0de 2019<\/p>\n<p>Prof. Dr. Andr\u00e9 Elias Morelli Ribeiro<br \/>\nCoordenador do Curso de Pedagogia UNIFAP&#8221;<br \/>\n18 de fevereiro\u00a0de 2019<\/p>\n<p>&nbsp;<\/p>\n<p><strong>SOBRE MATR\u00cdCULA NA DISCIPLINA DE PSICOLOGIA DA EDUCA\u00c7\u00c3O III<\/strong><\/p>\n<p>Discentes do curso de licenciatura em Pedagogia,<\/p>\n<p>Considerando:<br \/>\na) a finaliza\u00e7\u00e3o do per\u00edodo de matr\u00edculas online;<br \/>\nb) a cria\u00e7\u00e3o da oferta da disciplina de Psicologia da Educa\u00e7\u00e3o III em per\u00edodo posterior do indicado na al\u00ednea anterior;<br \/>\nc) a necessidade de estabelecer um prazo m\u00e1ximo para recep\u00e7\u00e3o de matr\u00edculas nesta disciplina;<\/p>\n<p>A Coordena\u00e7\u00e3o do Curso de Licenciatura em Pedagogia informa que recepcionar\u00e1 solicita\u00e7\u00f5es de matr\u00edcula para a disciplina de Psicologia da Educa\u00e7\u00e3o III at\u00e9 o dia\u00a028 DE FEVEREIRO\u00a0DE 2019.<br \/>\nA data da matr\u00edcula para a disciplina de Psicologia da Educa\u00e7\u00e3o III N\u00c3O acompanha a data-limite para solicita\u00e7\u00e3o de AJUSTE DE MATR\u00cdCULA, que ser\u00e1 divulgado posteriormente.<br \/>\nImporta ressaltar que a solicita\u00e7\u00e3o da matr\u00edcula na referida disciplina n\u00e3o implica em seu deferimento autom\u00e1tico. O conjunto de solicita\u00e7\u00f5es ser\u00e1 analisado pela Coordena\u00e7\u00e3o do Curso.<br \/>\nAntes das matr\u00edculas serem efetivadas no sistema Sig, o Prof. Armando, respons\u00e1vel pela disciplina, receber\u00e1 uma lista dos alunos com a matr\u00edcula deferida, para o correto acompanhamento das frequ\u00eancias.<\/p>\n<p>A CCPED informa ainda que o formul\u00e1rio de solicita\u00e7\u00e3o de matr\u00edcula fora do prazo est\u00e1 dispon\u00edvel no site da Pedagogia na internet, no link:<br \/>\n<a href=\"http:\/\/www2.unifap.br\/pedagogia\/documentos\/\">http:\/\/www2.unifap.br\/pedagogia\/documentos\/<\/a><br \/>\n19 de fevereiro\u00a0de 2019<\/p>\n<p>Prof. Dr. Andr\u00e9 Elias Morelli Ribeiro<br \/>\nCoordenador do Curso de Pedagogia UNIFAP<\/p>\n","protected":false},"excerpt":{"rendered":"<p>&nbsp; TCC II \u2013 PED\/2016 &#8211; SEMESTRE 2020.1 QUADRO DE DEFESA E APRESENTA\u00c7\u00d5ES CICLO DE 17 \u00c0 19\/02\/2020 &nbsp; &nbsp; &nbsp; &nbsp; GRUPO &nbsp; TEMAS &nbsp; BANCA AVALIADORA &nbsp; DATA\/HOR A &nbsp; LOCAL &nbsp; &nbsp; 1 &nbsp; &nbsp; Adriana Mota&hellip; <\/p>\n<p><a href=\"https:\/\/www2.unifap.br\/pedagogia\/quadro-de-avisos\/\" class=\"readmore-button\">Continue Reading<\/a><\/p>\n","protected":false},"author":1320,"featured_media":0,"parent":0,"menu_order":0,"comment_status":"open","ping_status":"open","template":"","meta":{"inline_featured_image":false,"ngg_post_thumbnail":0,"footnotes":""},"class_list":["post-488","page","type-page","status-publish","hentry"],"_links":{"self":[{"href":"https:\/\/www2.unifap.br\/pedagogia\/wp-json\/wp\/v2\/pages\/488","targetHints":{"allow":["GET"]}}],"collection":[{"href":"https:\/\/www2.unifap.br\/pedagogia\/wp-json\/wp\/v2\/pages"}],"about":[{"href":"https:\/\/www2.unifap.br\/pedagogia\/wp-json\/wp\/v2\/types\/page"}],"author":[{"embeddable":true,"href":"https:\/\/www2.unifap.br\/pedagogia\/wp-json\/wp\/v2\/users\/1320"}],"replies":[{"embeddable":true,"href":"https:\/\/www2.unifap.br\/pedagogia\/wp-json\/wp\/v2\/comments?post=488"}],"version-history":[{"count":9,"href":"https:\/\/www2.unifap.br\/pedagogia\/wp-json\/wp\/v2\/pages\/488\/revisions"}],"predecessor-version":[{"id":817,"href":"https:\/\/www2.unifap.br\/pedagogia\/wp-json\/wp\/v2\/pages\/488\/revisions\/817"}],"wp:attachment":[{"href":"https:\/\/www2.unifap.br\/pedagogia\/wp-json\/wp\/v2\/media?parent=488"}],"curies":[{"name":"wp","href":"https:\/\/api.w.org\/{rel}","templated":true}]}}