{"id":2618,"date":"2022-11-25T14:38:13","date_gmt":"2022-11-25T14:38:13","guid":{"rendered":"https:\/\/www2.unifap.br\/ppgef\/?page_id=2618"},"modified":"2025-11-18T07:08:36","modified_gmt":"2025-11-18T07:08:36","slug":"ppgef","status":"publish","type":"page","link":"https:\/\/www2.unifap.br\/ppgef\/ppgef\/","title":{"rendered":"PPGEF"},"content":{"rendered":"\t\t<div data-elementor-type=\"wp-page\" data-elementor-id=\"2618\" class=\"elementor elementor-2618\">\n\t\t\t\t\t\t<section class=\"elementor-section elementor-top-section elementor-element elementor-element-23d55f5 elementor-section-boxed elementor-section-height-default elementor-section-height-default\" data-id=\"23d55f5\" data-element_type=\"section\" data-e-type=\"section\">\n\t\t\t\t\t\t<div class=\"elementor-container elementor-column-gap-default\">\n\t\t\t\t\t<div class=\"elementor-column elementor-col-100 elementor-top-column elementor-element elementor-element-9284c6d\" data-id=\"9284c6d\" data-element_type=\"column\" data-e-type=\"column\">\n\t\t\t<div class=\"elementor-widget-wrap elementor-element-populated\">\n\t\t\t\t\t\t<div class=\"elementor-element elementor-element-36b477c elementor-widget elementor-widget-heading\" data-id=\"36b477c\" data-element_type=\"widget\" data-e-type=\"widget\" data-widget_type=\"heading.default\">\n\t\t\t\t<div class=\"elementor-widget-container\">\n\t\t\t\t\t<h2 class=\"elementor-heading-title elementor-size-default\">Apresenta\u00e7\u00e3o<\/h2>\t\t\t\t<\/div>\n\t\t\t\t<\/div>\n\t\t\t\t<div class=\"elementor-element elementor-element-dc3a06e elementor-widget elementor-widget-text-editor\" data-id=\"dc3a06e\" data-element_type=\"widget\" data-e-type=\"widget\" data-widget_type=\"text-editor.default\">\n\t\t\t\t<div class=\"elementor-widget-container\">\n\t\t\t\t\t\t\t\t\t<p>O Mestrado Profissional em Estudos de Fronteira da Universidade Federal do Amap\u00e1 (PPGEF-UNIFAP) tem a proposta de preparar seus discentes dando \u00eanfase aos estudos fronteiri\u00e7os em perspectiva multidisciplinar. A compreens\u00e3o de que a tem\u00e1tica da Fronteira \u00e9 por excel\u00eancia transversal a v\u00e1rios campos de conhecimento, nos posiciona como um programa de p\u00f3s-gradua\u00e7\u00e3o com escopo e delimita\u00e7\u00e3o de \u00e1rea capaz de promover a converg\u00eancia estruturante destes interesses, sejam te\u00f3ricos, narrativos e epistemol\u00f3gicos.<\/p>\t\t\t\t\t\t\t\t<\/div>\n\t\t\t\t<\/div>\n\t\t\t\t\t<\/div>\n\t\t<\/div>\n\t\t\t\t\t<\/div>\n\t\t<\/section>\n\t\t\t\t<section class=\"elementor-section elementor-top-section elementor-element elementor-element-9b95538 elementor-section-boxed elementor-section-height-default elementor-section-height-default\" data-id=\"9b95538\" data-element_type=\"section\" data-e-type=\"section\">\n\t\t\t\t\t\t<div class=\"elementor-container elementor-column-gap-default\">\n\t\t\t\t\t<div class=\"elementor-column elementor-col-100 elementor-top-column elementor-element elementor-element-6d34482\" data-id=\"6d34482\" data-element_type=\"column\" data-e-type=\"column\">\n\t\t\t<div class=\"elementor-widget-wrap elementor-element-populated\">\n\t\t\t\t\t\t<div class=\"elementor-element elementor-element-3cb255b elementor-widget elementor-widget-contentviews_widget_list1\" data-id=\"3cb255b\" data-element_type=\"widget\" data-e-type=\"widget\" data-widget_type=\"contentviews_widget_list1.default\">\n\t\t\t\t<div class=\"elementor-widget-container\">\n\t\t\t\t\t<div class='pt-cv-wrapper'> <h1 class='pt-cv-heading-container heading1' data-blockid='3cb255b'><span class='pt-cv-heading'> Not\u00edcias <\/span><\/h1><div class=\"pt-cv-view pt-cv-blockgrid iscvblock iscvelementor paging-noscroll list1 layout1\" id=\"pt-cv-view-3cb255b\"><div data-id=\"pt-cv-page-1\" class=\"pt-cv-page\" data-cvc=\"2\"><div class=\" pt-cv-content-item pt-cv-2-col\" ><h4 class=\"pt-cv-title\"><a href=\"https:\/\/www2.unifap.br\/ppgef\/2026\/04\/16\/convite-qualificacao-54\/\" class=\"_blank\" target=\"_blank\" >Convite &#8211; QUALIFICA\u00c7\u00c3O<\/a><\/h4>\n<div class=\"pt-cv-content\">A Coordena\u00e7\u00e3o do Programa de P\u00f3s-Gradua\u00e7\u00e3o em Estudos de Fronteira, da Universidade Federal do Amap\u00e1, sente-se honrada em convidar Vossa ...<\/div>\n<div class=\"pt-cv-rmwrap\"><a href=\"https:\/\/www2.unifap.br\/ppgef\/2026\/04\/16\/convite-qualificacao-54\/\" class=\"_blank pt-cv-readmore btn btn-success\" target=\"_blank\" >Leia Mais<\/a><\/div>\n<div class=\"pt-cv-meta-fields\"><span class=\"entry-date\"> <time datetime=\"2026-04-16T12:32:40+00:00\">16 de abril de 2026<\/time><\/span><span> | <\/span><span class=\"author\"> <a href=\"https:\/\/www2.unifap.br\/ppgef\/author\/rute\/\" rel=\"author\">Rute Guedes<\/a><\/span><\/div><\/div>\n<div class=\" pt-cv-content-item pt-cv-2-col\" ><h4 class=\"pt-cv-title\"><a href=\"https:\/\/www2.unifap.br\/ppgef\/2026\/04\/10\/convite-qualificacao-53\/\" class=\"_blank\" target=\"_blank\" >Convite &#8211; QUALIFICA\u00c7\u00c3O<\/a><\/h4>\n<div class=\"pt-cv-content\">A Coordena\u00e7\u00e3o do Programa de P\u00f3s-Gradua\u00e7\u00e3o em Estudos de Fronteira, da Universidade Federal do Amap\u00e1, sente-se honrada em convidar Vossa ...<\/div>\n<div class=\"pt-cv-rmwrap\"><a href=\"https:\/\/www2.unifap.br\/ppgef\/2026\/04\/10\/convite-qualificacao-53\/\" class=\"_blank pt-cv-readmore btn btn-success\" target=\"_blank\" >Leia Mais<\/a><\/div>\n<div class=\"pt-cv-meta-fields\"><span class=\"entry-date\"> <time datetime=\"2026-04-10T12:51:13+00:00\">10 de abril de 2026<\/time><\/span><span> | <\/span><span class=\"author\"> <a href=\"https:\/\/www2.unifap.br\/ppgef\/author\/rute\/\" rel=\"author\">Rute Guedes<\/a><\/span><\/div><\/div>\n<div class=\" pt-cv-content-item pt-cv-2-col\" ><h4 class=\"pt-cv-title\"><a href=\"https:\/\/www2.unifap.br\/ppgef\/2026\/03\/24\/convite-defesa-42\/\" class=\"_blank\" target=\"_blank\" >Convite &#8211; DEFESA<\/a><\/h4>\n<div class=\"pt-cv-content\">A Coordena\u00e7\u00e3o do Programa de P\u00f3s-Gradua\u00e7\u00e3o em Estudos de Fronteira, da Universidade Federal do Amap\u00e1, sente-se honrada em convidar Vossa ...<\/div>\n<div class=\"pt-cv-rmwrap\"><a href=\"https:\/\/www2.unifap.br\/ppgef\/2026\/03\/24\/convite-defesa-42\/\" class=\"_blank pt-cv-readmore btn btn-success\" target=\"_blank\" >Leia Mais<\/a><\/div>\n<div class=\"pt-cv-meta-fields\"><span class=\"entry-date\"> <time datetime=\"2026-03-24T13:31:22+00:00\">24 de mar\u00e7o de 2026<\/time><\/span><span> | <\/span><span class=\"author\"> <a href=\"https:\/\/www2.unifap.br\/ppgef\/author\/rute\/\" rel=\"author\">Rute Guedes<\/a><\/span><\/div><\/div>\n<div class=\" pt-cv-content-item pt-cv-2-col\" ><h4 class=\"pt-cv-title\"><a href=\"https:\/\/www2.unifap.br\/ppgef\/2026\/03\/04\/resultado-chamada-para-alunos-especiais-1o-semeste-de-2026\/\" class=\"_blank\" target=\"_blank\" >RESULTADO CHAMADA PARA ALUNOS ESPECIAIS &#8211; 1\u00ba SEMESTE DE 2026<\/a><\/h4>\n<div class=\"pt-cv-content\">A Coordena\u00e7\u00e3o do Programa de P\u00f3s-Gradua\u00e7\u00e3o em Estudos de Fronteira da Universidade Federal do Amap\u00e1 (PPGEF\/UNIFAP) torna p\u00fablico Resultado da ...<\/div>\n<div class=\"pt-cv-rmwrap\"><a href=\"https:\/\/www2.unifap.br\/ppgef\/2026\/03\/04\/resultado-chamada-para-alunos-especiais-1o-semeste-de-2026\/\" class=\"_blank pt-cv-readmore btn btn-success\" target=\"_blank\" >Leia Mais<\/a><\/div>\n<div class=\"pt-cv-meta-fields\"><span class=\"entry-date\"> <time datetime=\"2026-03-04T18:05:50+00:00\">4 de mar\u00e7o de 2026<\/time><\/span><span> | <\/span><span class=\"author\"> <a href=\"https:\/\/www2.unifap.br\/ppgef\/author\/rute\/\" rel=\"author\">Rute Guedes<\/a><\/span><\/div><\/div>\n<div class=\" pt-cv-content-item pt-cv-2-col\" ><h4 class=\"pt-cv-title\"><a href=\"https:\/\/www2.unifap.br\/ppgef\/2026\/03\/04\/convite-defesa-41\/\" class=\"_blank\" target=\"_blank\" >Convite &#8211; DEFESA<\/a><\/h4>\n<div class=\"pt-cv-content\">A Coordena\u00e7\u00e3o do Programa de P\u00f3s-Gradua\u00e7\u00e3o em Estudos de Fronteira, da Universidade Federal do Amap\u00e1, sente-se honrada em convidar Vossa ...<\/div>\n<div class=\"pt-cv-rmwrap\"><a href=\"https:\/\/www2.unifap.br\/ppgef\/2026\/03\/04\/convite-defesa-41\/\" class=\"_blank pt-cv-readmore btn btn-success\" target=\"_blank\" >Leia Mais<\/a><\/div>\n<div class=\"pt-cv-meta-fields\"><span class=\"entry-date\"> <time datetime=\"2026-03-04T14:35:47+00:00\">4 de mar\u00e7o de 2026<\/time><\/span><span> | <\/span><span class=\"author\"> <a href=\"https:\/\/www2.unifap.br\/ppgef\/author\/rute\/\" rel=\"author\">Rute Guedes<\/a><\/span><\/div><\/div>\n<div class=\" pt-cv-content-item pt-cv-2-col\" ><h4 class=\"pt-cv-title\"><a href=\"https:\/\/www2.unifap.br\/ppgef\/2026\/02\/26\/chamada-para-alunos-especiais-1o-semestre-de-2026\/\" class=\"_blank\" target=\"_blank\" >Chamada para Alunos Especiais &#8211; 1\u00ba semestre de 2026<\/a><\/h4>\n<div class=\"pt-cv-content\">A Coordena\u00e7\u00e3o do Programa de P\u00f3s-Gradua\u00e7\u00e3o em Estudos de Fronteira da Universidade Federal do Amap\u00e1 (PPGEF-UNIFAP) torna p\u00fablico o Processo ...<\/div>\n<div class=\"pt-cv-rmwrap\"><a href=\"https:\/\/www2.unifap.br\/ppgef\/2026\/02\/26\/chamada-para-alunos-especiais-1o-semestre-de-2026\/\" class=\"_blank pt-cv-readmore btn btn-success\" target=\"_blank\" >Leia Mais<\/a><\/div>\n<div class=\"pt-cv-meta-fields\"><span class=\"entry-date\"> <time datetime=\"2026-02-26T19:40:18+00:00\">26 de fevereiro de 2026<\/time><\/span><span> | <\/span><span class=\"author\"> <a href=\"https:\/\/www2.unifap.br\/ppgef\/author\/rute\/\" rel=\"author\">Rute Guedes<\/a><\/span><\/div><\/div><\/div><\/div>\n<div class=\" pt-cv-pagination-wrapper\"><ul class=\"pt-cv-pagination pt-cv-ajax pagination\" data-totalpages=\"62\" data-currentpage=\"1\" data-sid=\"3cb255b\" data-unid=\"\" data-iselementor=\"3cb255b\" data-postid=\"0\"><li class=\"active\"><a href=\"#\">1<\/a><\/li>\n\t<li ><a class=\"\" href=\"https:\/\/www2.unifap.br\/ppgef\/wp-json\/wp\/v2\/pages\/2618\/?_page=2\">2<\/a><\/li>\n\t<li ><a class=\"\" href=\"https:\/\/www2.unifap.br\/ppgef\/wp-json\/wp\/v2\/pages\/2618\/?_page=3\">3<\/a><\/li>\n\t<li ><a href=\"#\">&hellip;<\/a><\/li>\n\t<li ><a class=\"\" href=\"https:\/\/www2.unifap.br\/ppgef\/wp-json\/wp\/v2\/pages\/2618\/?_page=62\">62<\/a><\/li>\n\t<li ><a class=\" \" href=\"https:\/\/www2.unifap.br\/ppgef\/wp-json\/wp\/v2\/pages\/2618\/?_page=2\">&rsaquo;<\/a><\/li>\n\t<\/ul><img decoding=\"async\" width=\"15\" height=\"15\" class=\"pt-cv-spinner\" alt=\"Carregando...;\" src=\"data:image\/gif;base64,R0lGODlhDwAPALMPAMrKygwMDJOTkz09PZWVla+vr3p6euTk5M7OzuXl5TMzMwAAAJmZmWZmZszMzP\/\/\/yH\/C05FVFNDQVBFMi4wAwEAAAAh+QQFCgAPACwAAAAADwAPAAAEQvDJaZaZOIcV8iQK8VRX4iTYoAwZ4iCYoAjZ4RxejhVNoT+mRGP4cyF4Pp0N98sBGIBMEMOotl6YZ3S61Bmbkm4mAgAh+QQFCgAPACwAAAAADQANAAAENPDJSRSZeA418itN8QiK8BiLITVsFiyBBIoYqnoewAD4xPw9iY4XLGYSjkQR4UAUD45DLwIAIfkEBQoADwAsAAAAAA8ACQAABC\/wyVlamTi3nSdgwFNdhEJgTJoNyoB9ISYoQmdjiZPcj7EYCAeCF1gEDo4Dz2eIAAAh+QQFCgAPACwCAAAADQANAAAEM\/DJBxiYeLKdX3IJZT1FU0iIg2RNKx3OkZVnZ98ToRD4MyiDnkAh6BkNC0MvsAj0kMpHBAAh+QQFCgAPACwGAAAACQAPAAAEMDC59KpFDll73HkAA2wVY5KgiK5b0RRoI6MuzG6EQqCDMlSGheEhUAgqgUUAFRySIgAh+QQFCgAPACwCAAIADQANAAAEM\/DJKZNLND\/kkKaHc3xk+QAMYDKsiaqmZCxGVjSFFCxB1vwy2oOgIDxuucxAMTAJFAJNBAAh+QQFCgAPACwAAAYADwAJAAAEMNAs86q1yaWwwv2Ig0jUZx3OYa4XoRAfwADXoAwfo1+CIjyFRuEho60aSNYlOPxEAAAh+QQFCgAPACwAAAIADQANAAAENPA9s4y8+IUVcqaWJ4qEQozSoAzoIyhCK2NFU2SJk0hNnyEOhKR2AzAAj4Pj4GE4W0bkJQIAOw==\" \/><div class=\"clear pt-cv-clear-pagination\"><\/div><\/div> <\/div> \t\t\t\t<\/div>\n\t\t\t\t<\/div>\n\t\t\t\t\t<\/div>\n\t\t<\/div>\n\t\t\t\t\t<\/div>\n\t\t<\/section>\n\t\t\t\t<section class=\"elementor-section elementor-top-section elementor-element elementor-element-dba5c39 elementor-section-boxed elementor-section-height-default elementor-section-height-default\" data-id=\"dba5c39\" data-element_type=\"section\" data-e-type=\"section\">\n\t\t\t\t\t\t<div class=\"elementor-container elementor-column-gap-default\">\n\t\t\t\t\t<div class=\"elementor-column elementor-col-100 elementor-top-column elementor-element elementor-element-75d0b32\" data-id=\"75d0b32\" data-element_type=\"column\" data-e-type=\"column\">\n\t\t\t<div class=\"elementor-widget-wrap elementor-element-populated\">\n\t\t\t\t\t\t<div class=\"elementor-element elementor-element-98bb3d7 elementor-widget elementor-widget-contentviews_widget_scrollable\" data-id=\"98bb3d7\" data-element_type=\"widget\" data-e-type=\"widget\" data-widget_type=\"contentviews_widget_scrollable.default\">\n\t\t\t\t<div class=\"elementor-widget-container\">\n\t\t\t\t\t<div class='pt-cv-wrapper'> <h1 class='pt-cv-heading-container heading1' data-blockid='98bb3d7'><span class='pt-cv-heading'> Not\u00edcias <\/span><\/h1><div class=\"pt-cv-view pt-cv-scrollable pt-cv-colsys iscvblock iscvelementor scrollable layout1\" id=\"pt-cv-view-98bb3d7\"><div data-id=\"pt-cv-page-1\" class=\"pt-cv-page\" data-cvc=\"2\"><div id=\"babd264oac\" class=\"pt-cv-carousel pt-cv-slide\" data-ride=\"cvcarousel\" data-interval=false><ol class=\"pt-cv-carousel-indicators\"><li data-target=\"#babd264oac\" data-cvslide-to=\"0\" class=\"active\"><\/li>\n<li data-target=\"#babd264oac\" data-cvslide-to=\"1\" class=\"\"><\/li>\n<li data-target=\"#babd264oac\" data-cvslide-to=\"2\" class=\"\"><\/li><\/ol>\n<div class=\"carousel-inner\"><div class=\"item active\"><div class=\"row\"><div class=\"col-md-6 pt-cv-content-item pt-cv-1-col\" ><div class=\"pt-cv-thumb-wrapper  \"><a href=\"https:\/\/www2.unifap.br\/ppgef\/2026\/04\/16\/convite-qualificacao-54\/\" class=\"_self pt-cv-href-thumbnail pt-cv-thumb-default\" target=\"_self\" ><img decoding=\"async\" src=\"https:\/\/www2.unifap.br\/ppgef\/wp-content\/plugins\/content-views-query-and-display-post-page\/public\/assets\/images\/default_image.png\" class=\"pt-cv-thumbnail cv-default-img\" alt=\"Convite - QUALIFICA\u00c7\u00c3O\" title=\"\" \/><\/a><\/div>\n<div class=\"pt-cv-carousel-caption pt-cv-cap-w-img\"><h4 class=\"pt-cv-title\"><a href=\"https:\/\/www2.unifap.br\/ppgef\/2026\/04\/16\/convite-qualificacao-54\/\" class=\"_self\" target=\"_self\" >Convite &#8211; QUALIFICA\u00c7\u00c3O<\/a><\/h4>\n<div class=\"pt-cv-content\">A Coordena\u00e7\u00e3o do Programa de P\u00f3s-Gradua\u00e7\u00e3o em Estudos de Fronteira, da Universidade Federal do Amap\u00e1, sente-se honrada em convidar Vossa ...<\/div>\n<div class=\"pt-cv-rmwrap\"><a href=\"https:\/\/www2.unifap.br\/ppgef\/2026\/04\/16\/convite-qualificacao-54\/\" class=\"_self pt-cv-readmore btn btn-success\" target=\"_self\" >Leia Mais<\/a><\/div>\n<div class=\"pt-cv-meta-fields\"><span class=\"entry-date\"> <time datetime=\"2026-04-16T12:32:40+00:00\">16 de abril de 2026<\/time><\/span><span> \/ <\/span><span class=\"author\"> <a href=\"https:\/\/www2.unifap.br\/ppgef\/author\/rute\/\" rel=\"author\">Rute Guedes<\/a><\/span><\/div><\/div><\/div>\n<div class=\"col-md-6 pt-cv-content-item pt-cv-1-col\" ><div class=\"pt-cv-thumb-wrapper  \"><a href=\"https:\/\/www2.unifap.br\/ppgef\/2026\/04\/10\/convite-qualificacao-53\/\" class=\"_self pt-cv-href-thumbnail pt-cv-thumb-default\" target=\"_self\" ><img decoding=\"async\" src=\"https:\/\/www2.unifap.br\/ppgef\/wp-content\/plugins\/content-views-query-and-display-post-page\/public\/assets\/images\/default_image.png\" class=\"pt-cv-thumbnail cv-default-img\" alt=\"Convite - QUALIFICA\u00c7\u00c3O\" title=\"\" \/><\/a><\/div>\n<div class=\"pt-cv-carousel-caption pt-cv-cap-w-img\"><h4 class=\"pt-cv-title\"><a href=\"https:\/\/www2.unifap.br\/ppgef\/2026\/04\/10\/convite-qualificacao-53\/\" class=\"_self\" target=\"_self\" >Convite &#8211; QUALIFICA\u00c7\u00c3O<\/a><\/h4>\n<div class=\"pt-cv-content\">A Coordena\u00e7\u00e3o do Programa de P\u00f3s-Gradua\u00e7\u00e3o em Estudos de Fronteira, da Universidade Federal do Amap\u00e1, sente-se honrada em convidar Vossa ...<\/div>\n<div class=\"pt-cv-rmwrap\"><a href=\"https:\/\/www2.unifap.br\/ppgef\/2026\/04\/10\/convite-qualificacao-53\/\" class=\"_self pt-cv-readmore btn btn-success\" target=\"_self\" >Leia Mais<\/a><\/div>\n<div class=\"pt-cv-meta-fields\"><span class=\"entry-date\"> <time datetime=\"2026-04-10T12:51:13+00:00\">10 de abril de 2026<\/time><\/span><span> \/ <\/span><span class=\"author\"> <a href=\"https:\/\/www2.unifap.br\/ppgef\/author\/rute\/\" rel=\"author\">Rute Guedes<\/a><\/span><\/div><\/div><\/div><\/div><\/div>\n<div class=\"item\"><div class=\"row\"><div class=\"col-md-6 pt-cv-content-item pt-cv-1-col\" ><div class=\"pt-cv-thumb-wrapper  \"><a href=\"https:\/\/www2.unifap.br\/ppgef\/2026\/03\/24\/convite-defesa-42\/\" class=\"_self pt-cv-href-thumbnail pt-cv-thumb-default\" target=\"_self\" ><img decoding=\"async\" src=\"https:\/\/www2.unifap.br\/ppgef\/wp-content\/plugins\/content-views-query-and-display-post-page\/public\/assets\/images\/default_image.png\" class=\"pt-cv-thumbnail cv-default-img\" alt=\"Convite - DEFESA\" title=\"\" \/><\/a><\/div>\n<div class=\"pt-cv-carousel-caption pt-cv-cap-w-img\"><h4 class=\"pt-cv-title\"><a href=\"https:\/\/www2.unifap.br\/ppgef\/2026\/03\/24\/convite-defesa-42\/\" class=\"_self\" target=\"_self\" >Convite &#8211; DEFESA<\/a><\/h4>\n<div class=\"pt-cv-content\">A Coordena\u00e7\u00e3o do Programa de P\u00f3s-Gradua\u00e7\u00e3o em Estudos de Fronteira, da Universidade Federal do Amap\u00e1, sente-se honrada em convidar Vossa ...<\/div>\n<div class=\"pt-cv-rmwrap\"><a href=\"https:\/\/www2.unifap.br\/ppgef\/2026\/03\/24\/convite-defesa-42\/\" class=\"_self pt-cv-readmore btn btn-success\" target=\"_self\" >Leia Mais<\/a><\/div>\n<div class=\"pt-cv-meta-fields\"><span class=\"entry-date\"> <time datetime=\"2026-03-24T13:31:22+00:00\">24 de mar\u00e7o de 2026<\/time><\/span><span> \/ <\/span><span class=\"author\"> <a href=\"https:\/\/www2.unifap.br\/ppgef\/author\/rute\/\" rel=\"author\">Rute Guedes<\/a><\/span><\/div><\/div><\/div>\n<div class=\"col-md-6 pt-cv-content-item pt-cv-1-col\" ><div class=\"pt-cv-thumb-wrapper  \"><a href=\"https:\/\/www2.unifap.br\/ppgef\/2026\/03\/04\/resultado-chamada-para-alunos-especiais-1o-semeste-de-2026\/\" class=\"_self pt-cv-href-thumbnail pt-cv-thumb-default\" target=\"_self\" ><img decoding=\"async\" src=\"https:\/\/www2.unifap.br\/ppgef\/wp-content\/plugins\/content-views-query-and-display-post-page\/public\/assets\/images\/default_image.png\" class=\"pt-cv-thumbnail cv-default-img\" alt=\"RESULTADO CHAMADA PARA ALUNOS ESPECIAIS - 1\u00ba SEMESTE DE 2026\" title=\"\" \/><\/a><\/div>\n<div class=\"pt-cv-carousel-caption pt-cv-cap-w-img\"><h4 class=\"pt-cv-title\"><a href=\"https:\/\/www2.unifap.br\/ppgef\/2026\/03\/04\/resultado-chamada-para-alunos-especiais-1o-semeste-de-2026\/\" class=\"_self\" target=\"_self\" >RESULTADO CHAMADA PARA ALUNOS ESPECIAIS &#8211; 1\u00ba SEMESTE DE 2026<\/a><\/h4>\n<div class=\"pt-cv-content\">A Coordena\u00e7\u00e3o do Programa de P\u00f3s-Gradua\u00e7\u00e3o em Estudos de Fronteira da Universidade Federal do Amap\u00e1 (PPGEF\/UNIFAP) torna p\u00fablico Resultado da ...<\/div>\n<div class=\"pt-cv-rmwrap\"><a href=\"https:\/\/www2.unifap.br\/ppgef\/2026\/03\/04\/resultado-chamada-para-alunos-especiais-1o-semeste-de-2026\/\" class=\"_self pt-cv-readmore btn btn-success\" target=\"_self\" >Leia Mais<\/a><\/div>\n<div class=\"pt-cv-meta-fields\"><span class=\"entry-date\"> <time datetime=\"2026-03-04T18:05:50+00:00\">4 de mar\u00e7o de 2026<\/time><\/span><span> \/ <\/span><span class=\"author\"> <a href=\"https:\/\/www2.unifap.br\/ppgef\/author\/rute\/\" rel=\"author\">Rute Guedes<\/a><\/span><\/div><\/div><\/div><\/div><\/div>\n<div class=\"item\"><div class=\"row\"><div class=\"col-md-6 pt-cv-content-item pt-cv-1-col\" ><div class=\"pt-cv-thumb-wrapper  \"><a href=\"https:\/\/www2.unifap.br\/ppgef\/2026\/03\/04\/convite-defesa-41\/\" class=\"_self pt-cv-href-thumbnail pt-cv-thumb-default\" target=\"_self\" ><img decoding=\"async\" src=\"https:\/\/www2.unifap.br\/ppgef\/wp-content\/plugins\/content-views-query-and-display-post-page\/public\/assets\/images\/default_image.png\" class=\"pt-cv-thumbnail cv-default-img\" alt=\"Convite - DEFESA\" title=\"\" \/><\/a><\/div>\n<div class=\"pt-cv-carousel-caption pt-cv-cap-w-img\"><h4 class=\"pt-cv-title\"><a href=\"https:\/\/www2.unifap.br\/ppgef\/2026\/03\/04\/convite-defesa-41\/\" class=\"_self\" target=\"_self\" >Convite &#8211; DEFESA<\/a><\/h4>\n<div class=\"pt-cv-content\">A Coordena\u00e7\u00e3o do Programa de P\u00f3s-Gradua\u00e7\u00e3o em Estudos de Fronteira, da Universidade Federal do Amap\u00e1, sente-se honrada em convidar Vossa ...<\/div>\n<div class=\"pt-cv-rmwrap\"><a href=\"https:\/\/www2.unifap.br\/ppgef\/2026\/03\/04\/convite-defesa-41\/\" class=\"_self pt-cv-readmore btn btn-success\" target=\"_self\" >Leia Mais<\/a><\/div>\n<div class=\"pt-cv-meta-fields\"><span class=\"entry-date\"> <time datetime=\"2026-03-04T14:35:47+00:00\">4 de mar\u00e7o de 2026<\/time><\/span><span> \/ <\/span><span class=\"author\"> <a href=\"https:\/\/www2.unifap.br\/ppgef\/author\/rute\/\" rel=\"author\">Rute Guedes<\/a><\/span><\/div><\/div><\/div>\n<div class=\"col-md-6 pt-cv-content-item pt-cv-1-col\" ><div class=\"pt-cv-thumb-wrapper  \"><a href=\"https:\/\/www2.unifap.br\/ppgef\/2026\/02\/26\/chamada-para-alunos-especiais-1o-semestre-de-2026\/\" class=\"_self pt-cv-href-thumbnail pt-cv-thumb-default\" target=\"_self\" ><img decoding=\"async\" src=\"https:\/\/www2.unifap.br\/ppgef\/wp-content\/plugins\/content-views-query-and-display-post-page\/public\/assets\/images\/default_image.png\" class=\"pt-cv-thumbnail cv-default-img\" alt=\"Chamada para Alunos Especiais - 1\u00ba semestre de 2026\" title=\"\" \/><\/a><\/div>\n<div class=\"pt-cv-carousel-caption pt-cv-cap-w-img\"><h4 class=\"pt-cv-title\"><a href=\"https:\/\/www2.unifap.br\/ppgef\/2026\/02\/26\/chamada-para-alunos-especiais-1o-semestre-de-2026\/\" class=\"_self\" target=\"_self\" >Chamada para Alunos Especiais &#8211; 1\u00ba semestre de 2026<\/a><\/h4>\n<div class=\"pt-cv-content\">A Coordena\u00e7\u00e3o do Programa de P\u00f3s-Gradua\u00e7\u00e3o em Estudos de Fronteira da Universidade Federal do Amap\u00e1 (PPGEF-UNIFAP) torna p\u00fablico o Processo ...<\/div>\n<div class=\"pt-cv-rmwrap\"><a href=\"https:\/\/www2.unifap.br\/ppgef\/2026\/02\/26\/chamada-para-alunos-especiais-1o-semestre-de-2026\/\" class=\"_self pt-cv-readmore btn btn-success\" target=\"_self\" >Leia Mais<\/a><\/div>\n<div class=\"pt-cv-meta-fields\"><span class=\"entry-date\"> <time datetime=\"2026-02-26T19:40:18+00:00\">26 de fevereiro de 2026<\/time><\/span><span> \/ <\/span><span class=\"author\"> <a href=\"https:\/\/www2.unifap.br\/ppgef\/author\/rute\/\" rel=\"author\">Rute Guedes<\/a><\/span><\/div><\/div><\/div><\/div><\/div><\/div>\n<a class=\"left carousel-control\" data-target=\"#babd264oac\" data-cvslide=\"prev\">\r\n\t\t\t\t\t\t<span class=\"glyphicon glyphicon-chevron-left\"><\/span>\r\n\t\t\t\t\t<\/a>\r\n\t\t\t\t\t<a class=\"right carousel-control\" data-target=\"#babd264oac\" data-cvslide=\"next\">\r\n\t\t\t\t\t\t<span class=\"glyphicon glyphicon-chevron-right\"><\/span>\r\n\t\t\t\t\t<\/a><\/div><\/div><\/div>\n<div class=\" pt-cv-pagination-wrapper\"><ul class=\"pt-cv-pagination pt-cv-ajax pagination\" data-totalpages=\"62\" data-currentpage=\"1\" data-sid=\"98bb3d7\" data-unid=\"\" data-iselementor=\"98bb3d7\" data-postid=\"0\"><li class=\"active\"><a href=\"#\">1<\/a><\/li>\n\t<li ><a class=\"\" href=\"https:\/\/www2.unifap.br\/ppgef\/wp-json\/wp\/v2\/pages\/2618\/?_page=2\">2<\/a><\/li>\n\t<li ><a class=\"\" href=\"https:\/\/www2.unifap.br\/ppgef\/wp-json\/wp\/v2\/pages\/2618\/?_page=3\">3<\/a><\/li>\n\t<li ><a href=\"#\">&hellip;<\/a><\/li>\n\t<li ><a class=\"\" href=\"https:\/\/www2.unifap.br\/ppgef\/wp-json\/wp\/v2\/pages\/2618\/?_page=62\">62<\/a><\/li>\n\t<li ><a class=\" \" href=\"https:\/\/www2.unifap.br\/ppgef\/wp-json\/wp\/v2\/pages\/2618\/?_page=2\">&rsaquo;<\/a><\/li>\n\t<\/ul><img decoding=\"async\" width=\"15\" height=\"15\" class=\"pt-cv-spinner\" alt=\"Carregando...;\" src=\"data:image\/gif;base64,R0lGODlhDwAPALMPAMrKygwMDJOTkz09PZWVla+vr3p6euTk5M7OzuXl5TMzMwAAAJmZmWZmZszMzP\/\/\/yH\/C05FVFNDQVBFMi4wAwEAAAAh+QQFCgAPACwAAAAADwAPAAAEQvDJaZaZOIcV8iQK8VRX4iTYoAwZ4iCYoAjZ4RxejhVNoT+mRGP4cyF4Pp0N98sBGIBMEMOotl6YZ3S61Bmbkm4mAgAh+QQFCgAPACwAAAAADQANAAAENPDJSRSZeA418itN8QiK8BiLITVsFiyBBIoYqnoewAD4xPw9iY4XLGYSjkQR4UAUD45DLwIAIfkEBQoADwAsAAAAAA8ACQAABC\/wyVlamTi3nSdgwFNdhEJgTJoNyoB9ISYoQmdjiZPcj7EYCAeCF1gEDo4Dz2eIAAAh+QQFCgAPACwCAAAADQANAAAEM\/DJBxiYeLKdX3IJZT1FU0iIg2RNKx3OkZVnZ98ToRD4MyiDnkAh6BkNC0MvsAj0kMpHBAAh+QQFCgAPACwGAAAACQAPAAAEMDC59KpFDll73HkAA2wVY5KgiK5b0RRoI6MuzG6EQqCDMlSGheEhUAgqgUUAFRySIgAh+QQFCgAPACwCAAIADQANAAAEM\/DJKZNLND\/kkKaHc3xk+QAMYDKsiaqmZCxGVjSFFCxB1vwy2oOgIDxuucxAMTAJFAJNBAAh+QQFCgAPACwAAAYADwAJAAAEMNAs86q1yaWwwv2Ig0jUZx3OYa4XoRAfwADXoAwfo1+CIjyFRuEho60aSNYlOPxEAAAh+QQFCgAPACwAAAIADQANAAAENPA9s4y8+IUVcqaWJ4qEQozSoAzoIyhCK2NFU2SJk0hNnyEOhKR2AzAAj4Pj4GE4W0bkJQIAOw==\" \/><div class=\"clear pt-cv-clear-pagination\"><\/div><\/div> <\/div> \t\t\t\t<\/div>\n\t\t\t\t<\/div>\n\t\t\t\t\t<\/div>\n\t\t<\/div>\n\t\t\t\t\t<\/div>\n\t\t<\/section>\n\t\t\t\t<section class=\"elementor-section elementor-top-section elementor-element elementor-element-415def2 elementor-section-boxed elementor-section-height-default elementor-section-height-default\" data-id=\"415def2\" data-element_type=\"section\" data-e-type=\"section\">\n\t\t\t\t\t\t<div class=\"elementor-container elementor-column-gap-default\">\n\t\t\t\t\t<div class=\"elementor-column elementor-col-100 elementor-top-column elementor-element elementor-element-8efd5aa\" data-id=\"8efd5aa\" data-element_type=\"column\" data-e-type=\"column\">\n\t\t\t<div class=\"elementor-widget-wrap elementor-element-populated\">\n\t\t\t\t\t\t<div class=\"elementor-element elementor-element-495f933 elementor-widget elementor-widget-eael-feature-list\" data-id=\"495f933\" data-element_type=\"widget\" data-e-type=\"widget\" data-widget_type=\"eael-feature-list.default\">\n\t\t\t\t<div class=\"elementor-widget-container\">\n\t\t\t\t\t\t\t<div class=\"-icon-position-left -tablet-icon-position-left -mobile-icon-position-left\">\n\t\t\t<ul id=\"eael-feature-list-495f933\" class=\"eael-feature-list-items circle stacked  eael-feature-list-horizontal\">\n\t\t\t                <li class=\"eael-feature-list-item elementor-repeater-item-0e71807\">\n                    \n\t\t\t\t\t\t<div class=\"eael-feature-list-icon-box\">\n\t\t\t\t\t\t\t<div class=\"eael-feature-list-icon-inner\">\n\n\t\t\t\t\t\t\t\t<span class=\"eael-feature-list-icon fl-icon-0\">\n\n\t\t<i aria-hidden=\"true\" class=\"fas fa-check\"><\/i>\t\t\t\t\t\t\t\t<\/span>\n\t\t\t\t\t\t\t<\/div>\n\t\t\t\t\t\t<\/div>\n\t\t\t\t\t\t<div class=\"eael-feature-list-content-box\">\n                            <h2 class=\"eael-feature-list-title\">Item de destaque 1<\/h2>\t\t\t\t\t\t<p class=\"eael-feature-list-content\">Conte\u00fado tempor\u00e1rio. Voc\u00ea deve inserir o seu texto aqui! Lorem ipsum dolor sit amet, consectetur adipisicing elit. Optio, neque qui velit<\/p>\n\t\t\t\t\t\t<\/div>\n\n\t\t\t\t\t<\/li>\n\t\t\t\t                <li class=\"eael-feature-list-item elementor-repeater-item-33624ee\">\n                    \n\t\t\t\t\t\t<div class=\"eael-feature-list-icon-box\">\n\t\t\t\t\t\t\t<div class=\"eael-feature-list-icon-inner\">\n\n\t\t\t\t\t\t\t\t<span class=\"eael-feature-list-icon fl-icon-1\">\n\n\t\t<i aria-hidden=\"true\" class=\"fas fa-times\"><\/i>\t\t\t\t\t\t\t\t<\/span>\n\t\t\t\t\t\t\t<\/div>\n\t\t\t\t\t\t<\/div>\n\t\t\t\t\t\t<div class=\"eael-feature-list-content-box\">\n                            <h2 class=\"eael-feature-list-title\">Item de destaque 2<\/h2>\t\t\t\t\t\t<p class=\"eael-feature-list-content\">Conte\u00fado tempor\u00e1rio. Voc\u00ea deve inserir o seu texto aqui! Lorem ipsum dolor sit amet, consectetur adipisicing elit. Optio, neque qui velit<\/p>\n\t\t\t\t\t\t<\/div>\n\n\t\t\t\t\t<\/li>\n\t\t\t\t                <li class=\"eael-feature-list-item elementor-repeater-item-46bf38f\">\n                    \n\t\t\t\t\t\t<div class=\"eael-feature-list-icon-box\">\n\t\t\t\t\t\t\t<div class=\"eael-feature-list-icon-inner\">\n\n\t\t\t\t\t\t\t\t<span class=\"eael-feature-list-icon fl-icon-2\">\n\n\t\t<i aria-hidden=\"true\" class=\"fas fa-anchor\"><\/i>\t\t\t\t\t\t\t\t<\/span>\n\t\t\t\t\t\t\t<\/div>\n\t\t\t\t\t\t<\/div>\n\t\t\t\t\t\t<div class=\"eael-feature-list-content-box\">\n                            <h2 class=\"eael-feature-list-title\">Item de destaque 3<\/h2>\t\t\t\t\t\t<p class=\"eael-feature-list-content\">Conte\u00fado tempor\u00e1rio. Voc\u00ea deve inserir o seu texto aqui! Lorem ipsum dolor sit amet, consectetur adipisicing elit. Optio, neque qui velit<\/p>\n\t\t\t\t\t\t<\/div>\n\n\t\t\t\t\t<\/li>\n\t\t\t\t\t\t\t<\/ul>\n\t\t<\/div>\n\t\t\t\t\t\t<\/div>\n\t\t\t\t<\/div>\n\t\t\t\t\t<\/div>\n\t\t<\/div>\n\t\t\t\t\t<\/div>\n\t\t<\/section>\n\t\t\t\t<\/div>\n\t\t","protected":false},"excerpt":{"rendered":"<p>Apresenta\u00e7\u00e3o O Mestrado Profissional em Estudos de Fronteira da Universidade Federal do Amap\u00e1 (PPGEF-UNIFAP) tem a proposta de preparar seus discentes dando \u00eanfase aos estudos fronteiri\u00e7os em perspectiva multidisciplinar. A compreens\u00e3o de que a tem\u00e1tica da Fronteira \u00e9 por excel\u00eancia transversal a v\u00e1rios campos de conhecimento, nos posiciona como um programa de p\u00f3s-gradua\u00e7\u00e3o com escopo&#8230;<\/p>\n","protected":false},"author":976,"featured_media":0,"parent":0,"menu_order":0,"comment_status":"closed","ping_status":"closed","template":"","meta":{"inline_featured_image":false,"site-sidebar-layout":"no-sidebar","site-content-layout":"page-builder","ast-site-content-layout":"full-width-container","site-content-style":"default","site-sidebar-style":"default","ast-global-header-display":"","ast-banner-title-visibility":"","ast-main-header-display":"","ast-hfb-above-header-display":"","ast-hfb-below-header-display":"","ast-hfb-mobile-header-display":"","site-post-title":"disabled","ast-breadcrumbs-content":"","ast-featured-img":"disabled","footer-sml-layout":"","theme-transparent-header-meta":"","adv-header-id-meta":"","stick-header-meta":"","header-above-stick-meta":"","header-main-stick-meta":"","header-below-stick-meta":"","astra-migrate-meta-layouts":"default","ast-page-background-enabled":"default","ast-page-background-meta":{"desktop":{"background-color":"var(--ast-global-color-4)","background-image":"","background-repeat":"repeat","background-position":"center center","background-size":"auto","background-attachment":"scroll","background-type":"","background-media":"","overlay-type":"","overlay-color":"","overlay-opacity":"","overlay-gradient":""},"tablet":{"background-color":"","background-image":"","background-repeat":"repeat","background-position":"center center","background-size":"auto","background-attachment":"scroll","background-type":"","background-media":"","overlay-type":"","overlay-color":"","overlay-opacity":"","overlay-gradient":""},"mobile":{"background-color":"","background-image":"","background-repeat":"repeat","background-position":"center center","background-size":"auto","background-attachment":"scroll","background-type":"","background-media":"","overlay-type":"","overlay-color":"","overlay-opacity":"","overlay-gradient":""}},"ast-content-background-meta":{"desktop":{"background-color":"var(--ast-global-color-5)","background-image":"","background-repeat":"repeat","background-position":"center center","background-size":"auto","background-attachment":"scroll","background-type":"","background-media":"","overlay-type":"","overlay-color":"","overlay-opacity":"","overlay-gradient":""},"tablet":{"background-color":"var(--ast-global-color-5)","background-image":"","background-repeat":"repeat","background-position":"center center","background-size":"auto","background-attachment":"scroll","background-type":"","background-media":"","overlay-type":"","overlay-color":"","overlay-opacity":"","overlay-gradient":""},"mobile":{"background-color":"var(--ast-global-color-5)","background-image":"","background-repeat":"repeat","background-position":"center center","background-size":"auto","background-attachment":"scroll","background-type":"","background-media":"","overlay-type":"","overlay-color":"","overlay-opacity":"","overlay-gradient":""}},"ngg_post_thumbnail":0,"footnotes":""},"class_list":["post-2618","page","type-page","status-publish","hentry"],"_links":{"self":[{"href":"https:\/\/www2.unifap.br\/ppgef\/wp-json\/wp\/v2\/pages\/2618","targetHints":{"allow":["GET"]}}],"collection":[{"href":"https:\/\/www2.unifap.br\/ppgef\/wp-json\/wp\/v2\/pages"}],"about":[{"href":"https:\/\/www2.unifap.br\/ppgef\/wp-json\/wp\/v2\/types\/page"}],"author":[{"embeddable":true,"href":"https:\/\/www2.unifap.br\/ppgef\/wp-json\/wp\/v2\/users\/976"}],"replies":[{"embeddable":true,"href":"https:\/\/www2.unifap.br\/ppgef\/wp-json\/wp\/v2\/comments?post=2618"}],"version-history":[{"count":8,"href":"https:\/\/www2.unifap.br\/ppgef\/wp-json\/wp\/v2\/pages\/2618\/revisions"}],"predecessor-version":[{"id":3693,"href":"https:\/\/www2.unifap.br\/ppgef\/wp-json\/wp\/v2\/pages\/2618\/revisions\/3693"}],"wp:attachment":[{"href":"https:\/\/www2.unifap.br\/ppgef\/wp-json\/wp\/v2\/media?parent=2618"}],"curies":[{"name":"wp","href":"https:\/\/api.w.org\/{rel}","templated":true}]}}